{"id":7007,"date":"2018-02-01T21:52:09","date_gmt":"2018-02-01T20:52:09","guid":{"rendered":"https:\/\/broz.sk\/kemping-velky-lel\/"},"modified":"2020-01-23T13:16:04","modified_gmt":"2020-01-23T12:16:04","slug":"kemping-velky-lel","status":"publish","type":"page","link":"https:\/\/broz.sk\/hu\/kemping-velky-lel\/","title":{"rendered":"Nagyl\u00e9li kemping"},"content":{"rendered":"<strong>A BROZ\u00a0szervezete 2017. j\u00fanius 13-\u00e1n jelk\u00e9pesen megnyitotta a\u00a0nagyl\u00e9li (Csall\u00f3k\u00f6zaranyos k\u00f6zs\u00e9g r\u00e9sze) kempingter\u00fcletet.<\/strong>\r\n\r\nA t\u00e1boroz\u00f3hely a Nagyl\u00e9li-sziget szomsz\u00e9ds\u00e1g\u00e1ban tal\u00e1lhat\u00f3. Ez a ter\u00fclet a Duna menti T\u00e1jv\u00e9delmi K\u00f6rzet \u00e9s az itt megalap\u00edtott mad\u00e1rv\u00e9delmi ter\u00fclet hat\u00e1rain bel\u00fcl fekszik. Az ut\u00f3bbi 10 \u00e9v folyam\u00e1n a term\u00e9szetv\u00e9d\u0151k hozz\u00e1j\u00e1rul\u00e1s\u00e1nak k\u00f6sz\u00f6nhet\u0151en l\u00e9nyegesen javult ennek az \u00e9rt\u00e9kes term\u00e9szeti k\u00f6rnyezetnek az \u00e1llapota. A nagyl\u00e9li Duna-\u00e1g \u00e9l\u0151hely-rehabilit\u00e1l\u00e1s\u00e1nak (a mell\u00e9k\u00e1g \u00e9s a f\u0151meder \u00fajra \u00f6sszek\u00f6t\u00e9se) eredm\u00e9nyek\u00e9nt helyre\u00e1lltak az \u00e9l\u0151vil\u00e1g sz\u00e1m\u00e1ra fontos v\u00edz\u00e1raml\u00e1si felt\u00e9telek.\r\n\r\nA Pozsonyi Region\u00e1lis Term\u00e9szetv\u00e9delmi Egyes\u00fclet (BROZ) m\u00e1r t\u00f6bb \u00e9ve gondozza a sziget k\u00f6rnyezet\u00e9t, s tev\u00e9kenys\u00e9g\u00e9vel \u00f6sszekapcsolja a term\u00e9szetv\u00e9delem \u00e9s a hagyom\u00e1nyos t\u00e1jgazd\u00e1lkod\u00e1s eszk\u00f6zeit \u00e9s c\u00e9ljait.\r\n\r\nA sziget vir\u00e1gokban pomp\u00e1z\u00f3 mez\u0151in szarvasmarh\u00e1k \u00e9s lovak \u00e1llom\u00e1nyai legel\u00e9sznek. Minden \u00e9vben lovas t\u00e1borok vannak megszervezve gyermekek r\u00e9sz\u00e9re, \u00e9s m\u00e1r hagyom\u00e1nya van a Lovasnap (szlov. Konsk\u00fd de\u0148) rendezv\u00e9nynek is.\r\n\r\nA sziget r\u00e9sze egy inf\u00f3t\u00e1bl\u00e1s tan\u00f6sv\u00e9ny is, mely v\u00e9gigj\u00e1rhat\u00f3 gyalog, ker\u00e9kp\u00e1ron, illetve cs\u00f3nakkal. A k\u00f6rny\u00e9k alkalmas horg\u00e1sz\u00e1sra, ladikoz\u00e1sra \u00e9s mad\u00e1rmegfigyel\u00e9sre is. A v\u00edzi \u00e9l\u0151l\u00e9nyek \u00e9s madarak megfigyel\u00e9s\u00e9n k\u00edv\u00fcl lehet\u0151s\u00e9g ny\u00edlik friss\u00edt\u0151 f\u00fcrd\u00e9sre is a Duna viz\u00e9ben. A sziget legjellemz\u0151bb l\u00e1tv\u00e1nyoss\u00e1gai azonban az itt \u00e9l\u0151 300-400 \u00e9ves fens\u00e9ges t\u00f6lgyf\u00e1k.\r\n\r\n<strong>\u201eEz az els\u0151 ilyen jelleg\u0171 l\u00e9tes\u00edtm\u00e9ny a Duna szlov\u00e1k oldal\u00e1n, ez\u00e9rt rem\u00e9lj\u00fck, hogy kell\u0151 \u00e9rdekl\u0151d\u00e9st \u00e9breszt majd a l\u00e1togat\u00f3kban\u201c, Tom\u00e1\u0161 Ku\u0161\u00edk, a BROZ eln\u00f6ke.<\/strong>\u00a0A t\u00e1bor jelenleg m\u00e1r szolg\u00e1latk\u00e9sz \u00e1llapotban tal\u00e1lhat\u00f3. A Duna ment\u00e9n pedig jelent\u0151s \u00e9rdekl\u0151d\u00e9s tapasztalhat\u00f3 a hasonl\u00f3 sz\u00e1ll\u00e1sform\u00e1k ir\u00e1nt.\r\n\r\nA szoci\u00e1lis l\u00e9tes\u00edtm\u00e9nyek, zuhanyoz\u00f3k \u00e9s a k\u00f6z\u00f6s konyha \u00e9p\u00fclete a \u201e<strong>K\u00f6zelebb a Dun\u00e1hoz \u2013 nagyl\u00e9li kemping\u201d<\/strong> elnevez\u00e9s\u0171 projekt keret\u00e9n bel\u00fcl a Duna Alap t\u00e1mogat\u00e1s\u00e1val k\u00e9sz\u00fcltek el.\r\n\r\nA t\u00e1boroz\u00f3hely megnyit\u00f3\u00fcnneps\u00e9ge a Napfordul\u00f3 a Dun\u00e1n rendezv\u00e9nysorozat r\u00e9sz\u00e9t k\u00e9pezi, melyet a Duna Alap szervez. A rendezv\u00e9nyek mindegyike \u00f6sszef\u00fcgg a Duna \u00e9s a foly\u00f3 menti szabadid\u0151t\u00f6lt\u00e9s t\u00e1mogat\u00e1s\u00e1val.\r\n\r\n<a href=\"http:\/\/www.dunajskyfond.sk\/\">http:\/\/www.dunajskyfond.sk\/<\/a>\r\n\r\nA sz\u00e1ll\u00e1ssal kapcsolatos inform\u00e1ci\u00f3k megtal\u00e1lhat\u00f3k: <a href=\"https:\/\/www.ekofarma.sk\/cennik\/hu\">https:\/\/www.ekofarma.sk\/cennik\/hu<\/a>\r\n\r\n<strong>Kapcsolat:<\/strong>\r\n\r\nK\u00e1rpathy Be\u00e1ta \u2013 0948 104\u00a0665\r\n\r\n<img fetchpriority=\"high\" decoding=\"async\" class=\"alignleft size-full wp-image-3688\" src=\"https:\/\/broz.sk\/wp-content\/uploads\/2018\/02\/IMG_0612-3.jpg\" alt=\"\" width=\"2048\" height=\"1536\" srcset=\"https:\/\/broz.sk\/wp-content\/uploads\/2018\/02\/IMG_0612-3.jpg 2048w, https:\/\/broz.sk\/wp-content\/uploads\/2018\/02\/IMG_0612-3-300x225.jpg 300w, https:\/\/broz.sk\/wp-content\/uploads\/2018\/02\/IMG_0612-3-768x576.jpg 768w, https:\/\/broz.sk\/wp-content\/uploads\/2018\/02\/IMG_0612-3-1024x768.jpg 1024w, https:\/\/broz.sk\/wp-content\/uploads\/2018\/02\/IMG_0612-3-24x18.jpg 24w, https:\/\/broz.sk\/wp-content\/uploads\/2018\/02\/IMG_0612-3-36x27.jpg 36w, https:\/\/broz.sk\/wp-content\/uploads\/2018\/02\/IMG_0612-3-48x36.jpg 48w\" sizes=\"(max-width: 2048px) 100vw, 2048px\" \/>","protected":false},"excerpt":{"rendered":"<p>A BROZ\u00a0szervezete 2017. j\u00fanius 13-\u00e1n jelk\u00e9pesen megnyitotta a\u00a0nagyl\u00e9li (Csall\u00f3k\u00f6zaranyos k\u00f6zs\u00e9g r\u00e9sze) kempingter\u00fcletet. A t\u00e1boroz\u00f3hely a Nagyl\u00e9li-sziget szomsz\u00e9ds\u00e1g\u00e1ban tal\u00e1lhat\u00f3. Ez a ter\u00fclet a Duna menti T\u00e1jv\u00e9delmi K\u00f6rzet \u00e9s az itt megalap\u00edtott mad\u00e1rv\u00e9delmi ter\u00fclet hat\u00e1rain bel\u00fcl fekszik. Az ut\u00f3bbi 10 \u00e9v folyam\u00e1n a term\u00e9szetv\u00e9d\u0151k hozz\u00e1j\u00e1rul\u00e1s\u00e1nak k\u00f6sz\u00f6nhet\u0151en l\u00e9nyegesen javult ennek az \u00e9rt\u00e9kes term\u00e9szeti k\u00f6rnyezetnek az \u00e1llapota. A nagyl\u00e9li&hellip;<\/p>\n","protected":false},"author":2,"featured_media":7008,"parent":0,"menu_order":121,"comment_status":"closed","ping_status":"closed","template":"","meta":{"_acf_changed":false,"pmpro_default_level":"","footnotes":""},"class_list":["post-7007","page","type-page","status-publish","has-post-thumbnail","hentry","pmpro-has-access","description-off"],"acf":[],"yoast_head":"<!-- This site is optimized with the Yoast SEO Premium plugin v21.4 (Yoast SEO v27.5) - https:\/\/yoast.com\/product\/yoast-seo-premium-wordpress\/ -->\n<title>Nagyl\u00e9li kemping - BROZ<\/title>\n<meta name=\"robots\" content=\"index, follow, max-snippet:-1, max-image-preview:large, max-video-preview:-1\" \/>\n<link rel=\"canonical\" href=\"https:\/\/broz.sk\/hu\/kemping-velky-lel\/\" \/>\n<meta property=\"og:locale\" content=\"hu_HU\" \/>\n<meta property=\"og:type\" content=\"article\" \/>\n<meta property=\"og:title\" content=\"Nagyl\u00e9li kemping\" \/>\n<meta property=\"og:description\" content=\"A BROZ\u00a0szervezete 2017. j\u00fanius 13-\u00e1n jelk\u00e9pesen megnyitotta a\u00a0nagyl\u00e9li (Csall\u00f3k\u00f6zaranyos k\u00f6zs\u00e9g r\u00e9sze) kempingter\u00fcletet. A t\u00e1boroz\u00f3hely a Nagyl\u00e9li-sziget szomsz\u00e9ds\u00e1g\u00e1ban tal\u00e1lhat\u00f3. Ez a ter\u00fclet a Duna menti T\u00e1jv\u00e9delmi K\u00f6rzet \u00e9s az itt megalap\u00edtott mad\u00e1rv\u00e9delmi ter\u00fclet hat\u00e1rain bel\u00fcl fekszik. Az ut\u00f3bbi 10 \u00e9v folyam\u00e1n a term\u00e9szetv\u00e9d\u0151k hozz\u00e1j\u00e1rul\u00e1s\u00e1nak k\u00f6sz\u00f6nhet\u0151en l\u00e9nyegesen javult ennek az \u00e9rt\u00e9kes term\u00e9szeti k\u00f6rnyezetnek az \u00e1llapota. A nagyl\u00e9li&hellip;\" \/>\n<meta property=\"og:url\" content=\"https:\/\/broz.sk\/hu\/kemping-velky-lel\/\" \/>\n<meta property=\"og:site_name\" content=\"BROZ\" \/>\n<meta property=\"article:publisher\" content=\"https:\/\/www.facebook.com\/broz.ba\/\" \/>\n<meta property=\"article:modified_time\" content=\"2020-01-23T12:16:04+00:00\" \/>\n<meta property=\"og:image\" content=\"https:\/\/broz.sk\/wp-content\/uploads\/2018\/02\/IMG_0612-3.jpg\" \/>\n\t<meta property=\"og:image:width\" content=\"2048\" \/>\n\t<meta property=\"og:image:height\" content=\"1536\" \/>\n\t<meta property=\"og:image:type\" content=\"image\/jpeg\" \/>\n<meta name=\"twitter:card\" content=\"summary_large_image\" \/>\n<meta name=\"twitter:label1\" content=\"Becs\u00fclt olvas\u00e1si id\u0151\" \/>\n\t<meta name=\"twitter:data1\" content=\"2 perc\" \/>\n<script type=\"application\/ld+json\" class=\"yoast-schema-graph\">{\"@context\":\"https:\\\/\\\/schema.org\",\"@graph\":[{\"@type\":\"WebPage\",\"@id\":\"https:\\\/\\\/broz.sk\\\/hu\\\/kemping-velky-lel\\\/\",\"url\":\"https:\\\/\\\/broz.sk\\\/hu\\\/kemping-velky-lel\\\/\",\"name\":\"Nagyl\u00e9li kemping - BROZ\",\"isPartOf\":{\"@id\":\"https:\\\/\\\/broz.sk\\\/#website\"},\"primaryImageOfPage\":{\"@id\":\"https:\\\/\\\/broz.sk\\\/hu\\\/kemping-velky-lel\\\/#primaryimage\"},\"image\":{\"@id\":\"https:\\\/\\\/broz.sk\\\/hu\\\/kemping-velky-lel\\\/#primaryimage\"},\"thumbnailUrl\":\"https:\\\/\\\/broz.sk\\\/wp-content\\\/uploads\\\/2018\\\/02\\\/IMG_0612-3.jpg\",\"datePublished\":\"2018-02-01T20:52:09+00:00\",\"dateModified\":\"2020-01-23T12:16:04+00:00\",\"breadcrumb\":{\"@id\":\"https:\\\/\\\/broz.sk\\\/hu\\\/kemping-velky-lel\\\/#breadcrumb\"},\"inLanguage\":\"hu\",\"potentialAction\":[{\"@type\":\"ReadAction\",\"target\":[\"https:\\\/\\\/broz.sk\\\/hu\\\/kemping-velky-lel\\\/\"]}]},{\"@type\":\"ImageObject\",\"inLanguage\":\"hu\",\"@id\":\"https:\\\/\\\/broz.sk\\\/hu\\\/kemping-velky-lel\\\/#primaryimage\",\"url\":\"https:\\\/\\\/broz.sk\\\/wp-content\\\/uploads\\\/2018\\\/02\\\/IMG_0612-3.jpg\",\"contentUrl\":\"https:\\\/\\\/broz.sk\\\/wp-content\\\/uploads\\\/2018\\\/02\\\/IMG_0612-3.jpg\",\"width\":2048,\"height\":1536},{\"@type\":\"BreadcrumbList\",\"@id\":\"https:\\\/\\\/broz.sk\\\/hu\\\/kemping-velky-lel\\\/#breadcrumb\",\"itemListElement\":[{\"@type\":\"ListItem\",\"position\":1,\"name\":\"Domovsk\u00e1 str\u00e1nka\",\"item\":\"https:\\\/\\\/broz.sk\\\/\"},{\"@type\":\"ListItem\",\"position\":2,\"name\":\"Nagyl\u00e9li kemping\"}]},{\"@type\":\"WebSite\",\"@id\":\"https:\\\/\\\/broz.sk\\\/#website\",\"url\":\"https:\\\/\\\/broz.sk\\\/\",\"name\":\"BROZ\",\"description\":\"ochran\u00e1rske zdru\u017eenie\",\"publisher\":{\"@id\":\"https:\\\/\\\/broz.sk\\\/#organization\"},\"potentialAction\":[{\"@type\":\"SearchAction\",\"target\":{\"@type\":\"EntryPoint\",\"urlTemplate\":\"https:\\\/\\\/broz.sk\\\/?s={search_term_string}\"},\"query-input\":{\"@type\":\"PropertyValueSpecification\",\"valueRequired\":true,\"valueName\":\"search_term_string\"}}],\"inLanguage\":\"hu\"},{\"@type\":\"Organization\",\"@id\":\"https:\\\/\\\/broz.sk\\\/#organization\",\"name\":\"BROZ - Bratislavsk\u00e9 region\u00e1lne ochran\u00e1rske zdru\u017eenie\",\"url\":\"https:\\\/\\\/broz.sk\\\/\",\"logo\":{\"@type\":\"ImageObject\",\"inLanguage\":\"hu\",\"@id\":\"https:\\\/\\\/broz.sk\\\/#\\\/schema\\\/logo\\\/image\\\/\",\"url\":\"https:\\\/\\\/broz.sk\\\/wp-content\\\/uploads\\\/2018\\\/03\\\/broz-logo-hires-color.png\",\"contentUrl\":\"https:\\\/\\\/broz.sk\\\/wp-content\\\/uploads\\\/2018\\\/03\\\/broz-logo-hires-color.png\",\"width\":2585,\"height\":1618,\"caption\":\"BROZ - Bratislavsk\u00e9 region\u00e1lne ochran\u00e1rske zdru\u017eenie\"},\"image\":{\"@id\":\"https:\\\/\\\/broz.sk\\\/#\\\/schema\\\/logo\\\/image\\\/\"},\"sameAs\":[\"https:\\\/\\\/www.facebook.com\\\/broz.ba\\\/\"]}]}<\/script>\n<!-- \/ Yoast SEO Premium plugin. -->","yoast_head_json":{"title":"Nagyl\u00e9li kemping - BROZ","robots":{"index":"index","follow":"follow","max-snippet":"max-snippet:-1","max-image-preview":"max-image-preview:large","max-video-preview":"max-video-preview:-1"},"canonical":"https:\/\/broz.sk\/hu\/kemping-velky-lel\/","og_locale":"hu_HU","og_type":"article","og_title":"Nagyl\u00e9li kemping","og_description":"A BROZ\u00a0szervezete 2017. j\u00fanius 13-\u00e1n jelk\u00e9pesen megnyitotta a\u00a0nagyl\u00e9li (Csall\u00f3k\u00f6zaranyos k\u00f6zs\u00e9g r\u00e9sze) kempingter\u00fcletet. A t\u00e1boroz\u00f3hely a Nagyl\u00e9li-sziget szomsz\u00e9ds\u00e1g\u00e1ban tal\u00e1lhat\u00f3. Ez a ter\u00fclet a Duna menti T\u00e1jv\u00e9delmi K\u00f6rzet \u00e9s az itt megalap\u00edtott mad\u00e1rv\u00e9delmi ter\u00fclet hat\u00e1rain bel\u00fcl fekszik. Az ut\u00f3bbi 10 \u00e9v folyam\u00e1n a term\u00e9szetv\u00e9d\u0151k hozz\u00e1j\u00e1rul\u00e1s\u00e1nak k\u00f6sz\u00f6nhet\u0151en l\u00e9nyegesen javult ennek az \u00e9rt\u00e9kes term\u00e9szeti k\u00f6rnyezetnek az \u00e1llapota. A nagyl\u00e9li&hellip;","og_url":"https:\/\/broz.sk\/hu\/kemping-velky-lel\/","og_site_name":"BROZ","article_publisher":"https:\/\/www.facebook.com\/broz.ba\/","article_modified_time":"2020-01-23T12:16:04+00:00","og_image":[{"width":2048,"height":1536,"url":"https:\/\/broz.sk\/wp-content\/uploads\/2018\/02\/IMG_0612-3.jpg","type":"image\/jpeg"}],"twitter_card":"summary_large_image","twitter_misc":{"Becs\u00fclt olvas\u00e1si id\u0151":"2 perc"},"schema":{"@context":"https:\/\/schema.org","@graph":[{"@type":"WebPage","@id":"https:\/\/broz.sk\/hu\/kemping-velky-lel\/","url":"https:\/\/broz.sk\/hu\/kemping-velky-lel\/","name":"Nagyl\u00e9li kemping - BROZ","isPartOf":{"@id":"https:\/\/broz.sk\/#website"},"primaryImageOfPage":{"@id":"https:\/\/broz.sk\/hu\/kemping-velky-lel\/#primaryimage"},"image":{"@id":"https:\/\/broz.sk\/hu\/kemping-velky-lel\/#primaryimage"},"thumbnailUrl":"https:\/\/broz.sk\/wp-content\/uploads\/2018\/02\/IMG_0612-3.jpg","datePublished":"2018-02-01T20:52:09+00:00","dateModified":"2020-01-23T12:16:04+00:00","breadcrumb":{"@id":"https:\/\/broz.sk\/hu\/kemping-velky-lel\/#breadcrumb"},"inLanguage":"hu","potentialAction":[{"@type":"ReadAction","target":["https:\/\/broz.sk\/hu\/kemping-velky-lel\/"]}]},{"@type":"ImageObject","inLanguage":"hu","@id":"https:\/\/broz.sk\/hu\/kemping-velky-lel\/#primaryimage","url":"https:\/\/broz.sk\/wp-content\/uploads\/2018\/02\/IMG_0612-3.jpg","contentUrl":"https:\/\/broz.sk\/wp-content\/uploads\/2018\/02\/IMG_0612-3.jpg","width":2048,"height":1536},{"@type":"BreadcrumbList","@id":"https:\/\/broz.sk\/hu\/kemping-velky-lel\/#breadcrumb","itemListElement":[{"@type":"ListItem","position":1,"name":"Domovsk\u00e1 str\u00e1nka","item":"https:\/\/broz.sk\/"},{"@type":"ListItem","position":2,"name":"Nagyl\u00e9li kemping"}]},{"@type":"WebSite","@id":"https:\/\/broz.sk\/#website","url":"https:\/\/broz.sk\/","name":"BROZ","description":"ochran\u00e1rske zdru\u017eenie","publisher":{"@id":"https:\/\/broz.sk\/#organization"},"potentialAction":[{"@type":"SearchAction","target":{"@type":"EntryPoint","urlTemplate":"https:\/\/broz.sk\/?s={search_term_string}"},"query-input":{"@type":"PropertyValueSpecification","valueRequired":true,"valueName":"search_term_string"}}],"inLanguage":"hu"},{"@type":"Organization","@id":"https:\/\/broz.sk\/#organization","name":"BROZ - Bratislavsk\u00e9 region\u00e1lne ochran\u00e1rske zdru\u017eenie","url":"https:\/\/broz.sk\/","logo":{"@type":"ImageObject","inLanguage":"hu","@id":"https:\/\/broz.sk\/#\/schema\/logo\/image\/","url":"https:\/\/broz.sk\/wp-content\/uploads\/2018\/03\/broz-logo-hires-color.png","contentUrl":"https:\/\/broz.sk\/wp-content\/uploads\/2018\/03\/broz-logo-hires-color.png","width":2585,"height":1618,"caption":"BROZ - Bratislavsk\u00e9 region\u00e1lne ochran\u00e1rske zdru\u017eenie"},"image":{"@id":"https:\/\/broz.sk\/#\/schema\/logo\/image\/"},"sameAs":["https:\/\/www.facebook.com\/broz.ba\/"]}]}},"_links":{"self":[{"href":"https:\/\/broz.sk\/hu\/wp-json\/wp\/v2\/pages\/7007","targetHints":{"allow":["GET"]}}],"collection":[{"href":"https:\/\/broz.sk\/hu\/wp-json\/wp\/v2\/pages"}],"about":[{"href":"https:\/\/broz.sk\/hu\/wp-json\/wp\/v2\/types\/page"}],"author":[{"embeddable":true,"href":"https:\/\/broz.sk\/hu\/wp-json\/wp\/v2\/users\/2"}],"replies":[{"embeddable":true,"href":"https:\/\/broz.sk\/hu\/wp-json\/wp\/v2\/comments?post=7007"}],"version-history":[{"count":3,"href":"https:\/\/broz.sk\/hu\/wp-json\/wp\/v2\/pages\/7007\/revisions"}],"predecessor-version":[{"id":7118,"href":"https:\/\/broz.sk\/hu\/wp-json\/wp\/v2\/pages\/7007\/revisions\/7118"}],"wp:featuredmedia":[{"embeddable":true,"href":"https:\/\/broz.sk\/hu\/wp-json\/wp\/v2\/media\/7008"}],"wp:attachment":[{"href":"https:\/\/broz.sk\/hu\/wp-json\/wp\/v2\/media?parent=7007"}],"curies":[{"name":"wp","href":"https:\/\/api.w.org\/{rel}","templated":true}]}}