{"id":38705,"date":"2025-05-28T14:49:20","date_gmt":"2025-05-28T12:49:20","guid":{"rendered":"https:\/\/broz.sk\/fabianka\/"},"modified":"2025-05-28T14:49:22","modified_gmt":"2025-05-28T12:49:22","slug":"fabianka","status":"publish","type":"page","link":"https:\/\/broz.sk\/hu\/fabianka\/","title":{"rendered":"Fabi\u00e1nka"},"content":{"rendered":"<div class=\"wpb-content-wrapper\">[vc_row][vc_column][vc_column_text css=&#8221;&#8221;]A F\u00e1bi\u00e1n-sz\u00f6g k\u00fcl\u00f6nleges term\u00e9szetmeg\u0151rz\u00e9si ter\u00fcleten a helyi sz\u00f6vetkezettel egy\u00fcttm\u0171k\u00f6dve t\u00f6bb mint 55 hekt\u00e1ron siker\u00fclt fel\u00faj\u00edtani az eur\u00f3pai jelent\u0151s\u00e9g\u0171 sz\u00e1razs\u00e1gt\u0171r\u0151 gyepes sztyeppei \u00e9l\u0151helyeket. A fel\u00faj\u00edt\u00e1st a karsztos ter\u00fclet feln\u0151v\u0151 f\u00e1inak \u00e9rz\u00e9keny elt\u00e1vol\u00edt\u00e1sa, valamint a kecsk\u00e9kkel, juhokkal \u00e9s szarvasmarh\u00e1kkal val\u00f3 legeltet\u00e9s jelentette, az \u0151shonos fafajt\u00e1k meghagy\u00e1sa mellett. Egyes helyeken facsoportok meghagy\u00e1s\u00e1val legel\u0151erd\u0151k is kialakulhattak. Ily m\u00f3don k\u00fcl\u00f6nb\u00f6z\u0151 nagys\u00e1g\u00fa legel\u0151k rendszere j\u00f6tt l\u00e9tre, amelyeket egym\u00e1ssal \u00f6kol\u00f3giai folyos\u00f3k k\u00f6tnek \u00f6ssze.\u00a0 A folyos\u00f3k a ny\u00e1j nagyragadoz\u00f3k el\u0151li v\u00e9delm\u00e9t is el\u0151seg\u00edtik.[\/vc_column_text][vc_row_inner][vc_column_inner width=&#8221;1\/3&#8243;][vc_single_image image=&#8221;38389&#8243; img_size=&#8221;full&#8221; onclick=&#8221;link_image&#8221; css=&#8221;&#8221;][vc_column_text css=&#8221;&#8221;]magyar n\u0151szirom (<em>Iris aphylla ssp. hungarica<\/em>)[\/vc_column_text][\/vc_column_inner][vc_column_inner width=&#8221;1\/3&#8243;][vc_single_image image=&#8221;38690&#8243; img_size=&#8221;full&#8221; onclick=&#8221;link_image&#8221; css=&#8221;&#8221;][vc_column_text css=&#8221;&#8221;]t\u00e1togat\u00f3 k\u00f6k\u00f6rcsin (<em>Pulsatilla patens<\/em>)[\/vc_column_text][\/vc_column_inner][vc_column_inner width=&#8221;1\/3&#8243;][vc_single_image image=&#8221;38695&#8243; img_size=&#8221;full&#8221; onclick=&#8221;link_image&#8221; css=&#8221;&#8221;][vc_column_text css=&#8221;&#8221;]illatos csengetty\u0171vir\u00e1g (<em>Adenophora liliifolia<\/em>)[\/vc_column_text][\/vc_column_inner][\/vc_row_inner][vc_row_inner][vc_column_inner width=&#8221;1\/2&#8243;][vc_single_image image=&#8221;38680&#8243; img_size=&#8221;full&#8221; onclick=&#8221;link_image&#8221; css=&#8221;&#8221;][vc_column_text css=&#8221;&#8221;]A tiszt\u00edt\u00e1ssal \u00e9s \u00f6kol\u00f3giai folyos\u00f3kkal \u00f6sszek\u00f6t\u00f6tt legel\u0151k rendszere[\/vc_column_text][\/vc_column_inner][vc_column_inner width=&#8221;1\/2&#8243;][vc_single_image image=&#8221;38685&#8243; img_size=&#8221;full&#8221; onclick=&#8221;link_image&#8221; css=&#8221;&#8221;][vc_column_text css=&#8221;&#8221;]Az \u00e9rt\u00e9kes sztyeppi \u00e9l\u0151helyek \u00e9s fajok megmarad\u00e1sa \u00e9rdek\u00e9ben sz\u00fcks\u00e9ges a haszon\u00e1llatok legeltet\u00e9se[\/vc_column_text][\/vc_column_inner][\/vc_row_inner][\/vc_column][\/vc_row]<\/div>","protected":false},"excerpt":{"rendered":"<p>[vc_row][vc_column][vc_column_text css=&#8221;&#8221;]A F\u00e1bi\u00e1n-sz\u00f6g k\u00fcl\u00f6nleges term\u00e9szetmeg\u0151rz\u00e9si ter\u00fcleten a helyi sz\u00f6vetkezettel egy\u00fcttm\u0171k\u00f6dve t\u00f6bb mint 55 hekt\u00e1ron siker\u00fclt fel\u00faj\u00edtani az eur\u00f3pai jelent\u0151s\u00e9g\u0171 sz\u00e1razs\u00e1gt\u0171r\u0151 gyepes sztyeppei \u00e9l\u0151helyeket. A fel\u00faj\u00edt\u00e1st a karsztos ter\u00fclet feln\u0151v\u0151 f\u00e1inak \u00e9rz\u00e9keny elt\u00e1vol\u00edt\u00e1sa, valamint a kecsk\u00e9kkel, juhokkal \u00e9s szarvasmarh\u00e1kkal val\u00f3 legeltet\u00e9s jelentette, az \u0151shonos fafajt\u00e1k meghagy\u00e1sa mellett. Egyes helyeken facsoportok meghagy\u00e1s\u00e1val legel\u0151erd\u0151k is kialakulhattak. Ily m\u00f3don&hellip;<\/p>\n","protected":false},"author":19,"featured_media":0,"parent":0,"menu_order":29,"comment_status":"closed","ping_status":"closed","template":"","meta":{"_acf_changed":false,"pmpro_default_level":"","footnotes":""},"class_list":["post-38705","page","type-page","status-publish","hentry","pmpro-has-access","description-off"],"acf":[],"yoast_head":"<!-- This site is optimized with the Yoast SEO Premium plugin v21.4 (Yoast SEO v27.5) - https:\/\/yoast.com\/product\/yoast-seo-premium-wordpress\/ -->\n<title>Fabi\u00e1nka - BROZ<\/title>\n<meta name=\"robots\" content=\"index, follow, max-snippet:-1, max-image-preview:large, max-video-preview:-1\" \/>\n<link rel=\"canonical\" href=\"https:\/\/broz.sk\/hu\/fabianka\/\" \/>\n<meta property=\"og:locale\" content=\"hu_HU\" \/>\n<meta property=\"og:type\" content=\"article\" \/>\n<meta property=\"og:title\" content=\"Fabi\u00e1nka\" \/>\n<meta property=\"og:description\" content=\"[vc_row][vc_column][vc_column_text css=&#8221;&#8221;]A F\u00e1bi\u00e1n-sz\u00f6g k\u00fcl\u00f6nleges term\u00e9szetmeg\u0151rz\u00e9si ter\u00fcleten a helyi sz\u00f6vetkezettel egy\u00fcttm\u0171k\u00f6dve t\u00f6bb mint 55 hekt\u00e1ron siker\u00fclt fel\u00faj\u00edtani az eur\u00f3pai jelent\u0151s\u00e9g\u0171 sz\u00e1razs\u00e1gt\u0171r\u0151 gyepes sztyeppei \u00e9l\u0151helyeket. A fel\u00faj\u00edt\u00e1st a karsztos ter\u00fclet feln\u0151v\u0151 f\u00e1inak \u00e9rz\u00e9keny elt\u00e1vol\u00edt\u00e1sa, valamint a kecsk\u00e9kkel, juhokkal \u00e9s szarvasmarh\u00e1kkal val\u00f3 legeltet\u00e9s jelentette, az \u0151shonos fafajt\u00e1k meghagy\u00e1sa mellett. Egyes helyeken facsoportok meghagy\u00e1s\u00e1val legel\u0151erd\u0151k is kialakulhattak. Ily m\u00f3don&hellip;\" \/>\n<meta property=\"og:url\" content=\"https:\/\/broz.sk\/hu\/fabianka\/\" \/>\n<meta property=\"og:site_name\" content=\"BROZ\" \/>\n<meta property=\"article:publisher\" content=\"https:\/\/www.facebook.com\/broz.ba\/\" \/>\n<meta property=\"article:modified_time\" content=\"2025-05-28T12:49:22+00:00\" \/>\n<meta property=\"og:image\" content=\"https:\/\/broz.sk\/wp-content\/uploads\/2018\/03\/broz-logo-color.png\" \/>\n\t<meta property=\"og:image:width\" content=\"192\" \/>\n\t<meta property=\"og:image:height\" content=\"120\" \/>\n\t<meta property=\"og:image:type\" content=\"image\/png\" \/>\n<meta name=\"twitter:card\" content=\"summary_large_image\" \/>\n<meta name=\"twitter:label1\" content=\"Becs\u00fclt olvas\u00e1si id\u0151\" \/>\n\t<meta name=\"twitter:data1\" content=\"2 perc\" \/>\n<script type=\"application\/ld+json\" class=\"yoast-schema-graph\">{\"@context\":\"https:\\\/\\\/schema.org\",\"@graph\":[{\"@type\":\"WebPage\",\"@id\":\"https:\\\/\\\/broz.sk\\\/hu\\\/fabianka\\\/\",\"url\":\"https:\\\/\\\/broz.sk\\\/hu\\\/fabianka\\\/\",\"name\":\"Fabi\u00e1nka - BROZ\",\"isPartOf\":{\"@id\":\"https:\\\/\\\/broz.sk\\\/#website\"},\"datePublished\":\"2025-05-28T12:49:20+00:00\",\"dateModified\":\"2025-05-28T12:49:22+00:00\",\"breadcrumb\":{\"@id\":\"https:\\\/\\\/broz.sk\\\/hu\\\/fabianka\\\/#breadcrumb\"},\"inLanguage\":\"hu\",\"potentialAction\":[{\"@type\":\"ReadAction\",\"target\":[\"https:\\\/\\\/broz.sk\\\/hu\\\/fabianka\\\/\"]}]},{\"@type\":\"BreadcrumbList\",\"@id\":\"https:\\\/\\\/broz.sk\\\/hu\\\/fabianka\\\/#breadcrumb\",\"itemListElement\":[{\"@type\":\"ListItem\",\"position\":1,\"name\":\"Domovsk\u00e1 str\u00e1nka\",\"item\":\"https:\\\/\\\/broz.sk\\\/\"},{\"@type\":\"ListItem\",\"position\":2,\"name\":\"Fabi\u00e1nka\"}]},{\"@type\":\"WebSite\",\"@id\":\"https:\\\/\\\/broz.sk\\\/#website\",\"url\":\"https:\\\/\\\/broz.sk\\\/\",\"name\":\"BROZ\",\"description\":\"ochran\u00e1rske zdru\u017eenie\",\"publisher\":{\"@id\":\"https:\\\/\\\/broz.sk\\\/#organization\"},\"potentialAction\":[{\"@type\":\"SearchAction\",\"target\":{\"@type\":\"EntryPoint\",\"urlTemplate\":\"https:\\\/\\\/broz.sk\\\/?s={search_term_string}\"},\"query-input\":{\"@type\":\"PropertyValueSpecification\",\"valueRequired\":true,\"valueName\":\"search_term_string\"}}],\"inLanguage\":\"hu\"},{\"@type\":\"Organization\",\"@id\":\"https:\\\/\\\/broz.sk\\\/#organization\",\"name\":\"BROZ - Bratislavsk\u00e9 region\u00e1lne ochran\u00e1rske zdru\u017eenie\",\"url\":\"https:\\\/\\\/broz.sk\\\/\",\"logo\":{\"@type\":\"ImageObject\",\"inLanguage\":\"hu\",\"@id\":\"https:\\\/\\\/broz.sk\\\/#\\\/schema\\\/logo\\\/image\\\/\",\"url\":\"https:\\\/\\\/broz.sk\\\/wp-content\\\/uploads\\\/2018\\\/03\\\/broz-logo-hires-color.png\",\"contentUrl\":\"https:\\\/\\\/broz.sk\\\/wp-content\\\/uploads\\\/2018\\\/03\\\/broz-logo-hires-color.png\",\"width\":2585,\"height\":1618,\"caption\":\"BROZ - Bratislavsk\u00e9 region\u00e1lne ochran\u00e1rske zdru\u017eenie\"},\"image\":{\"@id\":\"https:\\\/\\\/broz.sk\\\/#\\\/schema\\\/logo\\\/image\\\/\"},\"sameAs\":[\"https:\\\/\\\/www.facebook.com\\\/broz.ba\\\/\"]}]}<\/script>\n<!-- \/ Yoast SEO Premium plugin. -->","yoast_head_json":{"title":"Fabi\u00e1nka - BROZ","robots":{"index":"index","follow":"follow","max-snippet":"max-snippet:-1","max-image-preview":"max-image-preview:large","max-video-preview":"max-video-preview:-1"},"canonical":"https:\/\/broz.sk\/hu\/fabianka\/","og_locale":"hu_HU","og_type":"article","og_title":"Fabi\u00e1nka","og_description":"[vc_row][vc_column][vc_column_text css=&#8221;&#8221;]A F\u00e1bi\u00e1n-sz\u00f6g k\u00fcl\u00f6nleges term\u00e9szetmeg\u0151rz\u00e9si ter\u00fcleten a helyi sz\u00f6vetkezettel egy\u00fcttm\u0171k\u00f6dve t\u00f6bb mint 55 hekt\u00e1ron siker\u00fclt fel\u00faj\u00edtani az eur\u00f3pai jelent\u0151s\u00e9g\u0171 sz\u00e1razs\u00e1gt\u0171r\u0151 gyepes sztyeppei \u00e9l\u0151helyeket. A fel\u00faj\u00edt\u00e1st a karsztos ter\u00fclet feln\u0151v\u0151 f\u00e1inak \u00e9rz\u00e9keny elt\u00e1vol\u00edt\u00e1sa, valamint a kecsk\u00e9kkel, juhokkal \u00e9s szarvasmarh\u00e1kkal val\u00f3 legeltet\u00e9s jelentette, az \u0151shonos fafajt\u00e1k meghagy\u00e1sa mellett. Egyes helyeken facsoportok meghagy\u00e1s\u00e1val legel\u0151erd\u0151k is kialakulhattak. Ily m\u00f3don&hellip;","og_url":"https:\/\/broz.sk\/hu\/fabianka\/","og_site_name":"BROZ","article_publisher":"https:\/\/www.facebook.com\/broz.ba\/","article_modified_time":"2025-05-28T12:49:22+00:00","og_image":[{"width":192,"height":120,"url":"https:\/\/broz.sk\/wp-content\/uploads\/2018\/03\/broz-logo-color.png","type":"image\/png"}],"twitter_card":"summary_large_image","twitter_misc":{"Becs\u00fclt olvas\u00e1si id\u0151":"2 perc"},"schema":{"@context":"https:\/\/schema.org","@graph":[{"@type":"WebPage","@id":"https:\/\/broz.sk\/hu\/fabianka\/","url":"https:\/\/broz.sk\/hu\/fabianka\/","name":"Fabi\u00e1nka - BROZ","isPartOf":{"@id":"https:\/\/broz.sk\/#website"},"datePublished":"2025-05-28T12:49:20+00:00","dateModified":"2025-05-28T12:49:22+00:00","breadcrumb":{"@id":"https:\/\/broz.sk\/hu\/fabianka\/#breadcrumb"},"inLanguage":"hu","potentialAction":[{"@type":"ReadAction","target":["https:\/\/broz.sk\/hu\/fabianka\/"]}]},{"@type":"BreadcrumbList","@id":"https:\/\/broz.sk\/hu\/fabianka\/#breadcrumb","itemListElement":[{"@type":"ListItem","position":1,"name":"Domovsk\u00e1 str\u00e1nka","item":"https:\/\/broz.sk\/"},{"@type":"ListItem","position":2,"name":"Fabi\u00e1nka"}]},{"@type":"WebSite","@id":"https:\/\/broz.sk\/#website","url":"https:\/\/broz.sk\/","name":"BROZ","description":"ochran\u00e1rske zdru\u017eenie","publisher":{"@id":"https:\/\/broz.sk\/#organization"},"potentialAction":[{"@type":"SearchAction","target":{"@type":"EntryPoint","urlTemplate":"https:\/\/broz.sk\/?s={search_term_string}"},"query-input":{"@type":"PropertyValueSpecification","valueRequired":true,"valueName":"search_term_string"}}],"inLanguage":"hu"},{"@type":"Organization","@id":"https:\/\/broz.sk\/#organization","name":"BROZ - Bratislavsk\u00e9 region\u00e1lne ochran\u00e1rske zdru\u017eenie","url":"https:\/\/broz.sk\/","logo":{"@type":"ImageObject","inLanguage":"hu","@id":"https:\/\/broz.sk\/#\/schema\/logo\/image\/","url":"https:\/\/broz.sk\/wp-content\/uploads\/2018\/03\/broz-logo-hires-color.png","contentUrl":"https:\/\/broz.sk\/wp-content\/uploads\/2018\/03\/broz-logo-hires-color.png","width":2585,"height":1618,"caption":"BROZ - Bratislavsk\u00e9 region\u00e1lne ochran\u00e1rske zdru\u017eenie"},"image":{"@id":"https:\/\/broz.sk\/#\/schema\/logo\/image\/"},"sameAs":["https:\/\/www.facebook.com\/broz.ba\/"]}]}},"_links":{"self":[{"href":"https:\/\/broz.sk\/hu\/wp-json\/wp\/v2\/pages\/38705","targetHints":{"allow":["GET"]}}],"collection":[{"href":"https:\/\/broz.sk\/hu\/wp-json\/wp\/v2\/pages"}],"about":[{"href":"https:\/\/broz.sk\/hu\/wp-json\/wp\/v2\/types\/page"}],"author":[{"embeddable":true,"href":"https:\/\/broz.sk\/hu\/wp-json\/wp\/v2\/users\/19"}],"replies":[{"embeddable":true,"href":"https:\/\/broz.sk\/hu\/wp-json\/wp\/v2\/comments?post=38705"}],"version-history":[{"count":2,"href":"https:\/\/broz.sk\/hu\/wp-json\/wp\/v2\/pages\/38705\/revisions"}],"predecessor-version":[{"id":38707,"href":"https:\/\/broz.sk\/hu\/wp-json\/wp\/v2\/pages\/38705\/revisions\/38707"}],"wp:attachment":[{"href":"https:\/\/broz.sk\/hu\/wp-json\/wp\/v2\/media?parent=38705"}],"curies":[{"name":"wp","href":"https:\/\/api.w.org\/{rel}","templated":true}]}}