{"id":38179,"date":"2025-05-21T10:47:29","date_gmt":"2025-05-21T08:47:29","guid":{"rendered":"https:\/\/broz.sk\/horny-vrch\/"},"modified":"2025-05-21T11:45:06","modified_gmt":"2025-05-21T09:45:06","slug":"horny-vrch","status":"publish","type":"page","link":"https:\/\/broz.sk\/hu\/horny-vrch\/","title":{"rendered":"Horn\u00fd vrch"},"content":{"rendered":"<div class=\"wpb-content-wrapper\">[vc_row][vc_column][vc_column_text css=&#8221;&#8221;]A Tornai-v\u00e1rhegy a Fels\u0151-hegy k\u00f6z\u00f6ss\u00e9gi jelent\u0151s\u00e9g\u0171 ter\u00fcletei k\u00f6z\u00e9 tartozik, amelyben t\u00f6bb mint 25 hekt\u00e1ron ker\u00fclt fel\u00faj\u00edt\u00e1sra a sz\u00e1razs\u00e1gt\u0171r\u0151 sztyeppi gyepek \u00e9l\u0151helye. A fel\u00faj\u00edt\u00e1s a karsztos t\u00e1j feln\u00f6v\u0151 f\u00e1inak \u00e9rz\u00e9keny elt\u00e1vol\u00edt\u00e1sa nyom\u00e1n val\u00f3sult meg n\u00e9h\u00e1ny t\u00edz hekt\u00e1ros ter\u00fcleten. A ter\u00fclet ez\u00e1ltal kedvez\u0151 felt\u00e9teleket biztos\u00edt az egyed\u00fcl\u00e1ll\u00f3 tornai v\u00e9rt\u0151 (<em>Onosma viridis<\/em>) l\u00e9tez\u00e9s\u00e9nek \u00e9s szaporod\u00e1s\u00e1nak.\u00a0 Ez az \u00e9rt\u00e9kes k\u00e1rp\u00e1ti-pannon endemikus faj megfigyelhet\u0151 a napos sziklabar\u00e1zd\u00e1s hegyoldalakon \u00e9s a m\u00e9szk\u0151 karros hasad\u00e9kaiban. J\u00faliust\u00f3l szeptemberig vir\u00e1gzik.[\/vc_column_text][vc_row_inner][vc_column_inner width=&#8221;1\/2&#8243;][vc_single_image image=&#8221;38136&#8243; img_size=&#8221;full&#8221; onclick=&#8221;link_image&#8221; css=&#8221;&#8221;][vc_column_text css=&#8221;&#8221;]Tornai v\u00e9rt\u0151 (<em>Onosma viridis<\/em>)[\/vc_column_text][\/vc_column_inner][vc_column_inner width=&#8221;1\/2&#8243;][vc_single_image image=&#8221;38146&#8243; img_size=&#8221;full&#8221; onclick=&#8221;link_image&#8221; css=&#8221;&#8221;][vc_column_text css=&#8221;&#8221;]Sziklabar\u00e1zd\u00e1b\u00f3l kin\u00f6v\u0151 tornai v\u00e9rt\u0151[\/vc_column_text][\/vc_column_inner][\/vc_row_inner][vc_single_image image=&#8221;38121&#8243; img_size=&#8221;full&#8221; onclick=&#8221;link_image&#8221; css=&#8221;&#8221;][vc_column_text css=&#8221;&#8221;]L\u00e9gifelv\u00e9tel 1950-b\u0151l a t\u00e1j eredeti jelleg\u00e9vel[\/vc_column_text]<div class=\"twentytwenty-container\" data-orientation=\"horizontal\" data-offset=\"0.5\"><img fetchpriority=\"high\" decoding=\"async\" class=\"preload-me\" src=\"https:\/\/broz.sk\/wp-content\/uploads\/2025\/05\/8.jpg\" width=\"1280\" height=\"809\"  title=\"2022\" alt=\"\"><img decoding=\"async\" class=\"preload-me\" src=\"https:\/\/broz.sk\/wp-content\/uploads\/2025\/05\/9.jpg\" width=\"1280\" height=\"809\"  title=\"2024\" alt=\"\"><\/div>[vc_empty_space height=&#8221;16px&#8221;][vc_column_text css=&#8221;&#8221;]L\u00e9gifelv\u00e9tel 2022-b\u0151l a fel\u00faj\u00edt\u00e1s el\u0151tt | M\u0171holdfelv\u00e9tel 2024-b\u0151l a fel\u00faj\u00edt\u00e1s ut\u00e1n[\/vc_column_text][\/vc_column][\/vc_row]<\/div>","protected":false},"excerpt":{"rendered":"<p>[vc_row][vc_column][vc_column_text css=&#8221;&#8221;]A Tornai-v\u00e1rhegy a Fels\u0151-hegy k\u00f6z\u00f6ss\u00e9gi jelent\u0151s\u00e9g\u0171 ter\u00fcletei k\u00f6z\u00e9 tartozik, amelyben t\u00f6bb mint 25 hekt\u00e1ron ker\u00fclt fel\u00faj\u00edt\u00e1sra a sz\u00e1razs\u00e1gt\u0171r\u0151 sztyeppi gyepek \u00e9l\u0151helye. A fel\u00faj\u00edt\u00e1s a karsztos t\u00e1j feln\u00f6v\u0151 f\u00e1inak \u00e9rz\u00e9keny elt\u00e1vol\u00edt\u00e1sa nyom\u00e1n val\u00f3sult meg n\u00e9h\u00e1ny t\u00edz hekt\u00e1ros ter\u00fcleten. A ter\u00fclet ez\u00e1ltal kedvez\u0151 felt\u00e9teleket biztos\u00edt az egyed\u00fcl\u00e1ll\u00f3 tornai v\u00e9rt\u0151 (Onosma viridis) l\u00e9tez\u00e9s\u00e9nek \u00e9s szaporod\u00e1s\u00e1nak.\u00a0 Ez az&hellip;<\/p>\n","protected":false},"author":19,"featured_media":0,"parent":0,"menu_order":26,"comment_status":"closed","ping_status":"closed","template":"","meta":{"_acf_changed":false,"pmpro_default_level":"","footnotes":""},"class_list":["post-38179","page","type-page","status-publish","hentry","pmpro-has-access","description-off"],"acf":[],"yoast_head":"<!-- This site is optimized with the Yoast SEO Premium plugin v21.4 (Yoast SEO v27.5) - https:\/\/yoast.com\/product\/yoast-seo-premium-wordpress\/ -->\n<title>Horn\u00fd vrch - BROZ<\/title>\n<meta name=\"robots\" content=\"index, follow, max-snippet:-1, max-image-preview:large, max-video-preview:-1\" \/>\n<link rel=\"canonical\" href=\"https:\/\/broz.sk\/hu\/horny-vrch\/\" \/>\n<meta property=\"og:locale\" content=\"hu_HU\" \/>\n<meta property=\"og:type\" content=\"article\" \/>\n<meta property=\"og:title\" content=\"Horn\u00fd vrch\" \/>\n<meta property=\"og:description\" content=\"[vc_row][vc_column][vc_column_text css=&#8221;&#8221;]A Tornai-v\u00e1rhegy a Fels\u0151-hegy k\u00f6z\u00f6ss\u00e9gi jelent\u0151s\u00e9g\u0171 ter\u00fcletei k\u00f6z\u00e9 tartozik, amelyben t\u00f6bb mint 25 hekt\u00e1ron ker\u00fclt fel\u00faj\u00edt\u00e1sra a sz\u00e1razs\u00e1gt\u0171r\u0151 sztyeppi gyepek \u00e9l\u0151helye. A fel\u00faj\u00edt\u00e1s a karsztos t\u00e1j feln\u00f6v\u0151 f\u00e1inak \u00e9rz\u00e9keny elt\u00e1vol\u00edt\u00e1sa nyom\u00e1n val\u00f3sult meg n\u00e9h\u00e1ny t\u00edz hekt\u00e1ros ter\u00fcleten. A ter\u00fclet ez\u00e1ltal kedvez\u0151 felt\u00e9teleket biztos\u00edt az egyed\u00fcl\u00e1ll\u00f3 tornai v\u00e9rt\u0151 (Onosma viridis) l\u00e9tez\u00e9s\u00e9nek \u00e9s szaporod\u00e1s\u00e1nak.\u00a0 Ez az&hellip;\" \/>\n<meta property=\"og:url\" content=\"https:\/\/broz.sk\/hu\/horny-vrch\/\" \/>\n<meta property=\"og:site_name\" content=\"BROZ\" \/>\n<meta property=\"article:publisher\" content=\"https:\/\/www.facebook.com\/broz.ba\/\" \/>\n<meta property=\"article:modified_time\" content=\"2025-05-21T09:45:06+00:00\" \/>\n<meta property=\"og:image\" content=\"https:\/\/broz.sk\/wp-content\/uploads\/2018\/03\/broz-logo-color.png\" \/>\n\t<meta property=\"og:image:width\" content=\"192\" \/>\n\t<meta property=\"og:image:height\" content=\"120\" \/>\n\t<meta property=\"og:image:type\" content=\"image\/png\" \/>\n<meta name=\"twitter:card\" content=\"summary_large_image\" \/>\n<meta name=\"twitter:label1\" content=\"Becs\u00fclt olvas\u00e1si id\u0151\" \/>\n\t<meta name=\"twitter:data1\" content=\"1 perc\" \/>\n<script type=\"application\/ld+json\" class=\"yoast-schema-graph\">{\"@context\":\"https:\\\/\\\/schema.org\",\"@graph\":[{\"@type\":\"WebPage\",\"@id\":\"https:\\\/\\\/broz.sk\\\/hu\\\/horny-vrch\\\/\",\"url\":\"https:\\\/\\\/broz.sk\\\/hu\\\/horny-vrch\\\/\",\"name\":\"Horn\u00fd vrch - BROZ\",\"isPartOf\":{\"@id\":\"https:\\\/\\\/broz.sk\\\/#website\"},\"datePublished\":\"2025-05-21T08:47:29+00:00\",\"dateModified\":\"2025-05-21T09:45:06+00:00\",\"breadcrumb\":{\"@id\":\"https:\\\/\\\/broz.sk\\\/hu\\\/horny-vrch\\\/#breadcrumb\"},\"inLanguage\":\"hu\",\"potentialAction\":[{\"@type\":\"ReadAction\",\"target\":[\"https:\\\/\\\/broz.sk\\\/hu\\\/horny-vrch\\\/\"]}]},{\"@type\":\"BreadcrumbList\",\"@id\":\"https:\\\/\\\/broz.sk\\\/hu\\\/horny-vrch\\\/#breadcrumb\",\"itemListElement\":[{\"@type\":\"ListItem\",\"position\":1,\"name\":\"Domovsk\u00e1 str\u00e1nka\",\"item\":\"https:\\\/\\\/broz.sk\\\/\"},{\"@type\":\"ListItem\",\"position\":2,\"name\":\"Horn\u00fd vrch\"}]},{\"@type\":\"WebSite\",\"@id\":\"https:\\\/\\\/broz.sk\\\/#website\",\"url\":\"https:\\\/\\\/broz.sk\\\/\",\"name\":\"BROZ\",\"description\":\"ochran\u00e1rske zdru\u017eenie\",\"publisher\":{\"@id\":\"https:\\\/\\\/broz.sk\\\/#organization\"},\"potentialAction\":[{\"@type\":\"SearchAction\",\"target\":{\"@type\":\"EntryPoint\",\"urlTemplate\":\"https:\\\/\\\/broz.sk\\\/?s={search_term_string}\"},\"query-input\":{\"@type\":\"PropertyValueSpecification\",\"valueRequired\":true,\"valueName\":\"search_term_string\"}}],\"inLanguage\":\"hu\"},{\"@type\":\"Organization\",\"@id\":\"https:\\\/\\\/broz.sk\\\/#organization\",\"name\":\"BROZ - Bratislavsk\u00e9 region\u00e1lne ochran\u00e1rske zdru\u017eenie\",\"url\":\"https:\\\/\\\/broz.sk\\\/\",\"logo\":{\"@type\":\"ImageObject\",\"inLanguage\":\"hu\",\"@id\":\"https:\\\/\\\/broz.sk\\\/#\\\/schema\\\/logo\\\/image\\\/\",\"url\":\"https:\\\/\\\/broz.sk\\\/wp-content\\\/uploads\\\/2018\\\/03\\\/broz-logo-hires-color.png\",\"contentUrl\":\"https:\\\/\\\/broz.sk\\\/wp-content\\\/uploads\\\/2018\\\/03\\\/broz-logo-hires-color.png\",\"width\":2585,\"height\":1618,\"caption\":\"BROZ - Bratislavsk\u00e9 region\u00e1lne ochran\u00e1rske zdru\u017eenie\"},\"image\":{\"@id\":\"https:\\\/\\\/broz.sk\\\/#\\\/schema\\\/logo\\\/image\\\/\"},\"sameAs\":[\"https:\\\/\\\/www.facebook.com\\\/broz.ba\\\/\"]}]}<\/script>\n<!-- \/ Yoast SEO Premium plugin. -->","yoast_head_json":{"title":"Horn\u00fd vrch - BROZ","robots":{"index":"index","follow":"follow","max-snippet":"max-snippet:-1","max-image-preview":"max-image-preview:large","max-video-preview":"max-video-preview:-1"},"canonical":"https:\/\/broz.sk\/hu\/horny-vrch\/","og_locale":"hu_HU","og_type":"article","og_title":"Horn\u00fd vrch","og_description":"[vc_row][vc_column][vc_column_text css=&#8221;&#8221;]A Tornai-v\u00e1rhegy a Fels\u0151-hegy k\u00f6z\u00f6ss\u00e9gi jelent\u0151s\u00e9g\u0171 ter\u00fcletei k\u00f6z\u00e9 tartozik, amelyben t\u00f6bb mint 25 hekt\u00e1ron ker\u00fclt fel\u00faj\u00edt\u00e1sra a sz\u00e1razs\u00e1gt\u0171r\u0151 sztyeppi gyepek \u00e9l\u0151helye. A fel\u00faj\u00edt\u00e1s a karsztos t\u00e1j feln\u00f6v\u0151 f\u00e1inak \u00e9rz\u00e9keny elt\u00e1vol\u00edt\u00e1sa nyom\u00e1n val\u00f3sult meg n\u00e9h\u00e1ny t\u00edz hekt\u00e1ros ter\u00fcleten. A ter\u00fclet ez\u00e1ltal kedvez\u0151 felt\u00e9teleket biztos\u00edt az egyed\u00fcl\u00e1ll\u00f3 tornai v\u00e9rt\u0151 (Onosma viridis) l\u00e9tez\u00e9s\u00e9nek \u00e9s szaporod\u00e1s\u00e1nak.\u00a0 Ez az&hellip;","og_url":"https:\/\/broz.sk\/hu\/horny-vrch\/","og_site_name":"BROZ","article_publisher":"https:\/\/www.facebook.com\/broz.ba\/","article_modified_time":"2025-05-21T09:45:06+00:00","og_image":[{"width":192,"height":120,"url":"https:\/\/broz.sk\/wp-content\/uploads\/2018\/03\/broz-logo-color.png","type":"image\/png"}],"twitter_card":"summary_large_image","twitter_misc":{"Becs\u00fclt olvas\u00e1si id\u0151":"1 perc"},"schema":{"@context":"https:\/\/schema.org","@graph":[{"@type":"WebPage","@id":"https:\/\/broz.sk\/hu\/horny-vrch\/","url":"https:\/\/broz.sk\/hu\/horny-vrch\/","name":"Horn\u00fd vrch - BROZ","isPartOf":{"@id":"https:\/\/broz.sk\/#website"},"datePublished":"2025-05-21T08:47:29+00:00","dateModified":"2025-05-21T09:45:06+00:00","breadcrumb":{"@id":"https:\/\/broz.sk\/hu\/horny-vrch\/#breadcrumb"},"inLanguage":"hu","potentialAction":[{"@type":"ReadAction","target":["https:\/\/broz.sk\/hu\/horny-vrch\/"]}]},{"@type":"BreadcrumbList","@id":"https:\/\/broz.sk\/hu\/horny-vrch\/#breadcrumb","itemListElement":[{"@type":"ListItem","position":1,"name":"Domovsk\u00e1 str\u00e1nka","item":"https:\/\/broz.sk\/"},{"@type":"ListItem","position":2,"name":"Horn\u00fd vrch"}]},{"@type":"WebSite","@id":"https:\/\/broz.sk\/#website","url":"https:\/\/broz.sk\/","name":"BROZ","description":"ochran\u00e1rske zdru\u017eenie","publisher":{"@id":"https:\/\/broz.sk\/#organization"},"potentialAction":[{"@type":"SearchAction","target":{"@type":"EntryPoint","urlTemplate":"https:\/\/broz.sk\/?s={search_term_string}"},"query-input":{"@type":"PropertyValueSpecification","valueRequired":true,"valueName":"search_term_string"}}],"inLanguage":"hu"},{"@type":"Organization","@id":"https:\/\/broz.sk\/#organization","name":"BROZ - Bratislavsk\u00e9 region\u00e1lne ochran\u00e1rske zdru\u017eenie","url":"https:\/\/broz.sk\/","logo":{"@type":"ImageObject","inLanguage":"hu","@id":"https:\/\/broz.sk\/#\/schema\/logo\/image\/","url":"https:\/\/broz.sk\/wp-content\/uploads\/2018\/03\/broz-logo-hires-color.png","contentUrl":"https:\/\/broz.sk\/wp-content\/uploads\/2018\/03\/broz-logo-hires-color.png","width":2585,"height":1618,"caption":"BROZ - Bratislavsk\u00e9 region\u00e1lne ochran\u00e1rske zdru\u017eenie"},"image":{"@id":"https:\/\/broz.sk\/#\/schema\/logo\/image\/"},"sameAs":["https:\/\/www.facebook.com\/broz.ba\/"]}]}},"_links":{"self":[{"href":"https:\/\/broz.sk\/hu\/wp-json\/wp\/v2\/pages\/38179","targetHints":{"allow":["GET"]}}],"collection":[{"href":"https:\/\/broz.sk\/hu\/wp-json\/wp\/v2\/pages"}],"about":[{"href":"https:\/\/broz.sk\/hu\/wp-json\/wp\/v2\/types\/page"}],"author":[{"embeddable":true,"href":"https:\/\/broz.sk\/hu\/wp-json\/wp\/v2\/users\/19"}],"replies":[{"embeddable":true,"href":"https:\/\/broz.sk\/hu\/wp-json\/wp\/v2\/comments?post=38179"}],"version-history":[{"count":3,"href":"https:\/\/broz.sk\/hu\/wp-json\/wp\/v2\/pages\/38179\/revisions"}],"predecessor-version":[{"id":38242,"href":"https:\/\/broz.sk\/hu\/wp-json\/wp\/v2\/pages\/38179\/revisions\/38242"}],"wp:attachment":[{"href":"https:\/\/broz.sk\/hu\/wp-json\/wp\/v2\/media?parent=38179"}],"curies":[{"name":"wp","href":"https:\/\/api.w.org\/{rel}","templated":true}]}}