{"id":38007,"date":"2025-05-20T12:02:33","date_gmt":"2025-05-20T10:02:33","guid":{"rendered":"https:\/\/broz.sk\/pelsoci-hegyoldal-kulonleges-termeszetmegorzesi-terulet\/"},"modified":"2025-05-21T11:47:24","modified_gmt":"2025-05-21T09:47:24","slug":"plesivske-strane","status":"publish","type":"page","link":"https:\/\/broz.sk\/hu\/plesivske-strane\/","title":{"rendered":"Pels\u0151ci-hegyoldal k\u00fcl\u00f6nleges term\u00e9szetmeg\u0151rz\u00e9si ter\u00fclet"},"content":{"rendered":"<div class=\"wpb-content-wrapper\">[vc_row][vc_column][vc_column_text css=&#8221;&#8221;]A Pels\u0151ci-hegyoldal k\u00fcl\u00f6nleges term\u00e9szetmeg\u0151rz\u00e9si ter\u00fcletet \u00e9rt\u00e9kes \u00e9l\u0151helyek meg\u00f3v\u00e1sa \u00e9s feljav\u00edt\u00e1sa c\u00e9lj\u00e1b\u00f3l l\u00e9tes\u00edtett\u00e9k, mint a jellegzetes melegkedvel\u0151 n\u00f6v\u00e9nyzetet hordoz\u00f3 sztyepp\u00e9k \u00e9s sz\u00e1razs\u00e1gt\u0171r\u0151 legel\u0151k. Fellelhet\u0151k itt tov\u00e1bb\u00e1 sziklagyepek, barlangok, melegkedvel\u0151 cserj\u00e9sek \u00e9s pannon t\u00f6lgyesek molyhos t\u00f6lggyel. A hidegebb r\u00e9szeken m\u00e9szkedvel\u0151 b\u00fckk\u00f6s\u00f6k \u00e9s meredek szikl\u00e1s hegyoldalak tal\u00e1lhat\u00f3k, amelyek a h\u00e1rsas-juharos lejt\u0151t\u00f6rmel\u00e9kes erd\u0151knek k\u00e9peznek ide\u00e1lis \u00e9letk\u00f6r\u00fclm\u00e9nyeket.[\/vc_column_text][\/vc_column][\/vc_row][vc_row][vc_column width=&#8221;1\/2&#8243;][vc_single_image image=&#8221;37971&#8243; img_size=&#8221;full&#8221; alignment=&#8221;center&#8221; onclick=&#8221;link_image&#8221; css=&#8221;&#8221;][vc_column_text css=&#8221;&#8221;]<em>le\u00e1nyk\u00f6k\u00f6rcsin <\/em>(<em>Pulsatilla grandis<\/em>)[\/vc_column_text][\/vc_column][vc_column width=&#8221;1\/2&#8243;][vc_single_image image=&#8221;37981&#8243; img_size=&#8221;full&#8221; alignment=&#8221;center&#8221; onclick=&#8221;link_image&#8221; css=&#8221;&#8221;][vc_column_text css=&#8221;&#8221;]<em>osztr\u00e1k s\u00e1rk\u00e1nyf\u0171 <\/em>(<em>Dracocephalum austriacum<\/em>)[\/vc_column_text][\/vc_column][\/vc_row][vc_row][vc_column][vc_column_text css=&#8221;&#8221;]A ter\u00fclet meg\u00f3v\u00e1sa t\u00f6bb \u00e9rt\u00e9kes sztyeppi n\u00f6v\u00e9nyfaj el\u0151fordul\u00e1sa miatt is indokolt, mint a le\u00e1nyk\u00f6k\u00f6rcsin (<em>Pulsatilla grandis<\/em>) \u00e9s az osztr\u00e1k s\u00e1rk\u00e1nyf\u0171 (<em>Dracocephalum austriacum<\/em>). Az itt \u00e9l\u0151 \u00e9rt\u00e9kes gerinctelen \u00e1llatfajok k\u00f6z\u00fcl kiemelend\u0151 az eur\u00e1zsiai r\u00e9tis\u00e1ska (<em>Stenobothrus eurasius<\/em>), valamint a f\u00e1s anyagokhoz, f\u0151leg erdei \u00e9s ny\u00edlt legel\u0151k t\u00f6lgyeihez k\u00f6thet\u0151 nagy h\u0151scinc\u00e9r (<em>Cerambyx cerdo<\/em>). A gerincesek k\u00f6z\u00fcl t\u00f6bb v\u00e9dett denev\u00e9rfaj is tal\u00e1lhat\u00f3 itt.[\/vc_column_text][\/vc_column][\/vc_row][vc_row equal_height=&#8221;yes&#8221; content_placement=&#8221;middle&#8221;][vc_column width=&#8221;1\/3&#8243;][vc_single_image image=&#8221;37976&#8243; img_size=&#8221;full&#8221; alignment=&#8221;center&#8221; onclick=&#8221;link_image&#8221; css=&#8221;&#8221;][vc_column_text css=&#8221;&#8221;]<em>nagy h\u0151scinc\u00e9r <\/em>(<em>Cerambyx cerdo<\/em>)[\/vc_column_text][\/vc_column][vc_column width=&#8221;1\/3&#8243;][vc_single_image image=&#8221;37997&#8243; img_size=&#8221;full&#8221; alignment=&#8221;center&#8221; onclick=&#8221;link_image&#8221; css=&#8221;&#8221;][vc_column_text css=&#8221;&#8221;]<em>nagy patk\u00f3sdenev\u00e9r <\/em>(<em>Rhinolophus ferrumequinum<\/em>)[\/vc_column_text][\/vc_column][vc_column width=&#8221;1\/3&#8243;][vc_single_image image=&#8221;37991&#8243; img_size=&#8221;full&#8221; alignment=&#8221;center&#8221; onclick=&#8221;link_image&#8221; css=&#8221;&#8221;][vc_column_text css=&#8221;&#8221;]<em>eur\u00e1zsiai r\u00e9tis\u00e1ska<\/em>\u00a0(<em>Stenobothrus eurasius<\/em>)[\/vc_column_text][\/vc_column][\/vc_row][vc_row][vc_column][vc_column_text css=&#8221;&#8221;]A melegkedvel\u0151 fajok \u00e9l\u0151helyeire legnagyobb vesz\u00e9lyt a hagyom\u00e1nyos ter\u00fcletgazd\u00e1lkod\u00e1s visszaszorul\u00e1sa jelenti, valamint a ter\u00fclet ben\u00f6v\u00e9se \u0151shonos \u00e9s nem \u0151shonos f\u00e1kkal, ami a biol\u00f3giai sokr\u00e9t\u0171s\u00e9g cs\u00f6kken\u00e9s\u00e9hez \u00e9s az \u00e9rt\u00e9kes, ny\u00edlt sztyeppi \u00f6kosziszt\u00e9m\u00e1khoz k\u00f6t\u0151d\u0151 fajok elt\u0171n\u00e9s\u00e9hez vezet. E k\u00fcl\u00f6nleges ter\u00fclet meg\u00f3v\u00e1sa \u00e9rdek\u00e9ben fontos a hagyom\u00e1nyos legeltet\u00e9ses gazd\u00e1lkod\u00e1s vissza\u00e1ll\u00edt\u00e1sa, amely a k\u00f6vetkez\u0151 gener\u00e1ci\u00f3k sz\u00e1m\u00e1ra is biztos\u00edtja fennmarad\u00e1s\u00e1t.[\/vc_column_text][\/vc_column][\/vc_row]<\/div>","protected":false},"excerpt":{"rendered":"<p>[vc_row][vc_column][vc_column_text css=&#8221;&#8221;]A Pels\u0151ci-hegyoldal k\u00fcl\u00f6nleges term\u00e9szetmeg\u0151rz\u00e9si ter\u00fcletet \u00e9rt\u00e9kes \u00e9l\u0151helyek meg\u00f3v\u00e1sa \u00e9s feljav\u00edt\u00e1sa c\u00e9lj\u00e1b\u00f3l l\u00e9tes\u00edtett\u00e9k, mint a jellegzetes melegkedvel\u0151 n\u00f6v\u00e9nyzetet hordoz\u00f3 sztyepp\u00e9k \u00e9s sz\u00e1razs\u00e1gt\u0171r\u0151 legel\u0151k. Fellelhet\u0151k itt tov\u00e1bb\u00e1 sziklagyepek, barlangok, melegkedvel\u0151 cserj\u00e9sek \u00e9s pannon t\u00f6lgyesek molyhos t\u00f6lggyel. A hidegebb r\u00e9szeken m\u00e9szkedvel\u0151 b\u00fckk\u00f6s\u00f6k \u00e9s meredek szikl\u00e1s hegyoldalak tal\u00e1lhat\u00f3k, amelyek a h\u00e1rsas-juharos lejt\u0151t\u00f6rmel\u00e9kes erd\u0151knek k\u00e9peznek ide\u00e1lis \u00e9letk\u00f6r\u00fclm\u00e9nyeket.[\/vc_column_text][\/vc_column][\/vc_row][vc_row][vc_column width=&#8221;1\/2&#8243;][vc_single_image image=&#8221;37971&#8243;&hellip;<\/p>\n","protected":false},"author":19,"featured_media":0,"parent":0,"menu_order":12,"comment_status":"closed","ping_status":"closed","template":"","meta":{"_acf_changed":false,"pmpro_default_level":"","footnotes":""},"class_list":["post-38007","page","type-page","status-publish","hentry","pmpro-has-access","description-off"],"acf":[],"yoast_head":"<!-- This site is optimized with the Yoast SEO Premium plugin v21.4 (Yoast SEO v27.5) - https:\/\/yoast.com\/product\/yoast-seo-premium-wordpress\/ -->\n<title>Pels\u0151ci-hegyoldal k\u00fcl\u00f6nleges term\u00e9szetmeg\u0151rz\u00e9si ter\u00fclet - BROZ<\/title>\n<meta name=\"robots\" content=\"index, follow, max-snippet:-1, max-image-preview:large, max-video-preview:-1\" \/>\n<link rel=\"canonical\" href=\"https:\/\/broz.sk\/hu\/plesivske-strane\/\" \/>\n<meta property=\"og:locale\" content=\"hu_HU\" \/>\n<meta property=\"og:type\" content=\"article\" \/>\n<meta property=\"og:title\" content=\"Pels\u0151ci-hegyoldal k\u00fcl\u00f6nleges term\u00e9szetmeg\u0151rz\u00e9si ter\u00fclet\" \/>\n<meta property=\"og:description\" content=\"[vc_row][vc_column][vc_column_text css=&#8221;&#8221;]A Pels\u0151ci-hegyoldal k\u00fcl\u00f6nleges term\u00e9szetmeg\u0151rz\u00e9si ter\u00fcletet \u00e9rt\u00e9kes \u00e9l\u0151helyek meg\u00f3v\u00e1sa \u00e9s feljav\u00edt\u00e1sa c\u00e9lj\u00e1b\u00f3l l\u00e9tes\u00edtett\u00e9k, mint a jellegzetes melegkedvel\u0151 n\u00f6v\u00e9nyzetet hordoz\u00f3 sztyepp\u00e9k \u00e9s sz\u00e1razs\u00e1gt\u0171r\u0151 legel\u0151k. Fellelhet\u0151k itt tov\u00e1bb\u00e1 sziklagyepek, barlangok, melegkedvel\u0151 cserj\u00e9sek \u00e9s pannon t\u00f6lgyesek molyhos t\u00f6lggyel. A hidegebb r\u00e9szeken m\u00e9szkedvel\u0151 b\u00fckk\u00f6s\u00f6k \u00e9s meredek szikl\u00e1s hegyoldalak tal\u00e1lhat\u00f3k, amelyek a h\u00e1rsas-juharos lejt\u0151t\u00f6rmel\u00e9kes erd\u0151knek k\u00e9peznek ide\u00e1lis \u00e9letk\u00f6r\u00fclm\u00e9nyeket.[\/vc_column_text][\/vc_column][\/vc_row][vc_row][vc_column width=&#8221;1\/2&#8243;][vc_single_image image=&#8221;37971&#8243;&hellip;\" \/>\n<meta property=\"og:url\" content=\"https:\/\/broz.sk\/hu\/plesivske-strane\/\" \/>\n<meta property=\"og:site_name\" content=\"BROZ\" \/>\n<meta property=\"article:publisher\" content=\"https:\/\/www.facebook.com\/broz.ba\/\" \/>\n<meta property=\"article:modified_time\" content=\"2025-05-21T09:47:24+00:00\" \/>\n<meta property=\"og:image\" content=\"https:\/\/broz.sk\/wp-content\/uploads\/2018\/03\/broz-logo-color.png\" \/>\n\t<meta property=\"og:image:width\" content=\"192\" \/>\n\t<meta property=\"og:image:height\" content=\"120\" \/>\n\t<meta property=\"og:image:type\" content=\"image\/png\" \/>\n<meta name=\"twitter:card\" content=\"summary_large_image\" \/>\n<meta name=\"twitter:label1\" content=\"Becs\u00fclt olvas\u00e1si id\u0151\" \/>\n\t<meta name=\"twitter:data1\" content=\"2 perc\" \/>\n<script type=\"application\/ld+json\" class=\"yoast-schema-graph\">{\"@context\":\"https:\\\/\\\/schema.org\",\"@graph\":[{\"@type\":\"WebPage\",\"@id\":\"https:\\\/\\\/broz.sk\\\/hu\\\/plesivske-strane\\\/\",\"url\":\"https:\\\/\\\/broz.sk\\\/hu\\\/plesivske-strane\\\/\",\"name\":\"Pels\u0151ci-hegyoldal k\u00fcl\u00f6nleges term\u00e9szetmeg\u0151rz\u00e9si ter\u00fclet - BROZ\",\"isPartOf\":{\"@id\":\"https:\\\/\\\/broz.sk\\\/#website\"},\"datePublished\":\"2025-05-20T10:02:33+00:00\",\"dateModified\":\"2025-05-21T09:47:24+00:00\",\"breadcrumb\":{\"@id\":\"https:\\\/\\\/broz.sk\\\/hu\\\/plesivske-strane\\\/#breadcrumb\"},\"inLanguage\":\"hu\",\"potentialAction\":[{\"@type\":\"ReadAction\",\"target\":[\"https:\\\/\\\/broz.sk\\\/hu\\\/plesivske-strane\\\/\"]}]},{\"@type\":\"BreadcrumbList\",\"@id\":\"https:\\\/\\\/broz.sk\\\/hu\\\/plesivske-strane\\\/#breadcrumb\",\"itemListElement\":[{\"@type\":\"ListItem\",\"position\":1,\"name\":\"Domovsk\u00e1 str\u00e1nka\",\"item\":\"https:\\\/\\\/broz.sk\\\/\"},{\"@type\":\"ListItem\",\"position\":2,\"name\":\"Pels\u0151ci-hegyoldal k\u00fcl\u00f6nleges term\u00e9szetmeg\u0151rz\u00e9si ter\u00fclet\"}]},{\"@type\":\"WebSite\",\"@id\":\"https:\\\/\\\/broz.sk\\\/#website\",\"url\":\"https:\\\/\\\/broz.sk\\\/\",\"name\":\"BROZ\",\"description\":\"ochran\u00e1rske zdru\u017eenie\",\"publisher\":{\"@id\":\"https:\\\/\\\/broz.sk\\\/#organization\"},\"potentialAction\":[{\"@type\":\"SearchAction\",\"target\":{\"@type\":\"EntryPoint\",\"urlTemplate\":\"https:\\\/\\\/broz.sk\\\/?s={search_term_string}\"},\"query-input\":{\"@type\":\"PropertyValueSpecification\",\"valueRequired\":true,\"valueName\":\"search_term_string\"}}],\"inLanguage\":\"hu\"},{\"@type\":\"Organization\",\"@id\":\"https:\\\/\\\/broz.sk\\\/#organization\",\"name\":\"BROZ - Bratislavsk\u00e9 region\u00e1lne ochran\u00e1rske zdru\u017eenie\",\"url\":\"https:\\\/\\\/broz.sk\\\/\",\"logo\":{\"@type\":\"ImageObject\",\"inLanguage\":\"hu\",\"@id\":\"https:\\\/\\\/broz.sk\\\/#\\\/schema\\\/logo\\\/image\\\/\",\"url\":\"https:\\\/\\\/broz.sk\\\/wp-content\\\/uploads\\\/2018\\\/03\\\/broz-logo-hires-color.png\",\"contentUrl\":\"https:\\\/\\\/broz.sk\\\/wp-content\\\/uploads\\\/2018\\\/03\\\/broz-logo-hires-color.png\",\"width\":2585,\"height\":1618,\"caption\":\"BROZ - Bratislavsk\u00e9 region\u00e1lne ochran\u00e1rske zdru\u017eenie\"},\"image\":{\"@id\":\"https:\\\/\\\/broz.sk\\\/#\\\/schema\\\/logo\\\/image\\\/\"},\"sameAs\":[\"https:\\\/\\\/www.facebook.com\\\/broz.ba\\\/\"]}]}<\/script>\n<!-- \/ Yoast SEO Premium plugin. -->","yoast_head_json":{"title":"Pels\u0151ci-hegyoldal k\u00fcl\u00f6nleges term\u00e9szetmeg\u0151rz\u00e9si ter\u00fclet - BROZ","robots":{"index":"index","follow":"follow","max-snippet":"max-snippet:-1","max-image-preview":"max-image-preview:large","max-video-preview":"max-video-preview:-1"},"canonical":"https:\/\/broz.sk\/hu\/plesivske-strane\/","og_locale":"hu_HU","og_type":"article","og_title":"Pels\u0151ci-hegyoldal k\u00fcl\u00f6nleges term\u00e9szetmeg\u0151rz\u00e9si ter\u00fclet","og_description":"[vc_row][vc_column][vc_column_text css=&#8221;&#8221;]A Pels\u0151ci-hegyoldal k\u00fcl\u00f6nleges term\u00e9szetmeg\u0151rz\u00e9si ter\u00fcletet \u00e9rt\u00e9kes \u00e9l\u0151helyek meg\u00f3v\u00e1sa \u00e9s feljav\u00edt\u00e1sa c\u00e9lj\u00e1b\u00f3l l\u00e9tes\u00edtett\u00e9k, mint a jellegzetes melegkedvel\u0151 n\u00f6v\u00e9nyzetet hordoz\u00f3 sztyepp\u00e9k \u00e9s sz\u00e1razs\u00e1gt\u0171r\u0151 legel\u0151k. Fellelhet\u0151k itt tov\u00e1bb\u00e1 sziklagyepek, barlangok, melegkedvel\u0151 cserj\u00e9sek \u00e9s pannon t\u00f6lgyesek molyhos t\u00f6lggyel. A hidegebb r\u00e9szeken m\u00e9szkedvel\u0151 b\u00fckk\u00f6s\u00f6k \u00e9s meredek szikl\u00e1s hegyoldalak tal\u00e1lhat\u00f3k, amelyek a h\u00e1rsas-juharos lejt\u0151t\u00f6rmel\u00e9kes erd\u0151knek k\u00e9peznek ide\u00e1lis \u00e9letk\u00f6r\u00fclm\u00e9nyeket.[\/vc_column_text][\/vc_column][\/vc_row][vc_row][vc_column width=&#8221;1\/2&#8243;][vc_single_image image=&#8221;37971&#8243;&hellip;","og_url":"https:\/\/broz.sk\/hu\/plesivske-strane\/","og_site_name":"BROZ","article_publisher":"https:\/\/www.facebook.com\/broz.ba\/","article_modified_time":"2025-05-21T09:47:24+00:00","og_image":[{"width":192,"height":120,"url":"https:\/\/broz.sk\/wp-content\/uploads\/2018\/03\/broz-logo-color.png","type":"image\/png"}],"twitter_card":"summary_large_image","twitter_misc":{"Becs\u00fclt olvas\u00e1si id\u0151":"2 perc"},"schema":{"@context":"https:\/\/schema.org","@graph":[{"@type":"WebPage","@id":"https:\/\/broz.sk\/hu\/plesivske-strane\/","url":"https:\/\/broz.sk\/hu\/plesivske-strane\/","name":"Pels\u0151ci-hegyoldal k\u00fcl\u00f6nleges term\u00e9szetmeg\u0151rz\u00e9si ter\u00fclet - BROZ","isPartOf":{"@id":"https:\/\/broz.sk\/#website"},"datePublished":"2025-05-20T10:02:33+00:00","dateModified":"2025-05-21T09:47:24+00:00","breadcrumb":{"@id":"https:\/\/broz.sk\/hu\/plesivske-strane\/#breadcrumb"},"inLanguage":"hu","potentialAction":[{"@type":"ReadAction","target":["https:\/\/broz.sk\/hu\/plesivske-strane\/"]}]},{"@type":"BreadcrumbList","@id":"https:\/\/broz.sk\/hu\/plesivske-strane\/#breadcrumb","itemListElement":[{"@type":"ListItem","position":1,"name":"Domovsk\u00e1 str\u00e1nka","item":"https:\/\/broz.sk\/"},{"@type":"ListItem","position":2,"name":"Pels\u0151ci-hegyoldal k\u00fcl\u00f6nleges term\u00e9szetmeg\u0151rz\u00e9si ter\u00fclet"}]},{"@type":"WebSite","@id":"https:\/\/broz.sk\/#website","url":"https:\/\/broz.sk\/","name":"BROZ","description":"ochran\u00e1rske zdru\u017eenie","publisher":{"@id":"https:\/\/broz.sk\/#organization"},"potentialAction":[{"@type":"SearchAction","target":{"@type":"EntryPoint","urlTemplate":"https:\/\/broz.sk\/?s={search_term_string}"},"query-input":{"@type":"PropertyValueSpecification","valueRequired":true,"valueName":"search_term_string"}}],"inLanguage":"hu"},{"@type":"Organization","@id":"https:\/\/broz.sk\/#organization","name":"BROZ - Bratislavsk\u00e9 region\u00e1lne ochran\u00e1rske zdru\u017eenie","url":"https:\/\/broz.sk\/","logo":{"@type":"ImageObject","inLanguage":"hu","@id":"https:\/\/broz.sk\/#\/schema\/logo\/image\/","url":"https:\/\/broz.sk\/wp-content\/uploads\/2018\/03\/broz-logo-hires-color.png","contentUrl":"https:\/\/broz.sk\/wp-content\/uploads\/2018\/03\/broz-logo-hires-color.png","width":2585,"height":1618,"caption":"BROZ - Bratislavsk\u00e9 region\u00e1lne ochran\u00e1rske zdru\u017eenie"},"image":{"@id":"https:\/\/broz.sk\/#\/schema\/logo\/image\/"},"sameAs":["https:\/\/www.facebook.com\/broz.ba\/"]}]}},"_links":{"self":[{"href":"https:\/\/broz.sk\/hu\/wp-json\/wp\/v2\/pages\/38007","targetHints":{"allow":["GET"]}}],"collection":[{"href":"https:\/\/broz.sk\/hu\/wp-json\/wp\/v2\/pages"}],"about":[{"href":"https:\/\/broz.sk\/hu\/wp-json\/wp\/v2\/types\/page"}],"author":[{"embeddable":true,"href":"https:\/\/broz.sk\/hu\/wp-json\/wp\/v2\/users\/19"}],"replies":[{"embeddable":true,"href":"https:\/\/broz.sk\/hu\/wp-json\/wp\/v2\/comments?post=38007"}],"version-history":[{"count":2,"href":"https:\/\/broz.sk\/hu\/wp-json\/wp\/v2\/pages\/38007\/revisions"}],"predecessor-version":[{"id":38009,"href":"https:\/\/broz.sk\/hu\/wp-json\/wp\/v2\/pages\/38007\/revisions\/38009"}],"wp:attachment":[{"href":"https:\/\/broz.sk\/hu\/wp-json\/wp\/v2\/media?parent=38007"}],"curies":[{"name":"wp","href":"https:\/\/api.w.org\/{rel}","templated":true}]}}