{"id":5891,"date":"2017-01-11T21:22:58","date_gmt":"2017-01-11T20:22:58","guid":{"rendered":"https:\/\/broz.sk\/novinky\/"},"modified":"2023-08-17T08:53:06","modified_gmt":"2023-08-17T06:53:06","slug":"novinky","status":"publish","type":"page","link":"https:\/\/broz.sk\/en\/novinky\/","title":{"rendered":"News"},"content":{"rendered":"<div class=\"wpb-content-wrapper\">[vc_row type=&#8221;vc_default&#8221; gap=&#8221;25&#8243;][vc_column]<style type=\"text\/css\" data-type=\"the7_shortcodes-inline-css\">.blog-shortcode.blog-list-shortcode-id-b82dbd2f8e255ff13ca2b50c04576d49.dividers-on.classic-layout-list article {\n  margin-top: 50px;\n  padding-top: 0;\n}\n.blog-shortcode.blog-list-shortcode-id-b82dbd2f8e255ff13ca2b50c04576d49.dividers-on.classic-layout-list article:first-of-type {\n  margin-top: 0;\n  padding-top: 0;\n}\n.blog-shortcode.blog-list-shortcode-id-b82dbd2f8e255ff13ca2b50c04576d49.classic-layout-list.mode-list .post-thumbnail-wrap {\n  width: 50%;\n}\n.blog-shortcode.blog-list-shortcode-id-b82dbd2f8e255ff13ca2b50c04576d49.classic-layout-list.mode-list .post-entry-content {\n  width: calc(100% - 50%);\n}\n.blog-shortcode.blog-list-shortcode-id-b82dbd2f8e255ff13ca2b50c04576d49.classic-layout-list.mode-list .no-img .post-entry-content {\n  width: 100%;\n}\n.blog-shortcode.blog-list-shortcode-id-b82dbd2f8e255ff13ca2b50c04576d49 .filter-bg-decoration .filter-categories a.act {\n  color: #fff;\n}\n.blog-shortcode.blog-list-shortcode-id-b82dbd2f8e255ff13ca2b50c04576d49:not(.mode-masonry) article {\n  margin-top: 50px;\n}\n.blog-shortcode.blog-list-shortcode-id-b82dbd2f8e255ff13ca2b50c04576d49:not(.mode-masonry) article:first-of-type,\n.blog-shortcode.blog-list-shortcode-id-b82dbd2f8e255ff13ca2b50c04576d49:not(.mode-masonry) article.visible.first:not(.product) {\n  margin-top: 0;\n}\n.blog-shortcode.blog-list-shortcode-id-b82dbd2f8e255ff13ca2b50c04576d49.dividers-on:not(.mode-masonry) article {\n  margin-top: 0;\n  padding-top: 50px;\n}\n.blog-shortcode.blog-list-shortcode-id-b82dbd2f8e255ff13ca2b50c04576d49.dividers-on:not(.mode-masonry) article:first-of-type,\n.blog-shortcode.blog-list-shortcode-id-b82dbd2f8e255ff13ca2b50c04576d49.dividers-on:not(.mode-masonry) article.visible.first:not(.product) {\n  margin-top: 0;\n  padding-top: 0;\n}\n.blog-shortcode.blog-list-shortcode-id-b82dbd2f8e255ff13ca2b50c04576d49 .post-thumbnail-wrap {\n  padding: 0px 20px 0px 20px;\n}\n.blog-shortcode.blog-list-shortcode-id-b82dbd2f8e255ff13ca2b50c04576d49.enable-bg-rollover .post-thumbnail-rollover:after {\n  background: -webkit-linear-gradient();\n  background: linear-gradient();\n}\n.blog-shortcode.blog-list-shortcode-id-b82dbd2f8e255ff13ca2b50c04576d49 .gallery-zoom-ico {\n  width: 44px;\n  height: 44px;\n  line-height: 44px;\n  border-radius: 100px;\n  margin: -22px 0 0 -22px;\n  border-width: 0px;\n  color: #ffffff;\n}\n.bottom-overlap-layout-list.blog-shortcode.blog-list-shortcode-id-b82dbd2f8e255ff13ca2b50c04576d49 .gallery-zoom-ico {\n  margin-top: -22px;\n}\n.gradient-overlay-layout-list.blog-shortcode.blog-list-shortcode-id-b82dbd2f8e255ff13ca2b50c04576d49 .gallery-zoom-ico,\n.content-rollover-layout-list.blog-shortcode.blog-list-shortcode-id-b82dbd2f8e255ff13ca2b50c04576d49 .gallery-zoom-ico {\n  margin: 0 0 10px;\n}\n.content-align-center.gradient-overlay-layout-list.blog-shortcode.blog-list-shortcode-id-b82dbd2f8e255ff13ca2b50c04576d49 .gallery-zoom-ico,\n.content-align-center.content-rollover-layout-list.blog-shortcode.blog-list-shortcode-id-b82dbd2f8e255ff13ca2b50c04576d49 .gallery-zoom-ico {\n  margin: 0 auto 10px;\n}\n.dt-icon-bg-on.blog-shortcode.blog-list-shortcode-id-b82dbd2f8e255ff13ca2b50c04576d49 .gallery-zoom-ico {\n  background: rgba(255,255,255,0.3);\n  box-shadow: none;\n}\n.blog-shortcode.blog-list-shortcode-id-b82dbd2f8e255ff13ca2b50c04576d49 .gallery-zoom-ico > span,\n.blog-shortcode.blog-list-shortcode-id-b82dbd2f8e255ff13ca2b50c04576d49 .gallery-zoom-ico:before {\n  font-size: 32px;\n  line-height: 44px;\n}\n.blog-shortcode.blog-list-shortcode-id-b82dbd2f8e255ff13ca2b50c04576d49 .gallery-zoom-ico > span,\n.blog-shortcode.blog-list-shortcode-id-b82dbd2f8e255ff13ca2b50c04576d49 .gallery-zoom-ico:before {\n  color: #ffffff;\n}\n.blog-shortcode.blog-list-shortcode-id-b82dbd2f8e255ff13ca2b50c04576d49 .fancy-date a {\n  background: #ffffff;\n  box-shadow: none;\n}\n.blog-shortcode.blog-list-shortcode-id-b82dbd2f8e255ff13ca2b50c04576d49 .fancy-date a * {\n  color: #2d2d2d;\n}\n.blog-shortcode.blog-list-shortcode-id-b82dbd2f8e255ff13ca2b50c04576d49 .entry-title,\n.blog-shortcode.blog-list-shortcode-id-b82dbd2f8e255ff13ca2b50c04576d49.owl-carousel .entry-title {\n  margin-bottom: 5px;\n  font-weight: bold;\n}\n.blog-shortcode.blog-list-shortcode-id-b82dbd2f8e255ff13ca2b50c04576d49 .entry-meta {\n  margin-bottom: 15px;\n}\n.blog-shortcode.blog-list-shortcode-id-b82dbd2f8e255ff13ca2b50c04576d49 .portfolio-categories {\n  margin-bottom: 15px;\n}\n.blog-shortcode.blog-list-shortcode-id-b82dbd2f8e255ff13ca2b50c04576d49 .entry-excerpt {\n  margin-bottom: 5px;\n}\n.blog-shortcode.blog-list-shortcode-id-b82dbd2f8e255ff13ca2b50c04576d49:not(.centered-layout-list) .post-entry-content {\n  padding: 15px 30px 20px 30px;\n}\n.blog-shortcode.blog-list-shortcode-id-b82dbd2f8e255ff13ca2b50c04576d49:not(.centered-layout-list):not(.content-bg-on):not(.mode-list) .no-img .post-entry-content {\n  padding: 0;\n}\n@media screen and (max-width: 768px) {\n  .blog-shortcode.blog-list-shortcode-id-b82dbd2f8e255ff13ca2b50c04576d49 article {\n    -ms-flex-flow: column nowrap;\n    flex-flow: column nowrap;\n    margin-top: 20px;\n  }\n  .blog-shortcode.blog-list-shortcode-id-b82dbd2f8e255ff13ca2b50c04576d49.dividers-on article {\n    border: none;\n  }\n  .blog-shortcode.blog-list-shortcode-id-b82dbd2f8e255ff13ca2b50c04576d49.content-bg-on.centered-layout-list article {\n    padding: 0;\n  }\n  .blog-shortcode.blog-list-shortcode-id-b82dbd2f8e255ff13ca2b50c04576d49.blog-shortcode.dividers-on article,\n  .blog-shortcode.blog-list-shortcode-id-b82dbd2f8e255ff13ca2b50c04576d49.dividers-on.classic-layout-list article {\n    margin-top: 20px;\n    padding: 0;\n  }\n  .blog-shortcode.blog-list-shortcode-id-b82dbd2f8e255ff13ca2b50c04576d49.blog-shortcode.dividers-on article:first-of-type,\n  .blog-shortcode.blog-list-shortcode-id-b82dbd2f8e255ff13ca2b50c04576d49.dividers-on.classic-layout-list article:first-of-type {\n    padding: 0;\n  }\n  #page .blog-shortcode.blog-list-shortcode-id-b82dbd2f8e255ff13ca2b50c04576d49 .post-thumbnail-wrap,\n  #page .blog-shortcode.blog-list-shortcode-id-b82dbd2f8e255ff13ca2b50c04576d49 .post-entry-content {\n    width: 100%;\n    margin: 0;\n    top: 0;\n  }\n  #page .blog-shortcode.blog-list-shortcode-id-b82dbd2f8e255ff13ca2b50c04576d49 .post-thumbnail-wrap {\n    padding: 0;\n  }\n  #page .blog-shortcode.blog-list-shortcode-id-b82dbd2f8e255ff13ca2b50c04576d49 .post-entry-content:after {\n    display: none;\n  }\n  #page .blog-shortcode.blog-list-shortcode-id-b82dbd2f8e255ff13ca2b50c04576d49 .project-even .post-thumbnail-wrap,\n  #page .blog-shortcode.blog-list-shortcode-id-b82dbd2f8e255ff13ca2b50c04576d49.centered-layout-list .post-thumbnail-wrap {\n    -ms-flex-order: 0;\n    order: 0;\n  }\n  #page .blog-shortcode.blog-list-shortcode-id-b82dbd2f8e255ff13ca2b50c04576d49.centered-layout-list .post-entry-title-content {\n    -ms-flex-order: 1;\n    order: 1;\n    width: 100%;\n    padding: 20px 20px 0;\n  }\n  #page .blog-shortcode.blog-list-shortcode-id-b82dbd2f8e255ff13ca2b50c04576d49.centered-layout-list .post-entry-content {\n    -ms-flex-order: 2;\n    order: 2;\n    padding-top: 0;\n  }\n  #page .blog-shortcode.blog-list-shortcode-id-b82dbd2f8e255ff13ca2b50c04576d49 .fancy-categories {\n    top: 10px;\n    left: 10px;\n    bottom: auto;\n    right: auto;\n  }\n  #page .blog-shortcode.blog-list-shortcode-id-b82dbd2f8e255ff13ca2b50c04576d49 .fancy-date a {\n    top: 10px;\n    right: 10px;\n    left: auto;\n    bottom: auto;\n  }\n  #page .blog-shortcode.blog-list-shortcode-id-b82dbd2f8e255ff13ca2b50c04576d49 .post-entry-content {\n    padding: 20px;\n  }\n  #page .blog-shortcode.blog-list-shortcode-id-b82dbd2f8e255ff13ca2b50c04576d49 .entry-title {\n    margin: 3px 0 5px;\n    font-size: 20px;\n    line-height: 26px;\n  }\n  #page .blog-shortcode.blog-list-shortcode-id-b82dbd2f8e255ff13ca2b50c04576d49 .entry-meta {\n    margin: 5px 0 5px;\n  }\n  #page .blog-shortcode.blog-list-shortcode-id-b82dbd2f8e255ff13ca2b50c04576d49 .entry-excerpt {\n    margin: 15px 0 0;\n  }\n  #page .blog-shortcode.blog-list-shortcode-id-b82dbd2f8e255ff13ca2b50c04576d49 .post-details {\n    margin: 5px 0 10px;\n  }\n  #page .blog-shortcode.blog-list-shortcode-id-b82dbd2f8e255ff13ca2b50c04576d49 .post-details.details-type-link {\n    margin-bottom: 2px;\n  }\n}\n<\/style><div class=\"articles-list blog-shortcode mode-list blog-list-shortcode-id-b82dbd2f8e255ff13ca2b50c04576d49 classic-layout-list jquery-filter scale-img dt-icon-bg-off loading-effect-fade-in\" data-cur-page=\"1\" data-post-limit=\"10\" data-pagination-mode=\"pages\" aria-live=\"assertive\"><div class=\"extras-off filter\"><div class=\"filter-categories\" data-default-order=\"desc\" data-default-orderby=\"date\"><a href=\"https:\/\/broz.sk\/en\/novinky\/\" class=\"show-all act\" data-filter=\"*\" aria-label=\"Apply filter: View all\">View all<\/a><a href=\"https:\/\/broz.sk\/en\/novinky\/?term=205\" class=\"products\" data-filter=\".category-205\" aria-label=\"Apply filter: Products\">Products<\/a><a href=\"https:\/\/broz.sk\/en\/novinky\/?term=43\" class=\"0-en\" data-filter=\".category-43\" aria-label=\"Apply filter: Enviroeducation\">Enviroeducation<\/a><a href=\"https:\/\/broz.sk\/en\/novinky\/?term=31\" class=\"protection-of-habitats\" data-filter=\".category-31\" aria-label=\"Apply filter: Protection of habitats\">Protection of habitats<\/a><a href=\"https:\/\/broz.sk\/en\/novinky\/?term=30\" class=\"protection-of-species\" data-filter=\".category-30\" aria-label=\"Apply filter: Protection of species\">Protection of species<\/a><a href=\"https:\/\/broz.sk\/en\/novinky\/?term=22\" class=\"uncategorized\" data-filter=\".category-22\" aria-label=\"Apply filter: Volunteer days\">Volunteer days<\/a><\/div><\/div><article class=\"post project-odd visible post-40803 type-post status-publish format-standard has-post-thumbnail hentry category-protection-of-habitats pmpro-has-access category-31 description-off\" data-name=\"Pasque flowers bloom on restored sites\" data-date=\"2026-03-17T16:20:56+01:00\">\n\n<div class=\"post-thumbnail-wrap\">\n\t<div class=\"post-thumbnail\">\n\n\t\t\n\t\t\n\t\t<a href=\"https:\/\/broz.sk\/en\/pasque-flowers-bloom-on-restored-sites\/\" class=\"post-thumbnail-rollover layzr-bg layzr-bg\" ><img fetchpriority=\"high\" decoding=\"async\" class=\"blog-thumb-lazy-load preload-me lazy-load aspect\" src=\"data:image\/svg+xml,%3Csvg%20xmlns%3D&#39;http%3A%2F%2Fwww.w3.org%2F2000%2Fsvg&#39;%20viewBox%3D&#39;0%200%20768%20576&#39;%2F%3E\" data-src=\"https:\/\/broz.sk\/wp-content\/uploads\/2026\/03\/1000090757-768x576.jpg\" data-srcset=\"https:\/\/broz.sk\/wp-content\/uploads\/2026\/03\/1000090757-768x576.jpg 768w, https:\/\/broz.sk\/wp-content\/uploads\/2026\/03\/1000090757-1306x979.jpg 1306w\" loading=\"eager\" style=\"--ratio: 768 \/ 576\" sizes=\"(max-width: 768px) 100vw, 768px\" alt=\"Poniklec ve\u013ekokvet\u00fd (Pulsatilla grandis)\" title=\"1000090757\" width=\"768\" height=\"576\"  \/><\/a>\n\t<\/div>\n<\/div>\n\n\n<div class=\"post-entry-content\">\n\n\t<h3 class=\"entry-title\">\n\t\t<a href=\"https:\/\/broz.sk\/en\/pasque-flowers-bloom-on-restored-sites\/\" title=\"Pasque flowers bloom on restored sites\" rel=\"bookmark\">Pasque flowers bloom on restored sites<\/a>\n\t<\/h3>\n\n\t<div class=\"entry-meta\"><a href=\"https:\/\/broz.sk\/en\/2026\/03\/17\/\" title=\"16:20\" class=\"data-link\" rel=\"bookmark\"><time class=\"entry-date updated\" datetime=\"2026-03-17T16:20:56+01:00\">17. March 2026<\/time><\/a><\/div>\n\t<div class=\"entry-excerpt\"><p>This spring, one of the most encouraging signs of success has appeared on sites we have been restoring within the LIFE Sub-pannonic project \u2013 pasque flowers have started to bloom. These iconic species of dry grasslands are among the first to respond to improved habitat conditions. <\/p>\n<\/div>\n\t\n<a href=\"https:\/\/broz.sk\/en\/pasque-flowers-bloom-on-restored-sites\/\" class=\"post-details details-type-link\" aria-label=\"Read more about Pasque flowers bloom on restored sites\">Read more<i class=\"dt-icon-the7-arrow-03\" aria-hidden=\"true\"><\/i><\/a>\n\n<\/div><\/article><article class=\"post project-odd visible post-40770 type-post status-publish format-standard has-post-thumbnail hentry category-0-en tag-life-en pmpro-has-access category-43 description-off\" data-name=\"LIFE Resistance at the Danube IAS Conference\" data-date=\"2026-03-12T14:23:55+01:00\">\n\n<div class=\"post-thumbnail-wrap\">\n\t<div class=\"post-thumbnail\">\n\n\t\t\n\t\t\n\t\t<a href=\"https:\/\/broz.sk\/en\/life-resistance-at-the-danube-ias-conference\/\" class=\"post-thumbnail-rollover layzr-bg layzr-bg\" ><img decoding=\"async\" class=\"blog-thumb-lazy-load preload-me lazy-load aspect\" src=\"data:image\/svg+xml,%3Csvg%20xmlns%3D&#39;http%3A%2F%2Fwww.w3.org%2F2000%2Fsvg&#39;%20viewBox%3D&#39;0%200%20768%20576&#39;%2F%3E\" data-src=\"https:\/\/broz.sk\/wp-content\/uploads\/2026\/03\/IMG_3537-768x576.jpeg\" data-srcset=\"https:\/\/broz.sk\/wp-content\/uploads\/2026\/03\/IMG_3537-768x576.jpeg 768w, https:\/\/broz.sk\/wp-content\/uploads\/2026\/03\/IMG_3537.jpeg 1280w\" loading=\"eager\" style=\"--ratio: 768 \/ 576\" sizes=\"(max-width: 768px) 100vw, 768px\" alt=\"LIFE Resistance na konferencii o IAS v okol\u00ed Dunaja\" title=\"IMG_3537\" width=\"768\" height=\"576\"  \/><\/a>\n\t<\/div>\n<\/div>\n\n\n<div class=\"post-entry-content\">\n\n\t<h3 class=\"entry-title\">\n\t\t<a href=\"https:\/\/broz.sk\/en\/life-resistance-at-the-danube-ias-conference\/\" title=\"LIFE Resistance at the Danube IAS Conference\" rel=\"bookmark\">LIFE Resistance at the Danube IAS Conference<\/a>\n\t<\/h3>\n\n\t<div class=\"entry-meta\"><a href=\"https:\/\/broz.sk\/en\/2026\/03\/12\/\" title=\"14:23\" class=\"data-link\" rel=\"bookmark\"><time class=\"entry-date updated\" datetime=\"2026-03-12T14:23:55+01:00\">12. March 2026<\/time><\/a><\/div>\n\t<div class=\"entry-excerpt\"><p>On 4-5 March 2026, our partners from the Plant Science and Biodiversity Centre SAS (PSBCSAS) had the opportunity to present the LIFE Resistance project at an important international gathering, the conference Invasive Alien Species in the Danube Region: IAS of Regional Concern, held in Hungary.<\/p>\n<\/div>\n\t\n<a href=\"https:\/\/broz.sk\/en\/life-resistance-at-the-danube-ias-conference\/\" class=\"post-details details-type-link\" aria-label=\"Read more about LIFE Resistance at the Danube IAS Conference\">Read more<i class=\"dt-icon-the7-arrow-03\" aria-hidden=\"true\"><\/i><\/a>\n\n<\/div><\/article><article class=\"post project-odd visible post-40749 type-post status-publish format-standard has-post-thumbnail hentry category-products pmpro-has-access category-205 description-off\" data-name=\"Wool hats that warm you twice\" data-date=\"2026-03-03T13:27:05+01:00\">\n\n<div class=\"post-thumbnail-wrap\">\n\t<div class=\"post-thumbnail\">\n\n\t\t\n\t\t\n\t\t<a href=\"https:\/\/broz.sk\/en\/wool-hats-that-warm-you-twice\/\" class=\"post-thumbnail-rollover layzr-bg layzr-bg\" ><img decoding=\"async\" class=\"blog-thumb-lazy-load preload-me lazy-load aspect\" src=\"data:image\/svg+xml,%3Csvg%20xmlns%3D&#39;http%3A%2F%2Fwww.w3.org%2F2000%2Fsvg&#39;%20viewBox%3D&#39;0%200%20768%20576&#39;%2F%3E\" data-src=\"https:\/\/broz.sk\/wp-content\/uploads\/2026\/03\/DSF0789-768x576.jpg\" data-srcset=\"https:\/\/broz.sk\/wp-content\/uploads\/2026\/03\/DSF0789-768x576.jpg 768w, https:\/\/broz.sk\/wp-content\/uploads\/2026\/03\/DSF0789-1306x979.jpg 1306w\" loading=\"eager\" style=\"--ratio: 768 \/ 576\" sizes=\"(max-width: 768px) 100vw, 768px\" alt=\"Vlnen\u00e1 \u010diapka\" title=\"_DSF0789\" width=\"768\" height=\"576\"  \/><\/a>\n\t<\/div>\n<\/div>\n\n\n<div class=\"post-entry-content\">\n\n\t<h3 class=\"entry-title\">\n\t\t<a href=\"https:\/\/broz.sk\/en\/wool-hats-that-warm-you-twice\/\" title=\"Wool hats that warm you twice\" rel=\"bookmark\">Wool hats that warm you twice<\/a>\n\t<\/h3>\n\n\t<div class=\"entry-meta\"><a href=\"https:\/\/broz.sk\/en\/2026\/03\/03\/\" title=\"13:27\" class=\"data-link\" rel=\"bookmark\"><time class=\"entry-date updated\" datetime=\"2026-03-03T13:27:05+01:00\">3. March 2026<\/time><\/a><\/div>\n\t<div class=\"entry-excerpt\"><p>As part of the LIFE Resistance project, an exceptional collaboration was created, bringing together honest craftsmanship, nature conservation, and a social dimension. The result is a product that warms not only your head, but also your heart.<\/p>\n<\/div>\n\t\n<a href=\"https:\/\/broz.sk\/en\/wool-hats-that-warm-you-twice\/\" class=\"post-details details-type-link\" aria-label=\"Read more about Wool hats that warm you twice\">Read more<i class=\"dt-icon-the7-arrow-03\" aria-hidden=\"true\"><\/i><\/a>\n\n<\/div><\/article><article class=\"post project-odd visible post-40656 type-post status-publish format-standard has-post-thumbnail hentry category-protection-of-habitats pmpro-has-access category-31 description-off\" data-name=\"We are celebrating World Wetlands Day!\" data-date=\"2026-02-10T16:26:27+01:00\">\n\n<div class=\"post-thumbnail-wrap\">\n\t<div class=\"post-thumbnail\">\n\n\t\t\n\t\t\n\t\t<a href=\"https:\/\/broz.sk\/en\/we-are-celebrating-world-wetlands-day\/\" class=\"post-thumbnail-rollover layzr-bg layzr-bg\" ><img decoding=\"async\" class=\"blog-thumb-lazy-load preload-me lazy-load aspect\" src=\"data:image\/svg+xml,%3Csvg%20xmlns%3D&#39;http%3A%2F%2Fwww.w3.org%2F2000%2Fsvg&#39;%20viewBox%3D&#39;0%200%20768%20576&#39;%2F%3E\" data-src=\"https:\/\/broz.sk\/wp-content\/uploads\/2026\/02\/7-768x576.jpeg\" data-srcset=\"https:\/\/broz.sk\/wp-content\/uploads\/2026\/02\/7-768x576.jpeg 768w, https:\/\/broz.sk\/wp-content\/uploads\/2026\/02\/7.jpeg 1280w\" loading=\"eager\" style=\"--ratio: 768 \/ 576\" sizes=\"(max-width: 768px) 100vw, 768px\" alt=\"Svetov\u00fd de\u0148 mokrad\u00ed\" title=\"7\" width=\"768\" height=\"576\"  \/><\/a>\n\t<\/div>\n<\/div>\n\n\n<div class=\"post-entry-content\">\n\n\t<h3 class=\"entry-title\">\n\t\t<a href=\"https:\/\/broz.sk\/en\/we-are-celebrating-world-wetlands-day\/\" title=\"We are celebrating World Wetlands Day!\" rel=\"bookmark\">We are celebrating World Wetlands Day!<\/a>\n\t<\/h3>\n\n\t<div class=\"entry-meta\"><a href=\"https:\/\/broz.sk\/en\/2026\/02\/10\/\" title=\"16:26\" class=\"data-link\" rel=\"bookmark\"><time class=\"entry-date updated\" datetime=\"2026-02-10T16:26:27+01:00\">10. February 2026<\/time><\/a><\/div>\n\t<div class=\"entry-excerpt\"><p>Last week we celebrated World Wetlands Day! On February 2, we celebrate the crucial role wetlands play for both our planet and its people. <\/p>\n<\/div>\n\t\n<a href=\"https:\/\/broz.sk\/en\/we-are-celebrating-world-wetlands-day\/\" class=\"post-details details-type-link\" aria-label=\"Read more about We are celebrating World Wetlands Day!\">Read more<i class=\"dt-icon-the7-arrow-03\" aria-hidden=\"true\"><\/i><\/a>\n\n<\/div><\/article><article class=\"post project-odd visible post-40117 type-post status-publish format-standard has-post-thumbnail hentry category-0-en category-protection-of-habitats pmpro-has-access category-43 category-31 description-off\" data-name=\"We organized educational activities for farmers\" data-date=\"2025-11-12T10:50:31+01:00\">\n\n<div class=\"post-thumbnail-wrap\">\n\t<div class=\"post-thumbnail\">\n\n\t\t\n\t\t\n\t\t<a href=\"https:\/\/broz.sk\/en\/we-organized-educational-activities-for-farmers\/\" class=\"post-thumbnail-rollover layzr-bg layzr-bg\" ><img decoding=\"async\" class=\"blog-thumb-lazy-load preload-me lazy-load aspect\" src=\"data:image\/svg+xml,%3Csvg%20xmlns%3D&#39;http%3A%2F%2Fwww.w3.org%2F2000%2Fsvg&#39;%20viewBox%3D&#39;0%200%20768%20576&#39;%2F%3E\" data-src=\"https:\/\/broz.sk\/wp-content\/uploads\/2025\/11\/IMG_20251103_165006866_HDR-768x576.jpg\" data-srcset=\"https:\/\/broz.sk\/wp-content\/uploads\/2025\/11\/IMG_20251103_165006866_HDR-768x576.jpg 768w, https:\/\/broz.sk\/wp-content\/uploads\/2025\/11\/IMG_20251103_165006866_HDR-1306x979.jpg 1306w\" loading=\"eager\" style=\"--ratio: 768 \/ 576\" sizes=\"(max-width: 768px) 100vw, 768px\" alt=\"\" title=\"IMG_20251103_165006866_HDR\" width=\"768\" height=\"576\"  \/><\/a>\n\t<\/div>\n<\/div>\n\n\n<div class=\"post-entry-content\">\n\n\t<h3 class=\"entry-title\">\n\t\t<a href=\"https:\/\/broz.sk\/en\/we-organized-educational-activities-for-farmers\/\" title=\"We organized educational activities for farmers\" rel=\"bookmark\">We organized educational activities for farmers<\/a>\n\t<\/h3>\n\n\t<div class=\"entry-meta\"><a href=\"https:\/\/broz.sk\/en\/2025\/11\/12\/\" title=\"10:50\" class=\"data-link\" rel=\"bookmark\"><time class=\"entry-date updated\" datetime=\"2025-11-12T10:50:31+01:00\">12. November 2025<\/time><\/a><\/div>\n\t<div class=\"entry-excerpt\"><p>[vc_row][vc_column][vc_column_text css=&#8221;&#8221;] A key part of our LIFE Endemic PANALP project, focused on restoring thermophilous and xerothermic grassland habitats, is cooperation with local farmers. Thanks mainly to this collaboration, we have so far managed to reintroduce or expand grazing on more than 240 hectares across 28 sites, stretching from Dev\u00edn to S\u00fa\u013eov. Our goal, of&hellip;<\/p>\n<\/div>\n\t\n<a href=\"https:\/\/broz.sk\/en\/we-organized-educational-activities-for-farmers\/\" class=\"post-details details-type-link\" aria-label=\"Read more about We organized educational activities for farmers\">Read more<i class=\"dt-icon-the7-arrow-03\" aria-hidden=\"true\"><\/i><\/a>\n\n<\/div><\/article><article class=\"post project-odd visible post-40115 type-post status-publish format-standard has-post-thumbnail hentry category-protection-of-habitats pmpro-has-access category-31 description-off\" data-name=\"MISSION APOLLO 25 in the Vr\u0161atec region once again united the Czech Republic and Slovakia \u2014 Joining forces to help (not only) the Apollo butterfly!\" data-date=\"2025-11-12T10:40:30+01:00\">\n\n<div class=\"post-thumbnail-wrap\">\n\t<div class=\"post-thumbnail\">\n\n\t\t\n\t\t\n\t\t<a href=\"https:\/\/broz.sk\/en\/mission-apollo-25-in-the-vrsatec-region-once-again-united-the-czech-republic-and-slovakia-joining-forces-to-help-not-only-the-apollo-butterfly\/\" class=\"post-thumbnail-rollover layzr-bg layzr-bg\" ><img decoding=\"async\" class=\"blog-thumb-lazy-load preload-me lazy-load aspect\" src=\"data:image\/svg+xml,%3Csvg%20xmlns%3D&#39;http%3A%2F%2Fwww.w3.org%2F2000%2Fsvg&#39;%20viewBox%3D&#39;0%200%20768%20576&#39;%2F%3E\" data-src=\"https:\/\/broz.sk\/wp-content\/uploads\/2025\/10\/DSC08208-768x576.jpg\" data-srcset=\"https:\/\/broz.sk\/wp-content\/uploads\/2025\/10\/DSC08208-768x576.jpg 768w, https:\/\/broz.sk\/wp-content\/uploads\/2025\/10\/DSC08208-1306x979.jpg 1306w\" loading=\"eager\" style=\"--ratio: 768 \/ 576\" sizes=\"(max-width: 768px) 100vw, 768px\" alt=\"\" title=\"DSC08208\" width=\"768\" height=\"576\"  \/><\/a>\n\t<\/div>\n<\/div>\n\n\n<div class=\"post-entry-content\">\n\n\t<h3 class=\"entry-title\">\n\t\t<a href=\"https:\/\/broz.sk\/en\/mission-apollo-25-in-the-vrsatec-region-once-again-united-the-czech-republic-and-slovakia-joining-forces-to-help-not-only-the-apollo-butterfly\/\" title=\"MISSION APOLLO 25 in the Vr\u0161atec region once again united the Czech Republic and Slovakia \u2014 Joining forces to help (not only) the Apollo butterfly!\" rel=\"bookmark\">MISSION APOLLO 25 in the Vr\u0161atec region once again united the Czech Republic and Slovakia \u2014 Joining forces to help (not only) the Apollo butterfly!<\/a>\n\t<\/h3>\n\n\t<div class=\"entry-meta\"><a href=\"https:\/\/broz.sk\/en\/2025\/11\/12\/\" title=\"10:40\" class=\"data-link\" rel=\"bookmark\"><time class=\"entry-date updated\" datetime=\"2025-11-12T10:40:30+01:00\">12. November 2025<\/time><\/a><\/div>\n\t<div class=\"entry-excerpt\"><p>[vc_row][vc_column][vc_column_text css=&#8221;&#8221;] From October 24 to 28, 2025, together with the JARO Conservation Group, the Administration of the White Carpathians Protected Landscape Area, the local NGO Pre Pr\u00edrodu, and the Faculty of Science of Charles University, we organized the volunteer Mission APOLLO 25. This event continued the well-established tradition of joint work for nature in&hellip;<\/p>\n<\/div>\n\t\n<a href=\"https:\/\/broz.sk\/en\/mission-apollo-25-in-the-vrsatec-region-once-again-united-the-czech-republic-and-slovakia-joining-forces-to-help-not-only-the-apollo-butterfly\/\" class=\"post-details details-type-link\" aria-label=\"Read more about MISSION APOLLO 25 in the Vr\u0161atec region once again united the Czech Republic and Slovakia \u2014 Joining forces to help (not only) the Apollo butterfly!\">Read more<i class=\"dt-icon-the7-arrow-03\" aria-hidden=\"true\"><\/i><\/a>\n\n<\/div><\/article><article class=\"post project-odd visible post-40082 type-post status-publish format-standard has-post-thumbnail hentry category-protection-of-habitats pmpro-has-access category-31 description-off\" data-name=\"There will soon be one more \u201cwild\u201d island on the Danube in Kli\u017esk\u00e1 Nem\u00e1!\" data-date=\"2025-11-06T12:13:01+01:00\">\n\n<div class=\"post-thumbnail-wrap\">\n\t<div class=\"post-thumbnail\">\n\n\t\t\n\t\t\n\t\t<a href=\"https:\/\/broz.sk\/en\/there-will-soon-be-one-more-wild-island-on-the-danube-in-klizska-nema\/\" class=\"post-thumbnail-rollover layzr-bg layzr-bg\" ><img decoding=\"async\" class=\"blog-thumb-lazy-load preload-me lazy-load aspect\" src=\"data:image\/svg+xml,%3Csvg%20xmlns%3D&#39;http%3A%2F%2Fwww.w3.org%2F2000%2Fsvg&#39;%20viewBox%3D&#39;0%200%20768%20576&#39;%2F%3E\" data-src=\"https:\/\/broz.sk\/wp-content\/uploads\/2025\/11\/DJI_0708-1-768x576.jpg\" data-srcset=\"https:\/\/broz.sk\/wp-content\/uploads\/2025\/11\/DJI_0708-1-768x576.jpg 768w, https:\/\/broz.sk\/wp-content\/uploads\/2025\/11\/DJI_0708-1-1306x979.jpg 1306w\" loading=\"eager\" style=\"--ratio: 768 \/ 576\" sizes=\"(max-width: 768px) 100vw, 768px\" alt=\"\" title=\"default\" width=\"768\" height=\"576\"  \/><\/a>\n\t<\/div>\n<\/div>\n\n\n<div class=\"post-entry-content\">\n\n\t<h3 class=\"entry-title\">\n\t\t<a href=\"https:\/\/broz.sk\/en\/there-will-soon-be-one-more-wild-island-on-the-danube-in-klizska-nema\/\" title=\"There will soon be one more \u201cwild\u201d island on the Danube in Kli\u017esk\u00e1 Nem\u00e1!\" rel=\"bookmark\">There will soon be one more \u201cwild\u201d island on the Danube in Kli\u017esk\u00e1 Nem\u00e1!<\/a>\n\t<\/h3>\n\n\t<div class=\"entry-meta\"><a href=\"https:\/\/broz.sk\/en\/2025\/11\/06\/\" title=\"12:13\" class=\"data-link\" rel=\"bookmark\"><time class=\"entry-date updated\" datetime=\"2025-11-06T12:13:01+01:00\">6. November 2025<\/time><\/a><\/div>\n\t<div class=\"entry-excerpt\"><p>[vc_row][vc_column][vc_column_text css=&#8221;&#8221;] After more than a year of effort and work, the technical documentation for the revitalization project in Kl\u00ed\u017eska Nem\u00e1 is complete. In cooperation with designers from SVP and experts from the Water Research Institute (V\u00daVH), we have managed to design a series of measures that will help create \u201cwild\u201d islands on the main&hellip;<\/p>\n<\/div>\n\t\n<a href=\"https:\/\/broz.sk\/en\/there-will-soon-be-one-more-wild-island-on-the-danube-in-klizska-nema\/\" class=\"post-details details-type-link\" aria-label=\"Read more about There will soon be one more \u201cwild\u201d island on the Danube in Kli\u017esk\u00e1 Nem\u00e1!\">Read more<i class=\"dt-icon-the7-arrow-03\" aria-hidden=\"true\"><\/i><\/a>\n\n<\/div><\/article><article class=\"post project-odd visible post-39650 type-post status-publish format-standard has-post-thumbnail hentry category-protection-of-habitats pmpro-has-access category-31 description-off\" data-name=\"The Beginning of Grazing in the Wetland near \u010cili\u017esk\u00e1 Radva\u0148\" data-date=\"2025-09-03T12:46:32+02:00\">\n\n<div class=\"post-thumbnail-wrap\">\n\t<div class=\"post-thumbnail\">\n\n\t\t\n\t\t\n\t\t<a href=\"https:\/\/broz.sk\/en\/the-beginning-of-grazing-in-the-wetland-near-cilizska-radvan\/\" class=\"post-thumbnail-rollover layzr-bg layzr-bg\" ><img decoding=\"async\" class=\"blog-thumb-lazy-load preload-me lazy-load aspect\" src=\"data:image\/svg+xml,%3Csvg%20xmlns%3D&#39;http%3A%2F%2Fwww.w3.org%2F2000%2Fsvg&#39;%20viewBox%3D&#39;0%200%20768%20576&#39;%2F%3E\" data-src=\"https:\/\/broz.sk\/wp-content\/uploads\/2025\/09\/CR_3-768x576.jpg\" data-srcset=\"https:\/\/broz.sk\/wp-content\/uploads\/2025\/09\/CR_3-768x576.jpg 768w, https:\/\/broz.sk\/wp-content\/uploads\/2025\/09\/CR_3-1306x979.jpg 1306w\" loading=\"eager\" style=\"--ratio: 768 \/ 576\" sizes=\"(max-width: 768px) 100vw, 768px\" alt=\"Pastva v mokradi\" title=\"default\" width=\"768\" height=\"576\"  \/><\/a>\n\t<\/div>\n<\/div>\n\n\n<div class=\"post-entry-content\">\n\n\t<h3 class=\"entry-title\">\n\t\t<a href=\"https:\/\/broz.sk\/en\/the-beginning-of-grazing-in-the-wetland-near-cilizska-radvan\/\" title=\"The Beginning of Grazing in the Wetland near \u010cili\u017esk\u00e1 Radva\u0148\" rel=\"bookmark\">The Beginning of Grazing in the Wetland near \u010cili\u017esk\u00e1 Radva\u0148<\/a>\n\t<\/h3>\n\n\t<div class=\"entry-meta\"><a href=\"https:\/\/broz.sk\/en\/2025\/09\/03\/\" title=\"12:46\" class=\"data-link\" rel=\"bookmark\"><time class=\"entry-date updated\" datetime=\"2025-09-03T12:46:32+02:00\">3. September 2025<\/time><\/a><\/div>\n\t<div class=\"entry-excerpt\"><p>A new chapter has begun in the wetland near \u010cili\u017esk\u00e1 Radva\u0148 \u2013 since the beginning of August, cows have been grazing on an area of 107 hectares, playing an important role in the restoration and protection of one of the most valuable wetland habitats in southern Slovakia. This site was only recently saved \u2013 thanks to the financial support of the public, who contributed to its purchase. Since then, it has officially become part of the Natura 2000 site \u010cili\u017esk\u00e9 mo\u010diare. However, buying the land was only the first step \u2013 what matters most is its active management. <\/p>\n<\/div>\n\t\n<a href=\"https:\/\/broz.sk\/en\/the-beginning-of-grazing-in-the-wetland-near-cilizska-radvan\/\" class=\"post-details details-type-link\" aria-label=\"Read more about The Beginning of Grazing in the Wetland near \u010cili\u017esk\u00e1 Radva\u0148\">Read more<i class=\"dt-icon-the7-arrow-03\" aria-hidden=\"true\"><\/i><\/a>\n\n<\/div><\/article><article class=\"post project-odd visible post-39511 type-post status-publish format-standard has-post-thumbnail hentry category-protection-of-habitats pmpro-has-access category-31 description-off\" data-name=\"Annual activity report 2024\" data-date=\"2025-08-27T15:08:27+02:00\">\n\n<div class=\"post-thumbnail-wrap\">\n\t<div class=\"post-thumbnail\">\n\n\t\t\n\t\t\n\t\t<a href=\"https:\/\/broz.sk\/en\/annual-activity-report-2024\/\" class=\"post-thumbnail-rollover layzr-bg layzr-bg\" ><img decoding=\"async\" class=\"blog-thumb-lazy-load preload-me lazy-load aspect\" src=\"data:image\/svg+xml,%3Csvg%20xmlns%3D&#39;http%3A%2F%2Fwww.w3.org%2F2000%2Fsvg&#39;%20viewBox%3D&#39;0%200%20768%20576&#39;%2F%3E\" data-src=\"https:\/\/broz.sk\/wp-content\/uploads\/2025\/08\/Activity-report-2024_1-768x576.jpg\" data-srcset=\"https:\/\/broz.sk\/wp-content\/uploads\/2025\/08\/Activity-report-2024_1-768x576.jpg 768w, https:\/\/broz.sk\/wp-content\/uploads\/2025\/08\/Activity-report-2024_1-1306x979.jpg 1306w\" loading=\"eager\" style=\"--ratio: 768 \/ 576\" sizes=\"(max-width: 768px) 100vw, 768px\" alt=\"Activity report 2024\" title=\"Activity report 2024\" width=\"768\" height=\"576\"  \/><\/a>\n\t<\/div>\n<\/div>\n\n\n<div class=\"post-entry-content\">\n\n\t<h3 class=\"entry-title\">\n\t\t<a href=\"https:\/\/broz.sk\/en\/annual-activity-report-2024\/\" title=\"Annual activity report 2024\" rel=\"bookmark\">Annual activity report 2024<\/a>\n\t<\/h3>\n\n\t<div class=\"entry-meta\"><a href=\"https:\/\/broz.sk\/en\/2025\/08\/27\/\" title=\"15:08\" class=\"data-link\" rel=\"bookmark\"><time class=\"entry-date updated\" datetime=\"2025-08-27T15:08:27+02:00\">27. August 2025<\/time><\/a><\/div>\n\t<div class=\"entry-excerpt\"><p>We successfully completed the Annual activity report for the year 2024. Our ambition in creating it is to provide a comprehensive overview to our supporters, benefactors, and the general public about our activities throughout the year 2023. <\/p>\n<\/div>\n\t\n<a href=\"https:\/\/broz.sk\/en\/annual-activity-report-2024\/\" class=\"post-details details-type-link\" aria-label=\"Read more about Annual activity report 2024\">Read more<i class=\"dt-icon-the7-arrow-03\" aria-hidden=\"true\"><\/i><\/a>\n\n<\/div><\/article><article class=\"post project-odd visible post-39550 type-post status-publish format-standard has-post-thumbnail hentry category-protection-of-habitats pmpro-has-access category-31 description-off\" data-name=\"Meadows full of colors and diverse flowers? With LIFE DIVERSEED, we are working to protect and preserve them.\" data-date=\"2025-07-15T14:09:38+02:00\">\n\n<div class=\"post-thumbnail-wrap\">\n\t<div class=\"post-thumbnail\">\n\n\t\t\n\t\t\n\t\t<a href=\"https:\/\/broz.sk\/en\/meadows-full-of-colors-and-diverse-flowers-with-life-diverseed-we-are-working-to-protect-and-preserve-them\/\" class=\"post-thumbnail-rollover layzr-bg layzr-bg\" ><img decoding=\"async\" class=\"blog-thumb-lazy-load preload-me lazy-load aspect\" src=\"data:image\/svg+xml,%3Csvg%20xmlns%3D&#39;http%3A%2F%2Fwww.w3.org%2F2000%2Fsvg&#39;%20viewBox%3D&#39;0%200%20768%20576&#39;%2F%3E\" data-src=\"https:\/\/broz.sk\/wp-content\/uploads\/2025\/07\/DSC07455-1-1-768x576.jpg\" data-srcset=\"https:\/\/broz.sk\/wp-content\/uploads\/2025\/07\/DSC07455-1-1-768x576.jpg 768w, https:\/\/broz.sk\/wp-content\/uploads\/2025\/07\/DSC07455-1-1-1306x979.jpg 1306w\" loading=\"eager\" style=\"--ratio: 768 \/ 576\" sizes=\"(max-width: 768px) 100vw, 768px\" alt=\"Kvitn\u00faca l\u00faka\" title=\"DSC07455-1\" width=\"768\" height=\"576\"  \/><\/a>\n\t<\/div>\n<\/div>\n\n\n<div class=\"post-entry-content\">\n\n\t<h3 class=\"entry-title\">\n\t\t<a href=\"https:\/\/broz.sk\/en\/meadows-full-of-colors-and-diverse-flowers-with-life-diverseed-we-are-working-to-protect-and-preserve-them\/\" title=\"Meadows full of colors and diverse flowers? With LIFE DIVERSEED, we are working to protect and preserve them.\" rel=\"bookmark\">Meadows full of colors and diverse flowers? With LIFE DIVERSEED, we are working to protect and preserve them.<\/a>\n\t<\/h3>\n\n\t<div class=\"entry-meta\"><a href=\"https:\/\/broz.sk\/en\/2025\/07\/15\/\" title=\"14:09\" class=\"data-link\" rel=\"bookmark\"><time class=\"entry-date updated\" datetime=\"2025-07-15T14:09:38+02:00\">15. July 2025<\/time><\/a><\/div>\n\t<div class=\"entry-excerpt\"><p>Colorful meadows and pastures were not always a given. Their emergence was linked to the development of agriculture in the Neolithic period. People needed to create areas without forests for raising livestock and growing crops.<\/p>\n<\/div>\n\t\n<a href=\"https:\/\/broz.sk\/en\/meadows-full-of-colors-and-diverse-flowers-with-life-diverseed-we-are-working-to-protect-and-preserve-them\/\" class=\"post-details details-type-link\" aria-label=\"Read more about Meadows full of colors and diverse flowers? With LIFE DIVERSEED, we are working to protect and preserve them.\">Read more<i class=\"dt-icon-the7-arrow-03\" aria-hidden=\"true\"><\/i><\/a>\n\n<\/div><\/article><article class=\"post project-odd hidden post-39546 type-post status-publish format-standard has-post-thumbnail hentry category-protection-of-habitats pmpro-has-access category-31 description-off\" data-name=\"The first year of LIFE DIVERSEED: What has been achieved and what lies ahead?\" data-date=\"2025-07-15T13:57:10+02:00\">\n\n<div class=\"post-thumbnail-wrap\">\n\t<div class=\"post-thumbnail\">\n\n\t\t\n\t\t\n\t\t<a href=\"https:\/\/broz.sk\/en\/the-first-year-of-life-diverseed-what-has-been-achieved-and-what-lies-ahead\/\" class=\"post-thumbnail-rollover layzr-bg layzr-bg\" ><img decoding=\"async\" class=\"blog-thumb-lazy-load preload-me lazy-load aspect\" src=\"data:image\/svg+xml,%3Csvg%20xmlns%3D&#39;http%3A%2F%2Fwww.w3.org%2F2000%2Fsvg&#39;%20viewBox%3D&#39;0%200%20768%20576&#39;%2F%3E\" data-src=\"https:\/\/broz.sk\/wp-content\/uploads\/2025\/07\/DSCN1000-1-768x576.jpg\" data-srcset=\"https:\/\/broz.sk\/wp-content\/uploads\/2025\/07\/DSCN1000-1-768x576.jpg 768w, https:\/\/broz.sk\/wp-content\/uploads\/2025\/07\/DSCN1000-1-1306x979.jpg 1306w\" loading=\"eager\" style=\"--ratio: 768 \/ 576\" sizes=\"(max-width: 768px) 100vw, 768px\" alt=\"Kvitn\u00faca l\u00faka\" title=\"DSCN1000\" width=\"768\" height=\"576\"  \/><\/a>\n\t<\/div>\n<\/div>\n\n\n<div class=\"post-entry-content\">\n\n\t<h3 class=\"entry-title\">\n\t\t<a href=\"https:\/\/broz.sk\/en\/the-first-year-of-life-diverseed-what-has-been-achieved-and-what-lies-ahead\/\" title=\"The first year of LIFE DIVERSEED: What has been achieved and what lies ahead?\" rel=\"bookmark\">The first year of LIFE DIVERSEED: What has been achieved and what lies ahead?<\/a>\n\t<\/h3>\n\n\t<div class=\"entry-meta\"><a href=\"https:\/\/broz.sk\/en\/2025\/07\/15\/\" title=\"13:57\" class=\"data-link\" rel=\"bookmark\"><time class=\"entry-date updated\" datetime=\"2025-07-15T13:57:10+02:00\">15. July 2025<\/time><\/a><\/div>\n\t<div class=\"entry-excerpt\"><p>In 2024, the LIFE DIVERSEED project was in full swing. The main objective was to collect seeds that the project partner Agrostis would grow to create the first regional seed mixture intended for the restoration of grassland habitats up to an altitude of 1,000 m.<\/p>\n<\/div>\n\t\n<a href=\"https:\/\/broz.sk\/en\/the-first-year-of-life-diverseed-what-has-been-achieved-and-what-lies-ahead\/\" class=\"post-details details-type-link\" aria-label=\"Read more about The first year of LIFE DIVERSEED: What has been achieved and what lies ahead?\">Read more<i class=\"dt-icon-the7-arrow-03\" aria-hidden=\"true\"><\/i><\/a>\n\n<\/div><\/article><article class=\"post project-odd hidden post-39141 type-post status-publish format-standard has-post-thumbnail hentry category-protection-of-habitats pmpro-has-access category-31 description-off\" data-name=\"Natural, process-based measures help to combat trees of heaven\" data-date=\"2025-07-14T15:43:07+02:00\">\n\n<div class=\"post-thumbnail-wrap\">\n\t<div class=\"post-thumbnail\">\n\n\t\t\n\t\t\n\t\t<a href=\"https:\/\/broz.sk\/en\/natural-process-based-measures-help-to-combat-trees-of-heaven\/\" class=\"post-thumbnail-rollover layzr-bg layzr-bg\" ><img decoding=\"async\" class=\"blog-thumb-lazy-load preload-me lazy-load aspect\" src=\"data:image\/svg+xml,%3Csvg%20xmlns%3D&#39;http%3A%2F%2Fwww.w3.org%2F2000%2Fsvg&#39;%20viewBox%3D&#39;0%200%20768%20576&#39;%2F%3E\" data-src=\"https:\/\/broz.sk\/wp-content\/uploads\/2025\/07\/1000010299-768x576.jpg\" data-srcset=\"https:\/\/broz.sk\/wp-content\/uploads\/2025\/07\/1000010299-768x576.jpg 768w, https:\/\/broz.sk\/wp-content\/uploads\/2025\/07\/1000010299-1306x979.jpg 1306w\" loading=\"eager\" style=\"--ratio: 768 \/ 576\" sizes=\"(max-width: 768px) 100vw, 768px\" alt=\"Injekt\u00e1\u017e pajase\u0148a\" title=\"1000010299\" width=\"768\" height=\"576\"  \/><\/a>\n\t<\/div>\n<\/div>\n\n\n<div class=\"post-entry-content\">\n\n\t<h3 class=\"entry-title\">\n\t\t<a href=\"https:\/\/broz.sk\/en\/natural-process-based-measures-help-to-combat-trees-of-heaven\/\" title=\"Natural, process-based measures help to combat trees of heaven\" rel=\"bookmark\">Natural, process-based measures help to combat trees of heaven<\/a>\n\t<\/h3>\n\n\t<div class=\"entry-meta\"><a href=\"https:\/\/broz.sk\/en\/2025\/07\/14\/\" title=\"15:43\" class=\"data-link\" rel=\"bookmark\"><time class=\"entry-date updated\" datetime=\"2025-07-14T15:43:07+02:00\">14. July 2025<\/time><\/a><\/div>\n\t<div class=\"entry-excerpt\"><p>We have started a new approach to tackling one of the most problematic invasive woody plants in the Danube Floodplains: the tree of heaven (Ailanthus altissima). This time, however, we are not using chainsaws or chemicals. Instead, we are bringing in nature&#8217;s helper: a fungus from the genus Verticillium.<\/p>\n<\/div>\n\t\n<a href=\"https:\/\/broz.sk\/en\/natural-process-based-measures-help-to-combat-trees-of-heaven\/\" class=\"post-details details-type-link\" aria-label=\"Read more about Natural, process-based measures help to combat trees of heaven\">Read more<i class=\"dt-icon-the7-arrow-03\" aria-hidden=\"true\"><\/i><\/a>\n\n<\/div><\/article><article class=\"post project-odd hidden post-39101 type-post status-publish format-standard has-post-thumbnail hentry category-protection-of-habitats pmpro-has-access category-31 description-off\" data-name=\"We have started data collection for monitoring the impact on target habitats\" data-date=\"2025-07-14T13:22:29+02:00\">\n\n<div class=\"post-thumbnail-wrap\">\n\t<div class=\"post-thumbnail\">\n\n\t\t\n\t\t\n\t\t<a href=\"https:\/\/broz.sk\/en\/we-have-started-data-collection-for-monitoring-the-impact-on-target-habitats\/\" class=\"post-thumbnail-rollover layzr-bg layzr-bg\" ><img decoding=\"async\" class=\"blog-thumb-lazy-load preload-me lazy-load aspect\" src=\"data:image\/svg+xml,%3Csvg%20xmlns%3D&#39;http%3A%2F%2Fwww.w3.org%2F2000%2Fsvg&#39;%20viewBox%3D&#39;0%200%20640%20480&#39;%2F%3E\" data-src=\"https:\/\/broz.sk\/wp-content\/uploads\/2025\/07\/IMG_0466.jpg\" data-srcset=\"https:\/\/broz.sk\/wp-content\/uploads\/2025\/07\/IMG_0466.jpg 640w\" loading=\"eager\" style=\"--ratio: 640 \/ 480\" sizes=\"(max-width: 640px) 100vw, 640px\" alt=\"Habitat monitoring\" title=\"IMG_0466\" width=\"640\" height=\"480\"  \/><\/a>\n\t<\/div>\n<\/div>\n\n\n<div class=\"post-entry-content\">\n\n\t<h3 class=\"entry-title\">\n\t\t<a href=\"https:\/\/broz.sk\/en\/we-have-started-data-collection-for-monitoring-the-impact-on-target-habitats\/\" title=\"We have started data collection for monitoring the impact on target habitats\" rel=\"bookmark\">We have started data collection for monitoring the impact on target habitats<\/a>\n\t<\/h3>\n\n\t<div class=\"entry-meta\"><a href=\"https:\/\/broz.sk\/en\/2025\/07\/14\/\" title=\"13:22\" class=\"data-link\" rel=\"bookmark\"><time class=\"entry-date updated\" datetime=\"2025-07-14T13:22:29+02:00\">14. July 2025<\/time><\/a><\/div>\n\t<div class=\"entry-excerpt\"><p>Team members from Plant Science and Biodversity Cente SAS have started monitoring vegetation in \u010cili\u017esk\u00e9 mo\u010diare and Istragov. At both of these sites, we plan to bring in livestock in the near future to help with suppression of invasive plant species. <\/p>\n<\/div>\n\t\n<a href=\"https:\/\/broz.sk\/en\/we-have-started-data-collection-for-monitoring-the-impact-on-target-habitats\/\" class=\"post-details details-type-link\" aria-label=\"Read more about We have started data collection for monitoring the impact on target habitats\">Read more<i class=\"dt-icon-the7-arrow-03\" aria-hidden=\"true\"><\/i><\/a>\n\n<\/div><\/article><article class=\"post project-odd hidden post-40842 type-post status-publish format-standard has-post-thumbnail hentry category-protection-of-habitats pmpro-has-access category-31 description-off\" data-name=\"How to deal with invasive tree of heaven without herbicides? Biological control is now legally available in Slovakia as well.\" data-date=\"2025-07-09T16:20:11+02:00\">\n\n<div class=\"post-thumbnail-wrap\">\n\t<div class=\"post-thumbnail\">\n\n\t\t\n\t\t\n\t\t<a href=\"https:\/\/broz.sk\/en\/how-to-deal-with-invasive-tree-of-heaven-without-herbicides-biological-control-is-now-legally-available-in-slovakia-as-well\/\" class=\"post-thumbnail-rollover layzr-bg layzr-bg\" ><img decoding=\"async\" class=\"blog-thumb-lazy-load preload-me lazy-load aspect\" src=\"data:image\/svg+xml,%3Csvg%20xmlns%3D&#39;http%3A%2F%2Fwww.w3.org%2F2000%2Fsvg&#39;%20viewBox%3D&#39;0%200%20768%20576&#39;%2F%3E\" data-src=\"https:\/\/broz.sk\/wp-content\/uploads\/2025\/07\/IMG_20210911_132958-768x576.jpg\" data-srcset=\"https:\/\/broz.sk\/wp-content\/uploads\/2025\/07\/IMG_20210911_132958-768x576.jpg 768w, https:\/\/broz.sk\/wp-content\/uploads\/2025\/07\/IMG_20210911_132958-1306x979.jpg 1306w\" loading=\"eager\" style=\"--ratio: 768 \/ 576\" sizes=\"(max-width: 768px) 100vw, 768px\" alt=\"Pajase\u0148 \u017eliazkat\u00fd\" title=\"IMG_20210911_132958\" width=\"768\" height=\"576\"  \/><\/a>\n\t<\/div>\n<\/div>\n\n\n<div class=\"post-entry-content\">\n\n\t<h3 class=\"entry-title\">\n\t\t<a href=\"https:\/\/broz.sk\/en\/how-to-deal-with-invasive-tree-of-heaven-without-herbicides-biological-control-is-now-legally-available-in-slovakia-as-well\/\" title=\"How to deal with invasive tree of heaven without herbicides? Biological control is now legally available in Slovakia as well.\" rel=\"bookmark\">How to deal with invasive tree of heaven without herbicides? Biological control is now legally available in Slovakia as well.<\/a>\n\t<\/h3>\n\n\t<div class=\"entry-meta\"><a href=\"https:\/\/broz.sk\/en\/2025\/07\/09\/\" title=\"16:20\" class=\"data-link\" rel=\"bookmark\"><time class=\"entry-date updated\" datetime=\"2025-07-09T16:20:11+02:00\">9. July 2025<\/time><\/a><\/div>\n\t<div class=\"entry-excerpt\"><p>The product Ailantex, a biological agent for controlling the invasive tree of heaven (Ailanthus altissima), has been approved for use in Slovakia starting this year. This is a breakthrough in the fight against this aggressive invasive tree, which has spread to many areas of Slovakia in recent years and causes serious problems in natural habitats, urban edges, and protected areas.<\/p>\n<\/div>\n\t\n<a href=\"https:\/\/broz.sk\/en\/how-to-deal-with-invasive-tree-of-heaven-without-herbicides-biological-control-is-now-legally-available-in-slovakia-as-well\/\" class=\"post-details details-type-link\" aria-label=\"Read more about How to deal with invasive tree of heaven without herbicides? Biological control is now legally available in Slovakia as well.\">Read more<i class=\"dt-icon-the7-arrow-03\" aria-hidden=\"true\"><\/i><\/a>\n\n<\/div><\/article><article class=\"post project-odd hidden post-39059 type-post status-publish format-standard has-post-thumbnail hentry category-protection-of-habitats pmpro-has-access category-31 description-off\" data-name=\"Drietomsk\u00e9 bradlo (Drietoma Ridge) is coming back to life thanks to the revival of traditional grazing!\" data-date=\"2025-06-23T14:44:44+02:00\">\n\n<div class=\"post-thumbnail-wrap\">\n\t<div class=\"post-thumbnail\">\n\n\t\t\n\t\t\n\t\t<a href=\"https:\/\/broz.sk\/en\/drietomske-bradlo-drietoma-ridge-is-coming-back-to-life-thanks-to-the-revival-of-traditional-grazing\/\" class=\"post-thumbnail-rollover layzr-bg layzr-bg\" ><img decoding=\"async\" class=\"blog-thumb-lazy-load preload-me lazy-load aspect\" src=\"data:image\/svg+xml,%3Csvg%20xmlns%3D&#39;http%3A%2F%2Fwww.w3.org%2F2000%2Fsvg&#39;%20viewBox%3D&#39;0%200%20768%20576&#39;%2F%3E\" data-src=\"https:\/\/broz.sk\/wp-content\/uploads\/2025\/06\/DSC05264-1-768x576.jpg\" data-srcset=\"https:\/\/broz.sk\/wp-content\/uploads\/2025\/06\/DSC05264-1-768x576.jpg 768w, https:\/\/broz.sk\/wp-content\/uploads\/2025\/06\/DSC05264-1-1306x979.jpg 1306w\" loading=\"eager\" style=\"--ratio: 768 \/ 576\" sizes=\"(max-width: 768px) 100vw, 768px\" alt=\"\" title=\"DSC05264\" width=\"768\" height=\"576\"  \/><\/a>\n\t<\/div>\n<\/div>\n\n\n<div class=\"post-entry-content\">\n\n\t<h3 class=\"entry-title\">\n\t\t<a href=\"https:\/\/broz.sk\/en\/drietomske-bradlo-drietoma-ridge-is-coming-back-to-life-thanks-to-the-revival-of-traditional-grazing\/\" title=\"Drietomsk\u00e9 bradlo (Drietoma Ridge) is coming back to life thanks to the revival of traditional grazing!\" rel=\"bookmark\">Drietomsk\u00e9 bradlo (Drietoma Ridge) is coming back to life thanks to the revival of traditional grazing!<\/a>\n\t<\/h3>\n\n\t<div class=\"entry-meta\"><a href=\"https:\/\/broz.sk\/en\/2025\/06\/23\/\" title=\"14:44\" class=\"data-link\" rel=\"bookmark\"><time class=\"entry-date updated\" datetime=\"2025-06-23T14:44:44+02:00\">23. June 2025<\/time><\/a><\/div>\n\t<div class=\"entry-excerpt\"><p>[vc_row][vc_column][vc_column_text css=&#8221;&#8221;] Last year, as part of the LIFE Endemic PANALP project, we began restoring a small but beautiful and valuable site in the heart of the White Carpathians. The area was declared protected primarily due to its geological uniqueness, but it also hosts rare dry and thermophilic \u201corchid\u201d meadows and juniper stands. That is,&hellip;<\/p>\n<\/div>\n\t\n<a href=\"https:\/\/broz.sk\/en\/drietomske-bradlo-drietoma-ridge-is-coming-back-to-life-thanks-to-the-revival-of-traditional-grazing\/\" class=\"post-details details-type-link\" aria-label=\"Read more about Drietomsk\u00e9 bradlo (Drietoma Ridge) is coming back to life thanks to the revival of traditional grazing!\">Read more<i class=\"dt-icon-the7-arrow-03\" aria-hidden=\"true\"><\/i><\/a>\n\n<\/div><\/article><article class=\"post project-odd hidden post-39063 type-post status-publish format-standard has-post-thumbnail hentry category-protection-of-habitats pmpro-has-access category-31 description-off\" data-name=\"We started goat grazing on the Molp\u00edr hill in Smolenice\" data-date=\"2025-06-19T14:59:54+02:00\">\n\n<div class=\"post-thumbnail-wrap\">\n\t<div class=\"post-thumbnail\">\n\n\t\t\n\t\t\n\t\t<a href=\"https:\/\/broz.sk\/en\/we-started-goat-grazing-on-the-molpir-hill-in-smolenice\/\" class=\"post-thumbnail-rollover layzr-bg layzr-bg\" ><img decoding=\"async\" class=\"blog-thumb-lazy-load preload-me lazy-load aspect\" src=\"data:image\/svg+xml,%3Csvg%20xmlns%3D&#39;http%3A%2F%2Fwww.w3.org%2F2000%2Fsvg&#39;%20viewBox%3D&#39;0%200%20768%20576&#39;%2F%3E\" data-src=\"https:\/\/broz.sk\/wp-content\/uploads\/2025\/06\/DSC06190-768x576.jpg\" data-srcset=\"https:\/\/broz.sk\/wp-content\/uploads\/2025\/06\/DSC06190-768x576.jpg 768w, https:\/\/broz.sk\/wp-content\/uploads\/2025\/06\/DSC06190-1306x979.jpg 1306w\" loading=\"eager\" style=\"--ratio: 768 \/ 576\" sizes=\"(max-width: 768px) 100vw, 768px\" alt=\"\" title=\"DSC06190\" width=\"768\" height=\"576\"  \/><\/a>\n\t<\/div>\n<\/div>\n\n\n<div class=\"post-entry-content\">\n\n\t<h3 class=\"entry-title\">\n\t\t<a href=\"https:\/\/broz.sk\/en\/we-started-goat-grazing-on-the-molpir-hill-in-smolenice\/\" title=\"We started goat grazing on the Molp\u00edr hill in Smolenice\" rel=\"bookmark\">We started goat grazing on the Molp\u00edr hill in Smolenice<\/a>\n\t<\/h3>\n\n\t<div class=\"entry-meta\"><a href=\"https:\/\/broz.sk\/en\/2025\/06\/19\/\" title=\"14:59\" class=\"data-link\" rel=\"bookmark\"><time class=\"entry-date updated\" datetime=\"2025-06-19T14:59:54+02:00\">19. June 2025<\/time><\/a><\/div>\n\t<div class=\"entry-excerpt\"><p>[vc_row][vc_column][vc_column_text css=&#8221;&#8221;] We\u2019re delighted to announce that after two years of preparation, traditional grazing has finally returned to Molp\u00edr Hill. The revival of this prehistoric hillfort site is the result of collaboration between local farmer Mr. Matia\u0161ovi\u010d and the municipality of Smolenice, and is being carried out as part of the LIFE Endemic PANALP project.&hellip;<\/p>\n<\/div>\n\t\n<a href=\"https:\/\/broz.sk\/en\/we-started-goat-grazing-on-the-molpir-hill-in-smolenice\/\" class=\"post-details details-type-link\" aria-label=\"Read more about We started goat grazing on the Molp\u00edr hill in Smolenice\">Read more<i class=\"dt-icon-the7-arrow-03\" aria-hidden=\"true\"><\/i><\/a>\n\n<\/div><\/article><article class=\"post project-odd hidden post-39067 type-post status-publish format-standard has-post-thumbnail hentry category-protection-of-habitats pmpro-has-access category-31 description-off\" data-name=\"Restoring pastures on sunny hillsides: behind the scenes of bringing grazing back to overgrown landscapes\" data-date=\"2025-06-18T15:35:44+02:00\">\n\n<div class=\"post-thumbnail-wrap\">\n\t<div class=\"post-thumbnail\">\n\n\t\t\n\t\t\n\t\t<a href=\"https:\/\/broz.sk\/en\/restoring-pastures-on-sunny-hillsides-behind-the-scenes-of-bringing-grazing-back-to-overgrown-landscapes\/\" class=\"post-thumbnail-rollover layzr-bg layzr-bg\" ><img decoding=\"async\" class=\"blog-thumb-lazy-load preload-me lazy-load aspect\" src=\"data:image\/svg+xml,%3Csvg%20xmlns%3D&#39;http%3A%2F%2Fwww.w3.org%2F2000%2Fsvg&#39;%20viewBox%3D&#39;0%200%20768%20576&#39;%2F%3E\" data-src=\"https:\/\/broz.sk\/wp-content\/uploads\/2025\/06\/DSC05276-768x576.jpg\" data-srcset=\"https:\/\/broz.sk\/wp-content\/uploads\/2025\/06\/DSC05276-768x576.jpg 768w, https:\/\/broz.sk\/wp-content\/uploads\/2025\/06\/DSC05276-1306x979.jpg 1306w\" loading=\"eager\" style=\"--ratio: 768 \/ 576\" sizes=\"(max-width: 768px) 100vw, 768px\" alt=\"\" title=\"DSC05276\" width=\"768\" height=\"576\"  \/><\/a>\n\t<\/div>\n<\/div>\n\n\n<div class=\"post-entry-content\">\n\n\t<h3 class=\"entry-title\">\n\t\t<a href=\"https:\/\/broz.sk\/en\/restoring-pastures-on-sunny-hillsides-behind-the-scenes-of-bringing-grazing-back-to-overgrown-landscapes\/\" title=\"Restoring pastures on sunny hillsides: behind the scenes of bringing grazing back to overgrown landscapes\" rel=\"bookmark\">Restoring pastures on sunny hillsides: behind the scenes of bringing grazing back to overgrown landscapes<\/a>\n\t<\/h3>\n\n\t<div class=\"entry-meta\"><a href=\"https:\/\/broz.sk\/en\/2025\/06\/18\/\" title=\"15:35\" class=\"data-link\" rel=\"bookmark\"><time class=\"entry-date updated\" datetime=\"2025-06-18T15:35:44+02:00\">18. June 2025<\/time><\/a><\/div>\n\t<div class=\"entry-excerpt\"><p>[vc_row][vc_column][vc_column_text css=&#8221;&#8221;]Restoring overgrown sites is far from a simple or quick process, despite how it might seem at first glance. Typically, the first practical step involves thorough clearing of the area\u2014removing invasive or non-native trees and shrubs, clearing biomass, and often stump milling. In some locations, we also use an earth milling machine on a&hellip;<\/p>\n<\/div>\n\t\n<a href=\"https:\/\/broz.sk\/en\/restoring-pastures-on-sunny-hillsides-behind-the-scenes-of-bringing-grazing-back-to-overgrown-landscapes\/\" class=\"post-details details-type-link\" aria-label=\"Read more about Restoring pastures on sunny hillsides: behind the scenes of bringing grazing back to overgrown landscapes\">Read more<i class=\"dt-icon-the7-arrow-03\" aria-hidden=\"true\"><\/i><\/a>\n\n<\/div><\/article><article class=\"post project-odd hidden post-38778 type-post status-publish format-standard has-post-thumbnail hentry category-protection-of-habitats pmpro-has-access category-31 description-off\" data-name=\"We Helped Expand a Botanical Jewel of the S\u00fa\u013eov Mountains\" data-date=\"2025-05-29T10:58:11+02:00\">\n\n<div class=\"post-thumbnail-wrap\">\n\t<div class=\"post-thumbnail\">\n\n\t\t\n\t\t\n\t\t<a href=\"https:\/\/broz.sk\/en\/we-helped-expand-a-botanical-jewel-of-the-sulov-mountains\/\" class=\"post-thumbnail-rollover layzr-bg layzr-bg\" ><img decoding=\"async\" class=\"blog-thumb-lazy-load preload-me lazy-load aspect\" src=\"data:image\/svg+xml,%3Csvg%20xmlns%3D&#39;http%3A%2F%2Fwww.w3.org%2F2000%2Fsvg&#39;%20viewBox%3D&#39;0%200%20768%20576&#39;%2F%3E\" data-src=\"https:\/\/broz.sk\/wp-content\/uploads\/2025\/05\/Bez-nazvu-1-2-1-768x576.jpg\" data-srcset=\"https:\/\/broz.sk\/wp-content\/uploads\/2025\/05\/Bez-nazvu-1-2-1-768x576.jpg 768w, https:\/\/broz.sk\/wp-content\/uploads\/2025\/05\/Bez-nazvu-1-2-1-1306x979.jpg 1306w\" loading=\"eager\" style=\"--ratio: 768 \/ 576\" sizes=\"(max-width: 768px) 100vw, 768px\" alt=\"\" title=\"Bez-n\u00e1zvu-1 (2)\" width=\"768\" height=\"576\"  \/><\/a>\n\t<\/div>\n<\/div>\n\n\n<div class=\"post-entry-content\">\n\n\t<h3 class=\"entry-title\">\n\t\t<a href=\"https:\/\/broz.sk\/en\/we-helped-expand-a-botanical-jewel-of-the-sulov-mountains\/\" title=\"We Helped Expand a Botanical Jewel of the S\u00fa\u013eov Mountains\" rel=\"bookmark\">We Helped Expand a Botanical Jewel of the S\u00fa\u013eov Mountains<\/a>\n\t<\/h3>\n\n\t<div class=\"entry-meta\"><a href=\"https:\/\/broz.sk\/en\/2025\/05\/29\/\" title=\"10:58\" class=\"data-link\" rel=\"bookmark\"><time class=\"entry-date updated\" datetime=\"2025-05-29T10:58:11+02:00\">29. May 2025<\/time><\/a><\/div>\n\t<div class=\"entry-excerpt\"><p>[vc_row][vc_column][vc_column_text css=&#8221;&#8221;] Few people know that the S\u00fa\u013eov Mountains hide one of Slovakia\u2019s rarest botanical treasures. Beneath the iconic rocky towers lies a multitude of small valleys, and one of them stands out for its exceptional orchid species diversity. Within an area of just 0.1 km\u00b2, at least 22 species grow here, some of which&hellip;<\/p>\n<\/div>\n\t\n<a href=\"https:\/\/broz.sk\/en\/we-helped-expand-a-botanical-jewel-of-the-sulov-mountains\/\" class=\"post-details details-type-link\" aria-label=\"Read more about We Helped Expand a Botanical Jewel of the S\u00fa\u013eov Mountains\">Read more<i class=\"dt-icon-the7-arrow-03\" aria-hidden=\"true\"><\/i><\/a>\n\n<\/div><\/article><article class=\"post project-odd hidden post-38775 type-post status-publish format-standard has-post-thumbnail hentry category-protection-of-species pmpro-has-access category-30 description-off\" data-name=\"Saving an Endemic Jewel of the Carpathian Meadows\" data-date=\"2025-05-29T10:47:16+02:00\">\n\n<div class=\"post-thumbnail-wrap\">\n\t<div class=\"post-thumbnail\">\n\n\t\t\n\t\t\n\t\t<a href=\"https:\/\/broz.sk\/en\/saving-an-endemic-jewel-of-the-carpathian-meadows\/\" class=\"post-thumbnail-rollover layzr-bg layzr-bg\" ><img decoding=\"async\" class=\"blog-thumb-lazy-load preload-me lazy-load aspect\" src=\"data:image\/svg+xml,%3Csvg%20xmlns%3D&#39;http%3A%2F%2Fwww.w3.org%2F2000%2Fsvg&#39;%20viewBox%3D&#39;0%200%20768%20576&#39;%2F%3E\" data-src=\"https:\/\/broz.sk\/wp-content\/uploads\/2025\/05\/Popolavec-v-ohradke-768x576.jpg\" data-srcset=\"https:\/\/broz.sk\/wp-content\/uploads\/2025\/05\/Popolavec-v-ohradke-768x576.jpg 768w, https:\/\/broz.sk\/wp-content\/uploads\/2025\/05\/Popolavec-v-ohradke-1306x979.jpg 1306w\" loading=\"eager\" style=\"--ratio: 768 \/ 576\" sizes=\"(max-width: 768px) 100vw, 768px\" alt=\"\" title=\"Popolavec v ohradke\" width=\"768\" height=\"576\"  \/><\/a>\n\t<\/div>\n<\/div>\n\n\n<div class=\"post-entry-content\">\n\n\t<h3 class=\"entry-title\">\n\t\t<a href=\"https:\/\/broz.sk\/en\/saving-an-endemic-jewel-of-the-carpathian-meadows\/\" title=\"Saving an Endemic Jewel of the Carpathian Meadows\" rel=\"bookmark\">Saving an Endemic Jewel of the Carpathian Meadows<\/a>\n\t<\/h3>\n\n\t<div class=\"entry-meta\"><a href=\"https:\/\/broz.sk\/en\/2025\/05\/29\/\" title=\"10:47\" class=\"data-link\" rel=\"bookmark\"><time class=\"entry-date updated\" datetime=\"2025-05-29T10:47:16+02:00\">29. May 2025<\/time><\/a><\/div>\n\t<div class=\"entry-excerpt\"><p>[vc_row][vc_column][vc_column_text css=&#8221;&#8221;] When we say &#8220;endemic plant,&#8221; most people think of species like Daphne arbuscula, Onosma tornensis, or the Slovak pasqueflower (Pulsatilla slavica). Only few, however, know the Moravian ragwort (Tephroseris longifolia subsp. moravica). Yet this is an extremely rare member of the aster family that blooms only at the turn of May and June,&hellip;<\/p>\n<\/div>\n\t\n<a href=\"https:\/\/broz.sk\/en\/saving-an-endemic-jewel-of-the-carpathian-meadows\/\" class=\"post-details details-type-link\" aria-label=\"Read more about Saving an Endemic Jewel of the Carpathian Meadows\">Read more<i class=\"dt-icon-the7-arrow-03\" aria-hidden=\"true\"><\/i><\/a>\n\n<\/div><\/article><article class=\"post project-odd hidden post-37961 type-post status-publish format-standard has-post-thumbnail hentry category-protection-of-habitats pmpro-has-access category-31 description-off\" data-name=\"eDNA Sampling Begins at \u010cili\u017esk\u00e9 Mo\u010diare\" data-date=\"2025-05-19T10:57:07+02:00\">\n\n<div class=\"post-thumbnail-wrap\">\n\t<div class=\"post-thumbnail\">\n\n\t\t\n\t\t\n\t\t<a href=\"https:\/\/broz.sk\/en\/edna-sampling-begins-at-cilizske-mociare\/\" class=\"post-thumbnail-rollover layzr-bg layzr-bg\" ><img decoding=\"async\" class=\"blog-thumb-lazy-load preload-me lazy-load aspect\" src=\"data:image\/svg+xml,%3Csvg%20xmlns%3D&#39;http%3A%2F%2Fwww.w3.org%2F2000%2Fsvg&#39;%20viewBox%3D&#39;0%200%20768%20576&#39;%2F%3E\" data-src=\"https:\/\/broz.sk\/wp-content\/uploads\/2025\/05\/Cilizske-mociare-pre-zavedenim-pastvy-768x576.jpg\" data-srcset=\"https:\/\/broz.sk\/wp-content\/uploads\/2025\/05\/Cilizske-mociare-pre-zavedenim-pastvy-768x576.jpg 768w, https:\/\/broz.sk\/wp-content\/uploads\/2025\/05\/Cilizske-mociare-pre-zavedenim-pastvy-1200x900.jpg 1200w\" loading=\"eager\" style=\"--ratio: 768 \/ 576\" sizes=\"(max-width: 768px) 100vw, 768px\" alt=\"\" title=\"\u010cili\u017esk\u00e9 mo\u010diare pre zaveden\u00edm pastvy\" width=\"768\" height=\"576\"  \/><\/a>\n\t<\/div>\n<\/div>\n\n\n<div class=\"post-entry-content\">\n\n\t<h3 class=\"entry-title\">\n\t\t<a href=\"https:\/\/broz.sk\/en\/edna-sampling-begins-at-cilizske-mociare\/\" title=\"eDNA Sampling Begins at \u010cili\u017esk\u00e9 Mo\u010diare\" rel=\"bookmark\">eDNA Sampling Begins at \u010cili\u017esk\u00e9 Mo\u010diare<\/a>\n\t<\/h3>\n\n\t<div class=\"entry-meta\"><a href=\"https:\/\/broz.sk\/en\/2025\/05\/19\/\" title=\"10:57\" class=\"data-link\" rel=\"bookmark\"><time class=\"entry-date updated\" datetime=\"2025-05-19T10:57:07+02:00\">19. May 2025<\/time><\/a><\/div>\n\t<div class=\"entry-excerpt\"><p>The ZooLab team from the Plant Science and Biodiversity Center of the Slovak Academy of Sciences has started eDNA (environmental DNA) sampling at our site in \u010cili\u017esk\u00e9 mo\u010diare. This marks an exciting step in our ongoing efforts to monitor impact of our measures aimed to boost wetland biodiversity.<\/p>\n<\/div>\n\t\n<a href=\"https:\/\/broz.sk\/en\/edna-sampling-begins-at-cilizske-mociare\/\" class=\"post-details details-type-link\" aria-label=\"Read more about eDNA Sampling Begins at \u010cili\u017esk\u00e9 Mo\u010diare\">Read more<i class=\"dt-icon-the7-arrow-03\" aria-hidden=\"true\"><\/i><\/a>\n\n<\/div><\/article><article class=\"post project-odd hidden post-37684 type-post status-publish format-standard has-post-thumbnail hentry category-0-en pmpro-has-access category-43 description-off\" data-name=\"Farmers in Romania discuss habitat restoration measures\" data-date=\"2025-04-09T11:31:55+02:00\">\n\n<div class=\"post-thumbnail-wrap\">\n\t<div class=\"post-thumbnail\">\n\n\t\t\n\t\t\n\t\t<a href=\"https:\/\/broz.sk\/en\/farmers-in-romania-discuss-habitat-restoration-measures\/\" class=\"post-thumbnail-rollover layzr-bg layzr-bg\" ><img decoding=\"async\" class=\"blog-thumb-lazy-load preload-me lazy-load aspect\" src=\"data:image\/svg+xml,%3Csvg%20xmlns%3D&#39;http%3A%2F%2Fwww.w3.org%2F2000%2Fsvg&#39;%20viewBox%3D&#39;0%200%20768%20576&#39;%2F%3E\" data-src=\"https:\/\/broz.sk\/wp-content\/uploads\/2025\/04\/obr-09-768x576.jpg\" data-srcset=\"https:\/\/broz.sk\/wp-content\/uploads\/2025\/04\/obr-09-768x576.jpg 768w, https:\/\/broz.sk\/wp-content\/uploads\/2025\/04\/obr-09-816x611.jpg 816w\" loading=\"eager\" style=\"--ratio: 768 \/ 576\" sizes=\"(max-width: 768px) 100vw, 768px\" alt=\"diskusie s miestnymi farm\u00e1rmi\" title=\"obr 09\" width=\"768\" height=\"576\"  \/><\/a>\n\t<\/div>\n<\/div>\n\n\n<div class=\"post-entry-content\">\n\n\t<h3 class=\"entry-title\">\n\t\t<a href=\"https:\/\/broz.sk\/en\/farmers-in-romania-discuss-habitat-restoration-measures\/\" title=\"Farmers in Romania discuss habitat restoration measures\" rel=\"bookmark\">Farmers in Romania discuss habitat restoration measures<\/a>\n\t<\/h3>\n\n\t<div class=\"entry-meta\"><a href=\"https:\/\/broz.sk\/en\/2025\/04\/09\/\" title=\"11:31\" class=\"data-link\" rel=\"bookmark\"><time class=\"entry-date updated\" datetime=\"2025-04-09T11:31:55+02:00\">9. April 2025<\/time><\/a><\/div>\n\t<div class=\"entry-excerpt\"><p>The project is holding community meetings underway to present the project to farmers, and to discuss with farmers who will be involved in habitat restoration. ADEPT held meetings with local actors, in Bob\u00e2lna and Ag\u00e2rbiciu communes, to identify and discuss habitat restoration efforts, including 120 ha affected by bracken (Pteridium aquilinum) and 4-5ha of haymeadow invaded by scrub.<\/p>\n<\/div>\n\t\n<a href=\"https:\/\/broz.sk\/en\/farmers-in-romania-discuss-habitat-restoration-measures\/\" class=\"post-details details-type-link\" aria-label=\"Read more about Farmers in Romania discuss habitat restoration measures\">Read more<i class=\"dt-icon-the7-arrow-03\" aria-hidden=\"true\"><\/i><\/a>\n\n<\/div><\/article><article class=\"post project-odd hidden post-39470 type-post status-publish format-standard has-post-thumbnail hentry category-protection-of-species pmpro-has-access category-30 description-off\" data-name=\"Spring migration brings rare black-tailed godwits\" data-date=\"2025-03-31T10:38:32+02:00\">\n\n<div class=\"post-thumbnail-wrap\">\n\t<div class=\"post-thumbnail\">\n\n\t\t\n\t\t\n\t\t<a href=\"https:\/\/broz.sk\/en\/spring-migration-brings-rare-black-tailed-godwits\/\" class=\"post-thumbnail-rollover layzr-bg layzr-bg\" ><img decoding=\"async\" class=\"blog-thumb-lazy-load preload-me lazy-load aspect\" src=\"data:image\/svg+xml,%3Csvg%20xmlns%3D&#39;http%3A%2F%2Fwww.w3.org%2F2000%2Fsvg&#39;%20viewBox%3D&#39;0%200%20768%20576&#39;%2F%3E\" data-src=\"https:\/\/broz.sk\/wp-content\/uploads\/2025\/07\/Jarna-migracia-priviala-aj-vzacne-brehare-ciernochvoste-768x576.jpg\" data-srcset=\"https:\/\/broz.sk\/wp-content\/uploads\/2025\/07\/Jarna-migracia-priviala-aj-vzacne-brehare-ciernochvoste-768x576.jpg 768w, https:\/\/broz.sk\/wp-content\/uploads\/2025\/07\/Jarna-migracia-priviala-aj-vzacne-brehare-ciernochvoste-1306x979.jpg 1306w\" loading=\"eager\" style=\"--ratio: 768 \/ 576\" sizes=\"(max-width: 768px) 100vw, 768px\" alt=\"Jarn\u00e1 migr\u00e1cia priviala aj vz\u00e1cne breh\u00e1re \u010diernochvost\u00e9\" title=\"Jarn\u00e1 migr\u00e1cia priviala aj vz\u00e1cne breh\u00e1re \u010diernochvost\u00e9\" width=\"768\" height=\"576\"  \/><\/a>\n\t<\/div>\n<\/div>\n\n\n<div class=\"post-entry-content\">\n\n\t<h3 class=\"entry-title\">\n\t\t<a href=\"https:\/\/broz.sk\/en\/spring-migration-brings-rare-black-tailed-godwits\/\" title=\"Spring migration brings rare black-tailed godwits\" rel=\"bookmark\">Spring migration brings rare black-tailed godwits<\/a>\n\t<\/h3>\n\n\t<div class=\"entry-meta\"><a href=\"https:\/\/broz.sk\/en\/2025\/03\/31\/\" title=\"10:38\" class=\"data-link\" rel=\"bookmark\"><time class=\"entry-date updated\" datetime=\"2025-03-31T10:38:32+02:00\">31. March 2025<\/time><\/a><\/div>\n\t<div class=\"entry-excerpt\"><p>During their traditional migratory stopover, a flock of black-tailed godwits landed at the Ostrovik meadow in the SPA Senianske rybn\u00edky.<\/p>\n<\/div>\n\t\n<a href=\"https:\/\/broz.sk\/en\/spring-migration-brings-rare-black-tailed-godwits\/\" class=\"post-details details-type-link\" aria-label=\"Read more about Spring migration brings rare black-tailed godwits\">Read more<i class=\"dt-icon-the7-arrow-03\" aria-hidden=\"true\"><\/i><\/a>\n\n<\/div><\/article><article class=\"post project-odd hidden post-39457 type-post status-publish format-standard has-post-thumbnail hentry category-protection-of-species pmpro-has-access category-30 description-off\" data-name=\"The European roller becomes Bird of the Year 2025\" data-date=\"2025-03-28T10:31:46+01:00\">\n\n<div class=\"post-thumbnail-wrap\">\n\t<div class=\"post-thumbnail\">\n\n\t\t\n\t\t\n\t\t<a href=\"https:\/\/broz.sk\/en\/the-european-roller-becomes-bird-of-the-year-2025\/\" class=\"post-thumbnail-rollover layzr-bg layzr-bg\" ><img decoding=\"async\" class=\"blog-thumb-lazy-load preload-me lazy-load aspect\" src=\"data:image\/svg+xml,%3Csvg%20xmlns%3D&#39;http%3A%2F%2Fwww.w3.org%2F2000%2Fsvg&#39;%20viewBox%3D&#39;0%200%20768%20576&#39;%2F%3E\" data-src=\"https:\/\/broz.sk\/wp-content\/uploads\/2025\/07\/Krakla-belasa-sa-stala-vtakom-roka-2025-768x576.jpg\" data-srcset=\"https:\/\/broz.sk\/wp-content\/uploads\/2025\/07\/Krakla-belasa-sa-stala-vtakom-roka-2025-768x576.jpg 768w, https:\/\/broz.sk\/wp-content\/uploads\/2025\/07\/Krakla-belasa-sa-stala-vtakom-roka-2025-1306x979.jpg 1306w\" loading=\"eager\" style=\"--ratio: 768 \/ 576\" sizes=\"(max-width: 768px) 100vw, 768px\" alt=\"Krak\u013ea belas\u00e1 sa stala vt\u00e1kom roka 2025\" title=\"Krak\u013ea belas\u00e1 sa stala vt\u00e1kom roka 2025\" width=\"768\" height=\"576\"  \/><\/a>\n\t<\/div>\n<\/div>\n\n\n<div class=\"post-entry-content\">\n\n\t<h3 class=\"entry-title\">\n\t\t<a href=\"https:\/\/broz.sk\/en\/the-european-roller-becomes-bird-of-the-year-2025\/\" title=\"The European roller becomes Bird of the Year 2025\" rel=\"bookmark\">The European roller becomes Bird of the Year 2025<\/a>\n\t<\/h3>\n\n\t<div class=\"entry-meta\"><a href=\"https:\/\/broz.sk\/en\/2025\/03\/28\/\" title=\"10:31\" class=\"data-link\" rel=\"bookmark\"><time class=\"entry-date updated\" datetime=\"2025-03-28T10:31:46+01:00\">28. March 2025<\/time><\/a><\/div>\n\t<div class=\"entry-excerpt\"><p>The European roller is the flagship species for nature conservation in Slovakia\u2019s steppes\u2014rare cultural landscape habitats whose fate lies in human hands. The future of this species and others like it depends on the actions of farmers, conservationists, and policymakers. <\/p>\n<\/div>\n\t\n<a href=\"https:\/\/broz.sk\/en\/the-european-roller-becomes-bird-of-the-year-2025\/\" class=\"post-details details-type-link\" aria-label=\"Read more about The European roller becomes Bird of the Year 2025\">Read more<i class=\"dt-icon-the7-arrow-03\" aria-hidden=\"true\"><\/i><\/a>\n\n<\/div><\/article><article class=\"post project-odd hidden post-39445 type-post status-publish format-standard has-post-thumbnail hentry category-protection-of-habitats pmpro-has-access category-31 description-off\" data-name=\"LIFE 4 STEPPE BIRDS at CEE InterLIFE Platform Meeting\" data-date=\"2025-03-27T10:25:12+01:00\">\n\n<div class=\"post-thumbnail-wrap\">\n\t<div class=\"post-thumbnail\">\n\n\t\t\n\t\t\n\t\t<a href=\"https:\/\/broz.sk\/en\/life-4-steppe-birds-at-cee-interlife-platform-meeting\/\" class=\"post-thumbnail-rollover layzr-bg layzr-bg\" ><img decoding=\"async\" class=\"blog-thumb-lazy-load preload-me lazy-load aspect\" src=\"data:image\/svg+xml,%3Csvg%20xmlns%3D&#39;http%3A%2F%2Fwww.w3.org%2F2000%2Fsvg&#39;%20viewBox%3D&#39;0%200%20768%20576&#39;%2F%3E\" data-src=\"https:\/\/broz.sk\/wp-content\/uploads\/2025\/07\/na-stretnuti-platformy-Cee-Interlife-Platform-768x576.jpeg\" data-srcset=\"https:\/\/broz.sk\/wp-content\/uploads\/2025\/07\/na-stretnuti-platformy-Cee-Interlife-Platform-768x576.jpeg 768w, https:\/\/broz.sk\/wp-content\/uploads\/2025\/07\/na-stretnuti-platformy-Cee-Interlife-Platform-928x696.jpeg 928w\" loading=\"eager\" style=\"--ratio: 768 \/ 576\" sizes=\"(max-width: 768px) 100vw, 768px\" alt=\"na stretnut\u00ed platformy Cee Interlife Platform\" title=\"na stretnut\u00ed platformy Cee Interlife Platform\" width=\"768\" height=\"576\"  \/><\/a>\n\t<\/div>\n<\/div>\n\n\n<div class=\"post-entry-content\">\n\n\t<h3 class=\"entry-title\">\n\t\t<a href=\"https:\/\/broz.sk\/en\/life-4-steppe-birds-at-cee-interlife-platform-meeting\/\" title=\"LIFE 4 STEPPE BIRDS at CEE InterLIFE Platform Meeting\" rel=\"bookmark\">LIFE 4 STEPPE BIRDS at CEE InterLIFE Platform Meeting<\/a>\n\t<\/h3>\n\n\t<div class=\"entry-meta\"><a href=\"https:\/\/broz.sk\/en\/2025\/03\/27\/\" title=\"10:25\" class=\"data-link\" rel=\"bookmark\"><time class=\"entry-date updated\" datetime=\"2025-03-27T10:25:12+01:00\">27. March 2025<\/time><\/a><\/div>\n\t<div class=\"entry-excerpt\"><p>From March 24\u201327, 2025, we participated in the CEE InterLIFE Platform Meeting in Balmaz\u00fajv\u00e1ros, Hungary.<\/p>\n<\/div>\n\t\n<a href=\"https:\/\/broz.sk\/en\/life-4-steppe-birds-at-cee-interlife-platform-meeting\/\" class=\"post-details details-type-link\" aria-label=\"Read more about LIFE 4 STEPPE BIRDS at CEE InterLIFE Platform Meeting\">Read more<i class=\"dt-icon-the7-arrow-03\" aria-hidden=\"true\"><\/i><\/a>\n\n<\/div><\/article><article class=\"post project-odd hidden post-37183 type-post status-publish format-standard has-post-thumbnail hentry category-0-en pmpro-has-access category-43 description-off\" data-name=\"A Journey into Nature Conservation of Young Rangers has started.\" data-date=\"2025-03-13T15:44:29+01:00\">\n\n<div class=\"post-thumbnail-wrap\">\n\t<div class=\"post-thumbnail\">\n\n\t\t\n\t\t\n\t\t<a href=\"https:\/\/broz.sk\/en\/a-journey-into-nature-conservation-of-young-rangers-has-started\/\" class=\"post-thumbnail-rollover layzr-bg layzr-bg\" ><img decoding=\"async\" class=\"blog-thumb-lazy-load preload-me lazy-load aspect\" src=\"data:image\/svg+xml,%3Csvg%20xmlns%3D&#39;http%3A%2F%2Fwww.w3.org%2F2000%2Fsvg&#39;%20viewBox%3D&#39;0%200%20721%20540&#39;%2F%3E\" data-src=\"https:\/\/broz.sk\/wp-content\/uploads\/2025\/03\/image-721x540.jpg\" data-srcset=\"https:\/\/broz.sk\/wp-content\/uploads\/2025\/03\/image-721x540.jpg 721w\" loading=\"eager\" style=\"--ratio: 721 \/ 540\" sizes=\"(max-width: 721px) 100vw, 721px\" alt=\"Prv\u00e9 stretnutie Klubu mlad\u00fdch rangerov\" title=\"image\" width=\"721\" height=\"540\"  \/><\/a>\n\t<\/div>\n<\/div>\n\n\n<div class=\"post-entry-content\">\n\n\t<h3 class=\"entry-title\">\n\t\t<a href=\"https:\/\/broz.sk\/en\/a-journey-into-nature-conservation-of-young-rangers-has-started\/\" title=\"A Journey into Nature Conservation of Young Rangers has started.\" rel=\"bookmark\">A Journey into Nature Conservation of Young Rangers has started.<\/a>\n\t<\/h3>\n\n\t<div class=\"entry-meta\"><a href=\"https:\/\/broz.sk\/en\/2025\/03\/13\/\" title=\"15:44\" class=\"data-link\" rel=\"bookmark\"><time class=\"entry-date updated\" datetime=\"2025-03-13T15:44:29+01:00\">13. March 2025<\/time><\/a><\/div>\n\t<div class=\"entry-excerpt\"><p>The first meeting of the Young Ranger Club took place this autumn! During the meeting children engaged in hands-on nature conservation through the one-day event in the field. The children together with their teachers visited one of our project sites by boat where they took part in fun, age-appropriate biotope restoration tasks. <\/p>\n<\/div>\n\t\n<a href=\"https:\/\/broz.sk\/en\/a-journey-into-nature-conservation-of-young-rangers-has-started\/\" class=\"post-details details-type-link\" aria-label=\"Read more about A Journey into Nature Conservation of Young Rangers has started.\">Read more<i class=\"dt-icon-the7-arrow-03\" aria-hidden=\"true\"><\/i><\/a>\n\n<\/div><\/article><article class=\"post project-odd hidden post-37154 type-post status-publish format-standard has-post-thumbnail hentry category-protection-of-habitats pmpro-has-access category-31 description-off\" data-name=\"The sampling of ectomycorrhizal fungi has started\" data-date=\"2025-03-13T15:17:46+01:00\">\n\n<div class=\"post-thumbnail-wrap\">\n\t<div class=\"post-thumbnail\">\n\n\t\t\n\t\t\n\t\t<a href=\"https:\/\/broz.sk\/en\/the-sampling-of-ectomycorrhizal-fungi-has-started\/\" class=\"post-thumbnail-rollover layzr-bg layzr-bg\" ><img decoding=\"async\" class=\"blog-thumb-lazy-load preload-me lazy-load aspect\" src=\"data:image\/svg+xml,%3Csvg%20xmlns%3D&#39;http%3A%2F%2Fwww.w3.org%2F2000%2Fsvg&#39;%20viewBox%3D&#39;0%200%20768%20576&#39;%2F%3E\" data-src=\"https:\/\/broz.sk\/wp-content\/uploads\/2025\/03\/Balenie_a_priprava_vzorky_na_prepravu--768x576.jpg\" data-srcset=\"https:\/\/broz.sk\/wp-content\/uploads\/2025\/03\/Balenie_a_priprava_vzorky_na_prepravu--768x576.jpg 768w, https:\/\/broz.sk\/wp-content\/uploads\/2025\/03\/Balenie_a_priprava_vzorky_na_prepravu--1306x979.jpg 1306w\" loading=\"eager\" style=\"--ratio: 768 \/ 576\" sizes=\"(max-width: 768px) 100vw, 768px\" alt=\"Balenie a pr\u00edprava vzorky na prepravu\" title=\"Balenie_a_pr\u00edprava_vzorky_na_prepravu\" width=\"768\" height=\"576\"  \/><\/a>\n\t<\/div>\n<\/div>\n\n\n<div class=\"post-entry-content\">\n\n\t<h3 class=\"entry-title\">\n\t\t<a href=\"https:\/\/broz.sk\/en\/the-sampling-of-ectomycorrhizal-fungi-has-started\/\" title=\"The sampling of ectomycorrhizal fungi has started\" rel=\"bookmark\">The sampling of ectomycorrhizal fungi has started<\/a>\n\t<\/h3>\n\n\t<div class=\"entry-meta\"><a href=\"https:\/\/broz.sk\/en\/2025\/03\/13\/\" title=\"15:17\" class=\"data-link\" rel=\"bookmark\"><time class=\"entry-date updated\" datetime=\"2025-03-13T15:17:46+01:00\">13. March 2025<\/time><\/a><\/div>\n\t<div class=\"entry-excerpt\"><p>In the months of February and March we are collecting in selected stands of the Forest Management Units \u010calovo, Gab\u010d\u00edkovo and \u0160amor\u00edn, located near the original channel of the Danube River, root samples for the investigation and subsequent testing of the application of mycorrhizae in the cultivation of seedlings that will be used for the restoration of natural forest stands.<\/p>\n<\/div>\n\t\n<a href=\"https:\/\/broz.sk\/en\/the-sampling-of-ectomycorrhizal-fungi-has-started\/\" class=\"post-details details-type-link\" aria-label=\"Read more about The sampling of ectomycorrhizal fungi has started\">Read more<i class=\"dt-icon-the7-arrow-03\" aria-hidden=\"true\"><\/i><\/a>\n\n<\/div><\/article><article class=\"post project-odd hidden post-37382 type-post status-publish format-standard has-post-thumbnail hentry category-protection-of-habitats pmpro-has-access category-31 description-off\" data-name=\"Restoration of grazing is progressing also in the vicinity of Dobr\u00e1 Voda\" data-date=\"2025-03-13T14:36:36+01:00\">\n\n<div class=\"post-thumbnail-wrap\">\n\t<div class=\"post-thumbnail\">\n\n\t\t\n\t\t\n\t\t<a href=\"https:\/\/broz.sk\/en\/restoration-of-grazing-is-progressing-also-in-the-vicinity-of-dobra-voda\/\" class=\"post-thumbnail-rollover layzr-bg layzr-bg\" ><img decoding=\"async\" class=\"blog-thumb-lazy-load preload-me lazy-load aspect\" src=\"data:image\/svg+xml,%3Csvg%20xmlns%3D&#39;http%3A%2F%2Fwww.w3.org%2F2000%2Fsvg&#39;%20viewBox%3D&#39;0%200%20768%20576&#39;%2F%3E\" data-src=\"https:\/\/broz.sk\/wp-content\/uploads\/2025\/03\/4_23_Dobra-Voda_Usak2-1-768x576.jpg\" data-srcset=\"https:\/\/broz.sk\/wp-content\/uploads\/2025\/03\/4_23_Dobra-Voda_Usak2-1-768x576.jpg 768w, https:\/\/broz.sk\/wp-content\/uploads\/2025\/03\/4_23_Dobra-Voda_Usak2-1-1067x800.jpg 1067w\" loading=\"eager\" style=\"--ratio: 768 \/ 576\" sizes=\"(max-width: 768px) 100vw, 768px\" alt=\"\" title=\"4_23_Dobra Voda_Usak2 (1)\" width=\"768\" height=\"576\"  \/><\/a>\n\t<\/div>\n<\/div>\n\n\n<div class=\"post-entry-content\">\n\n\t<h3 class=\"entry-title\">\n\t\t<a href=\"https:\/\/broz.sk\/en\/restoration-of-grazing-is-progressing-also-in-the-vicinity-of-dobra-voda\/\" title=\"Restoration of grazing is progressing also in the vicinity of Dobr\u00e1 Voda\" rel=\"bookmark\">Restoration of grazing is progressing also in the vicinity of Dobr\u00e1 Voda<\/a>\n\t<\/h3>\n\n\t<div class=\"entry-meta\"><a href=\"https:\/\/broz.sk\/en\/2025\/03\/13\/\" title=\"14:36\" class=\"data-link\" rel=\"bookmark\"><time class=\"entry-date updated\" datetime=\"2025-03-13T14:36:36+01:00\">13. March 2025<\/time><\/a><\/div>\n\t<div class=\"entry-excerpt\"><p>Dobr\u00e1 Voda is one of the few villages that lie hidden in the middle of the massif of the Little Carpathians. In the past, most of their territory did not provide a very suitable environment for people to farm other than forestry, and so they settled rather on the edges of this mountain range. What&hellip;<\/p>\n<\/div>\n\t\n<a href=\"https:\/\/broz.sk\/en\/restoration-of-grazing-is-progressing-also-in-the-vicinity-of-dobra-voda\/\" class=\"post-details details-type-link\" aria-label=\"Read more about Restoration of grazing is progressing also in the vicinity of Dobr\u00e1 Voda\">Read more<i class=\"dt-icon-the7-arrow-03\" aria-hidden=\"true\"><\/i><\/a>\n\n<\/div><\/article><article class=\"post project-odd hidden post-37384 type-post status-publish format-standard has-post-thumbnail hentry category-protection-of-species pmpro-has-access category-30 description-off\" data-name=\"New EMYS project aimed at habitat restoration and conservation of the European pond turtle\" data-date=\"2025-03-12T14:49:18+01:00\">\n\n<div class=\"post-thumbnail-wrap\">\n\t<div class=\"post-thumbnail\">\n\n\t\t\n\t\t\n\t\t<a href=\"https:\/\/broz.sk\/en\/new-emys-project-aimed-at-habitat-restoration-and-conservation-of-the-european-pond-turtle\/\" class=\"post-thumbnail-rollover layzr-bg layzr-bg\" ><img decoding=\"async\" class=\"blog-thumb-lazy-load preload-me lazy-load aspect\" src=\"data:image\/svg+xml,%3Csvg%20xmlns%3D&#39;http%3A%2F%2Fwww.w3.org%2F2000%2Fsvg&#39;%20viewBox%3D&#39;0%200%20768%20576&#39;%2F%3E\" data-src=\"https:\/\/broz.sk\/wp-content\/uploads\/2025\/03\/foto-29_Marek_Janos-768x576.jpg\" data-srcset=\"https:\/\/broz.sk\/wp-content\/uploads\/2025\/03\/foto-29_Marek_Janos-768x576.jpg 768w, https:\/\/broz.sk\/wp-content\/uploads\/2025\/03\/foto-29_Marek_Janos-1306x979.jpg 1306w\" loading=\"eager\" style=\"--ratio: 768 \/ 576\" sizes=\"(max-width: 768px) 100vw, 768px\" alt=\"\" title=\"foto-29_Marek_J\u00e1no\u0161\" width=\"768\" height=\"576\"  \/><\/a>\n\t<\/div>\n<\/div>\n\n\n<div class=\"post-entry-content\">\n\n\t<h3 class=\"entry-title\">\n\t\t<a href=\"https:\/\/broz.sk\/en\/new-emys-project-aimed-at-habitat-restoration-and-conservation-of-the-european-pond-turtle\/\" title=\"New EMYS project aimed at habitat restoration and conservation of the European pond turtle\" rel=\"bookmark\">New EMYS project aimed at habitat restoration and conservation of the European pond turtle<\/a>\n\t<\/h3>\n\n\t<div class=\"entry-meta\"><a href=\"https:\/\/broz.sk\/en\/2025\/03\/12\/\" title=\"14:49\" class=\"data-link\" rel=\"bookmark\"><time class=\"entry-date updated\" datetime=\"2025-03-12T14:49:18+01:00\">12. March 2025<\/time><\/a><\/div>\n\t<div class=\"entry-excerpt\"><p>One of the main measures of the project will be the restoration of wetlands by creating 3 new water areas on the Slovak side and restoring 2 earth-filled cut-off river channels on the Hungarian side. These will provide suitable habitats for the European pond turtle and at the same time promote better water retention in the landscape during dry periods.<\/p>\n<\/div>\n\t\n<a href=\"https:\/\/broz.sk\/en\/new-emys-project-aimed-at-habitat-restoration-and-conservation-of-the-european-pond-turtle\/\" class=\"post-details details-type-link\" aria-label=\"Read more about New EMYS project aimed at habitat restoration and conservation of the European pond turtle\">Read more<i class=\"dt-icon-the7-arrow-03\" aria-hidden=\"true\"><\/i><\/a>\n\n<\/div><\/article><article class=\"post project-odd hidden post-37001 type-post status-publish format-standard has-post-thumbnail hentry category-protection-of-habitats pmpro-has-access category-31 description-off\" data-name=\"Activities of the WILDisland project continue\" data-date=\"2025-03-10T11:20:05+01:00\">\n\n<div class=\"post-thumbnail-wrap\">\n\t<div class=\"post-thumbnail\">\n\n\t\t\n\t\t\n\t\t<a href=\"https:\/\/broz.sk\/en\/activities-of-the-wildisland-project-continue\/\" class=\"post-thumbnail-rollover layzr-bg layzr-bg\" ><img decoding=\"async\" class=\"blog-thumb-lazy-load preload-me lazy-load aspect\" src=\"data:image\/svg+xml,%3Csvg%20xmlns%3D&#39;http%3A%2F%2Fwww.w3.org%2F2000%2Fsvg&#39;%20viewBox%3D&#39;0%200%20692%20519&#39;%2F%3E\" data-src=\"https:\/\/broz.sk\/wp-content\/uploads\/2025\/03\/Novinky-a-Aktivity_relikty-ramien-692x519.png\" data-srcset=\"https:\/\/broz.sk\/wp-content\/uploads\/2025\/03\/Novinky-a-Aktivity_relikty-ramien-692x519.png 692w\" loading=\"eager\" style=\"--ratio: 692 \/ 519\" sizes=\"(max-width: 692px) 100vw, 692px\" alt=\"\" title=\"Novinky a Aktivity_relikty ramien\" width=\"692\" height=\"519\"  \/><\/a>\n\t<\/div>\n<\/div>\n\n\n<div class=\"post-entry-content\">\n\n\t<h3 class=\"entry-title\">\n\t\t<a href=\"https:\/\/broz.sk\/en\/activities-of-the-wildisland-project-continue\/\" title=\"Activities of the WILDisland project continue\" rel=\"bookmark\">Activities of the WILDisland project continue<\/a>\n\t<\/h3>\n\n\t<div class=\"entry-meta\"><a href=\"https:\/\/broz.sk\/en\/2025\/03\/10\/\" title=\"11:20\" class=\"data-link\" rel=\"bookmark\"><time class=\"entry-date updated\" datetime=\"2025-03-10T11:20:05+01:00\">10. March 2025<\/time><\/a><\/div>\n\t<div class=\"entry-excerpt\"><p>The first step for the successful implementation of the project in the Slovak region was the preparation of a hydrological study. From the results of the study, after several expert consultations, the designers elaborated the proposed measures in the form of technical documentation. <\/p>\n<\/div>\n\t\n<a href=\"https:\/\/broz.sk\/en\/activities-of-the-wildisland-project-continue\/\" class=\"post-details details-type-link\" aria-label=\"Read more about Activities of the WILDisland project continue\">Read more<i class=\"dt-icon-the7-arrow-03\" aria-hidden=\"true\"><\/i><\/a>\n\n<\/div><\/article><article class=\"post project-odd hidden post-37387 type-post status-publish format-standard has-post-thumbnail hentry category-protection-of-habitats pmpro-has-access category-31 description-off\" data-name=\"We are restoring habitats with the occurrence of the great burnet in the Holuby&#8217;s Kopanice site.\" data-date=\"2025-03-04T15:37:11+01:00\">\n\n<div class=\"post-thumbnail-wrap\">\n\t<div class=\"post-thumbnail\">\n\n\t\t\n\t\t\n\t\t<a href=\"https:\/\/broz.sk\/en\/we-are-restoring-habitats-with-the-occurrence-of-the-great-burnet-in-the-holubys-kopanice-site\/\" class=\"post-thumbnail-rollover layzr-bg layzr-bg\" ><img decoding=\"async\" class=\"blog-thumb-lazy-load preload-me lazy-load aspect\" src=\"data:image\/svg+xml,%3Csvg%20xmlns%3D&#39;http%3A%2F%2Fwww.w3.org%2F2000%2Fsvg&#39;%20viewBox%3D&#39;0%200%20768%20576&#39;%2F%3E\" data-src=\"https:\/\/broz.sk\/wp-content\/uploads\/2025\/03\/V-tretom-roku-po-priamom-vyseve-sa-objavie-prve-kvitnuce-krvavce-768x576.jpg\" data-srcset=\"https:\/\/broz.sk\/wp-content\/uploads\/2025\/03\/V-tretom-roku-po-priamom-vyseve-sa-objavie-prve-kvitnuce-krvavce-768x576.jpg 768w, https:\/\/broz.sk\/wp-content\/uploads\/2025\/03\/V-tretom-roku-po-priamom-vyseve-sa-objavie-prve-kvitnuce-krvavce-1306x979.jpg 1306w\" loading=\"eager\" style=\"--ratio: 768 \/ 576\" sizes=\"(max-width: 768px) 100vw, 768px\" alt=\"\" title=\"V tre\u0165om roku po priamom v\u00fdseve sa objavie prv\u00e9 kvitn\u00face krvavce\" width=\"768\" height=\"576\"  \/><\/a>\n\t<\/div>\n<\/div>\n\n\n<div class=\"post-entry-content\">\n\n\t<h3 class=\"entry-title\">\n\t\t<a href=\"https:\/\/broz.sk\/en\/we-are-restoring-habitats-with-the-occurrence-of-the-great-burnet-in-the-holubys-kopanice-site\/\" title=\"We are restoring habitats with the occurrence of the great burnet in the Holuby&#8217;s Kopanice site.\" rel=\"bookmark\">We are restoring habitats with the occurrence of the great burnet in the Holuby&#8217;s Kopanice site.<\/a>\n\t<\/h3>\n\n\t<div class=\"entry-meta\"><a href=\"https:\/\/broz.sk\/en\/2025\/03\/04\/\" title=\"15:37\" class=\"data-link\" rel=\"bookmark\"><time class=\"entry-date updated\" datetime=\"2025-03-04T15:37:11+01:00\">4. March 2025<\/time><\/a><\/div>\n\t<div class=\"entry-excerpt\"><p>Wetlands with an undisturbed water regime play an irreplaceable role in the ecological stability of the landscape. In addition to their ability to effectively retain water in the landscape over the long term, they are also able to host rare and scarce species of animals and plants. <\/p>\n<\/div>\n\t\n<a href=\"https:\/\/broz.sk\/en\/we-are-restoring-habitats-with-the-occurrence-of-the-great-burnet-in-the-holubys-kopanice-site\/\" class=\"post-details details-type-link\" aria-label=\"Read more about We are restoring habitats with the occurrence of the great burnet in the Holuby&#8217;s Kopanice site.\">Read more<i class=\"dt-icon-the7-arrow-03\" aria-hidden=\"true\"><\/i><\/a>\n\n<\/div><\/article><article class=\"post project-odd hidden post-39423 type-post status-publish format-standard has-post-thumbnail hentry category-uncategorized pmpro-has-access category-22 description-off\" data-name=\"Join this year\u2019s volunteer actions for steppe birds\" data-date=\"2025-03-04T09:50:57+01:00\">\n\n<div class=\"post-thumbnail-wrap\">\n\t<div class=\"post-thumbnail\">\n\n\t\t\n\t\t\n\t\t<a href=\"https:\/\/broz.sk\/en\/join-this-years-volunteer-actions-for-steppe-birds\/\" class=\"post-thumbnail-rollover layzr-bg layzr-bg\" ><img decoding=\"async\" class=\"blog-thumb-lazy-load preload-me lazy-load aspect\" src=\"data:image\/svg+xml,%3Csvg%20xmlns%3D&#39;http%3A%2F%2Fwww.w3.org%2F2000%2Fsvg&#39;%20viewBox%3D&#39;0%200%20768%20576&#39;%2F%3E\" data-src=\"https:\/\/broz.sk\/wp-content\/uploads\/2025\/03\/Pridajte-sa-na-dobrovolnicke-akcie-768x576.jpg\" data-srcset=\"https:\/\/broz.sk\/wp-content\/uploads\/2025\/03\/Pridajte-sa-na-dobrovolnicke-akcie-768x576.jpg 768w, https:\/\/broz.sk\/wp-content\/uploads\/2025\/03\/Pridajte-sa-na-dobrovolnicke-akcie-1306x979.jpg 1306w\" loading=\"eager\" style=\"--ratio: 768 \/ 576\" sizes=\"(max-width: 768px) 100vw, 768px\" alt=\"Pridajte sa na dobrovo\u013en\u00edcke akcie\" title=\"Pridajte sa na dobrovo\u013en\u00edcke akcie\" width=\"768\" height=\"576\"  \/><\/a>\n\t<\/div>\n<\/div>\n\n\n<div class=\"post-entry-content\">\n\n\t<h3 class=\"entry-title\">\n\t\t<a href=\"https:\/\/broz.sk\/en\/join-this-years-volunteer-actions-for-steppe-birds\/\" title=\"Join this year\u2019s volunteer actions for steppe birds\" rel=\"bookmark\">Join this year\u2019s volunteer actions for steppe birds<\/a>\n\t<\/h3>\n\n\t<div class=\"entry-meta\"><a href=\"https:\/\/broz.sk\/en\/2025\/03\/04\/\" title=\"9:50\" class=\"data-link\" rel=\"bookmark\"><time class=\"entry-date updated\" datetime=\"2025-03-04T09:50:57+01:00\">4. March 2025<\/time><\/a><\/div>\n\t<div class=\"entry-excerpt\"><p>SOS\/BirdLife Slovakia invites you to take part in upcoming volunteer events within the LIFE 4 STEPPE BIRDS project focused on monitoring and helping steppe birds.<\/p>\n<\/div>\n\t\n<a href=\"https:\/\/broz.sk\/en\/join-this-years-volunteer-actions-for-steppe-birds\/\" class=\"post-details details-type-link\" aria-label=\"Read more about Join this year\u2019s volunteer actions for steppe birds\">Read more<i class=\"dt-icon-the7-arrow-03\" aria-hidden=\"true\"><\/i><\/a>\n\n<\/div><\/article><article class=\"post project-odd hidden post-36704 type-post status-publish format-standard has-post-thumbnail hentry category-protection-of-habitats tag-life-resistance-en pmpro-has-access category-31 description-off\" data-name=\"Steering Committee Meeting Highlights\" data-date=\"2025-02-12T16:25:57+01:00\">\n\n<div class=\"post-thumbnail-wrap\">\n\t<div class=\"post-thumbnail\">\n\n\t\t\n\t\t\n\t\t<a href=\"https:\/\/broz.sk\/en\/steering-committee-meeting-highlights\/\" class=\"post-thumbnail-rollover layzr-bg layzr-bg\" ><img decoding=\"async\" class=\"blog-thumb-lazy-load preload-me lazy-load aspect\" src=\"data:image\/svg+xml,%3Csvg%20xmlns%3D&#39;http%3A%2F%2Fwww.w3.org%2F2000%2Fsvg&#39;%20viewBox%3D&#39;0%200%20768%20576&#39;%2F%3E\" data-src=\"https:\/\/broz.sk\/wp-content\/uploads\/2025\/02\/IMG-20241120-WA0018-768x576.jpg\" data-srcset=\"https:\/\/broz.sk\/wp-content\/uploads\/2025\/02\/IMG-20241120-WA0018-768x576.jpg 768w, https:\/\/broz.sk\/wp-content\/uploads\/2025\/02\/IMG-20241120-WA0018-1306x979.jpg 1306w\" loading=\"eager\" style=\"--ratio: 768 \/ 576\" sizes=\"(max-width: 768px) 100vw, 768px\" alt=\"Prezent\u00e1cia aktiv\u00edt projektov\u00e9ho partnera N\u00e1rodn\u00fd park Fert\u0151-Hans\u00e1g\" title=\"IMG-20241120-WA0018\" width=\"768\" height=\"576\"  \/><\/a>\n\t<\/div>\n<\/div>\n\n\n<div class=\"post-entry-content\">\n\n\t<h3 class=\"entry-title\">\n\t\t<a href=\"https:\/\/broz.sk\/en\/steering-committee-meeting-highlights\/\" title=\"Steering Committee Meeting Highlights\" rel=\"bookmark\">Steering Committee Meeting Highlights<\/a>\n\t<\/h3>\n\n\t<div class=\"entry-meta\"><a href=\"https:\/\/broz.sk\/en\/2025\/02\/12\/\" title=\"16:25\" class=\"data-link\" rel=\"bookmark\"><time class=\"entry-date updated\" datetime=\"2025-02-12T16:25:57+01:00\">12. February 2025<\/time><\/a><\/div>\n\t<div class=\"entry-excerpt\"><p>The Steering Committee of the LIFE Resistance Project convened for its first meeting on 19th of November, bringing together representatives from eight beneficiary organizations to discuss progress, achievements, and future plans.<\/p>\n<\/div>\n\t\n<a href=\"https:\/\/broz.sk\/en\/steering-committee-meeting-highlights\/\" class=\"post-details details-type-link\" aria-label=\"Read more about Steering Committee Meeting Highlights\">Read more<i class=\"dt-icon-the7-arrow-03\" aria-hidden=\"true\"><\/i><\/a>\n\n<\/div><\/article><article class=\"post project-odd hidden post-36643 type-post status-publish format-standard has-post-thumbnail hentry category-protection-of-habitats pmpro-has-access category-31 description-off\" data-name=\"We started grazing in Hungary\" data-date=\"2025-02-12T15:33:33+01:00\">\n\n<div class=\"post-thumbnail-wrap\">\n\t<div class=\"post-thumbnail\">\n\n\t\t\n\t\t\n\t\t<a href=\"https:\/\/broz.sk\/en\/we-started-grazing-in-hungary\/\" class=\"post-thumbnail-rollover layzr-bg layzr-bg\" ><img decoding=\"async\" class=\"blog-thumb-lazy-load preload-me lazy-load aspect\" src=\"data:image\/svg+xml,%3Csvg%20xmlns%3D&#39;http%3A%2F%2Fwww.w3.org%2F2000%2Fsvg&#39;%20viewBox%3D&#39;0%200%20768%20576&#39;%2F%3E\" data-src=\"https:\/\/broz.sk\/wp-content\/uploads\/2025\/02\/IMG-20250130-WA0007-768x576.jpg\" data-srcset=\"https:\/\/broz.sk\/wp-content\/uploads\/2025\/02\/IMG-20250130-WA0007-768x576.jpg 768w, https:\/\/broz.sk\/wp-content\/uploads\/2025\/02\/IMG-20250130-WA0007-973x730.jpg 973w\" loading=\"eager\" style=\"--ratio: 768 \/ 576\" sizes=\"(max-width: 768px) 100vw, 768px\" alt=\"Pas\u00face sa byvoly\" title=\"IMG-20250130-WA0007\" width=\"768\" height=\"576\"  \/><\/a>\n\t<\/div>\n<\/div>\n\n\n<div class=\"post-entry-content\">\n\n\t<h3 class=\"entry-title\">\n\t\t<a href=\"https:\/\/broz.sk\/en\/we-started-grazing-in-hungary\/\" title=\"We started grazing in Hungary\" rel=\"bookmark\">We started grazing in Hungary<\/a>\n\t<\/h3>\n\n\t<div class=\"entry-meta\"><a href=\"https:\/\/broz.sk\/en\/2025\/02\/12\/\" title=\"15:33\" class=\"data-link\" rel=\"bookmark\"><time class=\"entry-date updated\" datetime=\"2025-02-12T15:33:33+01:00\">12. February 2025<\/time><\/a><\/div>\n\t<div class=\"entry-excerpt\"><p>Our project partner, L\u00e1szl\u00f3 Szomol\u00e1nyi, has introduced water buffalo grazing on a 12-hectare area in October 2024, marking a significant step towards habitat restoration and biodiversity enhancement.<\/p>\n<\/div>\n\t\n<a href=\"https:\/\/broz.sk\/en\/we-started-grazing-in-hungary\/\" class=\"post-details details-type-link\" aria-label=\"Read more about We started grazing in Hungary\">Read more<i class=\"dt-icon-the7-arrow-03\" aria-hidden=\"true\"><\/i><\/a>\n\n<\/div><\/article><article class=\"post project-odd hidden post-36565 type-post status-publish format-standard has-post-thumbnail hentry category-protection-of-habitats pmpro-has-access category-31 description-off\" data-name=\"We have expanded an oasis of life near Pova\u017esk\u00e1 Bystrica\" data-date=\"2025-02-06T15:27:00+01:00\">\n\n<div class=\"post-thumbnail-wrap\">\n\t<div class=\"post-thumbnail\">\n\n\t\t\n\t\t\n\t\t<a href=\"https:\/\/broz.sk\/en\/we-have-expanded-an-oasis-of-life-near-povazska-bystrica\/\" class=\"post-thumbnail-rollover layzr-bg layzr-bg\" ><img decoding=\"async\" class=\"blog-thumb-lazy-load preload-me lazy-load aspect\" src=\"data:image\/svg+xml,%3Csvg%20xmlns%3D&#39;http%3A%2F%2Fwww.w3.org%2F2000%2Fsvg&#39;%20viewBox%3D&#39;0%200%20768%20576&#39;%2F%3E\" data-src=\"https:\/\/broz.sk\/wp-content\/uploads\/2025\/02\/DSC02616-768x576.jpg\" data-srcset=\"https:\/\/broz.sk\/wp-content\/uploads\/2025\/02\/DSC02616-768x576.jpg 768w, https:\/\/broz.sk\/wp-content\/uploads\/2025\/02\/DSC02616-1306x979.jpg 1306w\" loading=\"eager\" style=\"--ratio: 768 \/ 576\" sizes=\"(max-width: 768px) 100vw, 768px\" alt=\"\" title=\"DSC02616\" width=\"768\" height=\"576\"  \/><\/a>\n\t<\/div>\n<\/div>\n\n\n<div class=\"post-entry-content\">\n\n\t<h3 class=\"entry-title\">\n\t\t<a href=\"https:\/\/broz.sk\/en\/we-have-expanded-an-oasis-of-life-near-povazska-bystrica\/\" title=\"We have expanded an oasis of life near Pova\u017esk\u00e1 Bystrica\" rel=\"bookmark\">We have expanded an oasis of life near Pova\u017esk\u00e1 Bystrica<\/a>\n\t<\/h3>\n\n\t<div class=\"entry-meta\"><a href=\"https:\/\/broz.sk\/en\/2025\/02\/06\/\" title=\"15:27\" class=\"data-link\" rel=\"bookmark\"><time class=\"entry-date updated\" datetime=\"2025-02-06T15:27:00+01:00\">6. February 2025<\/time><\/a><\/div>\n\t<div class=\"entry-excerpt\"><p>Above Podman\u00edn, at the piedmont of Man\u00ednec and Ve\u013ek\u00fd Man\u00edn in the Str\u00e1\u017eovsk\u00e9 vrchy, lies a small, open hillside that, at first glance, may seem dry and lifeless. But appearances can be deceiving\u2014these warm, sunlit slopes are bursting with life. Hundreds, perhaps even thousands, of warm-requiring species thrive here, including rare insects, plants, lichens, fungi,&hellip;<\/p>\n<\/div>\n\t\n<a href=\"https:\/\/broz.sk\/en\/we-have-expanded-an-oasis-of-life-near-povazska-bystrica\/\" class=\"post-details details-type-link\" aria-label=\"Read more about We have expanded an oasis of life near Pova\u017esk\u00e1 Bystrica\">Read more<i class=\"dt-icon-the7-arrow-03\" aria-hidden=\"true\"><\/i><\/a>\n\n<\/div><\/article><article class=\"post project-odd hidden post-36563 type-post status-publish format-standard has-post-thumbnail hentry category-protection-of-habitats pmpro-has-access category-31 description-off\" data-name=\"Hrehorkov\u00e9 revives thanks to traditional grazing. Will the butterfly king return?\" data-date=\"2025-02-06T15:19:02+01:00\">\n\n<div class=\"post-thumbnail-wrap\">\n\t<div class=\"post-thumbnail\">\n\n\t\t\n\t\t\n\t\t<a href=\"https:\/\/broz.sk\/en\/hrehorkove-revives-thanks-to-traditional-grazing-will-the-butterfly-king-return\/\" class=\"post-thumbnail-rollover layzr-bg layzr-bg\" ><img decoding=\"async\" class=\"blog-thumb-lazy-load preload-me lazy-load aspect\" src=\"data:image\/svg+xml,%3Csvg%20xmlns%3D&#39;http%3A%2F%2Fwww.w3.org%2F2000%2Fsvg&#39;%20viewBox%3D&#39;0%200%20768%20576&#39;%2F%3E\" data-src=\"https:\/\/broz.sk\/wp-content\/uploads\/2025\/01\/DSC01984-768x576.jpg\" data-srcset=\"https:\/\/broz.sk\/wp-content\/uploads\/2025\/01\/DSC01984-768x576.jpg 768w, https:\/\/broz.sk\/wp-content\/uploads\/2025\/01\/DSC01984-1306x979.jpg 1306w\" loading=\"eager\" style=\"--ratio: 768 \/ 576\" sizes=\"(max-width: 768px) 100vw, 768px\" alt=\"\" title=\"DSC01984\" width=\"768\" height=\"576\"  \/><\/a>\n\t<\/div>\n<\/div>\n\n\n<div class=\"post-entry-content\">\n\n\t<h3 class=\"entry-title\">\n\t\t<a href=\"https:\/\/broz.sk\/en\/hrehorkove-revives-thanks-to-traditional-grazing-will-the-butterfly-king-return\/\" title=\"Hrehorkov\u00e9 revives thanks to traditional grazing. Will the butterfly king return?\" rel=\"bookmark\">Hrehorkov\u00e9 revives thanks to traditional grazing. Will the butterfly king return?<\/a>\n\t<\/h3>\n\n\t<div class=\"entry-meta\"><a href=\"https:\/\/broz.sk\/en\/2025\/02\/06\/\" title=\"15:19\" class=\"data-link\" rel=\"bookmark\"><time class=\"entry-date updated\" datetime=\"2025-02-06T15:19:02+01:00\">6. February 2025<\/time><\/a><\/div>\n\t<div class=\"entry-excerpt\"><p>Hrehorkov\u00e9, a Site of Community Importance (SCI), is one of the youngest protected areas in the Biele Karpaty. Located on the sunlit limestone slopes near the village of Miku\u0161ovce (Ilava district), it was designated as a protected area in 2018, covering 12 hectares. By then, however, the once-open landscape had become overgrown with shrubs and&hellip;<\/p>\n<\/div>\n\t\n<a href=\"https:\/\/broz.sk\/en\/hrehorkove-revives-thanks-to-traditional-grazing-will-the-butterfly-king-return\/\" class=\"post-details details-type-link\" aria-label=\"Read more about Hrehorkov\u00e9 revives thanks to traditional grazing. Will the butterfly king return?\">Read more<i class=\"dt-icon-the7-arrow-03\" aria-hidden=\"true\"><\/i><\/a>\n\n<\/div><\/article><article class=\"post project-odd hidden post-36554 type-post status-publish format-standard has-post-thumbnail hentry category-protection-of-habitats pmpro-has-access category-31 description-off\" data-name=\"In the Javorn\u00edky Mountains, on Klapy, we helped the rare Apollo butterflies and pasque flowers.\" data-date=\"2025-02-05T10:54:20+01:00\">\n\n<div class=\"post-thumbnail-wrap\">\n\t<div class=\"post-thumbnail\">\n\n\t\t\n\t\t\n\t\t<a href=\"https:\/\/broz.sk\/en\/in-the-javorniky-mountains-on-klapy-we-helped-the-rare-apollo-butterflies-and-pasque-flowers\/\" class=\"post-thumbnail-rollover layzr-bg layzr-bg\" ><img decoding=\"async\" class=\"blog-thumb-lazy-load preload-me lazy-load aspect\" src=\"data:image\/svg+xml,%3Csvg%20xmlns%3D&#39;http%3A%2F%2Fwww.w3.org%2F2000%2Fsvg&#39;%20viewBox%3D&#39;0%200%20768%20576&#39;%2F%3E\" data-src=\"https:\/\/broz.sk\/wp-content\/uploads\/2025\/01\/DSC07044-1-768x576.jpg\" data-srcset=\"https:\/\/broz.sk\/wp-content\/uploads\/2025\/01\/DSC07044-1-768x576.jpg 768w, https:\/\/broz.sk\/wp-content\/uploads\/2025\/01\/DSC07044-1-1306x979.jpg 1306w\" loading=\"eager\" style=\"--ratio: 768 \/ 576\" sizes=\"(max-width: 768px) 100vw, 768px\" alt=\"\" title=\"DSC07044\" width=\"768\" height=\"576\"  \/><\/a>\n\t<\/div>\n<\/div>\n\n\n<div class=\"post-entry-content\">\n\n\t<h3 class=\"entry-title\">\n\t\t<a href=\"https:\/\/broz.sk\/en\/in-the-javorniky-mountains-on-klapy-we-helped-the-rare-apollo-butterflies-and-pasque-flowers\/\" title=\"In the Javorn\u00edky Mountains, on Klapy, we helped the rare Apollo butterflies and pasque flowers.\" rel=\"bookmark\">In the Javorn\u00edky Mountains, on Klapy, we helped the rare Apollo butterflies and pasque flowers.<\/a>\n\t<\/h3>\n\n\t<div class=\"entry-meta\"><a href=\"https:\/\/broz.sk\/en\/2025\/02\/05\/\" title=\"10:54\" class=\"data-link\" rel=\"bookmark\"><time class=\"entry-date updated\" datetime=\"2025-02-05T10:54:20+01:00\">5. February 2025<\/time><\/a><\/div>\n\t<div class=\"entry-excerpt\"><p>Just as humans have carved their own paths through nature, nature, too, has created its own unique routes. The southern edge of the Javorn\u00edky Mountains is home to the Pieniny Klippen Belt, a stunning limestone ridge that stretches from Myjava, across the Polish Tatras, through Humenn\u00e9, and all the way to Romania. These rocky formations&hellip;<\/p>\n<\/div>\n\t\n<a href=\"https:\/\/broz.sk\/en\/in-the-javorniky-mountains-on-klapy-we-helped-the-rare-apollo-butterflies-and-pasque-flowers\/\" class=\"post-details details-type-link\" aria-label=\"Read more about In the Javorn\u00edky Mountains, on Klapy, we helped the rare Apollo butterflies and pasque flowers.\">Read more<i class=\"dt-icon-the7-arrow-03\" aria-hidden=\"true\"><\/i><\/a>\n\n<\/div><\/article><article class=\"post project-odd hidden post-36550 type-post status-publish format-standard has-post-thumbnail hentry category-protection-of-habitats pmpro-has-access category-31 description-off\" data-name=\"We are restoring rare steppe habitats in Horn\u00e1 Pust\u00e1 Ves\" data-date=\"2025-02-05T10:41:32+01:00\">\n\n<div class=\"post-thumbnail-wrap\">\n\t<div class=\"post-thumbnail\">\n\n\t\t\n\t\t\n\t\t<a href=\"https:\/\/broz.sk\/en\/we-are-restoring-rare-steppe-habitats-in-horna-pusta-ves\/\" class=\"post-thumbnail-rollover layzr-bg layzr-bg\" ><img decoding=\"async\" class=\"blog-thumb-lazy-load preload-me lazy-load aspect\" src=\"data:image\/svg+xml,%3Csvg%20xmlns%3D&#39;http%3A%2F%2Fwww.w3.org%2F2000%2Fsvg&#39;%20viewBox%3D&#39;0%200%20768%20576&#39;%2F%3E\" data-src=\"https:\/\/broz.sk\/wp-content\/uploads\/2025\/01\/DSC02293-768x576.jpg\" data-srcset=\"https:\/\/broz.sk\/wp-content\/uploads\/2025\/01\/DSC02293-768x576.jpg 768w, https:\/\/broz.sk\/wp-content\/uploads\/2025\/01\/DSC02293-1306x979.jpg 1306w\" loading=\"eager\" style=\"--ratio: 768 \/ 576\" sizes=\"(max-width: 768px) 100vw, 768px\" alt=\"\" title=\"DSC02293\" width=\"768\" height=\"576\"  \/><\/a>\n\t<\/div>\n<\/div>\n\n\n<div class=\"post-entry-content\">\n\n\t<h3 class=\"entry-title\">\n\t\t<a href=\"https:\/\/broz.sk\/en\/we-are-restoring-rare-steppe-habitats-in-horna-pusta-ves\/\" title=\"We are restoring rare steppe habitats in Horn\u00e1 Pust\u00e1 Ves\" rel=\"bookmark\">We are restoring rare steppe habitats in Horn\u00e1 Pust\u00e1 Ves<\/a>\n\t<\/h3>\n\n\t<div class=\"entry-meta\"><a href=\"https:\/\/broz.sk\/en\/2025\/02\/05\/\" title=\"10:41\" class=\"data-link\" rel=\"bookmark\"><time class=\"entry-date updated\" datetime=\"2025-02-05T10:41:32+01:00\">5. February 2025<\/time><\/a><\/div>\n\t<div class=\"entry-excerpt\"><p>The quiet settlement of Horn\u00e1 Pust\u00e1 Ves is hidden away in the northern part of the Brezovsk\u00e9 Karpaty, within the Pra\u0161n\u00edk municipality. Surrounded by the limestone peaks of the Mal\u00e9 Karpaty, this area has a rich natural and cultural history. People settled here as early as the Paleolithic era, evidenced by the remains of an&hellip;<\/p>\n<\/div>\n\t\n<a href=\"https:\/\/broz.sk\/en\/we-are-restoring-rare-steppe-habitats-in-horna-pusta-ves\/\" class=\"post-details details-type-link\" aria-label=\"Read more about We are restoring rare steppe habitats in Horn\u00e1 Pust\u00e1 Ves\">Read more<i class=\"dt-icon-the7-arrow-03\" aria-hidden=\"true\"><\/i><\/a>\n\n<\/div><\/article><article class=\"post project-odd hidden post-37405 type-post status-publish format-standard has-post-thumbnail hentry category-protection-of-habitats pmpro-has-access category-31 description-off\" data-name=\"We restored wetlands for butterflies\" data-date=\"2025-02-02T11:42:26+01:00\">\n\n<div class=\"post-thumbnail-wrap\">\n\t<div class=\"post-thumbnail\">\n\n\t\t\n\t\t\n\t\t<a href=\"https:\/\/broz.sk\/en\/we-restored-wetlands-for-butterflies\/\" class=\"post-thumbnail-rollover layzr-bg layzr-bg\" ><img decoding=\"async\" class=\"blog-thumb-lazy-load preload-me lazy-load aspect\" src=\"data:image\/svg+xml,%3Csvg%20xmlns%3D&#39;http%3A%2F%2Fwww.w3.org%2F2000%2Fsvg&#39;%20viewBox%3D&#39;0%200%20768%20576&#39;%2F%3E\" data-src=\"https:\/\/broz.sk\/wp-content\/uploads\/2025\/03\/Modracik-lesny-parenie-768x576.jpg\" data-srcset=\"https:\/\/broz.sk\/wp-content\/uploads\/2025\/03\/Modracik-lesny-parenie-768x576.jpg 768w, https:\/\/broz.sk\/wp-content\/uploads\/2025\/03\/Modracik-lesny-parenie-1306x979.jpg 1306w\" loading=\"eager\" style=\"--ratio: 768 \/ 576\" sizes=\"(max-width: 768px) 100vw, 768px\" alt=\"\" title=\"Modr\u00e1\u010dik lesn\u00fd p\u00e1renie\" width=\"768\" height=\"576\"  \/><\/a>\n\t<\/div>\n<\/div>\n\n\n<div class=\"post-entry-content\">\n\n\t<h3 class=\"entry-title\">\n\t\t<a href=\"https:\/\/broz.sk\/en\/we-restored-wetlands-for-butterflies\/\" title=\"We restored wetlands for butterflies\" rel=\"bookmark\">We restored wetlands for butterflies<\/a>\n\t<\/h3>\n\n\t<div class=\"entry-meta\"><a href=\"https:\/\/broz.sk\/en\/2025\/02\/02\/\" title=\"11:42\" class=\"data-link\" rel=\"bookmark\"><time class=\"entry-date updated\" datetime=\"2025-02-02T11:42:26+01:00\">2. February 2025<\/time><\/a><\/div>\n\t<div class=\"entry-excerpt\"><p>Last year, in the Site of European Importance &#8216;Holubyho kopanice&#8217; in the White Carpathians, we focused on clearing several springs and travertine marshes of invasive woody plants, maintaining infiltration pits, and hand-mowing meadows in their vicinity. These rare wetland habitats are inaccessible to larger machinery, which led to the abandonment of management practices, gradual overgrowth, and subsequent drying out.<\/p>\n<\/div>\n\t\n<a href=\"https:\/\/broz.sk\/en\/we-restored-wetlands-for-butterflies\/\" class=\"post-details details-type-link\" aria-label=\"Read more about We restored wetlands for butterflies\">Read more<i class=\"dt-icon-the7-arrow-03\" aria-hidden=\"true\"><\/i><\/a>\n\n<\/div><\/article><article class=\"post project-odd hidden post-37409 type-post status-publish format-standard has-post-thumbnail hentry category-protection-of-habitats pmpro-has-access category-31 description-off\" data-name=\"We organised a seminar for farmers\" data-date=\"2024-12-20T11:49:22+01:00\">\n\n<div class=\"post-thumbnail-wrap\">\n\t<div class=\"post-thumbnail\">\n\n\t\t\n\t\t\n\t\t<a href=\"https:\/\/broz.sk\/en\/we-organised-a-seminar-for-farmers\/\" class=\"post-thumbnail-rollover layzr-bg layzr-bg\" ><img decoding=\"async\" class=\"blog-thumb-lazy-load preload-me lazy-load aspect\" src=\"data:image\/svg+xml,%3Csvg%20xmlns%3D&#39;http%3A%2F%2Fwww.w3.org%2F2000%2Fsvg&#39;%20viewBox%3D&#39;0%200%20768%20576&#39;%2F%3E\" data-src=\"https:\/\/broz.sk\/wp-content\/uploads\/2024\/12\/DSC01763small-768x576.jpg\" data-srcset=\"https:\/\/broz.sk\/wp-content\/uploads\/2024\/12\/DSC01763small-768x576.jpg 768w, https:\/\/broz.sk\/wp-content\/uploads\/2024\/12\/DSC01763small-1306x979.jpg 1306w\" loading=\"eager\" style=\"--ratio: 768 \/ 576\" sizes=\"(max-width: 768px) 100vw, 768px\" alt=\"\" title=\"DSC01763small\" width=\"768\" height=\"576\"  \/><\/a>\n\t<\/div>\n<\/div>\n\n\n<div class=\"post-entry-content\">\n\n\t<h3 class=\"entry-title\">\n\t\t<a href=\"https:\/\/broz.sk\/en\/we-organised-a-seminar-for-farmers\/\" title=\"We organised a seminar for farmers\" rel=\"bookmark\">We organised a seminar for farmers<\/a>\n\t<\/h3>\n\n\t<div class=\"entry-meta\"><a href=\"https:\/\/broz.sk\/en\/2024\/12\/20\/\" title=\"11:49\" class=\"data-link\" rel=\"bookmark\"><time class=\"entry-date updated\" datetime=\"2024-12-20T11:49:22+01:00\">20. December 2024<\/time><\/a><\/div>\n\t<div class=\"entry-excerpt\"><p>On Tuesday, November 26, 2024, we organized a seminar at Beckov Farm as part of the LIFE Metamorphosis project focused on sustainable deworming of livestock. This is a method of protecting animals from parasites that takes biodiversity conservation into account. Entomologists \u013dubo\u0161 V\u00ed\u0165az and Tom\u00e1\u0161 Ol\u0161ovsk\u00fd, farmer Ivana Kodajov\u00e1, and the director of the Institute&hellip;<\/p>\n<\/div>\n\t\n<a href=\"https:\/\/broz.sk\/en\/we-organised-a-seminar-for-farmers\/\" class=\"post-details details-type-link\" aria-label=\"Read more about We organised a seminar for farmers\">Read more<i class=\"dt-icon-the7-arrow-03\" aria-hidden=\"true\"><\/i><\/a>\n\n<\/div><\/article><article class=\"post project-odd hidden post-39408 type-post status-publish format-standard has-post-thumbnail hentry category-protection-of-species pmpro-has-access category-30 description-off\" data-name=\"70 new nest boxes for rollers in eastern Slovakia\" data-date=\"2024-12-19T09:34:19+01:00\">\n\n<div class=\"post-thumbnail-wrap\">\n\t<div class=\"post-thumbnail\">\n\n\t\t\n\t\t\n\t\t<a href=\"https:\/\/broz.sk\/en\/70-new-nest-boxes-for-rollers-in-eastern-slovakia\/\" class=\"post-thumbnail-rollover layzr-bg layzr-bg\" ><img decoding=\"async\" class=\"blog-thumb-lazy-load preload-me lazy-load aspect\" src=\"data:image\/svg+xml,%3Csvg%20xmlns%3D&#39;http%3A%2F%2Fwww.w3.org%2F2000%2Fsvg&#39;%20viewBox%3D&#39;0%200%20768%20576&#39;%2F%3E\" data-src=\"https:\/\/broz.sk\/wp-content\/uploads\/2025\/07\/V-tychto-dnoch-sa-na-vychodnom-Slovensku-pracuje-na-instalacii-budok-768x576.jpg\" data-srcset=\"https:\/\/broz.sk\/wp-content\/uploads\/2025\/07\/V-tychto-dnoch-sa-na-vychodnom-Slovensku-pracuje-na-instalacii-budok-768x576.jpg 768w, https:\/\/broz.sk\/wp-content\/uploads\/2025\/07\/V-tychto-dnoch-sa-na-vychodnom-Slovensku-pracuje-na-instalacii-budok-1231x923.jpg 1231w\" loading=\"eager\" style=\"--ratio: 768 \/ 576\" sizes=\"(max-width: 768px) 100vw, 768px\" alt=\"V t\u00fdchto d\u0148och sa na v\u00fdchodnom Slovensku pracuje na in\u0161tal\u00e1ci\u00ed b\u00fadok\" title=\"V t\u00fdchto d\u0148och sa na v\u00fdchodnom Slovensku pracuje na in\u0161tal\u00e1ci\u00ed b\u00fadok\" width=\"768\" height=\"576\"  \/><\/a>\n\t<\/div>\n<\/div>\n\n\n<div class=\"post-entry-content\">\n\n\t<h3 class=\"entry-title\">\n\t\t<a href=\"https:\/\/broz.sk\/en\/70-new-nest-boxes-for-rollers-in-eastern-slovakia\/\" title=\"70 new nest boxes for rollers in eastern Slovakia\" rel=\"bookmark\">70 new nest boxes for rollers in eastern Slovakia<\/a>\n\t<\/h3>\n\n\t<div class=\"entry-meta\"><a href=\"https:\/\/broz.sk\/en\/2024\/12\/19\/\" title=\"9:34\" class=\"data-link\" rel=\"bookmark\"><time class=\"entry-date updated\" datetime=\"2024-12-19T09:34:19+01:00\">19. December 2024<\/time><\/a><\/div>\n\t<div class=\"entry-excerpt\"><p>Currently, 70 new nest boxes are being installed on power line poles in the SPA Medzibodro\u017eie area. The European roller didn\u2019t nest in Slovakia for a full decade after 2010. <\/p>\n<\/div>\n\t\n<a href=\"https:\/\/broz.sk\/en\/70-new-nest-boxes-for-rollers-in-eastern-slovakia\/\" class=\"post-details details-type-link\" aria-label=\"Read more about 70 new nest boxes for rollers in eastern Slovakia\">Read more<i class=\"dt-icon-the7-arrow-03\" aria-hidden=\"true\"><\/i><\/a>\n\n<\/div><\/article><article class=\"post project-odd hidden post-35846 type-post status-publish format-standard has-post-thumbnail hentry category-protection-of-habitats pmpro-has-access category-31 description-off\" data-name=\"The project LIFE Resistance has its visual identity\" data-date=\"2024-12-17T16:42:36+01:00\">\n\n<div class=\"post-thumbnail-wrap\">\n\t<div class=\"post-thumbnail\">\n\n\t\t\n\t\t\n\t\t<a href=\"https:\/\/broz.sk\/en\/the-project-life-resistance-has-its-visual-identity\/\" class=\"post-thumbnail-rollover layzr-bg layzr-bg\" ><img decoding=\"async\" class=\"blog-thumb-lazy-load preload-me lazy-load aspect\" src=\"data:image\/svg+xml,%3Csvg%20xmlns%3D&#39;http%3A%2F%2Fwww.w3.org%2F2000%2Fsvg&#39;%20viewBox%3D&#39;0%200%20768%20576&#39;%2F%3E\" data-src=\"https:\/\/broz.sk\/wp-content\/uploads\/2024\/12\/Resistance-projekt-768x576.jpg\" data-srcset=\"https:\/\/broz.sk\/wp-content\/uploads\/2024\/12\/Resistance-projekt-768x576.jpg 768w, https:\/\/broz.sk\/wp-content\/uploads\/2024\/12\/Resistance-projekt-1306x979.jpg 1306w\" loading=\"eager\" style=\"--ratio: 768 \/ 576\" sizes=\"(max-width: 768px) 100vw, 768px\" alt=\"\" title=\"ESET_pokus 2\" width=\"768\" height=\"576\"  \/><\/a>\n\t<\/div>\n<\/div>\n\n\n<div class=\"post-entry-content\">\n\n\t<h3 class=\"entry-title\">\n\t\t<a href=\"https:\/\/broz.sk\/en\/the-project-life-resistance-has-its-visual-identity\/\" title=\"The project LIFE Resistance has its visual identity\" rel=\"bookmark\">The project LIFE Resistance has its visual identity<\/a>\n\t<\/h3>\n\n\t<div class=\"entry-meta\"><a href=\"https:\/\/broz.sk\/en\/2024\/12\/17\/\" title=\"16:42\" class=\"data-link\" rel=\"bookmark\"><time class=\"entry-date updated\" datetime=\"2024-12-17T16:42:36+01:00\">17. December 2024<\/time><\/a><\/div>\n\t<div class=\"entry-excerpt\"><p>The project logo has an organic character. It symbolises life regardless of its form. The graphic design depicts a sign thrown into the water, which slowly dissolves and also refers to the rewetting of the sites. It does not have clear lines and the letters connect to each other.<\/p>\n<\/div>\n\t\n<a href=\"https:\/\/broz.sk\/en\/the-project-life-resistance-has-its-visual-identity\/\" class=\"post-details details-type-link\" aria-label=\"Read more about The project LIFE Resistance has its visual identity\">Read more<i class=\"dt-icon-the7-arrow-03\" aria-hidden=\"true\"><\/i><\/a>\n\n<\/div><\/article><article class=\"post project-odd hidden post-36080 type-post status-publish format-standard has-post-thumbnail hentry category-protection-of-habitats pmpro-has-access category-31 description-off\" data-name=\"Project mission successfully accomplished\" data-date=\"2024-11-30T14:09:16+01:00\">\n\n<div class=\"post-thumbnail-wrap\">\n\t<div class=\"post-thumbnail\">\n\n\t\t\n\t\t\n\t\t<a href=\"https:\/\/broz.sk\/en\/project-mission-successfully-accomplished\/\" class=\"post-thumbnail-rollover layzr-bg layzr-bg\" ><img decoding=\"async\" class=\"blog-thumb-lazy-load preload-me lazy-load aspect\" src=\"data:image\/svg+xml,%3Csvg%20xmlns%3D&#39;http%3A%2F%2Fwww.w3.org%2F2000%2Fsvg&#39;%20viewBox%3D&#39;0%200%20768%20576&#39;%2F%3E\" data-src=\"https:\/\/broz.sk\/wp-content\/uploads\/2025\/01\/IMG_20230815_121421-scaled-768x576.jpg\" data-srcset=\"https:\/\/broz.sk\/wp-content\/uploads\/2025\/01\/IMG_20230815_121421-scaled-768x576.jpg 768w, https:\/\/broz.sk\/wp-content\/uploads\/2025\/01\/IMG_20230815_121421-scaled-1306x979.jpg 1306w\" loading=\"eager\" style=\"--ratio: 768 \/ 576\" sizes=\"(max-width: 768px) 100vw, 768px\" alt=\"\" title=\"IMG_20230815_121421\" width=\"768\" height=\"576\"  \/><\/a>\n\t<\/div>\n<\/div>\n\n\n<div class=\"post-entry-content\">\n\n\t<h3 class=\"entry-title\">\n\t\t<a href=\"https:\/\/broz.sk\/en\/project-mission-successfully-accomplished\/\" title=\"Project mission successfully accomplished\" rel=\"bookmark\">Project mission successfully accomplished<\/a>\n\t<\/h3>\n\n\t<div class=\"entry-meta\"><a href=\"https:\/\/broz.sk\/en\/2024\/11\/30\/\" title=\"14:09\" class=\"data-link\" rel=\"bookmark\"><time class=\"entry-date updated\" datetime=\"2024-11-30T14:09:16+01:00\">30. November 2024<\/time><\/a><\/div>\n\t<div class=\"entry-excerpt\"><p>We could now gladly inform, that the main project objective \u2013 to restore the key natural habitats of Danube floodplains and to introduce sound sustainable management \u2013 was achieved. <\/p>\n<\/div>\n\t\n<a href=\"https:\/\/broz.sk\/en\/project-mission-successfully-accomplished\/\" class=\"post-details details-type-link\" aria-label=\"Read more about Project mission successfully accomplished\">Read more<i class=\"dt-icon-the7-arrow-03\" aria-hidden=\"true\"><\/i><\/a>\n\n<\/div><\/article><article class=\"post project-odd hidden post-36039 type-post status-publish format-standard has-post-thumbnail hentry category-protection-of-habitats pmpro-has-access category-31 description-off\" data-name=\"Removal of migration barrier\" data-date=\"2024-11-28T10:45:06+01:00\">\n\n<div class=\"post-thumbnail-wrap\">\n\t<div class=\"post-thumbnail\">\n\n\t\t\n\t\t\n\t\t<a href=\"https:\/\/broz.sk\/en\/removal-of-migration-barrier\/\" class=\"post-thumbnail-rollover layzr-bg layzr-bg\" ><img decoding=\"async\" class=\"blog-thumb-lazy-load preload-me lazy-load aspect\" src=\"data:image\/svg+xml,%3Csvg%20xmlns%3D&#39;http%3A%2F%2Fwww.w3.org%2F2000%2Fsvg&#39;%20viewBox%3D&#39;0%200%20768%20576&#39;%2F%3E\" data-src=\"https:\/\/broz.sk\/wp-content\/uploads\/2025\/01\/IMG-20241008-WA0005-768x576.jpg\" data-srcset=\"https:\/\/broz.sk\/wp-content\/uploads\/2025\/01\/IMG-20241008-WA0005-768x576.jpg 768w, https:\/\/broz.sk\/wp-content\/uploads\/2025\/01\/IMG-20241008-WA0005-1007x755.jpg 1007w\" loading=\"eager\" style=\"--ratio: 768 \/ 576\" sizes=\"(max-width: 768px) 100vw, 768px\" alt=\"\" title=\"IMG-20241008-WA0005\" width=\"768\" height=\"576\"  \/><\/a>\n\t<\/div>\n<\/div>\n\n\n<div class=\"post-entry-content\">\n\n\t<h3 class=\"entry-title\">\n\t\t<a href=\"https:\/\/broz.sk\/en\/removal-of-migration-barrier\/\" title=\"Removal of migration barrier\" rel=\"bookmark\">Removal of migration barrier<\/a>\n\t<\/h3>\n\n\t<div class=\"entry-meta\"><a href=\"https:\/\/broz.sk\/en\/2024\/11\/28\/\" title=\"10:45\" class=\"data-link\" rel=\"bookmark\"><time class=\"entry-date updated\" datetime=\"2024-11-28T10:45:06+01:00\">28. November 2024<\/time><\/a><\/div>\n\t<div class=\"entry-excerpt\"><p>Various types of man-made barriers such as dams, weirs, steps, fords, culverts, etc. create obstacles in streams and cause water levels to rise. This creates non-native lake ecosystems with many negative effects, above the barriers due to the slowing of the flow and below the barriers due to the disturbed water regime and sediment transport regime.<\/p>\n<\/div>\n\t\n<a href=\"https:\/\/broz.sk\/en\/removal-of-migration-barrier\/\" class=\"post-details details-type-link\" aria-label=\"Read more about Removal of migration barrier\">Read more<i class=\"dt-icon-the7-arrow-03\" aria-hidden=\"true\"><\/i><\/a>\n\n<\/div><\/article><article class=\"post project-odd hidden post-35173 type-post status-publish format-standard has-post-thumbnail hentry category-protection-of-habitats pmpro-has-access category-31 description-off\" data-name=\"The Czechoslovak conservation weekend in White Carpathians contributed to saving the rocky steppes\" data-date=\"2024-10-31T10:13:17+01:00\">\n\n<div class=\"post-thumbnail-wrap\">\n\t<div class=\"post-thumbnail\">\n\n\t\t\n\t\t\n\t\t<a href=\"https:\/\/broz.sk\/en\/the-czechoslovak-conservation-weekend-in-white-carpathians-contributed-to-saving-the-rocky-steppes\/\" class=\"post-thumbnail-rollover layzr-bg layzr-bg\" ><img decoding=\"async\" class=\"blog-thumb-lazy-load preload-me lazy-load aspect\" src=\"data:image\/svg+xml,%3Csvg%20xmlns%3D&#39;http%3A%2F%2Fwww.w3.org%2F2000%2Fsvg&#39;%20viewBox%3D&#39;0%200%20768%20576&#39;%2F%3E\" data-src=\"https:\/\/broz.sk\/wp-content\/uploads\/2024\/10\/DSC01405-768x576.jpg\" data-srcset=\"https:\/\/broz.sk\/wp-content\/uploads\/2024\/10\/DSC01405-768x576.jpg 768w, https:\/\/broz.sk\/wp-content\/uploads\/2024\/10\/DSC01405-1306x979.jpg 1306w\" loading=\"eager\" style=\"--ratio: 768 \/ 576\" sizes=\"(max-width: 768px) 100vw, 768px\" alt=\"\" title=\"DSC01405\" width=\"768\" height=\"576\"  \/><\/a>\n\t<\/div>\n<\/div>\n\n\n<div class=\"post-entry-content\">\n\n\t<h3 class=\"entry-title\">\n\t\t<a href=\"https:\/\/broz.sk\/en\/the-czechoslovak-conservation-weekend-in-white-carpathians-contributed-to-saving-the-rocky-steppes\/\" title=\"The Czechoslovak conservation weekend in White Carpathians contributed to saving the rocky steppes\" rel=\"bookmark\">The Czechoslovak conservation weekend in White Carpathians contributed to saving the rocky steppes<\/a>\n\t<\/h3>\n\n\t<div class=\"entry-meta\"><a href=\"https:\/\/broz.sk\/en\/2024\/10\/31\/\" title=\"10:13\" class=\"data-link\" rel=\"bookmark\"><time class=\"entry-date updated\" datetime=\"2024-10-31T10:13:17+01:00\">31. October 2024<\/time><\/a><\/div>\n\t<div class=\"entry-excerpt\"><p>Although we do not commemorate October 28 as a national holiday in Slovakia, the legacy of the first common republic is still alive for many of us. This also applies to Czech conservationists from the JARO Group or scientists from the Faculty of Natural Sciences of Charles University. They decided to spend their extended October&hellip;<\/p>\n<\/div>\n\t\n<a href=\"https:\/\/broz.sk\/en\/the-czechoslovak-conservation-weekend-in-white-carpathians-contributed-to-saving-the-rocky-steppes\/\" class=\"post-details details-type-link\" aria-label=\"Read more about The Czechoslovak conservation weekend in White Carpathians contributed to saving the rocky steppes\">Read more<i class=\"dt-icon-the7-arrow-03\" aria-hidden=\"true\"><\/i><\/a>\n\n<\/div><\/article><article class=\"post project-odd hidden post-37656 type-post status-publish format-standard has-post-thumbnail hentry category-protection-of-species pmpro-has-access category-30 description-off\" data-name=\"First attempts to reintroduce bluebirds have been made\" data-date=\"2024-10-30T11:16:07+01:00\">\n\n<div class=\"post-thumbnail-wrap\">\n\t<div class=\"post-thumbnail\">\n\n\t\t\n\t\t\n\t\t<a href=\"https:\/\/broz.sk\/en\/first-attempts-to-reintroduce-bluebirds-have-been-made\/\" class=\"post-thumbnail-rollover layzr-bg layzr-bg\" ><img decoding=\"async\" class=\"blog-thumb-lazy-load preload-me lazy-load aspect\" src=\"data:image\/svg+xml,%3Csvg%20xmlns%3D&#39;http%3A%2F%2Fwww.w3.org%2F2000%2Fsvg&#39;%20viewBox%3D&#39;0%200%20768%20576&#39;%2F%3E\" data-src=\"https:\/\/broz.sk\/wp-content\/uploads\/2024\/10\/cl.3-Pseudophilotes-bavius-foto-prof.-Rakosy-768x576.jpg\" data-srcset=\"https:\/\/broz.sk\/wp-content\/uploads\/2024\/10\/cl.3-Pseudophilotes-bavius-foto-prof.-Rakosy-768x576.jpg 768w, https:\/\/broz.sk\/wp-content\/uploads\/2024\/10\/cl.3-Pseudophilotes-bavius-foto-prof.-Rakosy-1306x979.jpg 1306w\" loading=\"eager\" style=\"--ratio: 768 \/ 576\" sizes=\"(max-width: 768px) 100vw, 768px\" alt=\"Pseudophilotes bavius (foto prof. R\u00e1kosy)\" title=\"cl.3 Pseudophilotes bavius (foto prof. R\u00e1kosy)\" width=\"768\" height=\"576\"  \/><\/a>\n\t<\/div>\n<\/div>\n\n\n<div class=\"post-entry-content\">\n\n\t<h3 class=\"entry-title\">\n\t\t<a href=\"https:\/\/broz.sk\/en\/first-attempts-to-reintroduce-bluebirds-have-been-made\/\" title=\"First attempts to reintroduce bluebirds have been made\" rel=\"bookmark\">First attempts to reintroduce bluebirds have been made<\/a>\n\t<\/h3>\n\n\t<div class=\"entry-meta\"><a href=\"https:\/\/broz.sk\/en\/2024\/10\/30\/\" title=\"11:16\" class=\"data-link\" rel=\"bookmark\"><time class=\"entry-date updated\" datetime=\"2024-10-30T11:16:07+01:00\">30. October 2024<\/time><\/a><\/div>\n\t<div class=\"entry-excerpt\"><p>The reintroduction of the protected species Pseudophilotes bavius \u200b\u200band Phengaris teleius began in the Romanian project sites in 2023. In the following season, several individuals of Ph. teleius were observed in sites near Angofa, thus the reintroduction effort for this species can be considered successful.<\/p>\n<\/div>\n\t\n<a href=\"https:\/\/broz.sk\/en\/first-attempts-to-reintroduce-bluebirds-have-been-made\/\" class=\"post-details details-type-link\" aria-label=\"Read more about First attempts to reintroduce bluebirds have been made\">Read more<i class=\"dt-icon-the7-arrow-03\" aria-hidden=\"true\"><\/i><\/a>\n\n<\/div><\/article><article class=\"post project-odd hidden post-36006 type-post status-publish format-standard has-post-thumbnail hentry category-protection-of-habitats pmpro-has-access category-31 description-off\" data-name=\"We opened another restored side arm\" data-date=\"2024-10-22T09:49:35+02:00\">\n\n<div class=\"post-thumbnail-wrap\">\n\t<div class=\"post-thumbnail\">\n\n\t\t\n\t\t\n\t\t<a href=\"https:\/\/broz.sk\/en\/we-opened-another-restored-side-arm\/\" class=\"post-thumbnail-rollover layzr-bg layzr-bg\" ><img decoding=\"async\" class=\"blog-thumb-lazy-load preload-me lazy-load aspect\" src=\"data:image\/svg+xml,%3Csvg%20xmlns%3D&#39;http%3A%2F%2Fwww.w3.org%2F2000%2Fsvg&#39;%20viewBox%3D&#39;0%200%20768%20576&#39;%2F%3E\" data-src=\"https:\/\/broz.sk\/wp-content\/uploads\/2024\/10\/DSC_4125-scaled-768x576.jpg\" data-srcset=\"https:\/\/broz.sk\/wp-content\/uploads\/2024\/10\/DSC_4125-scaled-768x576.jpg 768w, https:\/\/broz.sk\/wp-content\/uploads\/2024\/10\/DSC_4125-scaled-1306x979.jpg 1306w\" loading=\"eager\" style=\"--ratio: 768 \/ 576\" sizes=\"(max-width: 768px) 100vw, 768px\" alt=\"obnova rie\u010dnych ramien, Kr\u00e1\u013eovsk\u00e1 l\u00faka\" title=\"DSC_4125\" width=\"768\" height=\"576\"  \/><\/a>\n\t<\/div>\n<\/div>\n\n\n<div class=\"post-entry-content\">\n\n\t<h3 class=\"entry-title\">\n\t\t<a href=\"https:\/\/broz.sk\/en\/we-opened-another-restored-side-arm\/\" title=\"We opened another restored side arm\" rel=\"bookmark\">We opened another restored side arm<\/a>\n\t<\/h3>\n\n\t<div class=\"entry-meta\"><a href=\"https:\/\/broz.sk\/en\/2024\/10\/22\/\" title=\"9:49\" class=\"data-link\" rel=\"bookmark\"><time class=\"entry-date updated\" datetime=\"2024-10-22T09:49:35+02:00\">22. October 2024<\/time><\/a><\/div>\n\t<div class=\"entry-excerpt\"><p>Today we opened another restored side arm within the Danube inland delta. We have thus released water into a 4.4 km long section of the river branch and into the wetlands and depressions that this strem feeds.<\/p>\n<\/div>\n\t\n<a href=\"https:\/\/broz.sk\/en\/we-opened-another-restored-side-arm\/\" class=\"post-details details-type-link\" aria-label=\"Read more about We opened another restored side arm\">Read more<i class=\"dt-icon-the7-arrow-03\" aria-hidden=\"true\"><\/i><\/a>\n\n<\/div><\/article><article class=\"post project-odd hidden post-34714 type-post status-publish format-standard has-post-thumbnail hentry category-protection-of-habitats pmpro-has-access category-31 description-off\" data-name=\"We restored grazing under the second largest peak of White Carpathians\" data-date=\"2024-10-21T14:48:38+02:00\">\n\n<div class=\"post-thumbnail-wrap\">\n\t<div class=\"post-thumbnail\">\n\n\t\t\n\t\t\n\t\t<a href=\"https:\/\/broz.sk\/en\/we-restored-grazing-under-the-second-largest-peak-of-white-carpathians\/\" class=\"post-thumbnail-rollover layzr-bg layzr-bg\" ><img decoding=\"async\" class=\"blog-thumb-lazy-load preload-me lazy-load aspect\" src=\"data:image\/svg+xml,%3Csvg%20xmlns%3D&#39;http%3A%2F%2Fwww.w3.org%2F2000%2Fsvg&#39;%20viewBox%3D&#39;0%200%20768%20576&#39;%2F%3E\" data-src=\"https:\/\/broz.sk\/wp-content\/uploads\/2024\/10\/DSC00693-768x576.jpg\" data-srcset=\"https:\/\/broz.sk\/wp-content\/uploads\/2024\/10\/DSC00693-768x576.jpg 768w, https:\/\/broz.sk\/wp-content\/uploads\/2024\/10\/DSC00693-1068x800.jpg 1068w\" loading=\"eager\" style=\"--ratio: 768 \/ 576\" sizes=\"(max-width: 768px) 100vw, 768px\" alt=\"\" title=\"DSC00693\" width=\"768\" height=\"576\"  \/><\/a>\n\t<\/div>\n<\/div>\n\n\n<div class=\"post-entry-content\">\n\n\t<h3 class=\"entry-title\">\n\t\t<a href=\"https:\/\/broz.sk\/en\/we-restored-grazing-under-the-second-largest-peak-of-white-carpathians\/\" title=\"We restored grazing under the second largest peak of White Carpathians\" rel=\"bookmark\">We restored grazing under the second largest peak of White Carpathians<\/a>\n\t<\/h3>\n\n\t<div class=\"entry-meta\"><a href=\"https:\/\/broz.sk\/en\/2024\/10\/21\/\" title=\"14:48\" class=\"data-link\" rel=\"bookmark\"><time class=\"entry-date updated\" datetime=\"2024-10-21T14:48:38+02:00\">21. October 2024<\/time><\/a><\/div>\n\t<div class=\"entry-excerpt\"><p>As part of the LIFE Endemic Panalp project, we are successfully continuing the restoration of flowering meadows and traditional pastures. Most recently, thanks to the project, after many decades, farm animals are grazing again in the saddle below Chme\u013eov\u00e1, which is the second highest peak of the White Carpathians. It is interesting that a very&hellip;<\/p>\n<\/div>\n\t\n<a href=\"https:\/\/broz.sk\/en\/we-restored-grazing-under-the-second-largest-peak-of-white-carpathians\/\" class=\"post-details details-type-link\" aria-label=\"Read more about We restored grazing under the second largest peak of White Carpathians\">Read more<i class=\"dt-icon-the7-arrow-03\" aria-hidden=\"true\"><\/i><\/a>\n\n<\/div><\/article><article class=\"post project-odd hidden post-34505 type-post status-publish format-standard has-post-thumbnail hentry category-protection-of-habitats pmpro-has-access category-31 description-off\" data-name=\"Annual activity report for 2023\" data-date=\"2024-10-15T11:57:48+02:00\">\n\n<div class=\"post-thumbnail-wrap\">\n\t<div class=\"post-thumbnail\">\n\n\t\t\n\t\t\n\t\t<a href=\"https:\/\/broz.sk\/en\/annual-activity-report-for-2023\/\" class=\"post-thumbnail-rollover layzr-bg layzr-bg\" ><img decoding=\"async\" class=\"blog-thumb-lazy-load preload-me lazy-load aspect\" src=\"data:image\/svg+xml,%3Csvg%20xmlns%3D&#39;http%3A%2F%2Fwww.w3.org%2F2000%2Fsvg&#39;%20viewBox%3D&#39;0%200%20768%20576&#39;%2F%3E\" data-src=\"https:\/\/broz.sk\/wp-content\/uploads\/2024\/09\/Obalka_03-scaled-768x576.jpg\" data-srcset=\"https:\/\/broz.sk\/wp-content\/uploads\/2024\/09\/Obalka_03-scaled-768x576.jpg 768w, https:\/\/broz.sk\/wp-content\/uploads\/2024\/09\/Obalka_03-scaled-1306x979.jpg 1306w\" loading=\"eager\" style=\"--ratio: 768 \/ 576\" sizes=\"(max-width: 768px) 100vw, 768px\" alt=\"Spr\u00e1va o \u010dinnosti 2023\" title=\"vyrocna sprava_2023_V2\" width=\"768\" height=\"576\"  \/><\/a>\n\t<\/div>\n<\/div>\n\n\n<div class=\"post-entry-content\">\n\n\t<h3 class=\"entry-title\">\n\t\t<a href=\"https:\/\/broz.sk\/en\/annual-activity-report-for-2023\/\" title=\"Annual activity report for 2023\" rel=\"bookmark\">Annual activity report for 2023<\/a>\n\t<\/h3>\n\n\t<div class=\"entry-meta\"><a href=\"https:\/\/broz.sk\/en\/2024\/10\/15\/\" title=\"11:57\" class=\"data-link\" rel=\"bookmark\"><time class=\"entry-date updated\" datetime=\"2024-10-15T11:57:48+02:00\">15. October 2024<\/time><\/a><\/div>\n\t<div class=\"entry-excerpt\"><p>This year, we successfully completed the Annual activity report  for the year 2023. Our ambition in creating it is to provide a comprehensive overview to our supporters, benefactors, and the general public about our activities throughout the year 2023. <\/p>\n<\/div>\n\t\n<a href=\"https:\/\/broz.sk\/en\/annual-activity-report-for-2023\/\" class=\"post-details details-type-link\" aria-label=\"Read more about Annual activity report for 2023\">Read more<i class=\"dt-icon-the7-arrow-03\" aria-hidden=\"true\"><\/i><\/a>\n\n<\/div><\/article><article class=\"post project-odd hidden post-37411 type-post status-publish format-standard has-post-thumbnail hentry category-protection-of-habitats pmpro-has-access category-31 description-off\" data-name=\"We organized a volunteer event for butterflies\" data-date=\"2024-09-20T11:55:57+02:00\">\n\n<div class=\"post-thumbnail-wrap\">\n\t<div class=\"post-thumbnail\">\n\n\t\t\n\t\t\n\t\t<a href=\"https:\/\/broz.sk\/en\/we-organized-a-volunteer-event-for-butterflies\/\" class=\"post-thumbnail-rollover layzr-bg layzr-bg\" ><img decoding=\"async\" class=\"blog-thumb-lazy-load preload-me lazy-load aspect\" src=\"data:image\/svg+xml,%3Csvg%20xmlns%3D&#39;http%3A%2F%2Fwww.w3.org%2F2000%2Fsvg&#39;%20viewBox%3D&#39;0%200%20768%20576&#39;%2F%3E\" data-src=\"https:\/\/broz.sk\/wp-content\/uploads\/2024\/10\/461484609_927735276055636_4874317388305321357_n-768x576.jpg\" data-srcset=\"https:\/\/broz.sk\/wp-content\/uploads\/2024\/10\/461484609_927735276055636_4874317388305321357_n-768x576.jpg 768w, https:\/\/broz.sk\/wp-content\/uploads\/2024\/10\/461484609_927735276055636_4874317388305321357_n-1306x979.jpg 1306w\" loading=\"eager\" style=\"--ratio: 768 \/ 576\" sizes=\"(max-width: 768px) 100vw, 768px\" alt=\"\" title=\"461484609_927735276055636_4874317388305321357_n\" width=\"768\" height=\"576\"  \/><\/a>\n\t<\/div>\n<\/div>\n\n\n<div class=\"post-entry-content\">\n\n\t<h3 class=\"entry-title\">\n\t\t<a href=\"https:\/\/broz.sk\/en\/we-organized-a-volunteer-event-for-butterflies\/\" title=\"We organized a volunteer event for butterflies\" rel=\"bookmark\">We organized a volunteer event for butterflies<\/a>\n\t<\/h3>\n\n\t<div class=\"entry-meta\"><a href=\"https:\/\/broz.sk\/en\/2024\/09\/20\/\" title=\"11:55\" class=\"data-link\" rel=\"bookmark\"><time class=\"entry-date updated\" datetime=\"2024-09-20T11:55:57+02:00\">20. September 2024<\/time><\/a><\/div>\n\t<div class=\"entry-excerpt\"><p>Last week, together with the Z\u00e1horie Protected Landscape Area Administration, we organized a team-building event for employees of Kaufland Slovakia. We took them to the Kyse\u013eov\u00e1 Nature Monument in Kopanice. This site is part of the project because it is home to rare butterflies such as the Clouded Apollo, the Sloe Hairstreak, and the Large Copper.<\/p>\n<\/div>\n\t\n<a href=\"https:\/\/broz.sk\/en\/we-organized-a-volunteer-event-for-butterflies\/\" class=\"post-details details-type-link\" aria-label=\"Read more about We organized a volunteer event for butterflies\">Read more<i class=\"dt-icon-the7-arrow-03\" aria-hidden=\"true\"><\/i><\/a>\n\n<\/div><\/article><article class=\"post project-odd hidden post-37626 type-post status-publish format-standard has-post-thumbnail hentry category-0-en pmpro-has-access category-43 description-off\" data-name=\"Butterfly workshops attracted 154 participants\" data-date=\"2024-09-20T10:45:10+02:00\">\n\n<div class=\"post-thumbnail-wrap\">\n\t<div class=\"post-thumbnail\">\n\n\t\t\n\t\t\n\t\t<a href=\"https:\/\/broz.sk\/en\/butterfly-workshops-attracted-154-participants\/\" class=\"post-thumbnail-rollover layzr-bg layzr-bg\" ><img decoding=\"async\" class=\"blog-thumb-lazy-load preload-me lazy-load aspect\" src=\"data:image\/svg+xml,%3Csvg%20xmlns%3D&#39;http%3A%2F%2Fwww.w3.org%2F2000%2Fsvg&#39;%20viewBox%3D&#39;0%200%20351%20264&#39;%2F%3E\" data-src=\"https:\/\/broz.sk\/wp-content\/uploads\/2025\/04\/obr-03-351x264.jpg\" data-srcset=\"https:\/\/broz.sk\/wp-content\/uploads\/2025\/04\/obr-03-351x264.jpg 351w\" loading=\"eager\" style=\"--ratio: 351 \/ 264\" sizes=\"(max-width: 351px) 100vw, 351px\" alt=\"\u00da\u010dastn\u00edci workshopu\" title=\"obr 03\" width=\"351\" height=\"264\"  \/><\/a>\n\t<\/div>\n<\/div>\n\n\n<div class=\"post-entry-content\">\n\n\t<h3 class=\"entry-title\">\n\t\t<a href=\"https:\/\/broz.sk\/en\/butterfly-workshops-attracted-154-participants\/\" title=\"Butterfly workshops attracted 154 participants\" rel=\"bookmark\">Butterfly workshops attracted 154 participants<\/a>\n\t<\/h3>\n\n\t<div class=\"entry-meta\"><a href=\"https:\/\/broz.sk\/en\/2024\/09\/20\/\" title=\"10:45\" class=\"data-link\" rel=\"bookmark\"><time class=\"entry-date updated\" datetime=\"2024-09-20T10:45:10+02:00\">20. September 2024<\/time><\/a><\/div>\n\t<div class=\"entry-excerpt\"><p>Experts L\u00e1szl\u00f3 R\u00e1kosy and Andrei Cri\u0219an conducted 2 workshops at Luna de Jos in August 2024. The first focused on moth diversity with 120 participants, while the second addressed protected butterflies in the cultural landscape, attracting 34 participants.<\/p>\n<\/div>\n\t\n<a href=\"https:\/\/broz.sk\/en\/butterfly-workshops-attracted-154-participants\/\" class=\"post-details details-type-link\" aria-label=\"Read more about Butterfly workshops attracted 154 participants\">Read more<i class=\"dt-icon-the7-arrow-03\" aria-hidden=\"true\"><\/i><\/a>\n\n<\/div><\/article><article class=\"post project-odd hidden post-34711 type-post status-publish format-standard has-post-thumbnail hentry category-protection-of-habitats pmpro-has-access category-31 description-off\" data-name=\"We hosted a restoration camp in Smolenice\" data-date=\"2024-09-12T14:22:21+02:00\">\n\n<div class=\"post-thumbnail-wrap\">\n\t<div class=\"post-thumbnail\">\n\n\t\t\n\t\t\n\t\t<a href=\"https:\/\/broz.sk\/en\/we-hosted-a-restoration-camp-in-smolenice\/\" class=\"post-thumbnail-rollover layzr-bg layzr-bg\" ><img decoding=\"async\" class=\"blog-thumb-lazy-load preload-me lazy-load aspect\" src=\"data:image\/svg+xml,%3Csvg%20xmlns%3D&#39;http%3A%2F%2Fwww.w3.org%2F2000%2Fsvg&#39;%20viewBox%3D&#39;0%200%20768%20576&#39;%2F%3E\" data-src=\"https:\/\/broz.sk\/wp-content\/uploads\/2024\/09\/1O0A0307-Enhanced-NR-768x576.jpg\" data-srcset=\"https:\/\/broz.sk\/wp-content\/uploads\/2024\/09\/1O0A0307-Enhanced-NR-768x576.jpg 768w, https:\/\/broz.sk\/wp-content\/uploads\/2024\/09\/1O0A0307-Enhanced-NR-1137x853.jpg 1137w\" loading=\"eager\" style=\"--ratio: 768 \/ 576\" sizes=\"(max-width: 768px) 100vw, 768px\" alt=\"\" title=\"1O0A0307-Enhanced-NR\" width=\"768\" height=\"576\"  \/><\/a>\n\t<\/div>\n<\/div>\n\n\n<div class=\"post-entry-content\">\n\n\t<h3 class=\"entry-title\">\n\t\t<a href=\"https:\/\/broz.sk\/en\/we-hosted-a-restoration-camp-in-smolenice\/\" title=\"We hosted a restoration camp in Smolenice\" rel=\"bookmark\">We hosted a restoration camp in Smolenice<\/a>\n\t<\/h3>\n\n\t<div class=\"entry-meta\"><a href=\"https:\/\/broz.sk\/en\/2024\/09\/12\/\" title=\"14:22\" class=\"data-link\" rel=\"bookmark\"><time class=\"entry-date updated\" datetime=\"2024-09-12T14:22:21+02:00\">12. September 2024<\/time><\/a><\/div>\n\t<div class=\"entry-excerpt\"><p>During the last week of August, we hosted an international youth camp at Molp\u00edr near Smolenice village in Small Carpathians. It was organized by the association Strom \u017eivota (Tree of Life) and almost 30 young people from Slovakia, Finland, the Netherlands and Greece came to it. With our joint efforts, we managed to clean more&hellip;<\/p>\n<\/div>\n\t\n<a href=\"https:\/\/broz.sk\/en\/we-hosted-a-restoration-camp-in-smolenice\/\" class=\"post-details details-type-link\" aria-label=\"Read more about We hosted a restoration camp in Smolenice\">Read more<i class=\"dt-icon-the7-arrow-03\" aria-hidden=\"true\"><\/i><\/a>\n\n<\/div><\/article><article class=\"post project-odd hidden post-34332 type-post status-publish format-standard has-post-thumbnail hentry category-protection-of-habitats pmpro-has-access category-31 description-off\" data-name=\"Thanks for the inspiring meeting of LIFE WILDisland project partners in Tulcea (Romania)\" data-date=\"2024-09-12T11:44:21+02:00\">\n\n<div class=\"post-thumbnail-wrap\">\n\t<div class=\"post-thumbnail\">\n\n\t\t\n\t\t\n\t\t<a href=\"https:\/\/broz.sk\/en\/thanks-for-the-inspiring-meeting-of-life-wildisland-project-partners-in-tulcea-romania\/\" class=\"post-thumbnail-rollover layzr-bg layzr-bg\" ><img decoding=\"async\" class=\"blog-thumb-lazy-load preload-me lazy-load aspect\" src=\"data:image\/svg+xml,%3Csvg%20xmlns%3D&#39;http%3A%2F%2Fwww.w3.org%2F2000%2Fsvg&#39;%20viewBox%3D&#39;0%200%20768%20576&#39;%2F%3E\" data-src=\"https:\/\/broz.sk\/wp-content\/uploads\/2024\/09\/delta-Dunaja-vtacie-kolonie-scaled-768x576.jpg\" data-srcset=\"https:\/\/broz.sk\/wp-content\/uploads\/2024\/09\/delta-Dunaja-vtacie-kolonie-scaled-768x576.jpg 768w, https:\/\/broz.sk\/wp-content\/uploads\/2024\/09\/delta-Dunaja-vtacie-kolonie-scaled-1306x979.jpg 1306w\" loading=\"eager\" style=\"--ratio: 768 \/ 576\" sizes=\"(max-width: 768px) 100vw, 768px\" alt=\"\" title=\"delta Dunaja vt\u00e1\u010die kol\u00f3nie\" width=\"768\" height=\"576\"  \/><\/a>\n\t<\/div>\n<\/div>\n\n\n<div class=\"post-entry-content\">\n\n\t<h3 class=\"entry-title\">\n\t\t<a href=\"https:\/\/broz.sk\/en\/thanks-for-the-inspiring-meeting-of-life-wildisland-project-partners-in-tulcea-romania\/\" title=\"Thanks for the inspiring meeting of LIFE WILDisland project partners in Tulcea (Romania)\" rel=\"bookmark\">Thanks for the inspiring meeting of LIFE WILDisland project partners in Tulcea (Romania)<\/a>\n\t<\/h3>\n\n\t<div class=\"entry-meta\"><a href=\"https:\/\/broz.sk\/en\/2024\/09\/12\/\" title=\"11:44\" class=\"data-link\" rel=\"bookmark\"><time class=\"entry-date updated\" datetime=\"2024-09-12T11:44:21+02:00\">12. September 2024<\/time><\/a><\/div>\n\t<div class=\"entry-excerpt\"><p>At the beginning of September we actively participated in the meeting of project partners from the Danubeparks network of protected areas in Tulcea, Romania. In addition to updates, progress and new challenges in the ongoing LIFE WILDisland project across the whole project consortium, we had the opportunity to visit valuable places in the Danube Delta and selected project sites near Isaccea, where floodplain revitalisation is underway. <\/p>\n<\/div>\n\t\n<a href=\"https:\/\/broz.sk\/en\/thanks-for-the-inspiring-meeting-of-life-wildisland-project-partners-in-tulcea-romania\/\" class=\"post-details details-type-link\" aria-label=\"Read more about Thanks for the inspiring meeting of LIFE WILDisland project partners in Tulcea (Romania)\">Read more<i class=\"dt-icon-the7-arrow-03\" aria-hidden=\"true\"><\/i><\/a>\n\n<\/div><\/article><article class=\"post project-odd hidden post-35162 type-post status-publish format-standard has-post-thumbnail hentry category-protection-of-habitats pmpro-has-access category-31 description-off\" data-name=\"We hosted a restoration camp in Smolenice.\" data-date=\"2024-09-12T09:21:59+02:00\">\n\n<div class=\"post-thumbnail-wrap\">\n\t<div class=\"post-thumbnail\">\n\n\t\t\n\t\t\n\t\t<a href=\"https:\/\/broz.sk\/en\/we-hosted-a-restoration-camp-in-smolenice-2\/\" class=\"post-thumbnail-rollover layzr-bg layzr-bg\" ><img decoding=\"async\" class=\"blog-thumb-lazy-load preload-me lazy-load aspect\" src=\"data:image\/svg+xml,%3Csvg%20xmlns%3D&#39;http%3A%2F%2Fwww.w3.org%2F2000%2Fsvg&#39;%20viewBox%3D&#39;0%200%20768%20576&#39;%2F%3E\" data-src=\"https:\/\/broz.sk\/wp-content\/uploads\/2024\/09\/1O0A0276-Enhanced-NR-768x576.jpg\" data-srcset=\"https:\/\/broz.sk\/wp-content\/uploads\/2024\/09\/1O0A0276-Enhanced-NR-768x576.jpg 768w, https:\/\/broz.sk\/wp-content\/uploads\/2024\/09\/1O0A0276-Enhanced-NR-1137x853.jpg 1137w\" loading=\"eager\" style=\"--ratio: 768 \/ 576\" sizes=\"(max-width: 768px) 100vw, 768px\" alt=\"\" title=\"1O0A0276-Enhanced-NR\" width=\"768\" height=\"576\"  \/><\/a>\n\t<\/div>\n<\/div>\n\n\n<div class=\"post-entry-content\">\n\n\t<h3 class=\"entry-title\">\n\t\t<a href=\"https:\/\/broz.sk\/en\/we-hosted-a-restoration-camp-in-smolenice-2\/\" title=\"We hosted a restoration camp in Smolenice.\" rel=\"bookmark\">We hosted a restoration camp in Smolenice.<\/a>\n\t<\/h3>\n\n\t<div class=\"entry-meta\"><a href=\"https:\/\/broz.sk\/en\/2024\/09\/12\/\" title=\"9:21\" class=\"data-link\" rel=\"bookmark\"><time class=\"entry-date updated\" datetime=\"2024-09-12T09:21:59+02:00\">12. September 2024<\/time><\/a><\/div>\n\t<div class=\"entry-excerpt\"><p>During the last week of August we hosted an international youth camp on the Molp\u00edr hill near Smolenice. It was organized by the Tree of Life association and nearly 30 young people from Slovakia, Finland, the Netherlands and Greece came to participate. Together we managed to clear more than a kilometre of corridor, where we&hellip;<\/p>\n<\/div>\n\t\n<a href=\"https:\/\/broz.sk\/en\/we-hosted-a-restoration-camp-in-smolenice-2\/\" class=\"post-details details-type-link\" aria-label=\"Read more about We hosted a restoration camp in Smolenice.\">Read more<i class=\"dt-icon-the7-arrow-03\" aria-hidden=\"true\"><\/i><\/a>\n\n<\/div><\/article><article class=\"post project-odd hidden post-39394 type-post status-publish format-standard has-post-thumbnail hentry category-protection-of-species pmpro-has-access category-30 description-off\" data-name=\"21st volunteer camp on Bird Island in the Danube floodplains\" data-date=\"2024-09-06T09:16:01+02:00\">\n\n<div class=\"post-thumbnail-wrap\">\n\t<div class=\"post-thumbnail\">\n\n\t\t\n\t\t\n\t\t<a href=\"https:\/\/broz.sk\/en\/21st-volunteer-camp-on-bird-island-in-the-danube-floodplains\/\" class=\"post-thumbnail-rollover layzr-bg layzr-bg\" ><img decoding=\"async\" class=\"blog-thumb-lazy-load preload-me lazy-load aspect\" src=\"data:image\/svg+xml,%3Csvg%20xmlns%3D&#39;http%3A%2F%2Fwww.w3.org%2F2000%2Fsvg&#39;%20viewBox%3D&#39;0%200%20768%20576&#39;%2F%3E\" data-src=\"https:\/\/broz.sk\/wp-content\/uploads\/2025\/07\/dobrovolnicky-tabor-na-kosenie-768x576.jpg\" data-srcset=\"https:\/\/broz.sk\/wp-content\/uploads\/2025\/07\/dobrovolnicky-tabor-na-kosenie-768x576.jpg 768w, https:\/\/broz.sk\/wp-content\/uploads\/2025\/07\/dobrovolnicky-tabor-na-kosenie-1051x788.jpg 1051w\" loading=\"eager\" style=\"--ratio: 768 \/ 576\" sizes=\"(max-width: 768px) 100vw, 768px\" alt=\"Dobrovo\u013en\u00edcky t\u00e1bor na kosenie\" title=\"dobrovo\u013en\u00edcky t\u00e1bor na kosenie\" width=\"768\" height=\"576\"  \/><\/a>\n\t<\/div>\n<\/div>\n\n\n<div class=\"post-entry-content\">\n\n\t<h3 class=\"entry-title\">\n\t\t<a href=\"https:\/\/broz.sk\/en\/21st-volunteer-camp-on-bird-island-in-the-danube-floodplains\/\" title=\"21st volunteer camp on Bird Island in the Danube floodplains\" rel=\"bookmark\">21st volunteer camp on Bird Island in the Danube floodplains<\/a>\n\t<\/h3>\n\n\t<div class=\"entry-meta\"><a href=\"https:\/\/broz.sk\/en\/2024\/09\/06\/\" title=\"9:16\" class=\"data-link\" rel=\"bookmark\"><time class=\"entry-date updated\" datetime=\"2024-09-06T09:16:01+02:00\">6. September 2024<\/time><\/a><\/div>\n\t<div class=\"entry-excerpt\"><p> Last weekend, SOS\/BirdLife Slovakia organized the 21st volunteer camp to mow Bird Island in the SPA Dunajsk\u00e9 luhy. Despite the heat and hard work, 45 participants mowed and raked nearly the entire island.<\/p>\n<\/div>\n\t\n<a href=\"https:\/\/broz.sk\/en\/21st-volunteer-camp-on-bird-island-in-the-danube-floodplains\/\" class=\"post-details details-type-link\" aria-label=\"Read more about 21st volunteer camp on Bird Island in the Danube floodplains\">Read more<i class=\"dt-icon-the7-arrow-03\" aria-hidden=\"true\"><\/i><\/a>\n\n<\/div><\/article><article class=\"post project-odd hidden post-34899 type-post status-publish format-standard has-post-thumbnail hentry category-protection-of-habitats pmpro-has-access category-31 description-off\" data-name=\"We continue to renew pasture in the nature reserve Beckovsk\u00e9 skalice.\" data-date=\"2024-08-27T16:14:48+02:00\">\n\n<div class=\"post-thumbnail-wrap\">\n\t<div class=\"post-thumbnail\">\n\n\t\t\n\t\t\n\t\t<a href=\"https:\/\/broz.sk\/en\/we-continue-to-renew-pasture-in-the-nature-reserve-beckovske-skalice\/\" class=\"post-thumbnail-rollover layzr-bg layzr-bg\" ><img decoding=\"async\" class=\"blog-thumb-lazy-load preload-me lazy-load aspect\" src=\"data:image\/svg+xml,%3Csvg%20xmlns%3D&#39;http%3A%2F%2Fwww.w3.org%2F2000%2Fsvg&#39;%20viewBox%3D&#39;0%200%20768%20576&#39;%2F%3E\" data-src=\"https:\/\/broz.sk\/wp-content\/uploads\/2024\/09\/bpastva-scaled-768x576.jpg\" data-srcset=\"https:\/\/broz.sk\/wp-content\/uploads\/2024\/09\/bpastva-scaled-768x576.jpg 768w, https:\/\/broz.sk\/wp-content\/uploads\/2024\/09\/bpastva-scaled-1306x979.jpg 1306w\" loading=\"eager\" style=\"--ratio: 768 \/ 576\" sizes=\"(max-width: 768px) 100vw, 768px\" alt=\"pastva Beckovsk\u00e9 skalice BROZ\" title=\"bpastva\" width=\"768\" height=\"576\"  \/><\/a>\n\t<\/div>\n<\/div>\n\n\n<div class=\"post-entry-content\">\n\n\t<h3 class=\"entry-title\">\n\t\t<a href=\"https:\/\/broz.sk\/en\/we-continue-to-renew-pasture-in-the-nature-reserve-beckovske-skalice\/\" title=\"We continue to renew pasture in the nature reserve Beckovsk\u00e9 skalice.\" rel=\"bookmark\">We continue to renew pasture in the nature reserve Beckovsk\u00e9 skalice.<\/a>\n\t<\/h3>\n\n\t<div class=\"entry-meta\"><a href=\"https:\/\/broz.sk\/en\/2024\/08\/27\/\" title=\"16:14\" class=\"data-link\" rel=\"bookmark\"><time class=\"entry-date updated\" datetime=\"2024-08-27T16:14:48+02:00\">27. August 2024<\/time><\/a><\/div>\n\t<div class=\"entry-excerpt\"><p>Two flocks of sheep and goats are roaming the meadows and hills of the Beckovsk\u00e9 skalice nature reserve throughout the season. They extensively graze the meadow habitats, which our colleagues take turns replotting, so that they mosaically graze some of the vegetation and leave some of it.<\/p>\n<\/div>\n\t\n<a href=\"https:\/\/broz.sk\/en\/we-continue-to-renew-pasture-in-the-nature-reserve-beckovske-skalice\/\" class=\"post-details details-type-link\" aria-label=\"Read more about We continue to renew pasture in the nature reserve Beckovsk\u00e9 skalice.\">Read more<i class=\"dt-icon-the7-arrow-03\" aria-hidden=\"true\"><\/i><\/a>\n\n<\/div><\/article><article class=\"post project-odd hidden post-39379 type-post status-publish format-standard has-post-thumbnail hentry category-protection-of-species pmpro-has-access category-30 description-off\" data-name=\"A rare sighting: European roller near Bratislava!\" data-date=\"2024-08-26T15:56:15+02:00\">\n\n<div class=\"post-thumbnail-wrap\">\n\t<div class=\"post-thumbnail\">\n\n\t\t\n\t\t\n\t\t<a href=\"https:\/\/broz.sk\/en\/a-rare-sighting-european-roller-near-bratislava\/\" class=\"post-thumbnail-rollover layzr-bg layzr-bg\" ><img decoding=\"async\" class=\"blog-thumb-lazy-load preload-me lazy-load aspect\" src=\"data:image\/svg+xml,%3Csvg%20xmlns%3D&#39;http%3A%2F%2Fwww.w3.org%2F2000%2Fsvg&#39;%20viewBox%3D&#39;0%200%20768%20576&#39;%2F%3E\" data-src=\"https:\/\/broz.sk\/wp-content\/uploads\/2025\/07\/krakla-belasa-sa-objavila-na-zapadnom-Slovensku-768x576.jpg\" data-srcset=\"https:\/\/broz.sk\/wp-content\/uploads\/2025\/07\/krakla-belasa-sa-objavila-na-zapadnom-Slovensku-768x576.jpg 768w, https:\/\/broz.sk\/wp-content\/uploads\/2025\/07\/krakla-belasa-sa-objavila-na-zapadnom-Slovensku-1306x979.jpg 1306w\" loading=\"eager\" style=\"--ratio: 768 \/ 576\" sizes=\"(max-width: 768px) 100vw, 768px\" alt=\"krak\u013ea belas\u00e1 sa objavila na z\u00e1padnom Slovensku\" title=\"krak\u013ea belas\u00e1 sa objavila na z\u00e1padnom Slovensku\" width=\"768\" height=\"576\"  \/><\/a>\n\t<\/div>\n<\/div>\n\n\n<div class=\"post-entry-content\">\n\n\t<h3 class=\"entry-title\">\n\t\t<a href=\"https:\/\/broz.sk\/en\/a-rare-sighting-european-roller-near-bratislava\/\" title=\"A rare sighting: European roller near Bratislava!\" rel=\"bookmark\">A rare sighting: European roller near Bratislava!<\/a>\n\t<\/h3>\n\n\t<div class=\"entry-meta\"><a href=\"https:\/\/broz.sk\/en\/2024\/08\/26\/\" title=\"15:56\" class=\"data-link\" rel=\"bookmark\"><time class=\"entry-date updated\" datetime=\"2024-08-26T15:56:15+02:00\">26. August 2024<\/time><\/a><\/div>\n\t<div class=\"entry-excerpt\"><p>The roller has appeared in western Slovakia\u2014this time near Bratislava. This increases the chances of its return as a breeding species in the region. This is clear proof that our conservation activities, including those under LIFE 4 STEPPE BIRDS, are working.<\/p>\n<\/div>\n\t\n<a href=\"https:\/\/broz.sk\/en\/a-rare-sighting-european-roller-near-bratislava\/\" class=\"post-details details-type-link\" aria-label=\"Read more about A rare sighting: European roller near Bratislava!\">Read more<i class=\"dt-icon-the7-arrow-03\" aria-hidden=\"true\"><\/i><\/a>\n\n<\/div><\/article><article class=\"post project-odd hidden post-35166 type-post status-publish format-standard has-post-thumbnail hentry category-protection-of-habitats pmpro-has-access category-31 description-off\" data-name=\"We inaugurated the revitalised end of the \u010cili\u017esk\u00fd stream\" data-date=\"2024-07-26T09:32:26+02:00\">\n\n<div class=\"post-thumbnail-wrap\">\n\t<div class=\"post-thumbnail\">\n\n\t\t\n\t\t\n\t\t<a href=\"https:\/\/broz.sk\/en\/we-inaugurated-the-revitalised-end-of-the-cilizsky-stream\/\" class=\"post-thumbnail-rollover layzr-bg layzr-bg\" ><img decoding=\"async\" class=\"blog-thumb-lazy-load preload-me lazy-load aspect\" src=\"data:image\/svg+xml,%3Csvg%20xmlns%3D&#39;http%3A%2F%2Fwww.w3.org%2F2000%2Fsvg&#39;%20viewBox%3D&#39;0%200%20768%20576&#39;%2F%3E\" data-src=\"https:\/\/broz.sk\/wp-content\/uploads\/2024\/08\/453186297_882747013887796_5408183764798373680_n-768x576.jpg\" data-srcset=\"https:\/\/broz.sk\/wp-content\/uploads\/2024\/08\/453186297_882747013887796_5408183764798373680_n-768x576.jpg 768w, https:\/\/broz.sk\/wp-content\/uploads\/2024\/08\/453186297_882747013887796_5408183764798373680_n-1306x979.jpg 1306w\" loading=\"eager\" style=\"--ratio: 768 \/ 576\" sizes=\"(max-width: 768px) 100vw, 768px\" alt=\"\" title=\"453186297_882747013887796_5408183764798373680_n\" width=\"768\" height=\"576\"  \/><\/a>\n\t<\/div>\n<\/div>\n\n\n<div class=\"post-entry-content\">\n\n\t<h3 class=\"entry-title\">\n\t\t<a href=\"https:\/\/broz.sk\/en\/we-inaugurated-the-revitalised-end-of-the-cilizsky-stream\/\" title=\"We inaugurated the revitalised end of the \u010cili\u017esk\u00fd stream\" rel=\"bookmark\">We inaugurated the revitalised end of the \u010cili\u017esk\u00fd stream<\/a>\n\t<\/h3>\n\n\t<div class=\"entry-meta\"><a href=\"https:\/\/broz.sk\/en\/2024\/07\/26\/\" title=\"9:32\" class=\"data-link\" rel=\"bookmark\"><time class=\"entry-date updated\" datetime=\"2024-07-26T09:32:26+02:00\">26. July 2024<\/time><\/a><\/div>\n\t<div class=\"entry-excerpt\"><p>On Friday 26.7.2024 we completed the revitalization of the lower part of the \u010cili\u017esk\u00fd stream with the final dig.<br \/>\nIt was done following a number of measures we have taken to gradually improve the flow of this important 35 km long stream in the Danube region.<\/p>\n<\/div>\n\t\n<a href=\"https:\/\/broz.sk\/en\/we-inaugurated-the-revitalised-end-of-the-cilizsky-stream\/\" class=\"post-details details-type-link\" aria-label=\"Read more about We inaugurated the revitalised end of the \u010cili\u017esk\u00fd stream\">Read more<i class=\"dt-icon-the7-arrow-03\" aria-hidden=\"true\"><\/i><\/a>\n\n<\/div><\/article><article class=\"post project-odd hidden post-33892 type-post status-publish format-standard has-post-thumbnail hentry category-protection-of-habitats pmpro-has-access category-31 description-off\" data-name=\"The water has partially returned to the side arm of Kr\u00e1\u013eovsk\u00e1 l\u00faka\" data-date=\"2024-07-22T15:27:52+02:00\">\n\n<div class=\"post-thumbnail-wrap\">\n\t<div class=\"post-thumbnail\">\n\n\t\t\n\t\t\n\t\t<a href=\"https:\/\/broz.sk\/en\/the-water-has-partially-returned-to-the-side-arm-of-kralovska-luka\/\" class=\"post-thumbnail-rollover layzr-bg layzr-bg\" ><img decoding=\"async\" class=\"blog-thumb-lazy-load preload-me lazy-load aspect\" src=\"data:image\/svg+xml,%3Csvg%20xmlns%3D&#39;http%3A%2F%2Fwww.w3.org%2F2000%2Fsvg&#39;%20viewBox%3D&#39;0%200%20768%20576&#39;%2F%3E\" data-src=\"https:\/\/broz.sk\/wp-content\/uploads\/2024\/07\/A.Devecka-768x576.jpg\" data-srcset=\"https:\/\/broz.sk\/wp-content\/uploads\/2024\/07\/A.Devecka-768x576.jpg 768w, https:\/\/broz.sk\/wp-content\/uploads\/2024\/07\/A.Devecka-1306x979.jpg 1306w\" loading=\"eager\" style=\"--ratio: 768 \/ 576\" sizes=\"(max-width: 768px) 100vw, 768px\" alt=\"Rameno s vodou\" title=\"A.Deve\u010dka\" width=\"768\" height=\"576\"  \/><\/a>\n\t<\/div>\n<\/div>\n\n\n<div class=\"post-entry-content\">\n\n\t<h3 class=\"entry-title\">\n\t\t<a href=\"https:\/\/broz.sk\/en\/the-water-has-partially-returned-to-the-side-arm-of-kralovska-luka\/\" title=\"The water has partially returned to the side arm of Kr\u00e1\u013eovsk\u00e1 l\u00faka\" rel=\"bookmark\">The water has partially returned to the side arm of Kr\u00e1\u013eovsk\u00e1 l\u00faka<\/a>\n\t<\/h3>\n\n\t<div class=\"entry-meta\"><a href=\"https:\/\/broz.sk\/en\/2024\/07\/22\/\" title=\"15:27\" class=\"data-link\" rel=\"bookmark\"><time class=\"entry-date updated\" datetime=\"2024-07-22T15:27:52+02:00\">22. July 2024<\/time><\/a><\/div>\n\t<div class=\"entry-excerpt\"><p>On July 15, 2024, at Kr\u00e1\u013eovsk\u00e1 l\u00faka, we started the test filling of the renewed side arm in the section from the inlet of the Baka branch system to the first culvert. <\/p>\n<\/div>\n\t\n<a href=\"https:\/\/broz.sk\/en\/the-water-has-partially-returned-to-the-side-arm-of-kralovska-luka\/\" class=\"post-details details-type-link\" aria-label=\"Read more about The water has partially returned to the side arm of Kr\u00e1\u013eovsk\u00e1 l\u00faka\">Read more<i class=\"dt-icon-the7-arrow-03\" aria-hidden=\"true\"><\/i><\/a>\n\n<\/div><\/article><article class=\"post project-odd hidden post-35164 type-post status-publish format-standard has-post-thumbnail hentry category-protection-of-habitats pmpro-has-access category-31 description-off\" data-name=\"Mossy Earth released another video about our wetland restoration in Istragov\" data-date=\"2024-07-21T09:28:23+02:00\">\n\n<div class=\"post-thumbnail-wrap\">\n\t<div class=\"post-thumbnail\">\n\n\t\t\n\t\t\n\t\t<a href=\"https:\/\/broz.sk\/en\/mossy-earth-video-about-our-wetland-restoration-in-istragov\/\" class=\"post-thumbnail-rollover layzr-bg layzr-bg\" ><img decoding=\"async\" class=\"blog-thumb-lazy-load preload-me lazy-load aspect\" src=\"data:image\/svg+xml,%3Csvg%20xmlns%3D&#39;http%3A%2F%2Fwww.w3.org%2F2000%2Fsvg&#39;%20viewBox%3D&#39;0%200%20768%20576&#39;%2F%3E\" data-src=\"https:\/\/broz.sk\/wp-content\/uploads\/2024\/08\/maxresdefault-768x576.jpg\" data-srcset=\"https:\/\/broz.sk\/wp-content\/uploads\/2024\/08\/maxresdefault-768x576.jpg 768w, https:\/\/broz.sk\/wp-content\/uploads\/2024\/08\/maxresdefault-960x720.jpg 960w\" loading=\"eager\" style=\"--ratio: 768 \/ 576\" sizes=\"(max-width: 768px) 100vw, 768px\" alt=\"\" title=\"maxresdefault\" width=\"768\" height=\"576\"  \/><\/a>\n\t<\/div>\n<\/div>\n\n\n<div class=\"post-entry-content\">\n\n\t<h3 class=\"entry-title\">\n\t\t<a href=\"https:\/\/broz.sk\/en\/mossy-earth-video-about-our-wetland-restoration-in-istragov\/\" title=\"Mossy Earth released another video about our wetland restoration in Istragov\" rel=\"bookmark\">Mossy Earth released another video about our wetland restoration in Istragov<\/a>\n\t<\/h3>\n\n\t<div class=\"entry-meta\"><a href=\"https:\/\/broz.sk\/en\/2024\/07\/21\/\" title=\"9:28\" class=\"data-link\" rel=\"bookmark\"><time class=\"entry-date updated\" datetime=\"2024-07-21T09:28:23+02:00\">21. July 2024<\/time><\/a><\/div>\n\t<div class=\"entry-excerpt\"><p>Mossy Earth has released the 7th video about our joint revitalization of the Istragov wetland. Duarte returned after 2 years to check what impact this revitalization had on the fauna and flora.<\/p>\n<\/div>\n\t\n<a href=\"https:\/\/broz.sk\/en\/mossy-earth-video-about-our-wetland-restoration-in-istragov\/\" class=\"post-details details-type-link\" aria-label=\"Read more about Mossy Earth released another video about our wetland restoration in Istragov\">Read more<i class=\"dt-icon-the7-arrow-03\" aria-hidden=\"true\"><\/i><\/a>\n\n<\/div><\/article><article class=\"post project-odd hidden post-34919 type-post status-publish format-standard has-post-thumbnail hentry category-protection-of-habitats pmpro-has-access category-31 description-off\" data-name=\"Mossy Earth made a great video about our butterfly meadow\" data-date=\"2024-07-20T12:13:29+02:00\">\n\n<div class=\"post-thumbnail-wrap\">\n\t<div class=\"post-thumbnail\">\n\n\t\t\n\t\t\n\t\t<a href=\"https:\/\/broz.sk\/en\/mossy-earth-made-a-great-video-about-our-butterfly-meadow\/\" class=\"post-thumbnail-rollover layzr-bg layzr-bg\" ><img decoding=\"async\" class=\"blog-thumb-lazy-load preload-me lazy-load aspect\" src=\"data:image\/svg+xml,%3Csvg%20xmlns%3D&#39;http%3A%2F%2Fwww.w3.org%2F2000%2Fsvg&#39;%20viewBox%3D&#39;0%200%20768%20576&#39;%2F%3E\" data-src=\"https:\/\/broz.sk\/wp-content\/uploads\/2024\/09\/maxresdefault-768x576.jpg\" data-srcset=\"https:\/\/broz.sk\/wp-content\/uploads\/2024\/09\/maxresdefault-768x576.jpg 768w, https:\/\/broz.sk\/wp-content\/uploads\/2024\/09\/maxresdefault-960x720.jpg 960w\" loading=\"eager\" style=\"--ratio: 768 \/ 576\" sizes=\"(max-width: 768px) 100vw, 768px\" alt=\"\" title=\"maxresdefault\" width=\"768\" height=\"576\"  \/><\/a>\n\t<\/div>\n<\/div>\n\n\n<div class=\"post-entry-content\">\n\n\t<h3 class=\"entry-title\">\n\t\t<a href=\"https:\/\/broz.sk\/en\/mossy-earth-made-a-great-video-about-our-butterfly-meadow\/\" title=\"Mossy Earth made a great video about our butterfly meadow\" rel=\"bookmark\">Mossy Earth made a great video about our butterfly meadow<\/a>\n\t<\/h3>\n\n\t<div class=\"entry-meta\"><a href=\"https:\/\/broz.sk\/en\/2024\/07\/20\/\" title=\"12:13\" class=\"data-link\" rel=\"bookmark\"><time class=\"entry-date updated\" datetime=\"2024-07-20T12:13:29+02:00\">20. July 2024<\/time><\/a><\/div>\n\t<div class=\"entry-excerpt\"><p>Mossy Earth made a great video about our project dedicated to butterfly conservation which they supported financially. Check it out!<\/p>\n<\/div>\n\t\n<a href=\"https:\/\/broz.sk\/en\/mossy-earth-made-a-great-video-about-our-butterfly-meadow\/\" class=\"post-details details-type-link\" aria-label=\"Read more about Mossy Earth made a great video about our butterfly meadow\">Read more<i class=\"dt-icon-the7-arrow-03\" aria-hidden=\"true\"><\/i><\/a>\n\n<\/div><\/article><article class=\"post project-odd hidden post-35000 type-post status-publish format-standard has-post-thumbnail hentry category-protection-of-habitats pmpro-has-access category-31 description-off\" data-name=\"Ground squirrel trapping at the Bratislava Airport is underway.\" data-date=\"2024-07-17T13:40:06+02:00\">\n\n<div class=\"post-thumbnail-wrap\">\n\t<div class=\"post-thumbnail\">\n\n\t\t\n\t\t\n\t\t<a href=\"https:\/\/broz.sk\/en\/ground-squirrel-trapping-at-the-bratislava-airport-is-underway\/\" class=\"post-thumbnail-rollover layzr-bg layzr-bg\" ><img decoding=\"async\" class=\"blog-thumb-lazy-load preload-me lazy-load aspect\" src=\"data:image\/svg+xml,%3Csvg%20xmlns%3D&#39;http%3A%2F%2Fwww.w3.org%2F2000%2Fsvg&#39;%20viewBox%3D&#39;0%200%20768%20576&#39;%2F%3E\" data-src=\"https:\/\/broz.sk\/wp-content\/uploads\/2024\/08\/Erv-scaled-768x576.jpg\" data-srcset=\"https:\/\/broz.sk\/wp-content\/uploads\/2024\/08\/Erv-scaled-768x576.jpg 768w, https:\/\/broz.sk\/wp-content\/uploads\/2024\/08\/Erv-scaled-1306x979.jpg 1306w\" loading=\"eager\" style=\"--ratio: 768 \/ 576\" sizes=\"(max-width: 768px) 100vw, 768px\" alt=\"\" title=\"Erv\" width=\"768\" height=\"576\"  \/><\/a>\n\t<\/div>\n<\/div>\n\n\n<div class=\"post-entry-content\">\n\n\t<h3 class=\"entry-title\">\n\t\t<a href=\"https:\/\/broz.sk\/en\/ground-squirrel-trapping-at-the-bratislava-airport-is-underway\/\" title=\"Ground squirrel trapping at the Bratislava Airport is underway.\" rel=\"bookmark\">Ground squirrel trapping at the Bratislava Airport is underway.<\/a>\n\t<\/h3>\n\n\t<div class=\"entry-meta\"><a href=\"https:\/\/broz.sk\/en\/2024\/07\/17\/\" title=\"13:40\" class=\"data-link\" rel=\"bookmark\"><time class=\"entry-date updated\" datetime=\"2024-07-17T13:40:06+02:00\">17. July 2024<\/time><\/a><\/div>\n\t<div class=\"entry-excerpt\"><p>As we do every year, in the spring and summer, our ground squirrel team captures ground squirrels at sites with stable populations and transports them to genetically poor or newly established sites.<br \/>\nThis morning, 65 ground squirrels were captured and are currently being transported to sites in the White Carpathians and Podunajsko region.<\/p>\n<\/div>\n\t\n<a href=\"https:\/\/broz.sk\/en\/ground-squirrel-trapping-at-the-bratislava-airport-is-underway\/\" class=\"post-details details-type-link\" aria-label=\"Read more about Ground squirrel trapping at the Bratislava Airport is underway.\">Read more<i class=\"dt-icon-the7-arrow-03\" aria-hidden=\"true\"><\/i><\/a>\n\n<\/div><\/article><article class=\"post project-odd hidden post-33866 type-post status-publish format-standard has-post-thumbnail hentry category-protection-of-habitats pmpro-has-access category-31 description-off\" data-name=\"Restoration of the flow of the side arm in Kr\u00e1\u013eovsk\u00e1 l\u00faka continues\" data-date=\"2024-07-15T09:43:14+02:00\">\n\n<div class=\"post-thumbnail-wrap\">\n\t<div class=\"post-thumbnail\">\n\n\t\t\n\t\t\n\t\t<a href=\"https:\/\/broz.sk\/en\/restoration-of-the-flow-of-the-side-arm-in-kralovska-luka-continues\/\" class=\"post-thumbnail-rollover layzr-bg layzr-bg\" ><img decoding=\"async\" class=\"blog-thumb-lazy-load preload-me lazy-load aspect\" src=\"data:image\/svg+xml,%3Csvg%20xmlns%3D&#39;http%3A%2F%2Fwww.w3.org%2F2000%2Fsvg&#39;%20viewBox%3D&#39;0%200%20768%20576&#39;%2F%3E\" data-src=\"https:\/\/broz.sk\/wp-content\/uploads\/2024\/07\/MRakovska-5-scaled-768x576.jpg\" data-srcset=\"https:\/\/broz.sk\/wp-content\/uploads\/2024\/07\/MRakovska-5-scaled-768x576.jpg 768w, https:\/\/broz.sk\/wp-content\/uploads\/2024\/07\/MRakovska-5-scaled-1306x979.jpg 1306w\" loading=\"eager\" style=\"--ratio: 768 \/ 576\" sizes=\"(max-width: 768px) 100vw, 768px\" alt=\"Ter\u00e9nna obhliadka\" title=\"MRakovska (5)\" width=\"768\" height=\"576\"  \/><\/a>\n\t<\/div>\n<\/div>\n\n\n<div class=\"post-entry-content\">\n\n\t<h3 class=\"entry-title\">\n\t\t<a href=\"https:\/\/broz.sk\/en\/restoration-of-the-flow-of-the-side-arm-in-kralovska-luka-continues\/\" title=\"Restoration of the flow of the side arm in Kr\u00e1\u013eovsk\u00e1 l\u00faka continues\" rel=\"bookmark\">Restoration of the flow of the side arm in Kr\u00e1\u013eovsk\u00e1 l\u00faka continues<\/a>\n\t<\/h3>\n\n\t<div class=\"entry-meta\"><a href=\"https:\/\/broz.sk\/en\/2024\/07\/15\/\" title=\"9:43\" class=\"data-link\" rel=\"bookmark\"><time class=\"entry-date updated\" datetime=\"2024-07-15T09:43:14+02:00\">15. July 2024<\/time><\/a><\/div>\n\t<div class=\"entry-excerpt\"><p> The works in the middle part of the arm, with aim of connecting the two side branches to the stream, is already finished, the water has flowed in here and is full of life &#8211; fish, frogs, snails, dragonflies&#8230; <\/p>\n<\/div>\n\t\n<a href=\"https:\/\/broz.sk\/en\/restoration-of-the-flow-of-the-side-arm-in-kralovska-luka-continues\/\" class=\"post-details details-type-link\" aria-label=\"Read more about Restoration of the flow of the side arm in Kr\u00e1\u013eovsk\u00e1 l\u00faka continues\">Read more<i class=\"dt-icon-the7-arrow-03\" aria-hidden=\"true\"><\/i><\/a>\n\n<\/div><\/article><article class=\"post project-odd hidden post-39366 type-post status-publish format-standard has-post-thumbnail hentry category-protection-of-species pmpro-has-access category-30 description-off\" data-name=\"Slovakia is the only country to bring back the roller\" data-date=\"2024-06-25T15:49:08+02:00\">\n\n<div class=\"post-thumbnail-wrap\">\n\t<div class=\"post-thumbnail\">\n\n\t\t\n\t\t\n\t\t<a href=\"https:\/\/broz.sk\/en\/slovakia-is-the-only-country-to-bring-back-the-roller\/\" class=\"post-thumbnail-rollover layzr-bg layzr-bg\" ><img decoding=\"async\" class=\"blog-thumb-lazy-load preload-me lazy-load aspect\" src=\"data:image\/svg+xml,%3Csvg%20xmlns%3D&#39;http%3A%2F%2Fwww.w3.org%2F2000%2Fsvg&#39;%20viewBox%3D&#39;0%200%20768%20576&#39;%2F%3E\" data-src=\"https:\/\/broz.sk\/wp-content\/uploads\/2025\/07\/Budky-pripravene-na-vesanie-768x576.jpg\" data-srcset=\"https:\/\/broz.sk\/wp-content\/uploads\/2025\/07\/Budky-pripravene-na-vesanie-768x576.jpg 768w, https:\/\/broz.sk\/wp-content\/uploads\/2025\/07\/Budky-pripravene-na-vesanie-1306x979.jpg 1306w\" loading=\"eager\" style=\"--ratio: 768 \/ 576\" sizes=\"(max-width: 768px) 100vw, 768px\" alt=\"B\u00fadky pripraven\u00e9 na ve\u0161anie\" title=\"face_dts_fb\" width=\"768\" height=\"576\"  \/><\/a>\n\t<\/div>\n<\/div>\n\n\n<div class=\"post-entry-content\">\n\n\t<h3 class=\"entry-title\">\n\t\t<a href=\"https:\/\/broz.sk\/en\/slovakia-is-the-only-country-to-bring-back-the-roller\/\" title=\"Slovakia is the only country to bring back the roller\" rel=\"bookmark\">Slovakia is the only country to bring back the roller<\/a>\n\t<\/h3>\n\n\t<div class=\"entry-meta\"><a href=\"https:\/\/broz.sk\/en\/2024\/06\/25\/\" title=\"15:49\" class=\"data-link\" rel=\"bookmark\"><time class=\"entry-date updated\" datetime=\"2024-06-25T15:49:08+02:00\">25. June 2024<\/time><\/a><\/div>\n\t<div class=\"entry-excerpt\"><p>Among the countries where the European roller went extinct, only Slovakia has successfully brought it back. The LIFE 4 STEPPE BIRDS project plays a vital role in this story.<\/p>\n<\/div>\n\t\n<a href=\"https:\/\/broz.sk\/en\/slovakia-is-the-only-country-to-bring-back-the-roller\/\" class=\"post-details details-type-link\" aria-label=\"Read more about Slovakia is the only country to bring back the roller\">Read more<i class=\"dt-icon-the7-arrow-03\" aria-hidden=\"true\"><\/i><\/a>\n\n<\/div><\/article><article class=\"post project-odd hidden post-34470 type-post status-publish format-standard has-post-thumbnail hentry category-protection-of-habitats pmpro-has-access category-31 description-off\" data-name=\"The summer simulated flood is currently taking place in the inland delta of the Danube\" data-date=\"2024-06-23T10:03:07+02:00\">\n\n<div class=\"post-thumbnail-wrap\">\n\t<div class=\"post-thumbnail\">\n\n\t\t\n\t\t\n\t\t<a href=\"https:\/\/broz.sk\/en\/the-summer-simulated-flood-is-currently-taking-place-in-the-inland-delta-of-the-danube\/\" class=\"post-thumbnail-rollover layzr-bg layzr-bg\" ><img decoding=\"async\" class=\"blog-thumb-lazy-load preload-me lazy-load aspect\" src=\"data:image\/svg+xml,%3Csvg%20xmlns%3D&#39;http%3A%2F%2Fwww.w3.org%2F2000%2Fsvg&#39;%20viewBox%3D&#39;0%200%20768%20576&#39;%2F%3E\" data-src=\"https:\/\/broz.sk\/wp-content\/uploads\/2023\/08\/DJI_0840-scaled-768x576.jpg\" data-srcset=\"https:\/\/broz.sk\/wp-content\/uploads\/2023\/08\/DJI_0840-scaled-768x576.jpg 768w, https:\/\/broz.sk\/wp-content\/uploads\/2023\/08\/DJI_0840-scaled-1306x979.jpg 1306w\" loading=\"eager\" style=\"--ratio: 768 \/ 576\" sizes=\"(max-width: 768px) 100vw, 768px\" alt=\"\" title=\"default\" width=\"768\" height=\"576\"  \/><\/a>\n\t<\/div>\n<\/div>\n\n\n<div class=\"post-entry-content\">\n\n\t<h3 class=\"entry-title\">\n\t\t<a href=\"https:\/\/broz.sk\/en\/the-summer-simulated-flood-is-currently-taking-place-in-the-inland-delta-of-the-danube\/\" title=\"The summer simulated flood is currently taking place in the inland delta of the Danube\" rel=\"bookmark\">The summer simulated flood is currently taking place in the inland delta of the Danube<\/a>\n\t<\/h3>\n\n\t<div class=\"entry-meta\"><a href=\"https:\/\/broz.sk\/en\/2024\/06\/23\/\" title=\"10:03\" class=\"data-link\" rel=\"bookmark\"><time class=\"entry-date updated\" datetime=\"2024-06-23T10:03:07+02:00\">23. June 2024<\/time><\/a><\/div>\n\t<div class=\"entry-excerpt\"><p>Water is currently flowing into the inland delta of the Danube due to a summer simulated flood. We reached the highest flow in the last 19 years\u2014120 m\u00b3\/sec. Such a flow was requested as part of the petition for the preservation of the inland delta of the Danube in 2020, and since then, we have raised the demand at every meeting with water management officials and the Ministry of the Environment of Slovakia, which oversees these matters.<\/p>\n<\/div>\n\t\n<a href=\"https:\/\/broz.sk\/en\/the-summer-simulated-flood-is-currently-taking-place-in-the-inland-delta-of-the-danube\/\" class=\"post-details details-type-link\" aria-label=\"Read more about The summer simulated flood is currently taking place in the inland delta of the Danube\">Read more<i class=\"dt-icon-the7-arrow-03\" aria-hidden=\"true\"><\/i><\/a>\n\n<\/div><\/article><article class=\"post project-odd hidden post-34708 type-post status-publish format-standard has-post-thumbnail hentry category-protection-of-habitats pmpro-has-access category-31 description-off\" data-name=\"Rare plant species are returning to the restored hillsides\" data-date=\"2024-06-18T14:11:47+02:00\">\n\n<div class=\"post-thumbnail-wrap\">\n\t<div class=\"post-thumbnail\">\n\n\t\t\n\t\t\n\t\t<a href=\"https:\/\/broz.sk\/en\/rare-plant-species-are-returning-to-the-restored-hillsides\/\" class=\"post-thumbnail-rollover layzr-bg layzr-bg\" ><img decoding=\"async\" class=\"blog-thumb-lazy-load preload-me lazy-load aspect\" src=\"data:image\/svg+xml,%3Csvg%20xmlns%3D&#39;http%3A%2F%2Fwww.w3.org%2F2000%2Fsvg&#39;%20viewBox%3D&#39;0%200%20768%20576&#39;%2F%3E\" data-src=\"https:\/\/broz.sk\/wp-content\/uploads\/2024\/06\/DSC07993m-768x576.jpg\" data-srcset=\"https:\/\/broz.sk\/wp-content\/uploads\/2024\/06\/DSC07993m-768x576.jpg 768w, https:\/\/broz.sk\/wp-content\/uploads\/2024\/06\/DSC07993m-1185x888.jpg 1185w\" loading=\"eager\" style=\"--ratio: 768 \/ 576\" sizes=\"(max-width: 768px) 100vw, 768px\" alt=\"\" title=\"DSC07993m\" width=\"768\" height=\"576\"  \/><\/a>\n\t<\/div>\n<\/div>\n\n\n<div class=\"post-entry-content\">\n\n\t<h3 class=\"entry-title\">\n\t\t<a href=\"https:\/\/broz.sk\/en\/rare-plant-species-are-returning-to-the-restored-hillsides\/\" title=\"Rare plant species are returning to the restored hillsides\" rel=\"bookmark\">Rare plant species are returning to the restored hillsides<\/a>\n\t<\/h3>\n\n\t<div class=\"entry-meta\"><a href=\"https:\/\/broz.sk\/en\/2024\/06\/18\/\" title=\"14:11\" class=\"data-link\" rel=\"bookmark\"><time class=\"entry-date updated\" datetime=\"2024-06-18T14:11:47+02:00\">18. June 2024<\/time><\/a><\/div>\n\t<div class=\"entry-excerpt\"><p>Our project LIFE Endemic Panalp, aimed at the protection of several endemic species and habitats of dry grasslands, has recently moved into the second half. So, what did we achieve during the first one? First of all, in the Str\u00e1\u017eovsk\u00e9 vrchy, Pova\u017esk\u00e9 Inovec, Mal\u00e9 and Biely Karpaty, we restored a total of more than 80&hellip;<\/p>\n<\/div>\n\t\n<a href=\"https:\/\/broz.sk\/en\/rare-plant-species-are-returning-to-the-restored-hillsides\/\" class=\"post-details details-type-link\" aria-label=\"Read more about Rare plant species are returning to the restored hillsides\">Read more<i class=\"dt-icon-the7-arrow-03\" aria-hidden=\"true\"><\/i><\/a>\n\n<\/div><\/article><article class=\"post project-odd hidden post-39339 type-post status-publish format-standard has-post-thumbnail hentry category-protection-of-species pmpro-has-access category-30 description-off\" data-name=\"Roller spotted near \u0160opor\u0148a during breeding season\" data-date=\"2024-06-17T15:37:27+02:00\">\n\n<div class=\"post-thumbnail-wrap\">\n\t<div class=\"post-thumbnail\">\n\n\t\t\n\t\t\n\t\t<a href=\"https:\/\/broz.sk\/en\/roller-spotted-near-soporna-during-breeding-season\/\" class=\"post-thumbnail-rollover layzr-bg layzr-bg\" ><img decoding=\"async\" class=\"blog-thumb-lazy-load preload-me lazy-load aspect\" src=\"data:image\/svg+xml,%3Csvg%20xmlns%3D&#39;http%3A%2F%2Fwww.w3.org%2F2000%2Fsvg&#39;%20viewBox%3D&#39;0%200%20768%20576&#39;%2F%3E\" data-src=\"https:\/\/broz.sk\/wp-content\/uploads\/2025\/07\/Nedaleko-Soporne-spozorovali-vzacnu-kraklu-belasu-768x576.jpg\" data-srcset=\"https:\/\/broz.sk\/wp-content\/uploads\/2025\/07\/Nedaleko-Soporne-spozorovali-vzacnu-kraklu-belasu-768x576.jpg 768w, https:\/\/broz.sk\/wp-content\/uploads\/2025\/07\/Nedaleko-Soporne-spozorovali-vzacnu-kraklu-belasu-989x742.jpg 989w\" loading=\"eager\" style=\"--ratio: 768 \/ 576\" sizes=\"(max-width: 768px) 100vw, 768px\" alt=\"Ne\u010faleko \u0160oporne spozorovali vz\u00e1cnu krak\u013eu belasu\" title=\"Ne\u010faleko \u0160oporne spozorovali vz\u00e1cnu krak\u013eu belasu\" width=\"768\" height=\"576\"  \/><\/a>\n\t<\/div>\n<\/div>\n\n\n<div class=\"post-entry-content\">\n\n\t<h3 class=\"entry-title\">\n\t\t<a href=\"https:\/\/broz.sk\/en\/roller-spotted-near-soporna-during-breeding-season\/\" title=\"Roller spotted near \u0160opor\u0148a during breeding season\" rel=\"bookmark\">Roller spotted near \u0160opor\u0148a during breeding season<\/a>\n\t<\/h3>\n\n\t<div class=\"entry-meta\"><a href=\"https:\/\/broz.sk\/en\/2024\/06\/17\/\" title=\"15:37\" class=\"data-link\" rel=\"bookmark\"><time class=\"entry-date updated\" datetime=\"2024-06-17T15:37:27+02:00\">17. June 2024<\/time><\/a><\/div>\n\t<div class=\"entry-excerpt\"><p>A European roller was seen hunting above a biostrip near \u0160opor\u0148a. The sighting during the breeding season shows there\u2019s hope it could return as a nesting species\u2014if we help with targeted conservation measures.<\/p>\n<\/div>\n\t\n<a href=\"https:\/\/broz.sk\/en\/roller-spotted-near-soporna-during-breeding-season\/\" class=\"post-details details-type-link\" aria-label=\"Read more about Roller spotted near \u0160opor\u0148a during breeding season\">Read more<i class=\"dt-icon-the7-arrow-03\" aria-hidden=\"true\"><\/i><\/a>\n\n<\/div><\/article><article class=\"post project-odd hidden post-33766 type-post status-publish format-standard has-post-thumbnail hentry category-protection-of-habitats pmpro-has-access category-31 description-off\" data-name=\"From expert study to technical projection\" data-date=\"2024-06-10T11:30:35+02:00\">\n\n<div class=\"post-thumbnail-wrap\">\n\t<div class=\"post-thumbnail\">\n\n\t\t\n\t\t\n\t\t<a href=\"https:\/\/broz.sk\/en\/from-expert-study-to-technical-projection\/\" class=\"post-thumbnail-rollover layzr-bg layzr-bg\" ><img decoding=\"async\" class=\"blog-thumb-lazy-load preload-me lazy-load aspect\" src=\"data:image\/svg+xml,%3Csvg%20xmlns%3D&#39;http%3A%2F%2Fwww.w3.org%2F2000%2Fsvg&#39;%20viewBox%3D&#39;0%200%20768%20576&#39;%2F%3E\" data-src=\"https:\/\/broz.sk\/wp-content\/uploads\/2024\/06\/Technicka-projekcia-obnovy-ramien-prebieha-aj-mimo-kancelarskeho-stola-scaled-768x576.jpg\" data-srcset=\"https:\/\/broz.sk\/wp-content\/uploads\/2024\/06\/Technicka-projekcia-obnovy-ramien-prebieha-aj-mimo-kancelarskeho-stola-scaled-768x576.jpg 768w, https:\/\/broz.sk\/wp-content\/uploads\/2024\/06\/Technicka-projekcia-obnovy-ramien-prebieha-aj-mimo-kancelarskeho-stola-scaled-1306x979.jpg 1306w\" loading=\"eager\" style=\"--ratio: 768 \/ 576\" sizes=\"(max-width: 768px) 100vw, 768px\" alt=\"Ter\u00e9nny prieskum\" title=\"Technick\u00e1 projekcia obnovy ramien prebieha aj mimo kancel\u00e1rskeho stola\" width=\"768\" height=\"576\"  \/><\/a>\n\t<\/div>\n<\/div>\n\n\n<div class=\"post-entry-content\">\n\n\t<h3 class=\"entry-title\">\n\t\t<a href=\"https:\/\/broz.sk\/en\/from-expert-study-to-technical-projection\/\" title=\"From expert study to technical projection\" rel=\"bookmark\">From expert study to technical projection<\/a>\n\t<\/h3>\n\n\t<div class=\"entry-meta\"><a href=\"https:\/\/broz.sk\/en\/2024\/06\/10\/\" title=\"11:30\" class=\"data-link\" rel=\"bookmark\"><time class=\"entry-date updated\" datetime=\"2024-06-10T11:30:35+02:00\">10. June 2024<\/time><\/a><\/div>\n\t<div class=\"entry-excerpt\"><p>The revitalisation of the old Danube side arms can be called in one word &#8220;process&#8221;. Just as their degradation has been gradual, due to modifications for navigation, their revitalisation in places where it makes sense for valuable floodplain forest habitats, birds, fish and amphibians, for groundwater recharge and flood protection for us humans, will be gradual. <\/p>\n<\/div>\n\t\n<a href=\"https:\/\/broz.sk\/en\/from-expert-study-to-technical-projection\/\" class=\"post-details details-type-link\" aria-label=\"Read more about From expert study to technical projection\">Read more<i class=\"dt-icon-the7-arrow-03\" aria-hidden=\"true\"><\/i><\/a>\n\n<\/div><\/article><article class=\"post project-odd hidden post-33736 type-post status-publish format-standard has-post-thumbnail hentry category-0-en pmpro-has-access category-43 description-off\" data-name=\"Excursion for students of the Faculty of Natural Sciences\" data-date=\"2024-06-07T11:49:19+02:00\">\n\n<div class=\"post-thumbnail-wrap\">\n\t<div class=\"post-thumbnail\">\n\n\t\t\n\t\t\n\t\t<a href=\"https:\/\/broz.sk\/en\/excursion-for-students-of-the-faculty-of-natural-sciences\/\" class=\"post-thumbnail-rollover layzr-bg layzr-bg\" ><img decoding=\"async\" class=\"blog-thumb-lazy-load preload-me lazy-load aspect\" src=\"data:image\/svg+xml,%3Csvg%20xmlns%3D&#39;http%3A%2F%2Fwww.w3.org%2F2000%2Fsvg&#39;%20viewBox%3D&#39;0%200%20768%20576&#39;%2F%3E\" data-src=\"https:\/\/broz.sk\/wp-content\/uploads\/2024\/06\/20240503_104857-scaled-768x576.jpg\" data-srcset=\"https:\/\/broz.sk\/wp-content\/uploads\/2024\/06\/20240503_104857-scaled-768x576.jpg 768w, https:\/\/broz.sk\/wp-content\/uploads\/2024\/06\/20240503_104857-scaled-1306x979.jpg 1306w\" loading=\"eager\" style=\"--ratio: 768 \/ 576\" sizes=\"(max-width: 768px) 100vw, 768px\" alt=\"R\u00e1mov\u00e9 priepusty\" title=\"Testovanie splavnosti novoosaden\u00fdch r\u00e1mov\u00fdch priepustov na sprieto\u010dnenom Voj\u010dianskom ramene\" width=\"768\" height=\"576\"  \/><\/a>\n\t<\/div>\n<\/div>\n\n\n<div class=\"post-entry-content\">\n\n\t<h3 class=\"entry-title\">\n\t\t<a href=\"https:\/\/broz.sk\/en\/excursion-for-students-of-the-faculty-of-natural-sciences\/\" title=\"Excursion for students of the Faculty of Natural Sciences\" rel=\"bookmark\">Excursion for students of the Faculty of Natural Sciences<\/a>\n\t<\/h3>\n\n\t<div class=\"entry-meta\"><a href=\"https:\/\/broz.sk\/en\/2024\/06\/07\/\" title=\"11:49\" class=\"data-link\" rel=\"bookmark\"><time class=\"entry-date updated\" datetime=\"2024-06-07T11:49:19+02:00\">7. June 2024<\/time><\/a><\/div>\n\t<div class=\"entry-excerpt\"><p>At the beginning of May, as part of a project with the financial support of the Tipsport Foundation, we organized an educational excursion in the form of a boat trip for students of the Faculty of Natural Sciences of the Comenius University. The students had the opportunity to float the restored sections of the river branches, learn more about the problem of simulated floods and get to know the fauna and flora of the Danube floodplain forests more closely. <\/p>\n<\/div>\n\t\n<a href=\"https:\/\/broz.sk\/en\/excursion-for-students-of-the-faculty-of-natural-sciences\/\" class=\"post-details details-type-link\" aria-label=\"Read more about Excursion for students of the Faculty of Natural Sciences\">Read more<i class=\"dt-icon-the7-arrow-03\" aria-hidden=\"true\"><\/i><\/a>\n\n<\/div><\/article><article class=\"post project-odd hidden post-33707 type-post status-publish format-standard has-post-thumbnail hentry category-0-en pmpro-has-access category-43 description-off\" data-name=\"Excursion for key players in nature protection\" data-date=\"2024-06-07T11:07:11+02:00\">\n\n<div class=\"post-thumbnail-wrap\">\n\t<div class=\"post-thumbnail\">\n\n\t\t\n\t\t\n\t\t<a href=\"https:\/\/broz.sk\/en\/excursion-for-key-players-in-nature-protection\/\" class=\"post-thumbnail-rollover layzr-bg layzr-bg\" ><img decoding=\"async\" class=\"blog-thumb-lazy-load preload-me lazy-load aspect\" src=\"data:image\/svg+xml,%3Csvg%20xmlns%3D&#39;http%3A%2F%2Fwww.w3.org%2F2000%2Fsvg&#39;%20viewBox%3D&#39;0%200%20768%20576&#39;%2F%3E\" data-src=\"https:\/\/broz.sk\/wp-content\/uploads\/2024\/06\/Pista_Nagy-4-768x576.jpg\" data-srcset=\"https:\/\/broz.sk\/wp-content\/uploads\/2024\/06\/Pista_Nagy-4-768x576.jpg 768w, https:\/\/broz.sk\/wp-content\/uploads\/2024\/06\/Pista_Nagy-4-1306x979.jpg 1306w\" loading=\"eager\" style=\"--ratio: 768 \/ 576\" sizes=\"(max-width: 768px) 100vw, 768px\" alt=\"Exkurzia \u010dlnom\" title=\"Pi\u0161ta_Nagy (4)\" width=\"768\" height=\"576\"  \/><\/a>\n\t<\/div>\n<\/div>\n\n\n<div class=\"post-entry-content\">\n\n\t<h3 class=\"entry-title\">\n\t\t<a href=\"https:\/\/broz.sk\/en\/excursion-for-key-players-in-nature-protection\/\" title=\"Excursion for key players in nature protection\" rel=\"bookmark\">Excursion for key players in nature protection<\/a>\n\t<\/h3>\n\n\t<div class=\"entry-meta\"><a href=\"https:\/\/broz.sk\/en\/2024\/06\/07\/\" title=\"11:07\" class=\"data-link\" rel=\"bookmark\"><time class=\"entry-date updated\" datetime=\"2024-06-07T11:07:11+02:00\">7. June 2024<\/time><\/a><\/div>\n\t<div class=\"entry-excerpt\"><p>On May 21, as part of a project with the financial support of the Tipsport Foundation, together with mayors of municipalities, employees of the Ministry of the Environment, district offices and the Water Research Institute, we got into the boats in Medve\u013eov and from there sailed to the Kl\u00fa\u010dovec branch system. These are locations where BROZ restored the water regime in the past.<\/p>\n<\/div>\n\t\n<a href=\"https:\/\/broz.sk\/en\/excursion-for-key-players-in-nature-protection\/\" class=\"post-details details-type-link\" aria-label=\"Read more about Excursion for key players in nature protection\">Read more<i class=\"dt-icon-the7-arrow-03\" aria-hidden=\"true\"><\/i><\/a>\n\n<\/div><\/article><article class=\"post project-odd hidden post-33638 type-post status-publish format-standard has-post-thumbnail hentry category-protection-of-habitats pmpro-has-access category-31 description-off\" data-name=\"We are finalists of the Natura 2000 Award\" data-date=\"2024-06-03T10:27:22+02:00\">\n\n<div class=\"post-thumbnail-wrap\">\n\t<div class=\"post-thumbnail\">\n\n\t\t\n\t\t\n\t\t<a href=\"https:\/\/broz.sk\/en\/we-are-finalists-of-the-natura-2000-award\/\" class=\"post-thumbnail-rollover layzr-bg layzr-bg\" ><img decoding=\"async\" class=\"blog-thumb-lazy-load preload-me lazy-load aspect\" src=\"data:image\/svg+xml,%3Csvg%20xmlns%3D&#39;http%3A%2F%2Fwww.w3.org%2F2000%2Fsvg&#39;%20viewBox%3D&#39;0%200%20768%20576&#39;%2F%3E\" data-src=\"https:\/\/broz.sk\/wp-content\/uploads\/2024\/06\/53757372015_d0d35649f5_o-768x576.jpg\" data-srcset=\"https:\/\/broz.sk\/wp-content\/uploads\/2024\/06\/53757372015_d0d35649f5_o-768x576.jpg 768w, https:\/\/broz.sk\/wp-content\/uploads\/2024\/06\/53757372015_d0d35649f5_o-1306x979.jpg 1306w\" loading=\"eager\" style=\"--ratio: 768 \/ 576\" sizes=\"(max-width: 768px) 100vw, 768px\" alt=\"\" title=\"53757372015_d0d35649f5_o\" width=\"768\" height=\"576\"  \/><\/a>\n\t<\/div>\n<\/div>\n\n\n<div class=\"post-entry-content\">\n\n\t<h3 class=\"entry-title\">\n\t\t<a href=\"https:\/\/broz.sk\/en\/we-are-finalists-of-the-natura-2000-award\/\" title=\"We are finalists of the Natura 2000 Award\" rel=\"bookmark\">We are finalists of the Natura 2000 Award<\/a>\n\t<\/h3>\n\n\t<div class=\"entry-meta\"><a href=\"https:\/\/broz.sk\/en\/2024\/06\/03\/\" title=\"10:27\" class=\"data-link\" rel=\"bookmark\"><time class=\"entry-date updated\" datetime=\"2024-06-03T10:27:22+02:00\">3. June 2024<\/time><\/a><\/div>\n\t<div class=\"entry-excerpt\"><p>We went to Brussels as finalists and we are going home as finalists. Although we did not win the Natura 2000 award, it was an honor for us to participate in this prestigious European competition and to be among the 6 nominated projects in our category. He won an Irish project where conservationists helped to change the setting of subsidies for farmers, so that they could manage Natura 2000 areas closer to nature and not be deprived.<\/p>\n<\/div>\n\t\n<a href=\"https:\/\/broz.sk\/en\/we-are-finalists-of-the-natura-2000-award\/\" class=\"post-details details-type-link\" aria-label=\"Read more about We are finalists of the Natura 2000 Award\">Read more<i class=\"dt-icon-the7-arrow-03\" aria-hidden=\"true\"><\/i><\/a>\n\n<\/div><\/article><article class=\"post project-odd hidden post-33578 type-post status-publish format-standard has-post-thumbnail hentry category-protection-of-habitats pmpro-has-access category-31 description-off\" data-name=\"Microtus II visit in \u0160umava\" data-date=\"2024-05-27T18:20:05+02:00\">\n\n<div class=\"post-thumbnail-wrap\">\n\t<div class=\"post-thumbnail\">\n\n\t\t\n\t\t\n\t\t<a href=\"https:\/\/broz.sk\/en\/microtus-ii-visit-in-sumava\/\" class=\"post-thumbnail-rollover layzr-bg layzr-bg\" ><img decoding=\"async\" class=\"blog-thumb-lazy-load preload-me lazy-load aspect\" src=\"data:image\/svg+xml,%3Csvg%20xmlns%3D&#39;http%3A%2F%2Fwww.w3.org%2F2000%2Fsvg&#39;%20viewBox%3D&#39;0%200%20768%20576&#39;%2F%3E\" data-src=\"https:\/\/broz.sk\/wp-content\/uploads\/2024\/05\/1684152937417-1-scaled-768x576.jpg\" data-srcset=\"https:\/\/broz.sk\/wp-content\/uploads\/2024\/05\/1684152937417-1-scaled-768x576.jpg 768w, https:\/\/broz.sk\/wp-content\/uploads\/2024\/05\/1684152937417-1-scaled-1306x979.jpg 1306w\" loading=\"eager\" style=\"--ratio: 768 \/ 576\" sizes=\"(max-width: 768px) 100vw, 768px\" alt=\"\" title=\"1684152937417-1\" width=\"768\" height=\"576\"  \/><\/a>\n\t<\/div>\n<\/div>\n\n\n<div class=\"post-entry-content\">\n\n\t<h3 class=\"entry-title\">\n\t\t<a href=\"https:\/\/broz.sk\/en\/microtus-ii-visit-in-sumava\/\" title=\"Microtus II visit in \u0160umava\" rel=\"bookmark\">Microtus II visit in \u0160umava<\/a>\n\t<\/h3>\n\n\t<div class=\"entry-meta\"><a href=\"https:\/\/broz.sk\/en\/2024\/05\/27\/\" title=\"18:20\" class=\"data-link\" rel=\"bookmark\"><time class=\"entry-date updated\" datetime=\"2024-05-27T18:20:05+02:00\">27. May 2024<\/time><\/a><\/div>\n\t<div class=\"entry-excerpt\"><p>In May, together with the stakeholders of the Microtus II project, we went to get inspired to the \u0160umava National Park. The study tour was attended by representatives of the Ministry of the Environment (M\u017dP), Slovak Water Management Enterprise(SVP), Water Management Construction Enterprise (VV), Water Management Research Institute (V\u00daVH) and the Dunajsk\u00e1 Streda district office.&hellip;<\/p>\n<\/div>\n\t\n<a href=\"https:\/\/broz.sk\/en\/microtus-ii-visit-in-sumava\/\" class=\"post-details details-type-link\" aria-label=\"Read more about Microtus II visit in \u0160umava\">Read more<i class=\"dt-icon-the7-arrow-03\" aria-hidden=\"true\"><\/i><\/a>\n\n<\/div><\/article><article class=\"post project-odd hidden post-35004 type-post status-publish format-standard has-post-thumbnail hentry category-protection-of-species pmpro-has-access category-30 description-off\" data-name=\"Ground squirrels are social animals. More numerous colonies are stronger.\" data-date=\"2024-05-20T13:44:02+02:00\">\n\n<div class=\"post-thumbnail-wrap\">\n\t<div class=\"post-thumbnail\">\n\n\t\t\n\t\t\n\t\t<a href=\"https:\/\/broz.sk\/en\/ground-squirrels-are-social-animals-more-numerous-colonies-are-stronger\/\" class=\"post-thumbnail-rollover layzr-bg layzr-bg\" ><img decoding=\"async\" class=\"blog-thumb-lazy-load preload-me lazy-load aspect\" src=\"data:image\/svg+xml,%3Csvg%20xmlns%3D&#39;http%3A%2F%2Fwww.w3.org%2F2000%2Fsvg&#39;%20viewBox%3D&#39;0%200%20768%20576&#39;%2F%3E\" data-src=\"https:\/\/broz.sk\/wp-content\/uploads\/2024\/05\/00007foto-brano-molnar-1-1-e1716210868730-768x576.jpg\" data-srcset=\"https:\/\/broz.sk\/wp-content\/uploads\/2024\/05\/00007foto-brano-molnar-1-1-e1716210868730-768x576.jpg 768w, https:\/\/broz.sk\/wp-content\/uploads\/2024\/05\/00007foto-brano-molnar-1-1-e1716210868730-1306x979.jpg 1306w\" loading=\"eager\" style=\"--ratio: 768 \/ 576\" sizes=\"(max-width: 768px) 100vw, 768px\" alt=\"\" title=\"00007foto brano molnar\" width=\"768\" height=\"576\"  \/><\/a>\n\t<\/div>\n<\/div>\n\n\n<div class=\"post-entry-content\">\n\n\t<h3 class=\"entry-title\">\n\t\t<a href=\"https:\/\/broz.sk\/en\/ground-squirrels-are-social-animals-more-numerous-colonies-are-stronger\/\" title=\"Ground squirrels are social animals. More numerous colonies are stronger.\" rel=\"bookmark\">Ground squirrels are social animals. More numerous colonies are stronger.<\/a>\n\t<\/h3>\n\n\t<div class=\"entry-meta\"><a href=\"https:\/\/broz.sk\/en\/2024\/05\/20\/\" title=\"13:44\" class=\"data-link\" rel=\"bookmark\"><time class=\"entry-date updated\" datetime=\"2024-05-20T13:44:02+02:00\">20. May 2024<\/time><\/a><\/div>\n\t<div class=\"entry-excerpt\"><p>The European ground squirrels are animals that live in large groups. In ideal conditions, they will grow to several thousand members and gradually colonise the surrounding landscape, provided it is suitable and there is low vegetation &#8211; grassland, or mown lawns or meadows.<\/p>\n<\/div>\n\t\n<a href=\"https:\/\/broz.sk\/en\/ground-squirrels-are-social-animals-more-numerous-colonies-are-stronger\/\" class=\"post-details details-type-link\" aria-label=\"Read more about Ground squirrels are social animals. More numerous colonies are stronger.\">Read more<i class=\"dt-icon-the7-arrow-03\" aria-hidden=\"true\"><\/i><\/a>\n\n<\/div><\/article><article class=\"post project-odd hidden post-34964 type-post status-publish format-standard has-post-thumbnail hentry category-protection-of-habitats pmpro-has-access category-31 description-off\" data-name=\"The Southern festoon (Zerynthia polyxena) needs Aristolochia plants. We are planting them as part of the project.\" data-date=\"2024-05-15T12:47:12+02:00\">\n\n<div class=\"post-thumbnail-wrap\">\n\t<div class=\"post-thumbnail\">\n\n\t\t\n\t\t\n\t\t<a href=\"https:\/\/broz.sk\/en\/the-southern-festoon-zerynthia-polyxena-needs-aristolochia-plants-we-are-planting-them-as-part-of-the-project\/\" class=\"post-thumbnail-rollover layzr-bg layzr-bg\" ><img decoding=\"async\" class=\"blog-thumb-lazy-load preload-me lazy-load aspect\" src=\"data:image\/svg+xml,%3Csvg%20xmlns%3D&#39;http%3A%2F%2Fwww.w3.org%2F2000%2Fsvg&#39;%20viewBox%3D&#39;0%200%20768%20576&#39;%2F%3E\" data-src=\"https:\/\/broz.sk\/wp-content\/uploads\/2024\/02\/timelynx-KkCDC-sGKwQ-unsplash-scaled-768x576.jpg\" data-srcset=\"https:\/\/broz.sk\/wp-content\/uploads\/2024\/02\/timelynx-KkCDC-sGKwQ-unsplash-scaled-768x576.jpg 768w, https:\/\/broz.sk\/wp-content\/uploads\/2024\/02\/timelynx-KkCDC-sGKwQ-unsplash-scaled-1306x979.jpg 1306w\" loading=\"eager\" style=\"--ratio: 768 \/ 576\" sizes=\"(max-width: 768px) 100vw, 768px\" alt=\"Zerynthia polyxena - Pestro\u0148 vlkovcov\u00fd\" title=\"timelynx-KkCDC-sGKwQ-unsplash\" width=\"768\" height=\"576\"  \/><\/a>\n\t<\/div>\n<\/div>\n\n\n<div class=\"post-entry-content\">\n\n\t<h3 class=\"entry-title\">\n\t\t<a href=\"https:\/\/broz.sk\/en\/the-southern-festoon-zerynthia-polyxena-needs-aristolochia-plants-we-are-planting-them-as-part-of-the-project\/\" title=\"The Southern festoon (Zerynthia polyxena) needs Aristolochia plants. We are planting them as part of the project.\" rel=\"bookmark\">The Southern festoon (Zerynthia polyxena) needs Aristolochia plants. We are planting them as part of the project.<\/a>\n\t<\/h3>\n\n\t<div class=\"entry-meta\"><a href=\"https:\/\/broz.sk\/en\/2024\/05\/15\/\" title=\"12:47\" class=\"data-link\" rel=\"bookmark\"><time class=\"entry-date updated\" datetime=\"2024-05-15T12:47:12+02:00\">15. May 2024<\/time><\/a><\/div>\n\t<div class=\"entry-excerpt\"><p>The Southern festoon, a rare butterfly species of European importance, is bound to the warmest regions of Slovakia. The development of its monophagous caterpillars takes place on the Aristolochia plant. The restoration of these plants by direct sowing is possible, but time-consuming. However, they reproduce very well by rhizomes.<\/p>\n<\/div>\n\t\n<a href=\"https:\/\/broz.sk\/en\/the-southern-festoon-zerynthia-polyxena-needs-aristolochia-plants-we-are-planting-them-as-part-of-the-project\/\" class=\"post-details details-type-link\" aria-label=\"Read more about The Southern festoon (Zerynthia polyxena) needs Aristolochia plants. We are planting them as part of the project.\">Read more<i class=\"dt-icon-the7-arrow-03\" aria-hidden=\"true\"><\/i><\/a>\n\n<\/div><\/article><article class=\"post project-odd hidden post-35008 type-post status-publish format-standard has-post-thumbnail hentry category-protection-of-habitats pmpro-has-access category-31 description-off\" data-name=\"Ground squirrel meadows are blooming beautifully right now\" data-date=\"2024-05-06T13:46:46+02:00\">\n\n<div class=\"post-thumbnail-wrap\">\n\t<div class=\"post-thumbnail\">\n\n\t\t\n\t\t\n\t\t<a href=\"https:\/\/broz.sk\/en\/ground-squirrel-meadows-are-blooming-beautifully-right-now\/\" class=\"post-thumbnail-rollover layzr-bg layzr-bg\" ><img decoding=\"async\" class=\"blog-thumb-lazy-load preload-me lazy-load aspect\" src=\"data:image\/svg+xml,%3Csvg%20xmlns%3D&#39;http%3A%2F%2Fwww.w3.org%2F2000%2Fsvg&#39;%20viewBox%3D&#39;0%200%20768%20576&#39;%2F%3E\" data-src=\"https:\/\/broz.sk\/wp-content\/uploads\/2024\/05\/DSCF1154-scaled-768x576.jpg\" data-srcset=\"https:\/\/broz.sk\/wp-content\/uploads\/2024\/05\/DSCF1154-scaled-768x576.jpg 768w, https:\/\/broz.sk\/wp-content\/uploads\/2024\/05\/DSCF1154-scaled-1306x979.jpg 1306w\" loading=\"eager\" style=\"--ratio: 768 \/ 576\" sizes=\"(max-width: 768px) 100vw, 768px\" alt=\"\" title=\"DSCF1154\" width=\"768\" height=\"576\"  \/><\/a>\n\t<\/div>\n<\/div>\n\n\n<div class=\"post-entry-content\">\n\n\t<h3 class=\"entry-title\">\n\t\t<a href=\"https:\/\/broz.sk\/en\/ground-squirrel-meadows-are-blooming-beautifully-right-now\/\" title=\"Ground squirrel meadows are blooming beautifully right now\" rel=\"bookmark\">Ground squirrel meadows are blooming beautifully right now<\/a>\n\t<\/h3>\n\n\t<div class=\"entry-meta\"><a href=\"https:\/\/broz.sk\/en\/2024\/05\/06\/\" title=\"13:46\" class=\"data-link\" rel=\"bookmark\"><time class=\"entry-date updated\" datetime=\"2024-05-06T13:46:46+02:00\">6. May 2024<\/time><\/a><\/div>\n\t<div class=\"entry-excerpt\"><p>Throughout spring, meadows with the presence of ground squirrels bloom in abundance. Ground squirrel habitats are usually pastures, so this suitable combination of inter-species cooperation bears its fruit. <\/p>\n<\/div>\n\t\n<a href=\"https:\/\/broz.sk\/en\/ground-squirrel-meadows-are-blooming-beautifully-right-now\/\" class=\"post-details details-type-link\" aria-label=\"Read more about Ground squirrel meadows are blooming beautifully right now\">Read more<i class=\"dt-icon-the7-arrow-03\" aria-hidden=\"true\"><\/i><\/a>\n\n<\/div><\/article><article class=\"post project-odd hidden post-34923 type-post status-publish format-standard has-post-thumbnail hentry category-protection-of-habitats pmpro-has-access category-31 description-off\" data-name=\"We mapped the caterpillars of the endangered eastern eggar (Eriogaster catax)\" data-date=\"2024-05-06T12:21:13+02:00\">\n\n<div class=\"post-thumbnail-wrap\">\n\t<div class=\"post-thumbnail\">\n\n\t\t\n\t\t\n\t\t<a href=\"https:\/\/broz.sk\/en\/we-mapped-the-caterpillars-of-the-endangered-eastern-eggar-eriogaster-catax\/\" class=\"post-thumbnail-rollover layzr-bg layzr-bg\" ><img decoding=\"async\" class=\"blog-thumb-lazy-load preload-me lazy-load aspect\" src=\"data:image\/svg+xml,%3Csvg%20xmlns%3D&#39;http%3A%2F%2Fwww.w3.org%2F2000%2Fsvg&#39;%20viewBox%3D&#39;0%200%20768%20576&#39;%2F%3E\" data-src=\"https:\/\/broz.sk\/wp-content\/uploads\/2024\/05\/E.catax-21-768x576.jpg\" data-srcset=\"https:\/\/broz.sk\/wp-content\/uploads\/2024\/05\/E.catax-21-768x576.jpg 768w, https:\/\/broz.sk\/wp-content\/uploads\/2024\/05\/E.catax-21-1306x979.jpg 1306w\" loading=\"eager\" style=\"--ratio: 768 \/ 576\" sizes=\"(max-width: 768px) 100vw, 768px\" alt=\"H\u00fasenice Eriogaster catax\" title=\"KONICA MINOLTA DIGITAL CAMERA\" width=\"768\" height=\"576\"  \/><\/a>\n\t<\/div>\n<\/div>\n\n\n<div class=\"post-entry-content\">\n\n\t<h3 class=\"entry-title\">\n\t\t<a href=\"https:\/\/broz.sk\/en\/we-mapped-the-caterpillars-of-the-endangered-eastern-eggar-eriogaster-catax\/\" title=\"We mapped the caterpillars of the endangered eastern eggar (Eriogaster catax)\" rel=\"bookmark\">We mapped the caterpillars of the endangered eastern eggar (Eriogaster catax)<\/a>\n\t<\/h3>\n\n\t<div class=\"entry-meta\"><a href=\"https:\/\/broz.sk\/en\/2024\/05\/06\/\" title=\"12:21\" class=\"data-link\" rel=\"bookmark\"><time class=\"entry-date updated\" datetime=\"2024-05-06T12:21:13+02:00\">6. May 2024<\/time><\/a><\/div>\n\t<div class=\"entry-excerpt\"><p>Although its Slovak name evokes a close relationship to blackthorn, the eastern eggar females lay eggs primarily on hawthorns.<br \/>\nThis butterfly is one of the few that lays its eggs in the fall and they spend the whole winter on the shrub. <\/p>\n<\/div>\n\t\n<a href=\"https:\/\/broz.sk\/en\/we-mapped-the-caterpillars-of-the-endangered-eastern-eggar-eriogaster-catax\/\" class=\"post-details details-type-link\" aria-label=\"Read more about We mapped the caterpillars of the endangered eastern eggar (Eriogaster catax)\">Read more<i class=\"dt-icon-the7-arrow-03\" aria-hidden=\"true\"><\/i><\/a>\n\n<\/div><\/article><article class=\"post project-odd hidden post-33663 type-post status-publish format-standard has-post-thumbnail hentry category-protection-of-habitats pmpro-has-access category-31 description-off\" data-name=\"We implement winter and early spring grazing. What are its benefits?\" data-date=\"2024-05-02T16:48:52+02:00\">\n\n<div class=\"post-thumbnail-wrap\">\n\t<div class=\"post-thumbnail\">\n\n\t\t\n\t\t\n\t\t<a href=\"https:\/\/broz.sk\/en\/we-implement-winter-and-early-spring-grazing-what-are-its-benefits\/\" class=\"post-thumbnail-rollover layzr-bg layzr-bg\" ><img decoding=\"async\" class=\"blog-thumb-lazy-load preload-me lazy-load aspect\" src=\"data:image\/svg+xml,%3Csvg%20xmlns%3D&#39;http%3A%2F%2Fwww.w3.org%2F2000%2Fsvg&#39;%20viewBox%3D&#39;0%200%20768%20576&#39;%2F%3E\" data-src=\"https:\/\/broz.sk\/wp-content\/uploads\/2024\/05\/IMG_20231223_125628423_MFNR-scaled-768x576.jpg\" data-srcset=\"https:\/\/broz.sk\/wp-content\/uploads\/2024\/05\/IMG_20231223_125628423_MFNR-scaled-768x576.jpg 768w, https:\/\/broz.sk\/wp-content\/uploads\/2024\/05\/IMG_20231223_125628423_MFNR-scaled-1306x979.jpg 1306w\" loading=\"eager\" style=\"--ratio: 768 \/ 576\" sizes=\"(max-width: 768px) 100vw, 768px\" alt=\"\" title=\"IMG_20231223_125628423_MFNR\" width=\"768\" height=\"576\"  \/><\/a>\n\t<\/div>\n<\/div>\n\n\n<div class=\"post-entry-content\">\n\n\t<h3 class=\"entry-title\">\n\t\t<a href=\"https:\/\/broz.sk\/en\/we-implement-winter-and-early-spring-grazing-what-are-its-benefits\/\" title=\"We implement winter and early spring grazing. What are its benefits?\" rel=\"bookmark\">We implement winter and early spring grazing. What are its benefits?<\/a>\n\t<\/h3>\n\n\t<div class=\"entry-meta\"><a href=\"https:\/\/broz.sk\/en\/2024\/05\/02\/\" title=\"16:48\" class=\"data-link\" rel=\"bookmark\"><time class=\"entry-date updated\" datetime=\"2024-05-02T16:48:52+02:00\">2. May 2024<\/time><\/a><\/div>\n\t<div class=\"entry-excerpt\"><p>If you are looking for a blossoming cherry in May (at least here in Slovakia), you will find it in the White Carpathians in the protected area Vr\u0161atsk\u00e9 bradl\u00e1. And with it also living mowers &#8211; a herd of goats and a few sheep. Grazing started exceptionally here already in April in two reserved plots.&hellip;<\/p>\n<\/div>\n\t\n<a href=\"https:\/\/broz.sk\/en\/we-implement-winter-and-early-spring-grazing-what-are-its-benefits\/\" class=\"post-details details-type-link\" aria-label=\"Read more about We implement winter and early spring grazing. What are its benefits?\">Read more<i class=\"dt-icon-the7-arrow-03\" aria-hidden=\"true\"><\/i><\/a>\n\n<\/div><\/article><article class=\"post project-odd hidden post-39324 type-post status-publish format-standard has-post-thumbnail hentry category-protection-of-species pmpro-has-access category-30 description-off\" data-name=\"Red-footed falcon is Bird of the Year 2024\" data-date=\"2024-04-30T15:27:28+02:00\">\n\n<div class=\"post-thumbnail-wrap\">\n\t<div class=\"post-thumbnail\">\n\n\t\t\n\t\t\n\t\t<a href=\"https:\/\/broz.sk\/en\/red-footed-falcon-is-bird-of-the-year-2024\/\" class=\"post-thumbnail-rollover layzr-bg layzr-bg\" ><img decoding=\"async\" class=\"blog-thumb-lazy-load preload-me lazy-load aspect\" src=\"data:image\/svg+xml,%3Csvg%20xmlns%3D&#39;http%3A%2F%2Fwww.w3.org%2F2000%2Fsvg&#39;%20viewBox%3D&#39;0%200%20768%20576&#39;%2F%3E\" data-src=\"https:\/\/broz.sk\/wp-content\/uploads\/2025\/07\/sokol-kobcovity-768x576.jpg\" data-srcset=\"https:\/\/broz.sk\/wp-content\/uploads\/2025\/07\/sokol-kobcovity-768x576.jpg 768w, https:\/\/broz.sk\/wp-content\/uploads\/2025\/07\/sokol-kobcovity-1306x979.jpg 1306w\" loading=\"eager\" style=\"--ratio: 768 \/ 576\" sizes=\"(max-width: 768px) 100vw, 768px\" alt=\"sokol kobcovit\u00fd\" title=\"sokol kobcovit\u00fd.\" width=\"768\" height=\"576\"  \/><\/a>\n\t<\/div>\n<\/div>\n\n\n<div class=\"post-entry-content\">\n\n\t<h3 class=\"entry-title\">\n\t\t<a href=\"https:\/\/broz.sk\/en\/red-footed-falcon-is-bird-of-the-year-2024\/\" title=\"Red-footed falcon is Bird of the Year 2024\" rel=\"bookmark\">Red-footed falcon is Bird of the Year 2024<\/a>\n\t<\/h3>\n\n\t<div class=\"entry-meta\"><a href=\"https:\/\/broz.sk\/en\/2024\/04\/30\/\" title=\"15:27\" class=\"data-link\" rel=\"bookmark\"><time class=\"entry-date updated\" datetime=\"2024-04-30T15:27:28+02:00\">30. April 2024<\/time><\/a><\/div>\n\t<div class=\"entry-excerpt\"><p>The red-footed falcon has been chosen by SOS\/BirdLife Slovakia as Bird of the Year 2024 to raise awareness about the importance of its protection. These falcons travel over 7,000 kilometers from Africa to their breeding grounds\u2014facing many dangers along the way.<\/p>\n<\/div>\n\t\n<a href=\"https:\/\/broz.sk\/en\/red-footed-falcon-is-bird-of-the-year-2024\/\" class=\"post-details details-type-link\" aria-label=\"Read more about Red-footed falcon is Bird of the Year 2024\">Read more<i class=\"dt-icon-the7-arrow-03\" aria-hidden=\"true\"><\/i><\/a>\n\n<\/div><\/article><article class=\"post project-odd hidden post-34927 type-post status-publish format-standard has-post-thumbnail hentry category-protection-of-species pmpro-has-access category-30 description-off\" data-name=\"Will you join us in butterfly collection?\" data-date=\"2024-04-22T12:36:59+02:00\">\n\n<div class=\"post-thumbnail-wrap\">\n\t<div class=\"post-thumbnail\">\n\n\t\t\n\t\t\n\t\t<a href=\"https:\/\/broz.sk\/en\/will-you-join-us-in-butterfly-collection\/\" class=\"post-thumbnail-rollover layzr-bg layzr-bg\" ><img decoding=\"async\" class=\"blog-thumb-lazy-load preload-me lazy-load aspect\" src=\"data:image\/svg+xml,%3Csvg%20xmlns%3D&#39;http%3A%2F%2Fwww.w3.org%2F2000%2Fsvg&#39;%20viewBox%3D&#39;0%200%20768%20576&#39;%2F%3E\" data-src=\"https:\/\/broz.sk\/wp-content\/uploads\/2024\/04\/20230808_110808-768x576.jpg\" data-srcset=\"https:\/\/broz.sk\/wp-content\/uploads\/2024\/04\/20230808_110808-768x576.jpg 768w, https:\/\/broz.sk\/wp-content\/uploads\/2024\/04\/20230808_110808-1306x979.jpg 1306w\" loading=\"eager\" style=\"--ratio: 768 \/ 576\" sizes=\"(max-width: 768px) 100vw, 768px\" alt=\"\" title=\"20230808_110808\" width=\"768\" height=\"576\"  \/><\/a>\n\t<\/div>\n<\/div>\n\n\n<div class=\"post-entry-content\">\n\n\t<h3 class=\"entry-title\">\n\t\t<a href=\"https:\/\/broz.sk\/en\/will-you-join-us-in-butterfly-collection\/\" title=\"Will you join us in butterfly collection?\" rel=\"bookmark\">Will you join us in butterfly collection?<\/a>\n\t<\/h3>\n\n\t<div class=\"entry-meta\"><a href=\"https:\/\/broz.sk\/en\/2024\/04\/22\/\" title=\"12:36\" class=\"data-link\" rel=\"bookmark\"><time class=\"entry-date updated\" datetime=\"2024-04-22T12:36:59+02:00\">22. April 2024<\/time><\/a><\/div>\n\t<div class=\"entry-excerpt\"><p>In order to be able to implement targeted conservation measures for the protection and conservation of endangered butterfly species, it is necessary to know as many locations of these species and their host plants as possible at the current time. We are turning to you &#8211; nature lovers, who would like to help us with butterfly mapping.<\/p>\n<\/div>\n\t\n<a href=\"https:\/\/broz.sk\/en\/will-you-join-us-in-butterfly-collection\/\" class=\"post-details details-type-link\" aria-label=\"Read more about Will you join us in butterfly collection?\">Read more<i class=\"dt-icon-the7-arrow-03\" aria-hidden=\"true\"><\/i><\/a>\n\n<\/div><\/article><article class=\"post project-odd hidden post-33661 type-post status-publish format-standard has-post-thumbnail hentry category-protection-of-habitats pmpro-has-access category-31 description-off\" data-name=\"We are restoring the forest steppe near Plaveck\u00fd Peter\" data-date=\"2024-04-03T16:35:37+02:00\">\n\n<div class=\"post-thumbnail-wrap\">\n\t<div class=\"post-thumbnail\">\n\n\t\t\n\t\t\n\t\t<a href=\"https:\/\/broz.sk\/en\/we-are-restoring-the-forest-steppe-near-plavecky-peter\/\" class=\"post-thumbnail-rollover layzr-bg layzr-bg\" ><img decoding=\"async\" class=\"blog-thumb-lazy-load preload-me lazy-load aspect\" src=\"data:image\/svg+xml,%3Csvg%20xmlns%3D&#39;http%3A%2F%2Fwww.w3.org%2F2000%2Fsvg&#39;%20viewBox%3D&#39;0%200%20768%20576&#39;%2F%3E\" data-src=\"https:\/\/broz.sk\/wp-content\/uploads\/2024\/04\/1710843407694-768x576.jpg\" data-srcset=\"https:\/\/broz.sk\/wp-content\/uploads\/2024\/04\/1710843407694-768x576.jpg 768w, https:\/\/broz.sk\/wp-content\/uploads\/2024\/04\/1710843407694-1080x809.jpg 1080w\" loading=\"eager\" style=\"--ratio: 768 \/ 576\" sizes=\"(max-width: 768px) 100vw, 768px\" alt=\"\" title=\"1710843407694\" width=\"768\" height=\"576\"  \/><\/a>\n\t<\/div>\n<\/div>\n\n\n<div class=\"post-entry-content\">\n\n\t<h3 class=\"entry-title\">\n\t\t<a href=\"https:\/\/broz.sk\/en\/we-are-restoring-the-forest-steppe-near-plavecky-peter\/\" title=\"We are restoring the forest steppe near Plaveck\u00fd Peter\" rel=\"bookmark\">We are restoring the forest steppe near Plaveck\u00fd Peter<\/a>\n\t<\/h3>\n\n\t<div class=\"entry-meta\"><a href=\"https:\/\/broz.sk\/en\/2024\/04\/03\/\" title=\"16:35\" class=\"data-link\" rel=\"bookmark\"><time class=\"entry-date updated\" datetime=\"2024-04-03T16:35:37+02:00\">3. April 2024<\/time><\/a><\/div>\n\t<div class=\"entry-excerpt\"><p>In the middle of the forests around Plaveck\u00fd Peter village in the Small Carpathians, you can find the remains of rare grassland areas on stony slopes with beautiful solitaries of oaks, interspersed here and there with viburnums or hawthorns. In many places, however, this original beauty was literally swallowed up by artificially planted non-native black&hellip;<\/p>\n<\/div>\n\t\n<a href=\"https:\/\/broz.sk\/en\/we-are-restoring-the-forest-steppe-near-plavecky-peter\/\" class=\"post-details details-type-link\" aria-label=\"Read more about We are restoring the forest steppe near Plaveck\u00fd Peter\">Read more<i class=\"dt-icon-the7-arrow-03\" aria-hidden=\"true\"><\/i><\/a>\n\n<\/div><\/article><article class=\"post project-odd hidden post-33092 type-post status-publish format-standard has-post-thumbnail hentry category-protection-of-habitats pmpro-has-access category-31 description-off\" data-name=\"The restored grasslands flourished &#8211; however, our herds won&#8217;t enjoy the rare species!\" data-date=\"2024-03-28T11:52:24+01:00\">\n\n<div class=\"post-thumbnail-wrap\">\n\t<div class=\"post-thumbnail\">\n\n\t\t\n\t\t\n\t\t<a href=\"https:\/\/broz.sk\/en\/the-restored-grasslands-flourished-however-our-herds-wont-enjoy-the-rare-species\/\" class=\"post-thumbnail-rollover layzr-bg layzr-bg\" ><img decoding=\"async\" class=\"blog-thumb-lazy-load preload-me lazy-load aspect\" src=\"data:image\/svg+xml,%3Csvg%20xmlns%3D&#39;http%3A%2F%2Fwww.w3.org%2F2000%2Fsvg&#39;%20viewBox%3D&#39;0%200%20768%20576&#39;%2F%3E\" data-src=\"https:\/\/broz.sk\/wp-content\/uploads\/2024\/03\/UEV-Sedliska-scaled-768x576.jpg\" data-srcset=\"https:\/\/broz.sk\/wp-content\/uploads\/2024\/03\/UEV-Sedliska-scaled-768x576.jpg 768w, https:\/\/broz.sk\/wp-content\/uploads\/2024\/03\/UEV-Sedliska-scaled-1306x979.jpg 1306w\" loading=\"eager\" style=\"--ratio: 768 \/ 576\" sizes=\"(max-width: 768px) 100vw, 768px\" alt=\"Kvitn\u00face poniklece \" title=\"sdr\" width=\"768\" height=\"576\"  \/><\/a>\n\t<\/div>\n<\/div>\n\n\n<div class=\"post-entry-content\">\n\n\t<h3 class=\"entry-title\">\n\t\t<a href=\"https:\/\/broz.sk\/en\/the-restored-grasslands-flourished-however-our-herds-wont-enjoy-the-rare-species\/\" title=\"The restored grasslands flourished &#8211; however, our herds won&#8217;t enjoy the rare species!\" rel=\"bookmark\">The restored grasslands flourished &#8211; however, our herds won&#8217;t enjoy the rare species!<\/a>\n\t<\/h3>\n\n\t<div class=\"entry-meta\"><a href=\"https:\/\/broz.sk\/en\/2024\/03\/28\/\" title=\"11:52\" class=\"data-link\" rel=\"bookmark\"><time class=\"entry-date updated\" datetime=\"2024-03-28T11:52:24+01:00\">28. March 2024<\/time><\/a><\/div>\n\t<div class=\"entry-excerpt\"><p>After years of targeted work on pasture restoration in areas of European significance, we have faced many smaller and larger challenges. Overcoming them was often not easy. However, our motivation has always been and remains the springtime. <\/p>\n<\/div>\n\t\n<a href=\"https:\/\/broz.sk\/en\/the-restored-grasslands-flourished-however-our-herds-wont-enjoy-the-rare-species\/\" class=\"post-details details-type-link\" aria-label=\"Read more about The restored grasslands flourished &#8211; however, our herds won&#8217;t enjoy the rare species!\">Read more<i class=\"dt-icon-the7-arrow-03\" aria-hidden=\"true\"><\/i><\/a>\n\n<\/div><\/article><article class=\"post project-odd hidden post-33659 type-post status-publish format-standard has-post-thumbnail hentry category-protection-of-habitats pmpro-has-access category-31 description-off\" data-name=\"The voluntary weekend (not only) for the mountain apollo turned out great!\" data-date=\"2024-03-19T13:29:59+01:00\">\n\n<div class=\"post-thumbnail-wrap\">\n\t<div class=\"post-thumbnail\">\n\n\t\t\n\t\t\n\t\t<a href=\"https:\/\/broz.sk\/en\/the-voluntary-weekend-not-only-for-the-mountain-apollo-turned-out-great\/\" class=\"post-thumbnail-rollover layzr-bg layzr-bg\" ><img decoding=\"async\" class=\"blog-thumb-lazy-load preload-me lazy-load aspect\" src=\"data:image\/svg+xml,%3Csvg%20xmlns%3D&#39;http%3A%2F%2Fwww.w3.org%2F2000%2Fsvg&#39;%20viewBox%3D&#39;0%200%20768%20576&#39;%2F%3E\" data-src=\"https:\/\/broz.sk\/wp-content\/uploads\/2024\/03\/DSC03289-768x576.jpg\" data-srcset=\"https:\/\/broz.sk\/wp-content\/uploads\/2024\/03\/DSC03289-768x576.jpg 768w, https:\/\/broz.sk\/wp-content\/uploads\/2024\/03\/DSC03289-1306x979.jpg 1306w\" loading=\"eager\" style=\"--ratio: 768 \/ 576\" sizes=\"(max-width: 768px) 100vw, 768px\" alt=\"\" title=\"DSC03289\" width=\"768\" height=\"576\"  \/><\/a>\n\t<\/div>\n<\/div>\n\n\n<div class=\"post-entry-content\">\n\n\t<h3 class=\"entry-title\">\n\t\t<a href=\"https:\/\/broz.sk\/en\/the-voluntary-weekend-not-only-for-the-mountain-apollo-turned-out-great\/\" title=\"The voluntary weekend (not only) for the mountain apollo turned out great!\" rel=\"bookmark\">The voluntary weekend (not only) for the mountain apollo turned out great!<\/a>\n\t<\/h3>\n\n\t<div class=\"entry-meta\"><a href=\"https:\/\/broz.sk\/en\/2024\/03\/19\/\" title=\"13:29\" class=\"data-link\" rel=\"bookmark\"><time class=\"entry-date updated\" datetime=\"2024-03-19T13:29:59+01:00\">19. March 2024<\/time><\/a><\/div>\n\t<div class=\"entry-excerpt\"><p>The team of the LIFE Panalp project spent the third Saturday of March on the cliffs of Vr\u0161atsk\u00e9 bradl\u00e1 protected area. Here we were joined by approximately 30 volunteers who wanted to help us to save one of our most endangered butterflies &#8211; the mountain apollo. Together, we managed to clear the sawed-off branches on&hellip;<\/p>\n<\/div>\n\t\n<a href=\"https:\/\/broz.sk\/en\/the-voluntary-weekend-not-only-for-the-mountain-apollo-turned-out-great\/\" class=\"post-details details-type-link\" aria-label=\"Read more about The voluntary weekend (not only) for the mountain apollo turned out great!\">Read more<i class=\"dt-icon-the7-arrow-03\" aria-hidden=\"true\"><\/i><\/a>\n\n<\/div><\/article><article class=\"post project-odd hidden post-32980 type-post status-publish format-standard has-post-thumbnail hentry category-protection-of-habitats pmpro-has-access category-31 description-off\" data-name=\"A visit from the European Commission praised the LIFE Dunajsk\u00e9 luhy project\" data-date=\"2024-03-18T13:16:50+01:00\">\n\n<div class=\"post-thumbnail-wrap\">\n\t<div class=\"post-thumbnail\">\n\n\t\t\n\t\t\n\t\t<a href=\"https:\/\/broz.sk\/en\/a-visit-from-the-european-commission-praised-the-life-dunajske-luhy-project\/\" class=\"post-thumbnail-rollover layzr-bg layzr-bg\" ><img decoding=\"async\" class=\"blog-thumb-lazy-load preload-me lazy-load aspect\" src=\"data:image\/svg+xml,%3Csvg%20xmlns%3D&#39;http%3A%2F%2Fwww.w3.org%2F2000%2Fsvg&#39;%20viewBox%3D&#39;0%200%20768%20576&#39;%2F%3E\" data-src=\"https:\/\/broz.sk\/wp-content\/uploads\/2024\/03\/IMG_20240313_145335-scaled-768x576.jpg\" data-srcset=\"https:\/\/broz.sk\/wp-content\/uploads\/2024\/03\/IMG_20240313_145335-scaled-768x576.jpg 768w, https:\/\/broz.sk\/wp-content\/uploads\/2024\/03\/IMG_20240313_145335-scaled-1306x979.jpg 1306w\" loading=\"eager\" style=\"--ratio: 768 \/ 576\" sizes=\"(max-width: 768px) 100vw, 768px\" alt=\"Voj\u010dianske rameno\" title=\"IMG_20240313_145335\" width=\"768\" height=\"576\"  \/><\/a>\n\t<\/div>\n<\/div>\n\n\n<div class=\"post-entry-content\">\n\n\t<h3 class=\"entry-title\">\n\t\t<a href=\"https:\/\/broz.sk\/en\/a-visit-from-the-european-commission-praised-the-life-dunajske-luhy-project\/\" title=\"A visit from the European Commission praised the LIFE Dunajsk\u00e9 luhy project\" rel=\"bookmark\">A visit from the European Commission praised the LIFE Dunajsk\u00e9 luhy project<\/a>\n\t<\/h3>\n\n\t<div class=\"entry-meta\"><a href=\"https:\/\/broz.sk\/en\/2024\/03\/18\/\" title=\"13:16\" class=\"data-link\" rel=\"bookmark\"><time class=\"entry-date updated\" datetime=\"2024-03-18T13:16:50+01:00\">18. March 2024<\/time><\/a><\/div>\n\t<div class=\"entry-excerpt\"><p>During 12.-13.-3. the visit of the project monitor and the representative of the European Commission took place for the purpose of checking the LIFE Danube Floodplains project. <\/p>\n<\/div>\n\t\n<a href=\"https:\/\/broz.sk\/en\/a-visit-from-the-european-commission-praised-the-life-dunajske-luhy-project\/\" class=\"post-details details-type-link\" aria-label=\"Read more about A visit from the European Commission praised the LIFE Dunajsk\u00e9 luhy project\">Read more<i class=\"dt-icon-the7-arrow-03\" aria-hidden=\"true\"><\/i><\/a>\n\n<\/div><\/article><article class=\"post project-odd hidden post-32933 type-post status-publish format-standard has-post-thumbnail hentry category-protection-of-habitats pmpro-has-access category-31 description-off\" data-name=\"We are nominated among the 27 finalists in the NATURA 2000 Award 2024!\" data-date=\"2024-03-15T16:54:38+01:00\">\n\n<div class=\"post-thumbnail-wrap\">\n\t<div class=\"post-thumbnail\">\n\n\t\t\n\t\t\n\t\t<a href=\"https:\/\/broz.sk\/en\/we-are-nominated-among-the-27-finalists-in-the-natura-2000-award-2024\/\" class=\"post-thumbnail-rollover layzr-bg layzr-bg\" ><img decoding=\"async\" class=\"blog-thumb-lazy-load preload-me lazy-load aspect\" src=\"data:image\/svg+xml,%3Csvg%20xmlns%3D&#39;http%3A%2F%2Fwww.w3.org%2F2000%2Fsvg&#39;%20viewBox%3D&#39;0%200%20768%20576&#39;%2F%3E\" data-src=\"https:\/\/broz.sk\/wp-content\/uploads\/2024\/03\/DSCF1883_natAW-768x576.jpg\" data-srcset=\"https:\/\/broz.sk\/wp-content\/uploads\/2024\/03\/DSCF1883_natAW-768x576.jpg 768w, https:\/\/broz.sk\/wp-content\/uploads\/2024\/03\/DSCF1883_natAW-901x675.jpg 901w\" loading=\"eager\" style=\"--ratio: 768 \/ 576\" sizes=\"(max-width: 768px) 100vw, 768px\" alt=\"\" title=\"DSCF1883_natAW\" width=\"768\" height=\"576\"  \/><\/a>\n\t<\/div>\n<\/div>\n\n\n<div class=\"post-entry-content\">\n\n\t<h3 class=\"entry-title\">\n\t\t<a href=\"https:\/\/broz.sk\/en\/we-are-nominated-among-the-27-finalists-in-the-natura-2000-award-2024\/\" title=\"We are nominated among the 27 finalists in the NATURA 2000 Award 2024!\" rel=\"bookmark\">We are nominated among the 27 finalists in the NATURA 2000 Award 2024!<\/a>\n\t<\/h3>\n\n\t<div class=\"entry-meta\"><a href=\"https:\/\/broz.sk\/en\/2024\/03\/15\/\" title=\"16:54\" class=\"data-link\" rel=\"bookmark\"><time class=\"entry-date updated\" datetime=\"2024-03-15T16:54:38+01:00\">15. March 2024<\/time><\/a><\/div>\n\t<div class=\"entry-excerpt\"><p>We are proud to announce that we have been nominated among the 27 finalists in the European competition NATURA 2000 Award 2024!<\/p>\n<\/div>\n\t\n<a href=\"https:\/\/broz.sk\/en\/we-are-nominated-among-the-27-finalists-in-the-natura-2000-award-2024\/\" class=\"post-details details-type-link\" aria-label=\"Read more about We are nominated among the 27 finalists in the NATURA 2000 Award 2024!\">Read more<i class=\"dt-icon-the7-arrow-03\" aria-hidden=\"true\"><\/i><\/a>\n\n<\/div><\/article><article class=\"post project-odd hidden post-32907 type-post status-publish format-standard has-post-thumbnail hentry category-protection-of-habitats pmpro-has-access category-31 description-off\" data-name=\"Water flows again through the Voj\u010dianske side arm\" data-date=\"2024-03-15T16:29:21+01:00\">\n\n<div class=\"post-thumbnail-wrap\">\n\t<div class=\"post-thumbnail\">\n\n\t\t\n\t\t\n\t\t<a href=\"https:\/\/broz.sk\/en\/water-flows-again-through-the-vojcianske-side-arm\/\" class=\"post-thumbnail-rollover layzr-bg layzr-bg\" ><img decoding=\"async\" class=\"blog-thumb-lazy-load preload-me lazy-load aspect\" src=\"data:image\/svg+xml,%3Csvg%20xmlns%3D&#39;http%3A%2F%2Fwww.w3.org%2F2000%2Fsvg&#39;%20viewBox%3D&#39;0%200%20768%20576&#39;%2F%3E\" data-src=\"https:\/\/broz.sk\/wp-content\/uploads\/2024\/03\/IMG-20240311-WA0002-768x576.jpg\" data-srcset=\"https:\/\/broz.sk\/wp-content\/uploads\/2024\/03\/IMG-20240311-WA0002-768x576.jpg 768w, https:\/\/broz.sk\/wp-content\/uploads\/2024\/03\/IMG-20240311-WA0002-1306x979.jpg 1306w\" loading=\"eager\" style=\"--ratio: 768 \/ 576\" sizes=\"(max-width: 768px) 100vw, 768px\" alt=\"Sprieto\u010dnen\u00e9 Voj\u010dianske rameno\" title=\"IMG-20240311-WA0002\" width=\"768\" height=\"576\"  \/><\/a>\n\t<\/div>\n<\/div>\n\n\n<div class=\"post-entry-content\">\n\n\t<h3 class=\"entry-title\">\n\t\t<a href=\"https:\/\/broz.sk\/en\/water-flows-again-through-the-vojcianske-side-arm\/\" title=\"Water flows again through the Voj\u010dianske side arm\" rel=\"bookmark\">Water flows again through the Voj\u010dianske side arm<\/a>\n\t<\/h3>\n\n\t<div class=\"entry-meta\"><a href=\"https:\/\/broz.sk\/en\/2024\/03\/15\/\" title=\"16:29\" class=\"data-link\" rel=\"bookmark\"><time class=\"entry-date updated\" datetime=\"2024-03-15T16:29:21+01:00\">15. March 2024<\/time><\/a><\/div>\n\t<div class=\"entry-excerpt\"><p>In the past, the Voj\u010dianske side arm was part of the so-called of the inland Danube delta &#8211; a system of free-flowing river branches. After the construction of the Gab\u010d\u00edkovo Water Works, most of the water was diverted to the hydroelectric power plant through the supply channel, which resulted in cutting off the entire branch system from the Danube. <\/p>\n<\/div>\n\t\n<a href=\"https:\/\/broz.sk\/en\/water-flows-again-through-the-vojcianske-side-arm\/\" class=\"post-details details-type-link\" aria-label=\"Read more about Water flows again through the Voj\u010dianske side arm\">Read more<i class=\"dt-icon-the7-arrow-03\" aria-hidden=\"true\"><\/i><\/a>\n\n<\/div><\/article><article class=\"post project-odd hidden post-32851 type-post status-publish format-standard has-post-thumbnail hentry category-protection-of-habitats pmpro-has-access category-31 description-off\" data-name=\"Why is the simulated flood necessary this early in the spring?\" data-date=\"2024-03-13T14:44:36+01:00\">\n\n<div class=\"post-thumbnail-wrap\">\n\t<div class=\"post-thumbnail\">\n\n\t\t\n\t\t\n\t\t<a href=\"https:\/\/broz.sk\/en\/why-is-the-simulated-flood-necessary-this-early-in-the-spring\/\" class=\"post-thumbnail-rollover layzr-bg layzr-bg\" ><img decoding=\"async\" class=\"blog-thumb-lazy-load preload-me lazy-load aspect\" src=\"data:image\/svg+xml,%3Csvg%20xmlns%3D&#39;http%3A%2F%2Fwww.w3.org%2F2000%2Fsvg&#39;%20viewBox%3D&#39;0%200%20768%20576&#39;%2F%3E\" data-src=\"https:\/\/broz.sk\/wp-content\/uploads\/2024\/03\/DSCF1839-scaled-768x576.jpg\" data-srcset=\"https:\/\/broz.sk\/wp-content\/uploads\/2024\/03\/DSCF1839-scaled-768x576.jpg 768w, https:\/\/broz.sk\/wp-content\/uploads\/2024\/03\/DSCF1839-scaled-1306x979.jpg 1306w\" loading=\"eager\" style=\"--ratio: 768 \/ 576\" sizes=\"(max-width: 768px) 100vw, 768px\" alt=\"jarn\u00e9 simulovan\u00e9 z\u00e1plavy ramennej s\u00fastavy\" title=\"DSCF1839\" width=\"768\" height=\"576\"  \/><\/a>\n\t<\/div>\n<\/div>\n\n\n<div class=\"post-entry-content\">\n\n\t<h3 class=\"entry-title\">\n\t\t<a href=\"https:\/\/broz.sk\/en\/why-is-the-simulated-flood-necessary-this-early-in-the-spring\/\" title=\"Why is the simulated flood necessary this early in the spring?\" rel=\"bookmark\">Why is the simulated flood necessary this early in the spring?<\/a>\n\t<\/h3>\n\n\t<div class=\"entry-meta\"><a href=\"https:\/\/broz.sk\/en\/2024\/03\/13\/\" title=\"14:44\" class=\"data-link\" rel=\"bookmark\"><time class=\"entry-date updated\" datetime=\"2024-03-13T14:44:36+01:00\">13. March 2024<\/time><\/a><\/div>\n\t<div class=\"entry-excerpt\"><p>The current spring simulated flood of the inland Delta is occurring very early this year, with high flows set at its onset. For which species is this beneficial?<\/p>\n<\/div>\n\t\n<a href=\"https:\/\/broz.sk\/en\/why-is-the-simulated-flood-necessary-this-early-in-the-spring\/\" class=\"post-details details-type-link\" aria-label=\"Read more about Why is the simulated flood necessary this early in the spring?\">Read more<i class=\"dt-icon-the7-arrow-03\" aria-hidden=\"true\"><\/i><\/a>\n\n<\/div><\/article><article class=\"post project-odd hidden post-32737 type-post status-publish format-standard has-post-thumbnail hentry category-protection-of-habitats pmpro-has-access category-31 description-off\" data-name=\"Flooding of the inland Danube delta has begun\" data-date=\"2024-03-07T11:10:59+01:00\">\n\n<div class=\"post-thumbnail-wrap\">\n\t<div class=\"post-thumbnail\">\n\n\t\t\n\t\t\n\t\t<a href=\"https:\/\/broz.sk\/en\/flooding-of-the-inland-danube-delta-has-begun\/\" class=\"post-thumbnail-rollover layzr-bg layzr-bg\" ><img decoding=\"async\" class=\"blog-thumb-lazy-load preload-me lazy-load aspect\" src=\"data:image\/svg+xml,%3Csvg%20xmlns%3D&#39;http%3A%2F%2Fwww.w3.org%2F2000%2Fsvg&#39;%20viewBox%3D&#39;0%200%20768%20576&#39;%2F%3E\" data-src=\"https:\/\/broz.sk\/wp-content\/uploads\/2024\/03\/zapla-1-scaled-768x576.jpg\" data-srcset=\"https:\/\/broz.sk\/wp-content\/uploads\/2024\/03\/zapla-1-scaled-768x576.jpg 768w, https:\/\/broz.sk\/wp-content\/uploads\/2024\/03\/zapla-1-scaled-1306x979.jpg 1306w\" loading=\"eager\" style=\"--ratio: 768 \/ 576\" sizes=\"(max-width: 768px) 100vw, 768px\" alt=\"simulovan\u00e1 z\u00e1plava ramennej s\u00fastavy Dunaja\" title=\"zapla (1)\" width=\"768\" height=\"576\"  \/><\/a>\n\t<\/div>\n<\/div>\n\n\n<div class=\"post-entry-content\">\n\n\t<h3 class=\"entry-title\">\n\t\t<a href=\"https:\/\/broz.sk\/en\/flooding-of-the-inland-danube-delta-has-begun\/\" title=\"Flooding of the inland Danube delta has begun\" rel=\"bookmark\">Flooding of the inland Danube delta has begun<\/a>\n\t<\/h3>\n\n\t<div class=\"entry-meta\"><a href=\"https:\/\/broz.sk\/en\/2024\/03\/07\/\" title=\"11:10\" class=\"data-link\" rel=\"bookmark\"><time class=\"entry-date updated\" datetime=\"2024-03-07T11:10:59+01:00\">7. March 2024<\/time><\/a><\/div>\n\t<div class=\"entry-excerpt\"><p>On Saturday 2.3. the flow rates through the Dobroho\u0161\u0165 inlet facility begun to raise. Here the water flows into the left branch system of the Danube, the so-called inland delta with the aim of connecting this rare system of river branches and wetlands to the Danube water. <\/p>\n<\/div>\n\t\n<a href=\"https:\/\/broz.sk\/en\/flooding-of-the-inland-danube-delta-has-begun\/\" class=\"post-details details-type-link\" aria-label=\"Read more about Flooding of the inland Danube delta has begun\">Read more<i class=\"dt-icon-the7-arrow-03\" aria-hidden=\"true\"><\/i><\/a>\n\n<\/div><\/article><article class=\"post project-odd hidden post-32716 type-post status-publish format-standard has-post-thumbnail hentry category-protection-of-habitats pmpro-has-access category-31 description-off\" data-name=\"Expert data for technical project documentation\" data-date=\"2024-02-26T14:01:25+01:00\">\n\n<div class=\"post-thumbnail-wrap\">\n\t<div class=\"post-thumbnail\">\n\n\t\t\n\t\t\n\t\t<a href=\"https:\/\/broz.sk\/en\/expert-data-for-technical-project-documentation\/\" class=\"post-thumbnail-rollover layzr-bg layzr-bg\" ><img decoding=\"async\" class=\"blog-thumb-lazy-load preload-me lazy-load aspect\" src=\"data:image\/svg+xml,%3Csvg%20xmlns%3D&#39;http%3A%2F%2Fwww.w3.org%2F2000%2Fsvg&#39;%20viewBox%3D&#39;0%200%20768%20576&#39;%2F%3E\" data-src=\"https:\/\/broz.sk\/wp-content\/uploads\/2024\/02\/digi_model-terenu-s-vyznacenymi-profilmi_-Medvedovska_RS-768x576.jpg\" data-srcset=\"https:\/\/broz.sk\/wp-content\/uploads\/2024\/02\/digi_model-terenu-s-vyznacenymi-profilmi_-Medvedovska_RS-768x576.jpg 768w, https:\/\/broz.sk\/wp-content\/uploads\/2024\/02\/digi_model-terenu-s-vyznacenymi-profilmi_-Medvedovska_RS-821x616.jpg 821w\" loading=\"eager\" style=\"--ratio: 768 \/ 576\" sizes=\"(max-width: 768px) 100vw, 768px\" alt=\"Model ter\u00e9nu s vyzna\u010den\u00fdmi profilmi \" title=\"digi_model terenu s vyznacen\u00fdmi profilmi_ Medvedovska_RS\" width=\"768\" height=\"576\"  \/><\/a>\n\t<\/div>\n<\/div>\n\n\n<div class=\"post-entry-content\">\n\n\t<h3 class=\"entry-title\">\n\t\t<a href=\"https:\/\/broz.sk\/en\/expert-data-for-technical-project-documentation\/\" title=\"Expert data for technical project documentation\" rel=\"bookmark\">Expert data for technical project documentation<\/a>\n\t<\/h3>\n\n\t<div class=\"entry-meta\"><a href=\"https:\/\/broz.sk\/en\/2024\/02\/26\/\" title=\"14:01\" class=\"data-link\" rel=\"bookmark\"><time class=\"entry-date updated\" datetime=\"2024-02-26T14:01:25+01:00\">26. February 2024<\/time><\/a><\/div>\n\t<div class=\"entry-excerpt\"><p>In addition to the design of revitalisation measures, the preparatory phase of the LIFE WILDisland project also included scanning of the project areas using LiDAR technology, which works on the principle of transmitting light pulses. <\/p>\n<\/div>\n\t\n<a href=\"https:\/\/broz.sk\/en\/expert-data-for-technical-project-documentation\/\" class=\"post-details details-type-link\" aria-label=\"Read more about Expert data for technical project documentation\">Read more<i class=\"dt-icon-the7-arrow-03\" aria-hidden=\"true\"><\/i><\/a>\n\n<\/div><\/article><article class=\"post project-odd hidden post-32691 type-post status-publish format-standard has-post-thumbnail hentry category-protection-of-habitats pmpro-has-access category-31 description-off\" data-name=\"We Restore the Heart of the Danube Floodplains\" data-date=\"2024-02-22T15:28:25+01:00\">\n\n<div class=\"post-thumbnail-wrap\">\n\t<div class=\"post-thumbnail\">\n\n\t\t\n\t\t\n\t\t<a href=\"https:\/\/broz.sk\/en\/we-restore-the-heart-of-the-danube-floodplains\/\" class=\"post-thumbnail-rollover layzr-bg layzr-bg\" ><img decoding=\"async\" class=\"blog-thumb-lazy-load preload-me lazy-load aspect\" src=\"data:image\/svg+xml,%3Csvg%20xmlns%3D&#39;http%3A%2F%2Fwww.w3.org%2F2000%2Fsvg&#39;%20viewBox%3D&#39;0%200%20768%20576&#39;%2F%3E\" data-src=\"https:\/\/broz.sk\/wp-content\/uploads\/2024\/02\/DSCF1304-scaled-768x576.jpg\" data-srcset=\"https:\/\/broz.sk\/wp-content\/uploads\/2024\/02\/DSCF1304-scaled-768x576.jpg 768w, https:\/\/broz.sk\/wp-content\/uploads\/2024\/02\/DSCF1304-scaled-1306x979.jpg 1306w\" loading=\"eager\" style=\"--ratio: 768 \/ 576\" sizes=\"(max-width: 768px) 100vw, 768px\" alt=\"Z\u00e1vere\u010dn\u00e1 konferencia \" title=\"DSCF1304\" width=\"768\" height=\"576\"  \/><\/a>\n\t<\/div>\n<\/div>\n\n\n<div class=\"post-entry-content\">\n\n\t<h3 class=\"entry-title\">\n\t\t<a href=\"https:\/\/broz.sk\/en\/we-restore-the-heart-of-the-danube-floodplains\/\" title=\"We Restore the Heart of the Danube Floodplains\" rel=\"bookmark\">We Restore the Heart of the Danube Floodplains<\/a>\n\t<\/h3>\n\n\t<div class=\"entry-meta\"><a href=\"https:\/\/broz.sk\/en\/2024\/02\/22\/\" title=\"15:28\" class=\"data-link\" rel=\"bookmark\"><time class=\"entry-date updated\" datetime=\"2024-02-22T15:28:25+01:00\">22. February 2024<\/time><\/a><\/div>\n\t<div class=\"entry-excerpt\"><p>On 6th of February 2024 BROZ organized a final conference of the LIFE Danube Floodplains project in the Congress Centre Divok\u00e1 Voda, under the title We Restore the Heart of the Danube Floodplains. <\/p>\n<\/div>\n\t\n<a href=\"https:\/\/broz.sk\/en\/we-restore-the-heart-of-the-danube-floodplains\/\" class=\"post-details details-type-link\" aria-label=\"Read more about We Restore the Heart of the Danube Floodplains\">Read more<i class=\"dt-icon-the7-arrow-03\" aria-hidden=\"true\"><\/i><\/a>\n\n<\/div><\/article><article class=\"post project-odd hidden post-32145 type-post status-publish format-standard has-post-thumbnail hentry category-uncategorized pmpro-has-access category-22 description-off\" data-name=\"Active weekend at SCI Ve\u013ek\u00fd Kopec.\" data-date=\"2024-02-19T11:51:20+01:00\">\n\n<div class=\"post-thumbnail-wrap\">\n\t<div class=\"post-thumbnail\">\n\n\t\t\n\t\t\n\t\t<a href=\"https:\/\/broz.sk\/en\/active-weekend-at-sci-velky-kopec\/\" class=\"post-thumbnail-rollover layzr-bg layzr-bg\" ><img decoding=\"async\" class=\"blog-thumb-lazy-load preload-me lazy-load aspect\" src=\"data:image\/svg+xml,%3Csvg%20xmlns%3D&#39;http%3A%2F%2Fwww.w3.org%2F2000%2Fsvg&#39;%20viewBox%3D&#39;0%200%20768%20576&#39;%2F%3E\" data-src=\"https:\/\/broz.sk\/wp-content\/uploads\/2024\/02\/IMG-20240127-WA0001-768x576.jpg\" data-srcset=\"https:\/\/broz.sk\/wp-content\/uploads\/2024\/02\/IMG-20240127-WA0001-768x576.jpg 768w, https:\/\/broz.sk\/wp-content\/uploads\/2024\/02\/IMG-20240127-WA0001-1306x979.jpg 1306w\" loading=\"eager\" style=\"--ratio: 768 \/ 576\" sizes=\"(max-width: 768px) 100vw, 768px\" alt=\"Dobrovo\u013en\u00edk v akcii\" title=\"IMG-20240127-WA0001\" width=\"768\" height=\"576\"  \/><\/a>\n\t<\/div>\n<\/div>\n\n\n<div class=\"post-entry-content\">\n\n\t<h3 class=\"entry-title\">\n\t\t<a href=\"https:\/\/broz.sk\/en\/active-weekend-at-sci-velky-kopec\/\" title=\"Active weekend at SCI Ve\u013ek\u00fd Kopec.\" rel=\"bookmark\">Active weekend at SCI Ve\u013ek\u00fd Kopec.<\/a>\n\t<\/h3>\n\n\t<div class=\"entry-meta\"><a href=\"https:\/\/broz.sk\/en\/2024\/02\/19\/\" title=\"11:51\" class=\"data-link\" rel=\"bookmark\"><time class=\"entry-date updated\" datetime=\"2024-02-19T11:51:20+01:00\">19. February 2024<\/time><\/a><\/div>\n\t<div class=\"entry-excerpt\"><p>In collaboration with farmer Arnold D\u00f3cs, local enthusiasts, and tremendous support from OZ SAVE NATURE, we helped remove this picturesque pasture from Invasive alien plant species, as well as shrubs and dense woody vegetation. <\/p>\n<\/div>\n\t\n<a href=\"https:\/\/broz.sk\/en\/active-weekend-at-sci-velky-kopec\/\" class=\"post-details details-type-link\" aria-label=\"Read more about Active weekend at SCI Ve\u013ek\u00fd Kopec.\">Read more<i class=\"dt-icon-the7-arrow-03\" aria-hidden=\"true\"><\/i><\/a>\n\n<\/div><\/article><article class=\"post project-odd hidden post-39312 type-post status-publish format-standard has-post-thumbnail hentry category-protection-of-habitats pmpro-has-access category-31 description-off\" data-name=\"We had the honor of participating in a discussion with European Commissioner for Environment, Oceans and Fisheries\" data-date=\"2024-02-15T15:19:27+01:00\">\n\n<div class=\"post-thumbnail-wrap\">\n\t<div class=\"post-thumbnail\">\n\n\t\t\n\t\t\n\t\t<a href=\"https:\/\/broz.sk\/en\/we-had-the-honor-of-participating-in-a-discussion-with-european-commissioner-for-environment-oceans-and-fisheries\/\" class=\"post-thumbnail-rollover layzr-bg layzr-bg\" ><img decoding=\"async\" class=\"blog-thumb-lazy-load preload-me lazy-load aspect\" src=\"data:image\/svg+xml,%3Csvg%20xmlns%3D&#39;http%3A%2F%2Fwww.w3.org%2F2000%2Fsvg&#39;%20viewBox%3D&#39;0%200%20768%20576&#39;%2F%3E\" data-src=\"https:\/\/broz.sk\/wp-content\/uploads\/2025\/07\/DSCF1568-768x576.jpg\" data-srcset=\"https:\/\/broz.sk\/wp-content\/uploads\/2025\/07\/DSCF1568-768x576.jpg 768w, https:\/\/broz.sk\/wp-content\/uploads\/2025\/07\/DSCF1568-1306x979.jpg 1306w\" loading=\"eager\" style=\"--ratio: 768 \/ 576\" sizes=\"(max-width: 768px) 100vw, 768px\" alt=\"Z\u00e1stupcovia ochran\u00e1rov s Virginijusom Sinkevi\u010diusom\" title=\"DSCF1568\" width=\"768\" height=\"576\"  \/><\/a>\n\t<\/div>\n<\/div>\n\n\n<div class=\"post-entry-content\">\n\n\t<h3 class=\"entry-title\">\n\t\t<a href=\"https:\/\/broz.sk\/en\/we-had-the-honor-of-participating-in-a-discussion-with-european-commissioner-for-environment-oceans-and-fisheries\/\" title=\"We had the honor of participating in a discussion with European Commissioner for Environment, Oceans and Fisheries\" rel=\"bookmark\">We had the honor of participating in a discussion with European Commissioner for Environment, Oceans and Fisheries<\/a>\n\t<\/h3>\n\n\t<div class=\"entry-meta\"><a href=\"https:\/\/broz.sk\/en\/2024\/02\/15\/\" title=\"15:19\" class=\"data-link\" rel=\"bookmark\"><time class=\"entry-date updated\" datetime=\"2024-02-15T15:19:27+01:00\">15. February 2024<\/time><\/a><\/div>\n\t<div class=\"entry-excerpt\"><p>We had the honor of participating in a roundtable discussion with European Commissioner for Environment, Oceans and Fisheries, Virginijus Sinkevi\u010dius, and fellow nature conservation NGOs at the Representation of the European Commission in Slovakia.<\/p>\n<\/div>\n\t\n<a href=\"https:\/\/broz.sk\/en\/we-had-the-honor-of-participating-in-a-discussion-with-european-commissioner-for-environment-oceans-and-fisheries\/\" class=\"post-details details-type-link\" aria-label=\"Read more about We had the honor of participating in a discussion with European Commissioner for Environment, Oceans and Fisheries\">Read more<i class=\"dt-icon-the7-arrow-03\" aria-hidden=\"true\"><\/i><\/a>\n\n<\/div><\/article><article class=\"post project-odd hidden post-35012 type-post status-publish format-standard has-post-thumbnail hentry category-protection-of-habitats pmpro-has-access category-31 description-off\" data-name=\"What does the ground squirrel team do while ground squirrels sleep?\" data-date=\"2024-02-15T13:50:06+01:00\">\n\n<div class=\"post-thumbnail-wrap\">\n\t<div class=\"post-thumbnail\">\n\n\t\t\n\t\t\n\t\t<a href=\"https:\/\/broz.sk\/en\/what-does-the-ground-squirrel-team-do-while-ground-squirrels-sleep\/\" class=\"post-thumbnail-rollover layzr-bg layzr-bg\" ><img decoding=\"async\" class=\"blog-thumb-lazy-load preload-me lazy-load aspect\" src=\"data:image\/svg+xml,%3Csvg%20xmlns%3D&#39;http%3A%2F%2Fwww.w3.org%2F2000%2Fsvg&#39;%20viewBox%3D&#39;0%200%20768%20576&#39;%2F%3E\" data-src=\"https:\/\/broz.sk\/wp-content\/uploads\/2024\/05\/IMG_1010-scaled-768x576.jpg\" data-srcset=\"https:\/\/broz.sk\/wp-content\/uploads\/2024\/05\/IMG_1010-scaled-768x576.jpg 768w, https:\/\/broz.sk\/wp-content\/uploads\/2024\/05\/IMG_1010-scaled-1306x979.jpg 1306w\" loading=\"eager\" style=\"--ratio: 768 \/ 576\" sizes=\"(max-width: 768px) 100vw, 768px\" alt=\"\" title=\"IMG_1010\" width=\"768\" height=\"576\"  \/><\/a>\n\t<\/div>\n<\/div>\n\n\n<div class=\"post-entry-content\">\n\n\t<h3 class=\"entry-title\">\n\t\t<a href=\"https:\/\/broz.sk\/en\/what-does-the-ground-squirrel-team-do-while-ground-squirrels-sleep\/\" title=\"What does the ground squirrel team do while ground squirrels sleep?\" rel=\"bookmark\">What does the ground squirrel team do while ground squirrels sleep?<\/a>\n\t<\/h3>\n\n\t<div class=\"entry-meta\"><a href=\"https:\/\/broz.sk\/en\/2024\/02\/15\/\" title=\"13:50\" class=\"data-link\" rel=\"bookmark\"><time class=\"entry-date updated\" datetime=\"2024-02-15T13:50:06+01:00\">15. February 2024<\/time><\/a><\/div>\n\t<div class=\"entry-excerpt\"><p>The ground squirrel team is working hard on clearing the beautiful, grike ground squirrel field in Tisovec, abundant with rocks and biodiversity.<\/p>\n<\/div>\n\t\n<a href=\"https:\/\/broz.sk\/en\/what-does-the-ground-squirrel-team-do-while-ground-squirrels-sleep\/\" class=\"post-details details-type-link\" aria-label=\"Read more about What does the ground squirrel team do while ground squirrels sleep?\">Read more<i class=\"dt-icon-the7-arrow-03\" aria-hidden=\"true\"><\/i><\/a>\n\n<\/div><\/article><article class=\"post project-odd hidden post-32016 type-post status-publish format-standard has-post-thumbnail hentry category-protection-of-species pmpro-has-access category-30 description-off\" data-name=\"What we accomplished in 2023\" data-date=\"2024-01-29T14:07:40+01:00\">\n\n<div class=\"post-thumbnail-wrap\">\n\t<div class=\"post-thumbnail\">\n\n\t\t\n\t\t\n\t\t<a href=\"https:\/\/broz.sk\/en\/what-we-accomplished-in-2023\/\" class=\"post-thumbnail-rollover layzr-bg layzr-bg\" ><img decoding=\"async\" class=\"blog-thumb-lazy-load preload-me lazy-load aspect\" src=\"data:image\/svg+xml,%3Csvg%20xmlns%3D&#39;http%3A%2F%2Fwww.w3.org%2F2000%2Fsvg&#39;%20viewBox%3D&#39;0%200%20768%20576&#39;%2F%3E\" data-src=\"https:\/\/broz.sk\/wp-content\/uploads\/2024\/01\/PF-sprava-2023_EN-scaled-768x576.jpg\" data-srcset=\"https:\/\/broz.sk\/wp-content\/uploads\/2024\/01\/PF-sprava-2023_EN-scaled-768x576.jpg 768w, https:\/\/broz.sk\/wp-content\/uploads\/2024\/01\/PF-sprava-2023_EN-scaled-1306x979.jpg 1306w\" loading=\"eager\" style=\"--ratio: 768 \/ 576\" sizes=\"(max-width: 768px) 100vw, 768px\" alt=\"2023 BROZ summary\" title=\"2023 BROZ summary\" width=\"768\" height=\"576\"  \/><\/a>\n\t<\/div>\n<\/div>\n\n\n<div class=\"post-entry-content\">\n\n\t<h3 class=\"entry-title\">\n\t\t<a href=\"https:\/\/broz.sk\/en\/what-we-accomplished-in-2023\/\" title=\"What we accomplished in 2023\" rel=\"bookmark\">What we accomplished in 2023<\/a>\n\t<\/h3>\n\n\t<div class=\"entry-meta\"><a href=\"https:\/\/broz.sk\/en\/2024\/01\/29\/\" title=\"14:07\" class=\"data-link\" rel=\"bookmark\"><time class=\"entry-date updated\" datetime=\"2024-01-29T14:07:40+01:00\">29. January 2024<\/time><\/a><\/div>\n\t<div class=\"entry-excerpt\"><p>Last year, we managed to successfully collect \u20ac100,000 to save a wetlands, launch several projects, release sturgeons into the Danube, restore grazing in several locations and even change the name, logo and visual identity.<\/p>\n<\/div>\n\t\n<a href=\"https:\/\/broz.sk\/en\/what-we-accomplished-in-2023\/\" class=\"post-details details-type-link\" aria-label=\"Read more about What we accomplished in 2023\">Read more<i class=\"dt-icon-the7-arrow-03\" aria-hidden=\"true\"><\/i><\/a>\n\n<\/div><\/article><article class=\"post project-odd hidden post-35016 type-post status-publish format-standard has-post-thumbnail hentry category-protection-of-habitats pmpro-has-access category-31 description-off\" data-name=\"The ground squirrels are sleeping. What does our team do in the meantime?\" data-date=\"2024-01-20T13:57:24+01:00\">\n\n<div class=\"post-thumbnail-wrap\">\n\t<div class=\"post-thumbnail\">\n\n\t\t\n\t\t\n\t\t<a href=\"https:\/\/broz.sk\/en\/the-ground-squirrels-are-sleeping-what-does-our-team-do-in-the-meantime\/\" class=\"post-thumbnail-rollover layzr-bg layzr-bg\" ><img decoding=\"async\" class=\"blog-thumb-lazy-load preload-me lazy-load aspect\" src=\"data:image\/svg+xml,%3Csvg%20xmlns%3D&#39;http%3A%2F%2Fwww.w3.org%2F2000%2Fsvg&#39;%20viewBox%3D&#39;0%200%20768%20576&#39;%2F%3E\" data-src=\"https:\/\/broz.sk\/wp-content\/uploads\/2024\/05\/20230308_122438-scaled-768x576.jpg\" data-srcset=\"https:\/\/broz.sk\/wp-content\/uploads\/2024\/05\/20230308_122438-scaled-768x576.jpg 768w, https:\/\/broz.sk\/wp-content\/uploads\/2024\/05\/20230308_122438-scaled-1306x979.jpg 1306w\" loading=\"eager\" style=\"--ratio: 768 \/ 576\" sizes=\"(max-width: 768px) 100vw, 768px\" alt=\"\" title=\"20230308_122438\" width=\"768\" height=\"576\"  \/><\/a>\n\t<\/div>\n<\/div>\n\n\n<div class=\"post-entry-content\">\n\n\t<h3 class=\"entry-title\">\n\t\t<a href=\"https:\/\/broz.sk\/en\/the-ground-squirrels-are-sleeping-what-does-our-team-do-in-the-meantime\/\" title=\"The ground squirrels are sleeping. What does our team do in the meantime?\" rel=\"bookmark\">The ground squirrels are sleeping. What does our team do in the meantime?<\/a>\n\t<\/h3>\n\n\t<div class=\"entry-meta\"><a href=\"https:\/\/broz.sk\/en\/2024\/01\/20\/\" title=\"13:57\" class=\"data-link\" rel=\"bookmark\"><time class=\"entry-date updated\" datetime=\"2024-01-20T13:57:24+01:00\">20. January 2024<\/time><\/a><\/div>\n\t<div class=\"entry-excerpt\"><p>Our team is definitely not sitting idle, they&#8217;re running over the sleeping ground squirrels&#8217; heads and working on clearing future pastures. For example, on the Mur\u00e1nska plain. You surely know the ground squirrel site Biele vody, which is very popular for the purpose of observing and &#8220;feeding&#8221; ground squirrels, sort of like a ground squirrel safari. <\/p>\n<\/div>\n\t\n<a href=\"https:\/\/broz.sk\/en\/the-ground-squirrels-are-sleeping-what-does-our-team-do-in-the-meantime\/\" class=\"post-details details-type-link\" aria-label=\"Read more about The ground squirrels are sleeping. What does our team do in the meantime?\">Read more<i class=\"dt-icon-the7-arrow-03\" aria-hidden=\"true\"><\/i><\/a>\n\n<\/div><\/article><article class=\"post project-odd hidden post-35020 type-post status-publish format-standard has-post-thumbnail hentry category-protection-of-habitats pmpro-has-access category-31 description-off\" data-name=\"It&#8217;s not only farmers helping the ground squirrels, but also vice versa.\" data-date=\"2024-01-15T14:02:11+01:00\">\n\n<div class=\"post-thumbnail-wrap\">\n\t<div class=\"post-thumbnail\">\n\n\t\t\n\t\t\n\t\t<a href=\"https:\/\/broz.sk\/en\/its-not-only-farmers-helping-the-ground-squirrels-but-also-vice-versa\/\" class=\"post-thumbnail-rollover layzr-bg layzr-bg\" ><img decoding=\"async\" class=\"blog-thumb-lazy-load preload-me lazy-load aspect\" src=\"data:image\/svg+xml,%3Csvg%20xmlns%3D&#39;http%3A%2F%2Fwww.w3.org%2F2000%2Fsvg&#39;%20viewBox%3D&#39;0%200%20768%20576&#39;%2F%3E\" data-src=\"https:\/\/broz.sk\/wp-content\/uploads\/2024\/01\/7-scaled-768x576.jpg\" data-srcset=\"https:\/\/broz.sk\/wp-content\/uploads\/2024\/01\/7-scaled-768x576.jpg 768w, https:\/\/broz.sk\/wp-content\/uploads\/2024\/01\/7-scaled-1306x979.jpg 1306w\" loading=\"eager\" style=\"--ratio: 768 \/ 576\" sizes=\"(max-width: 768px) 100vw, 768px\" alt=\"\" title=\"7\" width=\"768\" height=\"576\"  \/><\/a>\n\t<\/div>\n<\/div>\n\n\n<div class=\"post-entry-content\">\n\n\t<h3 class=\"entry-title\">\n\t\t<a href=\"https:\/\/broz.sk\/en\/its-not-only-farmers-helping-the-ground-squirrels-but-also-vice-versa\/\" title=\"It&#8217;s not only farmers helping the ground squirrels, but also vice versa.\" rel=\"bookmark\">It&#8217;s not only farmers helping the ground squirrels, but also vice versa.<\/a>\n\t<\/h3>\n\n\t<div class=\"entry-meta\"><a href=\"https:\/\/broz.sk\/en\/2024\/01\/15\/\" title=\"14:02\" class=\"data-link\" rel=\"bookmark\"><time class=\"entry-date updated\" datetime=\"2024-01-15T14:02:11+01:00\">15. January 2024<\/time><\/a><\/div>\n\t<div class=\"entry-excerpt\"><p>For example in the Tisovsk\u00fd kras area:<br \/>\nA local farm has also recently had its grike fields excluded from subsidies. This story is familiar to many farmers and can shuffle the financial stability of many of them. <\/p>\n<\/div>\n\t\n<a href=\"https:\/\/broz.sk\/en\/its-not-only-farmers-helping-the-ground-squirrels-but-also-vice-versa\/\" class=\"post-details details-type-link\" aria-label=\"Read more about It&#8217;s not only farmers helping the ground squirrels, but also vice versa.\">Read more<i class=\"dt-icon-the7-arrow-03\" aria-hidden=\"true\"><\/i><\/a>\n\n<\/div><\/article><article class=\"post project-odd hidden post-32743 type-post status-publish format-standard has-post-thumbnail hentry category-protection-of-habitats pmpro-has-access category-31 description-off\" data-name=\"Restoration of the lower Voj\u010dianske side arm\" data-date=\"2024-01-15T11:40:37+01:00\">\n\n<div class=\"post-thumbnail-wrap\">\n\t<div class=\"post-thumbnail\">\n\n\t\t\n\t\t\n\t\t<a href=\"https:\/\/broz.sk\/en\/restoration-of-the-lower-vojcianske-side-arm\/\" class=\"post-thumbnail-rollover layzr-bg layzr-bg\" ><img decoding=\"async\" class=\"blog-thumb-lazy-load preload-me lazy-load aspect\" src=\"data:image\/svg+xml,%3Csvg%20xmlns%3D&#39;http%3A%2F%2Fwww.w3.org%2F2000%2Fsvg&#39;%20viewBox%3D&#39;0%200%20768%20576&#39;%2F%3E\" data-src=\"https:\/\/broz.sk\/wp-content\/uploads\/2024\/01\/Nahlad_01-768x576.jpg\" data-srcset=\"https:\/\/broz.sk\/wp-content\/uploads\/2024\/01\/Nahlad_01-768x576.jpg 768w, https:\/\/broz.sk\/wp-content\/uploads\/2024\/01\/Nahlad_01-1306x979.jpg 1306w\" loading=\"eager\" style=\"--ratio: 768 \/ 576\" sizes=\"(max-width: 768px) 100vw, 768px\" alt=\"\" title=\"N\u00e1h\u013ead_01\" width=\"768\" height=\"576\"  \/><\/a>\n\t<\/div>\n<\/div>\n\n\n<div class=\"post-entry-content\">\n\n\t<h3 class=\"entry-title\">\n\t\t<a href=\"https:\/\/broz.sk\/en\/restoration-of-the-lower-vojcianske-side-arm\/\" title=\"Restoration of the lower Voj\u010dianske side arm\" rel=\"bookmark\">Restoration of the lower Voj\u010dianske side arm<\/a>\n\t<\/h3>\n\n\t<div class=\"entry-meta\"><a href=\"https:\/\/broz.sk\/en\/2024\/01\/15\/\" title=\"11:40\" class=\"data-link\" rel=\"bookmark\"><time class=\"entry-date updated\" datetime=\"2024-01-15T11:40:37+01:00\">15. January 2024<\/time><\/a><\/div>\n\t<div class=\"entry-excerpt\"><p>Rehabilitation of the water regime of the lower Voj\u010dianske side arm is our biggest restoration in the area of the Danube inland delta so far. That&#8217;s why it deserved a short video contribution.<\/p>\n<\/div>\n\t\n<a href=\"https:\/\/broz.sk\/en\/restoration-of-the-lower-vojcianske-side-arm\/\" class=\"post-details details-type-link\" aria-label=\"Read more about Restoration of the lower Voj\u010dianske side arm\">Read more<i class=\"dt-icon-the7-arrow-03\" aria-hidden=\"true\"><\/i><\/a>\n\n<\/div><\/article><article class=\"post project-odd hidden post-31682 type-post status-publish format-standard has-post-thumbnail hentry category-protection-of-habitats pmpro-has-access category-31 description-off\" data-name=\"BROZ Annual report 2022\" data-date=\"2024-01-12T09:22:27+01:00\">\n\n<div class=\"post-thumbnail-wrap\">\n\t<div class=\"post-thumbnail\">\n\n\t\t\n\t\t\n\t\t<a href=\"https:\/\/broz.sk\/en\/broz-annual-report-2022\/\" class=\"post-thumbnail-rollover layzr-bg layzr-bg\" ><img decoding=\"async\" class=\"blog-thumb-lazy-load preload-me lazy-load aspect\" src=\"data:image\/svg+xml,%3Csvg%20xmlns%3D&#39;http%3A%2F%2Fwww.w3.org%2F2000%2Fsvg&#39;%20viewBox%3D&#39;0%200%20768%20576&#39;%2F%3E\" data-src=\"https:\/\/broz.sk\/wp-content\/uploads\/2024\/01\/vyrocna-sprava_2022_EN_cover-768x576.jpg\" data-srcset=\"https:\/\/broz.sk\/wp-content\/uploads\/2024\/01\/vyrocna-sprava_2022_EN_cover-768x576.jpg 768w, https:\/\/broz.sk\/wp-content\/uploads\/2024\/01\/vyrocna-sprava_2022_EN_cover-1259x943.jpg 1259w\" loading=\"eager\" style=\"--ratio: 768 \/ 576\" sizes=\"(max-width: 768px) 100vw, 768px\" alt=\"Annual report 2022\" title=\"Annual report 2022\" width=\"768\" height=\"576\"  \/><\/a>\n\t<\/div>\n<\/div>\n\n\n<div class=\"post-entry-content\">\n\n\t<h3 class=\"entry-title\">\n\t\t<a href=\"https:\/\/broz.sk\/en\/broz-annual-report-2022\/\" title=\"BROZ Annual report 2022\" rel=\"bookmark\">BROZ Annual report 2022<\/a>\n\t<\/h3>\n\n\t<div class=\"entry-meta\"><a href=\"https:\/\/broz.sk\/en\/2024\/01\/12\/\" title=\"9:22\" class=\"data-link\" rel=\"bookmark\"><time class=\"entry-date updated\" datetime=\"2024-01-12T09:22:27+01:00\">12. January 2024<\/time><\/a><\/div>\n\t<div class=\"entry-excerpt\"><p>[vc_row][vc_column][vc_column_text]We have completed the BROZ Annual report for 2022. We decided to issue such a report for the first time in the history of our organization to inform our supporters and the general public about our year-round activities for 2022 in a summary document. It took us quite a while, since, as you will see&hellip;<\/p>\n<\/div>\n\t\n<a href=\"https:\/\/broz.sk\/en\/broz-annual-report-2022\/\" class=\"post-details details-type-link\" aria-label=\"Read more about BROZ Annual report 2022\">Read more<i class=\"dt-icon-the7-arrow-03\" aria-hidden=\"true\"><\/i><\/a>\n\n<\/div><\/article><article class=\"post project-odd hidden post-34931 type-post status-publish format-standard has-post-thumbnail hentry category-protection-of-habitats pmpro-has-access category-31 description-off\" data-name=\"We continued to clear the pastures in Beckovsk\u00e9 skalice.\" data-date=\"2024-01-10T12:45:10+01:00\">\n\n<div class=\"post-thumbnail-wrap\">\n\t<div class=\"post-thumbnail\">\n\n\t\t\n\t\t\n\t\t<a href=\"https:\/\/broz.sk\/en\/we-continued-to-clear-the-pastures-in-beckovske-skalice\/\" class=\"post-thumbnail-rollover layzr-bg layzr-bg\" ><img decoding=\"async\" class=\"blog-thumb-lazy-load preload-me lazy-load aspect\" src=\"data:image\/svg+xml,%3Csvg%20xmlns%3D&#39;http%3A%2F%2Fwww.w3.org%2F2000%2Fsvg&#39;%20viewBox%3D&#39;0%200%20768%20576&#39;%2F%3E\" data-src=\"https:\/\/broz.sk\/wp-content\/uploads\/2024\/04\/P1040663-scaled-768x576.jpg\" data-srcset=\"https:\/\/broz.sk\/wp-content\/uploads\/2024\/04\/P1040663-scaled-768x576.jpg 768w, https:\/\/broz.sk\/wp-content\/uploads\/2024\/04\/P1040663-scaled-1306x979.jpg 1306w\" loading=\"eager\" style=\"--ratio: 768 \/ 576\" sizes=\"(max-width: 768px) 100vw, 768px\" alt=\"\" title=\"P1040663\" width=\"768\" height=\"576\"  \/><\/a>\n\t<\/div>\n<\/div>\n\n\n<div class=\"post-entry-content\">\n\n\t<h3 class=\"entry-title\">\n\t\t<a href=\"https:\/\/broz.sk\/en\/we-continued-to-clear-the-pastures-in-beckovske-skalice\/\" title=\"We continued to clear the pastures in Beckovsk\u00e9 skalice.\" rel=\"bookmark\">We continued to clear the pastures in Beckovsk\u00e9 skalice.<\/a>\n\t<\/h3>\n\n\t<div class=\"entry-meta\"><a href=\"https:\/\/broz.sk\/en\/2024\/01\/10\/\" title=\"12:45\" class=\"data-link\" rel=\"bookmark\"><time class=\"entry-date updated\" datetime=\"2024-01-10T12:45:10+01:00\">10. January 2024<\/time><\/a><\/div>\n\t<div class=\"entry-excerpt\"><p>We didn&#8217;t sit idle even this winter and continued to clear meadows and former pasture forests in the natural reserve Beckovsk\u00e9 skalice from overgrown shrubs.<\/p>\n<\/div>\n\t\n<a href=\"https:\/\/broz.sk\/en\/we-continued-to-clear-the-pastures-in-beckovske-skalice\/\" class=\"post-details details-type-link\" aria-label=\"Read more about We continued to clear the pastures in Beckovsk\u00e9 skalice.\">Read more<i class=\"dt-icon-the7-arrow-03\" aria-hidden=\"true\"><\/i><\/a>\n\n<\/div><\/article><article class=\"post project-odd hidden post-31555 type-post status-publish format-standard has-post-thumbnail hentry category-protection-of-habitats pmpro-has-access category-31 description-off\" data-name=\"The members of the project steering committee met again after a year\" data-date=\"2023-12-19T18:49:03+01:00\">\n\n<div class=\"post-thumbnail-wrap\">\n\t<div class=\"post-thumbnail\">\n\n\t\t\n\t\t\n\t\t<a href=\"https:\/\/broz.sk\/en\/clenovia-riadiaceho-vyboru-projektu-sa-streli-po-roku-opat\/\" class=\"post-thumbnail-rollover layzr-bg layzr-bg\" ><img decoding=\"async\" class=\"blog-thumb-lazy-load preload-me lazy-load aspect\" src=\"data:image\/svg+xml,%3Csvg%20xmlns%3D&#39;http%3A%2F%2Fwww.w3.org%2F2000%2Fsvg&#39;%20viewBox%3D&#39;0%200%20768%20576&#39;%2F%3E\" data-src=\"https:\/\/broz.sk\/wp-content\/uploads\/2023\/12\/IMG_5825-scaled-768x576.jpg\" data-srcset=\"https:\/\/broz.sk\/wp-content\/uploads\/2023\/12\/IMG_5825-scaled-768x576.jpg 768w, https:\/\/broz.sk\/wp-content\/uploads\/2023\/12\/IMG_5825-scaled-1306x979.jpg 1306w\" loading=\"eager\" style=\"--ratio: 768 \/ 576\" sizes=\"(max-width: 768px) 100vw, 768px\" alt=\"\" title=\"IMG_5825\" width=\"768\" height=\"576\"  \/><\/a>\n\t<\/div>\n<\/div>\n\n\n<div class=\"post-entry-content\">\n\n\t<h3 class=\"entry-title\">\n\t\t<a href=\"https:\/\/broz.sk\/en\/clenovia-riadiaceho-vyboru-projektu-sa-streli-po-roku-opat\/\" title=\"The members of the project steering committee met again after a year\" rel=\"bookmark\">The members of the project steering committee met again after a year<\/a>\n\t<\/h3>\n\n\t<div class=\"entry-meta\"><a href=\"https:\/\/broz.sk\/en\/2023\/12\/19\/\" title=\"18:49\" class=\"data-link\" rel=\"bookmark\"><time class=\"entry-date updated\" datetime=\"2023-12-19T18:49:03+01:00\">19. December 2023<\/time><\/a><\/div>\n\t<div class=\"entry-excerpt\"><p>On Wednesday, November 29, a meeting of the project steering committee members took place. Thirteen participants attended the meeting, including seven members of the steering committee. Together, we visited the successful implementation of project activities in \u010cili\u017esk\u00e9 mo\u010diare.<\/p>\n<\/div>\n\t\n<a href=\"https:\/\/broz.sk\/en\/clenovia-riadiaceho-vyboru-projektu-sa-streli-po-roku-opat\/\" class=\"post-details details-type-link\" aria-label=\"Read more about The members of the project steering committee met again after a year\">Read more<i class=\"dt-icon-the7-arrow-03\" aria-hidden=\"true\"><\/i><\/a>\n\n<\/div><\/article><article class=\"post project-odd hidden post-31581 type-post status-publish format-standard has-post-thumbnail hentry category-protection-of-habitats category-protection-of-species pmpro-has-access category-31 category-30 description-off\" data-name=\"SCI \u010cili\u017esk\u00e9 mo\u010diare just got a new &#8220;pond.&#8221;\" data-date=\"2023-12-19T18:35:39+01:00\">\n\n<div class=\"post-thumbnail-wrap\">\n\t<div class=\"post-thumbnail\">\n\n\t\t\n\t\t\n\t\t<a href=\"https:\/\/broz.sk\/en\/cilizske-mociare-maju-nove-jazierko\/\" class=\"post-thumbnail-rollover layzr-bg layzr-bg\" ><img decoding=\"async\" class=\"blog-thumb-lazy-load preload-me lazy-load aspect\" src=\"data:image\/svg+xml,%3Csvg%20xmlns%3D&#39;http%3A%2F%2Fwww.w3.org%2F2000%2Fsvg&#39;%20viewBox%3D&#39;0%200%20768%20576&#39;%2F%3E\" data-src=\"https:\/\/broz.sk\/wp-content\/uploads\/2023\/12\/370199747_888423579339902_6669969277623388559_n-768x576.jpg\" data-srcset=\"https:\/\/broz.sk\/wp-content\/uploads\/2023\/12\/370199747_888423579339902_6669969277623388559_n-768x576.jpg 768w, https:\/\/broz.sk\/wp-content\/uploads\/2023\/12\/370199747_888423579339902_6669969277623388559_n-1306x979.jpg 1306w\" loading=\"eager\" style=\"--ratio: 768 \/ 576\" sizes=\"(max-width: 768px) 100vw, 768px\" alt=\"\" title=\"370199747_888423579339902_6669969277623388559_n\" width=\"768\" height=\"576\"  \/><\/a>\n\t<\/div>\n<\/div>\n\n\n<div class=\"post-entry-content\">\n\n\t<h3 class=\"entry-title\">\n\t\t<a href=\"https:\/\/broz.sk\/en\/cilizske-mociare-maju-nove-jazierko\/\" title=\"SCI \u010cili\u017esk\u00e9 mo\u010diare just got a new &#8220;pond.&#8221;\" rel=\"bookmark\">SCI \u010cili\u017esk\u00e9 mo\u010diare just got a new &#8220;pond.&#8221;<\/a>\n\t<\/h3>\n\n\t<div class=\"entry-meta\"><a href=\"https:\/\/broz.sk\/en\/2023\/12\/19\/\" title=\"18:35\" class=\"data-link\" rel=\"bookmark\"><time class=\"entry-date updated\" datetime=\"2023-12-19T18:35:39+01:00\">19. December 2023<\/time><\/a><\/div>\n\t<div class=\"entry-excerpt\"><p>Competition for water is high in the Danubian Lowland, especially during spring and summer. During those seasons, the water from the melioration canals is used to irrigate the surrounding fields.<\/p>\n<\/div>\n\t\n<a href=\"https:\/\/broz.sk\/en\/cilizske-mociare-maju-nove-jazierko\/\" class=\"post-details details-type-link\" aria-label=\"Read more about SCI \u010cili\u017esk\u00e9 mo\u010diare just got a new &#8220;pond.&#8221;\">Read more<i class=\"dt-icon-the7-arrow-03\" aria-hidden=\"true\"><\/i><\/a>\n\n<\/div><\/article><article class=\"post project-odd hidden post-40837 type-post status-publish format-standard has-post-thumbnail hentry category-protection-of-habitats pmpro-has-access category-31 description-off\" data-name=\"Helping farmers means helping biodiversity\" data-date=\"2023-12-13T16:14:37+01:00\">\n\n<div class=\"post-thumbnail-wrap\">\n\t<div class=\"post-thumbnail\">\n\n\t\t\n\t\t\n\t\t<a href=\"https:\/\/broz.sk\/en\/helping-farmers-means-helping-biodiversity\/\" class=\"post-thumbnail-rollover layzr-bg layzr-bg\" ><img decoding=\"async\" class=\"blog-thumb-lazy-load preload-me lazy-load aspect\" src=\"data:image\/svg+xml,%3Csvg%20xmlns%3D&#39;http%3A%2F%2Fwww.w3.org%2F2000%2Fsvg&#39;%20viewBox%3D&#39;0%200%20768%20576&#39;%2F%3E\" data-src=\"https:\/\/broz.sk\/wp-content\/uploads\/2023\/12\/DSCN0043-scaled-768x576.jpg\" data-srcset=\"https:\/\/broz.sk\/wp-content\/uploads\/2023\/12\/DSCN0043-scaled-768x576.jpg 768w, https:\/\/broz.sk\/wp-content\/uploads\/2023\/12\/DSCN0043-scaled-1306x979.jpg 1306w\" loading=\"eager\" style=\"--ratio: 768 \/ 576\" sizes=\"(max-width: 768px) 100vw, 768px\" alt=\"Obnova pastvy Cerov\u00e1 vrchovina\" title=\"DSCN0043\" width=\"768\" height=\"576\"  \/><\/a>\n\t<\/div>\n<\/div>\n\n\n<div class=\"post-entry-content\">\n\n\t<h3 class=\"entry-title\">\n\t\t<a href=\"https:\/\/broz.sk\/en\/helping-farmers-means-helping-biodiversity\/\" title=\"Helping farmers means helping biodiversity\" rel=\"bookmark\">Helping farmers means helping biodiversity<\/a>\n\t<\/h3>\n\n\t<div class=\"entry-meta\"><a href=\"https:\/\/broz.sk\/en\/2023\/12\/13\/\" title=\"16:14\" class=\"data-link\" rel=\"bookmark\"><time class=\"entry-date updated\" datetime=\"2023-12-13T16:14:37+01:00\">13. December 2023<\/time><\/a><\/div>\n\t<div class=\"entry-excerpt\"><p>This weekend, we were once again restoring grazing at Drie\u0148ov\u00e9. In cooperation with a local farmer, staff from the Cerov\u00e1 vrchovina Protected Landscape Area, and volunteers, we cleared an overgrown pasture near the village of Petrovce, removing invasive shrubs and black locust trees.<\/p>\n<\/div>\n\t\n<a href=\"https:\/\/broz.sk\/en\/helping-farmers-means-helping-biodiversity\/\" class=\"post-details details-type-link\" aria-label=\"Read more about Helping farmers means helping biodiversity\">Read more<i class=\"dt-icon-the7-arrow-03\" aria-hidden=\"true\"><\/i><\/a>\n\n<\/div><\/article><article class=\"post project-odd hidden post-32749 type-post status-publish format-standard has-post-thumbnail hentry category-protection-of-habitats pmpro-has-access category-31 description-off\" data-name=\"Gradual liberation of migration routes for Danube fish\" data-date=\"2023-12-01T11:58:53+01:00\">\n\n<div class=\"post-thumbnail-wrap\">\n\t<div class=\"post-thumbnail\">\n\n\t\t\n\t\t\n\t\t<a href=\"https:\/\/broz.sk\/en\/gradual-liberation-of-migration-routes-for-danube-fish\/\" class=\"post-thumbnail-rollover layzr-bg layzr-bg\" ><img decoding=\"async\" class=\"blog-thumb-lazy-load preload-me lazy-load aspect\" src=\"data:image\/svg+xml,%3Csvg%20xmlns%3D&#39;http%3A%2F%2Fwww.w3.org%2F2000%2Fsvg&#39;%20viewBox%3D&#39;0%200%20768%20576&#39;%2F%3E\" data-src=\"https:\/\/broz.sk\/wp-content\/uploads\/2023\/12\/Zrekonstruovana-prehradzka-C2-s-vybudovanym-rybovodom-scaled-768x576.jpg\" data-srcset=\"https:\/\/broz.sk\/wp-content\/uploads\/2023\/12\/Zrekonstruovana-prehradzka-C2-s-vybudovanym-rybovodom-scaled-768x576.jpg 768w, https:\/\/broz.sk\/wp-content\/uploads\/2023\/12\/Zrekonstruovana-prehradzka-C2-s-vybudovanym-rybovodom-scaled-1306x979.jpg 1306w\" loading=\"eager\" style=\"--ratio: 768 \/ 576\" sizes=\"(max-width: 768px) 100vw, 768px\" alt=\"Zrekon\u0161truovan\u00e1 prehr\u00e1dzka C2 s vybudovan\u00fdm rybovodom\" title=\"default\" width=\"768\" height=\"576\"  \/><\/a>\n\t<\/div>\n<\/div>\n\n\n<div class=\"post-entry-content\">\n\n\t<h3 class=\"entry-title\">\n\t\t<a href=\"https:\/\/broz.sk\/en\/gradual-liberation-of-migration-routes-for-danube-fish\/\" title=\"Gradual liberation of migration routes for Danube fish\" rel=\"bookmark\">Gradual liberation of migration routes for Danube fish<\/a>\n\t<\/h3>\n\n\t<div class=\"entry-meta\"><a href=\"https:\/\/broz.sk\/en\/2023\/12\/01\/\" title=\"11:58\" class=\"data-link\" rel=\"bookmark\"><time class=\"entry-date updated\" datetime=\"2023-12-01T11:58:53+01:00\">1. December 2023<\/time><\/a><\/div>\n\t<div class=\"entry-excerpt\"><p>Over the course of the last two centuries, people gradually changed the Danube branch system by building protective flood dams, regulating the Danube bed for navigation conditions, and later also using the river for energy purposes in connection with the construction of an artificial navigation channel (Gab\u010d\u00edkovo waterworks). <\/p>\n<\/div>\n\t\n<a href=\"https:\/\/broz.sk\/en\/gradual-liberation-of-migration-routes-for-danube-fish\/\" class=\"post-details details-type-link\" aria-label=\"Read more about Gradual liberation of migration routes for Danube fish\">Read more<i class=\"dt-icon-the7-arrow-03\" aria-hidden=\"true\"><\/i><\/a>\n\n<\/div><\/article><article class=\"post project-odd hidden post-31651 type-post status-publish format-standard has-post-thumbnail hentry category-protection-of-habitats pmpro-has-access category-31 description-off\" data-name=\"The first results of grazing on Ap\u00e1l Island\" data-date=\"2023-11-30T13:43:29+01:00\">\n\n<div class=\"post-thumbnail-wrap\">\n\t<div class=\"post-thumbnail\">\n\n\t\t\n\t\t\n\t\t<a href=\"https:\/\/broz.sk\/en\/the-first-results-of-grazing-on-apal-island\/\" class=\"post-thumbnail-rollover layzr-bg layzr-bg\" ><img decoding=\"async\" class=\"blog-thumb-lazy-load preload-me lazy-load aspect\" src=\"data:image\/svg+xml,%3Csvg%20xmlns%3D&#39;http%3A%2F%2Fwww.w3.org%2F2000%2Fsvg&#39;%20viewBox%3D&#39;0%200%20768%20576&#39;%2F%3E\" data-src=\"https:\/\/broz.sk\/wp-content\/uploads\/2023\/11\/DJI_0208-scaled-768x576.jpg\" data-srcset=\"https:\/\/broz.sk\/wp-content\/uploads\/2023\/11\/DJI_0208-scaled-768x576.jpg 768w, https:\/\/broz.sk\/wp-content\/uploads\/2023\/11\/DJI_0208-scaled-1306x979.jpg 1306w\" loading=\"eager\" style=\"--ratio: 768 \/ 576\" sizes=\"(max-width: 768px) 100vw, 768px\" alt=\"Ap\u00e1lsky ostrov\" title=\"default\" width=\"768\" height=\"576\"  \/><\/a>\n\t<\/div>\n<\/div>\n\n\n<div class=\"post-entry-content\">\n\n\t<h3 class=\"entry-title\">\n\t\t<a href=\"https:\/\/broz.sk\/en\/the-first-results-of-grazing-on-apal-island\/\" title=\"The first results of grazing on Ap\u00e1l Island\" rel=\"bookmark\">The first results of grazing on Ap\u00e1l Island<\/a>\n\t<\/h3>\n\n\t<div class=\"entry-meta\"><a href=\"https:\/\/broz.sk\/en\/2023\/11\/30\/\" title=\"13:43\" class=\"data-link\" rel=\"bookmark\"><time class=\"entry-date updated\" datetime=\"2023-11-30T13:43:29+01:00\">30. November 2023<\/time><\/a><\/div>\n\t<div class=\"entry-excerpt\"><p>In August of this year, we were happy to announce the release of a herd of 20 cows on Ap\u00e1l Island. After several years of preparations, negotiations with farmers, processing permits, building fences and securing the overall infrastructure, we managed to restore the pasture that was once common here.<\/p>\n<\/div>\n\t\n<a href=\"https:\/\/broz.sk\/en\/the-first-results-of-grazing-on-apal-island\/\" class=\"post-details details-type-link\" aria-label=\"Read more about The first results of grazing on Ap\u00e1l Island\">Read more<i class=\"dt-icon-the7-arrow-03\" aria-hidden=\"true\"><\/i><\/a>\n\n<\/div><\/article><article class=\"post project-odd hidden post-31645 type-post status-publish format-standard has-post-thumbnail hentry category-protection-of-habitats pmpro-has-access category-31 description-off\" data-name=\"Barrier removal helps to restore a dried river branch\" data-date=\"2023-11-29T13:38:26+01:00\">\n\n<div class=\"post-thumbnail-wrap\">\n\t<div class=\"post-thumbnail\">\n\n\t\t\n\t\t\n\t\t<a href=\"https:\/\/broz.sk\/en\/barrier-removal-helps-to-restore-a-dried-river-branch\/\" class=\"post-thumbnail-rollover layzr-bg layzr-bg\" ><img decoding=\"async\" class=\"blog-thumb-lazy-load preload-me lazy-load aspect\" src=\"data:image\/svg+xml,%3Csvg%20xmlns%3D&#39;http%3A%2F%2Fwww.w3.org%2F2000%2Fsvg&#39;%20viewBox%3D&#39;0%200%20768%20576&#39;%2F%3E\" data-src=\"https:\/\/broz.sk\/wp-content\/uploads\/2023\/11\/IMG-20231104-WA0003-768x576.jpg\" data-srcset=\"https:\/\/broz.sk\/wp-content\/uploads\/2023\/11\/IMG-20231104-WA0003-768x576.jpg 768w, https:\/\/broz.sk\/wp-content\/uploads\/2023\/11\/IMG-20231104-WA0003-1200x900.jpg 1200w\" loading=\"eager\" style=\"--ratio: 768 \/ 576\" sizes=\"(max-width: 768px) 100vw, 768px\" alt=\"\" title=\"IMG-20231104-WA0003\" width=\"768\" height=\"576\"  \/><\/a>\n\t<\/div>\n<\/div>\n\n\n<div class=\"post-entry-content\">\n\n\t<h3 class=\"entry-title\">\n\t\t<a href=\"https:\/\/broz.sk\/en\/barrier-removal-helps-to-restore-a-dried-river-branch\/\" title=\"Barrier removal helps to restore a dried river branch\" rel=\"bookmark\">Barrier removal helps to restore a dried river branch<\/a>\n\t<\/h3>\n\n\t<div class=\"entry-meta\"><a href=\"https:\/\/broz.sk\/en\/2023\/11\/29\/\" title=\"13:38\" class=\"data-link\" rel=\"bookmark\"><time class=\"entry-date updated\" datetime=\"2023-11-29T13:38:26+01:00\">29. November 2023<\/time><\/a><\/div>\n\t<div class=\"entry-excerpt\"><p>Works on D2a weir started in autumn. Construction of culvert will ensure flow of water into the currently dry branch which is connecting the Bod\u00edcke and \u0160ulianske river branch. <\/p>\n<\/div>\n\t\n<a href=\"https:\/\/broz.sk\/en\/barrier-removal-helps-to-restore-a-dried-river-branch\/\" class=\"post-details details-type-link\" aria-label=\"Read more about Barrier removal helps to restore a dried river branch\">Read more<i class=\"dt-icon-the7-arrow-03\" aria-hidden=\"true\"><\/i><\/a>\n\n<\/div><\/article><article class=\"post project-odd hidden post-31639 type-post status-publish format-standard has-post-thumbnail hentry category-protection-of-habitats pmpro-has-access category-31 description-off\" data-name=\"Reconstruction of a weir for fish and water sports\" data-date=\"2023-11-28T13:33:43+01:00\">\n\n<div class=\"post-thumbnail-wrap\">\n\t<div class=\"post-thumbnail\">\n\n\t\t\n\t\t\n\t\t<a href=\"https:\/\/broz.sk\/en\/reconstruction-of-a-weir-for-fish-and-water-sports\/\" class=\"post-thumbnail-rollover layzr-bg layzr-bg\" ><img decoding=\"async\" class=\"blog-thumb-lazy-load preload-me lazy-load aspect\" src=\"data:image\/svg+xml,%3Csvg%20xmlns%3D&#39;http%3A%2F%2Fwww.w3.org%2F2000%2Fsvg&#39;%20viewBox%3D&#39;0%200%20768%20576&#39;%2F%3E\" data-src=\"https:\/\/broz.sk\/wp-content\/uploads\/2023\/11\/20221222_104612-scaled-768x576.jpg\" data-srcset=\"https:\/\/broz.sk\/wp-content\/uploads\/2023\/11\/20221222_104612-scaled-768x576.jpg 768w, https:\/\/broz.sk\/wp-content\/uploads\/2023\/11\/20221222_104612-scaled-1306x979.jpg 1306w\" loading=\"eager\" style=\"--ratio: 768 \/ 576\" sizes=\"(max-width: 768px) 100vw, 768px\" alt=\"\" title=\"20221222_104612\" width=\"768\" height=\"576\"  \/><\/a>\n\t<\/div>\n<\/div>\n\n\n<div class=\"post-entry-content\">\n\n\t<h3 class=\"entry-title\">\n\t\t<a href=\"https:\/\/broz.sk\/en\/reconstruction-of-a-weir-for-fish-and-water-sports\/\" title=\"Reconstruction of a weir for fish and water sports\" rel=\"bookmark\">Reconstruction of a weir for fish and water sports<\/a>\n\t<\/h3>\n\n\t<div class=\"entry-meta\"><a href=\"https:\/\/broz.sk\/en\/2023\/11\/28\/\" title=\"13:33\" class=\"data-link\" rel=\"bookmark\"><time class=\"entry-date updated\" datetime=\"2023-11-28T13:33:43+01:00\">28. November 2023<\/time><\/a><\/div>\n\t<div class=\"entry-excerpt\"><p>We are very pleased that, after a long period of processing approvals, construction permits, procurement of a supplier, in accordance with the technical documentation, work aimed at restoring water flow of the E3 weir on the line E of the Danube river branch system is under construction.<\/p>\n<\/div>\n\t\n<a href=\"https:\/\/broz.sk\/en\/reconstruction-of-a-weir-for-fish-and-water-sports\/\" class=\"post-details details-type-link\" aria-label=\"Read more about Reconstruction of a weir for fish and water sports\">Read more<i class=\"dt-icon-the7-arrow-03\" aria-hidden=\"true\"><\/i><\/a>\n\n<\/div><\/article><article class=\"post project-odd hidden post-32753 type-post status-publish format-standard has-post-thumbnail hentry category-protection-of-habitats pmpro-has-access category-31 description-off\" data-name=\"Danube Gates &#8211; where did they lead and why are they closed?\" data-date=\"2023-11-28T12:22:57+01:00\">\n\n<div class=\"post-thumbnail-wrap\">\n\t<div class=\"post-thumbnail\">\n\n\t\t\n\t\t\n\t\t<a href=\"https:\/\/broz.sk\/en\/danube-gates-where-did-they-lead-and-why-are-they-closed\/\" class=\"post-thumbnail-rollover layzr-bg layzr-bg\" ><img decoding=\"async\" class=\"blog-thumb-lazy-load preload-me lazy-load aspect\" src=\"data:image\/svg+xml,%3Csvg%20xmlns%3D&#39;http%3A%2F%2Fwww.w3.org%2F2000%2Fsvg&#39;%20viewBox%3D&#39;0%200%20768%20576&#39;%2F%3E\" data-src=\"https:\/\/broz.sk\/wp-content\/uploads\/2023\/11\/Vodacka-mapa_oblast-Cilistov_Samorin-768x576.jpg\" data-srcset=\"https:\/\/broz.sk\/wp-content\/uploads\/2023\/11\/Vodacka-mapa_oblast-Cilistov_Samorin-768x576.jpg 768w, https:\/\/broz.sk\/wp-content\/uploads\/2023\/11\/Vodacka-mapa_oblast-Cilistov_Samorin-845x634.jpg 845w\" loading=\"eager\" style=\"--ratio: 768 \/ 576\" sizes=\"(max-width: 768px) 100vw, 768px\" alt=\"\" title=\"Vodacka mapa_oblast Cilistov_Samorin\" width=\"768\" height=\"576\"  \/><\/a>\n\t<\/div>\n<\/div>\n\n\n<div class=\"post-entry-content\">\n\n\t<h3 class=\"entry-title\">\n\t\t<a href=\"https:\/\/broz.sk\/en\/danube-gates-where-did-they-lead-and-why-are-they-closed\/\" title=\"Danube Gates &#8211; where did they lead and why are they closed?\" rel=\"bookmark\">Danube Gates &#8211; where did they lead and why are they closed?<\/a>\n\t<\/h3>\n\n\t<div class=\"entry-meta\"><a href=\"https:\/\/broz.sk\/en\/2023\/11\/28\/\" title=\"12:22\" class=\"data-link\" rel=\"bookmark\"><time class=\"entry-date updated\" datetime=\"2023-11-28T12:22:57+01:00\">28. November 2023<\/time><\/a><\/div>\n\t<div class=\"entry-excerpt\"><p>Those who knew the Danube and its branch system before the construction of the Gab\u010d\u00edkovo waterworks, knew what the so-called Danube gates are and where they are located. Of course, they were not real gates, but just a name for the connection of the main flow of the Danube and its branch systems.<\/p>\n<\/div>\n\t\n<a href=\"https:\/\/broz.sk\/en\/danube-gates-where-did-they-lead-and-why-are-they-closed\/\" class=\"post-details details-type-link\" aria-label=\"Read more about Danube Gates &#8211; where did they lead and why are they closed?\">Read more<i class=\"dt-icon-the7-arrow-03\" aria-hidden=\"true\"><\/i><\/a>\n\n<\/div><\/article><article class=\"post project-odd hidden post-39299 type-post status-publish format-standard has-post-thumbnail hentry category-protection-of-species pmpro-has-access category-30 description-off\" data-name=\"European Roller (Coracias garrulus) has returned to breed after being locally extinct for 10 years\" data-date=\"2023-11-24T15:08:32+01:00\">\n\n<div class=\"post-thumbnail-wrap\">\n\t<div class=\"post-thumbnail\">\n\n\t\t\n\t\t\n\t\t<a href=\"https:\/\/broz.sk\/en\/european-roller-coracias-garrulus-has-returned-to-breed-after-being-locally-extinct-for-10-years\/\" class=\"post-thumbnail-rollover layzr-bg layzr-bg\" ><img decoding=\"async\" class=\"blog-thumb-lazy-load preload-me lazy-load aspect\" src=\"data:image\/svg+xml,%3Csvg%20xmlns%3D&#39;http%3A%2F%2Fwww.w3.org%2F2000%2Fsvg&#39;%20viewBox%3D&#39;0%200%20768%20576&#39;%2F%3E\" data-src=\"https:\/\/broz.sk\/wp-content\/uploads\/2025\/07\/Navrat-krakle-768x576.jpg\" data-srcset=\"https:\/\/broz.sk\/wp-content\/uploads\/2025\/07\/Navrat-krakle-768x576.jpg 768w, https:\/\/broz.sk\/wp-content\/uploads\/2025\/07\/Navrat-krakle-1200x899.jpg 1200w\" loading=\"eager\" style=\"--ratio: 768 \/ 576\" sizes=\"(max-width: 768px) 100vw, 768px\" alt=\"N\u00e1vrat krakle\" title=\"N\u00e1vrat krakle\" width=\"768\" height=\"576\"  \/><\/a>\n\t<\/div>\n<\/div>\n\n\n<div class=\"post-entry-content\">\n\n\t<h3 class=\"entry-title\">\n\t\t<a href=\"https:\/\/broz.sk\/en\/european-roller-coracias-garrulus-has-returned-to-breed-after-being-locally-extinct-for-10-years\/\" title=\"European Roller (Coracias garrulus) has returned to breed after being locally extinct for 10 years\" rel=\"bookmark\">European Roller (Coracias garrulus) has returned to breed after being locally extinct for 10 years<\/a>\n\t<\/h3>\n\n\t<div class=\"entry-meta\"><a href=\"https:\/\/broz.sk\/en\/2023\/11\/24\/\" title=\"15:08\" class=\"data-link\" rel=\"bookmark\"><time class=\"entry-date updated\" datetime=\"2023-11-24T15:08:32+01:00\">24. November 2023<\/time><\/a><\/div>\n\t<div class=\"entry-excerpt\"><p>Slovakia is the only country in Europe where the European Roller (Coracias garrulus) has returned to breed after being locally extinct for 10 years\u2014thanks largely to dedicated conservation efforts.<\/p>\n<\/div>\n\t\n<a href=\"https:\/\/broz.sk\/en\/european-roller-coracias-garrulus-has-returned-to-breed-after-being-locally-extinct-for-10-years\/\" class=\"post-details details-type-link\" aria-label=\"Read more about European Roller (Coracias garrulus) has returned to breed after being locally extinct for 10 years\">Read more<i class=\"dt-icon-the7-arrow-03\" aria-hidden=\"true\"><\/i><\/a>\n\n<\/div><\/article><article class=\"post project-odd hidden post-31180 type-post status-publish format-standard has-post-thumbnail hentry category-protection-of-habitats pmpro-has-access category-31 description-off\" data-name=\"Proposed revitalisation measures of the WILDisland project\" data-date=\"2023-11-23T15:33:38+01:00\">\n\n<div class=\"post-thumbnail-wrap\">\n\t<div class=\"post-thumbnail\">\n\n\t\t\n\t\t\n\t\t<a href=\"https:\/\/broz.sk\/en\/proposed-revitalisation-measures-of-the-wildisland-project\/\" class=\"post-thumbnail-rollover layzr-bg layzr-bg\" ><img decoding=\"async\" class=\"blog-thumb-lazy-load preload-me lazy-load aspect\" src=\"data:image\/svg+xml,%3Csvg%20xmlns%3D&#39;http%3A%2F%2Fwww.w3.org%2F2000%2Fsvg&#39;%20viewBox%3D&#39;0%200%20768%20576&#39;%2F%3E\" data-src=\"https:\/\/broz.sk\/wp-content\/uploads\/2023\/11\/Klizska_Nema_schematicke-znazornenie-opatreni_scenar-1-768x576.jpg\" data-srcset=\"https:\/\/broz.sk\/wp-content\/uploads\/2023\/11\/Klizska_Nema_schematicke-znazornenie-opatreni_scenar-1-768x576.jpg 768w, https:\/\/broz.sk\/wp-content\/uploads\/2023\/11\/Klizska_Nema_schematicke-znazornenie-opatreni_scenar-1-888x666.jpg 888w\" loading=\"eager\" style=\"--ratio: 768 \/ 576\" sizes=\"(max-width: 768px) 100vw, 768px\" alt=\"\" title=\"Kl\u00edzska_Nem\u00e1_schematick\u00e9 zn\u00e1zornenie opatren\u00ed_scen\u00e1r 1\" width=\"768\" height=\"576\"  \/><\/a>\n\t<\/div>\n<\/div>\n\n\n<div class=\"post-entry-content\">\n\n\t<h3 class=\"entry-title\">\n\t\t<a href=\"https:\/\/broz.sk\/en\/proposed-revitalisation-measures-of-the-wildisland-project\/\" title=\"Proposed revitalisation measures of the WILDisland project\" rel=\"bookmark\">Proposed revitalisation measures of the WILDisland project<\/a>\n\t<\/h3>\n\n\t<div class=\"entry-meta\"><a href=\"https:\/\/broz.sk\/en\/2023\/11\/23\/\" title=\"15:33\" class=\"data-link\" rel=\"bookmark\"><time class=\"entry-date updated\" datetime=\"2023-11-23T15:33:38+01:00\">23. November 2023<\/time><\/a><\/div>\n\t<div class=\"entry-excerpt\"><p>The aim of the proposed measures of the LIFE WILDisland is to contribute significantly to the restoration of lateral connectivity and the improvement of the water regime in the area of the Medvedovsk\u00e1 river branch system.<\/p>\n<\/div>\n\t\n<a href=\"https:\/\/broz.sk\/en\/proposed-revitalisation-measures-of-the-wildisland-project\/\" class=\"post-details details-type-link\" aria-label=\"Read more about Proposed revitalisation measures of the WILDisland project\">Read more<i class=\"dt-icon-the7-arrow-03\" aria-hidden=\"true\"><\/i><\/a>\n\n<\/div><\/article><article class=\"post project-odd hidden post-31629 type-post status-publish format-standard has-post-thumbnail hentry category-protection-of-habitats category-protection-of-species pmpro-has-access category-31 category-30 description-off\" data-name=\"The Influence of Simulated Floods on the Reproduction of Amphibians in the Danube River Branch System\" data-date=\"2023-11-22T13:27:46+01:00\">\n\n<div class=\"post-thumbnail-wrap\">\n\t<div class=\"post-thumbnail\">\n\n\t\t\n\t\t\n\t\t<a href=\"https:\/\/broz.sk\/en\/the-influence-of-simulated-floods-on-the-reproduction-of-amphibians-in-the-danube-river-branch-system\/\" class=\"post-thumbnail-rollover layzr-bg layzr-bg\" ><img decoding=\"async\" class=\"blog-thumb-lazy-load preload-me lazy-load aspect\" src=\"data:image\/svg+xml,%3Csvg%20xmlns%3D&#39;http%3A%2F%2Fwww.w3.org%2F2000%2Fsvg&#39;%20viewBox%3D&#39;0%200%20768%20576&#39;%2F%3E\" data-src=\"https:\/\/broz.sk\/wp-content\/uploads\/2023\/11\/mlok_bodkovany_Peter_Drengubiak-2-scaled-768x576.jpg\" data-srcset=\"https:\/\/broz.sk\/wp-content\/uploads\/2023\/11\/mlok_bodkovany_Peter_Drengubiak-2-scaled-768x576.jpg 768w, https:\/\/broz.sk\/wp-content\/uploads\/2023\/11\/mlok_bodkovany_Peter_Drengubiak-2-scaled-1306x979.jpg 1306w\" loading=\"eager\" style=\"--ratio: 768 \/ 576\" sizes=\"(max-width: 768px) 100vw, 768px\" alt=\"Mlok Bodkovan\u00fd\" title=\"mlok_bodkovan\u00fd_Peter_Drengubiak (2)\" width=\"768\" height=\"576\"  \/><\/a>\n\t<\/div>\n<\/div>\n\n\n<div class=\"post-entry-content\">\n\n\t<h3 class=\"entry-title\">\n\t\t<a href=\"https:\/\/broz.sk\/en\/the-influence-of-simulated-floods-on-the-reproduction-of-amphibians-in-the-danube-river-branch-system\/\" title=\"The Influence of Simulated Floods on the Reproduction of Amphibians in the Danube River Branch System\" rel=\"bookmark\">The Influence of Simulated Floods on the Reproduction of Amphibians in the Danube River Branch System<\/a>\n\t<\/h3>\n\n\t<div class=\"entry-meta\"><a href=\"https:\/\/broz.sk\/en\/2023\/11\/22\/\" title=\"13:27\" class=\"data-link\" rel=\"bookmark\"><time class=\"entry-date updated\" datetime=\"2023-11-22T13:27:46+01:00\">22. November 2023<\/time><\/a><\/div>\n\t<div class=\"entry-excerpt\"><p>We continued with the monitoring of amphibians at the locations of Dobroho\u0161\u0165, Kr\u00e1\u013eovsk\u00e1 l\u00faka, Bakansk\u00e9 rameno and its surroundings, Istragov and Dedinsk\u00e9 ostrovy.<\/p>\n<\/div>\n\t\n<a href=\"https:\/\/broz.sk\/en\/the-influence-of-simulated-floods-on-the-reproduction-of-amphibians-in-the-danube-river-branch-system\/\" class=\"post-details details-type-link\" aria-label=\"Read more about The Influence of Simulated Floods on the Reproduction of Amphibians in the Danube River Branch System\">Read more<i class=\"dt-icon-the7-arrow-03\" aria-hidden=\"true\"><\/i><\/a>\n\n<\/div><\/article><article class=\"post project-odd hidden post-37607 type-post status-publish format-standard has-post-thumbnail hentry category-protection-of-species pmpro-has-access category-30 description-off\" data-name=\"The Romanian project partner &#8211; Fundatia ADEPT Transilvania &#8211; carried out butterfly monitoring\" data-date=\"2023-11-22T10:26:32+01:00\">\n\n<div class=\"post-thumbnail-wrap\">\n\t<div class=\"post-thumbnail\">\n\n\t\t\n\t\t\n\t\t<a href=\"https:\/\/broz.sk\/en\/the-romanian-project-partner-fundatia-adept-transilvania-carried-out-butterfly-monitoring\/\" class=\"post-thumbnail-rollover layzr-bg layzr-bg\" ><img decoding=\"async\" class=\"blog-thumb-lazy-load preload-me lazy-load aspect\" src=\"data:image\/svg+xml,%3Csvg%20xmlns%3D&#39;http%3A%2F%2Fwww.w3.org%2F2000%2Fsvg&#39;%20viewBox%3D&#39;0%200%20768%20576&#39;%2F%3E\" data-src=\"https:\/\/broz.sk\/wp-content\/uploads\/2023\/11\/cl.1-jedna-z-lokalit-monitoringu-768x576.jpg\" data-srcset=\"https:\/\/broz.sk\/wp-content\/uploads\/2023\/11\/cl.1-jedna-z-lokalit-monitoringu-768x576.jpg 768w, https:\/\/broz.sk\/wp-content\/uploads\/2023\/11\/cl.1-jedna-z-lokalit-monitoringu-984x738.jpg 984w\" loading=\"eager\" style=\"--ratio: 768 \/ 576\" sizes=\"(max-width: 768px) 100vw, 768px\" alt=\"Jedna z lokal\u00edt monitoringu\" title=\"cl.1 jedna z lokal\u00edt monitoringu\" width=\"768\" height=\"576\"  \/><\/a>\n\t<\/div>\n<\/div>\n\n\n<div class=\"post-entry-content\">\n\n\t<h3 class=\"entry-title\">\n\t\t<a href=\"https:\/\/broz.sk\/en\/the-romanian-project-partner-fundatia-adept-transilvania-carried-out-butterfly-monitoring\/\" title=\"The Romanian project partner &#8211; Fundatia ADEPT Transilvania &#8211; carried out butterfly monitoring\" rel=\"bookmark\">The Romanian project partner &#8211; Fundatia ADEPT Transilvania &#8211; carried out butterfly monitoring<\/a>\n\t<\/h3>\n\n\t<div class=\"entry-meta\"><a href=\"https:\/\/broz.sk\/en\/2023\/11\/22\/\" title=\"10:26\" class=\"data-link\" rel=\"bookmark\"><time class=\"entry-date updated\" datetime=\"2023-11-22T10:26:32+01:00\">22. November 2023<\/time><\/a><\/div>\n\t<div class=\"entry-excerpt\"><p>Three expert teams carried out inventory\/mapping of butterflies in the 10 Natura 2000 sites. This involved 37 transects, each surveyed during 3 different periods, in order to identify species with varying flight times.<\/p>\n<\/div>\n\t\n<a href=\"https:\/\/broz.sk\/en\/the-romanian-project-partner-fundatia-adept-transilvania-carried-out-butterfly-monitoring\/\" class=\"post-details details-type-link\" aria-label=\"Read more about The Romanian project partner &#8211; Fundatia ADEPT Transilvania &#8211; carried out butterfly monitoring\">Read more<i class=\"dt-icon-the7-arrow-03\" aria-hidden=\"true\"><\/i><\/a>\n\n<\/div><\/article><article class=\"post project-odd hidden post-39285 type-post status-publish format-standard has-post-thumbnail hentry category-protection-of-species pmpro-has-access category-30 description-off\" data-name=\"Installing nest boxes\" data-date=\"2023-11-07T14:58:07+01:00\">\n\n<div class=\"post-thumbnail-wrap\">\n\t<div class=\"post-thumbnail\">\n\n\t\t\n\t\t\n\t\t<a href=\"https:\/\/broz.sk\/en\/installing-nest-boxes\/\" class=\"post-thumbnail-rollover layzr-bg layzr-bg\" ><img decoding=\"async\" class=\"blog-thumb-lazy-load preload-me lazy-load aspect\" src=\"data:image\/svg+xml,%3Csvg%20xmlns%3D&#39;http%3A%2F%2Fwww.w3.org%2F2000%2Fsvg&#39;%20viewBox%3D&#39;0%200%20768%20576&#39;%2F%3E\" data-src=\"https:\/\/broz.sk\/wp-content\/uploads\/2025\/07\/Instalovanie-vtacich-budok-768x576.jpg\" data-srcset=\"https:\/\/broz.sk\/wp-content\/uploads\/2025\/07\/Instalovanie-vtacich-budok-768x576.jpg 768w, https:\/\/broz.sk\/wp-content\/uploads\/2025\/07\/Instalovanie-vtacich-budok-1306x979.jpg 1306w\" loading=\"eager\" style=\"--ratio: 768 \/ 576\" sizes=\"(max-width: 768px) 100vw, 768px\" alt=\"In\u0161talovanie vt\u00e1\u010d\u00edch b\u00fadok\" title=\"In\u0161talovanie vt\u00e1\u010d\u00edch b\u00fadok\" width=\"768\" height=\"576\"  \/><\/a>\n\t<\/div>\n<\/div>\n\n\n<div class=\"post-entry-content\">\n\n\t<h3 class=\"entry-title\">\n\t\t<a href=\"https:\/\/broz.sk\/en\/installing-nest-boxes\/\" title=\"Installing nest boxes\" rel=\"bookmark\">Installing nest boxes<\/a>\n\t<\/h3>\n\n\t<div class=\"entry-meta\"><a href=\"https:\/\/broz.sk\/en\/2023\/11\/07\/\" title=\"14:58\" class=\"data-link\" rel=\"bookmark\"><time class=\"entry-date updated\" datetime=\"2023-11-07T14:58:07+01:00\">7. November 2023<\/time><\/a><\/div>\n\t<div class=\"entry-excerpt\"><p>Installing nest boxes, artificial nests, and platforms is a well-established conservation practice supported by both science and experience. Across Europe and in Slovakia, such interventions have helped secure breeding sites for rare bird species that otherwise lack suitable natural options due to habitat loss or degradation.<\/p>\n<\/div>\n\t\n<a href=\"https:\/\/broz.sk\/en\/installing-nest-boxes\/\" class=\"post-details details-type-link\" aria-label=\"Read more about Installing nest boxes\">Read more<i class=\"dt-icon-the7-arrow-03\" aria-hidden=\"true\"><\/i><\/a>\n\n<\/div><\/article><article class=\"post project-odd hidden post-33657 type-post status-publish format-standard has-post-thumbnail hentry category-protection-of-habitats pmpro-has-access category-31 description-off\" data-name=\"Together with a local shepherdess, we take care of the protected area near Topo\u013e\u010dany\" data-date=\"2023-11-07T10:19:47+01:00\">\n\n<div class=\"post-thumbnail-wrap\">\n\t<div class=\"post-thumbnail\">\n\n\t\t\n\t\t\n\t\t<a href=\"https:\/\/broz.sk\/en\/together-with-a-local-shepherdess-we-take-care-of-the-protected-area-near-topolcany\/\" class=\"post-thumbnail-rollover layzr-bg layzr-bg\" ><img decoding=\"async\" class=\"blog-thumb-lazy-load preload-me lazy-load aspect\" src=\"data:image\/svg+xml,%3Csvg%20xmlns%3D&#39;http%3A%2F%2Fwww.w3.org%2F2000%2Fsvg&#39;%20viewBox%3D&#39;0%200%20768%20576&#39;%2F%3E\" data-src=\"https:\/\/broz.sk\/wp-content\/uploads\/2023\/11\/DSC01129-scaled-768x576.jpg\" data-srcset=\"https:\/\/broz.sk\/wp-content\/uploads\/2023\/11\/DSC01129-scaled-768x576.jpg 768w, https:\/\/broz.sk\/wp-content\/uploads\/2023\/11\/DSC01129-scaled-1306x979.jpg 1306w\" loading=\"eager\" style=\"--ratio: 768 \/ 576\" sizes=\"(max-width: 768px) 100vw, 768px\" alt=\"\" title=\"DSC01129\" width=\"768\" height=\"576\"  \/><\/a>\n\t<\/div>\n<\/div>\n\n\n<div class=\"post-entry-content\">\n\n\t<h3 class=\"entry-title\">\n\t\t<a href=\"https:\/\/broz.sk\/en\/together-with-a-local-shepherdess-we-take-care-of-the-protected-area-near-topolcany\/\" title=\"Together with a local shepherdess, we take care of the protected area near Topo\u013e\u010dany\" rel=\"bookmark\">Together with a local shepherdess, we take care of the protected area near Topo\u013e\u010dany<\/a>\n\t<\/h3>\n\n\t<div class=\"entry-meta\"><a href=\"https:\/\/broz.sk\/en\/2023\/11\/07\/\" title=\"10:19\" class=\"data-link\" rel=\"bookmark\"><time class=\"entry-date updated\" datetime=\"2023-11-07T10:19:47+01:00\">7. November 2023<\/time><\/a><\/div>\n\t<div class=\"entry-excerpt\"><p>One of the more than a hundred locations where we have restored grazing so far is the Doln\u00e9 lazy protected area. It is located at the southeastern foothills of Pova\u017esk\u00fd Inovec above the small village of Z\u00e1vada. It consists of famous orchid meadows with a lot of junipers, which gradually disappeared in the shade of&hellip;<\/p>\n<\/div>\n\t\n<a href=\"https:\/\/broz.sk\/en\/together-with-a-local-shepherdess-we-take-care-of-the-protected-area-near-topolcany\/\" class=\"post-details details-type-link\" aria-label=\"Read more about Together with a local shepherdess, we take care of the protected area near Topo\u013e\u010dany\">Read more<i class=\"dt-icon-the7-arrow-03\" aria-hidden=\"true\"><\/i><\/a>\n\n<\/div><\/article><article class=\"post project-odd hidden post-31620 type-post status-publish format-standard has-post-thumbnail hentry category-protection-of-habitats pmpro-has-access category-31 description-off\" data-name=\"Workshops for stakeholders in collaboration with the Nad\u00e1cia Telekom at the Pontis Foundation\" data-date=\"2023-11-03T19:48:18+01:00\">\n\n<div class=\"post-thumbnail-wrap\">\n\t<div class=\"post-thumbnail\">\n\n\t\t\n\t\t\n\t\t<a href=\"https:\/\/broz.sk\/en\/workshopy-pre-stakeholderov-v-spolupraci-s-nadaciou-telekom-pri-nadacii-pontis\/\" class=\"post-thumbnail-rollover layzr-bg layzr-bg\" ><img decoding=\"async\" class=\"blog-thumb-lazy-load preload-me lazy-load aspect\" src=\"data:image\/svg+xml,%3Csvg%20xmlns%3D&#39;http%3A%2F%2Fwww.w3.org%2F2000%2Fsvg&#39;%20viewBox%3D&#39;0%200%20768%20576&#39;%2F%3E\" data-src=\"https:\/\/broz.sk\/wp-content\/uploads\/2023\/11\/image_6487327-2-scaled-768x576.jpg\" data-srcset=\"https:\/\/broz.sk\/wp-content\/uploads\/2023\/11\/image_6487327-2-scaled-768x576.jpg 768w, https:\/\/broz.sk\/wp-content\/uploads\/2023\/11\/image_6487327-2-scaled-1306x979.jpg 1306w\" loading=\"eager\" style=\"--ratio: 768 \/ 576\" sizes=\"(max-width: 768px) 100vw, 768px\" alt=\"\" title=\"image_6487327 (2)\" width=\"768\" height=\"576\"  \/><\/a>\n\t<\/div>\n<\/div>\n\n\n<div class=\"post-entry-content\">\n\n\t<h3 class=\"entry-title\">\n\t\t<a href=\"https:\/\/broz.sk\/en\/workshopy-pre-stakeholderov-v-spolupraci-s-nadaciou-telekom-pri-nadacii-pontis\/\" title=\"Workshops for stakeholders in collaboration with the Nad\u00e1cia Telekom at the Pontis Foundation\" rel=\"bookmark\">Workshops for stakeholders in collaboration with the Nad\u00e1cia Telekom at the Pontis Foundation<\/a>\n\t<\/h3>\n\n\t<div class=\"entry-meta\"><a href=\"https:\/\/broz.sk\/en\/2023\/11\/03\/\" title=\"19:48\" class=\"data-link\" rel=\"bookmark\"><time class=\"entry-date updated\" datetime=\"2023-11-03T19:48:18+01:00\">3. November 2023<\/time><\/a><\/div>\n\t<div class=\"entry-excerpt\"><p>In the second workshop on cleaning the \u010cili\u017esk\u00fd stream and plans for the restoration of adjacent wetlands, we completed the removal of waste in the vicinity of the former landfill at Ve\u013ek\u00fd Meder. After opening the natural mouth of the \u010cili\u017esk\u00fd stream and restoring the flow to the stream, we prevent the movement of waste downstream<\/p>\n<\/div>\n\t\n<a href=\"https:\/\/broz.sk\/en\/workshopy-pre-stakeholderov-v-spolupraci-s-nadaciou-telekom-pri-nadacii-pontis\/\" class=\"post-details details-type-link\" aria-label=\"Read more about Workshops for stakeholders in collaboration with the Nad\u00e1cia Telekom at the Pontis Foundation\">Read more<i class=\"dt-icon-the7-arrow-03\" aria-hidden=\"true\"><\/i><\/a>\n\n<\/div><\/article><article class=\"post project-odd hidden post-34939 type-post status-publish format-standard has-post-thumbnail hentry category-protection-of-habitats pmpro-has-access category-31 description-off\" data-name=\"We adjusted the mowing of the dikes around the river V\u00e1h in a pollinator-friendly way.\" data-date=\"2023-10-30T14:53:11+01:00\">\n\n<div class=\"post-thumbnail-wrap\">\n\t<div class=\"post-thumbnail\">\n\n\t\t\n\t\t\n\t\t<a href=\"https:\/\/broz.sk\/en\/we-adjusted-the-mowing-of-the-dikes-around-the-river-vah-in-a-pollinator-friendly-way\/\" class=\"post-thumbnail-rollover layzr-bg layzr-bg\" ><img decoding=\"async\" class=\"blog-thumb-lazy-load preload-me lazy-load aspect\" src=\"data:image\/svg+xml,%3Csvg%20xmlns%3D&#39;http%3A%2F%2Fwww.w3.org%2F2000%2Fsvg&#39;%20viewBox%3D&#39;0%200%20768%20576&#39;%2F%3E\" data-src=\"https:\/\/broz.sk\/wp-content\/uploads\/2024\/02\/DSCN8039-scaled-768x576.jpg\" data-srcset=\"https:\/\/broz.sk\/wp-content\/uploads\/2024\/02\/DSCN8039-scaled-768x576.jpg 768w, https:\/\/broz.sk\/wp-content\/uploads\/2024\/02\/DSCN8039-scaled-1306x979.jpg 1306w\" loading=\"eager\" style=\"--ratio: 768 \/ 576\" sizes=\"(max-width: 768px) 100vw, 768px\" alt=\"\" title=\"DSCN8039\" width=\"768\" height=\"576\"  \/><\/a>\n\t<\/div>\n<\/div>\n\n\n<div class=\"post-entry-content\">\n\n\t<h3 class=\"entry-title\">\n\t\t<a href=\"https:\/\/broz.sk\/en\/we-adjusted-the-mowing-of-the-dikes-around-the-river-vah-in-a-pollinator-friendly-way\/\" title=\"We adjusted the mowing of the dikes around the river V\u00e1h in a pollinator-friendly way.\" rel=\"bookmark\">We adjusted the mowing of the dikes around the river V\u00e1h in a pollinator-friendly way.<\/a>\n\t<\/h3>\n\n\t<div class=\"entry-meta\"><a href=\"https:\/\/broz.sk\/en\/2023\/10\/30\/\" title=\"14:53\" class=\"data-link\" rel=\"bookmark\"><time class=\"entry-date updated\" datetime=\"2023-10-30T14:53:11+01:00\">30. October 2023<\/time><\/a><\/div>\n\t<div class=\"entry-excerpt\"><p>The dikes in the basins of our rivers are important bio-corridors. They often serve as eco-stabilising features and centres of biodiversity in the surrounding, agriculturally intensive landscape.<\/p>\n<\/div>\n\t\n<a href=\"https:\/\/broz.sk\/en\/we-adjusted-the-mowing-of-the-dikes-around-the-river-vah-in-a-pollinator-friendly-way\/\" class=\"post-details details-type-link\" aria-label=\"Read more about We adjusted the mowing of the dikes around the river V\u00e1h in a pollinator-friendly way.\">Read more<i class=\"dt-icon-the7-arrow-03\" aria-hidden=\"true\"><\/i><\/a>\n\n<\/div><\/article><article class=\"post project-odd hidden post-33655 type-post status-publish format-standard has-post-thumbnail hentry category-protection-of-habitats pmpro-has-access category-31 description-off\" data-name=\"Together with local farmers, we are successfully restoring grazing in Zliechov\" data-date=\"2023-10-30T13:08:24+01:00\">\n\n<div class=\"post-thumbnail-wrap\">\n\t<div class=\"post-thumbnail\">\n\n\t\t\n\t\t\n\t\t<a href=\"https:\/\/broz.sk\/en\/together-with-local-farmers-we-are-successfully-restoring-grazing-in-zliechov\/\" class=\"post-thumbnail-rollover layzr-bg layzr-bg\" ><img decoding=\"async\" class=\"blog-thumb-lazy-load preload-me lazy-load aspect\" src=\"data:image\/svg+xml,%3Csvg%20xmlns%3D&#39;http%3A%2F%2Fwww.w3.org%2F2000%2Fsvg&#39;%20viewBox%3D&#39;0%200%20768%20576&#39;%2F%3E\" data-src=\"https:\/\/broz.sk\/wp-content\/uploads\/2023\/10\/PodStrazovom2-768x576.jpg\" data-srcset=\"https:\/\/broz.sk\/wp-content\/uploads\/2023\/10\/PodStrazovom2-768x576.jpg 768w, https:\/\/broz.sk\/wp-content\/uploads\/2023\/10\/PodStrazovom2-1306x979.jpg 1306w\" loading=\"eager\" style=\"--ratio: 768 \/ 576\" sizes=\"(max-width: 768px) 100vw, 768px\" alt=\"\" title=\"PodStrazovom2\" width=\"768\" height=\"576\"  \/><\/a>\n\t<\/div>\n<\/div>\n\n\n<div class=\"post-entry-content\">\n\n\t<h3 class=\"entry-title\">\n\t\t<a href=\"https:\/\/broz.sk\/en\/together-with-local-farmers-we-are-successfully-restoring-grazing-in-zliechov\/\" title=\"Together with local farmers, we are successfully restoring grazing in Zliechov\" rel=\"bookmark\">Together with local farmers, we are successfully restoring grazing in Zliechov<\/a>\n\t<\/h3>\n\n\t<div class=\"entry-meta\"><a href=\"https:\/\/broz.sk\/en\/2023\/10\/30\/\" title=\"13:08\" class=\"data-link\" rel=\"bookmark\"><time class=\"entry-date updated\" datetime=\"2023-10-30T13:08:24+01:00\">30. October 2023<\/time><\/a><\/div>\n\t<div class=\"entry-excerpt\"><p>Our LIFE Endemic PANALP project is approaching its halfway point, and we are very happy that we are succeeding in fulfilling one of its main goals \u2013 the restoration of traditional grazing on rare drought-loving grassland habitats in the Small and White Carpathians and the Str\u00e1\u017eovsk\u00e9 vrchy. In the last-named mountain range we have returned&hellip;<\/p>\n<\/div>\n\t\n<a href=\"https:\/\/broz.sk\/en\/together-with-local-farmers-we-are-successfully-restoring-grazing-in-zliechov\/\" class=\"post-details details-type-link\" aria-label=\"Read more about Together with local farmers, we are successfully restoring grazing in Zliechov\">Read more<i class=\"dt-icon-the7-arrow-03\" aria-hidden=\"true\"><\/i><\/a>\n\n<\/div><\/article><article class=\"post project-odd hidden post-30514 type-post status-publish format-standard has-post-thumbnail hentry category-protection-of-habitats pmpro-has-access category-31 description-off\" data-name=\"We shared experiences with the management of valuable biotopes in Hortob\u00e1gy National Park\" data-date=\"2023-10-27T17:13:04+02:00\">\n\n<div class=\"post-thumbnail-wrap\">\n\t<div class=\"post-thumbnail\">\n\n\t\t\n\t\t\n\t\t<a href=\"https:\/\/broz.sk\/en\/we-shared-experiences-with-the-management-of-valuable-biotopes-in-hortobagy-national-park\/\" class=\"post-thumbnail-rollover layzr-bg layzr-bg\" ><img decoding=\"async\" class=\"blog-thumb-lazy-load preload-me lazy-load aspect\" src=\"data:image\/svg+xml,%3Csvg%20xmlns%3D&#39;http%3A%2F%2Fwww.w3.org%2F2000%2Fsvg&#39;%20viewBox%3D&#39;0%200%20768%20576&#39;%2F%3E\" data-src=\"https:\/\/broz.sk\/wp-content\/uploads\/2023\/10\/IMG_4279-scaled-768x576.jpg\" data-srcset=\"https:\/\/broz.sk\/wp-content\/uploads\/2023\/10\/IMG_4279-scaled-768x576.jpg 768w, https:\/\/broz.sk\/wp-content\/uploads\/2023\/10\/IMG_4279-scaled-1306x979.jpg 1306w\" loading=\"eager\" style=\"--ratio: 768 \/ 576\" sizes=\"(max-width: 768px) 100vw, 768px\" alt=\"\" title=\"IMG_4279\" width=\"768\" height=\"576\"  \/><\/a>\n\t<\/div>\n<\/div>\n\n\n<div class=\"post-entry-content\">\n\n\t<h3 class=\"entry-title\">\n\t\t<a href=\"https:\/\/broz.sk\/en\/we-shared-experiences-with-the-management-of-valuable-biotopes-in-hortobagy-national-park\/\" title=\"We shared experiences with the management of valuable biotopes in Hortob\u00e1gy National Park\" rel=\"bookmark\">We shared experiences with the management of valuable biotopes in Hortob\u00e1gy National Park<\/a>\n\t<\/h3>\n\n\t<div class=\"entry-meta\"><a href=\"https:\/\/broz.sk\/en\/2023\/10\/27\/\" title=\"17:13\" class=\"data-link\" rel=\"bookmark\"><time class=\"entry-date updated\" datetime=\"2023-10-27T17:13:04+02:00\">27. October 2023<\/time><\/a><\/div>\n\t<div class=\"entry-excerpt\"><p>The autumn days from October 11th to 13th were marked by an active exchange of experiences in the management of valuable biotopes, where grazing is well combined with nature conservation. Together with stakeholders from Life-Subpannonic and Life-South, we embarked on a field trip to Hortob\u00e1gy National Park.<\/p>\n<\/div>\n\t\n<a href=\"https:\/\/broz.sk\/en\/we-shared-experiences-with-the-management-of-valuable-biotopes-in-hortobagy-national-park\/\" class=\"post-details details-type-link\" aria-label=\"Read more about We shared experiences with the management of valuable biotopes in Hortob\u00e1gy National Park\">Read more<i class=\"dt-icon-the7-arrow-03\" aria-hidden=\"true\"><\/i><\/a>\n\n<\/div><\/article><article class=\"post project-odd hidden post-35027 type-post status-publish format-standard has-post-thumbnail hentry category-protection-of-habitats pmpro-has-access category-31 description-off\" data-name=\"Mossy Earth made a beautiful video about the ground squirrels&#8217; translocation.\" data-date=\"2023-10-24T14:07:34+02:00\">\n\n<div class=\"post-thumbnail-wrap\">\n\t<div class=\"post-thumbnail\">\n\n\t\t\n\t\t\n\t\t<a href=\"https:\/\/broz.sk\/en\/mossy-earth-made-a-beautiful-video-about-the-ground-squirrels-translocation\/\" class=\"post-thumbnail-rollover layzr-bg layzr-bg\" ><img decoding=\"async\" class=\"blog-thumb-lazy-load preload-me lazy-load aspect\" src=\"data:image\/svg+xml,%3Csvg%20xmlns%3D&#39;http%3A%2F%2Fwww.w3.org%2F2000%2Fsvg&#39;%20viewBox%3D&#39;0%200%20768%20576&#39;%2F%3E\" data-src=\"https:\/\/broz.sk\/wp-content\/uploads\/2023\/10\/as-768x576.jpg\" data-srcset=\"https:\/\/broz.sk\/wp-content\/uploads\/2023\/10\/as-768x576.jpg 768w, https:\/\/broz.sk\/wp-content\/uploads\/2023\/10\/as-960x720.jpg 960w\" loading=\"eager\" style=\"--ratio: 768 \/ 576\" sizes=\"(max-width: 768px) 100vw, 768px\" alt=\"\" title=\"as\" width=\"768\" height=\"576\"  \/><\/a>\n\t<\/div>\n<\/div>\n\n\n<div class=\"post-entry-content\">\n\n\t<h3 class=\"entry-title\">\n\t\t<a href=\"https:\/\/broz.sk\/en\/mossy-earth-made-a-beautiful-video-about-the-ground-squirrels-translocation\/\" title=\"Mossy Earth made a beautiful video about the ground squirrels&#8217; translocation.\" rel=\"bookmark\">Mossy Earth made a beautiful video about the ground squirrels&#8217; translocation.<\/a>\n\t<\/h3>\n\n\t<div class=\"entry-meta\"><a href=\"https:\/\/broz.sk\/en\/2023\/10\/24\/\" title=\"14:07\" class=\"data-link\" rel=\"bookmark\"><time class=\"entry-date updated\" datetime=\"2023-10-24T14:07:34+02:00\">24. October 2023<\/time><\/a><\/div>\n\t<div class=\"entry-excerpt\"><p>Mossy Earth, an organization that partially funds our rescue trapping of the European ground squirrel, made a beautiful video about this adrenaline-pumping activity. <\/p>\n<\/div>\n\t\n<a href=\"https:\/\/broz.sk\/en\/mossy-earth-made-a-beautiful-video-about-the-ground-squirrels-translocation\/\" class=\"post-details details-type-link\" aria-label=\"Read more about Mossy Earth made a beautiful video about the ground squirrels&#8217; translocation.\">Read more<i class=\"dt-icon-the7-arrow-03\" aria-hidden=\"true\"><\/i><\/a>\n\n<\/div><\/article><article class=\"post project-odd hidden post-34943 type-post status-publish format-standard has-post-thumbnail hentry category-protection-of-habitats pmpro-has-access category-31 description-off\" data-name=\"The boundaries between meadows and forests have never been as clear as they are today, to the detriment of butterflies\" data-date=\"2023-10-20T14:57:21+02:00\">\n\n<div class=\"post-thumbnail-wrap\">\n\t<div class=\"post-thumbnail\">\n\n\t\t\n\t\t\n\t\t<a href=\"https:\/\/broz.sk\/en\/the-boundaries-between-meadows-and-forests-have-never-been-as-clear-as-they-are-today-to-the-detriment-of-butterflies\/\" class=\"post-thumbnail-rollover layzr-bg layzr-bg\" ><img decoding=\"async\" class=\"blog-thumb-lazy-load preload-me lazy-load aspect\" src=\"data:image\/svg+xml,%3Csvg%20xmlns%3D&#39;http%3A%2F%2Fwww.w3.org%2F2000%2Fsvg&#39;%20viewBox%3D&#39;0%200%20768%20576&#39;%2F%3E\" data-src=\"https:\/\/broz.sk\/wp-content\/uploads\/2024\/02\/Homolka-1-768x576.jpg\" data-srcset=\"https:\/\/broz.sk\/wp-content\/uploads\/2024\/02\/Homolka-1-768x576.jpg 768w, https:\/\/broz.sk\/wp-content\/uploads\/2024\/02\/Homolka-1-1306x979.jpg 1306w\" loading=\"eager\" style=\"--ratio: 768 \/ 576\" sizes=\"(max-width: 768px) 100vw, 768px\" alt=\"\" title=\"Homolka (1)\" width=\"768\" height=\"576\"  \/><\/a>\n\t<\/div>\n<\/div>\n\n\n<div class=\"post-entry-content\">\n\n\t<h3 class=\"entry-title\">\n\t\t<a href=\"https:\/\/broz.sk\/en\/the-boundaries-between-meadows-and-forests-have-never-been-as-clear-as-they-are-today-to-the-detriment-of-butterflies\/\" title=\"The boundaries between meadows and forests have never been as clear as they are today, to the detriment of butterflies\" rel=\"bookmark\">The boundaries between meadows and forests have never been as clear as they are today, to the detriment of butterflies<\/a>\n\t<\/h3>\n\n\t<div class=\"entry-meta\"><a href=\"https:\/\/broz.sk\/en\/2023\/10\/20\/\" title=\"14:57\" class=\"data-link\" rel=\"bookmark\"><time class=\"entry-date updated\" datetime=\"2023-10-20T14:57:21+02:00\">20. October 2023<\/time><\/a><\/div>\n\t<div class=\"entry-excerpt\"><p>Many insect species are tied to a specific habitat at the forest-meadow interface. In the past, this boundary was nowhere as clear and straight as it is today. The transition from meadow to forest used to be loose, sometimes only a few trees, sometimes tens of metres wide and had a woodland character. <\/p>\n<\/div>\n\t\n<a href=\"https:\/\/broz.sk\/en\/the-boundaries-between-meadows-and-forests-have-never-been-as-clear-as-they-are-today-to-the-detriment-of-butterflies\/\" class=\"post-details details-type-link\" aria-label=\"Read more about The boundaries between meadows and forests have never been as clear as they are today, to the detriment of butterflies\">Read more<i class=\"dt-icon-the7-arrow-03\" aria-hidden=\"true\"><\/i><\/a>\n\n<\/div><\/article><article class=\"post project-odd hidden post-35031 type-post status-publish format-standard has-post-thumbnail hentry category-protection-of-habitats pmpro-has-access category-31 description-off\" data-name=\"Response to the false attacks on BROZ.\" data-date=\"2023-10-20T14:14:26+02:00\">\n\n<div class=\"post-thumbnail-wrap\">\n\t<div class=\"post-thumbnail\">\n\n\t\t\n\t\t\n\t\t<a href=\"https:\/\/broz.sk\/en\/response-to-the-false-attacks-on-broz\/\" class=\"post-thumbnail-rollover layzr-bg layzr-bg\" ><img decoding=\"async\" class=\"blog-thumb-lazy-load preload-me lazy-load aspect\" src=\"data:image\/svg+xml,%3Csvg%20xmlns%3D&#39;http%3A%2F%2Fwww.w3.org%2F2000%2Fsvg&#39;%20viewBox%3D&#39;0%200%20768%20576&#39;%2F%3E\" data-src=\"https:\/\/broz.sk\/wp-content\/uploads\/2023\/10\/261781474_10158386490015448_6620198079908515185_n-768x576.png\" data-srcset=\"https:\/\/broz.sk\/wp-content\/uploads\/2023\/10\/261781474_10158386490015448_6620198079908515185_n-768x576.png 768w, https:\/\/broz.sk\/wp-content\/uploads\/2023\/10\/261781474_10158386490015448_6620198079908515185_n-1306x979.png 1306w\" loading=\"eager\" style=\"--ratio: 768 \/ 576\" sizes=\"(max-width: 768px) 100vw, 768px\" alt=\"\" title=\"261781474_10158386490015448_6620198079908515185_n\" width=\"768\" height=\"576\"  \/><\/a>\n\t<\/div>\n<\/div>\n\n\n<div class=\"post-entry-content\">\n\n\t<h3 class=\"entry-title\">\n\t\t<a href=\"https:\/\/broz.sk\/en\/response-to-the-false-attacks-on-broz\/\" title=\"Response to the false attacks on BROZ.\" rel=\"bookmark\">Response to the false attacks on BROZ.<\/a>\n\t<\/h3>\n\n\t<div class=\"entry-meta\"><a href=\"https:\/\/broz.sk\/en\/2023\/10\/20\/\" title=\"14:14\" class=\"data-link\" rel=\"bookmark\"><time class=\"entry-date updated\" datetime=\"2023-10-20T14:14:26+02:00\">20. October 2023<\/time><\/a><\/div>\n\t<div class=\"entry-excerpt\"><p>We are writing this post in response to the attacks that we&#8217;ve been facing in recent days, directly or indirectly, on ourselves and our conservation projects, which we have been working on systematically for a long time.<\/p>\n<\/div>\n\t\n<a href=\"https:\/\/broz.sk\/en\/response-to-the-false-attacks-on-broz\/\" class=\"post-details details-type-link\" aria-label=\"Read more about Response to the false attacks on BROZ.\">Read more<i class=\"dt-icon-the7-arrow-03\" aria-hidden=\"true\"><\/i><\/a>\n\n<\/div><\/article><article class=\"post project-odd hidden post-30287 type-post status-publish format-standard has-post-thumbnail hentry category-0-en pmpro-has-access category-43 description-off\" data-name=\"Living rivers in the program of the European night of researchers\" data-date=\"2023-10-18T16:57:02+02:00\">\n\n<div class=\"post-thumbnail-wrap\">\n\t<div class=\"post-thumbnail\">\n\n\t\t\n\t\t\n\t\t<a href=\"https:\/\/broz.sk\/en\/living-rivers-in-the-program-of-the-european-night-of-researchers\/\" class=\"post-thumbnail-rollover layzr-bg layzr-bg\" ><img decoding=\"async\" class=\"blog-thumb-lazy-load preload-me lazy-load aspect\" src=\"data:image\/svg+xml,%3Csvg%20xmlns%3D&#39;http%3A%2F%2Fwww.w3.org%2F2000%2Fsvg&#39;%20viewBox%3D&#39;0%200%20768%20576&#39;%2F%3E\" data-src=\"https:\/\/broz.sk\/wp-content\/uploads\/2023\/10\/20230929_165411-scaled-768x576.jpg\" data-srcset=\"https:\/\/broz.sk\/wp-content\/uploads\/2023\/10\/20230929_165411-scaled-768x576.jpg 768w, https:\/\/broz.sk\/wp-content\/uploads\/2023\/10\/20230929_165411-scaled-1306x979.jpg 1306w\" loading=\"eager\" style=\"--ratio: 768 \/ 576\" sizes=\"(max-width: 768px) 100vw, 768px\" alt=\"Odborn\u00edci na Dunaj\n\" title=\"20230929_165411\" width=\"768\" height=\"576\"  \/><\/a>\n\t<\/div>\n<\/div>\n\n\n<div class=\"post-entry-content\">\n\n\t<h3 class=\"entry-title\">\n\t\t<a href=\"https:\/\/broz.sk\/en\/living-rivers-in-the-program-of-the-european-night-of-researchers\/\" title=\"Living rivers in the program of the European night of researchers\" rel=\"bookmark\">Living rivers in the program of the European night of researchers<\/a>\n\t<\/h3>\n\n\t<div class=\"entry-meta\"><a href=\"https:\/\/broz.sk\/en\/2023\/10\/18\/\" title=\"16:57\" class=\"data-link\" rel=\"bookmark\"><time class=\"entry-date updated\" datetime=\"2023-10-18T16:57:02+02:00\">18. October 2023<\/time><\/a><\/div>\n\t<div class=\"entry-excerpt\"><p>On Friday 9th of September 2023 we took part in the prestigious event European night of researchers. It is an action that promotes science and research and organizations and institutions that either collect data, analyze it or use it in their practice.<\/p>\n<\/div>\n\t\n<a href=\"https:\/\/broz.sk\/en\/living-rivers-in-the-program-of-the-european-night-of-researchers\/\" class=\"post-details details-type-link\" aria-label=\"Read more about Living rivers in the program of the European night of researchers\">Read more<i class=\"dt-icon-the7-arrow-03\" aria-hidden=\"true\"><\/i><\/a>\n\n<\/div><\/article><article class=\"post project-odd hidden post-30257 type-post status-publish format-standard has-post-thumbnail hentry category-0-en pmpro-has-access category-43 description-off\" data-name=\"Summer camps on Ve\u013ekol\u00e9lsky ostrov Island 2023\" data-date=\"2023-10-18T16:45:27+02:00\">\n\n<div class=\"post-thumbnail-wrap\">\n\t<div class=\"post-thumbnail\">\n\n\t\t\n\t\t\n\t\t<a href=\"https:\/\/broz.sk\/en\/summer-camps-on-velkolelsky-ostrov-island-2023\/\" class=\"post-thumbnail-rollover layzr-bg layzr-bg\" ><img decoding=\"async\" class=\"blog-thumb-lazy-load preload-me lazy-load aspect\" src=\"data:image\/svg+xml,%3Csvg%20xmlns%3D&#39;http%3A%2F%2Fwww.w3.org%2F2000%2Fsvg&#39;%20viewBox%3D&#39;0%200%20768%20576&#39;%2F%3E\" data-src=\"https:\/\/broz.sk\/wp-content\/uploads\/2023\/10\/IMG_20230803_111253-scaled-768x576.jpg\" data-srcset=\"https:\/\/broz.sk\/wp-content\/uploads\/2023\/10\/IMG_20230803_111253-scaled-768x576.jpg 768w, https:\/\/broz.sk\/wp-content\/uploads\/2023\/10\/IMG_20230803_111253-scaled-1306x979.jpg 1306w\" loading=\"eager\" style=\"--ratio: 768 \/ 576\" sizes=\"(max-width: 768px) 100vw, 768px\" alt=\"\" title=\"IMG_20230803_111253\" width=\"768\" height=\"576\"  \/><\/a>\n\t<\/div>\n<\/div>\n\n\n<div class=\"post-entry-content\">\n\n\t<h3 class=\"entry-title\">\n\t\t<a href=\"https:\/\/broz.sk\/en\/summer-camps-on-velkolelsky-ostrov-island-2023\/\" title=\"Summer camps on Ve\u013ekol\u00e9lsky ostrov Island 2023\" rel=\"bookmark\">Summer camps on Ve\u013ekol\u00e9lsky ostrov Island 2023<\/a>\n\t<\/h3>\n\n\t<div class=\"entry-meta\"><a href=\"https:\/\/broz.sk\/en\/2023\/10\/18\/\" title=\"16:45\" class=\"data-link\" rel=\"bookmark\"><time class=\"entry-date updated\" datetime=\"2023-10-18T16:45:27+02:00\">18. October 2023<\/time><\/a><\/div>\n\t<div class=\"entry-excerpt\"><p>Also this year, in the summer months of July and August, we again organized six rounds of children&#8217;s camps on Ve\u013ekol\u00e9lsky ostrov Island, with facilities at Ekofarm Ostrov. <\/p>\n<\/div>\n\t\n<a href=\"https:\/\/broz.sk\/en\/summer-camps-on-velkolelsky-ostrov-island-2023\/\" class=\"post-details details-type-link\" aria-label=\"Read more about Summer camps on Ve\u013ekol\u00e9lsky ostrov Island 2023\">Read more<i class=\"dt-icon-the7-arrow-03\" aria-hidden=\"true\"><\/i><\/a>\n\n<\/div><\/article><article class=\"post project-odd hidden post-30221 type-post status-publish format-standard has-post-thumbnail hentry category-protection-of-habitats pmpro-has-access category-31 description-off\" data-name=\"We hosted project partners from the Danubeparks network\" data-date=\"2023-10-18T15:56:15+02:00\">\n\n<div class=\"post-thumbnail-wrap\">\n\t<div class=\"post-thumbnail\">\n\n\t\t\n\t\t\n\t\t<a href=\"https:\/\/broz.sk\/en\/we-hosted-project-partners-from-the-danubeparks-network\/\" class=\"post-thumbnail-rollover layzr-bg layzr-bg\" ><img decoding=\"async\" class=\"blog-thumb-lazy-load preload-me lazy-load aspect\" src=\"data:image\/svg+xml,%3Csvg%20xmlns%3D&#39;http%3A%2F%2Fwww.w3.org%2F2000%2Fsvg&#39;%20viewBox%3D&#39;0%200%20768%20576&#39;%2F%3E\" data-src=\"https:\/\/broz.sk\/wp-content\/uploads\/2023\/10\/20231006_150230-scaled-768x576.jpg\" data-srcset=\"https:\/\/broz.sk\/wp-content\/uploads\/2023\/10\/20231006_150230-scaled-768x576.jpg 768w, https:\/\/broz.sk\/wp-content\/uploads\/2023\/10\/20231006_150230-scaled-1306x979.jpg 1306w\" loading=\"eager\" style=\"--ratio: 768 \/ 576\" sizes=\"(max-width: 768px) 100vw, 768px\" alt=\"\" title=\"20231006_150230\" width=\"768\" height=\"576\"  \/><\/a>\n\t<\/div>\n<\/div>\n\n\n<div class=\"post-entry-content\">\n\n\t<h3 class=\"entry-title\">\n\t\t<a href=\"https:\/\/broz.sk\/en\/we-hosted-project-partners-from-the-danubeparks-network\/\" title=\"We hosted project partners from the Danubeparks network\" rel=\"bookmark\">We hosted project partners from the Danubeparks network<\/a>\n\t<\/h3>\n\n\t<div class=\"entry-meta\"><a href=\"https:\/\/broz.sk\/en\/2023\/10\/18\/\" title=\"15:56\" class=\"data-link\" rel=\"bookmark\"><time class=\"entry-date updated\" datetime=\"2023-10-18T15:56:15+02:00\">18. October 2023<\/time><\/a><\/div>\n\t<div class=\"entry-excerpt\"><p>The international LIFE WILDisland project brings together 15 partners from eight countries from Bulgaria to Germany. One of the very worthwhile and valuable traditions of the project is the annual meeting in the home country of one of the partners. This year we at BROZ had the honor to prepare an unforgettable experience for all of us in cooperation with our colleagues from Fert\u00f6 Hans\u00e1g National Park.<\/p>\n<\/div>\n\t\n<a href=\"https:\/\/broz.sk\/en\/we-hosted-project-partners-from-the-danubeparks-network\/\" class=\"post-details details-type-link\" aria-label=\"Read more about We hosted project partners from the Danubeparks network\">Read more<i class=\"dt-icon-the7-arrow-03\" aria-hidden=\"true\"><\/i><\/a>\n\n<\/div><\/article><article class=\"post project-odd hidden post-31898 type-post status-publish format-standard has-post-thumbnail hentry category-protection-of-habitats pmpro-has-access category-31 description-off\" data-name=\"We saved the wetland\" data-date=\"2023-10-16T12:39:00+02:00\">\n\n<div class=\"post-thumbnail-wrap\">\n\t<div class=\"post-thumbnail\">\n\n\t\t\n\t\t\n\t\t<a href=\"https:\/\/broz.sk\/en\/we-saved-the-wetland\/\" class=\"post-thumbnail-rollover layzr-bg layzr-bg\" ><img decoding=\"async\" class=\"blog-thumb-lazy-load preload-me lazy-load aspect\" src=\"data:image\/svg+xml,%3Csvg%20xmlns%3D&#39;http%3A%2F%2Fwww.w3.org%2F2000%2Fsvg&#39;%20viewBox%3D&#39;0%200%20768%20576&#39;%2F%3E\" data-src=\"https:\/\/broz.sk\/wp-content\/uploads\/2023\/10\/mkrd-leto-768x576.jpg\" data-srcset=\"https:\/\/broz.sk\/wp-content\/uploads\/2023\/10\/mkrd-leto-768x576.jpg 768w, https:\/\/broz.sk\/wp-content\/uploads\/2023\/10\/mkrd-leto-1306x979.jpg 1306w\" loading=\"eager\" style=\"--ratio: 768 \/ 576\" sizes=\"(max-width: 768px) 100vw, 768px\" alt=\"\" title=\"mkrd leto\" width=\"768\" height=\"576\"  \/><\/a>\n\t<\/div>\n<\/div>\n\n\n<div class=\"post-entry-content\">\n\n\t<h3 class=\"entry-title\">\n\t\t<a href=\"https:\/\/broz.sk\/en\/we-saved-the-wetland\/\" title=\"We saved the wetland\" rel=\"bookmark\">We saved the wetland<\/a>\n\t<\/h3>\n\n\t<div class=\"entry-meta\"><a href=\"https:\/\/broz.sk\/en\/2023\/10\/16\/\" title=\"12:39\" class=\"data-link\" rel=\"bookmark\"><time class=\"entry-date updated\" datetime=\"2023-10-16T12:39:00+02:00\">16. October 2023<\/time><\/a><\/div>\n\t<div class=\"entry-excerpt\"><p>Thanks to 1076 supporters, we managed to collect the targeted amount. We are very happy that in approximately 10 months we managed to collect up to 100,000 euros and even a little more for the purpose of nature protection &#8211; saving the wetland in highly productive agricultural land. <\/p>\n<\/div>\n\t\n<a href=\"https:\/\/broz.sk\/en\/we-saved-the-wetland\/\" class=\"post-details details-type-link\" aria-label=\"Read more about We saved the wetland\">Read more<i class=\"dt-icon-the7-arrow-03\" aria-hidden=\"true\"><\/i><\/a>\n\n<\/div><\/article><article class=\"post project-odd hidden post-30176 type-post status-publish format-standard has-post-thumbnail hentry category-protection-of-habitats pmpro-has-access category-31 description-off\" data-name=\"We have drawn inspiration for the development of sustainable tourism!\" data-date=\"2023-10-11T16:33:20+02:00\">\n\n<div class=\"post-thumbnail-wrap\">\n\t<div class=\"post-thumbnail\">\n\n\t\t\n\t\t\n\t\t<a href=\"https:\/\/broz.sk\/en\/we-have-drawn-inspiration-for-the-development-of-sustainable-tourism\/\" class=\"post-thumbnail-rollover layzr-bg layzr-bg\" ><img decoding=\"async\" class=\"blog-thumb-lazy-load preload-me lazy-load aspect\" src=\"data:image\/svg+xml,%3Csvg%20xmlns%3D&#39;http%3A%2F%2Fwww.w3.org%2F2000%2Fsvg&#39;%20viewBox%3D&#39;0%200%20768%20576&#39;%2F%3E\" data-src=\"https:\/\/broz.sk\/wp-content\/uploads\/2023\/10\/DSC_0777-1-scaled-768x576.jpg\" data-srcset=\"https:\/\/broz.sk\/wp-content\/uploads\/2023\/10\/DSC_0777-1-scaled-768x576.jpg 768w, https:\/\/broz.sk\/wp-content\/uploads\/2023\/10\/DSC_0777-1-scaled-1306x979.jpg 1306w\" loading=\"eager\" style=\"--ratio: 768 \/ 576\" sizes=\"(max-width: 768px) 100vw, 768px\" alt=\"\" title=\"DSC_0777 (1)\" width=\"768\" height=\"576\"  \/><\/a>\n\t<\/div>\n<\/div>\n\n\n<div class=\"post-entry-content\">\n\n\t<h3 class=\"entry-title\">\n\t\t<a href=\"https:\/\/broz.sk\/en\/we-have-drawn-inspiration-for-the-development-of-sustainable-tourism\/\" title=\"We have drawn inspiration for the development of sustainable tourism!\" rel=\"bookmark\">We have drawn inspiration for the development of sustainable tourism!<\/a>\n\t<\/h3>\n\n\t<div class=\"entry-meta\"><a href=\"https:\/\/broz.sk\/en\/2023\/10\/11\/\" title=\"16:33\" class=\"data-link\" rel=\"bookmark\"><time class=\"entry-date updated\" datetime=\"2023-10-11T16:33:20+02:00\">11. October 2023<\/time><\/a><\/div>\n\t<div class=\"entry-excerpt\"><p>Each of the locations included in the Subpannonic project can boast of natural beauty that has the potential to attract many tourists. However, these are often areas that are not very well-known among tourists. How to kickstart tourism in such regions?<\/p>\n<\/div>\n\t\n<a href=\"https:\/\/broz.sk\/en\/we-have-drawn-inspiration-for-the-development-of-sustainable-tourism\/\" class=\"post-details details-type-link\" aria-label=\"Read more about We have drawn inspiration for the development of sustainable tourism!\">Read more<i class=\"dt-icon-the7-arrow-03\" aria-hidden=\"true\"><\/i><\/a>\n\n<\/div><\/article><article class=\"post project-odd hidden post-33653 type-post status-publish format-standard has-post-thumbnail hentry category-protection-of-habitats pmpro-has-access category-31 description-off\" data-name=\"We are restoring pastures and flowering hillsides on the prehistoric Molp\u00edr hillfort\" data-date=\"2023-10-10T12:54:07+02:00\">\n\n<div class=\"post-thumbnail-wrap\">\n\t<div class=\"post-thumbnail\">\n\n\t\t\n\t\t\n\t\t<a href=\"https:\/\/broz.sk\/en\/we-are-restoring-pastures-and-flowering-hillsides-on-the-prehistoric-molpir-hillfort\/\" class=\"post-thumbnail-rollover layzr-bg layzr-bg\" ><img decoding=\"async\" class=\"blog-thumb-lazy-load preload-me lazy-load aspect\" src=\"data:image\/svg+xml,%3Csvg%20xmlns%3D&#39;http%3A%2F%2Fwww.w3.org%2F2000%2Fsvg&#39;%20viewBox%3D&#39;0%200%20768%20576&#39;%2F%3E\" data-src=\"https:\/\/broz.sk\/wp-content\/uploads\/2023\/10\/IMG_20230928_153923-scaled-768x576.jpg\" data-srcset=\"https:\/\/broz.sk\/wp-content\/uploads\/2023\/10\/IMG_20230928_153923-scaled-768x576.jpg 768w, https:\/\/broz.sk\/wp-content\/uploads\/2023\/10\/IMG_20230928_153923-scaled-1306x979.jpg 1306w\" loading=\"eager\" style=\"--ratio: 768 \/ 576\" sizes=\"(max-width: 768px) 100vw, 768px\" alt=\"\" title=\"IMG_20230928_153923\" width=\"768\" height=\"576\"  \/><\/a>\n\t<\/div>\n<\/div>\n\n\n<div class=\"post-entry-content\">\n\n\t<h3 class=\"entry-title\">\n\t\t<a href=\"https:\/\/broz.sk\/en\/we-are-restoring-pastures-and-flowering-hillsides-on-the-prehistoric-molpir-hillfort\/\" title=\"We are restoring pastures and flowering hillsides on the prehistoric Molp\u00edr hillfort\" rel=\"bookmark\">We are restoring pastures and flowering hillsides on the prehistoric Molp\u00edr hillfort<\/a>\n\t<\/h3>\n\n\t<div class=\"entry-meta\"><a href=\"https:\/\/broz.sk\/en\/2023\/10\/10\/\" title=\"12:54\" class=\"data-link\" rel=\"bookmark\"><time class=\"entry-date updated\" datetime=\"2023-10-10T12:54:07+02:00\">10. October 2023<\/time><\/a><\/div>\n\t<div class=\"entry-excerpt\"><p>The last Thursday of September was spent by the team from our LIFE Panalp project in Smolenice, where Toyota employees and we prepared the ground for the restoration of grazing on the Molp\u00edr hillfort. Together, we managed to peel the bark off the stakes along the entire route of the fence, install insulators on them&hellip;<\/p>\n<\/div>\n\t\n<a href=\"https:\/\/broz.sk\/en\/we-are-restoring-pastures-and-flowering-hillsides-on-the-prehistoric-molpir-hillfort\/\" class=\"post-details details-type-link\" aria-label=\"Read more about We are restoring pastures and flowering hillsides on the prehistoric Molp\u00edr hillfort\">Read more<i class=\"dt-icon-the7-arrow-03\" aria-hidden=\"true\"><\/i><\/a>\n\n<\/div><\/article><article class=\"post project-odd hidden post-30044 type-post status-publish format-standard has-post-thumbnail hentry category-protection-of-habitats pmpro-has-access category-31 description-off\" data-name=\"Restoration of pasture habitats in S\u00fa\u013eov\" data-date=\"2023-10-10T10:48:59+02:00\">\n\n<div class=\"post-thumbnail-wrap\">\n\t<div class=\"post-thumbnail\">\n\n\t\t\n\t\t\n\t\t<a href=\"https:\/\/broz.sk\/en\/restoration-of-pasture-habitats-in-sulov\/\" class=\"post-thumbnail-rollover layzr-bg layzr-bg\" ><img decoding=\"async\" class=\"blog-thumb-lazy-load preload-me lazy-load aspect\" src=\"data:image\/svg+xml,%3Csvg%20xmlns%3D&#39;http%3A%2F%2Fwww.w3.org%2F2000%2Fsvg&#39;%20viewBox%3D&#39;0%200%20768%20576&#39;%2F%3E\" data-src=\"https:\/\/broz.sk\/wp-content\/uploads\/2023\/10\/Sulov-ovecky-4-768x576.jpg\" data-srcset=\"https:\/\/broz.sk\/wp-content\/uploads\/2023\/10\/Sulov-ovecky-4-768x576.jpg 768w, https:\/\/broz.sk\/wp-content\/uploads\/2023\/10\/Sulov-ovecky-4-1306x979.jpg 1306w\" loading=\"eager\" style=\"--ratio: 768 \/ 576\" sizes=\"(max-width: 768px) 100vw, 768px\" alt=\"Ovce pas\u00face sa na S\u00fa\u013eove\" title=\"S\u00fa\u013eov ove\u010dky (4)\" width=\"768\" height=\"576\"  \/><\/a>\n\t<\/div>\n<\/div>\n\n\n<div class=\"post-entry-content\">\n\n\t<h3 class=\"entry-title\">\n\t\t<a href=\"https:\/\/broz.sk\/en\/restoration-of-pasture-habitats-in-sulov\/\" title=\"Restoration of pasture habitats in S\u00fa\u013eov\" rel=\"bookmark\">Restoration of pasture habitats in S\u00fa\u013eov<\/a>\n\t<\/h3>\n\n\t<div class=\"entry-meta\"><a href=\"https:\/\/broz.sk\/en\/2023\/10\/10\/\" title=\"10:48\" class=\"data-link\" rel=\"bookmark\"><time class=\"entry-date updated\" datetime=\"2023-10-10T10:48:59+02:00\">10. October 2023<\/time><\/a><\/div>\n\t<div class=\"entry-excerpt\"><p>The S\u00fa\u013eov hills are famous not only because of picturesque sceneries of rock gates and towers, but also because of a wealth of rare flora and fauna. Among other things, they were known among botanists in the past as a famous botanical site.<\/p>\n<\/div>\n\t\n<a href=\"https:\/\/broz.sk\/en\/restoration-of-pasture-habitats-in-sulov\/\" class=\"post-details details-type-link\" aria-label=\"Read more about Restoration of pasture habitats in S\u00fa\u013eov\">Read more<i class=\"dt-icon-the7-arrow-03\" aria-hidden=\"true\"><\/i><\/a>\n\n<\/div><\/article><article class=\"post project-odd hidden post-29935 type-post status-publish format-standard has-post-thumbnail hentry category-protection-of-habitats pmpro-has-access category-31 description-off\" data-name=\"Expert field trip along the Spittelauer arm of the Danube\" data-date=\"2023-09-26T15:39:46+02:00\">\n\n<div class=\"post-thumbnail-wrap\">\n\t<div class=\"post-thumbnail\">\n\n\t\t\n\t\t\n\t\t<a href=\"https:\/\/broz.sk\/en\/expert-field-trip-along-the-spittelauer-arm-of-the-danube\/\" class=\"post-thumbnail-rollover layzr-bg layzr-bg\" ><img decoding=\"async\" class=\"blog-thumb-lazy-load preload-me lazy-load aspect\" src=\"data:image\/svg+xml,%3Csvg%20xmlns%3D&#39;http%3A%2F%2Fwww.w3.org%2F2000%2Fsvg&#39;%20viewBox%3D&#39;0%200%20768%20576&#39;%2F%3E\" data-src=\"https:\/\/broz.sk\/wp-content\/uploads\/2023\/09\/20230919_125159-scaled-768x576.jpg\" data-srcset=\"https:\/\/broz.sk\/wp-content\/uploads\/2023\/09\/20230919_125159-scaled-768x576.jpg 768w, https:\/\/broz.sk\/wp-content\/uploads\/2023\/09\/20230919_125159-scaled-1306x979.jpg 1306w\" loading=\"eager\" style=\"--ratio: 768 \/ 576\" sizes=\"(max-width: 768px) 100vw, 768px\" alt=\"\" title=\"20230919_125159\" width=\"768\" height=\"576\"  \/><\/a>\n\t<\/div>\n<\/div>\n\n\n<div class=\"post-entry-content\">\n\n\t<h3 class=\"entry-title\">\n\t\t<a href=\"https:\/\/broz.sk\/en\/expert-field-trip-along-the-spittelauer-arm-of-the-danube\/\" title=\"Expert field trip along the Spittelauer arm of the Danube\" rel=\"bookmark\">Expert field trip along the Spittelauer arm of the Danube<\/a>\n\t<\/h3>\n\n\t<div class=\"entry-meta\"><a href=\"https:\/\/broz.sk\/en\/2023\/09\/26\/\" title=\"15:39\" class=\"data-link\" rel=\"bookmark\"><time class=\"entry-date updated\" datetime=\"2023-09-26T15:39:46+02:00\">26. September 2023<\/time><\/a><\/div>\n\t<div class=\"entry-excerpt\"><p>[vc_row][vc_column][vc_column_text]The best examples of successful revitalization measures, discussions with experts, advice on what to avoid and what works well and in the long term, new professional contacts with representatives of various institutions, the opportunity to discuss current challenges. All this on the spot, with your own eyes, ears and skin. These are all reasons why&hellip;<\/p>\n<\/div>\n\t\n<a href=\"https:\/\/broz.sk\/en\/expert-field-trip-along-the-spittelauer-arm-of-the-danube\/\" class=\"post-details details-type-link\" aria-label=\"Read more about Expert field trip along the Spittelauer arm of the Danube\">Read more<i class=\"dt-icon-the7-arrow-03\" aria-hidden=\"true\"><\/i><\/a>\n\n<\/div><\/article><article class=\"post project-odd hidden post-29645 type-post status-publish format-standard has-post-thumbnail hentry category-protection-of-habitats pmpro-has-access category-31 description-off\" data-name=\"Great video about our wetland restoration in Istragov is released\" data-date=\"2023-08-31T15:13:43+02:00\">\n\n<div class=\"post-thumbnail-wrap\">\n\t<div class=\"post-thumbnail\">\n\n\t\t\n\t\t\n\t\t<a href=\"https:\/\/broz.sk\/en\/great-video-about-our-wetland-restoration-in-istragov-is-released\/\" class=\"post-thumbnail-rollover layzr-bg layzr-bg\" ><img decoding=\"async\" class=\"blog-thumb-lazy-load preload-me lazy-load aspect\" src=\"data:image\/svg+xml,%3Csvg%20xmlns%3D&#39;http%3A%2F%2Fwww.w3.org%2F2000%2Fsvg&#39;%20viewBox%3D&#39;0%200%20768%20576&#39;%2F%3E\" data-src=\"https:\/\/broz.sk\/wp-content\/uploads\/2023\/08\/372910017_293670266577138_5671944437982076887_n-768x576.jpg\" data-srcset=\"https:\/\/broz.sk\/wp-content\/uploads\/2023\/08\/372910017_293670266577138_5671944437982076887_n-768x576.jpg 768w, https:\/\/broz.sk\/wp-content\/uploads\/2023\/08\/372910017_293670266577138_5671944437982076887_n-960x720.jpg 960w\" loading=\"eager\" style=\"--ratio: 768 \/ 576\" sizes=\"(max-width: 768px) 100vw, 768px\" alt=\"\" title=\"372910017_293670266577138_5671944437982076887_n\" width=\"768\" height=\"576\"  \/><\/a>\n\t<\/div>\n<\/div>\n\n\n<div class=\"post-entry-content\">\n\n\t<h3 class=\"entry-title\">\n\t\t<a href=\"https:\/\/broz.sk\/en\/great-video-about-our-wetland-restoration-in-istragov-is-released\/\" title=\"Great video about our wetland restoration in Istragov is released\" rel=\"bookmark\">Great video about our wetland restoration in Istragov is released<\/a>\n\t<\/h3>\n\n\t<div class=\"entry-meta\"><a href=\"https:\/\/broz.sk\/en\/2023\/08\/31\/\" title=\"15:13\" class=\"data-link\" rel=\"bookmark\"><time class=\"entry-date updated\" datetime=\"2023-08-31T15:13:43+02:00\">31. August 2023<\/time><\/a><\/div>\n\t<div class=\"entry-excerpt\"><p>Mossy Earth made a great video about our common project- wetland restoration in Istragov. About the wetland and its life and biodiversity and how it is evolving within the first year after first flooding.<br \/>\nIf you wanna check their professional video-production, check this great and well explaining video <\/p>\n<\/div>\n\t\n<a href=\"https:\/\/broz.sk\/en\/great-video-about-our-wetland-restoration-in-istragov-is-released\/\" class=\"post-details details-type-link\" aria-label=\"Read more about Great video about our wetland restoration in Istragov is released\">Read more<i class=\"dt-icon-the7-arrow-03\" aria-hidden=\"true\"><\/i><\/a>\n\n<\/div><\/article><article class=\"post project-odd hidden post-34947 type-post status-publish format-standard has-post-thumbnail hentry category-protection-of-habitats pmpro-has-access category-31 description-off\" data-name=\"Butterfly management must be done with extreme caution\" data-date=\"2023-08-17T15:01:55+02:00\">\n\n<div class=\"post-thumbnail-wrap\">\n\t<div class=\"post-thumbnail\">\n\n\t\t\n\t\t\n\t\t<a href=\"https:\/\/broz.sk\/en\/butterfly-management-must-be-done-with-extreme-caution\/\" class=\"post-thumbnail-rollover layzr-bg layzr-bg\" ><img decoding=\"async\" class=\"blog-thumb-lazy-load preload-me lazy-load aspect\" src=\"data:image\/svg+xml,%3Csvg%20xmlns%3D&#39;http%3A%2F%2Fwww.w3.org%2F2000%2Fsvg&#39;%20viewBox%3D&#39;0%200%20768%20576&#39;%2F%3E\" data-src=\"https:\/\/broz.sk\/wp-content\/uploads\/2024\/02\/DSCN0308-768x576.jpg\" data-srcset=\"https:\/\/broz.sk\/wp-content\/uploads\/2024\/02\/DSCN0308-768x576.jpg 768w, https:\/\/broz.sk\/wp-content\/uploads\/2024\/02\/DSCN0308-1306x979.jpg 1306w\" loading=\"eager\" style=\"--ratio: 768 \/ 576\" sizes=\"(max-width: 768px) 100vw, 768px\" alt=\"\" title=\"DSCN0308\" width=\"768\" height=\"576\"  \/><\/a>\n\t<\/div>\n<\/div>\n\n\n<div class=\"post-entry-content\">\n\n\t<h3 class=\"entry-title\">\n\t\t<a href=\"https:\/\/broz.sk\/en\/butterfly-management-must-be-done-with-extreme-caution\/\" title=\"Butterfly management must be done with extreme caution\" rel=\"bookmark\">Butterfly management must be done with extreme caution<\/a>\n\t<\/h3>\n\n\t<div class=\"entry-meta\"><a href=\"https:\/\/broz.sk\/en\/2023\/08\/17\/\" title=\"15:01\" class=\"data-link\" rel=\"bookmark\"><time class=\"entry-date updated\" datetime=\"2023-08-17T15:01:55+02:00\">17. August 2023<\/time><\/a><\/div>\n\t<div class=\"entry-excerpt\"><p>At this site in the area of European importance Holubyho kopanice, the management is made more difficult by the occurrence of the large copper (Lycaena dispar) and the Jersey tiger (Callimorpha quadripunctaria), each of which has different requirements, host plants and we want to accommodate them all. We really have to proceed slowly, working by hand, at different times and in small areas.<\/p>\n<\/div>\n\t\n<a href=\"https:\/\/broz.sk\/en\/butterfly-management-must-be-done-with-extreme-caution\/\" class=\"post-details details-type-link\" aria-label=\"Read more about Butterfly management must be done with extreme caution\">Read more<i class=\"dt-icon-the7-arrow-03\" aria-hidden=\"true\"><\/i><\/a>\n\n<\/div><\/article><article class=\"post project-odd hidden post-29628 type-post status-publish format-standard has-post-thumbnail hentry category-protection-of-habitats pmpro-has-access category-31 description-off\" data-name=\"The return of grazing to Ap\u00e1ly Island\" data-date=\"2023-08-17T14:42:06+02:00\">\n\n<div class=\"post-thumbnail-wrap\">\n\t<div class=\"post-thumbnail\">\n\n\t\t\n\t\t\n\t\t<a href=\"https:\/\/broz.sk\/en\/the-return-of-grazing-to-apaly-island\/\" class=\"post-thumbnail-rollover layzr-bg layzr-bg\" ><img decoding=\"async\" class=\"blog-thumb-lazy-load preload-me lazy-load aspect\" src=\"data:image\/svg+xml,%3Csvg%20xmlns%3D&#39;http%3A%2F%2Fwww.w3.org%2F2000%2Fsvg&#39;%20viewBox%3D&#39;0%200%20768%20576&#39;%2F%3E\" data-src=\"https:\/\/broz.sk\/wp-content\/uploads\/2023\/08\/IMG_20230815_121427-scaled-768x576.jpg\" data-srcset=\"https:\/\/broz.sk\/wp-content\/uploads\/2023\/08\/IMG_20230815_121427-scaled-768x576.jpg 768w, https:\/\/broz.sk\/wp-content\/uploads\/2023\/08\/IMG_20230815_121427-scaled-1306x979.jpg 1306w\" loading=\"eager\" style=\"--ratio: 768 \/ 576\" sizes=\"(max-width: 768px) 100vw, 768px\" alt=\"\" title=\"IMG_20230815_121427\" width=\"768\" height=\"576\"  \/><\/a>\n\t<\/div>\n<\/div>\n\n\n<div class=\"post-entry-content\">\n\n\t<h3 class=\"entry-title\">\n\t\t<a href=\"https:\/\/broz.sk\/en\/the-return-of-grazing-to-apaly-island\/\" title=\"The return of grazing to Ap\u00e1ly Island\" rel=\"bookmark\">The return of grazing to Ap\u00e1ly Island<\/a>\n\t<\/h3>\n\n\t<div class=\"entry-meta\"><a href=\"https:\/\/broz.sk\/en\/2023\/08\/17\/\" title=\"14:42\" class=\"data-link\" rel=\"bookmark\"><time class=\"entry-date updated\" datetime=\"2023-08-17T14:42:06+02:00\">17. August 2023<\/time><\/a><\/div>\n\t<div class=\"entry-excerpt\"><p>After several years of efforts, negotiations with farmers, administrating permits, building fences and placing a well with watering holes, on August 15 we managed to bring cows to Ap\u00e1l Island, located at the confluence of V\u00e1h and Old Nitra rivers.<\/p>\n<\/div>\n\t\n<a href=\"https:\/\/broz.sk\/en\/the-return-of-grazing-to-apaly-island\/\" class=\"post-details details-type-link\" aria-label=\"Read more about The return of grazing to Ap\u00e1ly Island\">Read more<i class=\"dt-icon-the7-arrow-03\" aria-hidden=\"true\"><\/i><\/a>\n\n<\/div><\/article><article class=\"post project-odd hidden post-34951 type-post status-publish format-standard has-post-thumbnail hentry category-protection-of-habitats pmpro-has-access category-31 description-off\" data-name=\"We use species-rich hay to encourage the growth of grass and blooming of cleared sites\" data-date=\"2023-08-14T15:09:12+02:00\">\n\n<div class=\"post-thumbnail-wrap\">\n\t<div class=\"post-thumbnail\">\n\n\t\t\n\t\t\n\t\t<a href=\"https:\/\/broz.sk\/en\/we-use-species-rich-hay-to-encourage-the-growth-of-grass-and-blooming-of-cleared-site\/\" class=\"post-thumbnail-rollover layzr-bg layzr-bg\" ><img decoding=\"async\" class=\"blog-thumb-lazy-load preload-me lazy-load aspect\" src=\"data:image\/svg+xml,%3Csvg%20xmlns%3D&#39;http%3A%2F%2Fwww.w3.org%2F2000%2Fsvg&#39;%20viewBox%3D&#39;0%200%20768%20576&#39;%2F%3E\" data-src=\"https:\/\/broz.sk\/wp-content\/uploads\/2024\/02\/DSCN2190-768x576.jpg\" data-srcset=\"https:\/\/broz.sk\/wp-content\/uploads\/2024\/02\/DSCN2190-768x576.jpg 768w, https:\/\/broz.sk\/wp-content\/uploads\/2024\/02\/DSCN2190-1306x979.jpg 1306w\" loading=\"eager\" style=\"--ratio: 768 \/ 576\" sizes=\"(max-width: 768px) 100vw, 768px\" alt=\"\" title=\"DSCN2190\" width=\"768\" height=\"576\"  \/><\/a>\n\t<\/div>\n<\/div>\n\n\n<div class=\"post-entry-content\">\n\n\t<h3 class=\"entry-title\">\n\t\t<a href=\"https:\/\/broz.sk\/en\/we-use-species-rich-hay-to-encourage-the-growth-of-grass-and-blooming-of-cleared-site\/\" title=\"We use species-rich hay to encourage the growth of grass and blooming of cleared sites\" rel=\"bookmark\">We use species-rich hay to encourage the growth of grass and blooming of cleared sites<\/a>\n\t<\/h3>\n\n\t<div class=\"entry-meta\"><a href=\"https:\/\/broz.sk\/en\/2023\/08\/14\/\" title=\"15:09\" class=\"data-link\" rel=\"bookmark\"><time class=\"entry-date updated\" datetime=\"2023-08-14T15:09:12+02:00\">14. August 2023<\/time><\/a><\/div>\n\t<div class=\"entry-excerpt\"><p>In the area of European importance Beckovsk\u00e9 skalice there are also colourful meadows, which were restored by the State Nature Conservancy in our joint project LIFE Butterflies CR-SR, which ended in 2016. They have been mowed annually since then by the administration of the White Carpathians Protected Landscape Area. <\/p>\n<\/div>\n\t\n<a href=\"https:\/\/broz.sk\/en\/we-use-species-rich-hay-to-encourage-the-growth-of-grass-and-blooming-of-cleared-site\/\" class=\"post-details details-type-link\" aria-label=\"Read more about We use species-rich hay to encourage the growth of grass and blooming of cleared sites\">Read more<i class=\"dt-icon-the7-arrow-03\" aria-hidden=\"true\"><\/i><\/a>\n\n<\/div><\/article><article class=\"post project-odd hidden post-39265 type-post status-publish format-standard has-post-thumbnail hentry category-0-en pmpro-has-access category-43 description-off\" data-name=\"Our summer volunteer camp has come to an end!\" data-date=\"2023-08-09T14:36:33+02:00\">\n\n<div class=\"post-thumbnail-wrap\">\n\t<div class=\"post-thumbnail\">\n\n\t\t\n\t\t\n\t\t<a href=\"https:\/\/broz.sk\/en\/our-summer-volunteer-camp-has-come-to-an-end\/\" class=\"post-thumbnail-rollover layzr-bg layzr-bg\" ><img decoding=\"async\" class=\"blog-thumb-lazy-load preload-me lazy-load aspect\" src=\"data:image\/svg+xml,%3Csvg%20xmlns%3D&#39;http%3A%2F%2Fwww.w3.org%2F2000%2Fsvg&#39;%20viewBox%3D&#39;0%200%20768%20576&#39;%2F%3E\" data-src=\"https:\/\/broz.sk\/wp-content\/uploads\/2025\/07\/Letny-dobrovolnicky-tabor-ktory-organizovala--768x576.jpg\" data-srcset=\"https:\/\/broz.sk\/wp-content\/uploads\/2025\/07\/Letny-dobrovolnicky-tabor-ktory-organizovala--768x576.jpg 768w, https:\/\/broz.sk\/wp-content\/uploads\/2025\/07\/Letny-dobrovolnicky-tabor-ktory-organizovala--1306x979.jpg 1306w\" loading=\"eager\" style=\"--ratio: 768 \/ 576\" sizes=\"(max-width: 768px) 100vw, 768px\" alt=\"Letn\u00fd dobrovo\u013en\u00edcky t\u00e1bor, ktor\u00fd organizovala\" title=\"Letn\u00fd dobrovo\u013en\u00edcky t\u00e1bor, ktor\u00fd organizovala\" width=\"768\" height=\"576\"  \/><\/a>\n\t<\/div>\n<\/div>\n\n\n<div class=\"post-entry-content\">\n\n\t<h3 class=\"entry-title\">\n\t\t<a href=\"https:\/\/broz.sk\/en\/our-summer-volunteer-camp-has-come-to-an-end\/\" title=\"Our summer volunteer camp has come to an end!\" rel=\"bookmark\">Our summer volunteer camp has come to an end!<\/a>\n\t<\/h3>\n\n\t<div class=\"entry-meta\"><a href=\"https:\/\/broz.sk\/en\/2023\/08\/09\/\" title=\"14:36\" class=\"data-link\" rel=\"bookmark\"><time class=\"entry-date updated\" datetime=\"2023-08-09T14:36:33+02:00\">9. August 2023<\/time><\/a><\/div>\n\t<div class=\"entry-excerpt\"><p>Despite the intense summer heat, 39 dedicated volunteers\u2014members and supporters\u2014joined us once again to lend a hand. A heartfelt thank you to everyone who contributed under such challenging conditions.<\/p>\n<\/div>\n\t\n<a href=\"https:\/\/broz.sk\/en\/our-summer-volunteer-camp-has-come-to-an-end\/\" class=\"post-details details-type-link\" aria-label=\"Read more about Our summer volunteer camp has come to an end!\">Read more<i class=\"dt-icon-the7-arrow-03\" aria-hidden=\"true\"><\/i><\/a>\n\n<\/div><\/article><article class=\"post project-odd hidden post-29632 type-post status-publish format-standard has-post-thumbnail hentry category-protection-of-habitats pmpro-has-access category-31 description-off\" data-name=\"We are finishing the rescue trapping of ground squirrels\" data-date=\"2023-08-08T14:56:56+02:00\">\n\n<div class=\"post-thumbnail-wrap\">\n\t<div class=\"post-thumbnail\">\n\n\t\t\n\t\t\n\t\t<a href=\"https:\/\/broz.sk\/en\/we-are-finishing-the-rescue-trapping-of-ground-squirrels\/\" class=\"post-thumbnail-rollover layzr-bg layzr-bg\" ><img decoding=\"async\" class=\"blog-thumb-lazy-load preload-me lazy-load aspect\" src=\"data:image\/svg+xml,%3Csvg%20xmlns%3D&#39;http%3A%2F%2Fwww.w3.org%2F2000%2Fsvg&#39;%20viewBox%3D&#39;0%200%20768%20576&#39;%2F%3E\" data-src=\"https:\/\/broz.sk\/wp-content\/uploads\/2023\/08\/sysl-ig-scaled-768x576.jpg\" data-srcset=\"https:\/\/broz.sk\/wp-content\/uploads\/2023\/08\/sysl-ig-scaled-768x576.jpg 768w, https:\/\/broz.sk\/wp-content\/uploads\/2023\/08\/sysl-ig-scaled-1306x979.jpg 1306w\" loading=\"eager\" style=\"--ratio: 768 \/ 576\" sizes=\"(max-width: 768px) 100vw, 768px\" alt=\"syse\u013e pasienkov\u00fd\" title=\"sysl-ig\" width=\"768\" height=\"576\"  \/><\/a>\n\t<\/div>\n<\/div>\n\n\n<div class=\"post-entry-content\">\n\n\t<h3 class=\"entry-title\">\n\t\t<a href=\"https:\/\/broz.sk\/en\/we-are-finishing-the-rescue-trapping-of-ground-squirrels\/\" title=\"We are finishing the rescue trapping of ground squirrels\" rel=\"bookmark\">We are finishing the rescue trapping of ground squirrels<\/a>\n\t<\/h3>\n\n\t<div class=\"entry-meta\"><a href=\"https:\/\/broz.sk\/en\/2023\/08\/08\/\" title=\"14:56\" class=\"data-link\" rel=\"bookmark\"><time class=\"entry-date updated\" datetime=\"2023-08-08T14:56:56+02:00\">8. August 2023<\/time><\/a><\/div>\n\t<div class=\"entry-excerpt\"><p>Rescue trapping of ground squirrels near the Bratislava airport will soon be completed. You are looking at one of the last squirrels from this capture. We recently wrote about our colleagues from our ground squirrel conservation project who have been trapping ground squirrels there to save them because there is going to be construction on this site. <\/p>\n<\/div>\n\t\n<a href=\"https:\/\/broz.sk\/en\/we-are-finishing-the-rescue-trapping-of-ground-squirrels\/\" class=\"post-details details-type-link\" aria-label=\"Read more about We are finishing the rescue trapping of ground squirrels\">Read more<i class=\"dt-icon-the7-arrow-03\" aria-hidden=\"true\"><\/i><\/a>\n\n<\/div><\/article><article class=\"post project-odd hidden post-29649 type-post status-publish format-standard has-post-thumbnail hentry category-protection-of-habitats pmpro-has-access category-31 description-off\" data-name=\"We are preparing the complex restoration of Vojcianske side arm\" data-date=\"2023-08-04T15:58:21+02:00\">\n\n<div class=\"post-thumbnail-wrap\">\n\t<div class=\"post-thumbnail\">\n\n\t\t\n\t\t\n\t\t<a href=\"https:\/\/broz.sk\/en\/we-are-preparing-the-complex-restoration-of-vojcianske-side-arm\/\" class=\"post-thumbnail-rollover layzr-bg layzr-bg\" ><img decoding=\"async\" class=\"blog-thumb-lazy-load preload-me lazy-load aspect\" src=\"data:image\/svg+xml,%3Csvg%20xmlns%3D&#39;http%3A%2F%2Fwww.w3.org%2F2000%2Fsvg&#39;%20viewBox%3D&#39;0%200%20768%20576&#39;%2F%3E\" data-src=\"https:\/\/broz.sk\/wp-content\/uploads\/2023\/08\/rp-\u2013-kopia-768x576.jpg\" data-srcset=\"https:\/\/broz.sk\/wp-content\/uploads\/2023\/08\/rp-\u2013-kopia-768x576.jpg 768w, https:\/\/broz.sk\/wp-content\/uploads\/2023\/08\/rp-\u2013-kopia-1124x843.jpg 1124w\" loading=\"eager\" style=\"--ratio: 768 \/ 576\" sizes=\"(max-width: 768px) 100vw, 768px\" alt=\"\" title=\"rp \u2013 k\u00f3pia\" width=\"768\" height=\"576\"  \/><\/a>\n\t<\/div>\n<\/div>\n\n\n<div class=\"post-entry-content\">\n\n\t<h3 class=\"entry-title\">\n\t\t<a href=\"https:\/\/broz.sk\/en\/we-are-preparing-the-complex-restoration-of-vojcianske-side-arm\/\" title=\"We are preparing the complex restoration of Vojcianske side arm\" rel=\"bookmark\">We are preparing the complex restoration of Vojcianske side arm<\/a>\n\t<\/h3>\n\n\t<div class=\"entry-meta\"><a href=\"https:\/\/broz.sk\/en\/2023\/08\/04\/\" title=\"15:58\" class=\"data-link\" rel=\"bookmark\"><time class=\"entry-date updated\" datetime=\"2023-08-04T15:58:21+02:00\">4. August 2023<\/time><\/a><\/div>\n\t<div class=\"entry-excerpt\"><p>We are changing pipe culverts to frame culverts. We are following with this activity on Vojcianske side arm<\/p>\n<\/div>\n\t\n<a href=\"https:\/\/broz.sk\/en\/we-are-preparing-the-complex-restoration-of-vojcianske-side-arm\/\" class=\"post-details details-type-link\" aria-label=\"Read more about We are preparing the complex restoration of Vojcianske side arm\">Read more<i class=\"dt-icon-the7-arrow-03\" aria-hidden=\"true\"><\/i><\/a>\n\n<\/div><\/article><article class=\"post project-odd hidden post-29653 type-post status-publish format-standard has-post-thumbnail hentry category-protection-of-habitats pmpro-has-access category-31 description-off\" data-name=\"Fish monitoring is currently ongoing on the Ve\u013ekolelsk\u00e9 side arm\" data-date=\"2023-07-31T16:09:40+02:00\">\n\n<div class=\"post-thumbnail-wrap\">\n\t<div class=\"post-thumbnail\">\n\n\t\t\n\t\t\n\t\t<a href=\"https:\/\/broz.sk\/en\/fish-monitoring-is-currently-ongoing-on-the-velkolelske-side-arm\/\" class=\"post-thumbnail-rollover layzr-bg layzr-bg\" ><img decoding=\"async\" class=\"blog-thumb-lazy-load preload-me lazy-load aspect\" src=\"data:image\/svg+xml,%3Csvg%20xmlns%3D&#39;http%3A%2F%2Fwww.w3.org%2F2000%2Fsvg&#39;%20viewBox%3D&#39;0%200%20768%20576&#39;%2F%3E\" data-src=\"https:\/\/broz.sk\/wp-content\/uploads\/2023\/08\/351638314_1684277948686934_7868851657265124358_n-768x576.jpg\" data-srcset=\"https:\/\/broz.sk\/wp-content\/uploads\/2023\/08\/351638314_1684277948686934_7868851657265124358_n-768x576.jpg 768w, https:\/\/broz.sk\/wp-content\/uploads\/2023\/08\/351638314_1684277948686934_7868851657265124358_n-1306x979.jpg 1306w\" loading=\"eager\" style=\"--ratio: 768 \/ 576\" sizes=\"(max-width: 768px) 100vw, 768px\" alt=\"\" title=\"351638314_1684277948686934_7868851657265124358_n\" width=\"768\" height=\"576\"  \/><\/a>\n\t<\/div>\n<\/div>\n\n\n<div class=\"post-entry-content\">\n\n\t<h3 class=\"entry-title\">\n\t\t<a href=\"https:\/\/broz.sk\/en\/fish-monitoring-is-currently-ongoing-on-the-velkolelske-side-arm\/\" title=\"Fish monitoring is currently ongoing on the Ve\u013ekolelsk\u00e9 side arm\" rel=\"bookmark\">Fish monitoring is currently ongoing on the Ve\u013ekolelsk\u00e9 side arm<\/a>\n\t<\/h3>\n\n\t<div class=\"entry-meta\"><a href=\"https:\/\/broz.sk\/en\/2023\/07\/31\/\" title=\"16:09\" class=\"data-link\" rel=\"bookmark\"><time class=\"entry-date updated\" datetime=\"2023-07-31T16:09:40+02:00\">31. July 2023<\/time><\/a><\/div>\n\t<div class=\"entry-excerpt\"><p>[vc_row][vc_column][vc_column_text] After we restored the arm in 2013 and dug another inflow channel last year, it is necessary to check the species composition of the fish. And that is happening right now &#8211; experts, ichthyologists from the Faculty of Natural Sciences of the Comenius University are conducting such monitoring these days. They catch, identify, measure&hellip;<\/p>\n<\/div>\n\t\n<a href=\"https:\/\/broz.sk\/en\/fish-monitoring-is-currently-ongoing-on-the-velkolelske-side-arm\/\" class=\"post-details details-type-link\" aria-label=\"Read more about Fish monitoring is currently ongoing on the Ve\u013ekolelsk\u00e9 side arm\">Read more<i class=\"dt-icon-the7-arrow-03\" aria-hidden=\"true\"><\/i><\/a>\n\n<\/div><\/article><article class=\"post project-odd hidden post-34955 type-post status-publish format-standard has-post-thumbnail hentry category-protection-of-habitats pmpro-has-access category-31 description-off\" data-name=\"The site Beckovsk\u00e9 skalice was visited by the rare Macaronius owlfly  (Libelloides macaronius)\" data-date=\"2023-07-20T15:12:38+02:00\">\n\n<div class=\"post-thumbnail-wrap\">\n\t<div class=\"post-thumbnail\">\n\n\t\t\n\t\t\n\t\t<a href=\"https:\/\/broz.sk\/en\/the-site-beckovske-skalice-was-visited-by-the-rare-libelloides-macaronius\/\" class=\"post-thumbnail-rollover layzr-bg layzr-bg\" ><img decoding=\"async\" class=\"blog-thumb-lazy-load preload-me lazy-load aspect\" src=\"data:image\/svg+xml,%3Csvg%20xmlns%3D&#39;http%3A%2F%2Fwww.w3.org%2F2000%2Fsvg&#39;%20viewBox%3D&#39;0%200%20768%20576&#39;%2F%3E\" data-src=\"https:\/\/broz.sk\/wp-content\/uploads\/2024\/02\/DSCN0497-768x576.jpg\" data-srcset=\"https:\/\/broz.sk\/wp-content\/uploads\/2024\/02\/DSCN0497-768x576.jpg 768w, https:\/\/broz.sk\/wp-content\/uploads\/2024\/02\/DSCN0497-1306x979.jpg 1306w\" loading=\"eager\" style=\"--ratio: 768 \/ 576\" sizes=\"(max-width: 768px) 100vw, 768px\" alt=\"\" title=\"DSCN0497\" width=\"768\" height=\"576\"  \/><\/a>\n\t<\/div>\n<\/div>\n\n\n<div class=\"post-entry-content\">\n\n\t<h3 class=\"entry-title\">\n\t\t<a href=\"https:\/\/broz.sk\/en\/the-site-beckovske-skalice-was-visited-by-the-rare-libelloides-macaronius\/\" title=\"The site Beckovsk\u00e9 skalice was visited by the rare Macaronius owlfly  (Libelloides macaronius)\" rel=\"bookmark\">The site Beckovsk\u00e9 skalice was visited by the rare Macaronius owlfly  (Libelloides macaronius)<\/a>\n\t<\/h3>\n\n\t<div class=\"entry-meta\"><a href=\"https:\/\/broz.sk\/en\/2023\/07\/20\/\" title=\"15:12\" class=\"data-link\" rel=\"bookmark\"><time class=\"entry-date updated\" datetime=\"2023-07-20T15:12:38+02:00\">20. July 2023<\/time><\/a><\/div>\n\t<div class=\"entry-excerpt\"><p>This confirms that some species are already discovering that we&#8217;ve cleaned this site up. Do you still remember what &#8220;hilltopping&#8221; is? This summer we were delighted to see this animal, the Macaronius owlfly (Libelloides macaronius), which seeks out unvegetated elevated areas within the range of its occurrence for mating flights.<\/p>\n<\/div>\n\t\n<a href=\"https:\/\/broz.sk\/en\/the-site-beckovske-skalice-was-visited-by-the-rare-libelloides-macaronius\/\" class=\"post-details details-type-link\" aria-label=\"Read more about The site Beckovsk\u00e9 skalice was visited by the rare Macaronius owlfly  (Libelloides macaronius)\">Read more<i class=\"dt-icon-the7-arrow-03\" aria-hidden=\"true\"><\/i><\/a>\n\n<\/div><\/article><article class=\"post project-odd hidden post-29657 type-post status-publish format-standard has-post-thumbnail hentry category-protection-of-species pmpro-has-access category-30 description-off\" data-name=\"Near the airport, we are dealing with the largest ground squirrel rescue capture\" data-date=\"2023-07-14T16:26:55+02:00\">\n\n<div class=\"post-thumbnail-wrap\">\n\t<div class=\"post-thumbnail\">\n\n\t\t\n\t\t\n\t\t<a href=\"https:\/\/broz.sk\/en\/near-the-airport-we-are-dealing-with-the-largest-ground-squirrel-rescue-capture\/\" class=\"post-thumbnail-rollover layzr-bg layzr-bg\" ><img decoding=\"async\" class=\"blog-thumb-lazy-load preload-me lazy-load aspect\" src=\"data:image\/svg+xml,%3Csvg%20xmlns%3D&#39;http%3A%2F%2Fwww.w3.org%2F2000%2Fsvg&#39;%20viewBox%3D&#39;0%200%20768%20576&#39;%2F%3E\" data-src=\"https:\/\/broz.sk\/wp-content\/uploads\/2023\/08\/IMG_4298-scaled-768x576.jpg\" data-srcset=\"https:\/\/broz.sk\/wp-content\/uploads\/2023\/08\/IMG_4298-scaled-768x576.jpg 768w, https:\/\/broz.sk\/wp-content\/uploads\/2023\/08\/IMG_4298-scaled-1306x979.jpg 1306w\" loading=\"eager\" style=\"--ratio: 768 \/ 576\" sizes=\"(max-width: 768px) 100vw, 768px\" alt=\"\" title=\"IMG_4298\" width=\"768\" height=\"576\"  \/><\/a>\n\t<\/div>\n<\/div>\n\n\n<div class=\"post-entry-content\">\n\n\t<h3 class=\"entry-title\">\n\t\t<a href=\"https:\/\/broz.sk\/en\/near-the-airport-we-are-dealing-with-the-largest-ground-squirrel-rescue-capture\/\" title=\"Near the airport, we are dealing with the largest ground squirrel rescue capture\" rel=\"bookmark\">Near the airport, we are dealing with the largest ground squirrel rescue capture<\/a>\n\t<\/h3>\n\n\t<div class=\"entry-meta\"><a href=\"https:\/\/broz.sk\/en\/2023\/07\/14\/\" title=\"16:26\" class=\"data-link\" rel=\"bookmark\"><time class=\"entry-date updated\" datetime=\"2023-07-14T16:26:55+02:00\">14. July 2023<\/time><\/a><\/div>\n\t<div class=\"entry-excerpt\"><p>It is not any news that the largest population of ground squirrels in Slovakia lives at the Bratislava airport. Well, these squirrels naturally also run into the open countryside from there, and the mowed grass meadows between the technical buildings provide them good living space.<\/p>\n<\/div>\n\t\n<a href=\"https:\/\/broz.sk\/en\/near-the-airport-we-are-dealing-with-the-largest-ground-squirrel-rescue-capture\/\" class=\"post-details details-type-link\" aria-label=\"Read more about Near the airport, we are dealing with the largest ground squirrel rescue capture\">Read more<i class=\"dt-icon-the7-arrow-03\" aria-hidden=\"true\"><\/i><\/a>\n\n<\/div><\/article><article class=\"post project-odd hidden post-34959 type-post status-publish format-standard has-post-thumbnail hentry category-protection-of-habitats pmpro-has-access category-31 description-off\" data-name=\"Wetlands and their significance for butterflies\" data-date=\"2023-07-11T15:16:24+02:00\">\n\n<div class=\"post-thumbnail-wrap\">\n\t<div class=\"post-thumbnail\">\n\n\t\t\n\t\t\n\t\t<a href=\"https:\/\/broz.sk\/en\/wetlands-and-their-significance-for-butterflies\/\" class=\"post-thumbnail-rollover layzr-bg layzr-bg\" ><img decoding=\"async\" class=\"blog-thumb-lazy-load preload-me lazy-load aspect\" src=\"data:image\/svg+xml,%3Csvg%20xmlns%3D&#39;http%3A%2F%2Fwww.w3.org%2F2000%2Fsvg&#39;%20viewBox%3D&#39;0%200%20768%20576&#39;%2F%3E\" data-src=\"https:\/\/broz.sk\/wp-content\/uploads\/2024\/02\/P1030521-768x576.jpg\" data-srcset=\"https:\/\/broz.sk\/wp-content\/uploads\/2024\/02\/P1030521-768x576.jpg 768w, https:\/\/broz.sk\/wp-content\/uploads\/2024\/02\/P1030521-1306x979.jpg 1306w\" loading=\"eager\" style=\"--ratio: 768 \/ 576\" sizes=\"(max-width: 768px) 100vw, 768px\" alt=\"\" title=\"P1030521\" width=\"768\" height=\"576\"  \/><\/a>\n\t<\/div>\n<\/div>\n\n\n<div class=\"post-entry-content\">\n\n\t<h3 class=\"entry-title\">\n\t\t<a href=\"https:\/\/broz.sk\/en\/wetlands-and-their-significance-for-butterflies\/\" title=\"Wetlands and their significance for butterflies\" rel=\"bookmark\">Wetlands and their significance for butterflies<\/a>\n\t<\/h3>\n\n\t<div class=\"entry-meta\"><a href=\"https:\/\/broz.sk\/en\/2023\/07\/11\/\" title=\"15:16\" class=\"data-link\" rel=\"bookmark\"><time class=\"entry-date updated\" datetime=\"2023-07-11T15:16:24+02:00\">11. July 2023<\/time><\/a><\/div>\n\t<div class=\"entry-excerpt\"><p>Small-scale wetlands in agricultural landscapes are not only important for amphibians, birds and mammals, but are also home to many species of butterflies and insects. Orchids and other rare plants often grow here. In Holuby&#8217;s Kopanice, a site of European importance, we also find burnets (Sanguisorba) which are host plants to the rare Blues butterflies.<\/p>\n<\/div>\n\t\n<a href=\"https:\/\/broz.sk\/en\/wetlands-and-their-significance-for-butterflies\/\" class=\"post-details details-type-link\" aria-label=\"Read more about Wetlands and their significance for butterflies\">Read more<i class=\"dt-icon-the7-arrow-03\" aria-hidden=\"true\"><\/i><\/a>\n\n<\/div><\/article><article class=\"post project-odd hidden post-29816 type-post status-publish format-standard has-post-thumbnail hentry category-protection-of-habitats pmpro-has-access category-31 description-off\" data-name=\"Networking at Hortob\u00e1gy\" data-date=\"2023-07-11T11:29:56+02:00\">\n\n<div class=\"post-thumbnail-wrap\">\n\t<div class=\"post-thumbnail\">\n\n\t\t\n\t\t\n\t\t<a href=\"https:\/\/broz.sk\/en\/networking-at-hortobagy\/\" class=\"post-thumbnail-rollover layzr-bg layzr-bg\" ><img decoding=\"async\" class=\"blog-thumb-lazy-load preload-me lazy-load aspect\" src=\"data:image\/svg+xml,%3Csvg%20xmlns%3D&#39;http%3A%2F%2Fwww.w3.org%2F2000%2Fsvg&#39;%20viewBox%3D&#39;0%200%20768%20576&#39;%2F%3E\" data-src=\"https:\/\/broz.sk\/wp-content\/uploads\/2023\/07\/DSC_0361-scaled-768x576.jpg\" data-srcset=\"https:\/\/broz.sk\/wp-content\/uploads\/2023\/07\/DSC_0361-scaled-768x576.jpg 768w, https:\/\/broz.sk\/wp-content\/uploads\/2023\/07\/DSC_0361-scaled-1306x979.jpg 1306w\" loading=\"eager\" style=\"--ratio: 768 \/ 576\" sizes=\"(max-width: 768px) 100vw, 768px\" alt=\"\" title=\"DSC_0361\" width=\"768\" height=\"576\"  \/><\/a>\n\t<\/div>\n<\/div>\n\n\n<div class=\"post-entry-content\">\n\n\t<h3 class=\"entry-title\">\n\t\t<a href=\"https:\/\/broz.sk\/en\/networking-at-hortobagy\/\" title=\"Networking at Hortob\u00e1gy\" rel=\"bookmark\">Networking at Hortob\u00e1gy<\/a>\n\t<\/h3>\n\n\t<div class=\"entry-meta\"><a href=\"https:\/\/broz.sk\/en\/2023\/07\/11\/\" title=\"11:29\" class=\"data-link\" rel=\"bookmark\"><time class=\"entry-date updated\" datetime=\"2023-07-11T11:29:56+02:00\">11. July 2023<\/time><\/a><\/div>\n\t<div class=\"entry-excerpt\"><p>We exchanged knowledge with experienced colleagues from the administration of the Hortob\u00e1gy National Park and NGO: Hortob\u00e1gyi K\u00f6rnyezetv\u00e9delmi Egyes\u00fclet-Hortob\u00e1gy Environmental Association.<\/p>\n<\/div>\n\t\n<a href=\"https:\/\/broz.sk\/en\/networking-at-hortobagy\/\" class=\"post-details details-type-link\" aria-label=\"Read more about Networking at Hortob\u00e1gy\">Read more<i class=\"dt-icon-the7-arrow-03\" aria-hidden=\"true\"><\/i><\/a>\n\n<\/div><\/article><article class=\"post project-odd hidden post-29189 type-post status-publish format-standard has-post-thumbnail hentry category-0-en pmpro-has-access category-43 description-off\" data-name=\"Danube Day for Schools\" data-date=\"2023-07-07T14:03:43+02:00\">\n\n<div class=\"post-thumbnail-wrap\">\n\t<div class=\"post-thumbnail\">\n\n\t\t\n\t\t\n\t\t<a href=\"https:\/\/broz.sk\/en\/danube-day-for-schools\/\" class=\"post-thumbnail-rollover layzr-bg layzr-bg\" ><img decoding=\"async\" class=\"blog-thumb-lazy-load preload-me lazy-load aspect\" src=\"data:image\/svg+xml,%3Csvg%20xmlns%3D&#39;http%3A%2F%2Fwww.w3.org%2F2000%2Fsvg&#39;%20viewBox%3D&#39;0%200%20768%20576&#39;%2F%3E\" data-src=\"https:\/\/broz.sk\/wp-content\/uploads\/2023\/07\/IMG_20230628_100826-scaled-768x576.jpg\" data-srcset=\"https:\/\/broz.sk\/wp-content\/uploads\/2023\/07\/IMG_20230628_100826-scaled-768x576.jpg 768w, https:\/\/broz.sk\/wp-content\/uploads\/2023\/07\/IMG_20230628_100826-scaled-1306x979.jpg 1306w\" loading=\"eager\" style=\"--ratio: 768 \/ 576\" sizes=\"(max-width: 768px) 100vw, 768px\" alt=\"\" title=\"IMG_20230628_100826\" width=\"768\" height=\"576\"  \/><\/a>\n\t<\/div>\n<\/div>\n\n\n<div class=\"post-entry-content\">\n\n\t<h3 class=\"entry-title\">\n\t\t<a href=\"https:\/\/broz.sk\/en\/danube-day-for-schools\/\" title=\"Danube Day for Schools\" rel=\"bookmark\">Danube Day for Schools<\/a>\n\t<\/h3>\n\n\t<div class=\"entry-meta\"><a href=\"https:\/\/broz.sk\/en\/2023\/07\/07\/\" title=\"14:03\" class=\"data-link\" rel=\"bookmark\"><time class=\"entry-date updated\" datetime=\"2023-07-07T14:03:43+02:00\">7. July 2023<\/time><\/a><\/div>\n\t<div class=\"entry-excerpt\"><p>On the occasion of the International Danube Day, a rich accompanying program was prepared for schools. At the BROZ stand, children had the most fun filling in thematic worksheets, where they learned a lot of interesting things about floodplain forests and Danube fish, putting together huge puzzle of a large Danube sturgeon fish or a photo booth with a large catfish.<\/p>\n<\/div>\n\t\n<a href=\"https:\/\/broz.sk\/en\/danube-day-for-schools\/\" class=\"post-details details-type-link\" aria-label=\"Read more about Danube Day for Schools\">Read more<i class=\"dt-icon-the7-arrow-03\" aria-hidden=\"true\"><\/i><\/a>\n\n<\/div><\/article><article class=\"post project-odd hidden post-29158 type-post status-publish format-standard has-post-thumbnail hentry category-0-en tag-danube-art-master pmpro-has-access category-43 description-off\" data-name=\"Danube Art Master 2023\" data-date=\"2023-07-07T13:38:26+02:00\">\n\n<div class=\"post-thumbnail-wrap\">\n\t<div class=\"post-thumbnail\">\n\n\t\t\n\t\t\n\t\t<a href=\"https:\/\/broz.sk\/en\/danube-art-master-2023\/\" class=\"post-thumbnail-rollover layzr-bg layzr-bg\" ><img decoding=\"async\" class=\"blog-thumb-lazy-load preload-me lazy-load aspect\" src=\"data:image\/svg+xml,%3Csvg%20xmlns%3D&#39;http%3A%2F%2Fwww.w3.org%2F2000%2Fsvg&#39;%20viewBox%3D&#39;0%200%20768%20576&#39;%2F%3E\" data-src=\"https:\/\/broz.sk\/wp-content\/uploads\/2023\/07\/IMG_20230628_104747-scaled-768x576.jpg\" data-srcset=\"https:\/\/broz.sk\/wp-content\/uploads\/2023\/07\/IMG_20230628_104747-scaled-768x576.jpg 768w, https:\/\/broz.sk\/wp-content\/uploads\/2023\/07\/IMG_20230628_104747-scaled-1306x979.jpg 1306w\" loading=\"eager\" style=\"--ratio: 768 \/ 576\" sizes=\"(max-width: 768px) 100vw, 768px\" alt=\"\" title=\"IMG_20230628_104747\" width=\"768\" height=\"576\"  \/><\/a>\n\t<\/div>\n<\/div>\n\n\n<div class=\"post-entry-content\">\n\n\t<h3 class=\"entry-title\">\n\t\t<a href=\"https:\/\/broz.sk\/en\/danube-art-master-2023\/\" title=\"Danube Art Master 2023\" rel=\"bookmark\">Danube Art Master 2023<\/a>\n\t<\/h3>\n\n\t<div class=\"entry-meta\"><a href=\"https:\/\/broz.sk\/en\/2023\/07\/07\/\" title=\"13:38\" class=\"data-link\" rel=\"bookmark\"><time class=\"entry-date updated\" datetime=\"2023-07-07T13:38:26+02:00\">7. July 2023<\/time><\/a><\/div>\n\t<div class=\"entry-excerpt\"><p>BROZ is the coordinator of the Danube Art Master competition in Slovakia, a competition that since 2004 has brought together thousands of children from the countries through which the Danube River flows. The aim is to encourage children to recognize the value and importance of rivers.<\/p>\n<\/div>\n\t\n<a href=\"https:\/\/broz.sk\/en\/danube-art-master-2023\/\" class=\"post-details details-type-link\" aria-label=\"Read more about Danube Art Master 2023\">Read more<i class=\"dt-icon-the7-arrow-03\" aria-hidden=\"true\"><\/i><\/a>\n\n<\/div><\/article><article class=\"post project-odd hidden post-29691 type-post status-publish format-standard has-post-thumbnail hentry category-protection-of-habitats pmpro-has-access category-31 description-off\" data-name=\"Conservationists, water managers and fishermen released 20,000 small sturgeon into the Danube\" data-date=\"2023-06-15T14:18:03+02:00\">\n\n<div class=\"post-thumbnail-wrap\">\n\t<div class=\"post-thumbnail\">\n\n\t\t\n\t\t\n\t\t<a href=\"https:\/\/broz.sk\/en\/conservationists-water-managers-and-fishermen-released-20000-small-sturgeon-into-the-danube\/\" class=\"post-thumbnail-rollover layzr-bg layzr-bg\" ><img decoding=\"async\" class=\"blog-thumb-lazy-load preload-me lazy-load aspect\" src=\"data:image\/svg+xml,%3Csvg%20xmlns%3D&#39;http%3A%2F%2Fwww.w3.org%2F2000%2Fsvg&#39;%20viewBox%3D&#39;0%200%20768%20576&#39;%2F%3E\" data-src=\"https:\/\/broz.sk\/wp-content\/uploads\/2023\/06\/IMG-7466-768x576.jpg\" data-srcset=\"https:\/\/broz.sk\/wp-content\/uploads\/2023\/06\/IMG-7466-768x576.jpg 768w, https:\/\/broz.sk\/wp-content\/uploads\/2023\/06\/IMG-7466-1306x979.jpg 1306w\" loading=\"eager\" style=\"--ratio: 768 \/ 576\" sizes=\"(max-width: 768px) 100vw, 768px\" alt=\"\" title=\"IMG-7466\" width=\"768\" height=\"576\"  \/><\/a>\n\t<\/div>\n<\/div>\n\n\n<div class=\"post-entry-content\">\n\n\t<h3 class=\"entry-title\">\n\t\t<a href=\"https:\/\/broz.sk\/en\/conservationists-water-managers-and-fishermen-released-20000-small-sturgeon-into-the-danube\/\" title=\"Conservationists, water managers and fishermen released 20,000 small sturgeon into the Danube\" rel=\"bookmark\">Conservationists, water managers and fishermen released 20,000 small sturgeon into the Danube<\/a>\n\t<\/h3>\n\n\t<div class=\"entry-meta\"><a href=\"https:\/\/broz.sk\/en\/2023\/06\/15\/\" title=\"14:18\" class=\"data-link\" rel=\"bookmark\"><time class=\"entry-date updated\" datetime=\"2023-06-15T14:18:03+02:00\">15. June 2023<\/time><\/a><\/div>\n\t<div class=\"entry-excerpt\"><p>On Wednesday, June 14, 2023, a total of 20,000 small sturgeon juveniles were released into the Danube as part of the LIFE Living Rivers project. Sturgeons were released in three localities of their natural habitat &#8211; below the \u010cunovo dam, near the village of Sap and on Ve\u013ekolol\u00e9sk\u00fd ostrov. Direct release of sturgeon fry into our rivers is one of the tools to strengthen the populations of this endangered fish species.<\/p>\n<\/div>\n\t\n<a href=\"https:\/\/broz.sk\/en\/conservationists-water-managers-and-fishermen-released-20000-small-sturgeon-into-the-danube\/\" class=\"post-details details-type-link\" aria-label=\"Read more about Conservationists, water managers and fishermen released 20,000 small sturgeon into the Danube\">Read more<i class=\"dt-icon-the7-arrow-03\" aria-hidden=\"true\"><\/i><\/a>\n\n<\/div><\/article><article class=\"post project-odd hidden post-29703 type-post status-publish format-standard has-post-thumbnail hentry category-protection-of-habitats pmpro-has-access category-31 description-off\" data-name=\"When grazing is succesfull\" data-date=\"2023-05-28T12:45:37+02:00\">\n\n<div class=\"post-thumbnail-wrap\">\n\t<div class=\"post-thumbnail\">\n\n\t\t\n\t\t\n\t\t<a href=\"https:\/\/broz.sk\/en\/when-grazing-is-succesfull\/\" class=\"post-thumbnail-rollover layzr-bg layzr-bg\" ><img decoding=\"async\" class=\"blog-thumb-lazy-load preload-me lazy-load aspect\" src=\"data:image\/svg+xml,%3Csvg%20xmlns%3D&#39;http%3A%2F%2Fwww.w3.org%2F2000%2Fsvg&#39;%20viewBox%3D&#39;0%200%20768%20576&#39;%2F%3E\" data-src=\"https:\/\/broz.sk\/wp-content\/uploads\/2023\/05\/DSC_0969-F.-Rovny-scaled-768x576.jpg\" data-srcset=\"https:\/\/broz.sk\/wp-content\/uploads\/2023\/05\/DSC_0969-F.-Rovny-scaled-768x576.jpg 768w, https:\/\/broz.sk\/wp-content\/uploads\/2023\/05\/DSC_0969-F.-Rovny-scaled-1306x979.jpg 1306w\" loading=\"eager\" style=\"--ratio: 768 \/ 576\" sizes=\"(max-width: 768px) 100vw, 768px\" alt=\"Pastva na Dev\u00ednskej Kobyle\" title=\"DSC_0969.jpg F. Rovn\u00fd\" width=\"768\" height=\"576\"  \/><\/a>\n\t<\/div>\n<\/div>\n\n\n<div class=\"post-entry-content\">\n\n\t<h3 class=\"entry-title\">\n\t\t<a href=\"https:\/\/broz.sk\/en\/when-grazing-is-succesfull\/\" title=\"When grazing is succesfull\" rel=\"bookmark\">When grazing is succesfull<\/a>\n\t<\/h3>\n\n\t<div class=\"entry-meta\"><a href=\"https:\/\/broz.sk\/en\/2023\/05\/28\/\" title=\"12:45\" class=\"data-link\" rel=\"bookmark\"><time class=\"entry-date updated\" datetime=\"2023-05-28T12:45:37+02:00\">28. May 2023<\/time><\/a><\/div>\n\t<div class=\"entry-excerpt\"><p>For several years now, we have successfully grazed sheep and donkeys at Dev\u00edn Castle, and this year we managed to expand the pasture to the Dev\u00edn castle Rock &#8211; which is located in the southern part, directly under the walls.<\/p>\n<\/div>\n\t\n<a href=\"https:\/\/broz.sk\/en\/when-grazing-is-succesfull\/\" class=\"post-details details-type-link\" aria-label=\"Read more about When grazing is succesfull\">Read more<i class=\"dt-icon-the7-arrow-03\" aria-hidden=\"true\"><\/i><\/a>\n\n<\/div><\/article><article class=\"post project-odd hidden post-29661 type-post status-publish format-standard has-post-thumbnail hentry category-protection-of-habitats pmpro-has-access category-31 description-off\" data-name=\"Together with municipality we are restoring grazing in Spi\u0161sk\u00e9 Podhradie\" data-date=\"2023-05-23T16:39:13+02:00\">\n\n<div class=\"post-thumbnail-wrap\">\n\t<div class=\"post-thumbnail\">\n\n\t\t\n\t\t\n\t\t<a href=\"https:\/\/broz.sk\/en\/together-with-municipality-we-are-restoring-grazing-in-spisske-podhradie\/\" class=\"post-thumbnail-rollover layzr-bg layzr-bg\" ><img decoding=\"async\" class=\"blog-thumb-lazy-load preload-me lazy-load aspect\" src=\"data:image\/svg+xml,%3Csvg%20xmlns%3D&#39;http%3A%2F%2Fwww.w3.org%2F2000%2Fsvg&#39;%20viewBox%3D&#39;0%200%20674%20505&#39;%2F%3E\" data-src=\"https:\/\/broz.sk\/wp-content\/uploads\/2023\/08\/pomoc-zachrana-ovce-sysle-sysel-pasienkovy-pastva-pasienok-spisske-podhradie-priroda-674x505.jpg\" data-srcset=\"https:\/\/broz.sk\/wp-content\/uploads\/2023\/08\/pomoc-zachrana-ovce-sysle-sysel-pasienkovy-pastva-pasienok-spisske-podhradie-priroda-674x505.jpg 674w, https:\/\/broz.sk\/wp-content\/uploads\/2023\/08\/pomoc-zachrana-ovce-sysle-sysel-pasienkovy-pastva-pasienok-spisske-podhradie-priroda-675x506.jpg 675w\" loading=\"eager\" style=\"--ratio: 674 \/ 505\" sizes=\"(max-width: 674px) 100vw, 674px\" alt=\"pastva syse\u013e Spi\u0161\" title=\"pomoc-zachrana-ovce-sysle-sysel-pasienkovy-pastva-pasienok-spisske-podhradie-priroda\" width=\"674\" height=\"505\"  \/><\/a>\n\t<\/div>\n<\/div>\n\n\n<div class=\"post-entry-content\">\n\n\t<h3 class=\"entry-title\">\n\t\t<a href=\"https:\/\/broz.sk\/en\/together-with-municipality-we-are-restoring-grazing-in-spisske-podhradie\/\" title=\"Together with municipality we are restoring grazing in Spi\u0161sk\u00e9 Podhradie\" rel=\"bookmark\">Together with municipality we are restoring grazing in Spi\u0161sk\u00e9 Podhradie<\/a>\n\t<\/h3>\n\n\t<div class=\"entry-meta\"><a href=\"https:\/\/broz.sk\/en\/2023\/05\/23\/\" title=\"16:39\" class=\"data-link\" rel=\"bookmark\"><time class=\"entry-date updated\" datetime=\"2023-05-23T16:39:13+02:00\">23. May 2023<\/time><\/a><\/div>\n\t<div class=\"entry-excerpt\"><p>Sheep grazing has a long-term tradition in Spi\u0161, and for its restoration in the meadows of Spi\u0161sk\u00e9 Podhradie, several entities sterted to cooperate &#8211; the conservation association BROZ, the Administration of the Slovak Raj National Park, the city of Spi\u0161sk\u00e9 Podhradie, and the Bishopric of Spi\u0161sk\u00e9 with its seat in Spi\u0161sk\u00e9 Podhradie at the Spi\u0161sk\u00e1 Kapitula.<\/p>\n<\/div>\n\t\n<a href=\"https:\/\/broz.sk\/en\/together-with-municipality-we-are-restoring-grazing-in-spisske-podhradie\/\" class=\"post-details details-type-link\" aria-label=\"Read more about Together with municipality we are restoring grazing in Spi\u0161sk\u00e9 Podhradie\">Read more<i class=\"dt-icon-the7-arrow-03\" aria-hidden=\"true\"><\/i><\/a>\n\n<\/div><\/article><article class=\"post project-odd hidden post-29707 type-post status-publish format-standard has-post-thumbnail hentry category-protection-of-habitats pmpro-has-access category-31 description-off\" data-name=\"Goat grazing on the Dev\u00edn castle rock\" data-date=\"2023-05-19T12:50:01+02:00\">\n\n<div class=\"post-thumbnail-wrap\">\n\t<div class=\"post-thumbnail\">\n\n\t\t\n\t\t\n\t\t<a href=\"https:\/\/broz.sk\/en\/goat-grazing-on-the-devin-castle-rock\/\" class=\"post-thumbnail-rollover layzr-bg layzr-bg\" ><img decoding=\"async\" class=\"blog-thumb-lazy-load preload-me lazy-load aspect\" src=\"data:image\/svg+xml,%3Csvg%20xmlns%3D&#39;http%3A%2F%2Fwww.w3.org%2F2000%2Fsvg&#39;%20viewBox%3D&#39;0%200%20768%20576&#39;%2F%3E\" data-src=\"https:\/\/broz.sk\/wp-content\/uploads\/2023\/05\/1683817449177-768x576.jpg\" data-srcset=\"https:\/\/broz.sk\/wp-content\/uploads\/2023\/05\/1683817449177-768x576.jpg 768w, https:\/\/broz.sk\/wp-content\/uploads\/2023\/05\/1683817449177-1306x979.jpg 1306w\" loading=\"eager\" style=\"--ratio: 768 \/ 576\" sizes=\"(max-width: 768px) 100vw, 768px\" alt=\"Kozy na Dev\u00ednskom brale\" title=\"1683817449177\" width=\"768\" height=\"576\"  \/><\/a>\n\t<\/div>\n<\/div>\n\n\n<div class=\"post-entry-content\">\n\n\t<h3 class=\"entry-title\">\n\t\t<a href=\"https:\/\/broz.sk\/en\/goat-grazing-on-the-devin-castle-rock\/\" title=\"Goat grazing on the Dev\u00edn castle rock\" rel=\"bookmark\">Goat grazing on the Dev\u00edn castle rock<\/a>\n\t<\/h3>\n\n\t<div class=\"entry-meta\"><a href=\"https:\/\/broz.sk\/en\/2023\/05\/19\/\" title=\"12:50\" class=\"data-link\" rel=\"bookmark\"><time class=\"entry-date updated\" datetime=\"2023-05-19T12:50:01+02:00\">19. May 2023<\/time><\/a><\/div>\n\t<div class=\"entry-excerpt\"><p>In addition to the successful activities in the Str\u00e1\u017eovsk\u00e9 vrchy, as part of the LIFE Panalp project, we also started to restore rare grass habitats in the Samll Carpathians. In the westernmost Slovak mountain range, this spring, in cooperation with the Museum of the City of Bratislava, we started grazing on the Dev\u00edn Castle Rock.<\/p>\n<\/div>\n\t\n<a href=\"https:\/\/broz.sk\/en\/goat-grazing-on-the-devin-castle-rock\/\" class=\"post-details details-type-link\" aria-label=\"Read more about Goat grazing on the Dev\u00edn castle rock\">Read more<i class=\"dt-icon-the7-arrow-03\" aria-hidden=\"true\"><\/i><\/a>\n\n<\/div><\/article><article class=\"post project-odd hidden post-29036 type-post status-publish format-standard has-post-thumbnail hentry category-protection-of-habitats pmpro-has-access category-31 description-off\" data-name=\"A significant step for our Danube projects\" data-date=\"2023-05-19T12:22:54+02:00\">\n\n<div class=\"post-thumbnail-wrap\">\n\t<div class=\"post-thumbnail\">\n\n\t\t\n\t\t\n\t\t<a href=\"https:\/\/broz.sk\/en\/a-significant-step-for-our-danube-projects\/\" class=\"post-thumbnail-rollover layzr-bg layzr-bg\" ><img decoding=\"async\" class=\"blog-thumb-lazy-load preload-me lazy-load aspect\" src=\"data:image\/svg+xml,%3Csvg%20xmlns%3D&#39;http%3A%2F%2Fwww.w3.org%2F2000%2Fsvg&#39;%20viewBox%3D&#39;0%200%20768%20576&#39;%2F%3E\" data-src=\"https:\/\/broz.sk\/wp-content\/uploads\/2023\/05\/LIFE-WILDisland-scaled-768x576.jpg\" data-srcset=\"https:\/\/broz.sk\/wp-content\/uploads\/2023\/05\/LIFE-WILDisland-scaled-768x576.jpg 768w, https:\/\/broz.sk\/wp-content\/uploads\/2023\/05\/LIFE-WILDisland-scaled-1306x979.jpg 1306w\" loading=\"eager\" style=\"--ratio: 768 \/ 576\" sizes=\"(max-width: 768px) 100vw, 768px\" alt=\"\" title=\"LIFE WILDisland\" width=\"768\" height=\"576\"  \/><\/a>\n\t<\/div>\n<\/div>\n\n\n<div class=\"post-entry-content\">\n\n\t<h3 class=\"entry-title\">\n\t\t<a href=\"https:\/\/broz.sk\/en\/a-significant-step-for-our-danube-projects\/\" title=\"A significant step for our Danube projects\" rel=\"bookmark\">A significant step for our Danube projects<\/a>\n\t<\/h3>\n\n\t<div class=\"entry-meta\"><a href=\"https:\/\/broz.sk\/en\/2023\/05\/19\/\" title=\"12:22\" class=\"data-link\" rel=\"bookmark\"><time class=\"entry-date updated\" datetime=\"2023-05-19T12:22:54+02:00\">19. May 2023<\/time><\/a><\/div>\n\t<div class=\"entry-excerpt\"><p>On 16 May, together with experts from the Water Research Institute, we participated in the meeting of the Slovak-Hungarian Boundary Waters Commission to present the plans, visions and activities of our Danube LIFE projects<\/p>\n<\/div>\n\t\n<a href=\"https:\/\/broz.sk\/en\/a-significant-step-for-our-danube-projects\/\" class=\"post-details details-type-link\" aria-label=\"Read more about A significant step for our Danube projects\">Read more<i class=\"dt-icon-the7-arrow-03\" aria-hidden=\"true\"><\/i><\/a>\n\n<\/div><\/article><article class=\"post project-odd hidden post-29665 type-post status-publish format-standard has-post-thumbnail hentry category-protection-of-habitats pmpro-has-access category-31 description-off\" data-name=\"The sheep have arrived to Spi\u0161, so that we will soon restore grazing for ground squirrel there\" data-date=\"2023-05-16T16:48:46+02:00\">\n\n<div class=\"post-thumbnail-wrap\">\n\t<div class=\"post-thumbnail\">\n\n\t\t\n\t\t\n\t\t<a href=\"https:\/\/broz.sk\/en\/the-sheep-have-arrived-to-spis-so-that-we-will-soon-restore-grazing-for-ground-squirrel-there\/\" class=\"post-thumbnail-rollover layzr-bg layzr-bg\" ><img decoding=\"async\" class=\"blog-thumb-lazy-load preload-me lazy-load aspect\" src=\"data:image\/svg+xml,%3Csvg%20xmlns%3D&#39;http%3A%2F%2Fwww.w3.org%2F2000%2Fsvg&#39;%20viewBox%3D&#39;0%200%20768%20576&#39;%2F%3E\" data-src=\"https:\/\/broz.sk\/wp-content\/uploads\/2023\/08\/347222334_925887022050254_3764126254380513668_n-768x576.jpg\" data-srcset=\"https:\/\/broz.sk\/wp-content\/uploads\/2023\/08\/347222334_925887022050254_3764126254380513668_n-768x576.jpg 768w, https:\/\/broz.sk\/wp-content\/uploads\/2023\/08\/347222334_925887022050254_3764126254380513668_n-1306x979.jpg 1306w\" loading=\"eager\" style=\"--ratio: 768 \/ 576\" sizes=\"(max-width: 768px) 100vw, 768px\" alt=\"\" title=\"347222334_925887022050254_3764126254380513668_n\" width=\"768\" height=\"576\"  \/><\/a>\n\t<\/div>\n<\/div>\n\n\n<div class=\"post-entry-content\">\n\n\t<h3 class=\"entry-title\">\n\t\t<a href=\"https:\/\/broz.sk\/en\/the-sheep-have-arrived-to-spis-so-that-we-will-soon-restore-grazing-for-ground-squirrel-there\/\" title=\"The sheep have arrived to Spi\u0161, so that we will soon restore grazing for ground squirrel there\" rel=\"bookmark\">The sheep have arrived to Spi\u0161, so that we will soon restore grazing for ground squirrel there<\/a>\n\t<\/h3>\n\n\t<div class=\"entry-meta\"><a href=\"https:\/\/broz.sk\/en\/2023\/05\/16\/\" title=\"16:48\" class=\"data-link\" rel=\"bookmark\"><time class=\"entry-date updated\" datetime=\"2023-05-16T16:48:46+02:00\">16. May 2023<\/time><\/a><\/div>\n\t<div class=\"entry-excerpt\"><p>On Monday, sheep of our original breed &#8211; vala\u0161ka &#8211; traveled to Spi\u0161 to get to know the new barn and meet the shepherd. As early as next week, we are going to release them at a beautiful location, on a meadow near Spi\u0161sk\u00e9 Podhradie with a view of UNESCO location Spi\u0161sk\u00fd hrad.<\/p>\n<\/div>\n\t\n<a href=\"https:\/\/broz.sk\/en\/the-sheep-have-arrived-to-spis-so-that-we-will-soon-restore-grazing-for-ground-squirrel-there\/\" class=\"post-details details-type-link\" aria-label=\"Read more about The sheep have arrived to Spi\u0161, so that we will soon restore grazing for ground squirrel there\">Read more<i class=\"dt-icon-the7-arrow-03\" aria-hidden=\"true\"><\/i><\/a>\n\n<\/div><\/article><article class=\"post project-odd hidden post-28869 type-post status-publish format-standard has-post-thumbnail hentry category-protection-of-habitats pmpro-has-access category-31 description-off\" data-name=\"Visiting Pannonian root voles with our stakeholders\" data-date=\"2023-04-13T10:24:21+02:00\">\n\n<div class=\"post-thumbnail-wrap\">\n\t<div class=\"post-thumbnail\">\n\n\t\t\n\t\t\n\t\t<a href=\"https:\/\/broz.sk\/en\/visiting-pannonian-root-voles-with-our-stakeholders\/\" class=\"post-thumbnail-rollover layzr-bg layzr-bg\" ><img decoding=\"async\" class=\"blog-thumb-lazy-load preload-me lazy-load aspect\" src=\"data:image\/svg+xml,%3Csvg%20xmlns%3D&#39;http%3A%2F%2Fwww.w3.org%2F2000%2Fsvg&#39;%20viewBox%3D&#39;0%200%20768%20576&#39;%2F%3E\" data-src=\"https:\/\/broz.sk\/wp-content\/uploads\/2023\/04\/IMG_20220912_172448_960-scaled-768x576.jpg\" data-srcset=\"https:\/\/broz.sk\/wp-content\/uploads\/2023\/04\/IMG_20220912_172448_960-scaled-768x576.jpg 768w, https:\/\/broz.sk\/wp-content\/uploads\/2023\/04\/IMG_20220912_172448_960-scaled-1306x979.jpg 1306w\" loading=\"eager\" style=\"--ratio: 768 \/ 576\" sizes=\"(max-width: 768px) 100vw, 768px\" alt=\"\" title=\"IMG_20220912_172448_960\" width=\"768\" height=\"576\"  \/><\/a>\n\t<\/div>\n<\/div>\n\n\n<div class=\"post-entry-content\">\n\n\t<h3 class=\"entry-title\">\n\t\t<a href=\"https:\/\/broz.sk\/en\/visiting-pannonian-root-voles-with-our-stakeholders\/\" title=\"Visiting Pannonian root voles with our stakeholders\" rel=\"bookmark\">Visiting Pannonian root voles with our stakeholders<\/a>\n\t<\/h3>\n\n\t<div class=\"entry-meta\"><a href=\"https:\/\/broz.sk\/en\/2023\/04\/13\/\" title=\"10:24\" class=\"data-link\" rel=\"bookmark\"><time class=\"entry-date updated\" datetime=\"2023-04-13T10:24:21+02:00\">13. April 2023<\/time><\/a><\/div>\n\t<div class=\"entry-excerpt\"><p>In September 2022, the first Microtus II study tour, previously postponed due to the pandemic was finally organized. Together with our stakeholders, we explored the wetlands of Balaton-felvid\u00e9ki National Park in Hungary. Around Lake Balaton<\/p>\n<\/div>\n\t\n<a href=\"https:\/\/broz.sk\/en\/visiting-pannonian-root-voles-with-our-stakeholders\/\" class=\"post-details details-type-link\" aria-label=\"Read more about Visiting Pannonian root voles with our stakeholders\">Read more<i class=\"dt-icon-the7-arrow-03\" aria-hidden=\"true\"><\/i><\/a>\n\n<\/div><\/article><article class=\"post project-odd hidden post-28826 type-post status-publish format-standard has-post-thumbnail hentry category-0-en pmpro-has-access category-43 description-off\" data-name=\"Fish Visited a School\" data-date=\"2023-04-06T16:32:13+02:00\">\n\n<div class=\"post-thumbnail-wrap\">\n\t<div class=\"post-thumbnail\">\n\n\t\t\n\t\t\n\t\t<a href=\"https:\/\/broz.sk\/en\/fish-visited-a-school\/\" class=\"post-thumbnail-rollover layzr-bg layzr-bg\" ><img decoding=\"async\" class=\"blog-thumb-lazy-load preload-me lazy-load aspect\" src=\"data:image\/svg+xml,%3Csvg%20xmlns%3D&#39;http%3A%2F%2Fwww.w3.org%2F2000%2Fsvg&#39;%20viewBox%3D&#39;0%200%20768%20576&#39;%2F%3E\" data-src=\"https:\/\/broz.sk\/wp-content\/uploads\/2023\/04\/20230328_100839-scaled-768x576.jpg\" data-srcset=\"https:\/\/broz.sk\/wp-content\/uploads\/2023\/04\/20230328_100839-scaled-768x576.jpg 768w, https:\/\/broz.sk\/wp-content\/uploads\/2023\/04\/20230328_100839-scaled-1306x979.jpg 1306w\" loading=\"eager\" style=\"--ratio: 768 \/ 576\" sizes=\"(max-width: 768px) 100vw, 768px\" alt=\"Deti pri v\u00fduke\" title=\"20230328_100839\" width=\"768\" height=\"576\"  \/><\/a>\n\t<\/div>\n<\/div>\n\n\n<div class=\"post-entry-content\">\n\n\t<h3 class=\"entry-title\">\n\t\t<a href=\"https:\/\/broz.sk\/en\/fish-visited-a-school\/\" title=\"Fish Visited a School\" rel=\"bookmark\">Fish Visited a School<\/a>\n\t<\/h3>\n\n\t<div class=\"entry-meta\"><a href=\"https:\/\/broz.sk\/en\/2023\/04\/06\/\" title=\"16:32\" class=\"data-link\" rel=\"bookmark\"><time class=\"entry-date updated\" datetime=\"2023-04-06T16:32:13+02:00\">6. April 2023<\/time><\/a><\/div>\n\t<div class=\"entry-excerpt\"><p>Children from the 2nd and 4th grade of J. A. Komensk\u00fd Elementary School in Bratislava had the opportunity to learn a lot of new and interesting information not only about the rivers themselves, but also about the adjacent floodplain forests and wetlands, their key inhabitants \u2013 fish.<\/p>\n<\/div>\n\t\n<a href=\"https:\/\/broz.sk\/en\/fish-visited-a-school\/\" class=\"post-details details-type-link\" aria-label=\"Read more about Fish Visited a School\">Read more<i class=\"dt-icon-the7-arrow-03\" aria-hidden=\"true\"><\/i><\/a>\n\n<\/div><\/article><article class=\"post project-odd hidden post-34968 type-post status-publish format-standard has-post-thumbnail hentry category-protection-of-habitats pmpro-has-access category-31 description-off\" data-name=\"We began pasture in the Beckovsk\u00e9 skalice nature reserve.\" data-date=\"2023-04-01T12:51:36+02:00\">\n\n<div class=\"post-thumbnail-wrap\">\n\t<div class=\"post-thumbnail\">\n\n\t\t\n\t\t\n\t\t<a href=\"https:\/\/broz.sk\/en\/we-began-pasture-in-the-beckovske-skalice-nature-reserve\/\" class=\"post-thumbnail-rollover layzr-bg layzr-bg\" ><img decoding=\"async\" class=\"blog-thumb-lazy-load preload-me lazy-load aspect\" src=\"data:image\/svg+xml,%3Csvg%20xmlns%3D&#39;http%3A%2F%2Fwww.w3.org%2F2000%2Fsvg&#39;%20viewBox%3D&#39;0%200%20768%20576&#39;%2F%3E\" data-src=\"https:\/\/broz.sk\/wp-content\/uploads\/2024\/02\/DSCN1988-768x576.jpg\" data-srcset=\"https:\/\/broz.sk\/wp-content\/uploads\/2024\/02\/DSCN1988-768x576.jpg 768w, https:\/\/broz.sk\/wp-content\/uploads\/2024\/02\/DSCN1988-1306x979.jpg 1306w\" loading=\"eager\" style=\"--ratio: 768 \/ 576\" sizes=\"(max-width: 768px) 100vw, 768px\" alt=\"\" title=\"DSCN1988\" width=\"768\" height=\"576\"  \/><\/a>\n\t<\/div>\n<\/div>\n\n\n<div class=\"post-entry-content\">\n\n\t<h3 class=\"entry-title\">\n\t\t<a href=\"https:\/\/broz.sk\/en\/we-began-pasture-in-the-beckovske-skalice-nature-reserve\/\" title=\"We began pasture in the Beckovsk\u00e9 skalice nature reserve.\" rel=\"bookmark\">We began pasture in the Beckovsk\u00e9 skalice nature reserve.<\/a>\n\t<\/h3>\n\n\t<div class=\"entry-meta\"><a href=\"https:\/\/broz.sk\/en\/2023\/04\/01\/\" title=\"12:51\" class=\"data-link\" rel=\"bookmark\"><time class=\"entry-date updated\" datetime=\"2023-04-01T12:51:36+02:00\">1. April 2023<\/time><\/a><\/div>\n\t<div class=\"entry-excerpt\"><p>In Beckovsk\u00e9 skalice we have started grazing goats and sheep on rocky and less accessible sites in cooperation with Sala\u0161 Beckov. Beckov Farm, on the other hand, grazes cows on flat ground. This will create different grazing areas with different plants, which in turn are preferred by different insects.<\/p>\n<\/div>\n\t\n<a href=\"https:\/\/broz.sk\/en\/we-began-pasture-in-the-beckovske-skalice-nature-reserve\/\" class=\"post-details details-type-link\" aria-label=\"Read more about We began pasture in the Beckovsk\u00e9 skalice nature reserve.\">Read more<i class=\"dt-icon-the7-arrow-03\" aria-hidden=\"true\"><\/i><\/a>\n\n<\/div><\/article><article class=\"post project-odd hidden post-28871 type-post status-publish format-standard has-post-thumbnail hentry category-protection-of-habitats pmpro-has-access category-31 description-off\" data-name=\"Microtus II team networked in the Netherlands\" data-date=\"2023-03-30T10:27:44+02:00\">\n\n<div class=\"post-thumbnail-wrap\">\n\t<div class=\"post-thumbnail\">\n\n\t\t\n\t\t\n\t\t<a href=\"https:\/\/broz.sk\/en\/microtus-ii-team-networked-in-the-netherlands\/\" class=\"post-thumbnail-rollover layzr-bg layzr-bg\" ><img decoding=\"async\" class=\"blog-thumb-lazy-load preload-me lazy-load aspect\" src=\"data:image\/svg+xml,%3Csvg%20xmlns%3D&#39;http%3A%2F%2Fwww.w3.org%2F2000%2Fsvg&#39;%20viewBox%3D&#39;0%200%20768%20576&#39;%2F%3E\" data-src=\"https:\/\/broz.sk\/wp-content\/uploads\/2023\/03\/IMG_20220922_093910_949-1-scaled-768x576.jpg\" data-srcset=\"https:\/\/broz.sk\/wp-content\/uploads\/2023\/03\/IMG_20220922_093910_949-1-scaled-768x576.jpg 768w, https:\/\/broz.sk\/wp-content\/uploads\/2023\/03\/IMG_20220922_093910_949-1-scaled-1306x979.jpg 1306w\" loading=\"eager\" style=\"--ratio: 768 \/ 576\" sizes=\"(max-width: 768px) 100vw, 768px\" alt=\"Networking Holandsko\" title=\"IMG_20220922_093910_949 (1)\" width=\"768\" height=\"576\"  \/><\/a>\n\t<\/div>\n<\/div>\n\n\n<div class=\"post-entry-content\">\n\n\t<h3 class=\"entry-title\">\n\t\t<a href=\"https:\/\/broz.sk\/en\/microtus-ii-team-networked-in-the-netherlands\/\" title=\"Microtus II team networked in the Netherlands\" rel=\"bookmark\">Microtus II team networked in the Netherlands<\/a>\n\t<\/h3>\n\n\t<div class=\"entry-meta\"><a href=\"https:\/\/broz.sk\/en\/2023\/03\/30\/\" title=\"10:27\" class=\"data-link\" rel=\"bookmark\"><time class=\"entry-date updated\" datetime=\"2023-03-30T10:27:44+02:00\">30. March 2023<\/time><\/a><\/div>\n\t<div class=\"entry-excerpt\"><p>The project team (BROZ and PRIF UK) headed to explore the Netherlands in September 2022. The reason is that a relative of the pannonian root vole lives here. Another endemic subspecies \u2013 Microtus oeconomus arenicola has found a refuge there after the ice age.<\/p>\n<\/div>\n\t\n<a href=\"https:\/\/broz.sk\/en\/microtus-ii-team-networked-in-the-netherlands\/\" class=\"post-details details-type-link\" aria-label=\"Read more about Microtus II team networked in the Netherlands\">Read more<i class=\"dt-icon-the7-arrow-03\" aria-hidden=\"true\"><\/i><\/a>\n\n<\/div><\/article><article class=\"post project-odd hidden post-28652 type-post status-publish format-standard has-post-thumbnail hentry category-protection-of-habitats pmpro-has-access category-31 description-off\" data-name=\"Roads through relics of river arms\" data-date=\"2023-03-17T15:20:21+01:00\">\n\n<div class=\"post-thumbnail-wrap\">\n\t<div class=\"post-thumbnail\">\n\n\t\t\n\t\t\n\t\t<a href=\"https:\/\/broz.sk\/en\/roads-through-relics-of-river-arms\/\" class=\"post-thumbnail-rollover layzr-bg layzr-bg\" ><img decoding=\"async\" class=\"blog-thumb-lazy-load preload-me lazy-load aspect\" src=\"data:image\/svg+xml,%3Csvg%20xmlns%3D&#39;http%3A%2F%2Fwww.w3.org%2F2000%2Fsvg&#39;%20viewBox%3D&#39;0%200%20768%20576&#39;%2F%3E\" data-src=\"https:\/\/broz.sk\/wp-content\/uploads\/2023\/03\/Prechod-ramenom-ktore-bude-obnovene-a-znova-prepojene-s-Dunajom-v-ramci-projektu-WILDisland-768x576.jpg\" data-srcset=\"https:\/\/broz.sk\/wp-content\/uploads\/2023\/03\/Prechod-ramenom-ktore-bude-obnovene-a-znova-prepojene-s-Dunajom-v-ramci-projektu-WILDisland-768x576.jpg 768w, https:\/\/broz.sk\/wp-content\/uploads\/2023\/03\/Prechod-ramenom-ktore-bude-obnovene-a-znova-prepojene-s-Dunajom-v-ramci-projektu-WILDisland.jpg 1203w\" loading=\"eager\" style=\"--ratio: 768 \/ 576\" sizes=\"(max-width: 768px) 100vw, 768px\" alt=\"Prechod ramenom, ktor\u00e9 bude obnoven\u00e9 a znova prepojen\u00e9 s Dunajom v r\u00e1mci projektu WILDisland\" title=\"Prechod ramenom, ktor\u00e9 bude obnoven\u00e9 a znova prepojen\u00e9 s Dunajom v r\u00e1mci projektu WILDisland\" width=\"768\" height=\"576\"  \/><\/a>\n\t<\/div>\n<\/div>\n\n\n<div class=\"post-entry-content\">\n\n\t<h3 class=\"entry-title\">\n\t\t<a href=\"https:\/\/broz.sk\/en\/roads-through-relics-of-river-arms\/\" title=\"Roads through relics of river arms\" rel=\"bookmark\">Roads through relics of river arms<\/a>\n\t<\/h3>\n\n\t<div class=\"entry-meta\"><a href=\"https:\/\/broz.sk\/en\/2023\/03\/17\/\" title=\"15:20\" class=\"data-link\" rel=\"bookmark\"><time class=\"entry-date updated\" datetime=\"2023-03-17T15:20:21+01:00\">17. March 2023<\/time><\/a><\/div>\n\t<div class=\"entry-excerpt\"><p>The winter season is ideal for crossing the original river arms. Exposed majestic poplars and willows let us know where their paths led. Nowadays, most of the river side arms are only supplied with water for a very limited period of increased flows in the Danube. All efforts to tame our rivers have led to a deterioration in the condition of the floodplain forest habitats. The WILDisland project plans to restore and connect the two original relics of the arms, which once formed the very dynamic and varied Medvedovska river branch system, with the main flow of the Danube. We expect that increased groundwater infiltration will also improve conditions for the adjacent floodplain forests.<\/p>\n<\/div>\n\t\n<a href=\"https:\/\/broz.sk\/en\/roads-through-relics-of-river-arms\/\" class=\"post-details details-type-link\" aria-label=\"Read more about Roads through relics of river arms\">Read more<i class=\"dt-icon-the7-arrow-03\" aria-hidden=\"true\"><\/i><\/a>\n\n<\/div><\/article><article class=\"post project-odd hidden post-34972 type-post status-publish format-standard has-post-thumbnail hentry category-protection-of-habitats pmpro-has-access category-31 description-off\" data-name=\"We exposed the rock cliffs on the V\u00e1pe\u010d hill for the critically endangered Apollo butterflies.\" data-date=\"2023-03-11T12:55:41+01:00\">\n\n<div class=\"post-thumbnail-wrap\">\n\t<div class=\"post-thumbnail\">\n\n\t\t\n\t\t\n\t\t<a href=\"https:\/\/broz.sk\/en\/we-exposed-the-rock-cliffs-on-the-vapec-hill-for-the-critically-endangered-apollo-butterflies\/\" class=\"post-thumbnail-rollover layzr-bg layzr-bg\" ><img decoding=\"async\" class=\"blog-thumb-lazy-load preload-me lazy-load aspect\" src=\"data:image\/svg+xml,%3Csvg%20xmlns%3D&#39;http%3A%2F%2Fwww.w3.org%2F2000%2Fsvg&#39;%20viewBox%3D&#39;0%200%20768%20576&#39;%2F%3E\" data-src=\"https:\/\/broz.sk\/wp-content\/uploads\/2024\/02\/parnassius-apollo_cibik_3-1-768x576.jpg\" data-srcset=\"https:\/\/broz.sk\/wp-content\/uploads\/2024\/02\/parnassius-apollo_cibik_3-1-768x576.jpg 768w, https:\/\/broz.sk\/wp-content\/uploads\/2024\/02\/parnassius-apollo_cibik_3-1-1306x979.jpg 1306w\" loading=\"eager\" style=\"--ratio: 768 \/ 576\" sizes=\"(max-width: 768px) 100vw, 768px\" alt=\"jaso\u0148 \u010dervenook\u00fd\" title=\"parnassius apollo_cibik_3\" width=\"768\" height=\"576\"  \/><\/a>\n\t<\/div>\n<\/div>\n\n\n<div class=\"post-entry-content\">\n\n\t<h3 class=\"entry-title\">\n\t\t<a href=\"https:\/\/broz.sk\/en\/we-exposed-the-rock-cliffs-on-the-vapec-hill-for-the-critically-endangered-apollo-butterflies\/\" title=\"We exposed the rock cliffs on the V\u00e1pe\u010d hill for the critically endangered Apollo butterflies.\" rel=\"bookmark\">We exposed the rock cliffs on the V\u00e1pe\u010d hill for the critically endangered Apollo butterflies.<\/a>\n\t<\/h3>\n\n\t<div class=\"entry-meta\"><a href=\"https:\/\/broz.sk\/en\/2023\/03\/11\/\" title=\"12:55\" class=\"data-link\" rel=\"bookmark\"><time class=\"entry-date updated\" datetime=\"2023-03-11T12:55:41+01:00\">11. March 2023<\/time><\/a><\/div>\n\t<div class=\"entry-excerpt\"><p>In the past, foresters in our country reforested many rocky hills, mainly with stands of black pine. In addition, they have stopped pastures which have become overgrown with shrubs. This is how the Apollo butterfly (Parnassius apollo) lost its habitat in most of its locations of occurrence in Slovakia, thus recording more than 90% decline! in abundance.<\/p>\n<\/div>\n\t\n<a href=\"https:\/\/broz.sk\/en\/we-exposed-the-rock-cliffs-on-the-vapec-hill-for-the-critically-endangered-apollo-butterflies\/\" class=\"post-details details-type-link\" aria-label=\"Read more about We exposed the rock cliffs on the V\u00e1pe\u010d hill for the critically endangered Apollo butterflies.\">Read more<i class=\"dt-icon-the7-arrow-03\" aria-hidden=\"true\"><\/i><\/a>\n\n<\/div><\/article><article class=\"post project-odd hidden post-21440 type-post status-publish format-standard has-post-thumbnail hentry category-protection-of-habitats pmpro-has-access category-31 description-off\" data-name=\"Preparatory works for the restoration of the river branch in Kr\u00e1\u013eovsk\u00e1 l\u00faka\" data-date=\"2023-03-09T15:01:44+01:00\">\n\n<div class=\"post-thumbnail-wrap\">\n\t<div class=\"post-thumbnail\">\n\n\t\t\n\t\t\n\t\t<a href=\"https:\/\/broz.sk\/en\/preparatory-works-for-the-restoration-of-the-river-branch-in-kralovska-luka\/\" class=\"post-thumbnail-rollover layzr-bg layzr-bg\" ><img decoding=\"async\" class=\"blog-thumb-lazy-load preload-me lazy-load aspect\" src=\"data:image\/svg+xml,%3Csvg%20xmlns%3D&#39;http%3A%2F%2Fwww.w3.org%2F2000%2Fsvg&#39;%20viewBox%3D&#39;0%200%20768%20576&#39;%2F%3E\" data-src=\"https:\/\/broz.sk\/wp-content\/uploads\/2023\/03\/IMG_20230228_102840-scaled-768x576.jpg\" data-srcset=\"https:\/\/broz.sk\/wp-content\/uploads\/2023\/03\/IMG_20230228_102840-scaled-768x576.jpg 768w, https:\/\/broz.sk\/wp-content\/uploads\/2023\/03\/IMG_20230228_102840-scaled-1306x979.jpg 1306w\" loading=\"eager\" style=\"--ratio: 768 \/ 576\" sizes=\"(max-width: 768px) 100vw, 768px\" alt=\"Miesto kri\u017eovania lesnej cesty s ramenom\" title=\"Miesto kri\u017eovania lesnej cesty s ramenom\" width=\"768\" height=\"576\"  \/><\/a>\n\t<\/div>\n<\/div>\n\n\n<div class=\"post-entry-content\">\n\n\t<h3 class=\"entry-title\">\n\t\t<a href=\"https:\/\/broz.sk\/en\/preparatory-works-for-the-restoration-of-the-river-branch-in-kralovska-luka\/\" title=\"Preparatory works for the restoration of the river branch in Kr\u00e1\u013eovsk\u00e1 l\u00faka\" rel=\"bookmark\">Preparatory works for the restoration of the river branch in Kr\u00e1\u013eovsk\u00e1 l\u00faka<\/a>\n\t<\/h3>\n\n\t<div class=\"entry-meta\"><a href=\"https:\/\/broz.sk\/en\/2023\/03\/09\/\" title=\"15:01\" class=\"data-link\" rel=\"bookmark\"><time class=\"entry-date updated\" datetime=\"2023-03-09T15:01:44+01:00\">9. March 2023<\/time><\/a><\/div>\n\t<div class=\"entry-excerpt\"><p>The first step towards the restoration of the river branch in the Kr\u00e1\u013eovsk\u00e1 l\u00faka area was the preparation of an expert study by specialists from the Water Research Institute. <\/p>\n<\/div>\n\t\n<a href=\"https:\/\/broz.sk\/en\/preparatory-works-for-the-restoration-of-the-river-branch-in-kralovska-luka\/\" class=\"post-details details-type-link\" aria-label=\"Read more about Preparatory works for the restoration of the river branch in Kr\u00e1\u013eovsk\u00e1 l\u00faka\">Read more<i class=\"dt-icon-the7-arrow-03\" aria-hidden=\"true\"><\/i><\/a>\n\n<\/div><\/article><article class=\"post project-odd hidden post-21405 type-post status-publish format-standard has-post-thumbnail hentry category-protection-of-habitats pmpro-has-access category-31 description-off\" data-name=\"We continue to restore the floodplain forest\" data-date=\"2023-03-09T12:39:03+01:00\">\n\n<div class=\"post-thumbnail-wrap\">\n\t<div class=\"post-thumbnail\">\n\n\t\t\n\t\t\n\t\t<a href=\"https:\/\/broz.sk\/en\/we-continue-to-restore-the-floodplain-forest\/\" class=\"post-thumbnail-rollover layzr-bg layzr-bg\" ><img decoding=\"async\" class=\"blog-thumb-lazy-load preload-me lazy-load aspect\" src=\"data:image\/svg+xml,%3Csvg%20xmlns%3D&#39;http%3A%2F%2Fwww.w3.org%2F2000%2Fsvg&#39;%20viewBox%3D&#39;0%200%20768%20576&#39;%2F%3E\" data-src=\"https:\/\/broz.sk\/wp-content\/uploads\/2023\/03\/P1311323-scaled-768x576.jpg\" data-srcset=\"https:\/\/broz.sk\/wp-content\/uploads\/2023\/03\/P1311323-scaled-768x576.jpg 768w, https:\/\/broz.sk\/wp-content\/uploads\/2023\/03\/P1311323-scaled-1306x979.jpg 1306w\" loading=\"eager\" style=\"--ratio: 768 \/ 576\" sizes=\"(max-width: 768px) 100vw, 768px\" alt=\"V\u00fdsadba stromu\" title=\"P1311323\" width=\"768\" height=\"576\"  \/><\/a>\n\t<\/div>\n<\/div>\n\n\n<div class=\"post-entry-content\">\n\n\t<h3 class=\"entry-title\">\n\t\t<a href=\"https:\/\/broz.sk\/en\/we-continue-to-restore-the-floodplain-forest\/\" title=\"We continue to restore the floodplain forest\" rel=\"bookmark\">We continue to restore the floodplain forest<\/a>\n\t<\/h3>\n\n\t<div class=\"entry-meta\"><a href=\"https:\/\/broz.sk\/en\/2023\/03\/09\/\" title=\"12:39\" class=\"data-link\" rel=\"bookmark\"><time class=\"entry-date updated\" datetime=\"2023-03-09T12:39:03+01:00\">9. March 2023<\/time><\/a><\/div>\n\t<div class=\"entry-excerpt\"><p>At the beginning of this year, we planted a total of 4 850 seedlings in the project areas in Vojka nad Dunajom and on Ve\u013ekolelsk\u00e9 Island (PLA Dunajsk\u00e9 luhy).<\/p>\n<\/div>\n\t\n<a href=\"https:\/\/broz.sk\/en\/we-continue-to-restore-the-floodplain-forest\/\" class=\"post-details details-type-link\" aria-label=\"Read more about We continue to restore the floodplain forest\">Read more<i class=\"dt-icon-the7-arrow-03\" aria-hidden=\"true\"><\/i><\/a>\n\n<\/div><\/article><article class=\"post project-odd hidden post-34976 type-post status-publish format-standard has-post-thumbnail hentry category-protection-of-habitats pmpro-has-access category-31 description-off\" data-name=\"We are monitoring the host plants of the clouded Apollo caterpillars (Parnassius mnemosyne).\" data-date=\"2023-03-03T12:59:14+01:00\">\n\n<div class=\"post-thumbnail-wrap\">\n\t<div class=\"post-thumbnail\">\n\n\t\t\n\t\t\n\t\t<a href=\"https:\/\/broz.sk\/en\/monitoring-the-host-plants-of-the-clouded-apollo-caterpillars-parnassius-mnemosyne\/\" class=\"post-thumbnail-rollover layzr-bg layzr-bg\" ><img decoding=\"async\" class=\"blog-thumb-lazy-load preload-me lazy-load aspect\" src=\"data:image\/svg+xml,%3Csvg%20xmlns%3D&#39;http%3A%2F%2Fwww.w3.org%2F2000%2Fsvg&#39;%20viewBox%3D&#39;0%200%20768%20576&#39;%2F%3E\" data-src=\"https:\/\/broz.sk\/wp-content\/uploads\/2024\/02\/parnassius-mnemosyne_cibik_2-768x576.jpg\" data-srcset=\"https:\/\/broz.sk\/wp-content\/uploads\/2024\/02\/parnassius-mnemosyne_cibik_2-768x576.jpg 768w, https:\/\/broz.sk\/wp-content\/uploads\/2024\/02\/parnassius-mnemosyne_cibik_2-1306x979.jpg 1306w\" loading=\"eager\" style=\"--ratio: 768 \/ 576\" sizes=\"(max-width: 768px) 100vw, 768px\" alt=\"\" title=\"parnassius mnemosyne_cibik_2\" width=\"768\" height=\"576\"  \/><\/a>\n\t<\/div>\n<\/div>\n\n\n<div class=\"post-entry-content\">\n\n\t<h3 class=\"entry-title\">\n\t\t<a href=\"https:\/\/broz.sk\/en\/monitoring-the-host-plants-of-the-clouded-apollo-caterpillars-parnassius-mnemosyne\/\" title=\"We are monitoring the host plants of the clouded Apollo caterpillars (Parnassius mnemosyne).\" rel=\"bookmark\">We are monitoring the host plants of the clouded Apollo caterpillars (Parnassius mnemosyne).<\/a>\n\t<\/h3>\n\n\t<div class=\"entry-meta\"><a href=\"https:\/\/broz.sk\/en\/2023\/03\/03\/\" title=\"12:59\" class=\"data-link\" rel=\"bookmark\"><time class=\"entry-date updated\" datetime=\"2023-03-03T12:59:14+01:00\">3. March 2023<\/time><\/a><\/div>\n\t<div class=\"entry-excerpt\"><p>We&#8217;ve made arrangements for clearing and grazing at the site of European importance Holubyho Kopanice. However, we will not begin until autumn, as we are searching, marking and planning at this time. The Corydalis plants that grow here are host plants for the caterpillars of the clouded Apollo butterflies (Parnassius mnemosyne). <\/p>\n<\/div>\n\t\n<a href=\"https:\/\/broz.sk\/en\/monitoring-the-host-plants-of-the-clouded-apollo-caterpillars-parnassius-mnemosyne\/\" class=\"post-details details-type-link\" aria-label=\"Read more about We are monitoring the host plants of the clouded Apollo caterpillars (Parnassius mnemosyne).\">Read more<i class=\"dt-icon-the7-arrow-03\" aria-hidden=\"true\"><\/i><\/a>\n\n<\/div><\/article><article class=\"post project-odd hidden post-34980 type-post status-publish format-standard has-post-thumbnail hentry category-protection-of-habitats pmpro-has-access category-31 description-off\" data-name=\"Planting the host plants for butterfly caterpillars.\" data-date=\"2023-02-28T13:02:16+01:00\">\n\n<div class=\"post-thumbnail-wrap\">\n\t<div class=\"post-thumbnail\">\n\n\t\t\n\t\t\n\t\t<a href=\"https:\/\/broz.sk\/en\/planting-the-host-plants-for-butterfly-caterpillars\/\" class=\"post-thumbnail-rollover layzr-bg layzr-bg\" ><img decoding=\"async\" class=\"blog-thumb-lazy-load preload-me lazy-load aspect\" src=\"data:image\/svg+xml,%3Csvg%20xmlns%3D&#39;http%3A%2F%2Fwww.w3.org%2F2000%2Fsvg&#39;%20viewBox%3D&#39;0%200%20768%20576&#39;%2F%3E\" data-src=\"https:\/\/broz.sk\/wp-content\/uploads\/2024\/02\/DSCN8319-scaled-768x576.jpg\" data-srcset=\"https:\/\/broz.sk\/wp-content\/uploads\/2024\/02\/DSCN8319-scaled-768x576.jpg 768w, https:\/\/broz.sk\/wp-content\/uploads\/2024\/02\/DSCN8319-scaled-1306x979.jpg 1306w\" loading=\"eager\" style=\"--ratio: 768 \/ 576\" sizes=\"(max-width: 768px) 100vw, 768px\" alt=\"\" title=\"DSCN8319\" width=\"768\" height=\"576\"  \/><\/a>\n\t<\/div>\n<\/div>\n\n\n<div class=\"post-entry-content\">\n\n\t<h3 class=\"entry-title\">\n\t\t<a href=\"https:\/\/broz.sk\/en\/planting-the-host-plants-for-butterfly-caterpillars\/\" title=\"Planting the host plants for butterfly caterpillars.\" rel=\"bookmark\">Planting the host plants for butterfly caterpillars.<\/a>\n\t<\/h3>\n\n\t<div class=\"entry-meta\"><a href=\"https:\/\/broz.sk\/en\/2023\/02\/28\/\" title=\"13:02\" class=\"data-link\" rel=\"bookmark\"><time class=\"entry-date updated\" datetime=\"2023-02-28T13:02:16+01:00\">28. February 2023<\/time><\/a><\/div>\n\t<div class=\"entry-excerpt\"><p>Butterflies are fragile animals by nature, and they need stable natural conditions for their survival. Stability vs. fragility need to complement each other in the butterfly world. They need a very specific combination of habitats for their survival. Therefore, in order for caterpillars and therefore butterflies to survive, their so-called host plants are important.<\/p>\n<\/div>\n\t\n<a href=\"https:\/\/broz.sk\/en\/planting-the-host-plants-for-butterfly-caterpillars\/\" class=\"post-details details-type-link\" aria-label=\"Read more about Planting the host plants for butterfly caterpillars.\">Read more<i class=\"dt-icon-the7-arrow-03\" aria-hidden=\"true\"><\/i><\/a>\n\n<\/div><\/article><article class=\"post project-odd hidden post-34984 type-post status-publish format-standard has-post-thumbnail hentry category-protection-of-habitats pmpro-has-access category-31 description-off\" data-name=\"Solitary trees are important for butterflies\" data-date=\"2023-02-25T13:05:52+01:00\">\n\n<div class=\"post-thumbnail-wrap\">\n\t<div class=\"post-thumbnail\">\n\n\t\t\n\t\t\n\t\t<a href=\"https:\/\/broz.sk\/en\/solitary-trees-are-important-for-butterflies\/\" class=\"post-thumbnail-rollover layzr-bg layzr-bg\" ><img decoding=\"async\" class=\"blog-thumb-lazy-load preload-me lazy-load aspect\" src=\"data:image\/svg+xml,%3Csvg%20xmlns%3D&#39;http%3A%2F%2Fwww.w3.org%2F2000%2Fsvg&#39;%20viewBox%3D&#39;0%200%20768%20576&#39;%2F%3E\" data-src=\"https:\/\/broz.sk\/wp-content\/uploads\/2024\/02\/DSCN8224-768x576.jpg\" data-srcset=\"https:\/\/broz.sk\/wp-content\/uploads\/2024\/02\/DSCN8224-768x576.jpg 768w, https:\/\/broz.sk\/wp-content\/uploads\/2024\/02\/DSCN8224-1306x979.jpg 1306w\" loading=\"eager\" style=\"--ratio: 768 \/ 576\" sizes=\"(max-width: 768px) 100vw, 768px\" alt=\"\" title=\"DSCN8224\" width=\"768\" height=\"576\"  \/><\/a>\n\t<\/div>\n<\/div>\n\n\n<div class=\"post-entry-content\">\n\n\t<h3 class=\"entry-title\">\n\t\t<a href=\"https:\/\/broz.sk\/en\/solitary-trees-are-important-for-butterflies\/\" title=\"Solitary trees are important for butterflies\" rel=\"bookmark\">Solitary trees are important for butterflies<\/a>\n\t<\/h3>\n\n\t<div class=\"entry-meta\"><a href=\"https:\/\/broz.sk\/en\/2023\/02\/25\/\" title=\"13:05\" class=\"data-link\" rel=\"bookmark\"><time class=\"entry-date updated\" datetime=\"2023-02-25T13:05:52+01:00\">25. February 2023<\/time><\/a><\/div>\n\t<div class=\"entry-excerpt\"><p>Solitary standing trees are an important eco-stabilising element in the landscape. The preservation and restoration of old fruit trees serves the function of saving and conserving our native gene pool, but they also provide suitable habitats for a range of invertebrates, cavity nesters and dormice in their cavities.<\/p>\n<\/div>\n\t\n<a href=\"https:\/\/broz.sk\/en\/solitary-trees-are-important-for-butterflies\/\" class=\"post-details details-type-link\" aria-label=\"Read more about Solitary trees are important for butterflies\">Read more<i class=\"dt-icon-the7-arrow-03\" aria-hidden=\"true\"><\/i><\/a>\n\n<\/div><\/article><article class=\"post project-odd hidden post-29669 type-post status-publish format-standard has-post-thumbnail hentry category-protection-of-species pmpro-has-access category-30 description-off\" data-name=\"The ground squirrels woke up a month earlier due to the warming\" data-date=\"2023-02-20T11:31:52+01:00\">\n\n<div class=\"post-thumbnail-wrap\">\n\t<div class=\"post-thumbnail\">\n\n\t\t\n\t\t\n\t\t<a href=\"https:\/\/broz.sk\/en\/the-ground-squirrels-woke-up-a-month-earlier-due-to-the-warming\/\" class=\"post-thumbnail-rollover layzr-bg layzr-bg\" ><img decoding=\"async\" class=\"blog-thumb-lazy-load preload-me lazy-load aspect\" src=\"data:image\/svg+xml,%3Csvg%20xmlns%3D&#39;http%3A%2F%2Fwww.w3.org%2F2000%2Fsvg&#39;%20viewBox%3D&#39;0%200%20747%20560&#39;%2F%3E\" data-src=\"https:\/\/broz.sk\/wp-content\/uploads\/2023\/08\/332093976_750446253255527_5766749378017336394_n-747x560.jpg\" data-srcset=\"https:\/\/broz.sk\/wp-content\/uploads\/2023\/08\/332093976_750446253255527_5766749378017336394_n-747x560.jpg 747w, https:\/\/broz.sk\/wp-content\/uploads\/2023\/08\/332093976_750446253255527_5766749378017336394_n-748x561.jpg 748w\" loading=\"eager\" style=\"--ratio: 747 \/ 560\" sizes=\"(max-width: 747px) 100vw, 747px\" alt=\"\" title=\"332093976_750446253255527_5766749378017336394_n\" width=\"747\" height=\"560\"  \/><\/a>\n\t<\/div>\n<\/div>\n\n\n<div class=\"post-entry-content\">\n\n\t<h3 class=\"entry-title\">\n\t\t<a href=\"https:\/\/broz.sk\/en\/the-ground-squirrels-woke-up-a-month-earlier-due-to-the-warming\/\" title=\"The ground squirrels woke up a month earlier due to the warming\" rel=\"bookmark\">The ground squirrels woke up a month earlier due to the warming<\/a>\n\t<\/h3>\n\n\t<div class=\"entry-meta\"><a href=\"https:\/\/broz.sk\/en\/2023\/02\/20\/\" title=\"11:31\" class=\"data-link\" rel=\"bookmark\"><time class=\"entry-date updated\" datetime=\"2023-02-20T11:31:52+01:00\">20. February 2023<\/time><\/a><\/div>\n\t<div class=\"entry-excerpt\"><p>This is also the reality of a cliamte change. Ground squirrels wake up every year in the middle to the end of March, which is about a month from now. This year, several localities report us that they have woken up and have already moved through their burrows, which means they have been awake for about a week. <\/p>\n<\/div>\n\t\n<a href=\"https:\/\/broz.sk\/en\/the-ground-squirrels-woke-up-a-month-earlier-due-to-the-warming\/\" class=\"post-details details-type-link\" aria-label=\"Read more about The ground squirrels woke up a month earlier due to the warming\">Read more<i class=\"dt-icon-the7-arrow-03\" aria-hidden=\"true\"><\/i><\/a>\n\n<\/div><\/article><article class=\"post project-odd hidden post-21204 type-post status-publish format-standard has-post-thumbnail hentry category-protection-of-habitats pmpro-has-access category-31 description-off\" data-name=\"Monitoring of amphibians of the Danube floodplains 2022\" data-date=\"2023-02-15T16:49:08+01:00\">\n\n<div class=\"post-thumbnail-wrap\">\n\t<div class=\"post-thumbnail\">\n\n\t\t\n\t\t\n\t\t<a href=\"https:\/\/broz.sk\/en\/monitoring-of-amphibians-of-the-danube-floodplains-2022\/\" class=\"post-thumbnail-rollover layzr-bg layzr-bg\" ><img decoding=\"async\" class=\"blog-thumb-lazy-load preload-me lazy-load aspect\" src=\"data:image\/svg+xml,%3Csvg%20xmlns%3D&#39;http%3A%2F%2Fwww.w3.org%2F2000%2Fsvg&#39;%20viewBox%3D&#39;0%200%20768%20576&#39;%2F%3E\" data-src=\"https:\/\/broz.sk\/wp-content\/uploads\/2023\/02\/P1000247-scaled-768x576.jpg\" data-srcset=\"https:\/\/broz.sk\/wp-content\/uploads\/2023\/02\/P1000247-scaled-768x576.jpg 768w, https:\/\/broz.sk\/wp-content\/uploads\/2023\/02\/P1000247-scaled-1306x979.jpg 1306w\" loading=\"eager\" style=\"--ratio: 768 \/ 576\" sizes=\"(max-width: 768px) 100vw, 768px\" alt=\"Rosni\u010dka zelen\u00e1\" title=\"P1000247\" width=\"768\" height=\"576\"  \/><\/a>\n\t<\/div>\n<\/div>\n\n\n<div class=\"post-entry-content\">\n\n\t<h3 class=\"entry-title\">\n\t\t<a href=\"https:\/\/broz.sk\/en\/monitoring-of-amphibians-of-the-danube-floodplains-2022\/\" title=\"Monitoring of amphibians of the Danube floodplains 2022\" rel=\"bookmark\">Monitoring of amphibians of the Danube floodplains 2022<\/a>\n\t<\/h3>\n\n\t<div class=\"entry-meta\"><a href=\"https:\/\/broz.sk\/en\/2023\/02\/15\/\" title=\"16:49\" class=\"data-link\" rel=\"bookmark\"><time class=\"entry-date updated\" datetime=\"2023-02-15T16:49:08+01:00\">15. February 2023<\/time><\/a><\/div>\n\t<div class=\"entry-excerpt\"><p>In the frame of the project LIFE Danube floodplains monitoring of amphibians continued also during the 2022 season. Several areas within six locations were monitored. Amphibian reproduction was greatly affected by the simulated flooding regime.<\/p>\n<\/div>\n\t\n<a href=\"https:\/\/broz.sk\/en\/monitoring-of-amphibians-of-the-danube-floodplains-2022\/\" class=\"post-details details-type-link\" aria-label=\"Read more about Monitoring of amphibians of the Danube floodplains 2022\">Read more<i class=\"dt-icon-the7-arrow-03\" aria-hidden=\"true\"><\/i><\/a>\n\n<\/div><\/article><article class=\"post project-odd hidden post-34992 type-post status-publish format-standard has-post-thumbnail hentry category-protection-of-habitats pmpro-has-access category-31 description-off\" data-name=\"The top of the Beckovsk\u00e9 skalice site is suitable for &#8220;hilltopping&#8221; after clearing.\" data-date=\"2023-02-15T13:13:13+01:00\">\n\n<div class=\"post-thumbnail-wrap\">\n\t<div class=\"post-thumbnail\">\n\n\t\t\n\t\t\n\t\t<a href=\"https:\/\/broz.sk\/en\/clearing-the-top-of-the-beckovske-skalice-site-for-hilltopping-mating-of-endangered-butterflies\/\" class=\"post-thumbnail-rollover layzr-bg layzr-bg\" ><img decoding=\"async\" class=\"blog-thumb-lazy-load preload-me lazy-load aspect\" src=\"data:image\/svg+xml,%3Csvg%20xmlns%3D&#39;http%3A%2F%2Fwww.w3.org%2F2000%2Fsvg&#39;%20viewBox%3D&#39;0%200%20768%20576&#39;%2F%3E\" data-src=\"https:\/\/broz.sk\/wp-content\/uploads\/2024\/02\/DSCN8366-768x576.jpg\" data-srcset=\"https:\/\/broz.sk\/wp-content\/uploads\/2024\/02\/DSCN8366-768x576.jpg 768w, https:\/\/broz.sk\/wp-content\/uploads\/2024\/02\/DSCN8366-1306x979.jpg 1306w\" loading=\"eager\" style=\"--ratio: 768 \/ 576\" sizes=\"(max-width: 768px) 100vw, 768px\" alt=\"\" title=\"DSCN8366\" width=\"768\" height=\"576\"  \/><\/a>\n\t<\/div>\n<\/div>\n\n\n<div class=\"post-entry-content\">\n\n\t<h3 class=\"entry-title\">\n\t\t<a href=\"https:\/\/broz.sk\/en\/clearing-the-top-of-the-beckovske-skalice-site-for-hilltopping-mating-of-endangered-butterflies\/\" title=\"The top of the Beckovsk\u00e9 skalice site is suitable for &#8220;hilltopping&#8221; after clearing.\" rel=\"bookmark\">The top of the Beckovsk\u00e9 skalice site is suitable for &#8220;hilltopping&#8221; after clearing.<\/a>\n\t<\/h3>\n\n\t<div class=\"entry-meta\"><a href=\"https:\/\/broz.sk\/en\/2023\/02\/15\/\" title=\"13:13\" class=\"data-link\" rel=\"bookmark\"><time class=\"entry-date updated\" datetime=\"2023-02-15T13:13:13+01:00\">15. February 2023<\/time><\/a><\/div>\n\t<div class=\"entry-excerpt\"><p>&#8220;Hilltopping&#8221; is a mating strategy in which insect adults seek out elevated, unvegetated sites in the landscape where their courtship flights and mating take place. <\/p>\n<\/div>\n\t\n<a href=\"https:\/\/broz.sk\/en\/clearing-the-top-of-the-beckovske-skalice-site-for-hilltopping-mating-of-endangered-butterflies\/\" class=\"post-details details-type-link\" aria-label=\"Read more about The top of the Beckovsk\u00e9 skalice site is suitable for &#8220;hilltopping&#8221; after clearing.\">Read more<i class=\"dt-icon-the7-arrow-03\" aria-hidden=\"true\"><\/i><\/a>\n\n<\/div><\/article><article class=\"post project-odd hidden post-34988 type-post status-publish format-standard has-post-thumbnail hentry category-protection-of-habitats pmpro-has-access category-31 description-off\" data-name=\"We&#8217;ve prepared suitable butterfly habitats in Beckovsk\u00e9 skalice.\" data-date=\"2023-02-15T13:08:26+01:00\">\n\n<div class=\"post-thumbnail-wrap\">\n\t<div class=\"post-thumbnail\">\n\n\t\t\n\t\t\n\t\t<a href=\"https:\/\/broz.sk\/en\/weve-prepared-suitable-butterfly-habitats-in-beckovske-skalice\/\" class=\"post-thumbnail-rollover layzr-bg layzr-bg\" ><img decoding=\"async\" class=\"blog-thumb-lazy-load preload-me lazy-load aspect\" src=\"data:image\/svg+xml,%3Csvg%20xmlns%3D&#39;http%3A%2F%2Fwww.w3.org%2F2000%2Fsvg&#39;%20viewBox%3D&#39;0%200%20768%20576&#39;%2F%3E\" data-src=\"https:\/\/broz.sk\/wp-content\/uploads\/2024\/02\/P1040085-768x576.jpg\" data-srcset=\"https:\/\/broz.sk\/wp-content\/uploads\/2024\/02\/P1040085-768x576.jpg 768w, https:\/\/broz.sk\/wp-content\/uploads\/2024\/02\/P1040085-1306x979.jpg 1306w\" loading=\"eager\" style=\"--ratio: 768 \/ 576\" sizes=\"(max-width: 768px) 100vw, 768px\" alt=\"\" title=\"P1040085\" width=\"768\" height=\"576\"  \/><\/a>\n\t<\/div>\n<\/div>\n\n\n<div class=\"post-entry-content\">\n\n\t<h3 class=\"entry-title\">\n\t\t<a href=\"https:\/\/broz.sk\/en\/weve-prepared-suitable-butterfly-habitats-in-beckovske-skalice\/\" title=\"We&#8217;ve prepared suitable butterfly habitats in Beckovsk\u00e9 skalice.\" rel=\"bookmark\">We&#8217;ve prepared suitable butterfly habitats in Beckovsk\u00e9 skalice.<\/a>\n\t<\/h3>\n\n\t<div class=\"entry-meta\"><a href=\"https:\/\/broz.sk\/en\/2023\/02\/15\/\" title=\"13:08\" class=\"data-link\" rel=\"bookmark\"><time class=\"entry-date updated\" datetime=\"2023-02-15T13:08:26+01:00\">15. February 2023<\/time><\/a><\/div>\n\t<div class=\"entry-excerpt\"><p>In the area of European importance Beckovsk\u00e9 skalice we cleared the piles of rubble and rocks in the old stone quarry. The piles are made of rubble and rocks left behind after mining. Such spots &#8211; when sufficiently illuminated and covered with sparse vegetation cover and exposed substrate &#8211; are habitats not only for xerophyte butterfly species, but also for grasshoppers, spiders and Hymenoptera species.<\/p>\n<\/div>\n\t\n<a href=\"https:\/\/broz.sk\/en\/weve-prepared-suitable-butterfly-habitats-in-beckovske-skalice\/\" class=\"post-details details-type-link\" aria-label=\"Read more about We&#8217;ve prepared suitable butterfly habitats in Beckovsk\u00e9 skalice.\">Read more<i class=\"dt-icon-the7-arrow-03\" aria-hidden=\"true\"><\/i><\/a>\n\n<\/div><\/article><article class=\"post project-odd hidden post-34996 type-post status-publish format-standard has-post-thumbnail hentry category-protection-of-habitats pmpro-has-access category-31 description-off\" data-name=\"Clearing sites in the Beckovsk\u00e9 skalice area vol.1\" data-date=\"2023-02-10T13:15:51+01:00\">\n\n<div class=\"post-thumbnail-wrap\">\n\t<div class=\"post-thumbnail\">\n\n\t\t\n\t\t\n\t\t<a href=\"https:\/\/broz.sk\/en\/clearing-sites-in-the-beckovske-skalice-area-vol-1\/\" class=\"post-thumbnail-rollover layzr-bg layzr-bg\" ><img decoding=\"async\" class=\"blog-thumb-lazy-load preload-me lazy-load aspect\" src=\"data:image\/svg+xml,%3Csvg%20xmlns%3D&#39;http%3A%2F%2Fwww.w3.org%2F2000%2Fsvg&#39;%20viewBox%3D&#39;0%200%20768%20576&#39;%2F%3E\" data-src=\"https:\/\/broz.sk\/wp-content\/uploads\/2024\/02\/P1040208-768x576.jpg\" data-srcset=\"https:\/\/broz.sk\/wp-content\/uploads\/2024\/02\/P1040208-768x576.jpg 768w, https:\/\/broz.sk\/wp-content\/uploads\/2024\/02\/P1040208-1306x979.jpg 1306w\" loading=\"eager\" style=\"--ratio: 768 \/ 576\" sizes=\"(max-width: 768px) 100vw, 768px\" alt=\"\" title=\"P1040208\" width=\"768\" height=\"576\"  \/><\/a>\n\t<\/div>\n<\/div>\n\n\n<div class=\"post-entry-content\">\n\n\t<h3 class=\"entry-title\">\n\t\t<a href=\"https:\/\/broz.sk\/en\/clearing-sites-in-the-beckovske-skalice-area-vol-1\/\" title=\"Clearing sites in the Beckovsk\u00e9 skalice area vol.1\" rel=\"bookmark\">Clearing sites in the Beckovsk\u00e9 skalice area vol.1<\/a>\n\t<\/h3>\n\n\t<div class=\"entry-meta\"><a href=\"https:\/\/broz.sk\/en\/2023\/02\/10\/\" title=\"13:15\" class=\"data-link\" rel=\"bookmark\"><time class=\"entry-date updated\" datetime=\"2023-02-10T13:15:51+01:00\">10. February 2023<\/time><\/a><\/div>\n\t<div class=\"entry-excerpt\"><p>Most species of butterflies, as well as other pollinators, are unable to survive for long periods in small isolated habitats that become overgrown with woody vegetation that prevents access to light. <\/p>\n<\/div>\n\t\n<a href=\"https:\/\/broz.sk\/en\/clearing-sites-in-the-beckovske-skalice-area-vol-1\/\" class=\"post-details details-type-link\" aria-label=\"Read more about Clearing sites in the Beckovsk\u00e9 skalice area vol.1\">Read more<i class=\"dt-icon-the7-arrow-03\" aria-hidden=\"true\"><\/i><\/a>\n\n<\/div><\/article><article class=\"post project-odd hidden post-40832 type-post status-publish format-standard has-post-thumbnail hentry category-protection-of-habitats pmpro-has-access category-31 description-off\" data-name=\"We cleared Ve\u013ek\u00fd Kopec and prepared it for grazing.\" data-date=\"2023-02-09T16:12:56+01:00\">\n\n<div class=\"post-thumbnail-wrap\">\n\t<div class=\"post-thumbnail\">\n\n\t\t\n\t\t\n\t\t<a href=\"https:\/\/broz.sk\/en\/we-cleared-velky-kopec-and-prepared-it-for-grazing\/\" class=\"post-thumbnail-rollover layzr-bg layzr-bg\" ><img decoding=\"async\" class=\"blog-thumb-lazy-load preload-me lazy-load aspect\" src=\"data:image\/svg+xml,%3Csvg%20xmlns%3D&#39;http%3A%2F%2Fwww.w3.org%2F2000%2Fsvg&#39;%20viewBox%3D&#39;0%200%20768%20576&#39;%2F%3E\" data-src=\"https:\/\/broz.sk\/wp-content\/uploads\/2023\/02\/2-3-scaled-768x576.jpg\" data-srcset=\"https:\/\/broz.sk\/wp-content\/uploads\/2023\/02\/2-3-scaled-768x576.jpg 768w, https:\/\/broz.sk\/wp-content\/uploads\/2023\/02\/2-3-scaled-1306x979.jpg 1306w\" loading=\"eager\" style=\"--ratio: 768 \/ 576\" sizes=\"(max-width: 768px) 100vw, 768px\" alt=\"\" title=\"2 (3)\" width=\"768\" height=\"576\"  \/><\/a>\n\t<\/div>\n<\/div>\n\n\n<div class=\"post-entry-content\">\n\n\t<h3 class=\"entry-title\">\n\t\t<a href=\"https:\/\/broz.sk\/en\/we-cleared-velky-kopec-and-prepared-it-for-grazing\/\" title=\"We cleared Ve\u013ek\u00fd Kopec and prepared it for grazing.\" rel=\"bookmark\">We cleared Ve\u013ek\u00fd Kopec and prepared it for grazing.<\/a>\n\t<\/h3>\n\n\t<div class=\"entry-meta\"><a href=\"https:\/\/broz.sk\/en\/2023\/02\/09\/\" title=\"16:12\" class=\"data-link\" rel=\"bookmark\"><time class=\"entry-date updated\" datetime=\"2023-02-09T16:12:56+01:00\">9. February 2023<\/time><\/a><\/div>\n\t<div class=\"entry-excerpt\"><p>Ve\u013ek\u00fd Kopec shook beneath us!<br \/>\nOver the weekend, we went there to work hard with volunteers, removing invasive plants and creating more space for goat grazing.<\/p>\n<\/div>\n\t\n<a href=\"https:\/\/broz.sk\/en\/we-cleared-velky-kopec-and-prepared-it-for-grazing\/\" class=\"post-details details-type-link\" aria-label=\"Read more about We cleared Ve\u013ek\u00fd Kopec and prepared it for grazing.\">Read more<i class=\"dt-icon-the7-arrow-03\" aria-hidden=\"true\"><\/i><\/a>\n\n<\/div><\/article><article class=\"post project-odd hidden post-29673 type-post status-publish format-standard has-post-thumbnail hentry category-protection-of-habitats pmpro-has-access category-31 description-off\" data-name=\"The number of ground squirrels in Slovakia rose from 28,000 to 36,000\" data-date=\"2023-01-05T11:49:49+01:00\">\n\n<div class=\"post-thumbnail-wrap\">\n\t<div class=\"post-thumbnail\">\n\n\t\t\n\t\t\n\t\t<a href=\"https:\/\/broz.sk\/en\/the-number-of-ground-squirrels-in-slovakia-rose-from-28000-to-36000\/\" class=\"post-thumbnail-rollover layzr-bg layzr-bg\" ><img decoding=\"async\" class=\"blog-thumb-lazy-load preload-me lazy-load aspect\" src=\"data:image\/svg+xml,%3Csvg%20xmlns%3D&#39;http%3A%2F%2Fwww.w3.org%2F2000%2Fsvg&#39;%20viewBox%3D&#39;0%200%20768%20576&#39;%2F%3E\" data-src=\"https:\/\/broz.sk\/wp-content\/uploads\/2023\/01\/DSCF0084-scaled-768x576.jpg\" data-srcset=\"https:\/\/broz.sk\/wp-content\/uploads\/2023\/01\/DSCF0084-scaled-768x576.jpg 768w, https:\/\/broz.sk\/wp-content\/uploads\/2023\/01\/DSCF0084-scaled-1306x979.jpg 1306w\" loading=\"eager\" style=\"--ratio: 768 \/ 576\" sizes=\"(max-width: 768px) 100vw, 768px\" alt=\"syse\u013e pasienkov\u00fd\" title=\"DSCF0084\" width=\"768\" height=\"576\"  \/><\/a>\n\t<\/div>\n<\/div>\n\n\n<div class=\"post-entry-content\">\n\n\t<h3 class=\"entry-title\">\n\t\t<a href=\"https:\/\/broz.sk\/en\/the-number-of-ground-squirrels-in-slovakia-rose-from-28000-to-36000\/\" title=\"The number of ground squirrels in Slovakia rose from 28,000 to 36,000\" rel=\"bookmark\">The number of ground squirrels in Slovakia rose from 28,000 to 36,000<\/a>\n\t<\/h3>\n\n\t<div class=\"entry-meta\"><a href=\"https:\/\/broz.sk\/en\/2023\/01\/05\/\" title=\"11:49\" class=\"data-link\" rel=\"bookmark\"><time class=\"entry-date updated\" datetime=\"2023-01-05T11:49:49+01:00\">5. January 2023<\/time><\/a><\/div>\n\t<div class=\"entry-excerpt\"><p>In 2019, the ground squirrel was listed as critically endangered on the IUCN Red List, and population curves throughout Europe show a continuing downward trend.<br \/>\nDespite these trends, the number of Slovak ground squirrels continues to increase after decades. Thanks to nothing else than the LIFE Sysel project.<\/p>\n<\/div>\n\t\n<a href=\"https:\/\/broz.sk\/en\/the-number-of-ground-squirrels-in-slovakia-rose-from-28000-to-36000\/\" class=\"post-details details-type-link\" aria-label=\"Read more about The number of ground squirrels in Slovakia rose from 28,000 to 36,000\">Read more<i class=\"dt-icon-the7-arrow-03\" aria-hidden=\"true\"><\/i><\/a>\n\n<\/div><\/article><article class=\"post project-odd hidden post-20379 type-post status-publish format-standard has-post-thumbnail hentry category-0-en pmpro-has-access category-43 description-off\" data-name=\"Visit of water management facilities in Hungary\" data-date=\"2022-12-19T14:35:45+01:00\">\n\n<div class=\"post-thumbnail-wrap\">\n\t<div class=\"post-thumbnail\">\n\n\t\t\n\t\t\n\t\t<a href=\"https:\/\/broz.sk\/en\/visit-of-water-management-facilities-in-hungary\/\" class=\"post-thumbnail-rollover layzr-bg layzr-bg\" ><img decoding=\"async\" class=\"blog-thumb-lazy-load preload-me lazy-load aspect\" src=\"data:image\/svg+xml,%3Csvg%20xmlns%3D&#39;http%3A%2F%2Fwww.w3.org%2F2000%2Fsvg&#39;%20viewBox%3D&#39;0%200%20768%20576&#39;%2F%3E\" data-src=\"https:\/\/broz.sk\/wp-content\/uploads\/2022\/12\/IMG_20221208_105139-scaled-768x576.jpg\" data-srcset=\"https:\/\/broz.sk\/wp-content\/uploads\/2022\/12\/IMG_20221208_105139-scaled-768x576.jpg 768w, https:\/\/broz.sk\/wp-content\/uploads\/2022\/12\/IMG_20221208_105139-scaled-1306x979.jpg 1306w\" loading=\"eager\" style=\"--ratio: 768 \/ 576\" sizes=\"(max-width: 768px) 100vw, 768px\" alt=\"Hradidl\u00e1 v Ma\u010farsku\" title=\"IMG_20221208_105139\" width=\"768\" height=\"576\"  \/><\/a>\n\t<\/div>\n<\/div>\n\n\n<div class=\"post-entry-content\">\n\n\t<h3 class=\"entry-title\">\n\t\t<a href=\"https:\/\/broz.sk\/en\/visit-of-water-management-facilities-in-hungary\/\" title=\"Visit of water management facilities in Hungary\" rel=\"bookmark\">Visit of water management facilities in Hungary<\/a>\n\t<\/h3>\n\n\t<div class=\"entry-meta\"><a href=\"https:\/\/broz.sk\/en\/2022\/12\/19\/\" title=\"14:35\" class=\"data-link\" rel=\"bookmark\"><time class=\"entry-date updated\" datetime=\"2022-12-19T14:35:45+01:00\">19. December 2022<\/time><\/a><\/div>\n\t<div class=\"entry-excerpt\"><p>As part of networking with other organizations, we initiated a visit of technical water management facilities in Hungary in V\u00e1mosszabadi and \u00c1sv\u00e1nyr\u00e1r\u00f3 in December.<\/p>\n<\/div>\n\t\n<a href=\"https:\/\/broz.sk\/en\/visit-of-water-management-facilities-in-hungary\/\" class=\"post-details details-type-link\" aria-label=\"Read more about Visit of water management facilities in Hungary\">Read more<i class=\"dt-icon-the7-arrow-03\" aria-hidden=\"true\"><\/i><\/a>\n\n<\/div><\/article><article class=\"post project-odd hidden post-20387 type-post status-publish format-standard has-post-thumbnail hentry category-0-en pmpro-has-access category-43 description-off\" data-name=\"Networking with LIFE Isar project\" data-date=\"2022-12-16T14:43:44+01:00\">\n\n<div class=\"post-thumbnail-wrap\">\n\t<div class=\"post-thumbnail\">\n\n\t\t\n\t\t\n\t\t<a href=\"https:\/\/broz.sk\/en\/networking-with-life-isar-project\/\" class=\"post-thumbnail-rollover layzr-bg layzr-bg\" ><img decoding=\"async\" class=\"blog-thumb-lazy-load preload-me lazy-load aspect\" src=\"data:image\/svg+xml,%3Csvg%20xmlns%3D&#39;http%3A%2F%2Fwww.w3.org%2F2000%2Fsvg&#39;%20viewBox%3D&#39;0%200%20768%20576&#39;%2F%3E\" data-src=\"https:\/\/broz.sk\/wp-content\/uploads\/2022\/12\/IMG_20221206_151219-scaled-768x576.jpg\" data-srcset=\"https:\/\/broz.sk\/wp-content\/uploads\/2022\/12\/IMG_20221206_151219-scaled-768x576.jpg 768w, https:\/\/broz.sk\/wp-content\/uploads\/2022\/12\/IMG_20221206_151219-scaled-1306x979.jpg 1306w\" loading=\"eager\" style=\"--ratio: 768 \/ 576\" sizes=\"(max-width: 768px) 100vw, 768px\" alt=\"Z\u00e1stupcovia projektu LIFE Isar pri brehu Dunaja\" title=\"IMG_20221206_151219\" width=\"768\" height=\"576\"  \/><\/a>\n\t<\/div>\n<\/div>\n\n\n<div class=\"post-entry-content\">\n\n\t<h3 class=\"entry-title\">\n\t\t<a href=\"https:\/\/broz.sk\/en\/networking-with-life-isar-project\/\" title=\"Networking with LIFE Isar project\" rel=\"bookmark\">Networking with LIFE Isar project<\/a>\n\t<\/h3>\n\n\t<div class=\"entry-meta\"><a href=\"https:\/\/broz.sk\/en\/2022\/12\/16\/\" title=\"14:43\" class=\"data-link\" rel=\"bookmark\"><time class=\"entry-date updated\" datetime=\"2022-12-16T14:43:44+01:00\">16. December 2022<\/time><\/a><\/div>\n\t<div class=\"entry-excerpt\"><p>Between 5.-7. of December we welcomed a delegation from Germany. Representatives of the LIFE Isar project visited our project area. Together we discussed the management and financing of project activities, conservation problems and possible solutions and visited several of our locations.<\/p>\n<\/div>\n\t\n<a href=\"https:\/\/broz.sk\/en\/networking-with-life-isar-project\/\" class=\"post-details details-type-link\" aria-label=\"Read more about Networking with LIFE Isar project\">Read more<i class=\"dt-icon-the7-arrow-03\" aria-hidden=\"true\"><\/i><\/a>\n\n<\/div><\/article><article class=\"post project-odd hidden post-40827 type-post status-publish format-standard has-post-thumbnail hentry category-protection-of-habitats pmpro-has-access category-31 description-off\" data-name=\"We support biodiversity by creating wood pastures.\" data-date=\"2022-12-06T16:10:42+01:00\">\n\n<div class=\"post-thumbnail-wrap\">\n\t<div class=\"post-thumbnail\">\n\n\t\t\n\t\t\n\t\t<a href=\"https:\/\/broz.sk\/en\/we-support-biodiversity-by-creating-wood-pastures\/\" class=\"post-thumbnail-rollover layzr-bg layzr-bg\" ><img decoding=\"async\" class=\"blog-thumb-lazy-load preload-me lazy-load aspect\" src=\"data:image\/svg+xml,%3Csvg%20xmlns%3D&#39;http%3A%2F%2Fwww.w3.org%2F2000%2Fsvg&#39;%20viewBox%3D&#39;0%200%20768%20576&#39;%2F%3E\" data-src=\"https:\/\/broz.sk\/wp-content\/uploads\/2022\/12\/DJI_0876-scaled-768x576.jpg\" data-srcset=\"https:\/\/broz.sk\/wp-content\/uploads\/2022\/12\/DJI_0876-scaled-768x576.jpg 768w, https:\/\/broz.sk\/wp-content\/uploads\/2022\/12\/DJI_0876-scaled-1306x979.jpg 1306w\" loading=\"eager\" style=\"--ratio: 768 \/ 576\" sizes=\"(max-width: 768px) 100vw, 768px\" alt=\"Pasienkov\u00fd les\" title=\"default\" width=\"768\" height=\"576\"  \/><\/a>\n\t<\/div>\n<\/div>\n\n\n<div class=\"post-entry-content\">\n\n\t<h3 class=\"entry-title\">\n\t\t<a href=\"https:\/\/broz.sk\/en\/we-support-biodiversity-by-creating-wood-pastures\/\" title=\"We support biodiversity by creating wood pastures.\" rel=\"bookmark\">We support biodiversity by creating wood pastures.<\/a>\n\t<\/h3>\n\n\t<div class=\"entry-meta\"><a href=\"https:\/\/broz.sk\/en\/2022\/12\/06\/\" title=\"16:10\" class=\"data-link\" rel=\"bookmark\"><time class=\"entry-date updated\" datetime=\"2022-12-06T16:10:42+01:00\">6. December 2022<\/time><\/a><\/div>\n\t<div class=\"entry-excerpt\"><p>We have begun restoring a wood pasture in Podunajsk\u00e9 Biskupice. Grazing by domestic animals was once a natural part of this area. However, due to the decline of grazing, the land has become largely overgrown with self-seeded trees as well as various invasive plant species. We have therefore decided to curb this overgrowth through grazing by a mixed herd of sheep and goats.<\/p>\n<\/div>\n\t\n<a href=\"https:\/\/broz.sk\/en\/we-support-biodiversity-by-creating-wood-pastures\/\" class=\"post-details details-type-link\" aria-label=\"Read more about We support biodiversity by creating wood pastures.\">Read more<i class=\"dt-icon-the7-arrow-03\" aria-hidden=\"true\"><\/i><\/a>\n\n<\/div><\/article><article class=\"post project-odd hidden post-39251 type-post status-publish format-standard has-post-thumbnail hentry category-protection-of-habitats pmpro-has-access category-31 description-off\" data-name=\"\u00a0Launching the LIFE 4 STEPPE BIRDS Project!\" data-date=\"2022-12-01T13:41:20+01:00\">\n\n<div class=\"post-thumbnail-wrap\">\n\t<div class=\"post-thumbnail\">\n\n\t\t\n\t\t\n\t\t<a href=\"https:\/\/broz.sk\/en\/launching-the-life-4-steppe-birds-project\/\" class=\"post-thumbnail-rollover layzr-bg layzr-bg\" ><img decoding=\"async\" class=\"blog-thumb-lazy-load preload-me lazy-load aspect\" src=\"data:image\/svg+xml,%3Csvg%20xmlns%3D&#39;http%3A%2F%2Fwww.w3.org%2F2000%2Fsvg&#39;%20viewBox%3D&#39;0%200%20506%20380&#39;%2F%3E\" data-src=\"https:\/\/broz.sk\/wp-content\/uploads\/2025\/07\/15.-Zaciname-s-projektom-LIFE-4-STEPPE-BIRDS-506x380.jpg\" data-srcset=\"https:\/\/broz.sk\/wp-content\/uploads\/2025\/07\/15.-Zaciname-s-projektom-LIFE-4-STEPPE-BIRDS-506x380.jpg 506w\" loading=\"eager\" style=\"--ratio: 506 \/ 380\" sizes=\"(max-width: 506px) 100vw, 506px\" alt=\"Za\u010d\u00edname s projektom LIFE 4 STEPPE BIRDS\" title=\"15. Za\u010d\u00edname s projektom LIFE 4 STEPPE BIRDS\" width=\"506\" height=\"380\"  \/><\/a>\n\t<\/div>\n<\/div>\n\n\n<div class=\"post-entry-content\">\n\n\t<h3 class=\"entry-title\">\n\t\t<a href=\"https:\/\/broz.sk\/en\/launching-the-life-4-steppe-birds-project\/\" title=\"\u00a0Launching the LIFE 4 STEPPE BIRDS Project!\" rel=\"bookmark\">\u00a0Launching the LIFE 4 STEPPE BIRDS Project!<\/a>\n\t<\/h3>\n\n\t<div class=\"entry-meta\"><a href=\"https:\/\/broz.sk\/en\/2022\/12\/01\/\" title=\"13:41\" class=\"data-link\" rel=\"bookmark\"><time class=\"entry-date updated\" datetime=\"2022-12-01T13:41:20+01:00\">1. December 2022<\/time><\/a><\/div>\n\t<div class=\"entry-excerpt\"><p>We\u2019re proud to announce the start of our new LIFE project, LIFE21-NAT-SK-LIFE 4 STEPPE BIRDS \u2013 Conservation and Return of Steppe Bird Species to the Lowlands of Slovakia.<\/p>\n<\/div>\n\t\n<a href=\"https:\/\/broz.sk\/en\/launching-the-life-4-steppe-birds-project\/\" class=\"post-details details-type-link\" aria-label=\"Read more about \u00a0Launching the LIFE 4 STEPPE BIRDS Project!\">Read more<i class=\"dt-icon-the7-arrow-03\" aria-hidden=\"true\"><\/i><\/a>\n\n<\/div><\/article><article class=\"post project-odd hidden post-29676 type-post status-publish format-standard has-post-thumbnail hentry category-protection-of-habitats pmpro-has-access category-31 description-off\" data-name=\"We are planting trees for ground squirrel\" data-date=\"2022-12-01T12:02:45+01:00\">\n\n<div class=\"post-thumbnail-wrap\">\n\t<div class=\"post-thumbnail\">\n\n\t\t\n\t\t\n\t\t<a href=\"https:\/\/broz.sk\/en\/we-are-planting-trees-for-ground-squirrel\/\" class=\"post-thumbnail-rollover layzr-bg layzr-bg\" ><img decoding=\"async\" class=\"blog-thumb-lazy-load preload-me lazy-load aspect\" src=\"data:image\/svg+xml,%3Csvg%20xmlns%3D&#39;http%3A%2F%2Fwww.w3.org%2F2000%2Fsvg&#39;%20viewBox%3D&#39;0%200%20768%20576&#39;%2F%3E\" data-src=\"https:\/\/broz.sk\/wp-content\/uploads\/2023\/01\/318000000_6270116369684423_5440892874058286342_n-768x576.jpg\" data-srcset=\"https:\/\/broz.sk\/wp-content\/uploads\/2023\/01\/318000000_6270116369684423_5440892874058286342_n-768x576.jpg 768w, https:\/\/broz.sk\/wp-content\/uploads\/2023\/01\/318000000_6270116369684423_5440892874058286342_n-1306x979.jpg 1306w\" loading=\"eager\" style=\"--ratio: 768 \/ 576\" sizes=\"(max-width: 768px) 100vw, 768px\" alt=\"sadenie stromov pre sys\u013ea\" title=\"318000000_6270116369684423_5440892874058286342_n\" width=\"768\" height=\"576\"  \/><\/a>\n\t<\/div>\n<\/div>\n\n\n<div class=\"post-entry-content\">\n\n\t<h3 class=\"entry-title\">\n\t\t<a href=\"https:\/\/broz.sk\/en\/we-are-planting-trees-for-ground-squirrel\/\" title=\"We are planting trees for ground squirrel\" rel=\"bookmark\">We are planting trees for ground squirrel<\/a>\n\t<\/h3>\n\n\t<div class=\"entry-meta\"><a href=\"https:\/\/broz.sk\/en\/2022\/12\/01\/\" title=\"12:02\" class=\"data-link\" rel=\"bookmark\"><time class=\"entry-date updated\" datetime=\"2022-12-01T12:02:45+01:00\">1. December 2022<\/time><\/a><\/div>\n\t<div class=\"entry-excerpt\"><p>Today we planted fruit trees at the \u010eurkovec sys\u013eovisko near Tom\u00e1\u0161ovsk\u00fd v\u00fdh\u013ead in Slovak paradise. It was a great and useful event and we thank everyone who participated. All of us are looking forward to the harvest, both for us and for the groundhogs.<\/p>\n<\/div>\n\t\n<a href=\"https:\/\/broz.sk\/en\/we-are-planting-trees-for-ground-squirrel\/\" class=\"post-details details-type-link\" aria-label=\"Read more about We are planting trees for ground squirrel\">Read more<i class=\"dt-icon-the7-arrow-03\" aria-hidden=\"true\"><\/i><\/a>\n\n<\/div><\/article><article class=\"post project-odd hidden post-29711 type-post status-publish format-standard has-post-thumbnail hentry category-uncategorized tag-white-carpatians tag-volunteers pmpro-has-access category-22 description-off\" data-name=\"We have taken a small step for humanity in the White Carpathians, but a big step for nature\" data-date=\"2022-11-22T12:54:57+01:00\">\n\n<div class=\"post-thumbnail-wrap\">\n\t<div class=\"post-thumbnail\">\n\n\t\t\n\t\t\n\t\t<a href=\"https:\/\/broz.sk\/en\/we-have-taken-a-small-step-for-humanity-in-the-white-carpathians-but-a-big-step-for-nature\/\" class=\"post-thumbnail-rollover layzr-bg layzr-bg\" ><img decoding=\"async\" class=\"blog-thumb-lazy-load preload-me lazy-load aspect\" src=\"data:image\/svg+xml,%3Csvg%20xmlns%3D&#39;http%3A%2F%2Fwww.w3.org%2F2000%2Fsvg&#39;%20viewBox%3D&#39;0%200%20768%20576&#39;%2F%3E\" data-src=\"https:\/\/broz.sk\/wp-content\/uploads\/2022\/11\/DSC07764-scaled-768x576.jpg\" data-srcset=\"https:\/\/broz.sk\/wp-content\/uploads\/2022\/11\/DSC07764-scaled-768x576.jpg 768w, https:\/\/broz.sk\/wp-content\/uploads\/2022\/11\/DSC07764-scaled-1306x979.jpg 1306w\" loading=\"eager\" style=\"--ratio: 768 \/ 576\" sizes=\"(max-width: 768px) 100vw, 768px\" alt=\"Dobrovo\u013en\u00edci v Bielych Karpatoch\" title=\"DSC07764\" width=\"768\" height=\"576\"  \/><\/a>\n\t<\/div>\n<\/div>\n\n\n<div class=\"post-entry-content\">\n\n\t<h3 class=\"entry-title\">\n\t\t<a href=\"https:\/\/broz.sk\/en\/we-have-taken-a-small-step-for-humanity-in-the-white-carpathians-but-a-big-step-for-nature\/\" title=\"We have taken a small step for humanity in the White Carpathians, but a big step for nature\" rel=\"bookmark\">We have taken a small step for humanity in the White Carpathians, but a big step for nature<\/a>\n\t<\/h3>\n\n\t<div class=\"entry-meta\"><a href=\"https:\/\/broz.sk\/en\/2022\/11\/22\/\" title=\"12:54\" class=\"data-link\" rel=\"bookmark\"><time class=\"entry-date updated\" datetime=\"2022-11-22T12:54:57+01:00\">22. November 2022<\/time><\/a><\/div>\n\t<div class=\"entry-excerpt\"><p>Grazing restoration is one of the golas of the project LIFE Panalp, from which the weekend activity was financially supported. In White Carpathians we are grazing goats in more localities already so we started now also in Babin\u00e1 and we hope that the butterfly king will be atracted back to the locality.<\/p>\n<\/div>\n\t\n<a href=\"https:\/\/broz.sk\/en\/we-have-taken-a-small-step-for-humanity-in-the-white-carpathians-but-a-big-step-for-nature\/\" class=\"post-details details-type-link\" aria-label=\"Read more about We have taken a small step for humanity in the White Carpathians, but a big step for nature\">Read more<i class=\"dt-icon-the7-arrow-03\" aria-hidden=\"true\"><\/i><\/a>\n\n<\/div><\/article><article class=\"post project-odd hidden post-28932 type-post status-publish format-standard has-post-thumbnail hentry category-protection-of-habitats pmpro-has-access category-31 description-off\" data-name=\"Tidying up the \u010cili\u017e brook\" data-date=\"2022-11-21T11:30:13+01:00\">\n\n<div class=\"post-thumbnail-wrap\">\n\t<div class=\"post-thumbnail\">\n\n\t\t\n\t\t\n\t\t<a href=\"https:\/\/broz.sk\/en\/tidying-up-the-ciliz-brook\/\" class=\"post-thumbnail-rollover layzr-bg layzr-bg\" ><img decoding=\"async\" class=\"blog-thumb-lazy-load preload-me lazy-load aspect\" src=\"data:image\/svg+xml,%3Csvg%20xmlns%3D&#39;http%3A%2F%2Fwww.w3.org%2F2000%2Fsvg&#39;%20viewBox%3D&#39;0%200%20768%20576&#39;%2F%3E\" data-src=\"https:\/\/broz.sk\/wp-content\/uploads\/2022\/11\/Sni\u0301mka-obrazovky-2022-11-21-o-14.48.45-768x576.jpg\" data-srcset=\"https:\/\/broz.sk\/wp-content\/uploads\/2022\/11\/Sni\u0301mka-obrazovky-2022-11-21-o-14.48.45-768x576.jpg 768w, https:\/\/broz.sk\/wp-content\/uploads\/2022\/11\/Sni\u0301mka-obrazovky-2022-11-21-o-14.48.45-957x718.jpg 957w\" loading=\"eager\" style=\"--ratio: 768 \/ 576\" sizes=\"(max-width: 768px) 100vw, 768px\" alt=\"Pred upratan\u00edm\" title=\"Sni\u0301mka obrazovky 2022-11-21 o 14.48.45\" width=\"768\" height=\"576\"  \/><\/a>\n\t<\/div>\n<\/div>\n\n\n<div class=\"post-entry-content\">\n\n\t<h3 class=\"entry-title\">\n\t\t<a href=\"https:\/\/broz.sk\/en\/tidying-up-the-ciliz-brook\/\" title=\"Tidying up the \u010cili\u017e brook\" rel=\"bookmark\">Tidying up the \u010cili\u017e brook<\/a>\n\t<\/h3>\n\n\t<div class=\"entry-meta\"><a href=\"https:\/\/broz.sk\/en\/2022\/11\/21\/\" title=\"11:30\" class=\"data-link\" rel=\"bookmark\"><time class=\"entry-date updated\" datetime=\"2022-11-21T11:30:13+01:00\">21. November 2022<\/time><\/a><\/div>\n\t<div class=\"entry-excerpt\"><p>On Saturday 19th of November, together with volunteers we have started working on tidying up the \u010cili\u017e brook. The brook flows nearby a landfill in Ve\u013ek\u00fd Meder. The landfill had been closed for quite some time, however, the access was closed only recently.<\/p>\n<\/div>\n\t\n<a href=\"https:\/\/broz.sk\/en\/tidying-up-the-ciliz-brook\/\" class=\"post-details details-type-link\" aria-label=\"Read more about Tidying up the \u010cili\u017e brook\">Read more<i class=\"dt-icon-the7-arrow-03\" aria-hidden=\"true\"><\/i><\/a>\n\n<\/div><\/article><article class=\"post project-odd hidden post-28874 type-post status-publish format-standard has-post-thumbnail hentry category-protection-of-habitats pmpro-has-access category-31 description-off\" data-name=\"Microtus minibus in Slovakia\" data-date=\"2022-11-21T10:36:42+01:00\">\n\n<div class=\"post-thumbnail-wrap\">\n\t<div class=\"post-thumbnail\">\n\n\t\t\n\t\t\n\t\t<a href=\"https:\/\/broz.sk\/en\/28874\/\" class=\"post-thumbnail-rollover layzr-bg layzr-bg\" ><img decoding=\"async\" class=\"blog-thumb-lazy-load preload-me lazy-load aspect\" src=\"data:image\/svg+xml,%3Csvg%20xmlns%3D&#39;http%3A%2F%2Fwww.w3.org%2F2000%2Fsvg&#39;%20viewBox%3D&#39;0%200%20768%20576&#39;%2F%3E\" data-src=\"https:\/\/broz.sk\/wp-content\/uploads\/2022\/11\/297222854_10158758172455448_5424141314596613027_n-768x576.jpeg\" data-srcset=\"https:\/\/broz.sk\/wp-content\/uploads\/2022\/11\/297222854_10158758172455448_5424141314596613027_n-768x576.jpeg 768w, https:\/\/broz.sk\/wp-content\/uploads\/2022\/11\/297222854_10158758172455448_5424141314596613027_n-1306x979.jpeg 1306w\" loading=\"eager\" style=\"--ratio: 768 \/ 576\" sizes=\"(max-width: 768px) 100vw, 768px\" alt=\"\" title=\"297222854_10158758172455448_5424141314596613027_n\" width=\"768\" height=\"576\"  \/><\/a>\n\t<\/div>\n<\/div>\n\n\n<div class=\"post-entry-content\">\n\n\t<h3 class=\"entry-title\">\n\t\t<a href=\"https:\/\/broz.sk\/en\/28874\/\" title=\"Microtus minibus in Slovakia\" rel=\"bookmark\">Microtus minibus in Slovakia<\/a>\n\t<\/h3>\n\n\t<div class=\"entry-meta\"><a href=\"https:\/\/broz.sk\/en\/2022\/11\/21\/\" title=\"10:36\" class=\"data-link\" rel=\"bookmark\"><time class=\"entry-date updated\" datetime=\"2022-11-21T10:36:42+01:00\">21. November 2022<\/time><\/a><\/div>\n\t<div class=\"entry-excerpt\"><p>In august, we borrowed a Microtus minibus from our Hungarian partner Pisztr\u00e1ng K\u00f6r.\u00a0 The minibus is an outdoor mobile laboratory for all ages. The van is equipped with all necessary tool to be used by all curious explorer for research of different biotopes and its residents.<\/p>\n<\/div>\n\t\n<a href=\"https:\/\/broz.sk\/en\/28874\/\" class=\"post-details details-type-link\" aria-label=\"Read more about Microtus minibus in Slovakia\">Read more<i class=\"dt-icon-the7-arrow-03\" aria-hidden=\"true\"><\/i><\/a>\n\n<\/div><\/article><article class=\"post project-odd hidden post-20135 type-post status-publish format-standard has-post-thumbnail hentry category-protection-of-habitats pmpro-has-access category-31 description-off\" data-name=\"Project monitoring visit 2022\" data-date=\"2022-10-26T12:28:13+02:00\">\n\n<div class=\"post-thumbnail-wrap\">\n\t<div class=\"post-thumbnail\">\n\n\t\t\n\t\t\n\t\t<a href=\"https:\/\/broz.sk\/en\/project-monitoring-visit-2022\/\" class=\"post-thumbnail-rollover layzr-bg layzr-bg\" ><img decoding=\"async\" class=\"blog-thumb-lazy-load preload-me lazy-load aspect\" src=\"data:image\/svg+xml,%3Csvg%20xmlns%3D&#39;http%3A%2F%2Fwww.w3.org%2F2000%2Fsvg&#39;%20viewBox%3D&#39;0%200%20768%20576&#39;%2F%3E\" data-src=\"https:\/\/broz.sk\/wp-content\/uploads\/2022\/10\/01-1-scaled-768x576.jpg\" data-srcset=\"https:\/\/broz.sk\/wp-content\/uploads\/2022\/10\/01-1-scaled-768x576.jpg 768w, https:\/\/broz.sk\/wp-content\/uploads\/2022\/10\/01-1-scaled-1306x979.jpg 1306w\" loading=\"eager\" style=\"--ratio: 768 \/ 576\" sizes=\"(max-width: 768px) 100vw, 768px\" alt=\"\" title=\"01\" width=\"768\" height=\"576\"  \/><\/a>\n\t<\/div>\n<\/div>\n\n\n<div class=\"post-entry-content\">\n\n\t<h3 class=\"entry-title\">\n\t\t<a href=\"https:\/\/broz.sk\/en\/project-monitoring-visit-2022\/\" title=\"Project monitoring visit 2022\" rel=\"bookmark\">Project monitoring visit 2022<\/a>\n\t<\/h3>\n\n\t<div class=\"entry-meta\"><a href=\"https:\/\/broz.sk\/en\/2022\/10\/26\/\" title=\"12:28\" class=\"data-link\" rel=\"bookmark\"><time class=\"entry-date updated\" datetime=\"2022-10-26T12:28:13+02:00\">26. October 2022<\/time><\/a><\/div>\n\t<div class=\"entry-excerpt\"><p>In the course of each LIFE project, control monitoring visits are regularly held to monitor whether the activities are progressing according to plan. This year on 11.-13.10. the LIFE Danube Floodplains project was inspected by an external monitor from the NEEMO team.<\/p>\n<\/div>\n\t\n<a href=\"https:\/\/broz.sk\/en\/project-monitoring-visit-2022\/\" class=\"post-details details-type-link\" aria-label=\"Read more about Project monitoring visit 2022\">Read more<i class=\"dt-icon-the7-arrow-03\" aria-hidden=\"true\"><\/i><\/a>\n\n<\/div><\/article><article class=\"post project-odd hidden post-20049 type-post status-publish format-standard has-post-thumbnail hentry category-protection-of-habitats pmpro-has-access category-31 description-off\" data-name=\"From mowing to rare findings\" data-date=\"2022-10-20T14:23:47+02:00\">\n\n<div class=\"post-thumbnail-wrap\">\n\t<div class=\"post-thumbnail\">\n\n\t\t\n\t\t\n\t\t<a href=\"https:\/\/broz.sk\/en\/from-mowing-to-rare-findings\/\" class=\"post-thumbnail-rollover layzr-bg layzr-bg\" ><img decoding=\"async\" class=\"blog-thumb-lazy-load preload-me lazy-load aspect\" src=\"data:image\/svg+xml,%3Csvg%20xmlns%3D&#39;http%3A%2F%2Fwww.w3.org%2F2000%2Fsvg&#39;%20viewBox%3D&#39;0%200%20768%20576&#39;%2F%3E\" data-src=\"https:\/\/broz.sk\/wp-content\/uploads\/2022\/10\/cover-768x576.jpeg\" data-srcset=\"https:\/\/broz.sk\/wp-content\/uploads\/2022\/10\/cover-768x576.jpeg 768w, https:\/\/broz.sk\/wp-content\/uploads\/2022\/10\/cover-956x717.jpeg 956w\" loading=\"eager\" style=\"--ratio: 768 \/ 576\" sizes=\"(max-width: 768px) 100vw, 768px\" alt=\"Cirsium brachycephalum\" title=\"cover\" width=\"768\" height=\"576\"  \/><\/a>\n\t<\/div>\n<\/div>\n\n\n<div class=\"post-entry-content\">\n\n\t<h3 class=\"entry-title\">\n\t\t<a href=\"https:\/\/broz.sk\/en\/from-mowing-to-rare-findings\/\" title=\"From mowing to rare findings\" rel=\"bookmark\">From mowing to rare findings<\/a>\n\t<\/h3>\n\n\t<div class=\"entry-meta\"><a href=\"https:\/\/broz.sk\/en\/2022\/10\/20\/\" title=\"14:23\" class=\"data-link\" rel=\"bookmark\"><time class=\"entry-date updated\" datetime=\"2022-10-20T14:23:47+02:00\">20. October 2022<\/time><\/a><\/div>\n\t<div class=\"entry-excerpt\"><p>In March 2017, in cooperation with the local agricultural association, we restored by grassing an area (approximately 23 ha) of waterlogged fields and degraded meadows near the \u010c\u00ed\u010dovsk\u00e9 dead arm.<\/p>\n<\/div>\n\t\n<a href=\"https:\/\/broz.sk\/en\/from-mowing-to-rare-findings\/\" class=\"post-details details-type-link\" aria-label=\"Read more about From mowing to rare findings\">Read more<i class=\"dt-icon-the7-arrow-03\" aria-hidden=\"true\"><\/i><\/a>\n\n<\/div><\/article><article class=\"post project-odd hidden post-19968 type-post status-publish format-standard has-post-thumbnail hentry category-0-en category-protection-of-habitats pmpro-has-access category-43 category-31 description-off\" data-name=\"A marathon of restoration inspiration and motivation at a dynamic river pace\" data-date=\"2022-10-19T16:24:43+02:00\">\n\n<div class=\"post-thumbnail-wrap\">\n\t<div class=\"post-thumbnail\">\n\n\t\t\n\t\t\n\t\t<a href=\"https:\/\/broz.sk\/en\/a-marathon-of-restoration-inspiration-and-motivation-at-a-dynamic-river-pace\/\" class=\"post-thumbnail-rollover layzr-bg layzr-bg\" ><img decoding=\"async\" class=\"blog-thumb-lazy-load preload-me lazy-load aspect\" src=\"data:image\/svg+xml,%3Csvg%20xmlns%3D&#39;http%3A%2F%2Fwww.w3.org%2F2000%2Fsvg&#39;%20viewBox%3D&#39;0%200%20768%20576&#39;%2F%3E\" data-src=\"https:\/\/broz.sk\/wp-content\/uploads\/2022\/10\/IMG_7434-scaled-768x576.jpg\" data-srcset=\"https:\/\/broz.sk\/wp-content\/uploads\/2022\/10\/IMG_7434-scaled-768x576.jpg 768w, https:\/\/broz.sk\/wp-content\/uploads\/2022\/10\/IMG_7434-scaled-1306x979.jpg 1306w\" loading=\"eager\" style=\"--ratio: 768 \/ 576\" sizes=\"(max-width: 768px) 100vw, 768px\" alt=\"Prezent\u00e1cia projektu\" title=\"IMG_7434\" width=\"768\" height=\"576\"  \/><\/a>\n\t<\/div>\n<\/div>\n\n\n<div class=\"post-entry-content\">\n\n\t<h3 class=\"entry-title\">\n\t\t<a href=\"https:\/\/broz.sk\/en\/a-marathon-of-restoration-inspiration-and-motivation-at-a-dynamic-river-pace\/\" title=\"A marathon of restoration inspiration and motivation at a dynamic river pace\" rel=\"bookmark\">A marathon of restoration inspiration and motivation at a dynamic river pace<\/a>\n\t<\/h3>\n\n\t<div class=\"entry-meta\"><a href=\"https:\/\/broz.sk\/en\/2022\/10\/19\/\" title=\"16:24\" class=\"data-link\" rel=\"bookmark\"><time class=\"entry-date updated\" datetime=\"2022-10-19T16:24:43+02:00\">19. October 2022<\/time><\/a><\/div>\n\t<div class=\"entry-excerpt\"><p>At the beginning of October 2022, we organized an expert excursion where we visited sites with significant and extensive restoration measures on the Danube (in Austria) and several sites with implemented restoration measures on the Isar river in Germany.<\/p>\n<\/div>\n\t\n<a href=\"https:\/\/broz.sk\/en\/a-marathon-of-restoration-inspiration-and-motivation-at-a-dynamic-river-pace\/\" class=\"post-details details-type-link\" aria-label=\"Read more about A marathon of restoration inspiration and motivation at a dynamic river pace\">Read more<i class=\"dt-icon-the7-arrow-03\" aria-hidden=\"true\"><\/i><\/a>\n\n<\/div><\/article><article class=\"post project-odd hidden post-19910 type-post status-publish format-standard has-post-thumbnail hentry category-0-en pmpro-has-access category-43 description-off\" data-name=\"New information boards along the Danube\" data-date=\"2022-10-17T10:26:23+02:00\">\n\n<div class=\"post-thumbnail-wrap\">\n\t<div class=\"post-thumbnail\">\n\n\t\t\n\t\t\n\t\t<a href=\"https:\/\/broz.sk\/en\/new-information-boards-along-the-danube\/\" class=\"post-thumbnail-rollover layzr-bg layzr-bg\" ><img decoding=\"async\" class=\"blog-thumb-lazy-load preload-me lazy-load aspect\" src=\"data:image\/svg+xml,%3Csvg%20xmlns%3D&#39;http%3A%2F%2Fwww.w3.org%2F2000%2Fsvg&#39;%20viewBox%3D&#39;0%200%20768%20576&#39;%2F%3E\" data-src=\"https:\/\/broz.sk\/wp-content\/uploads\/2022\/10\/02-scaled-768x576.jpg\" data-srcset=\"https:\/\/broz.sk\/wp-content\/uploads\/2022\/10\/02-scaled-768x576.jpg 768w, https:\/\/broz.sk\/wp-content\/uploads\/2022\/10\/02-scaled-1306x979.jpg 1306w\" loading=\"eager\" style=\"--ratio: 768 \/ 576\" sizes=\"(max-width: 768px) 100vw, 768px\" alt=\"\" title=\"02\" width=\"768\" height=\"576\"  \/><\/a>\n\t<\/div>\n<\/div>\n\n\n<div class=\"post-entry-content\">\n\n\t<h3 class=\"entry-title\">\n\t\t<a href=\"https:\/\/broz.sk\/en\/new-information-boards-along-the-danube\/\" title=\"New information boards along the Danube\" rel=\"bookmark\">New information boards along the Danube<\/a>\n\t<\/h3>\n\n\t<div class=\"entry-meta\"><a href=\"https:\/\/broz.sk\/en\/2022\/10\/17\/\" title=\"10:26\" class=\"data-link\" rel=\"bookmark\"><time class=\"entry-date updated\" datetime=\"2022-10-17T10:26:23+02:00\">17. October 2022<\/time><\/a><\/div>\n\t<div class=\"entry-excerpt\"><p>Currently, as part of the LIFE project Restoration and management of Danube floodplain habitats, we installed 9 new information boards at strategic locations within the Dunajsk\u00e9 kriviny, Bod\u00edky, Ve\u013ekolelsky and Ap\u00e1lsky ostrov islands.<\/p>\n<\/div>\n\t\n<a href=\"https:\/\/broz.sk\/en\/new-information-boards-along-the-danube\/\" class=\"post-details details-type-link\" aria-label=\"Read more about New information boards along the Danube\">Read more<i class=\"dt-icon-the7-arrow-03\" aria-hidden=\"true\"><\/i><\/a>\n\n<\/div><\/article><article class=\"post project-odd hidden post-19858 type-post status-publish format-standard has-post-thumbnail hentry category-protection-of-habitats tag-danube-art-master tag-dmu-en tag-dunajskeluhy-en pmpro-has-access category-31 description-off\" data-name=\"Danube Art Master\" data-date=\"2022-10-03T16:17:52+02:00\">\n\n<div class=\"post-thumbnail-wrap\">\n\t<div class=\"post-thumbnail\">\n\n\t\t\n\t\t\n\t\t<a href=\"https:\/\/broz.sk\/en\/danube-art-master\/\" class=\"post-thumbnail-rollover layzr-bg layzr-bg\" ><img decoding=\"async\" class=\"blog-thumb-lazy-load preload-me lazy-load aspect\" src=\"data:image\/svg+xml,%3Csvg%20xmlns%3D&#39;http%3A%2F%2Fwww.w3.org%2F2000%2Fsvg&#39;%20viewBox%3D&#39;0%200%20768%20576&#39;%2F%3E\" data-src=\"https:\/\/broz.sk\/wp-content\/uploads\/2022\/09\/DMU_cover-scaled-768x576.jpg\" data-srcset=\"https:\/\/broz.sk\/wp-content\/uploads\/2022\/09\/DMU_cover-scaled-768x576.jpg 768w, https:\/\/broz.sk\/wp-content\/uploads\/2022\/09\/DMU_cover-scaled-1306x979.jpg 1306w\" loading=\"eager\" style=\"--ratio: 768 \/ 576\" sizes=\"(max-width: 768px) 100vw, 768px\" alt=\"Objav Dunaj\" title=\"DMU_cover\" width=\"768\" height=\"576\"  \/><\/a>\n\t<\/div>\n<\/div>\n\n\n<div class=\"post-entry-content\">\n\n\t<h3 class=\"entry-title\">\n\t\t<a href=\"https:\/\/broz.sk\/en\/danube-art-master\/\" title=\"Danube Art Master\" rel=\"bookmark\">Danube Art Master<\/a>\n\t<\/h3>\n\n\t<div class=\"entry-meta\"><a href=\"https:\/\/broz.sk\/en\/2022\/10\/03\/\" title=\"16:17\" class=\"data-link\" rel=\"bookmark\"><time class=\"entry-date updated\" datetime=\"2022-10-03T16:17:52+02:00\">3. October 2022<\/time><\/a><\/div>\n\t<div class=\"entry-excerpt\"><p>We invite children from all schools, non-governmental organizations, clubs, centers and associations from the Danube basin to participate in the Danube Master of Art competition, which since 2004 has brought together thousands of children from the countries through which the Danube River flows. The competition aims to encourage children to think about what the environment means to them and to recognize the value and importance of rivers.<\/p>\n<\/div>\n\t\n<a href=\"https:\/\/broz.sk\/en\/danube-art-master\/\" class=\"post-details details-type-link\" aria-label=\"Read more about Danube Art Master\">Read more<i class=\"dt-icon-the7-arrow-03\" aria-hidden=\"true\"><\/i><\/a>\n\n<\/div><\/article><article class=\"post project-odd hidden post-19828 type-post status-publish format-standard has-post-thumbnail hentry category-protection-of-habitats pmpro-has-access category-31 description-off\" data-name=\"Summer pastures diversity\" data-date=\"2022-09-23T10:23:13+02:00\">\n\n<div class=\"post-thumbnail-wrap\">\n\t<div class=\"post-thumbnail\">\n\n\t\t\n\t\t\n\t\t<a href=\"https:\/\/broz.sk\/en\/summer-pastures-diversity\/\" class=\"post-thumbnail-rollover layzr-bg layzr-bg\" ><img decoding=\"async\" class=\"blog-thumb-lazy-load preload-me lazy-load aspect\" src=\"data:image\/svg+xml,%3Csvg%20xmlns%3D&#39;http%3A%2F%2Fwww.w3.org%2F2000%2Fsvg&#39;%20viewBox%3D&#39;0%200%20768%20576&#39;%2F%3E\" data-src=\"https:\/\/broz.sk\/wp-content\/uploads\/2022\/08\/297341367_10158757027910448_8164717882340203632_n-768x576.jpg\" data-srcset=\"https:\/\/broz.sk\/wp-content\/uploads\/2022\/08\/297341367_10158757027910448_8164717882340203632_n-768x576.jpg 768w, https:\/\/broz.sk\/wp-content\/uploads\/2022\/08\/297341367_10158757027910448_8164717882340203632_n-1306x979.jpg 1306w\" loading=\"eager\" style=\"--ratio: 768 \/ 576\" sizes=\"(max-width: 768px) 100vw, 768px\" alt=\"diverzita\" title=\"297341367_10158757027910448_8164717882340203632_n\" width=\"768\" height=\"576\"  \/><\/a>\n\t<\/div>\n<\/div>\n\n\n<div class=\"post-entry-content\">\n\n\t<h3 class=\"entry-title\">\n\t\t<a href=\"https:\/\/broz.sk\/en\/summer-pastures-diversity\/\" title=\"Summer pastures diversity\" rel=\"bookmark\">Summer pastures diversity<\/a>\n\t<\/h3>\n\n\t<div class=\"entry-meta\"><a href=\"https:\/\/broz.sk\/en\/2022\/09\/23\/\" title=\"10:23\" class=\"data-link\" rel=\"bookmark\"><time class=\"entry-date updated\" datetime=\"2022-09-23T10:23:13+02:00\">23. September 2022<\/time><\/a><\/div>\n\t<div class=\"entry-excerpt\"><p>The diversity of micro-environments created by the mouths and teeth of grazing cattle could be compared to the diversity of infrastructure in a city.<\/p>\n<\/div>\n\t\n<a href=\"https:\/\/broz.sk\/en\/summer-pastures-diversity\/\" class=\"post-details details-type-link\" aria-label=\"Read more about Summer pastures diversity\">Read more<i class=\"dt-icon-the7-arrow-03\" aria-hidden=\"true\"><\/i><\/a>\n\n<\/div><\/article><article class=\"post project-odd hidden post-19770 type-post status-publish format-standard has-post-thumbnail hentry category-protection-of-habitats pmpro-has-access category-31 description-off\" data-name=\"New informational and promotional materials about the Danube Floodplains\" data-date=\"2022-08-24T11:40:25+02:00\">\n\n<div class=\"post-thumbnail-wrap\">\n\t<div class=\"post-thumbnail\">\n\n\t\t\n\t\t\n\t\t<a href=\"https:\/\/broz.sk\/en\/new-informational-and-promotional-materials-about-the-danube-floodplains\/\" class=\"post-thumbnail-rollover layzr-bg layzr-bg\" ><img decoding=\"async\" class=\"blog-thumb-lazy-load preload-me lazy-load aspect\" src=\"data:image\/svg+xml,%3Csvg%20xmlns%3D&#39;http%3A%2F%2Fwww.w3.org%2F2000%2Fsvg&#39;%20viewBox%3D&#39;0%200%20768%20576&#39;%2F%3E\" data-src=\"https:\/\/broz.sk\/wp-content\/uploads\/2022\/08\/DSCF2450-scaled-768x576.jpg\" data-srcset=\"https:\/\/broz.sk\/wp-content\/uploads\/2022\/08\/DSCF2450-scaled-768x576.jpg 768w, https:\/\/broz.sk\/wp-content\/uploads\/2022\/08\/DSCF2450-scaled-1306x979.jpg 1306w\" loading=\"eager\" style=\"--ratio: 768 \/ 576\" sizes=\"(max-width: 768px) 100vw, 768px\" alt=\"Poh\u013eadnice z Ve\u013ekol\u00e9lskeho ostrova\" title=\"DSCF2450\" width=\"768\" height=\"576\"  \/><\/a>\n\t<\/div>\n<\/div>\n\n\n<div class=\"post-entry-content\">\n\n\t<h3 class=\"entry-title\">\n\t\t<a href=\"https:\/\/broz.sk\/en\/new-informational-and-promotional-materials-about-the-danube-floodplains\/\" title=\"New informational and promotional materials about the Danube Floodplains\" rel=\"bookmark\">New informational and promotional materials about the Danube Floodplains<\/a>\n\t<\/h3>\n\n\t<div class=\"entry-meta\"><a href=\"https:\/\/broz.sk\/en\/2022\/08\/24\/\" title=\"11:40\" class=\"data-link\" rel=\"bookmark\"><time class=\"entry-date updated\" datetime=\"2022-08-24T11:40:25+02:00\">24. August 2022<\/time><\/a><\/div>\n\t<div class=\"entry-excerpt\"><p>In the frame of the Restoration and management of Danube floodplain habitat LIFE project we prepared this year new informational and promotional materials. Beside the wall calendar for 2022 we published also other language versions of project leaflet (currently available in Slovak, Hungary and English). <\/p>\n<\/div>\n\t\n<a href=\"https:\/\/broz.sk\/en\/new-informational-and-promotional-materials-about-the-danube-floodplains\/\" class=\"post-details details-type-link\" aria-label=\"Read more about New informational and promotional materials about the Danube Floodplains\">Read more<i class=\"dt-icon-the7-arrow-03\" aria-hidden=\"true\"><\/i><\/a>\n\n<\/div><\/article><article class=\"post project-odd hidden post-29716 type-post status-publish format-standard has-post-thumbnail hentry category-protection-of-habitats pmpro-has-access category-31 description-off\" data-name=\"We started grazing on Kras\u00edn hill\" data-date=\"2022-08-05T15:02:33+02:00\">\n\n<div class=\"post-thumbnail-wrap\">\n\t<div class=\"post-thumbnail\">\n\n\t\t\n\t\t\n\t\t<a href=\"https:\/\/broz.sk\/en\/we-started-grazing-on-krasin-hill\/\" class=\"post-thumbnail-rollover layzr-bg layzr-bg\" ><img decoding=\"async\" class=\"blog-thumb-lazy-load preload-me lazy-load aspect\" src=\"data:image\/svg+xml,%3Csvg%20xmlns%3D&#39;http%3A%2F%2Fwww.w3.org%2F2000%2Fsvg&#39;%20viewBox%3D&#39;0%200%20768%20576&#39;%2F%3E\" data-src=\"https:\/\/broz.sk\/wp-content\/uploads\/2022\/08\/2-768x576.jpg\" data-srcset=\"https:\/\/broz.sk\/wp-content\/uploads\/2022\/08\/2-768x576.jpg 768w, https:\/\/broz.sk\/wp-content\/uploads\/2022\/08\/2-1306x979.jpg 1306w\" loading=\"eager\" style=\"--ratio: 768 \/ 576\" sizes=\"(max-width: 768px) 100vw, 768px\" alt=\"\" title=\"2\" width=\"768\" height=\"576\"  \/><\/a>\n\t<\/div>\n<\/div>\n\n\n<div class=\"post-entry-content\">\n\n\t<h3 class=\"entry-title\">\n\t\t<a href=\"https:\/\/broz.sk\/en\/we-started-grazing-on-krasin-hill\/\" title=\"We started grazing on Kras\u00edn hill\" rel=\"bookmark\">We started grazing on Kras\u00edn hill<\/a>\n\t<\/h3>\n\n\t<div class=\"entry-meta\"><a href=\"https:\/\/broz.sk\/en\/2022\/08\/05\/\" title=\"15:02\" class=\"data-link\" rel=\"bookmark\"><time class=\"entry-date updated\" datetime=\"2022-08-05T15:02:33+02:00\">5. August 2022<\/time><\/a><\/div>\n\t<div class=\"entry-excerpt\"><p>Kras\u00edn hill starts to look like it used to, thanks to our grazing restoration.<\/p>\n<\/div>\n\t\n<a href=\"https:\/\/broz.sk\/en\/we-started-grazing-on-krasin-hill\/\" class=\"post-details details-type-link\" aria-label=\"Read more about We started grazing on Kras\u00edn hill\">Read more<i class=\"dt-icon-the7-arrow-03\" aria-hidden=\"true\"><\/i><\/a>\n\n<\/div><\/article><article class=\"post project-odd hidden post-29720 type-post status-publish format-standard has-post-thumbnail hentry category-protection-of-habitats pmpro-has-access category-31 description-off\" data-name=\"Dry-lovers or who likes the dry?\" data-date=\"2022-07-22T15:11:32+02:00\">\n\n<div class=\"post-thumbnail-wrap\">\n\t<div class=\"post-thumbnail\">\n\n\t\t\n\t\t\n\t\t<a href=\"https:\/\/broz.sk\/en\/dry-lovers-or-who-likes-the-dry\/\" class=\"post-thumbnail-rollover layzr-bg layzr-bg\" ><img decoding=\"async\" class=\"blog-thumb-lazy-load preload-me lazy-load aspect\" src=\"data:image\/svg+xml,%3Csvg%20xmlns%3D&#39;http%3A%2F%2Fwww.w3.org%2F2000%2Fsvg&#39;%20viewBox%3D&#39;0%200%20768%20576&#39;%2F%3E\" data-src=\"https:\/\/broz.sk\/wp-content\/uploads\/2022\/08\/294936872_10158735182920448_3317193251519167703_n-768x576.jpg\" data-srcset=\"https:\/\/broz.sk\/wp-content\/uploads\/2022\/08\/294936872_10158735182920448_3317193251519167703_n-768x576.jpg 768w, https:\/\/broz.sk\/wp-content\/uploads\/2022\/08\/294936872_10158735182920448_3317193251519167703_n-1306x979.jpg 1306w\" loading=\"eager\" style=\"--ratio: 768 \/ 576\" sizes=\"(max-width: 768px) 100vw, 768px\" alt=\"\" title=\"294936872_10158735182920448_3317193251519167703_n\" width=\"768\" height=\"576\"  \/><\/a>\n\t<\/div>\n<\/div>\n\n\n<div class=\"post-entry-content\">\n\n\t<h3 class=\"entry-title\">\n\t\t<a href=\"https:\/\/broz.sk\/en\/dry-lovers-or-who-likes-the-dry\/\" title=\"Dry-lovers or who likes the dry?\" rel=\"bookmark\">Dry-lovers or who likes the dry?<\/a>\n\t<\/h3>\n\n\t<div class=\"entry-meta\"><a href=\"https:\/\/broz.sk\/en\/2022\/07\/22\/\" title=\"15:11\" class=\"data-link\" rel=\"bookmark\"><time class=\"entry-date updated\" datetime=\"2022-07-22T15:11:32+02:00\">22. July 2022<\/time><\/a><\/div>\n\t<div class=\"entry-excerpt\"><p>There are habitats which can stand dry weather much better than others. We call them drough-loving habitats or xerotherms.<\/p>\n<\/div>\n\t\n<a href=\"https:\/\/broz.sk\/en\/dry-lovers-or-who-likes-the-dry\/\" class=\"post-details details-type-link\" aria-label=\"Read more about Dry-lovers or who likes the dry?\">Read more<i class=\"dt-icon-the7-arrow-03\" aria-hidden=\"true\"><\/i><\/a>\n\n<\/div><\/article><article class=\"post project-odd hidden post-19379 type-post status-publish format-standard has-post-thumbnail hentry category-protection-of-habitats pmpro-has-access category-31 description-off\" data-name=\"Weirs Digitalization in Danube River Branch System Helps to Manage the Unique Natural Environment and Improves Safety\" data-date=\"2022-07-13T12:05:09+02:00\">\n\n<div class=\"post-thumbnail-wrap\">\n\t<div class=\"post-thumbnail\">\n\n\t\t\n\t\t\n\t\t<a href=\"https:\/\/broz.sk\/en\/weirs-digitalization-in-danube-river-branch-system-helps-to-manage-the-unique-natural-environment-and-improves-safety\/\" class=\"post-thumbnail-rollover layzr-bg layzr-bg\" ><img decoding=\"async\" class=\"blog-thumb-lazy-load preload-me lazy-load aspect\" src=\"data:image\/svg+xml,%3Csvg%20xmlns%3D&#39;http%3A%2F%2Fwww.w3.org%2F2000%2Fsvg&#39;%20viewBox%3D&#39;0%200%20768%20576&#39;%2F%3E\" data-src=\"https:\/\/broz.sk\/wp-content\/uploads\/2022\/06\/DSC_1695-768x576.jpg\" data-srcset=\"https:\/\/broz.sk\/wp-content\/uploads\/2022\/06\/DSC_1695-768x576.jpg 768w, https:\/\/broz.sk\/wp-content\/uploads\/2022\/06\/DSC_1695-1306x979.jpg 1306w\" loading=\"eager\" style=\"--ratio: 768 \/ 576\" sizes=\"(max-width: 768px) 100vw, 768px\" alt=\"Prehr\u00e1dzka v ramennej s\u00fastave Dunaja\" title=\"DSC_1695\" width=\"768\" height=\"576\"  \/><\/a>\n\t<\/div>\n<\/div>\n\n\n<div class=\"post-entry-content\">\n\n\t<h3 class=\"entry-title\">\n\t\t<a href=\"https:\/\/broz.sk\/en\/weirs-digitalization-in-danube-river-branch-system-helps-to-manage-the-unique-natural-environment-and-improves-safety\/\" title=\"Weirs Digitalization in Danube River Branch System Helps to Manage the Unique Natural Environment and Improves Safety\" rel=\"bookmark\">Weirs Digitalization in Danube River Branch System Helps to Manage the Unique Natural Environment and Improves Safety<\/a>\n\t<\/h3>\n\n\t<div class=\"entry-meta\"><a href=\"https:\/\/broz.sk\/en\/2022\/07\/13\/\" title=\"12:05\" class=\"data-link\" rel=\"bookmark\"><time class=\"entry-date updated\" datetime=\"2022-07-13T12:05:09+02:00\">13. July 2022<\/time><\/a><\/div>\n\t<div class=\"entry-excerpt\"><p>Thanks to the cooperation with V\u00daVH, 12 pieces of MERATCH equipment were deployed, which are placed on individual weirs within the Danube branch system and monitor the state of the water level with an accuracy of 1 millimetre.<\/p>\n<\/div>\n\t\n<a href=\"https:\/\/broz.sk\/en\/weirs-digitalization-in-danube-river-branch-system-helps-to-manage-the-unique-natural-environment-and-improves-safety\/\" class=\"post-details details-type-link\" aria-label=\"Read more about Weirs Digitalization in Danube River Branch System Helps to Manage the Unique Natural Environment and Improves Safety\">Read more<i class=\"dt-icon-the7-arrow-03\" aria-hidden=\"true\"><\/i><\/a>\n\n<\/div><\/article><article class=\"post project-odd hidden post-29724 type-post status-publish format-standard has-post-thumbnail hentry category-protection-of-habitats pmpro-has-access category-31 description-off\" data-name=\"Beauties of diverse landscape\" data-date=\"2022-07-12T15:19:01+02:00\">\n\n<div class=\"post-thumbnail-wrap\">\n\t<div class=\"post-thumbnail\">\n\n\t\t\n\t\t\n\t\t<a href=\"https:\/\/broz.sk\/en\/beauties-of-diverse-landscape\/\" class=\"post-thumbnail-rollover layzr-bg layzr-bg\" ><img decoding=\"async\" class=\"blog-thumb-lazy-load preload-me lazy-load aspect\" src=\"data:image\/svg+xml,%3Csvg%20xmlns%3D&#39;http%3A%2F%2Fwww.w3.org%2F2000%2Fsvg&#39;%20viewBox%3D&#39;0%200%20768%20576&#39;%2F%3E\" data-src=\"https:\/\/broz.sk\/wp-content\/uploads\/2022\/07\/orchidea-768x576.jpg\" data-srcset=\"https:\/\/broz.sk\/wp-content\/uploads\/2022\/07\/orchidea-768x576.jpg 768w, https:\/\/broz.sk\/wp-content\/uploads\/2022\/07\/orchidea-1306x979.jpg 1306w\" loading=\"eager\" style=\"--ratio: 768 \/ 576\" sizes=\"(max-width: 768px) 100vw, 768px\" alt=\"\" title=\"orchidea\" width=\"768\" height=\"576\"  \/><\/a>\n\t<\/div>\n<\/div>\n\n\n<div class=\"post-entry-content\">\n\n\t<h3 class=\"entry-title\">\n\t\t<a href=\"https:\/\/broz.sk\/en\/beauties-of-diverse-landscape\/\" title=\"Beauties of diverse landscape\" rel=\"bookmark\">Beauties of diverse landscape<\/a>\n\t<\/h3>\n\n\t<div class=\"entry-meta\"><a href=\"https:\/\/broz.sk\/en\/2022\/07\/12\/\" title=\"15:19\" class=\"data-link\" rel=\"bookmark\"><time class=\"entry-date updated\" datetime=\"2022-07-12T15:19:01+02:00\">12. July 2022<\/time><\/a><\/div>\n\t<div class=\"entry-excerpt\"><p>The Slovak mountains hide small treasures, which many have no idea that they exist in our country. They are wild orchids, and it is the Str\u00e1\u017eovsk\u00e9 and S\u00fa\u013eovsk\u00e9 vrchy that can boast one of the highest species diversity in Central Europe. <\/p>\n<\/div>\n\t\n<a href=\"https:\/\/broz.sk\/en\/beauties-of-diverse-landscape\/\" class=\"post-details details-type-link\" aria-label=\"Read more about Beauties of diverse landscape\">Read more<i class=\"dt-icon-the7-arrow-03\" aria-hidden=\"true\"><\/i><\/a>\n\n<\/div><\/article><article class=\"post project-odd hidden post-19592 type-post status-publish format-standard has-post-thumbnail hentry category-protection-of-habitats pmpro-has-access category-31 description-off\" data-name=\"Workshop at the Croatian Danube\" data-date=\"2022-07-04T12:52:01+02:00\">\n\n<div class=\"post-thumbnail-wrap\">\n\t<div class=\"post-thumbnail\">\n\n\t\t\n\t\t\n\t\t<a href=\"https:\/\/broz.sk\/en\/workshop-at-the-croatian-danube\/\" class=\"post-thumbnail-rollover layzr-bg layzr-bg\" ><img decoding=\"async\" class=\"blog-thumb-lazy-load preload-me lazy-load aspect\" src=\"data:image\/svg+xml,%3Csvg%20xmlns%3D&#39;http%3A%2F%2Fwww.w3.org%2F2000%2Fsvg&#39;%20viewBox%3D&#39;0%200%20768%20576&#39;%2F%3E\" data-src=\"https:\/\/broz.sk\/wp-content\/uploads\/2022\/07\/291930528_10158712202350448_5576863552175567998_n-768x576.jpg\" data-srcset=\"https:\/\/broz.sk\/wp-content\/uploads\/2022\/07\/291930528_10158712202350448_5576863552175567998_n-768x576.jpg 768w, https:\/\/broz.sk\/wp-content\/uploads\/2022\/07\/291930528_10158712202350448_5576863552175567998_n-1306x979.jpg 1306w\" loading=\"eager\" style=\"--ratio: 768 \/ 576\" sizes=\"(max-width: 768px) 100vw, 768px\" alt=\"dunaj\" title=\"291930528_10158712202350448_5576863552175567998_n\" width=\"768\" height=\"576\"  \/><\/a>\n\t<\/div>\n<\/div>\n\n\n<div class=\"post-entry-content\">\n\n\t<h3 class=\"entry-title\">\n\t\t<a href=\"https:\/\/broz.sk\/en\/workshop-at-the-croatian-danube\/\" title=\"Workshop at the Croatian Danube\" rel=\"bookmark\">Workshop at the Croatian Danube<\/a>\n\t<\/h3>\n\n\t<div class=\"entry-meta\"><a href=\"https:\/\/broz.sk\/en\/2022\/07\/04\/\" title=\"12:52\" class=\"data-link\" rel=\"bookmark\"><time class=\"entry-date updated\" datetime=\"2022-07-04T12:52:01+02:00\">4. July 2022<\/time><\/a><\/div>\n\t<div class=\"entry-excerpt\"><p>The WILDisland team met at the Croatian Danube in the Kopa\u010dki Rit Nature Park, where we took part in a project management workshop.<\/p>\n<\/div>\n\t\n<a href=\"https:\/\/broz.sk\/en\/workshop-at-the-croatian-danube\/\" class=\"post-details details-type-link\" aria-label=\"Read more about Workshop at the Croatian Danube\">Read more<i class=\"dt-icon-the7-arrow-03\" aria-hidden=\"true\"><\/i><\/a>\n\n<\/div><\/article><article class=\"post project-odd hidden post-29680 type-post status-publish format-standard has-post-thumbnail hentry category-protection-of-habitats pmpro-has-access category-31 description-off\" data-name=\"We created a sock collection with Dedoles company\" data-date=\"2022-05-18T13:20:48+02:00\">\n\n<div class=\"post-thumbnail-wrap\">\n\t<div class=\"post-thumbnail\">\n\n\t\t\n\t\t\n\t\t<a href=\"https:\/\/broz.sk\/en\/we-created-a-sock-collection-with-dedoles-company\/\" class=\"post-thumbnail-rollover layzr-bg layzr-bg\" ><img decoding=\"async\" class=\"blog-thumb-lazy-load preload-me lazy-load aspect\" src=\"data:image\/svg+xml,%3Csvg%20xmlns%3D&#39;http%3A%2F%2Fwww.w3.org%2F2000%2Fsvg&#39;%20viewBox%3D&#39;0%200%20768%20576&#39;%2F%3E\" data-src=\"https:\/\/broz.sk\/wp-content\/uploads\/2022\/05\/Sysel_1080x1080-768x576.jpg\" data-srcset=\"https:\/\/broz.sk\/wp-content\/uploads\/2022\/05\/Sysel_1080x1080-768x576.jpg 768w, https:\/\/broz.sk\/wp-content\/uploads\/2022\/05\/Sysel_1080x1080-1080x809.jpg 1080w\" loading=\"eager\" style=\"--ratio: 768 \/ 576\" sizes=\"(max-width: 768px) 100vw, 768px\" alt=\"LIFE syse\u013e\" title=\"Syse\u013e_1080x1080\" width=\"768\" height=\"576\"  \/><\/a>\n\t<\/div>\n<\/div>\n\n\n<div class=\"post-entry-content\">\n\n\t<h3 class=\"entry-title\">\n\t\t<a href=\"https:\/\/broz.sk\/en\/we-created-a-sock-collection-with-dedoles-company\/\" title=\"We created a sock collection with Dedoles company\" rel=\"bookmark\">We created a sock collection with Dedoles company<\/a>\n\t<\/h3>\n\n\t<div class=\"entry-meta\"><a href=\"https:\/\/broz.sk\/en\/2022\/05\/18\/\" title=\"13:20\" class=\"data-link\" rel=\"bookmark\"><time class=\"entry-date updated\" datetime=\"2022-05-18T13:20:48+02:00\">18. May 2022<\/time><\/a><\/div>\n\t<div class=\"entry-excerpt\"><p>On recent wanderings through the floodplain forest, the restoration of which was supported by the Dedoles company, we addressed other possibilities of our cooperation.<br \/>\nHow about creating a joint collection of socks? And draw attention to disappearing biodiversity?<br \/>\nAnd so the Endangered Species collection was created, thanks to which species more or less conspicuously disappearing from our country got on the socks and information about them on the Dedoles website.<\/p>\n<\/div>\n\t\n<a href=\"https:\/\/broz.sk\/en\/we-created-a-sock-collection-with-dedoles-company\/\" class=\"post-details details-type-link\" aria-label=\"Read more about We created a sock collection with Dedoles company\">Read more<i class=\"dt-icon-the7-arrow-03\" aria-hidden=\"true\"><\/i><\/a>\n\n<\/div><\/article><article class=\"post project-odd hidden post-29684 type-post status-publish format-standard has-post-thumbnail hentry category-protection-of-habitats pmpro-has-access category-31 description-off\" data-name=\"Ground squirrel locality in Tisovec is brimming with life\" data-date=\"2022-05-03T13:39:10+02:00\">\n\n<div class=\"post-thumbnail-wrap\">\n\t<div class=\"post-thumbnail\">\n\n\t\t\n\t\t\n\t\t<a href=\"https:\/\/broz.sk\/en\/ground-squirrel-locality-in-tisovec-is-brimming-with-life\/\" class=\"post-thumbnail-rollover layzr-bg layzr-bg\" ><img decoding=\"async\" class=\"blog-thumb-lazy-load preload-me lazy-load aspect\" src=\"data:image\/svg+xml,%3Csvg%20xmlns%3D&#39;http%3A%2F%2Fwww.w3.org%2F2000%2Fsvg&#39;%20viewBox%3D&#39;0%200%20768%20576&#39;%2F%3E\" data-src=\"https:\/\/broz.sk\/wp-content\/uploads\/2022\/05\/279118414_1295004480909715_7734425464960304407_n-768x576.jpg\" data-srcset=\"https:\/\/broz.sk\/wp-content\/uploads\/2022\/05\/279118414_1295004480909715_7734425464960304407_n-768x576.jpg 768w, https:\/\/broz.sk\/wp-content\/uploads\/2022\/05\/279118414_1295004480909715_7734425464960304407_n-1306x979.jpg 1306w\" loading=\"eager\" style=\"--ratio: 768 \/ 576\" sizes=\"(max-width: 768px) 100vw, 768px\" alt=\"\" title=\"279118414_1295004480909715_7734425464960304407_n\" width=\"768\" height=\"576\"  \/><\/a>\n\t<\/div>\n<\/div>\n\n\n<div class=\"post-entry-content\">\n\n\t<h3 class=\"entry-title\">\n\t\t<a href=\"https:\/\/broz.sk\/en\/ground-squirrel-locality-in-tisovec-is-brimming-with-life\/\" title=\"Ground squirrel locality in Tisovec is brimming with life\" rel=\"bookmark\">Ground squirrel locality in Tisovec is brimming with life<\/a>\n\t<\/h3>\n\n\t<div class=\"entry-meta\"><a href=\"https:\/\/broz.sk\/en\/2022\/05\/03\/\" title=\"13:39\" class=\"data-link\" rel=\"bookmark\"><time class=\"entry-date updated\" datetime=\"2022-05-03T13:39:10+02:00\">3. May 2022<\/time><\/a><\/div>\n\t<div class=\"entry-excerpt\"><p>There is always something going on at the ground squirrel locality in the Tisovsk\u00fd Kras. We just recently finished cleaning before the pasture will start and we are still raking the cleared piles of bushes. We strengthened the squirrel colony with individuals from Mur\u00e1n. The ones you see there with some kind of pattern on their back are the new settlers. We shortened their hair with scissors, the lower part of which is black. In this way, they will have patterns by which we can recognize them and follow their fate. And the most important thing \u2013 whether they mate with local residents.<\/p>\n<\/div>\n\t\n<a href=\"https:\/\/broz.sk\/en\/ground-squirrel-locality-in-tisovec-is-brimming-with-life\/\" class=\"post-details details-type-link\" aria-label=\"Read more about Ground squirrel locality in Tisovec is brimming with life\">Read more<i class=\"dt-icon-the7-arrow-03\" aria-hidden=\"true\"><\/i><\/a>\n\n<\/div><\/article><article class=\"post project-odd hidden post-28928 type-post status-publish format-standard has-post-thumbnail hentry category-protection-of-habitats pmpro-has-access category-31 description-off\" data-name=\"LIFE Mission\" data-date=\"2022-05-03T10:52:37+02:00\">\n\n<div class=\"post-thumbnail-wrap\">\n\t<div class=\"post-thumbnail\">\n\n\t\t\n\t\t\n\t\t<a href=\"https:\/\/broz.sk\/en\/life-mission-monitoring-mission\/\" class=\"post-thumbnail-rollover layzr-bg layzr-bg\" ><img decoding=\"async\" class=\"blog-thumb-lazy-load preload-me lazy-load aspect\" src=\"data:image\/svg+xml,%3Csvg%20xmlns%3D&#39;http%3A%2F%2Fwww.w3.org%2F2000%2Fsvg&#39;%20viewBox%3D&#39;0%200%20768%20576&#39;%2F%3E\" data-src=\"https:\/\/broz.sk\/wp-content\/uploads\/2022\/05\/P1000057-1-768x576.jpg\" data-srcset=\"https:\/\/broz.sk\/wp-content\/uploads\/2022\/05\/P1000057-1-768x576.jpg 768w, https:\/\/broz.sk\/wp-content\/uploads\/2022\/05\/P1000057-1.jpg 960w\" loading=\"eager\" style=\"--ratio: 768 \/ 576\" sizes=\"(max-width: 768px) 100vw, 768px\" alt=\"LIFE\" title=\"P1000057\" width=\"768\" height=\"576\"  \/><\/a>\n\t<\/div>\n<\/div>\n\n\n<div class=\"post-entry-content\">\n\n\t<h3 class=\"entry-title\">\n\t\t<a href=\"https:\/\/broz.sk\/en\/life-mission-monitoring-mission\/\" title=\"LIFE Mission\" rel=\"bookmark\">LIFE Mission<\/a>\n\t<\/h3>\n\n\t<div class=\"entry-meta\"><a href=\"https:\/\/broz.sk\/en\/2022\/05\/03\/\" title=\"10:52\" class=\"data-link\" rel=\"bookmark\"><time class=\"entry-date updated\" datetime=\"2022-05-03T10:52:37+02:00\">3. May 2022<\/time><\/a><\/div>\n\t<div class=\"entry-excerpt\"><p>Recently an annual inspection of the Microtus II project activities, known as Monitoring Mission has taken place. The mission is conducted by an external monitor is European Commission.<\/p>\n<\/div>\n\t\n<a href=\"https:\/\/broz.sk\/en\/life-mission-monitoring-mission\/\" class=\"post-details details-type-link\" aria-label=\"Read more about LIFE Mission\">Read more<i class=\"dt-icon-the7-arrow-03\" aria-hidden=\"true\"><\/i><\/a>\n\n<\/div><\/article><article class=\"post project-odd hidden post-19122 type-post status-publish format-standard has-post-thumbnail hentry category-protection-of-habitats pmpro-has-access category-31 description-off\" data-name=\"Islands from above\" data-date=\"2022-04-19T14:22:20+02:00\">\n\n<div class=\"post-thumbnail-wrap\">\n\t<div class=\"post-thumbnail\">\n\n\t\t\n\t\t\n\t\t<a href=\"https:\/\/broz.sk\/en\/islands-from-above\/\" class=\"post-thumbnail-rollover layzr-bg layzr-bg\" ><img decoding=\"async\" class=\"blog-thumb-lazy-load preload-me lazy-load aspect\" src=\"data:image\/svg+xml,%3Csvg%20xmlns%3D&#39;http%3A%2F%2Fwww.w3.org%2F2000%2Fsvg&#39;%20viewBox%3D&#39;0%200%20768%20576&#39;%2F%3E\" data-src=\"https:\/\/broz.sk\/wp-content\/uploads\/2022\/04\/DJI_0283-scaled-768x576.jpg\" data-srcset=\"https:\/\/broz.sk\/wp-content\/uploads\/2022\/04\/DJI_0283-scaled-768x576.jpg 768w, https:\/\/broz.sk\/wp-content\/uploads\/2022\/04\/DJI_0283-scaled-1306x979.jpg 1306w\" loading=\"eager\" style=\"--ratio: 768 \/ 576\" sizes=\"(max-width: 768px) 100vw, 768px\" alt=\"Ostrov\" title=\"DCIM100MEDIADJI_0283.JPG\" width=\"768\" height=\"576\"  \/><\/a>\n\t<\/div>\n<\/div>\n\n\n<div class=\"post-entry-content\">\n\n\t<h3 class=\"entry-title\">\n\t\t<a href=\"https:\/\/broz.sk\/en\/islands-from-above\/\" title=\"Islands from above\" rel=\"bookmark\">Islands from above<\/a>\n\t<\/h3>\n\n\t<div class=\"entry-meta\"><a href=\"https:\/\/broz.sk\/en\/2022\/04\/19\/\" title=\"14:22\" class=\"data-link\" rel=\"bookmark\"><time class=\"entry-date updated\" datetime=\"2022-04-19T14:22:20+02:00\">19. April 2022<\/time><\/a><\/div>\n\t<div class=\"entry-excerpt\"><p>Take a look at the two Danube islands that will get the new look thanks to the LIFE WILDisland project.  <\/p>\n<\/div>\n\t\n<a href=\"https:\/\/broz.sk\/en\/islands-from-above\/\" class=\"post-details details-type-link\" aria-label=\"Read more about Islands from above\">Read more<i class=\"dt-icon-the7-arrow-03\" aria-hidden=\"true\"><\/i><\/a>\n\n<\/div><\/article><article class=\"post project-odd hidden post-29840 type-post status-publish format-standard has-post-thumbnail hentry category-protection-of-species pmpro-has-access category-30 description-off\" data-name=\"Photos of gorund squirrels from great hungarian photographer\" data-date=\"2022-04-15T12:08:44+02:00\">\n\n<div class=\"post-thumbnail-wrap\">\n\t<div class=\"post-thumbnail\">\n\n\t\t\n\t\t\n\t\t<a href=\"https:\/\/broz.sk\/en\/photos-of-gorund-squirrels-from-great-hungarian-photographer\/\" class=\"post-thumbnail-rollover layzr-bg layzr-bg\" ><img decoding=\"async\" class=\"blog-thumb-lazy-load preload-me lazy-load aspect\" src=\"data:image\/svg+xml,%3Csvg%20xmlns%3D&#39;http%3A%2F%2Fwww.w3.org%2F2000%2Fsvg&#39;%20viewBox%3D&#39;0%200%20768%20576&#39;%2F%3E\" data-src=\"https:\/\/broz.sk\/wp-content\/uploads\/2022\/05\/A025_C056_06171H.0000763-768x576.jpg\" data-srcset=\"https:\/\/broz.sk\/wp-content\/uploads\/2022\/05\/A025_C056_06171H.0000763-768x576.jpg 768w, https:\/\/broz.sk\/wp-content\/uploads\/2022\/05\/A025_C056_06171H.0000763-1280x960.jpg 1280w\" loading=\"eager\" style=\"--ratio: 768 \/ 576\" sizes=\"(max-width: 768px) 100vw, 768px\" alt=\"\" title=\"A025_C056_06171H\" width=\"768\" height=\"576\"  \/><\/a>\n\t<\/div>\n<\/div>\n\n\n<div class=\"post-entry-content\">\n\n\t<h3 class=\"entry-title\">\n\t\t<a href=\"https:\/\/broz.sk\/en\/photos-of-gorund-squirrels-from-great-hungarian-photographer\/\" title=\"Photos of gorund squirrels from great hungarian photographer\" rel=\"bookmark\">Photos of gorund squirrels from great hungarian photographer<\/a>\n\t<\/h3>\n\n\t<div class=\"entry-meta\"><a href=\"https:\/\/broz.sk\/en\/2022\/04\/15\/\" title=\"12:08\" class=\"data-link\" rel=\"bookmark\"><time class=\"entry-date updated\" datetime=\"2022-04-15T12:08:44+02:00\">15. April 2022<\/time><\/a><\/div>\n\t<div class=\"entry-excerpt\"><p>We invite you to see the photos of ground squirrels by the famous Hungarian photographer Mat\u00e9 Bence.<\/p>\n<\/div>\n\t\n<a href=\"https:\/\/broz.sk\/en\/photos-of-gorund-squirrels-from-great-hungarian-photographer\/\" class=\"post-details details-type-link\" aria-label=\"Read more about Photos of gorund squirrels from great hungarian photographer\">Read more<i class=\"dt-icon-the7-arrow-03\" aria-hidden=\"true\"><\/i><\/a>\n\n<\/div><\/article><article class=\"post project-odd hidden post-18696 type-post status-publish format-standard has-post-thumbnail hentry category-protection-of-habitats pmpro-has-access category-31 description-off\" data-name=\"Istragov wetlands restoration\" data-date=\"2022-04-07T11:34:38+02:00\">\n\n<div class=\"post-thumbnail-wrap\">\n\t<div class=\"post-thumbnail\">\n\n\t\t\n\t\t\n\t\t<a href=\"https:\/\/broz.sk\/en\/istragov-wetlands-restoration\/\" class=\"post-thumbnail-rollover layzr-bg layzr-bg\" ><img decoding=\"async\" class=\"blog-thumb-lazy-load preload-me lazy-load aspect\" src=\"data:image\/svg+xml,%3Csvg%20xmlns%3D&#39;http%3A%2F%2Fwww.w3.org%2F2000%2Fsvg&#39;%20viewBox%3D&#39;0%200%20768%20576&#39;%2F%3E\" data-src=\"https:\/\/broz.sk\/wp-content\/uploads\/2022\/04\/DJI_0537-scaled-768x576.jpg\" data-srcset=\"https:\/\/broz.sk\/wp-content\/uploads\/2022\/04\/DJI_0537-scaled-768x576.jpg 768w, https:\/\/broz.sk\/wp-content\/uploads\/2022\/04\/DJI_0537-scaled-1306x979.jpg 1306w\" loading=\"eager\" style=\"--ratio: 768 \/ 576\" sizes=\"(max-width: 768px) 100vw, 768px\" alt=\"istragov\" title=\"default\" width=\"768\" height=\"576\"  \/><\/a>\n\t<\/div>\n<\/div>\n\n\n<div class=\"post-entry-content\">\n\n\t<h3 class=\"entry-title\">\n\t\t<a href=\"https:\/\/broz.sk\/en\/istragov-wetlands-restoration\/\" title=\"Istragov wetlands restoration\" rel=\"bookmark\">Istragov wetlands restoration<\/a>\n\t<\/h3>\n\n\t<div class=\"entry-meta\"><a href=\"https:\/\/broz.sk\/en\/2022\/04\/07\/\" title=\"11:34\" class=\"data-link\" rel=\"bookmark\"><time class=\"entry-date updated\" datetime=\"2022-04-07T11:34:38+02:00\">7. April 2022<\/time><\/a><\/div>\n\t<div class=\"entry-excerpt\"><p>We have prepared the first plan for the restoration of the Istragov wetlands, with the aim of year-round presence of water in Istragov. <\/p>\n<\/div>\n\t\n<a href=\"https:\/\/broz.sk\/en\/istragov-wetlands-restoration\/\" class=\"post-details details-type-link\" aria-label=\"Read more about Istragov wetlands restoration\">Read more<i class=\"dt-icon-the7-arrow-03\" aria-hidden=\"true\"><\/i><\/a>\n\n<\/div><\/article><article class=\"post project-odd hidden post-40823 type-post status-publish format-standard has-post-thumbnail hentry category-protection-of-habitats pmpro-has-access category-31 description-off\" data-name=\"We have published a brochure titled \u201cGrazing is amazing.\u201d\" data-date=\"2022-04-05T16:07:03+02:00\">\n\n<div class=\"post-thumbnail-wrap\">\n\t<div class=\"post-thumbnail\">\n\n\t\t\n\t\t\n\t\t<a href=\"https:\/\/broz.sk\/en\/we-have-published-a-brochure-titled-grazing-is-amazing\/\" class=\"post-thumbnail-rollover layzr-bg layzr-bg\" ><img decoding=\"async\" class=\"blog-thumb-lazy-load preload-me lazy-load aspect\" src=\"data:image\/svg+xml,%3Csvg%20xmlns%3D&#39;http%3A%2F%2Fwww.w3.org%2F2000%2Fsvg&#39;%20viewBox%3D&#39;0%200%20768%20576&#39;%2F%3E\" data-src=\"https:\/\/broz.sk\/wp-content\/uploads\/2022\/08\/277771158_10158571174510448_8741594566686462694_n-768x576.jpg\" data-srcset=\"https:\/\/broz.sk\/wp-content\/uploads\/2022\/08\/277771158_10158571174510448_8741594566686462694_n-768x576.jpg 768w, https:\/\/broz.sk\/wp-content\/uploads\/2022\/08\/277771158_10158571174510448_8741594566686462694_n-1306x979.jpg 1306w\" loading=\"eager\" style=\"--ratio: 768 \/ 576\" sizes=\"(max-width: 768px) 100vw, 768px\" alt=\"pasenie je sp\u00e1sa\" title=\"277771158_10158571174510448_8741594566686462694_n\" width=\"768\" height=\"576\"  \/><\/a>\n\t<\/div>\n<\/div>\n\n\n<div class=\"post-entry-content\">\n\n\t<h3 class=\"entry-title\">\n\t\t<a href=\"https:\/\/broz.sk\/en\/we-have-published-a-brochure-titled-grazing-is-amazing\/\" title=\"We have published a brochure titled \u201cGrazing is amazing.\u201d\" rel=\"bookmark\">We have published a brochure titled \u201cGrazing is amazing.\u201d<\/a>\n\t<\/h3>\n\n\t<div class=\"entry-meta\"><a href=\"https:\/\/broz.sk\/en\/2022\/04\/05\/\" title=\"16:07\" class=\"data-link\" rel=\"bookmark\"><time class=\"entry-date updated\" datetime=\"2022-04-05T16:07:03+02:00\">5. April 2022<\/time><\/a><\/div>\n\t<div class=\"entry-excerpt\"><p>We have finally managed to accomplish something we had been planning for a long time: to publish a brochure about the importance of grazing in the landscape\u2014for pollinators, flowers, insects, and birds\u2014for biodiversity as a whole.<\/p>\n<\/div>\n\t\n<a href=\"https:\/\/broz.sk\/en\/we-have-published-a-brochure-titled-grazing-is-amazing\/\" class=\"post-details details-type-link\" aria-label=\"Read more about We have published a brochure titled \u201cGrazing is amazing.\u201d\">Read more<i class=\"dt-icon-the7-arrow-03\" aria-hidden=\"true\"><\/i><\/a>\n\n<\/div><\/article><article class=\"post project-odd hidden post-18619 type-post status-publish format-standard has-post-thumbnail hentry category-0-en tag-dunajske-luhy-en tag-dunajskeluhy-en pmpro-has-access category-43 description-off\" data-name=\"The Danube Visited a School\" data-date=\"2022-04-05T13:54:42+02:00\">\n\n<div class=\"post-thumbnail-wrap\">\n\t<div class=\"post-thumbnail\">\n\n\t\t\n\t\t\n\t\t<a href=\"https:\/\/broz.sk\/en\/the-danube-visited-a-school\/\" class=\"post-thumbnail-rollover layzr-bg layzr-bg\" ><img decoding=\"async\" class=\"blog-thumb-lazy-load preload-me lazy-load aspect\" src=\"data:image\/svg+xml,%3Csvg%20xmlns%3D&#39;http%3A%2F%2Fwww.w3.org%2F2000%2Fsvg&#39;%20viewBox%3D&#39;0%200%20768%20576&#39;%2F%3E\" data-src=\"https:\/\/broz.sk\/wp-content\/uploads\/2022\/04\/IMG_20220328_085533593-scaled-768x576.jpg\" data-srcset=\"https:\/\/broz.sk\/wp-content\/uploads\/2022\/04\/IMG_20220328_085533593-scaled-768x576.jpg 768w, https:\/\/broz.sk\/wp-content\/uploads\/2022\/04\/IMG_20220328_085533593-scaled-1306x979.jpg 1306w\" loading=\"eager\" style=\"--ratio: 768 \/ 576\" sizes=\"(max-width: 768px) 100vw, 768px\" alt=\"\" title=\"IMG_20220328_085533593\" width=\"768\" height=\"576\"  \/><\/a>\n\t<\/div>\n<\/div>\n\n\n<div class=\"post-entry-content\">\n\n\t<h3 class=\"entry-title\">\n\t\t<a href=\"https:\/\/broz.sk\/en\/the-danube-visited-a-school\/\" title=\"The Danube Visited a School\" rel=\"bookmark\">The Danube Visited a School<\/a>\n\t<\/h3>\n\n\t<div class=\"entry-meta\"><a href=\"https:\/\/broz.sk\/en\/2022\/04\/05\/\" title=\"13:54\" class=\"data-link\" rel=\"bookmark\"><time class=\"entry-date updated\" datetime=\"2022-04-05T13:54:42+02:00\">5. April 2022<\/time><\/a><\/div>\n\t<div class=\"entry-excerpt\"><p>As part of spreading awareness about the nature protection of the Danube region, we organized two lectures for schools. Children from the 1st and 3rd grade of J. A. Komensk\u00fd Elementary School in Bratislava had the opportunity to learn a lot of new and interesting information not only about the Danube River itself, but also about the adjacent floodplain forests and wetlands&#8230;<\/p>\n<\/div>\n\t\n<a href=\"https:\/\/broz.sk\/en\/the-danube-visited-a-school\/\" class=\"post-details details-type-link\" aria-label=\"Read more about The Danube Visited a School\">Read more<i class=\"dt-icon-the7-arrow-03\" aria-hidden=\"true\"><\/i><\/a>\n\n<\/div><\/article><article class=\"post project-odd hidden post-29844 type-post status-publish format-standard has-post-thumbnail hentry category-protection-of-habitats pmpro-has-access category-31 description-off\" data-name=\"Ground squirrel dating programme is succesful\" data-date=\"2022-03-30T12:20:48+02:00\">\n\n<div class=\"post-thumbnail-wrap\">\n\t<div class=\"post-thumbnail\">\n\n\t\t\n\t\t\n\t\t<a href=\"https:\/\/broz.sk\/en\/ground-squirrel-dating-programme-is-succesful\/\" class=\"post-thumbnail-rollover layzr-bg layzr-bg\" ><img decoding=\"async\" class=\"blog-thumb-lazy-load preload-me lazy-load aspect\" src=\"data:image\/svg+xml,%3Csvg%20xmlns%3D&#39;http%3A%2F%2Fwww.w3.org%2F2000%2Fsvg&#39;%20viewBox%3D&#39;0%200%20768%20576&#39;%2F%3E\" data-src=\"https:\/\/broz.sk\/wp-content\/uploads\/2022\/03\/277086258_344524450963396_7568245423487903780_n-1-768x576.jpg\" data-srcset=\"https:\/\/broz.sk\/wp-content\/uploads\/2022\/03\/277086258_344524450963396_7568245423487903780_n-1-768x576.jpg 768w, https:\/\/broz.sk\/wp-content\/uploads\/2022\/03\/277086258_344524450963396_7568245423487903780_n-1-999x749.jpg 999w\" loading=\"eager\" style=\"--ratio: 768 \/ 576\" sizes=\"(max-width: 768px) 100vw, 768px\" alt=\"LIFE Syse\u013e\" title=\"277086258_344524450963396_7568245423487903780_n\" width=\"768\" height=\"576\"  \/><\/a>\n\t<\/div>\n<\/div>\n\n\n<div class=\"post-entry-content\">\n\n\t<h3 class=\"entry-title\">\n\t\t<a href=\"https:\/\/broz.sk\/en\/ground-squirrel-dating-programme-is-succesful\/\" title=\"Ground squirrel dating programme is succesful\" rel=\"bookmark\">Ground squirrel dating programme is succesful<\/a>\n\t<\/h3>\n\n\t<div class=\"entry-meta\"><a href=\"https:\/\/broz.sk\/en\/2022\/03\/30\/\" title=\"12:20\" class=\"data-link\" rel=\"bookmark\"><time class=\"entry-date updated\" datetime=\"2022-03-30T12:20:48+02:00\">30. March 2022<\/time><\/a><\/div>\n\t<div class=\"entry-excerpt\"><p>The ground squirrels, which were part of the first part of the captures on March 18-25, 2022, are already in their new homes and are obviously doing well.<\/p>\n<\/div>\n\t\n<a href=\"https:\/\/broz.sk\/en\/ground-squirrel-dating-programme-is-succesful\/\" class=\"post-details details-type-link\" aria-label=\"Read more about Ground squirrel dating programme is succesful\">Read more<i class=\"dt-icon-the7-arrow-03\" aria-hidden=\"true\"><\/i><\/a>\n\n<\/div><\/article><article class=\"post project-odd hidden post-18750 type-post status-publish format-standard has-post-thumbnail hentry category-protection-of-habitats pmpro-has-access category-31 description-off\" data-name=\"Workshop in the Danube floodplains\" data-date=\"2022-03-30T11:55:34+02:00\">\n\n<div class=\"post-thumbnail-wrap\">\n\t<div class=\"post-thumbnail\">\n\n\t\t\n\t\t\n\t\t<a href=\"https:\/\/broz.sk\/en\/workshop-in-the-danube-floodplains\/\" class=\"post-thumbnail-rollover layzr-bg layzr-bg\" ><img decoding=\"async\" class=\"blog-thumb-lazy-load preload-me lazy-load aspect\" src=\"data:image\/svg+xml,%3Csvg%20xmlns%3D&#39;http%3A%2F%2Fwww.w3.org%2F2000%2Fsvg&#39;%20viewBox%3D&#39;0%200%20768%20576&#39;%2F%3E\" data-src=\"https:\/\/broz.sk\/wp-content\/uploads\/2022\/03\/Untitled_2.3.1-768x576.jpg\" data-srcset=\"https:\/\/broz.sk\/wp-content\/uploads\/2022\/03\/Untitled_2.3.1-768x576.jpg 768w, https:\/\/broz.sk\/wp-content\/uploads\/2022\/03\/Untitled_2.3.1-1306x979.jpg 1306w\" loading=\"eager\" style=\"--ratio: 768 \/ 576\" sizes=\"(max-width: 768px) 100vw, 768px\" alt=\"workshop dunaj\" title=\"Untitled_2.3.1\" width=\"768\" height=\"576\"  \/><\/a>\n\t<\/div>\n<\/div>\n\n\n<div class=\"post-entry-content\">\n\n\t<h3 class=\"entry-title\">\n\t\t<a href=\"https:\/\/broz.sk\/en\/workshop-in-the-danube-floodplains\/\" title=\"Workshop in the Danube floodplains\" rel=\"bookmark\">Workshop in the Danube floodplains<\/a>\n\t<\/h3>\n\n\t<div class=\"entry-meta\"><a href=\"https:\/\/broz.sk\/en\/2022\/03\/30\/\" title=\"11:55\" class=\"data-link\" rel=\"bookmark\"><time class=\"entry-date updated\" datetime=\"2022-03-30T11:55:34+02:00\">30. March 2022<\/time><\/a><\/div>\n\t<div class=\"entry-excerpt\"><p>In the Danube floodplians, we organized a workshop for experts from various fields of nature protection, agriculture and energy.<\/p>\n<\/div>\n\t\n<a href=\"https:\/\/broz.sk\/en\/workshop-in-the-danube-floodplains\/\" class=\"post-details details-type-link\" aria-label=\"Read more about Workshop in the Danube floodplains\">Read more<i class=\"dt-icon-the7-arrow-03\" aria-hidden=\"true\"><\/i><\/a>\n\n<\/div><\/article><article class=\"post project-odd hidden post-29848 type-post status-publish format-standard has-post-thumbnail hentry category-protection-of-habitats pmpro-has-access category-31 description-off\" data-name=\"We started with spring capture of ground squirrels\" data-date=\"2022-03-22T12:38:04+01:00\">\n\n<div class=\"post-thumbnail-wrap\">\n\t<div class=\"post-thumbnail\">\n\n\t\t\n\t\t\n\t\t<a href=\"https:\/\/broz.sk\/en\/we-started-with-spring-capture-of-ground-squirrels\/\" class=\"post-thumbnail-rollover layzr-bg layzr-bg\" ><img decoding=\"async\" class=\"blog-thumb-lazy-load preload-me lazy-load aspect\" src=\"data:image\/svg+xml,%3Csvg%20xmlns%3D&#39;http%3A%2F%2Fwww.w3.org%2F2000%2Fsvg&#39;%20viewBox%3D&#39;0%200%20768%20576&#39;%2F%3E\" data-src=\"https:\/\/broz.sk\/wp-content\/uploads\/2022\/03\/sys-scaled-768x576.jpg\" data-srcset=\"https:\/\/broz.sk\/wp-content\/uploads\/2022\/03\/sys-scaled-768x576.jpg 768w, https:\/\/broz.sk\/wp-content\/uploads\/2022\/03\/sys-scaled-1306x979.jpg 1306w\" loading=\"eager\" style=\"--ratio: 768 \/ 576\" sizes=\"(max-width: 768px) 100vw, 768px\" alt=\"syse\u013e pasienkov\u00fd, letisko Bratislava\" title=\"sys\" width=\"768\" height=\"576\"  \/><\/a>\n\t<\/div>\n<\/div>\n\n\n<div class=\"post-entry-content\">\n\n\t<h3 class=\"entry-title\">\n\t\t<a href=\"https:\/\/broz.sk\/en\/we-started-with-spring-capture-of-ground-squirrels\/\" title=\"We started with spring capture of ground squirrels\" rel=\"bookmark\">We started with spring capture of ground squirrels<\/a>\n\t<\/h3>\n\n\t<div class=\"entry-meta\"><a href=\"https:\/\/broz.sk\/en\/2022\/03\/22\/\" title=\"12:38\" class=\"data-link\" rel=\"bookmark\"><time class=\"entry-date updated\" datetime=\"2022-03-22T12:38:04+01:00\">22. March 2022<\/time><\/a><\/div>\n\t<div class=\"entry-excerpt\"><p>Over the weekend we started with capture of ground squirrels at the Bratislava airport, these days we are continuing in the Slovak Kras and the Mur\u00e1nska planina will follow.<\/p>\n<\/div>\n\t\n<a href=\"https:\/\/broz.sk\/en\/we-started-with-spring-capture-of-ground-squirrels\/\" class=\"post-details details-type-link\" aria-label=\"Read more about We started with spring capture of ground squirrels\">Read more<i class=\"dt-icon-the7-arrow-03\" aria-hidden=\"true\"><\/i><\/a>\n\n<\/div><\/article><article class=\"post project-odd hidden post-29853 type-post status-publish format-standard has-post-thumbnail hentry category-uncategorized pmpro-has-access category-22 description-off\" data-name=\"We are feeding ground squirrels, we are preparing catches\" data-date=\"2022-03-14T14:05:43+01:00\">\n\n<div class=\"post-thumbnail-wrap\">\n\t<div class=\"post-thumbnail\">\n\n\t\t\n\t\t\n\t\t<a href=\"https:\/\/broz.sk\/en\/we-are-feeding-ground-squirrels-we-are-preparing-catches\/\" class=\"post-thumbnail-rollover layzr-bg layzr-bg\" ><img decoding=\"async\" class=\"blog-thumb-lazy-load preload-me lazy-load aspect\" src=\"data:image\/svg+xml,%3Csvg%20xmlns%3D&#39;http%3A%2F%2Fwww.w3.org%2F2000%2Fsvg&#39;%20viewBox%3D&#39;0%200%20768%20576&#39;%2F%3E\" data-src=\"https:\/\/broz.sk\/wp-content\/uploads\/2022\/03\/IMG-3519-scaled-768x576.jpg\" data-srcset=\"https:\/\/broz.sk\/wp-content\/uploads\/2022\/03\/IMG-3519-scaled-768x576.jpg 768w, https:\/\/broz.sk\/wp-content\/uploads\/2022\/03\/IMG-3519-scaled-1306x979.jpg 1306w\" loading=\"eager\" style=\"--ratio: 768 \/ 576\" sizes=\"(max-width: 768px) 100vw, 768px\" alt=\"syse\u013e pasienkov\u00fd, letisko Bratislava\" title=\"IMG-3519\" width=\"768\" height=\"576\"  \/><\/a>\n\t<\/div>\n<\/div>\n\n\n<div class=\"post-entry-content\">\n\n\t<h3 class=\"entry-title\">\n\t\t<a href=\"https:\/\/broz.sk\/en\/we-are-feeding-ground-squirrels-we-are-preparing-catches\/\" title=\"We are feeding ground squirrels, we are preparing catches\" rel=\"bookmark\">We are feeding ground squirrels, we are preparing catches<\/a>\n\t<\/h3>\n\n\t<div class=\"entry-meta\"><a href=\"https:\/\/broz.sk\/en\/2022\/03\/14\/\" title=\"14:05\" class=\"data-link\" rel=\"bookmark\"><time class=\"entry-date updated\" datetime=\"2022-03-14T14:05:43+01:00\">14. March 2022<\/time><\/a><\/div>\n\t<div class=\"entry-excerpt\"><p>In recent days, our volunteers have been going to the Bratislava airport to feed the ground squirrels. Every roughly 20-30 meters they throw a little sunflower to get them used to going to these places. We are planning to catch ground squirrels there and transport them to other locations in order to strengthen several populations in southern and western Slovakia.<\/p>\n<\/div>\n\t\n<a href=\"https:\/\/broz.sk\/en\/we-are-feeding-ground-squirrels-we-are-preparing-catches\/\" class=\"post-details details-type-link\" aria-label=\"Read more about We are feeding ground squirrels, we are preparing catches\">Read more<i class=\"dt-icon-the7-arrow-03\" aria-hidden=\"true\"><\/i><\/a>\n\n<\/div><\/article><article class=\"post project-odd hidden post-18372 type-post status-publish format-standard has-post-thumbnail hentry category-protection-of-habitats category-protection-of-species tag-danube pmpro-has-access category-31 category-30 description-off\" data-name=\"Ap\u00e1lsky ostrov Island &#8211; Forest reserve at the confluence of rivers\" data-date=\"2022-03-11T17:00:49+01:00\">\n\n<div class=\"post-thumbnail-wrap\">\n\t<div class=\"post-thumbnail\">\n\n\t\t\n\t\t\n\t\t<a href=\"https:\/\/broz.sk\/en\/apalsky-ostrov-island-forest-reserve-at-the-confluence-of-rivers\/\" class=\"post-thumbnail-rollover layzr-bg layzr-bg\" ><img decoding=\"async\" class=\"blog-thumb-lazy-load preload-me lazy-load aspect\" src=\"data:image\/svg+xml,%3Csvg%20xmlns%3D&#39;http%3A%2F%2Fwww.w3.org%2F2000%2Fsvg&#39;%20viewBox%3D&#39;0%200%20768%20576&#39;%2F%3E\" data-src=\"https:\/\/broz.sk\/wp-content\/uploads\/2022\/03\/Haliaeetus-albicilla_Jakub-Mrocek-768x576.jpg\" data-srcset=\"https:\/\/broz.sk\/wp-content\/uploads\/2022\/03\/Haliaeetus-albicilla_Jakub-Mrocek-768x576.jpg 768w, https:\/\/broz.sk\/wp-content\/uploads\/2022\/03\/Haliaeetus-albicilla_Jakub-Mrocek-889x667.jpg 889w\" loading=\"eager\" style=\"--ratio: 768 \/ 576\" sizes=\"(max-width: 768px) 100vw, 768px\" alt=\"Orliak morsk\u00fd si stavia hniezda na vysok\u00fdch mohutn\u00fdch stromoch v bl\u00edzkosti vody s dostatkom r\u00fdb a vodn\u00e9ho vt\u00e1ctva; (foto J. Mrocek)\" title=\"Adult white-tailed eagle, halitaeetus albicilla, feeding on a caught fish.\" width=\"768\" height=\"576\"  \/><\/a>\n\t<\/div>\n<\/div>\n\n\n<div class=\"post-entry-content\">\n\n\t<h3 class=\"entry-title\">\n\t\t<a href=\"https:\/\/broz.sk\/en\/apalsky-ostrov-island-forest-reserve-at-the-confluence-of-rivers\/\" title=\"Ap\u00e1lsky ostrov Island &#8211; Forest reserve at the confluence of rivers\" rel=\"bookmark\">Ap\u00e1lsky ostrov Island &#8211; Forest reserve at the confluence of rivers<\/a>\n\t<\/h3>\n\n\t<div class=\"entry-meta\"><a href=\"https:\/\/broz.sk\/en\/2022\/03\/11\/\" title=\"17:00\" class=\"data-link\" rel=\"bookmark\"><time class=\"entry-date updated\" datetime=\"2022-03-11T17:00:49+01:00\">11. March 2022<\/time><\/a><\/div>\n\t<div class=\"entry-excerpt\"><p>National Nature Reserve Ap\u00e1lsky ostrov with 5th the highest degree of protection represents one of the exceptional and rare project sites of BROZ. This area with surface of 85.97 ha was declared in 1954 to ensure the protection of unique communities of willow-poplar floodplain forest. <\/p>\n<\/div>\n\t\n<a href=\"https:\/\/broz.sk\/en\/apalsky-ostrov-island-forest-reserve-at-the-confluence-of-rivers\/\" class=\"post-details details-type-link\" aria-label=\"Read more about Ap\u00e1lsky ostrov Island &#8211; Forest reserve at the confluence of rivers\">Read more<i class=\"dt-icon-the7-arrow-03\" aria-hidden=\"true\"><\/i><\/a>\n\n<\/div><\/article><article class=\"post project-odd hidden post-40816 type-post status-publish format-standard has-post-thumbnail hentry category-protection-of-habitats pmpro-has-access category-31 description-off\" data-name=\"A page connecting farmers is almost finished\" data-date=\"2022-03-02T16:03:09+01:00\">\n\n<div class=\"post-thumbnail-wrap\">\n\t<div class=\"post-thumbnail\">\n\n\t\t\n\t\t\n\t\t<a href=\"https:\/\/broz.sk\/en\/a-page-connecting-farmers-is-almost-finished\/\" class=\"post-thumbnail-rollover layzr-bg layzr-bg\" ><img decoding=\"async\" class=\"blog-thumb-lazy-load preload-me lazy-load aspect\" src=\"data:image\/svg+xml,%3Csvg%20xmlns%3D&#39;http%3A%2F%2Fwww.w3.org%2F2000%2Fsvg&#39;%20viewBox%3D&#39;0%200%20768%20576&#39;%2F%3E\" data-src=\"https:\/\/broz.sk\/wp-content\/uploads\/2022\/03\/zk-768x576.jpg\" data-srcset=\"https:\/\/broz.sk\/wp-content\/uploads\/2022\/03\/zk-768x576.jpg 768w, https:\/\/broz.sk\/wp-content\/uploads\/2022\/03\/zk-1223x917.jpg 1223w\" loading=\"eager\" style=\"--ratio: 768 \/ 576\" sizes=\"(max-width: 768px) 100vw, 768px\" alt=\"\" title=\"zk\" width=\"768\" height=\"576\"  \/><\/a>\n\t<\/div>\n<\/div>\n\n\n<div class=\"post-entry-content\">\n\n\t<h3 class=\"entry-title\">\n\t\t<a href=\"https:\/\/broz.sk\/en\/a-page-connecting-farmers-is-almost-finished\/\" title=\"A page connecting farmers is almost finished\" rel=\"bookmark\">A page connecting farmers is almost finished<\/a>\n\t<\/h3>\n\n\t<div class=\"entry-meta\"><a href=\"https:\/\/broz.sk\/en\/2022\/03\/02\/\" title=\"16:03\" class=\"data-link\" rel=\"bookmark\"><time class=\"entry-date updated\" datetime=\"2022-03-02T16:03:09+01:00\">2. March 2022<\/time><\/a><\/div>\n\t<div class=\"entry-excerpt\"><p>A website that promotes farmers who manage their land in an environmentally friendly way and connects them with buyers of their products is almost finished. The site, called Krajina \u017eiv\u00e1, will be launched soon, and farmers who practice extensive grazing\u2014keeping fewer animals or grazing over large areas\u2014will be able to join gradually. In this way, they contribute to the biodiversity of the agricultural landscape.<\/p>\n<\/div>\n\t\n<a href=\"https:\/\/broz.sk\/en\/a-page-connecting-farmers-is-almost-finished\/\" class=\"post-details details-type-link\" aria-label=\"Read more about A page connecting farmers is almost finished\">Read more<i class=\"dt-icon-the7-arrow-03\" aria-hidden=\"true\"><\/i><\/a>\n\n<\/div><\/article><article class=\"post project-odd hidden post-29858 type-post status-publish format-standard has-post-thumbnail hentry category-protection-of-habitats pmpro-has-access category-31 description-off\" data-name=\"Ground squirrels qre waking up\" data-date=\"2022-02-25T12:33:50+01:00\">\n\n<div class=\"post-thumbnail-wrap\">\n\t<div class=\"post-thumbnail\">\n\n\t\t\n\t\t\n\t\t<a href=\"https:\/\/broz.sk\/en\/ground-squirrels-qre-waking-up\/\" class=\"post-thumbnail-rollover layzr-bg layzr-bg\" ><img decoding=\"async\" class=\"blog-thumb-lazy-load preload-me lazy-load aspect\" src=\"data:image\/svg+xml,%3Csvg%20xmlns%3D&#39;http%3A%2F%2Fwww.w3.org%2F2000%2Fsvg&#39;%20viewBox%3D&#39;0%200%20768%20576&#39;%2F%3E\" data-src=\"https:\/\/broz.sk\/wp-content\/uploads\/2022\/02\/117303614_581745659177021_8794124135311953019_o-768x576.jpg\" data-srcset=\"https:\/\/broz.sk\/wp-content\/uploads\/2022\/02\/117303614_581745659177021_8794124135311953019_o-768x576.jpg 768w, https:\/\/broz.sk\/wp-content\/uploads\/2022\/02\/117303614_581745659177021_8794124135311953019_o-1306x979.jpg 1306w\" loading=\"eager\" style=\"--ratio: 768 \/ 576\" sizes=\"(max-width: 768px) 100vw, 768px\" alt=\"\" title=\"117303614_581745659177021_8794124135311953019_o\" width=\"768\" height=\"576\"  \/><\/a>\n\t<\/div>\n<\/div>\n\n\n<div class=\"post-entry-content\">\n\n\t<h3 class=\"entry-title\">\n\t\t<a href=\"https:\/\/broz.sk\/en\/ground-squirrels-qre-waking-up\/\" title=\"Ground squirrels qre waking up\" rel=\"bookmark\">Ground squirrels qre waking up<\/a>\n\t<\/h3>\n\n\t<div class=\"entry-meta\"><a href=\"https:\/\/broz.sk\/en\/2022\/02\/25\/\" title=\"12:33\" class=\"data-link\" rel=\"bookmark\"><time class=\"entry-date updated\" datetime=\"2022-02-25T12:33:50+01:00\">25. February 2022<\/time><\/a><\/div>\n\t<div class=\"entry-excerpt\"><p>From several ground squirrels localities in Slovakia, they tell us that the squirrels are waking up.<\/p>\n<\/div>\n\t\n<a href=\"https:\/\/broz.sk\/en\/ground-squirrels-qre-waking-up\/\" class=\"post-details details-type-link\" aria-label=\"Read more about Ground squirrels qre waking up\">Read more<i class=\"dt-icon-the7-arrow-03\" aria-hidden=\"true\"><\/i><\/a>\n\n<\/div><\/article><article class=\"post project-odd hidden post-18688 type-post status-publish format-standard has-post-thumbnail hentry category-protection-of-habitats pmpro-has-access category-31 description-off\" data-name=\"Even Pannonian root vole has the boundaries\" data-date=\"2022-02-15T10:55:18+01:00\">\n\n<div class=\"post-thumbnail-wrap\">\n\t<div class=\"post-thumbnail\">\n\n\t\t\n\t\t\n\t\t<a href=\"https:\/\/broz.sk\/en\/even-pannonian-root-vole-has-the-boundaries\/\" class=\"post-thumbnail-rollover layzr-bg layzr-bg\" ><img decoding=\"async\" class=\"blog-thumb-lazy-load preload-me lazy-load aspect\" src=\"data:image\/svg+xml,%3Csvg%20xmlns%3D&#39;http%3A%2F%2Fwww.w3.org%2F2000%2Fsvg&#39;%20viewBox%3D&#39;0%200%20768%20576&#39;%2F%3E\" data-src=\"https:\/\/broz.sk\/wp-content\/uploads\/2022\/03\/stromo-768x576.jpg\" data-srcset=\"https:\/\/broz.sk\/wp-content\/uploads\/2022\/03\/stromo-768x576.jpg 768w, https:\/\/broz.sk\/wp-content\/uploads\/2022\/03\/stromo-1306x979.jpg 1306w\" loading=\"eager\" style=\"--ratio: 768 \/ 576\" sizes=\"(max-width: 768px) 100vw, 768px\" alt=\"\" title=\"stromo\" width=\"768\" height=\"576\"  \/><\/a>\n\t<\/div>\n<\/div>\n\n\n<div class=\"post-entry-content\">\n\n\t<h3 class=\"entry-title\">\n\t\t<a href=\"https:\/\/broz.sk\/en\/even-pannonian-root-vole-has-the-boundaries\/\" title=\"Even Pannonian root vole has the boundaries\" rel=\"bookmark\">Even Pannonian root vole has the boundaries<\/a>\n\t<\/h3>\n\n\t<div class=\"entry-meta\"><a href=\"https:\/\/broz.sk\/en\/2022\/02\/15\/\" title=\"10:55\" class=\"data-link\" rel=\"bookmark\"><time class=\"entry-date updated\" datetime=\"2022-02-15T10:55:18+01:00\">15. February 2022<\/time><\/a><\/div>\n\t<div class=\"entry-excerpt\"><p>On the borders of \u00daEV \u010cili\u017esk\u00e9 mo\u010diare, the home to a large population of the Pannonian root vole, we planted a tree line of hawthorns, oaks and alders and completed it with an agate stakes. <\/p>\n<\/div>\n\t\n<a href=\"https:\/\/broz.sk\/en\/even-pannonian-root-vole-has-the-boundaries\/\" class=\"post-details details-type-link\" aria-label=\"Read more about Even Pannonian root vole has the boundaries\">Read more<i class=\"dt-icon-the7-arrow-03\" aria-hidden=\"true\"><\/i><\/a>\n\n<\/div><\/article><article class=\"post project-odd hidden post-18517 type-post status-publish format-standard has-post-thumbnail hentry category-protection-of-habitats category-uncategorized tag-sub-pannonic-en pmpro-has-access category-31 category-22 description-off\" data-name=\"The volunteer\u2019s actions are continued on Ve\u013ek\u00fd Kopec\" data-date=\"2022-02-12T12:31:28+01:00\">\n\n<div class=\"post-thumbnail-wrap\">\n\t<div class=\"post-thumbnail\">\n\n\t\t\n\t\t\n\t\t<a href=\"https:\/\/broz.sk\/en\/the-volunteers-actions-are-continued-on-velky-kopec\/\" class=\"post-thumbnail-rollover layzr-bg layzr-bg\" ><img decoding=\"async\" class=\"blog-thumb-lazy-load preload-me lazy-load aspect\" src=\"data:image\/svg+xml,%3Csvg%20xmlns%3D&#39;http%3A%2F%2Fwww.w3.org%2F2000%2Fsvg&#39;%20viewBox%3D&#39;0%200%20768%20576&#39;%2F%3E\" data-src=\"https:\/\/broz.sk\/wp-content\/uploads\/2022\/03\/Obrazok3-1-768x576.jpg\" data-srcset=\"https:\/\/broz.sk\/wp-content\/uploads\/2022\/03\/Obrazok3-1-768x576.jpg 768w, https:\/\/broz.sk\/wp-content\/uploads\/2022\/03\/Obrazok3-1-1039x778.jpg 1039w\" loading=\"eager\" style=\"--ratio: 768 \/ 576\" sizes=\"(max-width: 768px) 100vw, 768px\" alt=\"\" title=\"Obr\u00e1zok3\" width=\"768\" height=\"576\"  \/><\/a>\n\t<\/div>\n<\/div>\n\n\n<div class=\"post-entry-content\">\n\n\t<h3 class=\"entry-title\">\n\t\t<a href=\"https:\/\/broz.sk\/en\/the-volunteers-actions-are-continued-on-velky-kopec\/\" title=\"The volunteer\u2019s actions are continued on Ve\u013ek\u00fd Kopec\" rel=\"bookmark\">The volunteer\u2019s actions are continued on Ve\u013ek\u00fd Kopec<\/a>\n\t<\/h3>\n\n\t<div class=\"entry-meta\"><a href=\"https:\/\/broz.sk\/en\/2022\/02\/12\/\" title=\"12:31\" class=\"data-link\" rel=\"bookmark\"><time class=\"entry-date updated\" datetime=\"2022-02-12T12:31:28+01:00\">12. February 2022<\/time><\/a><\/div>\n\t<div class=\"entry-excerpt\"><p>In the middle of February, the volunteers had met to help again the pasture species in Site of Community Importance Ve\u013ek\u00fd Kopec. The locality is known by the occurrence of steppe and forest-steppe habitats. <\/p>\n<\/div>\n\t\n<a href=\"https:\/\/broz.sk\/en\/the-volunteers-actions-are-continued-on-velky-kopec\/\" class=\"post-details details-type-link\" aria-label=\"Read more about The volunteer\u2019s actions are continued on Ve\u013ek\u00fd Kopec\">Read more<i class=\"dt-icon-the7-arrow-03\" aria-hidden=\"true\"><\/i><\/a>\n\n<\/div><\/article><article class=\"post project-odd hidden post-18692 type-post status-publish format-standard has-post-thumbnail hentry category-protection-of-habitats pmpro-has-access category-31 description-off\" data-name=\"Connection of wetlands by \u010cili\u017esk\u00fd potok brook restoration\" data-date=\"2022-02-12T11:00:26+01:00\">\n\n<div class=\"post-thumbnail-wrap\">\n\t<div class=\"post-thumbnail\">\n\n\t\t\n\t\t\n\t\t<a href=\"https:\/\/broz.sk\/en\/connection-of-wetlands-by-cilizsky-potok-brook-restoration\/\" class=\"post-thumbnail-rollover layzr-bg layzr-bg\" ><img decoding=\"async\" class=\"blog-thumb-lazy-load preload-me lazy-load aspect\" src=\"data:image\/svg+xml,%3Csvg%20xmlns%3D&#39;http%3A%2F%2Fwww.w3.org%2F2000%2Fsvg&#39;%20viewBox%3D&#39;0%200%20768%20576&#39;%2F%3E\" data-src=\"https:\/\/broz.sk\/wp-content\/uploads\/2022\/03\/273216589_10158484305255448_6792593784763655743_n-768x576.jpg\" data-srcset=\"https:\/\/broz.sk\/wp-content\/uploads\/2022\/03\/273216589_10158484305255448_6792593784763655743_n-768x576.jpg 768w, https:\/\/broz.sk\/wp-content\/uploads\/2022\/03\/273216589_10158484305255448_6792593784763655743_n-1306x979.jpg 1306w\" loading=\"eager\" style=\"--ratio: 768 \/ 576\" sizes=\"(max-width: 768px) 100vw, 768px\" alt=\"\" title=\"273216589_10158484305255448_6792593784763655743_n\" width=\"768\" height=\"576\"  \/><\/a>\n\t<\/div>\n<\/div>\n\n\n<div class=\"post-entry-content\">\n\n\t<h3 class=\"entry-title\">\n\t\t<a href=\"https:\/\/broz.sk\/en\/connection-of-wetlands-by-cilizsky-potok-brook-restoration\/\" title=\"Connection of wetlands by \u010cili\u017esk\u00fd potok brook restoration\" rel=\"bookmark\">Connection of wetlands by \u010cili\u017esk\u00fd potok brook restoration<\/a>\n\t<\/h3>\n\n\t<div class=\"entry-meta\"><a href=\"https:\/\/broz.sk\/en\/2022\/02\/12\/\" title=\"11:00\" class=\"data-link\" rel=\"bookmark\"><time class=\"entry-date updated\" datetime=\"2022-02-12T11:00:26+01:00\">12. February 2022<\/time><\/a><\/div>\n\t<div class=\"entry-excerpt\"><p>As part of the LIFE Microtus II project, we will modify the end of the \u010cili\u017esk\u00fd potok brook so it will flow freely and create new wetlands on an area of approximately 40 hectares. <\/p>\n<\/div>\n\t\n<a href=\"https:\/\/broz.sk\/en\/connection-of-wetlands-by-cilizsky-potok-brook-restoration\/\" class=\"post-details details-type-link\" aria-label=\"Read more about Connection of wetlands by \u010cili\u017esk\u00fd potok brook restoration\">Read more<i class=\"dt-icon-the7-arrow-03\" aria-hidden=\"true\"><\/i><\/a>\n\n<\/div><\/article><article class=\"post project-odd hidden post-18534 type-post status-publish format-standard has-post-thumbnail hentry category-uncategorized pmpro-has-access category-22 description-off\" data-name=\"We were working hard on Pieskovcov\u00e9 chrbty\" data-date=\"2022-02-08T13:01:45+01:00\">\n\n<div class=\"post-thumbnail-wrap\">\n\t<div class=\"post-thumbnail\">\n\n\t\t\n\t\t\n\t\t<a href=\"https:\/\/broz.sk\/en\/we-were-working-hard-on-pieskovcove-chrbty\/\" class=\"post-thumbnail-rollover layzr-bg layzr-bg\" ><img decoding=\"async\" class=\"blog-thumb-lazy-load preload-me lazy-load aspect\" src=\"data:image\/svg+xml,%3Csvg%20xmlns%3D&#39;http%3A%2F%2Fwww.w3.org%2F2000%2Fsvg&#39;%20viewBox%3D&#39;0%200%20768%20576&#39;%2F%3E\" data-src=\"https:\/\/broz.sk\/wp-content\/uploads\/2022\/03\/IMG_20220205_104947-1-768x576.jpg\" data-srcset=\"https:\/\/broz.sk\/wp-content\/uploads\/2022\/03\/IMG_20220205_104947-1-768x576.jpg 768w, https:\/\/broz.sk\/wp-content\/uploads\/2022\/03\/IMG_20220205_104947-1-1306x979.jpg 1306w\" loading=\"eager\" style=\"--ratio: 768 \/ 576\" sizes=\"(max-width: 768px) 100vw, 768px\" alt=\"\" title=\"IMG_20220205_104947\" width=\"768\" height=\"576\"  \/><\/a>\n\t<\/div>\n<\/div>\n\n\n<div class=\"post-entry-content\">\n\n\t<h3 class=\"entry-title\">\n\t\t<a href=\"https:\/\/broz.sk\/en\/we-were-working-hard-on-pieskovcove-chrbty\/\" title=\"We were working hard on Pieskovcov\u00e9 chrbty\" rel=\"bookmark\">We were working hard on Pieskovcov\u00e9 chrbty<\/a>\n\t<\/h3>\n\n\t<div class=\"entry-meta\"><a href=\"https:\/\/broz.sk\/en\/2022\/02\/08\/\" title=\"13:01\" class=\"data-link\" rel=\"bookmark\"><time class=\"entry-date updated\" datetime=\"2022-02-08T13:01:45+01:00\">8. February 2022<\/time><\/a><\/div>\n\t<div class=\"entry-excerpt\"><p>We are trying to restore grazing to the Pieskovcov\u00e9 chrbty locality, which will be crucial for the protection of rare species. So far, we are at least cleaning and removing air raids.<\/p>\n<\/div>\n\t\n<a href=\"https:\/\/broz.sk\/en\/we-were-working-hard-on-pieskovcove-chrbty\/\" class=\"post-details details-type-link\" aria-label=\"Read more about We were working hard on Pieskovcov\u00e9 chrbty\">Read more<i class=\"dt-icon-the7-arrow-03\" aria-hidden=\"true\"><\/i><\/a>\n\n<\/div><\/article><article class=\"post project-odd hidden post-29728 type-post status-publish format-standard has-post-thumbnail hentry category-protection-of-habitats pmpro-has-access category-31 description-off\" data-name=\"Restoration of Svarkovica protected area in cooperation with PLA Str\u00e1\u017eovsk\u00e9 vrchy administration\" data-date=\"2022-01-24T15:22:43+01:00\">\n\n<div class=\"post-thumbnail-wrap\">\n\t<div class=\"post-thumbnail\">\n\n\t\t\n\t\t\n\t\t<a href=\"https:\/\/broz.sk\/en\/restoration-of-svarkovica-protected-area-in-cooperation-with-pla-strazovske-vrchy-administration\/\" class=\"post-thumbnail-rollover layzr-bg layzr-bg\" ><img decoding=\"async\" class=\"blog-thumb-lazy-load preload-me lazy-load aspect\" src=\"data:image\/svg+xml,%3Csvg%20xmlns%3D&#39;http%3A%2F%2Fwww.w3.org%2F2000%2Fsvg&#39;%20viewBox%3D&#39;0%200%20768%20576&#39;%2F%3E\" data-src=\"https:\/\/broz.sk\/wp-content\/uploads\/2022\/01\/DSC_2943-768x576.jpg\" data-srcset=\"https:\/\/broz.sk\/wp-content\/uploads\/2022\/01\/DSC_2943-768x576.jpg 768w, https:\/\/broz.sk\/wp-content\/uploads\/2022\/01\/DSC_2943-1306x979.jpg 1306w\" loading=\"eager\" style=\"--ratio: 768 \/ 576\" sizes=\"(max-width: 768px) 100vw, 768px\" alt=\"\" title=\"DSC_2943\" width=\"768\" height=\"576\"  \/><\/a>\n\t<\/div>\n<\/div>\n\n\n<div class=\"post-entry-content\">\n\n\t<h3 class=\"entry-title\">\n\t\t<a href=\"https:\/\/broz.sk\/en\/restoration-of-svarkovica-protected-area-in-cooperation-with-pla-strazovske-vrchy-administration\/\" title=\"Restoration of Svarkovica protected area in cooperation with PLA Str\u00e1\u017eovsk\u00e9 vrchy administration\" rel=\"bookmark\">Restoration of Svarkovica protected area in cooperation with PLA Str\u00e1\u017eovsk\u00e9 vrchy administration<\/a>\n\t<\/h3>\n\n\t<div class=\"entry-meta\"><a href=\"https:\/\/broz.sk\/en\/2022\/01\/24\/\" title=\"15:22\" class=\"data-link\" rel=\"bookmark\"><time class=\"entry-date updated\" datetime=\"2022-01-24T15:22:43+01:00\">24. January 2022<\/time><\/a><\/div>\n\t<div class=\"entry-excerpt\"><p>Pine trees and spruce trees gradually overgrew even the territory of Svarkovica prtected area. The shading and acid fallout of needles increasingly changed the ecological factors of the environment, and without human intervention, the rare habitat and the species bound to it would gradually disappear even from this hotspot of biodiversity. <\/p>\n<\/div>\n\t\n<a href=\"https:\/\/broz.sk\/en\/restoration-of-svarkovica-protected-area-in-cooperation-with-pla-strazovske-vrchy-administration\/\" class=\"post-details details-type-link\" aria-label=\"Read more about Restoration of Svarkovica protected area in cooperation with PLA Str\u00e1\u017eovsk\u00e9 vrchy administration\">Read more<i class=\"dt-icon-the7-arrow-03\" aria-hidden=\"true\"><\/i><\/a>\n\n<\/div><\/article><article class=\"post project-odd hidden post-17847 type-post status-publish format-standard has-post-thumbnail hentry category-protection-of-habitats pmpro-has-access category-31 description-off\" data-name=\"Monitoring of frogs and newts in the Danube floodplains continues\" data-date=\"2022-01-17T15:48:08+01:00\">\n\n<div class=\"post-thumbnail-wrap\">\n\t<div class=\"post-thumbnail\">\n\n\t\t\n\t\t\n\t\t<a href=\"https:\/\/broz.sk\/en\/monitoring-of-frogs-and-newts-in-the-danube-floodplains-continues\/\" class=\"post-thumbnail-rollover layzr-bg layzr-bg\" ><img decoding=\"async\" class=\"blog-thumb-lazy-load preload-me lazy-load aspect\" src=\"data:image\/svg+xml,%3Csvg%20xmlns%3D&#39;http%3A%2F%2Fwww.w3.org%2F2000%2Fsvg&#39;%20viewBox%3D&#39;0%200%20768%20576&#39;%2F%3E\" data-src=\"https:\/\/broz.sk\/wp-content\/uploads\/2022\/01\/2-scaled-768x576.jpg\" data-srcset=\"https:\/\/broz.sk\/wp-content\/uploads\/2022\/01\/2-scaled-768x576.jpg 768w, https:\/\/broz.sk\/wp-content\/uploads\/2022\/01\/2-scaled-1306x979.jpg 1306w\" loading=\"eager\" style=\"--ratio: 768 \/ 576\" sizes=\"(max-width: 768px) 100vw, 768px\" alt=\"Revitalizovan\u00e9 rameno Dunaja\" title=\"2\" width=\"768\" height=\"576\"  \/><\/a>\n\t<\/div>\n<\/div>\n\n\n<div class=\"post-entry-content\">\n\n\t<h3 class=\"entry-title\">\n\t\t<a href=\"https:\/\/broz.sk\/en\/monitoring-of-frogs-and-newts-in-the-danube-floodplains-continues\/\" title=\"Monitoring of frogs and newts in the Danube floodplains continues\" rel=\"bookmark\">Monitoring of frogs and newts in the Danube floodplains continues<\/a>\n\t<\/h3>\n\n\t<div class=\"entry-meta\"><a href=\"https:\/\/broz.sk\/en\/2022\/01\/17\/\" title=\"15:48\" class=\"data-link\" rel=\"bookmark\"><time class=\"entry-date updated\" datetime=\"2022-01-17T15:48:08+01:00\">17. January 2022<\/time><\/a><\/div>\n\t<div class=\"entry-excerpt\"><p>We recently reported on the results of amphibian monitoring in the Danube floodplains in 2019 and 2020 and the impact of simulated floods on their populations. Nowadays, we hold in our hands a report from the observations from 2021, which were carried out by zoologist Peter Mikul\u00ed\u010dek before and after the flood in the target area. <\/p>\n<\/div>\n\t\n<a href=\"https:\/\/broz.sk\/en\/monitoring-of-frogs-and-newts-in-the-danube-floodplains-continues\/\" class=\"post-details details-type-link\" aria-label=\"Read more about Monitoring of frogs and newts in the Danube floodplains continues\">Read more<i class=\"dt-icon-the7-arrow-03\" aria-hidden=\"true\"><\/i><\/a>\n\n<\/div><\/article><article class=\"post project-odd hidden post-17781 type-post status-publish format-standard has-post-thumbnail hentry category-protection-of-habitats pmpro-has-access category-31 description-off\" data-name=\"Transversal lines of weirs in the Danube river branch system\" data-date=\"2022-01-12T11:41:46+01:00\">\n\n<div class=\"post-thumbnail-wrap\">\n\t<div class=\"post-thumbnail\">\n\n\t\t\n\t\t\n\t\t<a href=\"https:\/\/broz.sk\/en\/line-dams-of-the-danube-river-branch-system\/\" class=\"post-thumbnail-rollover layzr-bg layzr-bg\" ><img decoding=\"async\" class=\"blog-thumb-lazy-load preload-me lazy-load aspect\" src=\"data:image\/svg+xml,%3Csvg%20xmlns%3D&#39;http%3A%2F%2Fwww.w3.org%2F2000%2Fsvg&#39;%20viewBox%3D&#39;0%200%20768%20576&#39;%2F%3E\" data-src=\"https:\/\/broz.sk\/wp-content\/uploads\/2022\/01\/prehradzka_D1-scaled-768x576.jpg\" data-srcset=\"https:\/\/broz.sk\/wp-content\/uploads\/2022\/01\/prehradzka_D1-scaled-768x576.jpg 768w, https:\/\/broz.sk\/wp-content\/uploads\/2022\/01\/prehradzka_D1-scaled-1306x979.jpg 1306w\" loading=\"eager\" style=\"--ratio: 768 \/ 576\" sizes=\"(max-width: 768px) 100vw, 768px\" alt=\"Prehr\u00e1dzka D1\" title=\"OLYMPUS DIGITAL CAMERA\" width=\"768\" height=\"576\"  \/><\/a>\n\t<\/div>\n<\/div>\n\n\n<div class=\"post-entry-content\">\n\n\t<h3 class=\"entry-title\">\n\t\t<a href=\"https:\/\/broz.sk\/en\/line-dams-of-the-danube-river-branch-system\/\" title=\"Transversal lines of weirs in the Danube river branch system\" rel=\"bookmark\">Transversal lines of weirs in the Danube river branch system<\/a>\n\t<\/h3>\n\n\t<div class=\"entry-meta\"><a href=\"https:\/\/broz.sk\/en\/2022\/01\/12\/\" title=\"11:41\" class=\"data-link\" rel=\"bookmark\"><time class=\"entry-date updated\" datetime=\"2022-01-12T11:41:46+01:00\">12. January 2022<\/time><\/a><\/div>\n\t<div class=\"entry-excerpt\"><p>The area of the Danube floodplains between Dobroho\u0161\u0165 and Sap is a part of the Danube Inland Delta. It is a unique and rare anabranching river pattern with a system of branches. In the past these branches and side arms meandered freely and the material of the Danube gravels and sands that the flow brought into the landscape was able to capture large amounts of groundwater.<\/p>\n<\/div>\n\t\n<a href=\"https:\/\/broz.sk\/en\/line-dams-of-the-danube-river-branch-system\/\" class=\"post-details details-type-link\" aria-label=\"Read more about Transversal lines of weirs in the Danube river branch system\">Read more<i class=\"dt-icon-the7-arrow-03\" aria-hidden=\"true\"><\/i><\/a>\n\n<\/div><\/article><article class=\"post project-odd hidden post-17743 type-post status-publish format-standard has-post-thumbnail hentry category-protection-of-habitats category-uncategorized pmpro-has-access category-31 category-22 description-off\" data-name=\"Cooperation with national park Danube-Ipel\" data-date=\"2022-01-07T13:43:54+01:00\">\n\n<div class=\"post-thumbnail-wrap\">\n\t<div class=\"post-thumbnail\">\n\n\t\t\n\t\t\n\t\t<a href=\"https:\/\/broz.sk\/en\/cooperation-with-national-park-danube-ipel\/\" class=\"post-thumbnail-rollover layzr-bg layzr-bg\" ><img decoding=\"async\" class=\"blog-thumb-lazy-load preload-me lazy-load aspect\" src=\"data:image\/svg+xml,%3Csvg%20xmlns%3D&#39;http%3A%2F%2Fwww.w3.org%2F2000%2Fsvg&#39;%20viewBox%3D&#39;0%200%20768%20576&#39;%2F%3E\" data-src=\"https:\/\/broz.sk\/wp-content\/uploads\/2022\/01\/Domos_Green_Day_2021-768x576.jpg\" data-srcset=\"https:\/\/broz.sk\/wp-content\/uploads\/2022\/01\/Domos_Green_Day_2021-768x576.jpg 768w, https:\/\/broz.sk\/wp-content\/uploads\/2022\/01\/Domos_Green_Day_2021-1306x979.jpg 1306w\" loading=\"eager\" style=\"--ratio: 768 \/ 576\" sizes=\"(max-width: 768px) 100vw, 768px\" alt=\"Program pre rodiny s de\u0165mi\" title=\"D\u00f6m\u00f6s_Green_Day_2021\" width=\"768\" height=\"576\"  \/><\/a>\n\t<\/div>\n<\/div>\n\n\n<div class=\"post-entry-content\">\n\n\t<h3 class=\"entry-title\">\n\t\t<a href=\"https:\/\/broz.sk\/en\/cooperation-with-national-park-danube-ipel\/\" title=\"Cooperation with national park Danube-Ipel\" rel=\"bookmark\">Cooperation with national park Danube-Ipel<\/a>\n\t<\/h3>\n\n\t<div class=\"entry-meta\"><a href=\"https:\/\/broz.sk\/en\/2022\/01\/07\/\" title=\"13:43\" class=\"data-link\" rel=\"bookmark\"><time class=\"entry-date updated\" datetime=\"2022-01-07T13:43:54+01:00\">7. January 2022<\/time><\/a><\/div>\n\t<div class=\"entry-excerpt\"><p>The current project Restoration and management of Danube floodplain habitats is not the first on which BROZ cooperates with the Hungarian partner National park Danube-Ipel. In the past, we have joined together an international network of protected areas on the Danube called Danubeparks and in the frame of this partnership we already participate in the fourth project.<\/p>\n<\/div>\n\t\n<a href=\"https:\/\/broz.sk\/en\/cooperation-with-national-park-danube-ipel\/\" class=\"post-details details-type-link\" aria-label=\"Read more about Cooperation with national park Danube-Ipel\">Read more<i class=\"dt-icon-the7-arrow-03\" aria-hidden=\"true\"><\/i><\/a>\n\n<\/div><\/article><article class=\"post project-odd hidden post-17624 type-post status-publish format-standard has-post-thumbnail hentry category-protection-of-habitats pmpro-has-access category-31 description-off\" data-name=\"Importance of simulated floods for amphibians of the Danube inland delta\" data-date=\"2021-12-22T15:05:00+01:00\">\n\n<div class=\"post-thumbnail-wrap\">\n\t<div class=\"post-thumbnail\">\n\n\t\t\n\t\t\n\t\t<a href=\"https:\/\/broz.sk\/en\/importance-of-simulated-floods\/\" class=\"post-thumbnail-rollover layzr-bg layzr-bg\" ><img decoding=\"async\" class=\"blog-thumb-lazy-load preload-me lazy-load aspect\" src=\"data:image\/svg+xml,%3Csvg%20xmlns%3D&#39;http%3A%2F%2Fwww.w3.org%2F2000%2Fsvg&#39;%20viewBox%3D&#39;0%200%20768%20576&#39;%2F%3E\" data-src=\"https:\/\/broz.sk\/wp-content\/uploads\/2021\/12\/8.ropuchy-bradavicnate-sa-zaciatkom-juna..-scaled-768x576.jpg\" data-srcset=\"https:\/\/broz.sk\/wp-content\/uploads\/2021\/12\/8.ropuchy-bradavicnate-sa-zaciatkom-juna..-scaled-768x576.jpg 768w, https:\/\/broz.sk\/wp-content\/uploads\/2021\/12\/8.ropuchy-bradavicnate-sa-zaciatkom-juna..-scaled-1306x979.jpg 1306w\" loading=\"eager\" style=\"--ratio: 768 \/ 576\" sizes=\"(max-width: 768px) 100vw, 768px\" alt=\"ropuchy bradavi\u010dnat\u00e9 sa za\u010diatkom j\u00fana rozmno\u017eovali v ramene po tom, \u010do sa zavodnilo (Istragov)\" title=\"8.ropuchy bradavi\u010dnat\u00e9 sa za\u010diatkom j\u00fana..\" width=\"768\" height=\"576\"  \/><\/a>\n\t<\/div>\n<\/div>\n\n\n<div class=\"post-entry-content\">\n\n\t<h3 class=\"entry-title\">\n\t\t<a href=\"https:\/\/broz.sk\/en\/importance-of-simulated-floods\/\" title=\"Importance of simulated floods for amphibians of the Danube inland delta\" rel=\"bookmark\">Importance of simulated floods for amphibians of the Danube inland delta<\/a>\n\t<\/h3>\n\n\t<div class=\"entry-meta\"><a href=\"https:\/\/broz.sk\/en\/2021\/12\/22\/\" title=\"15:05\" class=\"data-link\" rel=\"bookmark\"><time class=\"entry-date updated\" datetime=\"2021-12-22T15:05:00+01:00\">22. December 2021<\/time><\/a><\/div>\n\t<div class=\"entry-excerpt\"><p>The area of the so called Danube Inland Delta between Bratislava and Sap used to be full of life. The unique system of river branches, periodic floods and healthy floodplain habitats offered an optimal environment for the reproduction of fish and amphibians. <\/p>\n<\/div>\n\t\n<a href=\"https:\/\/broz.sk\/en\/importance-of-simulated-floods\/\" class=\"post-details details-type-link\" aria-label=\"Read more about Importance of simulated floods for amphibians of the Danube inland delta\">Read more<i class=\"dt-icon-the7-arrow-03\" aria-hidden=\"true\"><\/i><\/a>\n\n<\/div><\/article><article class=\"post project-odd hidden post-29732 type-post status-publish format-standard has-post-thumbnail hentry category-uncategorized pmpro-has-access category-22 description-off\" data-name=\"Working with volunteers to clean up sites\" data-date=\"2021-12-09T15:26:09+01:00\">\n\n<div class=\"post-thumbnail-wrap\">\n\t<div class=\"post-thumbnail\">\n\n\t\t\n\t\t\n\t\t<a href=\"https:\/\/broz.sk\/en\/working-with-volunteers-to-clean-up-sites\/\" class=\"post-thumbnail-rollover layzr-bg layzr-bg\" ><img decoding=\"async\" class=\"blog-thumb-lazy-load preload-me lazy-load aspect\" src=\"data:image\/svg+xml,%3Csvg%20xmlns%3D&#39;http%3A%2F%2Fwww.w3.org%2F2000%2Fsvg&#39;%20viewBox%3D&#39;0%200%20768%20576&#39;%2F%3E\" data-src=\"https:\/\/broz.sk\/wp-content\/uploads\/2021\/12\/Vrchtepla-768x576.jpg\" data-srcset=\"https:\/\/broz.sk\/wp-content\/uploads\/2021\/12\/Vrchtepla-768x576.jpg 768w, https:\/\/broz.sk\/wp-content\/uploads\/2021\/12\/Vrchtepla-1306x979.jpg 1306w\" loading=\"eager\" style=\"--ratio: 768 \/ 576\" sizes=\"(max-width: 768px) 100vw, 768px\" alt=\"\" title=\"Vrchtepl\u00e1\" width=\"768\" height=\"576\"  \/><\/a>\n\t<\/div>\n<\/div>\n\n\n<div class=\"post-entry-content\">\n\n\t<h3 class=\"entry-title\">\n\t\t<a href=\"https:\/\/broz.sk\/en\/working-with-volunteers-to-clean-up-sites\/\" title=\"Working with volunteers to clean up sites\" rel=\"bookmark\">Working with volunteers to clean up sites<\/a>\n\t<\/h3>\n\n\t<div class=\"entry-meta\"><a href=\"https:\/\/broz.sk\/en\/2021\/12\/09\/\" title=\"15:26\" class=\"data-link\" rel=\"bookmark\"><time class=\"entry-date updated\" datetime=\"2021-12-09T15:26:09+01:00\">9. December 2021<\/time><\/a><\/div>\n\t<div class=\"entry-excerpt\"><p>One of the goals of the LIFE PANALP project is the involvement of volunteers in nature conservation. In this way, event participants will not only help nature, but also learn a lot about active care of target habitats and species. Information thus reaches the public through the experiences of individuals. We have therefore organized several brigades in autumn 2021.<\/p>\n<\/div>\n\t\n<a href=\"https:\/\/broz.sk\/en\/working-with-volunteers-to-clean-up-sites\/\" class=\"post-details details-type-link\" aria-label=\"Read more about Working with volunteers to clean up sites\">Read more<i class=\"dt-icon-the7-arrow-03\" aria-hidden=\"true\"><\/i><\/a>\n\n<\/div><\/article><article class=\"post project-odd hidden post-17323 type-post status-publish format-standard has-post-thumbnail hentry category-protection-of-habitats tag-beesandfish-en pmpro-has-access category-31 description-off\" data-name=\"Grazing in Bratislava Ru\u017einov (Podunajsk\u00e9 Biskupice) continued\" data-date=\"2021-12-06T16:19:23+01:00\">\n\n<div class=\"post-thumbnail-wrap\">\n\t<div class=\"post-thumbnail\">\n\n\t\t\n\t\t\n\t\t<a href=\"https:\/\/broz.sk\/en\/grazing-in-bratislava-ruzinov-podunajske-biskupice-continued\/\" class=\"post-thumbnail-rollover layzr-bg layzr-bg\" ><img decoding=\"async\" class=\"blog-thumb-lazy-load preload-me lazy-load aspect\" src=\"data:image\/svg+xml,%3Csvg%20xmlns%3D&#39;http%3A%2F%2Fwww.w3.org%2F2000%2Fsvg&#39;%20viewBox%3D&#39;0%200%20768%20576&#39;%2F%3E\" data-src=\"https:\/\/broz.sk\/wp-content\/uploads\/2021\/12\/DSC09103-768x576.jpg\" data-srcset=\"https:\/\/broz.sk\/wp-content\/uploads\/2021\/12\/DSC09103-768x576.jpg 768w, https:\/\/broz.sk\/wp-content\/uploads\/2021\/12\/DSC09103-1306x979.jpg 1306w\" loading=\"eager\" style=\"--ratio: 768 \/ 576\" sizes=\"(max-width: 768px) 100vw, 768px\" alt=\"Ovce v Biskupiciach\" title=\"DSC09103\" width=\"768\" height=\"576\"  \/><\/a>\n\t<\/div>\n<\/div>\n\n\n<div class=\"post-entry-content\">\n\n\t<h3 class=\"entry-title\">\n\t\t<a href=\"https:\/\/broz.sk\/en\/grazing-in-bratislava-ruzinov-podunajske-biskupice-continued\/\" title=\"Grazing in Bratislava Ru\u017einov (Podunajsk\u00e9 Biskupice) continued\" rel=\"bookmark\">Grazing in Bratislava Ru\u017einov (Podunajsk\u00e9 Biskupice) continued<\/a>\n\t<\/h3>\n\n\t<div class=\"entry-meta\"><a href=\"https:\/\/broz.sk\/en\/2021\/12\/06\/\" title=\"16:19\" class=\"data-link\" rel=\"bookmark\"><time class=\"entry-date updated\" datetime=\"2021-12-06T16:19:23+01:00\">6. December 2021<\/time><\/a><\/div>\n\t<div class=\"entry-excerpt\"><p>Also in 2021, we used our live mowers to maintain habitats in the cadastral area Bratislava Ru\u017einov.  We are providing you with some beautiful shots.<\/p>\n<\/div>\n\t\n<a href=\"https:\/\/broz.sk\/en\/grazing-in-bratislava-ruzinov-podunajske-biskupice-continued\/\" class=\"post-details details-type-link\" aria-label=\"Read more about Grazing in Bratislava Ru\u017einov (Podunajsk\u00e9 Biskupice) continued\">Read more<i class=\"dt-icon-the7-arrow-03\" aria-hidden=\"true\"><\/i><\/a>\n\n<\/div><\/article><article class=\"post project-odd hidden post-29736 type-post status-publish format-standard has-post-thumbnail hentry category-protection-of-habitats pmpro-has-access category-31 description-off\" data-name=\"At the location in Str\u00e1\u017eovsk\u00e9 vrchy, we helped a mountain Apollo butterfly (Parnasius apollo)\" data-date=\"2021-12-06T15:29:40+01:00\">\n\n<div class=\"post-thumbnail-wrap\">\n\t<div class=\"post-thumbnail\">\n\n\t\t\n\t\t\n\t\t<a href=\"https:\/\/broz.sk\/en\/at-the-location-in-strazovske-vrchy-we-helped-a-mountain-apollo-butterfly-parnasius-apollo\/\" class=\"post-thumbnail-rollover layzr-bg layzr-bg\" ><img decoding=\"async\" class=\"blog-thumb-lazy-load preload-me lazy-load aspect\" src=\"data:image\/svg+xml,%3Csvg%20xmlns%3D&#39;http%3A%2F%2Fwww.w3.org%2F2000%2Fsvg&#39;%20viewBox%3D&#39;0%200%20768%20576&#39;%2F%3E\" data-src=\"https:\/\/broz.sk\/wp-content\/uploads\/2021\/12\/Jason-768x576.jpg\" data-srcset=\"https:\/\/broz.sk\/wp-content\/uploads\/2021\/12\/Jason-768x576.jpg 768w, https:\/\/broz.sk\/wp-content\/uploads\/2021\/12\/Jason-1306x979.jpg 1306w\" loading=\"eager\" style=\"--ratio: 768 \/ 576\" sizes=\"(max-width: 768px) 100vw, 768px\" alt=\"jaso\u0148 \u010dervenook\u00fd\" title=\"OLYMPUS DIGITAL CAMERA\" width=\"768\" height=\"576\"  \/><\/a>\n\t<\/div>\n<\/div>\n\n\n<div class=\"post-entry-content\">\n\n\t<h3 class=\"entry-title\">\n\t\t<a href=\"https:\/\/broz.sk\/en\/at-the-location-in-strazovske-vrchy-we-helped-a-mountain-apollo-butterfly-parnasius-apollo\/\" title=\"At the location in Str\u00e1\u017eovsk\u00e9 vrchy, we helped a mountain Apollo butterfly (Parnasius apollo)\" rel=\"bookmark\">At the location in Str\u00e1\u017eovsk\u00e9 vrchy, we helped a mountain Apollo butterfly (Parnasius apollo)<\/a>\n\t<\/h3>\n\n\t<div class=\"entry-meta\"><a href=\"https:\/\/broz.sk\/en\/2021\/12\/06\/\" title=\"15:29\" class=\"data-link\" rel=\"bookmark\"><time class=\"entry-date updated\" datetime=\"2021-12-06T15:29:40+01:00\">6. December 2021<\/time><\/a><\/div>\n\t<div class=\"entry-excerpt\"><p>At the site of the maountain Apollo, one of our rarest butterflies, we cleared approximately 1 hectare of debris from invasive trees. Since this light-loving species of butterfly requires sufficient space with nutritious and nectar-producing plants. We believe that this intervention will greatly help the maintenance of this species in the territory and, among other things, will also support other species of rare plants and insects.<\/p>\n<\/div>\n\t\n<a href=\"https:\/\/broz.sk\/en\/at-the-location-in-strazovske-vrchy-we-helped-a-mountain-apollo-butterfly-parnasius-apollo\/\" class=\"post-details details-type-link\" aria-label=\"Read more about At the location in Str\u00e1\u017eovsk\u00e9 vrchy, we helped a mountain Apollo butterfly (Parnasius apollo)\">Read more<i class=\"dt-icon-the7-arrow-03\" aria-hidden=\"true\"><\/i><\/a>\n\n<\/div><\/article><article class=\"post project-odd hidden post-17059 type-post status-publish format-standard has-post-thumbnail hentry category-protection-of-habitats pmpro-has-access category-31 description-off\" data-name=\"Saving habitats with current and former DINPD staff\" data-date=\"2021-11-19T16:14:18+01:00\">\n\n<div class=\"post-thumbnail-wrap\">\n\t<div class=\"post-thumbnail\">\n\n\t\t\n\t\t\n\t\t<a href=\"https:\/\/broz.sk\/en\/saving-habitats-with-current-and-former-dinpd-staff\/\" class=\"post-thumbnail-rollover layzr-bg layzr-bg\" ><img decoding=\"async\" class=\"blog-thumb-lazy-load preload-me lazy-load aspect\" src=\"data:image\/svg+xml,%3Csvg%20xmlns%3D&#39;http%3A%2F%2Fwww.w3.org%2F2000%2Fsvg&#39;%20viewBox%3D&#39;0%200%20768%20576&#39;%2F%3E\" data-src=\"https:\/\/broz.sk\/wp-content\/uploads\/2021\/11\/20211023_120717-scaled-768x576.jpg\" data-srcset=\"https:\/\/broz.sk\/wp-content\/uploads\/2021\/11\/20211023_120717-scaled-768x576.jpg 768w, https:\/\/broz.sk\/wp-content\/uploads\/2021\/11\/20211023_120717-scaled-1306x979.jpg 1306w\" loading=\"eager\" style=\"--ratio: 768 \/ 576\" sizes=\"(max-width: 768px) 100vw, 768px\" alt=\"sobotnou pr\u00e1cou za z\u00e1chranu biotopov\" title=\"20211023_120717\" width=\"768\" height=\"576\"  \/><\/a>\n\t<\/div>\n<\/div>\n\n\n<div class=\"post-entry-content\">\n\n\t<h3 class=\"entry-title\">\n\t\t<a href=\"https:\/\/broz.sk\/en\/saving-habitats-with-current-and-former-dinpd-staff\/\" title=\"Saving habitats with current and former DINPD staff\" rel=\"bookmark\">Saving habitats with current and former DINPD staff<\/a>\n\t<\/h3>\n\n\t<div class=\"entry-meta\"><a href=\"https:\/\/broz.sk\/en\/2021\/11\/19\/\" title=\"16:14\" class=\"data-link\" rel=\"bookmark\"><time class=\"entry-date updated\" datetime=\"2021-11-19T16:14:18+01:00\">19. November 2021<\/time><\/a><\/div>\n\t<div class=\"entry-excerpt\"><p>On 23 October 2021, an enthusiastic team of current and former DINPD staff members and their relatives devoted their Saturday morning to hands-on nature conservation at the Sz\u00e1rsomly\u00f3 site of the LIFE endemic PANALP project. They cut down overgrown bushes and smaller trees on the most Southern habitat of the rare and vulnerable Vincetoxicum pannonicum.<\/p>\n<\/div>\n\t\n<a href=\"https:\/\/broz.sk\/en\/saving-habitats-with-current-and-former-dinpd-staff\/\" class=\"post-details details-type-link\" aria-label=\"Read more about Saving habitats with current and former DINPD staff\">Read more<i class=\"dt-icon-the7-arrow-03\" aria-hidden=\"true\"><\/i><\/a>\n\n<\/div><\/article><article class=\"post project-odd hidden post-17545 type-post status-publish format-standard has-post-thumbnail hentry category-protection-of-habitats pmpro-has-access category-31 description-off\" data-name=\"Root vole monitoring continues\" data-date=\"2021-11-18T15:40:23+01:00\">\n\n<div class=\"post-thumbnail-wrap\">\n\t<div class=\"post-thumbnail\">\n\n\t\t\n\t\t\n\t\t<a href=\"https:\/\/broz.sk\/en\/root-vole-monitoring-continues\/\" class=\"post-thumbnail-rollover layzr-bg layzr-bg\" ><img decoding=\"async\" class=\"blog-thumb-lazy-load preload-me lazy-load aspect\" src=\"data:image\/svg+xml,%3Csvg%20xmlns%3D&#39;http%3A%2F%2Fwww.w3.org%2F2000%2Fsvg&#39;%20viewBox%3D&#39;0%200%20768%20576&#39;%2F%3E\" data-src=\"https:\/\/broz.sk\/wp-content\/uploads\/2021\/11\/IMG_8360-scaled-768x576.jpg\" data-srcset=\"https:\/\/broz.sk\/wp-content\/uploads\/2021\/11\/IMG_8360-scaled-768x576.jpg 768w, https:\/\/broz.sk\/wp-content\/uploads\/2021\/11\/IMG_8360-scaled-1306x979.jpg 1306w\" loading=\"eager\" style=\"--ratio: 768 \/ 576\" sizes=\"(max-width: 768px) 100vw, 768px\" alt=\"Root vole monitoring\" title=\"IMG_8360\" width=\"768\" height=\"576\"  \/><\/a>\n\t<\/div>\n<\/div>\n\n\n<div class=\"post-entry-content\">\n\n\t<h3 class=\"entry-title\">\n\t\t<a href=\"https:\/\/broz.sk\/en\/root-vole-monitoring-continues\/\" title=\"Root vole monitoring continues\" rel=\"bookmark\">Root vole monitoring continues<\/a>\n\t<\/h3>\n\n\t<div class=\"entry-meta\"><a href=\"https:\/\/broz.sk\/en\/2021\/11\/18\/\" title=\"15:40\" class=\"data-link\" rel=\"bookmark\"><time class=\"entry-date updated\" datetime=\"2021-11-18T15:40:23+01:00\">18. November 2021<\/time><\/a><\/div>\n\t<div class=\"entry-excerpt\"><p>This year\u2019s autumn monitoring has yielded gratifying results. We found that the number of voles in the locality near the village of \u010cili\u017esk\u00e1 Radva\u0148 increased compared to previous years. <\/p>\n<\/div>\n\t\n<a href=\"https:\/\/broz.sk\/en\/root-vole-monitoring-continues\/\" class=\"post-details details-type-link\" aria-label=\"Read more about Root vole monitoring continues\">Read more<i class=\"dt-icon-the7-arrow-03\" aria-hidden=\"true\"><\/i><\/a>\n\n<\/div><\/article><article class=\"post project-odd hidden post-16994 type-post status-publish format-standard has-post-thumbnail hentry category-protection-of-habitats category-protection-of-species pmpro-has-access category-31 category-30 description-off\" data-name=\"Sign the Living Country Petition\" data-date=\"2021-11-15T14:38:41+01:00\">\n\n<div class=\"post-thumbnail-wrap\">\n\t<div class=\"post-thumbnail\">\n\n\t\t\n\t\t\n\t\t<a href=\"https:\/\/broz.sk\/en\/sign-the-living-country-petition\/\" class=\"post-thumbnail-rollover layzr-bg layzr-bg\" ><img decoding=\"async\" class=\"blog-thumb-lazy-load preload-me lazy-load aspect\" src=\"data:image\/svg+xml,%3Csvg%20xmlns%3D&#39;http%3A%2F%2Fwww.w3.org%2F2000%2Fsvg&#39;%20viewBox%3D&#39;0%200%20768%20576&#39;%2F%3E\" data-src=\"https:\/\/broz.sk\/wp-content\/uploads\/2020\/10\/za-zivu-krajinu-768x576.jpg\" data-srcset=\"https:\/\/broz.sk\/wp-content\/uploads\/2020\/10\/za-zivu-krajinu-768x576.jpg 768w, https:\/\/broz.sk\/wp-content\/uploads\/2020\/10\/za-zivu-krajinu-1069x802.jpg 1069w\" loading=\"eager\" style=\"--ratio: 768 \/ 576\" sizes=\"(max-width: 768px) 100vw, 768px\" alt=\"\" title=\"za-zivu-krajinu\" width=\"768\" height=\"576\"  \/><\/a>\n\t<\/div>\n<\/div>\n\n\n<div class=\"post-entry-content\">\n\n\t<h3 class=\"entry-title\">\n\t\t<a href=\"https:\/\/broz.sk\/en\/sign-the-living-country-petition\/\" title=\"Sign the Living Country Petition\" rel=\"bookmark\">Sign the Living Country Petition<\/a>\n\t<\/h3>\n\n\t<div class=\"entry-meta\"><a href=\"https:\/\/broz.sk\/en\/2021\/11\/15\/\" title=\"14:38\" class=\"data-link\" rel=\"bookmark\"><time class=\"entry-date updated\" datetime=\"2021-11-15T14:38:41+01:00\">15. November 2021<\/time><\/a><\/div>\n\t<div class=\"entry-excerpt\"><p>Intensive farming on large areas literally erased life from the country. This is largely due to a poorly designed agricultural policy that encourages intensive farming, which creates a huge burden on the environment. Variety disappears from the rural landscape and with it also birdsong, butterflies and pollinators. If we lose the natural diversity of the landscape, we will also lose its health and resilience.<\/p>\n<\/div>\n\t\n<a href=\"https:\/\/broz.sk\/en\/sign-the-living-country-petition\/\" class=\"post-details details-type-link\" aria-label=\"Read more about Sign the Living Country Petition\">Read more<i class=\"dt-icon-the7-arrow-03\" aria-hidden=\"true\"><\/i><\/a>\n\n<\/div><\/article><article class=\"post project-odd hidden post-16989 type-post status-publish format-standard has-post-thumbnail hentry category-protection-of-habitats category-protection-of-species pmpro-has-access category-31 category-30 description-off\" data-name=\"An international project is focusing on the return of pasture\" data-date=\"2021-11-15T14:25:57+01:00\">\n\n<div class=\"post-thumbnail-wrap\">\n\t<div class=\"post-thumbnail\">\n\n\t\t\n\t\t\n\t\t<a href=\"https:\/\/broz.sk\/en\/an-international-project-is-focusing-on-the-return-of-pasture\/\" class=\"post-thumbnail-rollover layzr-bg layzr-bg\" ><img decoding=\"async\" class=\"blog-thumb-lazy-load preload-me lazy-load aspect\" src=\"data:image\/svg+xml,%3Csvg%20xmlns%3D&#39;http%3A%2F%2Fwww.w3.org%2F2000%2Fsvg&#39;%20viewBox%3D&#39;0%200%20768%20576&#39;%2F%3E\" data-src=\"https:\/\/broz.sk\/wp-content\/uploads\/2020\/10\/foto6_Ivan-Kluciar-scaled-768x576.jpg\" data-srcset=\"https:\/\/broz.sk\/wp-content\/uploads\/2020\/10\/foto6_Ivan-Kluciar-scaled-768x576.jpg 768w, https:\/\/broz.sk\/wp-content\/uploads\/2020\/10\/foto6_Ivan-Kluciar-scaled-1306x979.jpg 1306w\" loading=\"eager\" style=\"--ratio: 768 \/ 576\" sizes=\"(max-width: 768px) 100vw, 768px\" alt=\"\" title=\"foto6_Ivan Klu\u010diar\" width=\"768\" height=\"576\"  \/><\/a>\n\t<\/div>\n<\/div>\n\n\n<div class=\"post-entry-content\">\n\n\t<h3 class=\"entry-title\">\n\t\t<a href=\"https:\/\/broz.sk\/en\/an-international-project-is-focusing-on-the-return-of-pasture\/\" title=\"An international project is focusing on the return of pasture\" rel=\"bookmark\">An international project is focusing on the return of pasture<\/a>\n\t<\/h3>\n\n\t<div class=\"entry-meta\"><a href=\"https:\/\/broz.sk\/en\/2021\/11\/15\/\" title=\"14:25\" class=\"data-link\" rel=\"bookmark\"><time class=\"entry-date updated\" datetime=\"2021-11-15T14:25:57+01:00\">15. November 2021<\/time><\/a><\/div>\n\t<div class=\"entry-excerpt\"><p>The international project LIFE PANALP is focusing on the return of grazing as a tool for nature protection. Together with its Hungarian partners, the Regional Association for Nature Conservation and Sustainable Development (BROZ) will focus on the protection of several species of endemic plants and rare animals.<\/p>\n<\/div>\n\t\n<a href=\"https:\/\/broz.sk\/en\/an-international-project-is-focusing-on-the-return-of-pasture\/\" class=\"post-details details-type-link\" aria-label=\"Read more about An international project is focusing on the return of pasture\">Read more<i class=\"dt-icon-the7-arrow-03\" aria-hidden=\"true\"><\/i><\/a>\n\n<\/div><\/article><article class=\"post project-odd hidden post-16978 type-post status-publish format-standard has-post-thumbnail hentry category-protection-of-habitats category-protection-of-species pmpro-has-access category-31 category-30 description-off\" data-name=\"Conservationists, hunters and farmers are calling for landscaping\" data-date=\"2021-11-15T14:03:55+01:00\">\n\n<div class=\"post-thumbnail-wrap\">\n\t<div class=\"post-thumbnail\">\n\n\t\t\n\t\t\n\t\t<a href=\"https:\/\/broz.sk\/en\/conservationists-hunters-and-farmers-are-calling-for-landscaping\/\" class=\"post-thumbnail-rollover layzr-bg layzr-bg\" ><img decoding=\"async\" class=\"blog-thumb-lazy-load preload-me lazy-load aspect\" src=\"data:image\/svg+xml,%3Csvg%20xmlns%3D&#39;http%3A%2F%2Fwww.w3.org%2F2000%2Fsvg&#39;%20viewBox%3D&#39;0%200%20768%20576&#39;%2F%3E\" data-src=\"https:\/\/broz.sk\/wp-content\/uploads\/2020\/09\/n2-scaled-768x576.jpg\" data-srcset=\"https:\/\/broz.sk\/wp-content\/uploads\/2020\/09\/n2-scaled-768x576.jpg 768w, https:\/\/broz.sk\/wp-content\/uploads\/2020\/09\/n2-scaled-1306x979.jpg 1306w\" loading=\"eager\" style=\"--ratio: 768 \/ 576\" sizes=\"(max-width: 768px) 100vw, 768px\" alt=\"L\u00faka v r\u00f4znorodej krajine\" title=\"n2\" width=\"768\" height=\"576\"  \/><\/a>\n\t<\/div>\n<\/div>\n\n\n<div class=\"post-entry-content\">\n\n\t<h3 class=\"entry-title\">\n\t\t<a href=\"https:\/\/broz.sk\/en\/conservationists-hunters-and-farmers-are-calling-for-landscaping\/\" title=\"Conservationists, hunters and farmers are calling for landscaping\" rel=\"bookmark\">Conservationists, hunters and farmers are calling for landscaping<\/a>\n\t<\/h3>\n\n\t<div class=\"entry-meta\"><a href=\"https:\/\/broz.sk\/en\/2021\/11\/15\/\" title=\"14:03\" class=\"data-link\" rel=\"bookmark\"><time class=\"entry-date updated\" datetime=\"2021-11-15T14:03:55+01:00\">15. November 2021<\/time><\/a><\/div>\n\t<div class=\"entry-excerpt\"><p>Conservationists, hunters, farmers, beekeepers and non-state forest owners are calling for landscaping for nature and people. In the memorandum &#8220;For a Healthy Country&#8221;, they appeal to the Government of the Slovak Republic and the Ministry of Agriculture and Rural Development of the Slovak Republic appeal.<\/p>\n<\/div>\n\t\n<a href=\"https:\/\/broz.sk\/en\/conservationists-hunters-and-farmers-are-calling-for-landscaping\/\" class=\"post-details details-type-link\" aria-label=\"Read more about Conservationists, hunters and farmers are calling for landscaping\">Read more<i class=\"dt-icon-the7-arrow-03\" aria-hidden=\"true\"><\/i><\/a>\n\n<\/div><\/article><article class=\"post project-odd hidden post-16974 type-post status-publish format-standard has-post-thumbnail hentry category-protection-of-habitats pmpro-has-access category-31 description-off\" data-name=\"We organized a forestry excursion\" data-date=\"2021-11-15T13:54:07+01:00\">\n\n<div class=\"post-thumbnail-wrap\">\n\t<div class=\"post-thumbnail\">\n\n\t\t\n\t\t\n\t\t<a href=\"https:\/\/broz.sk\/en\/we-organized-a-forestry-excursion\/\" class=\"post-thumbnail-rollover layzr-bg layzr-bg\" ><img decoding=\"async\" class=\"blog-thumb-lazy-load preload-me lazy-load aspect\" src=\"data:image\/svg+xml,%3Csvg%20xmlns%3D&#39;http%3A%2F%2Fwww.w3.org%2F2000%2Fsvg&#39;%20viewBox%3D&#39;0%200%20768%20576&#39;%2F%3E\" data-src=\"https:\/\/broz.sk\/wp-content\/uploads\/2021\/11\/248032316_10158321857270448_7246984437267892634_n-768x576.jpg\" data-srcset=\"https:\/\/broz.sk\/wp-content\/uploads\/2021\/11\/248032316_10158321857270448_7246984437267892634_n-768x576.jpg 768w, https:\/\/broz.sk\/wp-content\/uploads\/2021\/11\/248032316_10158321857270448_7246984437267892634_n-1306x979.jpg 1306w\" loading=\"eager\" style=\"--ratio: 768 \/ 576\" sizes=\"(max-width: 768px) 100vw, 768px\" alt=\"\u00fa\u010dastn\u00edci exkurzie o pr\u00edrode bl\u00edzkom hospod\u00e1ren\u00ed v lese\" title=\"248032316_10158321857270448_7246984437267892634_n\" width=\"768\" height=\"576\"  \/><\/a>\n\t<\/div>\n<\/div>\n\n\n<div class=\"post-entry-content\">\n\n\t<h3 class=\"entry-title\">\n\t\t<a href=\"https:\/\/broz.sk\/en\/we-organized-a-forestry-excursion\/\" title=\"We organized a forestry excursion\" rel=\"bookmark\">We organized a forestry excursion<\/a>\n\t<\/h3>\n\n\t<div class=\"entry-meta\"><a href=\"https:\/\/broz.sk\/en\/2021\/11\/15\/\" title=\"13:54\" class=\"data-link\" rel=\"bookmark\"><time class=\"entry-date updated\" datetime=\"2021-11-15T13:54:07+01:00\">15. November 2021<\/time><\/a><\/div>\n\t<div class=\"entry-excerpt\"><p>At the end of last week, within the LIFE endemic PANALP project, we prepared a two-day field trip to the Duchonka forest administration, where we invited employees of the State Nature Conservancy of the Slovak Republic from the Z\u00e1horie Protected Landscape Area, Small Carpathians Protected Landscape Area, Ponitrie Protected Landscape Area and foresters from Lesy SR .<\/p>\n<\/div>\n\t\n<a href=\"https:\/\/broz.sk\/en\/we-organized-a-forestry-excursion\/\" class=\"post-details details-type-link\" aria-label=\"Read more about We organized a forestry excursion\">Read more<i class=\"dt-icon-the7-arrow-03\" aria-hidden=\"true\"><\/i><\/a>\n\n<\/div><\/article><article class=\"post project-odd hidden post-29862 type-post status-publish format-standard has-post-thumbnail hentry category-protection-of-habitats pmpro-has-access category-31 description-off\" data-name=\"We delivered two donkeys to Sala\u0161 \u0160urice\" data-date=\"2021-11-04T12:39:55+01:00\">\n\n<div class=\"post-thumbnail-wrap\">\n\t<div class=\"post-thumbnail\">\n\n\t\t\n\t\t\n\t\t<a href=\"https:\/\/broz.sk\/en\/we-delivered-two-donkeys-to-salas-surice\/\" class=\"post-thumbnail-rollover layzr-bg layzr-bg\" ><img decoding=\"async\" class=\"blog-thumb-lazy-load preload-me lazy-load aspect\" src=\"data:image\/svg+xml,%3Csvg%20xmlns%3D&#39;http%3A%2F%2Fwww.w3.org%2F2000%2Fsvg&#39;%20viewBox%3D&#39;0%200%20720%20540&#39;%2F%3E\" data-src=\"https:\/\/broz.sk\/wp-content\/uploads\/2021\/11\/245605502_1173227596420738_6269688042941231080_n-720x540.jpg\" data-srcset=\"https:\/\/broz.sk\/wp-content\/uploads\/2021\/11\/245605502_1173227596420738_6269688042941231080_n-720x540.jpg 720w, https:\/\/broz.sk\/wp-content\/uploads\/2021\/11\/245605502_1173227596420738_6269688042941231080_n-720x539.jpg 720w\" loading=\"eager\" style=\"--ratio: 720 \/ 540\" sizes=\"(max-width: 720px) 100vw, 720px\" alt=\"LIFE syse\u013e. Ochrana sys\u013ea pasienkov\u00e9ho\" title=\"245605502_1173227596420738_6269688042941231080_n\" width=\"720\" height=\"540\"  \/><\/a>\n\t<\/div>\n<\/div>\n\n\n<div class=\"post-entry-content\">\n\n\t<h3 class=\"entry-title\">\n\t\t<a href=\"https:\/\/broz.sk\/en\/we-delivered-two-donkeys-to-salas-surice\/\" title=\"We delivered two donkeys to Sala\u0161 \u0160urice\" rel=\"bookmark\">We delivered two donkeys to Sala\u0161 \u0160urice<\/a>\n\t<\/h3>\n\n\t<div class=\"entry-meta\"><a href=\"https:\/\/broz.sk\/en\/2021\/11\/04\/\" title=\"12:39\" class=\"data-link\" rel=\"bookmark\"><time class=\"entry-date updated\" datetime=\"2021-11-04T12:39:55+01:00\">4. November 2021<\/time><\/a><\/div>\n\t<div class=\"entry-excerpt\"><p>Two donkeys from ZOO Bojnice arrived at Sala\u0161 \u0160urice last week. There is a territory of European importance, declared for the ground squirrel and several other rare and protected animals, called Owl&#8217;s Castle. <\/p>\n<\/div>\n\t\n<a href=\"https:\/\/broz.sk\/en\/we-delivered-two-donkeys-to-salas-surice\/\" class=\"post-details details-type-link\" aria-label=\"Read more about We delivered two donkeys to Sala\u0161 \u0160urice\">Read more<i class=\"dt-icon-the7-arrow-03\" aria-hidden=\"true\"><\/i><\/a>\n\n<\/div><\/article><article class=\"post project-odd hidden post-17411 type-post status-publish format-standard has-post-thumbnail hentry category-protection-of-habitats pmpro-has-access category-31 description-off\" data-name=\"We participated in the Austrian Danube study visit\" data-date=\"2021-10-28T16:21:06+02:00\">\n\n<div class=\"post-thumbnail-wrap\">\n\t<div class=\"post-thumbnail\">\n\n\t\t\n\t\t\n\t\t<a href=\"https:\/\/broz.sk\/en\/we-participated-in-the-austrian-danube-study-visit\/\" class=\"post-thumbnail-rollover layzr-bg layzr-bg\" ><img decoding=\"async\" class=\"blog-thumb-lazy-load preload-me lazy-load aspect\" src=\"data:image\/svg+xml,%3Csvg%20xmlns%3D&#39;http%3A%2F%2Fwww.w3.org%2F2000%2Fsvg&#39;%20viewBox%3D&#39;0%200%20562%20421&#39;%2F%3E\" data-src=\"https:\/\/broz.sk\/wp-content\/uploads\/2021\/12\/264137862_418132996677108_5005244595724204258_n-562x421.jpg\" data-srcset=\"https:\/\/broz.sk\/wp-content\/uploads\/2021\/12\/264137862_418132996677108_5005244595724204258_n-562x421.jpg 562w, https:\/\/broz.sk\/wp-content\/uploads\/2021\/12\/264137862_418132996677108_5005244595724204258_n-562x422.jpg 562w\" loading=\"eager\" style=\"--ratio: 562 \/ 421\" sizes=\"(max-width: 562px) 100vw, 562px\" alt=\"rameno Dunaja\" title=\"264137862_418132996677108_5005244595724204258_n\" width=\"562\" height=\"421\"  \/><\/a>\n\t<\/div>\n<\/div>\n\n\n<div class=\"post-entry-content\">\n\n\t<h3 class=\"entry-title\">\n\t\t<a href=\"https:\/\/broz.sk\/en\/we-participated-in-the-austrian-danube-study-visit\/\" title=\"We participated in the Austrian Danube study visit\" rel=\"bookmark\">We participated in the Austrian Danube study visit<\/a>\n\t<\/h3>\n\n\t<div class=\"entry-meta\"><a href=\"https:\/\/broz.sk\/en\/2021\/10\/28\/\" title=\"16:21\" class=\"data-link\" rel=\"bookmark\"><time class=\"entry-date updated\" datetime=\"2021-10-28T16:21:06+02:00\">28. October 2021<\/time><\/a><\/div>\n\t<div class=\"entry-excerpt\"><p>We participated in the study visit with our project coordinator in the Austrian Donau-Auen National Park. <\/p>\n<\/div>\n\t\n<a href=\"https:\/\/broz.sk\/en\/we-participated-in-the-austrian-danube-study-visit\/\" class=\"post-details details-type-link\" aria-label=\"Read more about We participated in the Austrian Danube study visit\">Read more<i class=\"dt-icon-the7-arrow-03\" aria-hidden=\"true\"><\/i><\/a>\n\n<\/div><\/article><article class=\"post project-odd hidden post-18511 type-post status-publish format-standard has-post-thumbnail hentry category-uncategorized tag-sub-pannonic-en pmpro-has-access category-22 description-off\" data-name=\"Volunteer\u2019s actions ,,Nippers\u201c\" data-date=\"2021-10-26T12:27:21+02:00\">\n\n<div class=\"post-thumbnail-wrap\">\n\t<div class=\"post-thumbnail\">\n\n\t\t\n\t\t\n\t\t<a href=\"https:\/\/broz.sk\/en\/volunteers-actions-nippers\/\" class=\"post-thumbnail-rollover layzr-bg layzr-bg\" ><img decoding=\"async\" class=\"blog-thumb-lazy-load preload-me lazy-load aspect\" src=\"data:image\/svg+xml,%3Csvg%20xmlns%3D&#39;http%3A%2F%2Fwww.w3.org%2F2000%2Fsvg&#39;%20viewBox%3D&#39;0%200%20768%20576&#39;%2F%3E\" data-src=\"https:\/\/broz.sk\/wp-content\/uploads\/2022\/03\/Obrazok4-6-768x576.jpg\" data-srcset=\"https:\/\/broz.sk\/wp-content\/uploads\/2022\/03\/Obrazok4-6-768x576.jpg 768w, https:\/\/broz.sk\/wp-content\/uploads\/2022\/03\/Obrazok4-6-1039x778.jpg 1039w\" loading=\"eager\" style=\"--ratio: 768 \/ 576\" sizes=\"(max-width: 768px) 100vw, 768px\" alt=\"Dobrovo\u013en\u00edcka akcia\" title=\"Obr\u00e1zok4\" width=\"768\" height=\"576\"  \/><\/a>\n\t<\/div>\n<\/div>\n\n\n<div class=\"post-entry-content\">\n\n\t<h3 class=\"entry-title\">\n\t\t<a href=\"https:\/\/broz.sk\/en\/volunteers-actions-nippers\/\" title=\"Volunteer\u2019s actions ,,Nippers\u201c\" rel=\"bookmark\">Volunteer\u2019s actions ,,Nippers\u201c<\/a>\n\t<\/h3>\n\n\t<div class=\"entry-meta\"><a href=\"https:\/\/broz.sk\/en\/2021\/10\/26\/\" title=\"12:27\" class=\"data-link\" rel=\"bookmark\"><time class=\"entry-date updated\" datetime=\"2021-10-26T12:27:21+02:00\">26. October 2021<\/time><\/a><\/div>\n\t<div class=\"entry-excerpt\"><p>Volunteers from OZ Permon\u00edci \u2013 the geocachers as well as other volunteers visited the locality P\u00e1nsky Diel for the 20th time! By their willingness they helped to develop the protection of targetted species and habitats. <\/p>\n<\/div>\n\t\n<a href=\"https:\/\/broz.sk\/en\/volunteers-actions-nippers\/\" class=\"post-details details-type-link\" aria-label=\"Read more about Volunteer\u2019s actions ,,Nippers\u201c\">Read more<i class=\"dt-icon-the7-arrow-03\" aria-hidden=\"true\"><\/i><\/a>\n\n<\/div><\/article><article class=\"post project-odd hidden post-18483 type-post status-publish format-standard has-post-thumbnail hentry category-0-en tag-sub-pannonic-en pmpro-has-access category-43 description-off\" data-name=\"Placement of educational panels in Cerov\u00e1 vrchovina\" data-date=\"2021-10-16T11:24:05+02:00\">\n\n<div class=\"post-thumbnail-wrap\">\n\t<div class=\"post-thumbnail\">\n\n\t\t\n\t\t\n\t\t<a href=\"https:\/\/broz.sk\/en\/placement-of-educational-panels-in-cerova-vrchovina\/\" class=\"post-thumbnail-rollover layzr-bg layzr-bg\" ><img decoding=\"async\" class=\"blog-thumb-lazy-load preload-me lazy-load aspect\" src=\"data:image\/svg+xml,%3Csvg%20xmlns%3D&#39;http%3A%2F%2Fwww.w3.org%2F2000%2Fsvg&#39;%20viewBox%3D&#39;0%200%20768%20576&#39;%2F%3E\" data-src=\"https:\/\/broz.sk\/wp-content\/uploads\/2022\/03\/Obrazok5-1-768x576.jpg\" data-srcset=\"https:\/\/broz.sk\/wp-content\/uploads\/2022\/03\/Obrazok5-1-768x576.jpg 768w, https:\/\/broz.sk\/wp-content\/uploads\/2022\/03\/Obrazok5-1-1040x779.jpg 1040w\" loading=\"eager\" style=\"--ratio: 768 \/ 576\" sizes=\"(max-width: 768px) 100vw, 768px\" alt=\"\" title=\"Obr\u00e1zok5\" width=\"768\" height=\"576\"  \/><\/a>\n\t<\/div>\n<\/div>\n\n\n<div class=\"post-entry-content\">\n\n\t<h3 class=\"entry-title\">\n\t\t<a href=\"https:\/\/broz.sk\/en\/placement-of-educational-panels-in-cerova-vrchovina\/\" title=\"Placement of educational panels in Cerov\u00e1 vrchovina\" rel=\"bookmark\">Placement of educational panels in Cerov\u00e1 vrchovina<\/a>\n\t<\/h3>\n\n\t<div class=\"entry-meta\"><a href=\"https:\/\/broz.sk\/en\/2021\/10\/16\/\" title=\"11:24\" class=\"data-link\" rel=\"bookmark\"><time class=\"entry-date updated\" datetime=\"2021-10-16T11:24:05+02:00\">16. October 2021<\/time><\/a><\/div>\n\t<div class=\"entry-excerpt\"><p>The most of activities, what we are engaged in are predominantly aimed to<br \/>\ngrazing restoration that provides the favourable conservation status of dry<br \/>\nand thermophilic habitats. An essential part of project is also propagation<br \/>\nof natural values. <\/p>\n<\/div>\n\t\n<a href=\"https:\/\/broz.sk\/en\/placement-of-educational-panels-in-cerova-vrchovina\/\" class=\"post-details details-type-link\" aria-label=\"Read more about Placement of educational panels in Cerov\u00e1 vrchovina\">Read more<i class=\"dt-icon-the7-arrow-03\" aria-hidden=\"true\"><\/i><\/a>\n\n<\/div><\/article><article class=\"post project-odd hidden post-18502 type-post status-publish format-standard has-post-thumbnail hentry category-protection-of-habitats tag-sub-pannonic-en pmpro-has-access category-31 description-off\" data-name=\"We restore grazing on Fabi\u00e1nka\" data-date=\"2021-10-10T12:02:29+02:00\">\n\n<div class=\"post-thumbnail-wrap\">\n\t<div class=\"post-thumbnail\">\n\n\t\t\n\t\t\n\t\t<a href=\"https:\/\/broz.sk\/en\/we-restore-grazing-on-fabianka\/\" class=\"post-thumbnail-rollover layzr-bg layzr-bg\" ><img decoding=\"async\" class=\"blog-thumb-lazy-load preload-me lazy-load aspect\" src=\"data:image\/svg+xml,%3Csvg%20xmlns%3D&#39;http%3A%2F%2Fwww.w3.org%2F2000%2Fsvg&#39;%20viewBox%3D&#39;0%200%20768%20576&#39;%2F%3E\" data-src=\"https:\/\/broz.sk\/wp-content\/uploads\/2022\/03\/Obrazok4-3-768x576.jpg\" data-srcset=\"https:\/\/broz.sk\/wp-content\/uploads\/2022\/03\/Obrazok4-3-768x576.jpg 768w, https:\/\/broz.sk\/wp-content\/uploads\/2022\/03\/Obrazok4-3-1231x923.jpg 1231w\" loading=\"eager\" style=\"--ratio: 768 \/ 576\" sizes=\"(max-width: 768px) 100vw, 768px\" alt=\"\" title=\"Obr\u00e1zok4\" width=\"768\" height=\"576\"  \/><\/a>\n\t<\/div>\n<\/div>\n\n\n<div class=\"post-entry-content\">\n\n\t<h3 class=\"entry-title\">\n\t\t<a href=\"https:\/\/broz.sk\/en\/we-restore-grazing-on-fabianka\/\" title=\"We restore grazing on Fabi\u00e1nka\" rel=\"bookmark\">We restore grazing on Fabi\u00e1nka<\/a>\n\t<\/h3>\n\n\t<div class=\"entry-meta\"><a href=\"https:\/\/broz.sk\/en\/2021\/10\/10\/\" title=\"12:02\" class=\"data-link\" rel=\"bookmark\"><time class=\"entry-date updated\" datetime=\"2021-10-10T12:02:29+02:00\">10. October 2021<\/time><\/a><\/div>\n\t<div class=\"entry-excerpt\"><p>In Slovak Karst National Park is located the unique Site of Community Importance Fabi\u00e1nka. It is a wonderful mosaic landscape with pastures and open forests, which had suffered by grazing abandonment. That led to loss of protected and rare species bounded to non-forest areas. <\/p>\n<\/div>\n\t\n<a href=\"https:\/\/broz.sk\/en\/we-restore-grazing-on-fabianka\/\" class=\"post-details details-type-link\" aria-label=\"Read more about We restore grazing on Fabi\u00e1nka\">Read more<i class=\"dt-icon-the7-arrow-03\" aria-hidden=\"true\"><\/i><\/a>\n\n<\/div><\/article><article class=\"post project-odd hidden post-16726 type-post status-publish format-standard has-post-thumbnail hentry category-protection-of-habitats pmpro-has-access category-31 description-off\" data-name=\"International award for our movie Land of meadows\" data-date=\"2021-10-08T11:38:42+02:00\">\n\n<div class=\"post-thumbnail-wrap\">\n\t<div class=\"post-thumbnail\">\n\n\t\t\n\t\t\n\t\t<a href=\"https:\/\/broz.sk\/en\/international-award-for-our-movie-land-of-meadows\/\" class=\"post-thumbnail-rollover layzr-bg layzr-bg\" ><img decoding=\"async\" class=\"blog-thumb-lazy-load preload-me lazy-load aspect\" src=\"data:image\/svg+xml,%3Csvg%20xmlns%3D&#39;http%3A%2F%2Fwww.w3.org%2F2000%2Fsvg&#39;%20viewBox%3D&#39;0%200%20768%20576&#39;%2F%3E\" data-src=\"https:\/\/broz.sk\/wp-content\/uploads\/2021\/10\/244731095_10158295252585448_7254975042265367453_n-768x576.jpg\" data-srcset=\"https:\/\/broz.sk\/wp-content\/uploads\/2021\/10\/244731095_10158295252585448_7254975042265367453_n-768x576.jpg 768w, https:\/\/broz.sk\/wp-content\/uploads\/2021\/10\/244731095_10158295252585448_7254975042265367453_n-1306x979.jpg 1306w\" loading=\"eager\" style=\"--ratio: 768 \/ 576\" sizes=\"(max-width: 768px) 100vw, 768px\" alt=\"\" title=\"244731095_10158295252585448_7254975042265367453_n\" width=\"768\" height=\"576\"  \/><\/a>\n\t<\/div>\n<\/div>\n\n\n<div class=\"post-entry-content\">\n\n\t<h3 class=\"entry-title\">\n\t\t<a href=\"https:\/\/broz.sk\/en\/international-award-for-our-movie-land-of-meadows\/\" title=\"International award for our movie Land of meadows\" rel=\"bookmark\">International award for our movie Land of meadows<\/a>\n\t<\/h3>\n\n\t<div class=\"entry-meta\"><a href=\"https:\/\/broz.sk\/en\/2021\/10\/08\/\" title=\"11:38\" class=\"data-link\" rel=\"bookmark\"><time class=\"entry-date updated\" datetime=\"2021-10-08T11:38:42+02:00\">8. October 2021<\/time><\/a><\/div>\n\t<div class=\"entry-excerpt\"><p>[vc_row][vc_column][vc_column_text]Our documentary movie Land of meadows: a forgotten story was streamed on international film festival focused on food production and sustainable development Agrofilm and has won the price Award of the Slovak Agriculture and Food Chamber for the Slovak\u00a0Film.\u00a0 We are very grateful to the organizers and the jury of the festival for this opportunity&hellip;<\/p>\n<\/div>\n\t\n<a href=\"https:\/\/broz.sk\/en\/international-award-for-our-movie-land-of-meadows\/\" class=\"post-details details-type-link\" aria-label=\"Read more about International award for our movie Land of meadows\">Read more<i class=\"dt-icon-the7-arrow-03\" aria-hidden=\"true\"><\/i><\/a>\n\n<\/div><\/article><article class=\"post project-odd hidden post-18497 type-post status-publish format-standard has-post-thumbnail hentry category-protection-of-habitats tag-sub-pannonic-en pmpro-has-access category-31 description-off\" data-name=\"Ser\u00e9nyi\u2019s water tank restoration = grazing restoration\" data-date=\"2021-10-04T11:43:45+02:00\">\n\n<div class=\"post-thumbnail-wrap\">\n\t<div class=\"post-thumbnail\">\n\n\t\t\n\t\t\n\t\t<a href=\"https:\/\/broz.sk\/en\/serenyis-water-tank-restoration-grazing-restoration\/\" class=\"post-thumbnail-rollover layzr-bg layzr-bg\" ><img decoding=\"async\" class=\"blog-thumb-lazy-load preload-me lazy-load aspect\" src=\"data:image\/svg+xml,%3Csvg%20xmlns%3D&#39;http%3A%2F%2Fwww.w3.org%2F2000%2Fsvg&#39;%20viewBox%3D&#39;0%200%20768%20576&#39;%2F%3E\" data-src=\"https:\/\/broz.sk\/wp-content\/uploads\/2022\/03\/Obrazok10-768x576.jpg\" data-srcset=\"https:\/\/broz.sk\/wp-content\/uploads\/2022\/03\/Obrazok10-768x576.jpg 768w, https:\/\/broz.sk\/wp-content\/uploads\/2022\/03\/Obrazok10-1306x979.jpg 1306w\" loading=\"eager\" style=\"--ratio: 768 \/ 576\" sizes=\"(max-width: 768px) 100vw, 768px\" alt=\"\" title=\"Obr\u00e1zok10\" width=\"768\" height=\"576\"  \/><\/a>\n\t<\/div>\n<\/div>\n\n\n<div class=\"post-entry-content\">\n\n\t<h3 class=\"entry-title\">\n\t\t<a href=\"https:\/\/broz.sk\/en\/serenyis-water-tank-restoration-grazing-restoration\/\" title=\"Ser\u00e9nyi\u2019s water tank restoration = grazing restoration\" rel=\"bookmark\">Ser\u00e9nyi\u2019s water tank restoration = grazing restoration<\/a>\n\t<\/h3>\n\n\t<div class=\"entry-meta\"><a href=\"https:\/\/broz.sk\/en\/2021\/10\/04\/\" title=\"11:43\" class=\"data-link\" rel=\"bookmark\"><time class=\"entry-date updated\" datetime=\"2021-10-04T11:43:45+02:00\">4. October 2021<\/time><\/a><\/div>\n\t<div class=\"entry-excerpt\"><p>Thanks to the implementation of project actions of LIFE Sub-pannonic on Site of Community Importance Ple\u0161ivsk\u00e1 planina the project team persuaded the owner of the unique historical grazing infrastructure located on the site, the Serenyi water tank, to agree with the inclusion of the water tank in the list of National cultural monuments.<\/p>\n<\/div>\n\t\n<a href=\"https:\/\/broz.sk\/en\/serenyis-water-tank-restoration-grazing-restoration\/\" class=\"post-details details-type-link\" aria-label=\"Read more about Ser\u00e9nyi\u2019s water tank restoration = grazing restoration\">Read more<i class=\"dt-icon-the7-arrow-03\" aria-hidden=\"true\"><\/i><\/a>\n\n<\/div><\/article><article class=\"post project-odd hidden post-18523 type-post status-publish format-standard has-post-thumbnail hentry category-uncategorized tag-sub-pannonic-en pmpro-has-access category-22 description-off\" data-name=\"Volunteer\u2019s action on Tarbucka 2.0\" data-date=\"2021-09-25T12:45:57+02:00\">\n\n<div class=\"post-thumbnail-wrap\">\n\t<div class=\"post-thumbnail\">\n\n\t\t\n\t\t\n\t\t<a href=\"https:\/\/broz.sk\/en\/volunteers-action-on-tarbucka-2-0\/\" class=\"post-thumbnail-rollover layzr-bg layzr-bg\" ><img decoding=\"async\" class=\"blog-thumb-lazy-load preload-me lazy-load aspect\" src=\"data:image\/svg+xml,%3Csvg%20xmlns%3D&#39;http%3A%2F%2Fwww.w3.org%2F2000%2Fsvg&#39;%20viewBox%3D&#39;0%200%20768%20576&#39;%2F%3E\" data-src=\"https:\/\/broz.sk\/wp-content\/uploads\/2022\/03\/Obrazok2-5-768x576.jpg\" data-srcset=\"https:\/\/broz.sk\/wp-content\/uploads\/2022\/03\/Obrazok2-5-768x576.jpg 768w, https:\/\/broz.sk\/wp-content\/uploads\/2022\/03\/Obrazok2-5-1039x778.jpg 1039w\" loading=\"eager\" style=\"--ratio: 768 \/ 576\" sizes=\"(max-width: 768px) 100vw, 768px\" alt=\"\" title=\"Obr\u00e1zok2\" width=\"768\" height=\"576\"  \/><\/a>\n\t<\/div>\n<\/div>\n\n\n<div class=\"post-entry-content\">\n\n\t<h3 class=\"entry-title\">\n\t\t<a href=\"https:\/\/broz.sk\/en\/volunteers-action-on-tarbucka-2-0\/\" title=\"Volunteer\u2019s action on Tarbucka 2.0\" rel=\"bookmark\">Volunteer\u2019s action on Tarbucka 2.0<\/a>\n\t<\/h3>\n\n\t<div class=\"entry-meta\"><a href=\"https:\/\/broz.sk\/en\/2021\/09\/25\/\" title=\"12:45\" class=\"data-link\" rel=\"bookmark\"><time class=\"entry-date updated\" datetime=\"2021-09-25T12:45:57+02:00\">25. September 2021<\/time><\/a><\/div>\n\t<div class=\"entry-excerpt\"><p>In the end of September, the dry-thermophilic pastures in south of Eastern Slovakia was visited again for a second time by volunteers. The Site of Community Importance Tarbucka was established for a purpose to protect and to improve favourable conservation status of species and habitats of European interest. <\/p>\n<\/div>\n\t\n<a href=\"https:\/\/broz.sk\/en\/volunteers-action-on-tarbucka-2-0\/\" class=\"post-details details-type-link\" aria-label=\"Read more about Volunteer\u2019s action on Tarbucka 2.0\">Read more<i class=\"dt-icon-the7-arrow-03\" aria-hidden=\"true\"><\/i><\/a>\n\n<\/div><\/article><article class=\"post project-odd hidden post-17352 type-post status-publish format-standard has-post-thumbnail hentry category-protection-of-habitats pmpro-has-access category-31 description-off\" data-name=\"Danube Islands\" data-date=\"2021-09-21T14:29:29+02:00\">\n\n<div class=\"post-thumbnail-wrap\">\n\t<div class=\"post-thumbnail\">\n\n\t\t\n\t\t\n\t\t<a href=\"https:\/\/broz.sk\/en\/danube-islands\/\" class=\"post-thumbnail-rollover layzr-bg layzr-bg\" ><img decoding=\"async\" class=\"blog-thumb-lazy-load preload-me lazy-load aspect\" src=\"data:image\/svg+xml,%3Csvg%20xmlns%3D&#39;http%3A%2F%2Fwww.w3.org%2F2000%2Fsvg&#39;%20viewBox%3D&#39;0%200%20768%20576&#39;%2F%3E\" data-src=\"https:\/\/broz.sk\/wp-content\/uploads\/2021\/11\/242679970_10158274460390448_6070622003691345157_n-768x576.jpg\" data-srcset=\"https:\/\/broz.sk\/wp-content\/uploads\/2021\/11\/242679970_10158274460390448_6070622003691345157_n-768x576.jpg 768w, https:\/\/broz.sk\/wp-content\/uploads\/2021\/11\/242679970_10158274460390448_6070622003691345157_n-1306x979.jpg 1306w\" loading=\"eager\" style=\"--ratio: 768 \/ 576\" sizes=\"(max-width: 768px) 100vw, 768px\" alt=\"We launch restoration of Danube islands\" title=\"242679970_10158274460390448_6070622003691345157_n\" width=\"768\" height=\"576\"  \/><\/a>\n\t<\/div>\n<\/div>\n\n\n<div class=\"post-entry-content\">\n\n\t<h3 class=\"entry-title\">\n\t\t<a href=\"https:\/\/broz.sk\/en\/danube-islands\/\" title=\"Danube Islands\" rel=\"bookmark\">Danube Islands<\/a>\n\t<\/h3>\n\n\t<div class=\"entry-meta\"><a href=\"https:\/\/broz.sk\/en\/2021\/09\/21\/\" title=\"14:29\" class=\"data-link\" rel=\"bookmark\"><time class=\"entry-date updated\" datetime=\"2021-09-21T14:29:29+02:00\">21. September 2021<\/time><\/a><\/div>\n\t<div class=\"entry-excerpt\"><p>Together with our DANUBEPARKS partners, we are launching a new project focused on the entire flow of the Danube, which will bring restoration of the side arms and the revitalization of the islands.<\/p>\n<\/div>\n\t\n<a href=\"https:\/\/broz.sk\/en\/danube-islands\/\" class=\"post-details details-type-link\" aria-label=\"Read more about Danube Islands\">Read more<i class=\"dt-icon-the7-arrow-03\" aria-hidden=\"true\"><\/i><\/a>\n\n<\/div><\/article><article class=\"post project-odd hidden post-29871 type-post status-publish format-standard has-post-thumbnail hentry category-protection-of-habitats pmpro-has-access category-31 description-off\" data-name=\"In Cerov\u00e1 vrchovina we built 1 km of fence for sheep grazing\" data-date=\"2021-09-14T13:56:26+02:00\">\n\n<div class=\"post-thumbnail-wrap\">\n\t<div class=\"post-thumbnail\">\n\n\t\t\n\t\t\n\t\t<a href=\"https:\/\/broz.sk\/en\/in-cerova-vrchovina-we-built-1-km-of-fence-for-sheep-grazing\/\" class=\"post-thumbnail-rollover layzr-bg layzr-bg\" ><img decoding=\"async\" class=\"blog-thumb-lazy-load preload-me lazy-load aspect\" src=\"data:image\/svg+xml,%3Csvg%20xmlns%3D&#39;http%3A%2F%2Fwww.w3.org%2F2000%2Fsvg&#39;%20viewBox%3D&#39;0%200%20768%20576&#39;%2F%3E\" data-src=\"https:\/\/broz.sk\/wp-content\/uploads\/2021\/09\/SYSpost5-\u2013-kopia-768x576.jpg\" data-srcset=\"https:\/\/broz.sk\/wp-content\/uploads\/2021\/09\/SYSpost5-\u2013-kopia-768x576.jpg 768w, https:\/\/broz.sk\/wp-content\/uploads\/2021\/09\/SYSpost5-\u2013-kopia-1306x979.jpg 1306w\" loading=\"eager\" style=\"--ratio: 768 \/ 576\" sizes=\"(max-width: 768px) 100vw, 768px\" alt=\"\" title=\"SYSpost5 \u2013 k\u00f3pia\" width=\"768\" height=\"576\"  \/><\/a>\n\t<\/div>\n<\/div>\n\n\n<div class=\"post-entry-content\">\n\n\t<h3 class=\"entry-title\">\n\t\t<a href=\"https:\/\/broz.sk\/en\/in-cerova-vrchovina-we-built-1-km-of-fence-for-sheep-grazing\/\" title=\"In Cerov\u00e1 vrchovina we built 1 km of fence for sheep grazing\" rel=\"bookmark\">In Cerov\u00e1 vrchovina we built 1 km of fence for sheep grazing<\/a>\n\t<\/h3>\n\n\t<div class=\"entry-meta\"><a href=\"https:\/\/broz.sk\/en\/2021\/09\/14\/\" title=\"13:56\" class=\"data-link\" rel=\"bookmark\"><time class=\"entry-date updated\" datetime=\"2021-09-14T13:56:26+02:00\">14. September 2021<\/time><\/a><\/div>\n\t<div class=\"entry-excerpt\"><p>In August, we prepared another fence for sheep grazing, so that ground squirrels would do better. This time, we have built more than 1 km of fencing in the village of Jesensk\u00e9 in the Cerova vrchovina, and grazing on the 4.4 hectares of ground squirrel locality can begin.<\/p>\n<\/div>\n\t\n<a href=\"https:\/\/broz.sk\/en\/in-cerova-vrchovina-we-built-1-km-of-fence-for-sheep-grazing\/\" class=\"post-details details-type-link\" aria-label=\"Read more about In Cerov\u00e1 vrchovina we built 1 km of fence for sheep grazing\">Read more<i class=\"dt-icon-the7-arrow-03\" aria-hidden=\"true\"><\/i><\/a>\n\n<\/div><\/article><article class=\"post project-odd hidden post-29867 type-post status-publish format-standard has-post-thumbnail hentry category-protection-of-habitats pmpro-has-access category-31 description-off\" data-name=\"Fat ground squirrel = healthy ground squirrel\" data-date=\"2021-09-14T13:31:57+02:00\">\n\n<div class=\"post-thumbnail-wrap\">\n\t<div class=\"post-thumbnail\">\n\n\t\t\n\t\t\n\t\t<a href=\"https:\/\/broz.sk\/en\/fat-ground-squirrel-healthy-ground-squirrel\/\" class=\"post-thumbnail-rollover layzr-bg layzr-bg\" ><img decoding=\"async\" class=\"blog-thumb-lazy-load preload-me lazy-load aspect\" src=\"data:image\/svg+xml,%3Csvg%20xmlns%3D&#39;http%3A%2F%2Fwww.w3.org%2F2000%2Fsvg&#39;%20viewBox%3D&#39;0%200%20768%20576&#39;%2F%3E\" data-src=\"https:\/\/broz.sk\/wp-content\/uploads\/2021\/09\/241533863_1150212505388914_8614317649997325622_n-768x576.jpg\" data-srcset=\"https:\/\/broz.sk\/wp-content\/uploads\/2021\/09\/241533863_1150212505388914_8614317649997325622_n-768x576.jpg 768w, https:\/\/broz.sk\/wp-content\/uploads\/2021\/09\/241533863_1150212505388914_8614317649997325622_n-1306x979.jpg 1306w\" loading=\"eager\" style=\"--ratio: 768 \/ 576\" sizes=\"(max-width: 768px) 100vw, 768px\" alt=\"LIFE syse\u013e\" title=\"241533863_1150212505388914_8614317649997325622_n\" width=\"768\" height=\"576\"  \/><\/a>\n\t<\/div>\n<\/div>\n\n\n<div class=\"post-entry-content\">\n\n\t<h3 class=\"entry-title\">\n\t\t<a href=\"https:\/\/broz.sk\/en\/fat-ground-squirrel-healthy-ground-squirrel\/\" title=\"Fat ground squirrel = healthy ground squirrel\" rel=\"bookmark\">Fat ground squirrel = healthy ground squirrel<\/a>\n\t<\/h3>\n\n\t<div class=\"entry-meta\"><a href=\"https:\/\/broz.sk\/en\/2021\/09\/14\/\" title=\"13:31\" class=\"data-link\" rel=\"bookmark\"><time class=\"entry-date updated\" datetime=\"2021-09-14T13:31:57+02:00\">14. September 2021<\/time><\/a><\/div>\n\t<div class=\"entry-excerpt\"><p>A fat ground squirrel, a healthy ground squirrel, this applies especially in this period before hibernation. Ground squirrels can weigh up to more than 500 g. In the spring, they weigh around 200 g. If you see a skinny ground squirrel during this late summer period, you are probably seeing him for the last time.<\/p>\n<\/div>\n\t\n<a href=\"https:\/\/broz.sk\/en\/fat-ground-squirrel-healthy-ground-squirrel\/\" class=\"post-details details-type-link\" aria-label=\"Read more about Fat ground squirrel = healthy ground squirrel\">Read more<i class=\"dt-icon-the7-arrow-03\" aria-hidden=\"true\"><\/i><\/a>\n\n<\/div><\/article><article class=\"post project-odd hidden post-29875 type-post status-publish format-standard has-post-thumbnail hentry category-protection-of-species pmpro-has-access category-30 description-off\" data-name=\"We are strenghtening populations on ground squirrel localities\" data-date=\"2021-09-07T14:05:46+02:00\">\n\n<div class=\"post-thumbnail-wrap\">\n\t<div class=\"post-thumbnail\">\n\n\t\t\n\t\t\n\t\t<a href=\"https:\/\/broz.sk\/en\/we-are-strenghtening-populations-on-ground-squirrel-localities\/\" class=\"post-thumbnail-rollover layzr-bg layzr-bg\" ><img decoding=\"async\" class=\"blog-thumb-lazy-load preload-me lazy-load aspect\" src=\"data:image\/svg+xml,%3Csvg%20xmlns%3D&#39;http%3A%2F%2Fwww.w3.org%2F2000%2Fsvg&#39;%20viewBox%3D&#39;0%200%20768%20576&#39;%2F%3E\" data-src=\"https:\/\/broz.sk\/wp-content\/uploads\/2021\/09\/241390221_1150576805352484_5661097068069568807_n-768x576.jpg\" data-srcset=\"https:\/\/broz.sk\/wp-content\/uploads\/2021\/09\/241390221_1150576805352484_5661097068069568807_n-768x576.jpg 768w, https:\/\/broz.sk\/wp-content\/uploads\/2021\/09\/241390221_1150576805352484_5661097068069568807_n-1306x979.jpg 1306w\" loading=\"eager\" style=\"--ratio: 768 \/ 576\" sizes=\"(max-width: 768px) 100vw, 768px\" alt=\"posilnovianie populacie sysla pasienkoveho\" title=\"241390221_1150576805352484_5661097068069568807_n\" width=\"768\" height=\"576\"  \/><\/a>\n\t<\/div>\n<\/div>\n\n\n<div class=\"post-entry-content\">\n\n\t<h3 class=\"entry-title\">\n\t\t<a href=\"https:\/\/broz.sk\/en\/we-are-strenghtening-populations-on-ground-squirrel-localities\/\" title=\"We are strenghtening populations on ground squirrel localities\" rel=\"bookmark\">We are strenghtening populations on ground squirrel localities<\/a>\n\t<\/h3>\n\n\t<div class=\"entry-meta\"><a href=\"https:\/\/broz.sk\/en\/2021\/09\/07\/\" title=\"14:05\" class=\"data-link\" rel=\"bookmark\"><time class=\"entry-date updated\" datetime=\"2021-09-07T14:05:46+02:00\">7. September 2021<\/time><\/a><\/div>\n\t<div class=\"entry-excerpt\"><p>As part of the project, we are also carrying out genetic research, and at the same time we are strengthening localities where there are so few individuals and interbreeding would deffinetelly occur between them.<\/p>\n<\/div>\n\t\n<a href=\"https:\/\/broz.sk\/en\/we-are-strenghtening-populations-on-ground-squirrel-localities\/\" class=\"post-details details-type-link\" aria-label=\"Read more about We are strenghtening populations on ground squirrel localities\">Read more<i class=\"dt-icon-the7-arrow-03\" aria-hidden=\"true\"><\/i><\/a>\n\n<\/div><\/article><article class=\"post project-odd hidden post-17164 type-post status-publish format-standard has-post-thumbnail hentry category-protection-of-habitats tag-mokrade-en tag-life-en tag-microtus-ii-en pmpro-has-access category-31 description-off\" data-name=\"Education in the wetlands\" data-date=\"2021-08-28T15:48:40+02:00\">\n\n<div class=\"post-thumbnail-wrap\">\n\t<div class=\"post-thumbnail\">\n\n\t\t\n\t\t\n\t\t<a href=\"https:\/\/broz.sk\/en\/education-in-the-wetlands\/\" class=\"post-thumbnail-rollover layzr-bg layzr-bg\" ><img decoding=\"async\" class=\"blog-thumb-lazy-load preload-me lazy-load aspect\" src=\"data:image\/svg+xml,%3Csvg%20xmlns%3D&#39;http%3A%2F%2Fwww.w3.org%2F2000%2Fsvg&#39;%20viewBox%3D&#39;0%200%20768%20576&#39;%2F%3E\" data-src=\"https:\/\/broz.sk\/wp-content\/uploads\/2021\/11\/DSC06602-768x576.jpg\" data-srcset=\"https:\/\/broz.sk\/wp-content\/uploads\/2021\/11\/DSC06602-768x576.jpg 768w, https:\/\/broz.sk\/wp-content\/uploads\/2021\/11\/DSC06602-1249x936.jpg 1249w\" loading=\"eager\" style=\"--ratio: 768 \/ 576\" sizes=\"(max-width: 768px) 100vw, 768px\" alt=\"Vzdel\u00e1vanie v mokradiach\" title=\"DSC06602\" width=\"768\" height=\"576\"  \/><\/a>\n\t<\/div>\n<\/div>\n\n\n<div class=\"post-entry-content\">\n\n\t<h3 class=\"entry-title\">\n\t\t<a href=\"https:\/\/broz.sk\/en\/education-in-the-wetlands\/\" title=\"Education in the wetlands\" rel=\"bookmark\">Education in the wetlands<\/a>\n\t<\/h3>\n\n\t<div class=\"entry-meta\"><a href=\"https:\/\/broz.sk\/en\/2021\/08\/28\/\" title=\"15:48\" class=\"data-link\" rel=\"bookmark\"><time class=\"entry-date updated\" datetime=\"2021-08-28T15:48:40+02:00\">28. August 2021<\/time><\/a><\/div>\n\t<div class=\"entry-excerpt\"><p>Wetlands are used directly for educating the public. Microtus minibus runs in Hungary. In Austria you can sail among the reeds.<\/p>\n<\/div>\n\t\n<a href=\"https:\/\/broz.sk\/en\/education-in-the-wetlands\/\" class=\"post-details details-type-link\" aria-label=\"Read more about Education in the wetlands\">Read more<i class=\"dt-icon-the7-arrow-03\" aria-hidden=\"true\"><\/i><\/a>\n\n<\/div><\/article><article class=\"post project-odd hidden post-16425 type-post status-publish format-standard has-post-thumbnail hentry category-protection-of-habitats pmpro-has-access category-31 description-off\" data-name=\"The children&#8217;s book fundraising campaign was successful\" data-date=\"2021-08-05T16:39:01+02:00\">\n\n<div class=\"post-thumbnail-wrap\">\n\t<div class=\"post-thumbnail\">\n\n\t\t\n\t\t\n\t\t<a href=\"https:\/\/broz.sk\/en\/kampan-na-vydanie-detskej-knihy-bola-uspesna\/\" class=\"post-thumbnail-rollover layzr-bg layzr-bg\" ><img decoding=\"async\" class=\"blog-thumb-lazy-load preload-me lazy-load aspect\" src=\"data:image\/svg+xml,%3Csvg%20xmlns%3D&#39;http%3A%2F%2Fwww.w3.org%2F2000%2Fsvg&#39;%20viewBox%3D&#39;0%200%20768%20576&#39;%2F%3E\" data-src=\"https:\/\/broz.sk\/wp-content\/uploads\/2021\/08\/kpzlam-768x576.png\" data-srcset=\"https:\/\/broz.sk\/wp-content\/uploads\/2021\/08\/kpzlam-768x576.png 768w, https:\/\/broz.sk\/wp-content\/uploads\/2021\/08\/kpzlam-1306x979.png 1306w\" loading=\"eager\" style=\"--ratio: 768 \/ 576\" sizes=\"(max-width: 768px) 100vw, 768px\" alt=\"Pr\u00edbehy z l\u00fak a mokrad\u00ed\" title=\"kpzlam\" width=\"768\" height=\"576\"  \/><\/a>\n\t<\/div>\n<\/div>\n\n\n<div class=\"post-entry-content\">\n\n\t<h3 class=\"entry-title\">\n\t\t<a href=\"https:\/\/broz.sk\/en\/kampan-na-vydanie-detskej-knihy-bola-uspesna\/\" title=\"The children&#8217;s book fundraising campaign was successful\" rel=\"bookmark\">The children&#8217;s book fundraising campaign was successful<\/a>\n\t<\/h3>\n\n\t<div class=\"entry-meta\"><a href=\"https:\/\/broz.sk\/en\/2021\/08\/05\/\" title=\"16:39\" class=\"data-link\" rel=\"bookmark\"><time class=\"entry-date updated\" datetime=\"2021-08-05T16:39:01+02:00\">5. August 2021<\/time><\/a><\/div>\n\t<div class=\"entry-excerpt\"><p>Throughout the month of July, a crowdfunding campaign was active to fund the publication of our children&#8217;s fairy tale book &#8211; Stories from the Meadows and Wetlands. We are pleased to say that the campaign was successful.<\/p>\n<\/div>\n\t\n<a href=\"https:\/\/broz.sk\/en\/kampan-na-vydanie-detskej-knihy-bola-uspesna\/\" class=\"post-details details-type-link\" aria-label=\"Read more about The children&#8217;s book fundraising campaign was successful\">Read more<i class=\"dt-icon-the7-arrow-03\" aria-hidden=\"true\"><\/i><\/a>\n\n<\/div><\/article><article class=\"post project-odd hidden post-16415 type-post status-publish format-standard has-post-thumbnail hentry category-protection-of-habitats pmpro-has-access category-31 description-off\" data-name=\"During the floods, the Velky Lel island were Velky Lel islands\" data-date=\"2021-07-20T13:35:33+02:00\">\n\n<div class=\"post-thumbnail-wrap\">\n\t<div class=\"post-thumbnail\">\n\n\t\t\n\t\t\n\t\t<a href=\"https:\/\/broz.sk\/en\/z-velkolelskeho-ostrova-boli-pocas-zaplav-velkolelske-ostrovy\/\" class=\"post-thumbnail-rollover layzr-bg layzr-bg\" ><img decoding=\"async\" class=\"blog-thumb-lazy-load preload-me lazy-load aspect\" src=\"data:image\/svg+xml,%3Csvg%20xmlns%3D&#39;http%3A%2F%2Fwww.w3.org%2F2000%2Fsvg&#39;%20viewBox%3D&#39;0%200%20768%20576&#39;%2F%3E\" data-src=\"https:\/\/broz.sk\/wp-content\/uploads\/2021\/08\/1-002-768x576.jpg\" data-srcset=\"https:\/\/broz.sk\/wp-content\/uploads\/2021\/08\/1-002-768x576.jpg 768w, https:\/\/broz.sk\/wp-content\/uploads\/2021\/08\/1-002-1306x979.jpg 1306w\" loading=\"eager\" style=\"--ratio: 768 \/ 576\" sizes=\"(max-width: 768px) 100vw, 768px\" alt=\"Ve\u013ekol\u00e9lsky ostrov po\u010das z\u00e1plav\" title=\"1 (002)\" width=\"768\" height=\"576\"  \/><\/a>\n\t<\/div>\n<\/div>\n\n\n<div class=\"post-entry-content\">\n\n\t<h3 class=\"entry-title\">\n\t\t<a href=\"https:\/\/broz.sk\/en\/z-velkolelskeho-ostrova-boli-pocas-zaplav-velkolelske-ostrovy\/\" title=\"During the floods, the Velky Lel island were Velky Lel islands\" rel=\"bookmark\">During the floods, the Velky Lel island were Velky Lel islands<\/a>\n\t<\/h3>\n\n\t<div class=\"entry-meta\"><a href=\"https:\/\/broz.sk\/en\/2021\/07\/20\/\" title=\"13:35\" class=\"data-link\" rel=\"bookmark\"><time class=\"entry-date updated\" datetime=\"2021-07-20T13:35:33+02:00\">20. July 2021<\/time><\/a><\/div>\n\t<div class=\"entry-excerpt\"><p>The level of the Danube has risen by about 4 meters in recent days. This brought life-threatening floods to the landscape and nature of the Danube region. <\/p>\n<\/div>\n\t\n<a href=\"https:\/\/broz.sk\/en\/z-velkolelskeho-ostrova-boli-pocas-zaplav-velkolelske-ostrovy\/\" class=\"post-details details-type-link\" aria-label=\"Read more about During the floods, the Velky Lel island were Velky Lel islands\">Read more<i class=\"dt-icon-the7-arrow-03\" aria-hidden=\"true\"><\/i><\/a>\n\n<\/div><\/article><article class=\"post project-odd hidden post-16722 type-post status-publish format-standard has-post-thumbnail hentry category-protection-of-habitats category-protection-of-species pmpro-has-access category-31 category-30 description-off\" data-name=\"Last monitoring bike trip around Ostrovn\u00e9 L\u00faky SPA\" data-date=\"2021-07-20T11:16:38+02:00\">\n\n<div class=\"post-thumbnail-wrap\">\n\t<div class=\"post-thumbnail\">\n\n\t\t\n\t\t\n\t\t<a href=\"https:\/\/broz.sk\/en\/last-monitoring-bike-trip-around-ostrovne-luky-spa\/\" class=\"post-thumbnail-rollover layzr-bg layzr-bg\" ><img decoding=\"async\" class=\"blog-thumb-lazy-load preload-me lazy-load aspect\" src=\"data:image\/svg+xml,%3Csvg%20xmlns%3D&#39;http%3A%2F%2Fwww.w3.org%2F2000%2Fsvg&#39;%20viewBox%3D&#39;0%200%20768%20576&#39;%2F%3E\" data-src=\"https:\/\/broz.sk\/wp-content\/uploads\/2021\/10\/IMG_20210714_183804-768x576.jpg\" data-srcset=\"https:\/\/broz.sk\/wp-content\/uploads\/2021\/10\/IMG_20210714_183804-768x576.jpg 768w, https:\/\/broz.sk\/wp-content\/uploads\/2021\/10\/IMG_20210714_183804-1125x843.jpg 1125w\" loading=\"eager\" style=\"--ratio: 768 \/ 576\" sizes=\"(max-width: 768px) 100vw, 768px\" alt=\"\" title=\"dav\" width=\"768\" height=\"576\"  \/><\/a>\n\t<\/div>\n<\/div>\n\n\n<div class=\"post-entry-content\">\n\n\t<h3 class=\"entry-title\">\n\t\t<a href=\"https:\/\/broz.sk\/en\/last-monitoring-bike-trip-around-ostrovne-luky-spa\/\" title=\"Last monitoring bike trip around Ostrovn\u00e9 L\u00faky SPA\" rel=\"bookmark\">Last monitoring bike trip around Ostrovn\u00e9 L\u00faky SPA<\/a>\n\t<\/h3>\n\n\t<div class=\"entry-meta\"><a href=\"https:\/\/broz.sk\/en\/2021\/07\/20\/\" title=\"11:16\" class=\"data-link\" rel=\"bookmark\"><time class=\"entry-date updated\" datetime=\"2021-07-20T11:16:38+02:00\">20. July 2021<\/time><\/a><\/div>\n\t<div class=\"entry-excerpt\"><p>[vc_row][vc_column][vc_column_text]In July 2021, we met with our external monitor and project team in Ostrovn\u00e9 l\u00faky for the last time. We checked the activities carried out since last year. We also had a look on wetlands, planted trees or extended pasture in Bodzianske L\u00faky. The project ended in May and we believe that the target species&hellip;<\/p>\n<\/div>\n\t\n<a href=\"https:\/\/broz.sk\/en\/last-monitoring-bike-trip-around-ostrovne-luky-spa\/\" class=\"post-details details-type-link\" aria-label=\"Read more about Last monitoring bike trip around Ostrovn\u00e9 L\u00faky SPA\">Read more<i class=\"dt-icon-the7-arrow-03\" aria-hidden=\"true\"><\/i><\/a>\n\n<\/div><\/article><article class=\"post project-odd hidden post-15803 type-post status-publish format-standard has-post-thumbnail hentry category-protection-of-habitats pmpro-has-access category-31 description-off\" data-name=\"We are publishing a fairy-tale book for children\" data-date=\"2021-07-07T15:43:15+02:00\">\n\n<div class=\"post-thumbnail-wrap\">\n\t<div class=\"post-thumbnail\">\n\n\t\t\n\t\t\n\t\t<a href=\"https:\/\/broz.sk\/en\/we-are-publishing-a-fairy-tale-book-for-children\/\" class=\"post-thumbnail-rollover layzr-bg layzr-bg\" ><img decoding=\"async\" class=\"blog-thumb-lazy-load preload-me lazy-load aspect\" src=\"data:image\/svg+xml,%3Csvg%20xmlns%3D&#39;http%3A%2F%2Fwww.w3.org%2F2000%2Fsvg&#39;%20viewBox%3D&#39;0%200%20768%20576&#39;%2F%3E\" data-src=\"https:\/\/broz.sk\/wp-content\/uploads\/2021\/07\/Nahlad_kniha_10-768x576.png\" data-srcset=\"https:\/\/broz.sk\/wp-content\/uploads\/2021\/07\/Nahlad_kniha_10-768x576.png 768w, https:\/\/broz.sk\/wp-content\/uploads\/2021\/07\/Nahlad_kniha_10-1296x971.png 1296w\" loading=\"eager\" style=\"--ratio: 768 \/ 576\" sizes=\"(max-width: 768px) 100vw, 768px\" alt=\"Pr\u00edbehy z l\u00fak a mokrad\u00ed\" title=\"Nahlad_kniha_10\" width=\"768\" height=\"576\"  \/><\/a>\n\t<\/div>\n<\/div>\n\n\n<div class=\"post-entry-content\">\n\n\t<h3 class=\"entry-title\">\n\t\t<a href=\"https:\/\/broz.sk\/en\/we-are-publishing-a-fairy-tale-book-for-children\/\" title=\"We are publishing a fairy-tale book for children\" rel=\"bookmark\">We are publishing a fairy-tale book for children<\/a>\n\t<\/h3>\n\n\t<div class=\"entry-meta\"><a href=\"https:\/\/broz.sk\/en\/2021\/07\/07\/\" title=\"15:43\" class=\"data-link\" rel=\"bookmark\"><time class=\"entry-date updated\" datetime=\"2021-07-07T15:43:15+02:00\">7. July 2021<\/time><\/a><\/div>\n\t<div class=\"entry-excerpt\"><p>The BROZ people decided to issue a fairy-tale book for children and to translate the environmental connections into a children\u00b4s language.<\/p>\n<\/div>\n\t\n<a href=\"https:\/\/broz.sk\/en\/we-are-publishing-a-fairy-tale-book-for-children\/\" class=\"post-details details-type-link\" aria-label=\"Read more about We are publishing a fairy-tale book for children\">Read more<i class=\"dt-icon-the7-arrow-03\" aria-hidden=\"true\"><\/i><\/a>\n\n<\/div><\/article><article class=\"post project-odd hidden post-15710 type-post status-publish format-standard has-post-thumbnail hentry category-protection-of-habitats tag-beesandfish-en pmpro-has-access category-31 description-off\" data-name=\"The banks in Petr\u017ealka were occupied by Sand Martins\" data-date=\"2021-07-06T10:56:24+02:00\">\n\n<div class=\"post-thumbnail-wrap\">\n\t<div class=\"post-thumbnail\">\n\n\t\t\n\t\t\n\t\t<a href=\"https:\/\/broz.sk\/en\/the-banks-in-petrzalka-were-occupied-by-sand-martins\/\" class=\"post-thumbnail-rollover layzr-bg layzr-bg\" ><img decoding=\"async\" class=\"blog-thumb-lazy-load preload-me lazy-load aspect\" src=\"data:image\/svg+xml,%3Csvg%20xmlns%3D&#39;http%3A%2F%2Fwww.w3.org%2F2000%2Fsvg&#39;%20viewBox%3D&#39;0%200%20768%20576&#39;%2F%3E\" data-src=\"https:\/\/broz.sk\/wp-content\/uploads\/2021\/07\/DSCF81020-scaled-768x576.jpg\" data-srcset=\"https:\/\/broz.sk\/wp-content\/uploads\/2021\/07\/DSCF81020-scaled-768x576.jpg 768w, https:\/\/broz.sk\/wp-content\/uploads\/2021\/07\/DSCF81020-scaled-1306x979.jpg 1306w\" loading=\"eager\" style=\"--ratio: 768 \/ 576\" sizes=\"(max-width: 768px) 100vw, 768px\" alt=\"Brehula hned\u00e1\" title=\"DSCF81020\" width=\"768\" height=\"576\"  \/><\/a>\n\t<\/div>\n<\/div>\n\n\n<div class=\"post-entry-content\">\n\n\t<h3 class=\"entry-title\">\n\t\t<a href=\"https:\/\/broz.sk\/en\/the-banks-in-petrzalka-were-occupied-by-sand-martins\/\" title=\"The banks in Petr\u017ealka were occupied by Sand Martins\" rel=\"bookmark\">The banks in Petr\u017ealka were occupied by Sand Martins<\/a>\n\t<\/h3>\n\n\t<div class=\"entry-meta\"><a href=\"https:\/\/broz.sk\/en\/2021\/07\/06\/\" title=\"10:56\" class=\"data-link\" rel=\"bookmark\"><time class=\"entry-date updated\" datetime=\"2021-07-06T10:56:24+02:00\">6. July 2021<\/time><\/a><\/div>\n\t<div class=\"entry-excerpt\"><p>The restored steep river bank, which we implemented here in March 2021, has experienced its inhabitants. Gradually, up to 500 pairs of Sand Martins nested here.<\/p>\n<\/div>\n\t\n<a href=\"https:\/\/broz.sk\/en\/the-banks-in-petrzalka-were-occupied-by-sand-martins\/\" class=\"post-details details-type-link\" aria-label=\"Read more about The banks in Petr\u017ealka were occupied by Sand Martins\">Read more<i class=\"dt-icon-the7-arrow-03\" aria-hidden=\"true\"><\/i><\/a>\n\n<\/div><\/article><article class=\"post project-odd hidden post-15661 type-post status-publish format-standard has-post-thumbnail hentry category-protection-of-habitats tag-thlaspi tag-pastva-en tag-sub-pannonic-en pmpro-has-access category-31 description-off\" data-name=\"The Thlaspi jankae in record numbers \u2013 thanks to clearing of Jasovsk\u00e1 planina\" data-date=\"2021-06-30T16:28:17+02:00\">\n\n<div class=\"post-thumbnail-wrap\">\n\t<div class=\"post-thumbnail\">\n\n\t\t\n\t\t\n\t\t<a href=\"https:\/\/broz.sk\/en\/the-thlaspi-jankae-in-record-numbers-thanks-to-clearing-of-jasovska-planina\/\" class=\"post-thumbnail-rollover layzr-bg layzr-bg\" ><img decoding=\"async\" class=\"blog-thumb-lazy-load preload-me lazy-load aspect\" src=\"data:image\/svg+xml,%3Csvg%20xmlns%3D&#39;http%3A%2F%2Fwww.w3.org%2F2000%2Fsvg&#39;%20viewBox%3D&#39;0%200%20768%20576&#39;%2F%3E\" data-src=\"https:\/\/broz.sk\/wp-content\/uploads\/2021\/06\/peniaztek_1-768x576.jpg\" data-srcset=\"https:\/\/broz.sk\/wp-content\/uploads\/2021\/06\/peniaztek_1-768x576.jpg 768w, https:\/\/broz.sk\/wp-content\/uploads\/2021\/06\/peniaztek_1-1306x979.jpg 1306w\" loading=\"eager\" style=\"--ratio: 768 \/ 576\" sizes=\"(max-width: 768px) 100vw, 768px\" alt=\"Penia\u017etek slovensk\u00fd\" title=\"penia\u017etek_1\" width=\"768\" height=\"576\"  \/><\/a>\n\t<\/div>\n<\/div>\n\n\n<div class=\"post-entry-content\">\n\n\t<h3 class=\"entry-title\">\n\t\t<a href=\"https:\/\/broz.sk\/en\/the-thlaspi-jankae-in-record-numbers-thanks-to-clearing-of-jasovska-planina\/\" title=\"The Thlaspi jankae in record numbers \u2013 thanks to clearing of Jasovsk\u00e1 planina\" rel=\"bookmark\">The Thlaspi jankae in record numbers \u2013 thanks to clearing of Jasovsk\u00e1 planina<\/a>\n\t<\/h3>\n\n\t<div class=\"entry-meta\"><a href=\"https:\/\/broz.sk\/en\/2021\/06\/30\/\" title=\"16:28\" class=\"data-link\" rel=\"bookmark\"><time class=\"entry-date updated\" datetime=\"2021-06-30T16:28:17+02:00\">30. June 2021<\/time><\/a><\/div>\n\t<div class=\"entry-excerpt\"><p>You can only find the rare plant of Thlaspi jankae, a protected species of European value, on Zobor mountain by Nitra, in the national park of Slovak Karst and in nearby karst areas of the Hungarian national park Aggtelek. <\/p>\n<\/div>\n\t\n<a href=\"https:\/\/broz.sk\/en\/the-thlaspi-jankae-in-record-numbers-thanks-to-clearing-of-jasovska-planina\/\" class=\"post-details details-type-link\" aria-label=\"Read more about The Thlaspi jankae in record numbers \u2013 thanks to clearing of Jasovsk\u00e1 planina\">Read more<i class=\"dt-icon-the7-arrow-03\" aria-hidden=\"true\"><\/i><\/a>\n\n<\/div><\/article><article class=\"post project-odd hidden post-18488 type-post status-publish format-standard has-post-thumbnail hentry category-protection-of-habitats tag-sub-pannonic-en pmpro-has-access category-31 description-off\" data-name=\"The results of grazing restoration on Zemn\u00e9 hradisko\" data-date=\"2021-06-16T11:33:02+02:00\">\n\n<div class=\"post-thumbnail-wrap\">\n\t<div class=\"post-thumbnail\">\n\n\t\t\n\t\t\n\t\t<a href=\"https:\/\/broz.sk\/en\/the-results-of-grazing-restoration-on-zemne-hradisko\/\" class=\"post-thumbnail-rollover layzr-bg layzr-bg\" ><img decoding=\"async\" class=\"blog-thumb-lazy-load preload-me lazy-load aspect\" src=\"data:image\/svg+xml,%3Csvg%20xmlns%3D&#39;http%3A%2F%2Fwww.w3.org%2F2000%2Fsvg&#39;%20viewBox%3D&#39;0%200%20768%20576&#39;%2F%3E\" data-src=\"https:\/\/broz.sk\/wp-content\/uploads\/2022\/03\/Obrazok3-3-768x576.jpg\" data-srcset=\"https:\/\/broz.sk\/wp-content\/uploads\/2022\/03\/Obrazok3-3-768x576.jpg 768w, https:\/\/broz.sk\/wp-content\/uploads\/2022\/03\/Obrazok3-3-1232x924.jpg 1232w\" loading=\"eager\" style=\"--ratio: 768 \/ 576\" sizes=\"(max-width: 768px) 100vw, 768px\" alt=\"\" title=\"Obr\u00e1zok3\" width=\"768\" height=\"576\"  \/><\/a>\n\t<\/div>\n<\/div>\n\n\n<div class=\"post-entry-content\">\n\n\t<h3 class=\"entry-title\">\n\t\t<a href=\"https:\/\/broz.sk\/en\/the-results-of-grazing-restoration-on-zemne-hradisko\/\" title=\"The results of grazing restoration on Zemn\u00e9 hradisko\" rel=\"bookmark\">The results of grazing restoration on Zemn\u00e9 hradisko<\/a>\n\t<\/h3>\n\n\t<div class=\"entry-meta\"><a href=\"https:\/\/broz.sk\/en\/2021\/06\/16\/\" title=\"11:33\" class=\"data-link\" rel=\"bookmark\"><time class=\"entry-date updated\" datetime=\"2021-06-16T11:33:02+02:00\">16. June 2021<\/time><\/a><\/div>\n\t<div class=\"entry-excerpt\"><p>In the area of Zemn\u00e9 hradisko, which is a part of Site of Community Importance Horn\u00fd Vrch, we succeeded by conservation management. The Russian bugloss (Echium russicum) is in our country as well as in the European Union the protected plant species \u2013 the species of European interest. <\/p>\n<\/div>\n\t\n<a href=\"https:\/\/broz.sk\/en\/the-results-of-grazing-restoration-on-zemne-hradisko\/\" class=\"post-details details-type-link\" aria-label=\"Read more about The results of grazing restoration on Zemn\u00e9 hradisko\">Read more<i class=\"dt-icon-the7-arrow-03\" aria-hidden=\"true\"><\/i><\/a>\n\n<\/div><\/article><article class=\"post project-odd hidden post-29879 type-post status-publish format-standard has-post-thumbnail hentry category-protection-of-species pmpro-has-access category-30 description-off\" data-name=\"In Turna we saved ground squirrels against plowing\" data-date=\"2021-06-15T14:11:51+02:00\">\n\n<div class=\"post-thumbnail-wrap\">\n\t<div class=\"post-thumbnail\">\n\n\t\t\n\t\t\n\t\t<a href=\"https:\/\/broz.sk\/en\/in-turna-we-saved-ground-squirrels-against-plowing\/\" class=\"post-thumbnail-rollover layzr-bg layzr-bg\" ><img decoding=\"async\" class=\"blog-thumb-lazy-load preload-me lazy-load aspect\" src=\"data:image\/svg+xml,%3Csvg%20xmlns%3D&#39;http%3A%2F%2Fwww.w3.org%2F2000%2Fsvg&#39;%20viewBox%3D&#39;0%200%20768%20576&#39;%2F%3E\" data-src=\"https:\/\/broz.sk\/wp-content\/uploads\/2021\/09\/200654756_1098825437194288_860246539270230153_n-768x576.jpg\" data-srcset=\"https:\/\/broz.sk\/wp-content\/uploads\/2021\/09\/200654756_1098825437194288_860246539270230153_n-768x576.jpg 768w, https:\/\/broz.sk\/wp-content\/uploads\/2021\/09\/200654756_1098825437194288_860246539270230153_n-853x640.jpg 853w\" loading=\"eager\" style=\"--ratio: 768 \/ 576\" sizes=\"(max-width: 768px) 100vw, 768px\" alt=\"life syse\u013e\" title=\"200654756_1098825437194288_860246539270230153_n\" width=\"768\" height=\"576\"  \/><\/a>\n\t<\/div>\n<\/div>\n\n\n<div class=\"post-entry-content\">\n\n\t<h3 class=\"entry-title\">\n\t\t<a href=\"https:\/\/broz.sk\/en\/in-turna-we-saved-ground-squirrels-against-plowing\/\" title=\"In Turna we saved ground squirrels against plowing\" rel=\"bookmark\">In Turna we saved ground squirrels against plowing<\/a>\n\t<\/h3>\n\n\t<div class=\"entry-meta\"><a href=\"https:\/\/broz.sk\/en\/2021\/06\/15\/\" title=\"14:11\" class=\"data-link\" rel=\"bookmark\"><time class=\"entry-date updated\" datetime=\"2021-06-15T14:11:51+02:00\">15. June 2021<\/time><\/a><\/div>\n\t<div class=\"entry-excerpt\"><p>In Turna nad Bodvou, at the Skalist\u00fd potok location, there is the second largest forest site in Slovakia. Ground squirrels have settled here partly also in the alfalfa field. That field was recently plowed. The ground squirrels now have youngsters and plowing would kill them.<\/p>\n<\/div>\n\t\n<a href=\"https:\/\/broz.sk\/en\/in-turna-we-saved-ground-squirrels-against-plowing\/\" class=\"post-details details-type-link\" aria-label=\"Read more about In Turna we saved ground squirrels against plowing\">Read more<i class=\"dt-icon-the7-arrow-03\" aria-hidden=\"true\"><\/i><\/a>\n\n<\/div><\/article><article class=\"post project-odd hidden post-17532 type-post status-publish format-standard has-post-thumbnail hentry category-protection-of-habitats category-protection-of-species pmpro-has-access category-31 category-30 description-off\" data-name=\"Restoration of bio-corridors and wetlands on Istragov\" data-date=\"2021-06-11T15:14:45+02:00\">\n\n<div class=\"post-thumbnail-wrap\">\n\t<div class=\"post-thumbnail\">\n\n\t\t\n\t\t\n\t\t<a href=\"https:\/\/broz.sk\/en\/restoration-of-bio-corridors-and-wetlands-on-istragov\/\" class=\"post-thumbnail-rollover layzr-bg layzr-bg\" ><img decoding=\"async\" class=\"blog-thumb-lazy-load preload-me lazy-load aspect\" src=\"data:image\/svg+xml,%3Csvg%20xmlns%3D&#39;http%3A%2F%2Fwww.w3.org%2F2000%2Fsvg&#39;%20viewBox%3D&#39;0%200%20768%20576&#39;%2F%3E\" data-src=\"https:\/\/broz.sk\/wp-content\/uploads\/2021\/10\/IMG_20210603_094843-768x576.jpg\" data-srcset=\"https:\/\/broz.sk\/wp-content\/uploads\/2021\/10\/IMG_20210603_094843-768x576.jpg 768w, https:\/\/broz.sk\/wp-content\/uploads\/2021\/10\/IMG_20210603_094843-1125x843.jpg 1125w\" loading=\"eager\" style=\"--ratio: 768 \/ 576\" sizes=\"(max-width: 768px) 100vw, 768px\" alt=\"\" title=\"dav\" width=\"768\" height=\"576\"  \/><\/a>\n\t<\/div>\n<\/div>\n\n\n<div class=\"post-entry-content\">\n\n\t<h3 class=\"entry-title\">\n\t\t<a href=\"https:\/\/broz.sk\/en\/restoration-of-bio-corridors-and-wetlands-on-istragov\/\" title=\"Restoration of bio-corridors and wetlands on Istragov\" rel=\"bookmark\">Restoration of bio-corridors and wetlands on Istragov<\/a>\n\t<\/h3>\n\n\t<div class=\"entry-meta\"><a href=\"https:\/\/broz.sk\/en\/2021\/06\/11\/\" title=\"15:14\" class=\"data-link\" rel=\"bookmark\"><time class=\"entry-date updated\" datetime=\"2021-06-11T15:14:45+02:00\">11. June 2021<\/time><\/a><\/div>\n\t<div class=\"entry-excerpt\"><p>As we announced in February this year, we started with the creation of biocorridors, the so-called \u2018Highways\u2019 for root voles, which will allow them to move more easily between locations. <\/p>\n<\/div>\n\t\n<a href=\"https:\/\/broz.sk\/en\/restoration-of-bio-corridors-and-wetlands-on-istragov\/\" class=\"post-details details-type-link\" aria-label=\"Read more about Restoration of bio-corridors and wetlands on Istragov\">Read more<i class=\"dt-icon-the7-arrow-03\" aria-hidden=\"true\"><\/i><\/a>\n\n<\/div><\/article><article class=\"post project-odd hidden post-15810 type-post status-publish format-standard has-post-thumbnail hentry category-protection-of-habitats pmpro-has-access category-31 description-off\" data-name=\"We enjoyed the June solstice day in Dropie\" data-date=\"2021-06-10T15:51:58+02:00\">\n\n<div class=\"post-thumbnail-wrap\">\n\t<div class=\"post-thumbnail\">\n\n\t\t\n\t\t\n\t\t<a href=\"https:\/\/broz.sk\/en\/we-enjoyed-the-june-solstice-day-in-dropie\/\" class=\"post-thumbnail-rollover layzr-bg layzr-bg\" ><img decoding=\"async\" class=\"blog-thumb-lazy-load preload-me lazy-load aspect\" src=\"data:image\/svg+xml,%3Csvg%20xmlns%3D&#39;http%3A%2F%2Fwww.w3.org%2F2000%2Fsvg&#39;%20viewBox%3D&#39;0%200%20768%20576&#39;%2F%3E\" data-src=\"https:\/\/broz.sk\/wp-content\/uploads\/2021\/07\/DSCF7952-768x576.jpg\" data-srcset=\"https:\/\/broz.sk\/wp-content\/uploads\/2021\/07\/DSCF7952-768x576.jpg 768w, https:\/\/broz.sk\/wp-content\/uploads\/2021\/07\/DSCF7952-1306x979.jpg 1306w\" loading=\"eager\" style=\"--ratio: 768 \/ 576\" sizes=\"(max-width: 768px) 100vw, 768px\" alt=\"dial\u00f3gy s ob\u010danmi\" title=\"DSCF7952\" width=\"768\" height=\"576\"  \/><\/a>\n\t<\/div>\n<\/div>\n\n\n<div class=\"post-entry-content\">\n\n\t<h3 class=\"entry-title\">\n\t\t<a href=\"https:\/\/broz.sk\/en\/we-enjoyed-the-june-solstice-day-in-dropie\/\" title=\"We enjoyed the June solstice day in Dropie\" rel=\"bookmark\">We enjoyed the June solstice day in Dropie<\/a>\n\t<\/h3>\n\n\t<div class=\"entry-meta\"><a href=\"https:\/\/broz.sk\/en\/2021\/06\/10\/\" title=\"15:51\" class=\"data-link\" rel=\"bookmark\"><time class=\"entry-date updated\" datetime=\"2021-06-10T15:51:58+02:00\">10. June 2021<\/time><\/a><\/div>\n\t<div class=\"entry-excerpt\"><p>Within the project of the Conservation of Birds in SPA Ostrovn\u00e9 L\u00faky we organized a summer welcome event in the SEV Dropie. It was attended by the local residents, stakeholders and primary school students.<\/p>\n<\/div>\n\t\n<a href=\"https:\/\/broz.sk\/en\/we-enjoyed-the-june-solstice-day-in-dropie\/\" class=\"post-details details-type-link\" aria-label=\"Read more about We enjoyed the June solstice day in Dropie\">Read more<i class=\"dt-icon-the7-arrow-03\" aria-hidden=\"true\"><\/i><\/a>\n\n<\/div><\/article><article class=\"post project-odd hidden post-15611 type-post status-publish format-standard has-post-thumbnail hentry category-protection-of-habitats tag-orchid tag-velky-kopec-en tag-pastva-en tag-sub-pannonic-en pmpro-has-access category-31 description-off\" data-name=\"Goats grazing on Velky Kopec helped the return of a rare orchid\" data-date=\"2021-06-02T13:16:05+02:00\">\n\n<div class=\"post-thumbnail-wrap\">\n\t<div class=\"post-thumbnail\">\n\n\t\t\n\t\t\n\t\t<a href=\"https:\/\/broz.sk\/en\/goats-grazing-on-velky-kopec-helped-the-return-of-a-rare-orchid\/\" class=\"post-thumbnail-rollover layzr-bg layzr-bg\" ><img decoding=\"async\" class=\"blog-thumb-lazy-load preload-me lazy-load aspect\" src=\"data:image\/svg+xml,%3Csvg%20xmlns%3D&#39;http%3A%2F%2Fwww.w3.org%2F2000%2Fsvg&#39;%20viewBox%3D&#39;0%200%20768%20576&#39;%2F%3E\" data-src=\"https:\/\/broz.sk\/wp-content\/uploads\/2021\/06\/foto-orchidea-768x576.jpg\" data-srcset=\"https:\/\/broz.sk\/wp-content\/uploads\/2021\/06\/foto-orchidea-768x576.jpg 768w, https:\/\/broz.sk\/wp-content\/uploads\/2021\/06\/foto-orchidea-1306x979.jpg 1306w\" loading=\"eager\" style=\"--ratio: 768 \/ 576\" sizes=\"(max-width: 768px) 100vw, 768px\" alt=\"Orchidea na ve\u013ekom vrchu\" title=\"foto &#8211; orchidea\" width=\"768\" height=\"576\"  \/><\/a>\n\t<\/div>\n<\/div>\n\n\n<div class=\"post-entry-content\">\n\n\t<h3 class=\"entry-title\">\n\t\t<a href=\"https:\/\/broz.sk\/en\/goats-grazing-on-velky-kopec-helped-the-return-of-a-rare-orchid\/\" title=\"Goats grazing on Velky Kopec helped the return of a rare orchid\" rel=\"bookmark\">Goats grazing on Velky Kopec helped the return of a rare orchid<\/a>\n\t<\/h3>\n\n\t<div class=\"entry-meta\"><a href=\"https:\/\/broz.sk\/en\/2021\/06\/02\/\" title=\"13:16\" class=\"data-link\" rel=\"bookmark\"><time class=\"entry-date updated\" datetime=\"2021-06-02T13:16:05+02:00\">2. June 2021<\/time><\/a><\/div>\n\t<div class=\"entry-excerpt\"><p>And at this time of the year the effort of the brave farmers and volunteers from the whole of Slovakia brought a reward \u2013 thanks to their help with protecting nature a rare orchid &#8211; Green winged orchid (Orchis morio) \u2013 is blooming on \u201cVelky Kopec\u201d. <\/p>\n<\/div>\n\t\n<a href=\"https:\/\/broz.sk\/en\/goats-grazing-on-velky-kopec-helped-the-return-of-a-rare-orchid\/\" class=\"post-details details-type-link\" aria-label=\"Read more about Goats grazing on Velky Kopec helped the return of a rare orchid\">Read more<i class=\"dt-icon-the7-arrow-03\" aria-hidden=\"true\"><\/i><\/a>\n\n<\/div><\/article><article class=\"post project-odd hidden post-18493 type-post status-publish format-standard has-post-thumbnail hentry category-protection-of-habitats tag-sub-pannonic-en pmpro-has-access category-31 description-off\" data-name=\"The act, when humans displaced the native animals from landscape had fatal consequences to biodiversity\" data-date=\"2021-05-28T11:35:27+02:00\">\n\n<div class=\"post-thumbnail-wrap\">\n\t<div class=\"post-thumbnail\">\n\n\t\t\n\t\t\n\t\t<a href=\"https:\/\/broz.sk\/en\/the-act-when-humans-displaced-the-native-animals-from-landscape-had-fatal-consequences-to-biodiversity\/\" class=\"post-thumbnail-rollover layzr-bg layzr-bg\" ><img decoding=\"async\" class=\"blog-thumb-lazy-load preload-me lazy-load aspect\" src=\"data:image\/svg+xml,%3Csvg%20xmlns%3D&#39;http%3A%2F%2Fwww.w3.org%2F2000%2Fsvg&#39;%20viewBox%3D&#39;0%200%20537%20403&#39;%2F%3E\" data-src=\"https:\/\/broz.sk\/wp-content\/uploads\/2021\/05\/Obrazok1-537x403.jpg\" data-srcset=\"https:\/\/broz.sk\/wp-content\/uploads\/2021\/05\/Obrazok1-537x403.jpg 537w\" loading=\"eager\" style=\"--ratio: 537 \/ 403\" sizes=\"(max-width: 537px) 100vw, 537px\" alt=\"\" title=\"Obr\u00e1zok1\" width=\"537\" height=\"403\"  \/><\/a>\n\t<\/div>\n<\/div>\n\n\n<div class=\"post-entry-content\">\n\n\t<h3 class=\"entry-title\">\n\t\t<a href=\"https:\/\/broz.sk\/en\/the-act-when-humans-displaced-the-native-animals-from-landscape-had-fatal-consequences-to-biodiversity\/\" title=\"The act, when humans displaced the native animals from landscape had fatal consequences to biodiversity\" rel=\"bookmark\">The act, when humans displaced the native animals from landscape had fatal consequences to biodiversity<\/a>\n\t<\/h3>\n\n\t<div class=\"entry-meta\"><a href=\"https:\/\/broz.sk\/en\/2021\/05\/28\/\" title=\"11:35\" class=\"data-link\" rel=\"bookmark\"><time class=\"entry-date updated\" datetime=\"2021-05-28T11:35:27+02:00\">28. May 2021<\/time><\/a><\/div>\n\t<div class=\"entry-excerpt\"><p>Long time ago the open woodlands of Pannonian area had been grazed by big herbivores \u2013 humped cattle and European buffaloes. After human colonisation they were replaced by farm animals. In 50\u2019s of 20th century the socialistic agriculture moved farm animals from landscape to stables. <\/p>\n<\/div>\n\t\n<a href=\"https:\/\/broz.sk\/en\/the-act-when-humans-displaced-the-native-animals-from-landscape-had-fatal-consequences-to-biodiversity\/\" class=\"post-details details-type-link\" aria-label=\"Read more about The act, when humans displaced the native animals from landscape had fatal consequences to biodiversity\">Read more<i class=\"dt-icon-the7-arrow-03\" aria-hidden=\"true\"><\/i><\/a>\n\n<\/div><\/article><article class=\"post project-odd hidden post-16409 type-post status-publish format-standard has-post-thumbnail hentry category-protection-of-habitats pmpro-has-access category-31 description-off\" data-name=\"A summer simulated flood is taking place in the Inland Delta\" data-date=\"2021-05-27T12:10:14+02:00\">\n\n<div class=\"post-thumbnail-wrap\">\n\t<div class=\"post-thumbnail\">\n\n\t\t\n\t\t\n\t\t<a href=\"https:\/\/broz.sk\/en\/vo-vnutrozemskej-delte-prebieha-letna-simulovana-zaplava\/\" class=\"post-thumbnail-rollover layzr-bg layzr-bg\" ><img decoding=\"async\" class=\"blog-thumb-lazy-load preload-me lazy-load aspect\" src=\"data:image\/svg+xml,%3Csvg%20xmlns%3D&#39;http%3A%2F%2Fwww.w3.org%2F2000%2Fsvg&#39;%20viewBox%3D&#39;0%200%20768%20576&#39;%2F%3E\" data-src=\"https:\/\/broz.sk\/wp-content\/uploads\/2021\/08\/7cab0d1b-38fe-4808-9a5d-3aba9aab8c39-768x576.jpeg\" data-srcset=\"https:\/\/broz.sk\/wp-content\/uploads\/2021\/08\/7cab0d1b-38fe-4808-9a5d-3aba9aab8c39-768x576.jpeg 768w, https:\/\/broz.sk\/wp-content\/uploads\/2021\/08\/7cab0d1b-38fe-4808-9a5d-3aba9aab8c39-911x683.jpeg 911w\" loading=\"eager\" style=\"--ratio: 768 \/ 576\" sizes=\"(max-width: 768px) 100vw, 768px\" alt=\"\" title=\"7cab0d1b-38fe-4808-9a5d-3aba9aab8c39\" width=\"768\" height=\"576\"  \/><\/a>\n\t<\/div>\n<\/div>\n\n\n<div class=\"post-entry-content\">\n\n\t<h3 class=\"entry-title\">\n\t\t<a href=\"https:\/\/broz.sk\/en\/vo-vnutrozemskej-delte-prebieha-letna-simulovana-zaplava\/\" title=\"A summer simulated flood is taking place in the Inland Delta\" rel=\"bookmark\">A summer simulated flood is taking place in the Inland Delta<\/a>\n\t<\/h3>\n\n\t<div class=\"entry-meta\"><a href=\"https:\/\/broz.sk\/en\/2021\/05\/27\/\" title=\"12:10\" class=\"data-link\" rel=\"bookmark\"><time class=\"entry-date updated\" datetime=\"2021-05-27T12:10:14+02:00\">27. May 2021<\/time><\/a><\/div>\n\t<div class=\"entry-excerpt\"><p>The water flow is lower than agreed.<br \/>\nTwo simulated floods of the Danube inland delta take place after a long time. After a series of negotiations and a successful petition, we managed to enforce what is approved in the Manipulation plan for the Gab\u010d\u00edkovo water dam. Until now, the flooding process has been depending on a complex administrative process.<\/p>\n<\/div>\n\t\n<a href=\"https:\/\/broz.sk\/en\/vo-vnutrozemskej-delte-prebieha-letna-simulovana-zaplava\/\" class=\"post-details details-type-link\" aria-label=\"Read more about A summer simulated flood is taking place in the Inland Delta\">Read more<i class=\"dt-icon-the7-arrow-03\" aria-hidden=\"true\"><\/i><\/a>\n\n<\/div><\/article><article class=\"post project-odd hidden post-15592 type-post status-publish format-standard has-post-thumbnail hentry category-protection-of-habitats pmpro-has-access category-31 description-off\" data-name=\"In the 2020\/2021 season, we planted more than 30,000 trees\" data-date=\"2021-05-18T12:56:00+02:00\">\n\n<div class=\"post-thumbnail-wrap\">\n\t<div class=\"post-thumbnail\">\n\n\t\t\n\t\t\n\t\t<a href=\"https:\/\/broz.sk\/en\/in-the-2020-2021-season-we-planted-more-than-30000-trees\/\" class=\"post-thumbnail-rollover layzr-bg layzr-bg\" ><img decoding=\"async\" class=\"blog-thumb-lazy-load preload-me lazy-load aspect\" src=\"data:image\/svg+xml,%3Csvg%20xmlns%3D&#39;http%3A%2F%2Fwww.w3.org%2F2000%2Fsvg&#39;%20viewBox%3D&#39;0%200%20768%20576&#39;%2F%3E\" data-src=\"https:\/\/broz.sk\/wp-content\/uploads\/2021\/04\/P1244371-768x576.jpg\" data-srcset=\"https:\/\/broz.sk\/wp-content\/uploads\/2021\/04\/P1244371-768x576.jpg 768w, https:\/\/broz.sk\/wp-content\/uploads\/2021\/04\/P1244371-1152x864.jpg 1152w\" loading=\"eager\" style=\"--ratio: 768 \/ 576\" sizes=\"(max-width: 768px) 100vw, 768px\" alt=\"sadenie stromov v Dunajsk\u00fdch luhoch\" title=\"P1244371\" width=\"768\" height=\"576\"  \/><\/a>\n\t<\/div>\n<\/div>\n\n\n<div class=\"post-entry-content\">\n\n\t<h3 class=\"entry-title\">\n\t\t<a href=\"https:\/\/broz.sk\/en\/in-the-2020-2021-season-we-planted-more-than-30000-trees\/\" title=\"In the 2020\/2021 season, we planted more than 30,000 trees\" rel=\"bookmark\">In the 2020\/2021 season, we planted more than 30,000 trees<\/a>\n\t<\/h3>\n\n\t<div class=\"entry-meta\"><a href=\"https:\/\/broz.sk\/en\/2021\/05\/18\/\" title=\"12:56\" class=\"data-link\" rel=\"bookmark\"><time class=\"entry-date updated\" datetime=\"2021-05-18T12:56:00+02:00\">18. May 2021<\/time><\/a><\/div>\n\t<div class=\"entry-excerpt\"><p>In the winter, when it is the best time for tree planting, we planted more than 30,000 trees &#8211; the native tree species of the Danube floodplain forests.<\/p>\n<\/div>\n\t\n<a href=\"https:\/\/broz.sk\/en\/in-the-2020-2021-season-we-planted-more-than-30000-trees\/\" class=\"post-details details-type-link\" aria-label=\"Read more about In the 2020\/2021 season, we planted more than 30,000 trees\">Read more<i class=\"dt-icon-the7-arrow-03\" aria-hidden=\"true\"><\/i><\/a>\n\n<\/div><\/article><article class=\"post project-odd hidden post-17525 type-post status-publish format-standard has-post-thumbnail hentry category-protection-of-habitats category-protection-of-species pmpro-has-access category-31 category-30 description-off\" data-name=\"Mowing of meadows in NP Neusiedler See-Seewinkel\" data-date=\"2021-05-15T14:48:17+02:00\">\n\n<div class=\"post-thumbnail-wrap\">\n\t<div class=\"post-thumbnail\">\n\n\t\t\n\t\t\n\t\t<a href=\"https:\/\/broz.sk\/en\/mowing-of-meadows-in-np-neusiedler-see-seewinkel\/\" class=\"post-thumbnail-rollover layzr-bg layzr-bg\" ><img decoding=\"async\" class=\"blog-thumb-lazy-load preload-me lazy-load aspect\" src=\"data:image\/svg+xml,%3Csvg%20xmlns%3D&#39;http%3A%2F%2Fwww.w3.org%2F2000%2Fsvg&#39;%20viewBox%3D&#39;0%200%20768%20576&#39;%2F%3E\" data-src=\"https:\/\/broz.sk\/wp-content\/uploads\/2021\/06\/Adjusted-grazing-management-768x576.jpg\" data-srcset=\"https:\/\/broz.sk\/wp-content\/uploads\/2021\/06\/Adjusted-grazing-management-768x576.jpg 768w, https:\/\/broz.sk\/wp-content\/uploads\/2021\/06\/Adjusted-grazing-management-1306x979.jpg 1306w\" loading=\"eager\" style=\"--ratio: 768 \/ 576\" sizes=\"(max-width: 768px) 100vw, 768px\" alt=\"Mowing is replacing grazing in Austria\" title=\"Adjusted grazing management\" width=\"768\" height=\"576\"  \/><\/a>\n\t<\/div>\n<\/div>\n\n\n<div class=\"post-entry-content\">\n\n\t<h3 class=\"entry-title\">\n\t\t<a href=\"https:\/\/broz.sk\/en\/mowing-of-meadows-in-np-neusiedler-see-seewinkel\/\" title=\"Mowing of meadows in NP Neusiedler See-Seewinkel\" rel=\"bookmark\">Mowing of meadows in NP Neusiedler See-Seewinkel<\/a>\n\t<\/h3>\n\n\t<div class=\"entry-meta\"><a href=\"https:\/\/broz.sk\/en\/2021\/05\/15\/\" title=\"14:48\" class=\"data-link\" rel=\"bookmark\"><time class=\"entry-date updated\" datetime=\"2021-05-15T14:48:17+02:00\">15. May 2021<\/time><\/a><\/div>\n\t<div class=\"entry-excerpt\"><p>In neighboring Austria, on the shores of lake Neusiedler, the work on restoration of Pannonian root vole habitat is also in progress.<\/p>\n<\/div>\n\t\n<a href=\"https:\/\/broz.sk\/en\/mowing-of-meadows-in-np-neusiedler-see-seewinkel\/\" class=\"post-details details-type-link\" aria-label=\"Read more about Mowing of meadows in NP Neusiedler See-Seewinkel\">Read more<i class=\"dt-icon-the7-arrow-03\" aria-hidden=\"true\"><\/i><\/a>\n\n<\/div><\/article><article class=\"post project-odd hidden post-15816 type-post status-publish format-standard has-post-thumbnail hentry category-protection-of-habitats pmpro-has-access category-31 description-off\" data-name=\"We prepared a document for you \u2013 Land of Meadows: a forgotten story\" data-date=\"2021-04-23T15:59:40+02:00\">\n\n<div class=\"post-thumbnail-wrap\">\n\t<div class=\"post-thumbnail\">\n\n\t\t\n\t\t\n\t\t<a href=\"https:\/\/broz.sk\/en\/we-prepared-a-document-for-you-land-of-meadows-a-forgotten-story\/\" class=\"post-thumbnail-rollover layzr-bg layzr-bg\" ><img decoding=\"async\" class=\"blog-thumb-lazy-load preload-me lazy-load aspect\" src=\"data:image\/svg+xml,%3Csvg%20xmlns%3D&#39;http%3A%2F%2Fwww.w3.org%2F2000%2Fsvg&#39;%20viewBox%3D&#39;0%200%20768%20576&#39;%2F%3E\" data-src=\"https:\/\/broz.sk\/wp-content\/uploads\/2021\/07\/PKL-768x576.png\" data-srcset=\"https:\/\/broz.sk\/wp-content\/uploads\/2021\/07\/PKL-768x576.png 768w, https:\/\/broz.sk\/wp-content\/uploads\/2021\/07\/PKL-857x643.png 857w\" loading=\"eager\" style=\"--ratio: 768 \/ 576\" sizes=\"(max-width: 768px) 100vw, 768px\" alt=\"Pr\u00edbeh krajiny l\u00fak\" title=\"PKL\" width=\"768\" height=\"576\"  \/><\/a>\n\t<\/div>\n<\/div>\n\n\n<div class=\"post-entry-content\">\n\n\t<h3 class=\"entry-title\">\n\t\t<a href=\"https:\/\/broz.sk\/en\/we-prepared-a-document-for-you-land-of-meadows-a-forgotten-story\/\" title=\"We prepared a document for you \u2013 Land of Meadows: a forgotten story\" rel=\"bookmark\">We prepared a document for you \u2013 Land of Meadows: a forgotten story<\/a>\n\t<\/h3>\n\n\t<div class=\"entry-meta\"><a href=\"https:\/\/broz.sk\/en\/2021\/04\/23\/\" title=\"15:59\" class=\"data-link\" rel=\"bookmark\"><time class=\"entry-date updated\" datetime=\"2021-04-23T15:59:40+02:00\">23. April 2021<\/time><\/a><\/div>\n\t<div class=\"entry-excerpt\"><p>One of the outputs of the Conservation of Birds in SPA Ostrovn\u00e9 L\u00faky Project was also a documentary film titled the Land of Meadows: a forgotten story. <\/p>\n<\/div>\n\t\n<a href=\"https:\/\/broz.sk\/en\/we-prepared-a-document-for-you-land-of-meadows-a-forgotten-story\/\" class=\"post-details details-type-link\" aria-label=\"Read more about We prepared a document for you \u2013 Land of Meadows: a forgotten story\">Read more<i class=\"dt-icon-the7-arrow-03\" aria-hidden=\"true\"><\/i><\/a>\n\n<\/div><\/article><article class=\"post project-odd hidden post-16392 type-post status-publish format-standard has-post-thumbnail hentry category-protection-of-habitats pmpro-has-access category-31 description-off\" data-name=\"In the summer we organize conservation camps again\" data-date=\"2021-04-15T13:24:39+02:00\">\n\n<div class=\"post-thumbnail-wrap\">\n\t<div class=\"post-thumbnail\">\n\n\t\t\n\t\t\n\t\t<a href=\"https:\/\/broz.sk\/en\/v-lete-opat-organizujeme-ochranarske-tabory\/\" class=\"post-thumbnail-rollover layzr-bg layzr-bg\" ><img decoding=\"async\" class=\"blog-thumb-lazy-load preload-me lazy-load aspect\" src=\"data:image\/svg+xml,%3Csvg%20xmlns%3D&#39;http%3A%2F%2Fwww.w3.org%2F2000%2Fsvg&#39;%20viewBox%3D&#39;0%200%20768%20576&#39;%2F%3E\" data-src=\"https:\/\/broz.sk\/wp-content\/uploads\/2020\/12\/15966367979762-scaled-768x576.jpg\" data-srcset=\"https:\/\/broz.sk\/wp-content\/uploads\/2020\/12\/15966367979762-scaled-768x576.jpg 768w, https:\/\/broz.sk\/wp-content\/uploads\/2020\/12\/15966367979762-scaled-1306x979.jpg 1306w\" loading=\"eager\" style=\"--ratio: 768 \/ 576\" sizes=\"(max-width: 768px) 100vw, 768px\" alt=\"\" title=\"15966367979762\" width=\"768\" height=\"576\"  \/><\/a>\n\t<\/div>\n<\/div>\n\n\n<div class=\"post-entry-content\">\n\n\t<h3 class=\"entry-title\">\n\t\t<a href=\"https:\/\/broz.sk\/en\/v-lete-opat-organizujeme-ochranarske-tabory\/\" title=\"In the summer we organize conservation camps again\" rel=\"bookmark\">In the summer we organize conservation camps again<\/a>\n\t<\/h3>\n\n\t<div class=\"entry-meta\"><a href=\"https:\/\/broz.sk\/en\/2021\/04\/15\/\" title=\"13:24\" class=\"data-link\" rel=\"bookmark\"><time class=\"entry-date updated\" datetime=\"2021-04-15T13:24:39+02:00\">15. April 2021<\/time><\/a><\/div>\n\t<div class=\"entry-excerpt\"><p>In the summer months &#8211; July, August, as every year, we organize five tours of children&#8217;s summer camps on Velky Lel Island.<\/p>\n<\/div>\n\t\n<a href=\"https:\/\/broz.sk\/en\/v-lete-opat-organizujeme-ochranarske-tabory\/\" class=\"post-details details-type-link\" aria-label=\"Read more about In the summer we organize conservation camps again\">Read more<i class=\"dt-icon-the7-arrow-03\" aria-hidden=\"true\"><\/i><\/a>\n\n<\/div><\/article><article class=\"post project-odd hidden post-16397 type-post status-publish format-standard has-post-thumbnail hentry category-protection-of-habitats pmpro-has-access category-31 description-off\" data-name=\"A simulated flood begins in the inland Danube delta\" data-date=\"2021-04-09T15:18:06+02:00\">\n\n<div class=\"post-thumbnail-wrap\">\n\t<div class=\"post-thumbnail\">\n\n\t\t\n\t\t\n\t\t<a href=\"https:\/\/broz.sk\/en\/vo-vnutrozemskej-delte-dunaja-zacina-simulovana-zaplava\/\" class=\"post-thumbnail-rollover layzr-bg layzr-bg\" ><img decoding=\"async\" class=\"blog-thumb-lazy-load preload-me lazy-load aspect\" src=\"data:image\/svg+xml,%3Csvg%20xmlns%3D&#39;http%3A%2F%2Fwww.w3.org%2F2000%2Fsvg&#39;%20viewBox%3D&#39;0%200%20768%20576&#39;%2F%3E\" data-src=\"https:\/\/broz.sk\/wp-content\/uploads\/2021\/04\/P1255836-scaled-768x576.jpg\" data-srcset=\"https:\/\/broz.sk\/wp-content\/uploads\/2021\/04\/P1255836-scaled-768x576.jpg 768w, https:\/\/broz.sk\/wp-content\/uploads\/2021\/04\/P1255836-scaled-1306x979.jpg 1306w\" loading=\"eager\" style=\"--ratio: 768 \/ 576\" sizes=\"(max-width: 768px) 100vw, 768px\" alt=\"Mokra\u010f vo Vn\u00fatrozemskej delte Dunaja.\" title=\"P1255836\" width=\"768\" height=\"576\"  \/><\/a>\n\t<\/div>\n<\/div>\n\n\n<div class=\"post-entry-content\">\n\n\t<h3 class=\"entry-title\">\n\t\t<a href=\"https:\/\/broz.sk\/en\/vo-vnutrozemskej-delte-dunaja-zacina-simulovana-zaplava\/\" title=\"A simulated flood begins in the inland Danube delta\" rel=\"bookmark\">A simulated flood begins in the inland Danube delta<\/a>\n\t<\/h3>\n\n\t<div class=\"entry-meta\"><a href=\"https:\/\/broz.sk\/en\/2021\/04\/09\/\" title=\"15:18\" class=\"data-link\" rel=\"bookmark\"><time class=\"entry-date updated\" datetime=\"2021-04-09T15:18:06+02:00\">9. April 2021<\/time><\/a><\/div>\n\t<div class=\"entry-excerpt\"><p>Two floods of this rare wetland will take place this year. We are looking forward to it, but we are still only halfway there.<\/p>\n<\/div>\n\t\n<a href=\"https:\/\/broz.sk\/en\/vo-vnutrozemskej-delte-dunaja-zacina-simulovana-zaplava\/\" class=\"post-details details-type-link\" aria-label=\"Read more about A simulated flood begins in the inland Danube delta\">Read more<i class=\"dt-icon-the7-arrow-03\" aria-hidden=\"true\"><\/i><\/a>\n\n<\/div><\/article><article class=\"post project-odd hidden post-16401 type-post status-publish format-standard has-post-thumbnail hentry category-protection-of-habitats pmpro-has-access category-31 description-off\" data-name=\"Invitation to a frog concert\" data-date=\"2021-03-31T12:10:57+02:00\">\n\n<div class=\"post-thumbnail-wrap\">\n\t<div class=\"post-thumbnail\">\n\n\t\t\n\t\t\n\t\t<a href=\"https:\/\/broz.sk\/en\/pozvanka-na-zabi-koncert\/\" class=\"post-thumbnail-rollover layzr-bg layzr-bg\" ><img decoding=\"async\" class=\"blog-thumb-lazy-load preload-me lazy-load aspect\" src=\"data:image\/svg+xml,%3Csvg%20xmlns%3D&#39;http%3A%2F%2Fwww.w3.org%2F2000%2Fsvg&#39;%20viewBox%3D&#39;0%200%20768%20576&#39;%2F%3E\" data-src=\"https:\/\/broz.sk\/wp-content\/uploads\/2021\/03\/167033281_10158353805866267_8446508696492619370_n-768x576.jpg\" data-srcset=\"https:\/\/broz.sk\/wp-content\/uploads\/2021\/03\/167033281_10158353805866267_8446508696492619370_n-768x576.jpg 768w, https:\/\/broz.sk\/wp-content\/uploads\/2021\/03\/167033281_10158353805866267_8446508696492619370_n.jpg 960w\" loading=\"eager\" style=\"--ratio: 768 \/ 576\" sizes=\"(max-width: 768px) 100vw, 768px\" alt=\"obdobie p\u00e1renia \u017eiab, obnova mokrad\u00ed BROZ\" title=\"167033281_10158353805866267_8446508696492619370_n\" width=\"768\" height=\"576\"  \/><\/a>\n\t<\/div>\n<\/div>\n\n\n<div class=\"post-entry-content\">\n\n\t<h3 class=\"entry-title\">\n\t\t<a href=\"https:\/\/broz.sk\/en\/pozvanka-na-zabi-koncert\/\" title=\"Invitation to a frog concert\" rel=\"bookmark\">Invitation to a frog concert<\/a>\n\t<\/h3>\n\n\t<div class=\"entry-meta\"><a href=\"https:\/\/broz.sk\/en\/2021\/03\/31\/\" title=\"12:10\" class=\"data-link\" rel=\"bookmark\"><time class=\"entry-date updated\" datetime=\"2021-03-31T12:10:57+02:00\">31. March 2021<\/time><\/a><\/div>\n\t<div class=\"entry-excerpt\"><p>Did you know that rivers and wetlands are considered one of the richest ecosystems in terms of diversity of life? During the last century, however, almost 90% of them have been lost due to human intervention, which is also related to the decline of frogs. In the past, therefore, &#8220;frog concerts&#8221; during the spring were a common part of the stay in nature, now it is increasingly rare to find places where we can enjoy them.<\/p>\n<\/div>\n\t\n<a href=\"https:\/\/broz.sk\/en\/pozvanka-na-zabi-koncert\/\" class=\"post-details details-type-link\" aria-label=\"Read more about Invitation to a frog concert\">Read more<i class=\"dt-icon-the7-arrow-03\" aria-hidden=\"true\"><\/i><\/a>\n\n<\/div><\/article><article class=\"post project-odd hidden post-16386 type-post status-publish format-standard has-post-thumbnail hentry category-protection-of-habitats pmpro-has-access category-31 description-off\" data-name=\"We continue this season with grazing in Bod\u00edky\" data-date=\"2021-03-15T14:12:49+01:00\">\n\n<div class=\"post-thumbnail-wrap\">\n\t<div class=\"post-thumbnail\">\n\n\t\t\n\t\t\n\t\t<a href=\"https:\/\/broz.sk\/en\/aj-tuto-sezonu-pokracujeme-s-pastvou-v-bodikoch\/\" class=\"post-thumbnail-rollover layzr-bg layzr-bg\" ><img decoding=\"async\" class=\"blog-thumb-lazy-load preload-me lazy-load aspect\" src=\"data:image\/svg+xml,%3Csvg%20xmlns%3D&#39;http%3A%2F%2Fwww.w3.org%2F2000%2Fsvg&#39;%20viewBox%3D&#39;0%200%20768%20576&#39;%2F%3E\" data-src=\"https:\/\/broz.sk\/wp-content\/uploads\/2021\/08\/6T8A0366-768x576.jpg\" data-srcset=\"https:\/\/broz.sk\/wp-content\/uploads\/2021\/08\/6T8A0366-768x576.jpg 768w, https:\/\/broz.sk\/wp-content\/uploads\/2021\/08\/6T8A0366-1306x979.jpg 1306w\" loading=\"eager\" style=\"--ratio: 768 \/ 576\" sizes=\"(max-width: 768px) 100vw, 768px\" alt=\"\" title=\"6T8A0366\" width=\"768\" height=\"576\"  \/><\/a>\n\t<\/div>\n<\/div>\n\n\n<div class=\"post-entry-content\">\n\n\t<h3 class=\"entry-title\">\n\t\t<a href=\"https:\/\/broz.sk\/en\/aj-tuto-sezonu-pokracujeme-s-pastvou-v-bodikoch\/\" title=\"We continue this season with grazing in Bod\u00edky\" rel=\"bookmark\">We continue this season with grazing in Bod\u00edky<\/a>\n\t<\/h3>\n\n\t<div class=\"entry-meta\"><a href=\"https:\/\/broz.sk\/en\/2021\/03\/15\/\" title=\"14:12\" class=\"data-link\" rel=\"bookmark\"><time class=\"entry-date updated\" datetime=\"2021-03-15T14:12:49+01:00\">15. March 2021<\/time><\/a><\/div>\n\t<div class=\"entry-excerpt\"><p>In the area of the Inland Danube Delta in the cadastre of the village of Bod\u00edky, in 2020 we expanded the grazing of cows on floodplain meadows by approximately 8 ha. In order to support biodiversity, in addition to grazing on the site, we cut head willows.<\/p>\n<\/div>\n\t\n<a href=\"https:\/\/broz.sk\/en\/aj-tuto-sezonu-pokracujeme-s-pastvou-v-bodikoch\/\" class=\"post-details details-type-link\" aria-label=\"Read more about We continue this season with grazing in Bod\u00edky\">Read more<i class=\"dt-icon-the7-arrow-03\" aria-hidden=\"true\"><\/i><\/a>\n\n<\/div><\/article><article class=\"post project-odd hidden post-18528 type-post status-publish format-standard has-post-thumbnail hentry category-protection-of-habitats category-uncategorized tag-sub-pannonic-en pmpro-has-access category-31 category-22 description-off\" data-name=\"Early spring conservation management in Drie\u0148ov\u00e9\" data-date=\"2021-02-27T12:55:21+01:00\">\n\n<div class=\"post-thumbnail-wrap\">\n\t<div class=\"post-thumbnail\">\n\n\t\t\n\t\t\n\t\t<a href=\"https:\/\/broz.sk\/en\/early-spring-conservation-management-in-drienove\/\" class=\"post-thumbnail-rollover layzr-bg layzr-bg\" ><img decoding=\"async\" class=\"blog-thumb-lazy-load preload-me lazy-load aspect\" src=\"data:image\/svg+xml,%3Csvg%20xmlns%3D&#39;http%3A%2F%2Fwww.w3.org%2F2000%2Fsvg&#39;%20viewBox%3D&#39;0%200%20768%20576&#39;%2F%3E\" data-src=\"https:\/\/broz.sk\/wp-content\/uploads\/2022\/03\/Obrazok3-6-768x576.jpg\" data-srcset=\"https:\/\/broz.sk\/wp-content\/uploads\/2022\/03\/Obrazok3-6-768x576.jpg 768w, https:\/\/broz.sk\/wp-content\/uploads\/2022\/03\/Obrazok3-6-1227x920.jpg 1227w\" loading=\"eager\" style=\"--ratio: 768 \/ 576\" sizes=\"(max-width: 768px) 100vw, 768px\" alt=\"Dobrovo\u013en\u00edci\" title=\"Obr\u00e1zok3\" width=\"768\" height=\"576\"  \/><\/a>\n\t<\/div>\n<\/div>\n\n\n<div class=\"post-entry-content\">\n\n\t<h3 class=\"entry-title\">\n\t\t<a href=\"https:\/\/broz.sk\/en\/early-spring-conservation-management-in-drienove\/\" title=\"Early spring conservation management in Drie\u0148ov\u00e9\" rel=\"bookmark\">Early spring conservation management in Drie\u0148ov\u00e9<\/a>\n\t<\/h3>\n\n\t<div class=\"entry-meta\"><a href=\"https:\/\/broz.sk\/en\/2021\/02\/27\/\" title=\"12:55\" class=\"data-link\" rel=\"bookmark\"><time class=\"entry-date updated\" datetime=\"2021-02-27T12:55:21+01:00\">27. February 2021<\/time><\/a><\/div>\n\t<div class=\"entry-excerpt\"><p>At the end of February, we helped nature in Protected Landscape Area Cerov\u00e1 vrchovina. We met with employees of the Administration of Protected Landscape Area Cerov\u00e1 Vrchovina, local rangers and volunteers.<\/p>\n<\/div>\n\t\n<a href=\"https:\/\/broz.sk\/en\/early-spring-conservation-management-in-drienove\/\" class=\"post-details details-type-link\" aria-label=\"Read more about Early spring conservation management in Drie\u0148ov\u00e9\">Read more<i class=\"dt-icon-the7-arrow-03\" aria-hidden=\"true\"><\/i><\/a>\n\n<\/div><\/article><article class=\"post project-odd hidden post-14915 type-post status-publish format-standard has-post-thumbnail hentry category-protection-of-habitats pmpro-has-access category-31 description-off\" data-name=\"By Minibus to Microtus\" data-date=\"2021-02-22T13:49:47+01:00\">\n\n<div class=\"post-thumbnail-wrap\">\n\t<div class=\"post-thumbnail\">\n\n\t\t\n\t\t\n\t\t<a href=\"https:\/\/broz.sk\/en\/by-minibus-to-microtus\/\" class=\"post-thumbnail-rollover layzr-bg layzr-bg\" ><img decoding=\"async\" class=\"blog-thumb-lazy-load preload-me lazy-load aspect\" src=\"data:image\/svg+xml,%3Csvg%20xmlns%3D&#39;http%3A%2F%2Fwww.w3.org%2F2000%2Fsvg&#39;%20viewBox%3D&#39;0%200%20768%20576&#39;%2F%3E\" data-src=\"https:\/\/broz.sk\/wp-content\/uploads\/2021\/02\/mic_bus2-scaled-768x576.jpg\" data-srcset=\"https:\/\/broz.sk\/wp-content\/uploads\/2021\/02\/mic_bus2-scaled-768x576.jpg 768w, https:\/\/broz.sk\/wp-content\/uploads\/2021\/02\/mic_bus2-scaled-1306x979.jpg 1306w\" loading=\"eager\" style=\"--ratio: 768 \/ 576\" sizes=\"(max-width: 768px) 100vw, 768px\" alt=\"Pojazdn\u00e9 laborat\u00f3riu na vzdel\u00e1vanie o hrabo\u0161ovi severskom pan\u00f3nskom\" title=\"mic_bus2\" width=\"768\" height=\"576\"  \/><\/a>\n\t<\/div>\n<\/div>\n\n\n<div class=\"post-entry-content\">\n\n\t<h3 class=\"entry-title\">\n\t\t<a href=\"https:\/\/broz.sk\/en\/by-minibus-to-microtus\/\" title=\"By Minibus to Microtus\" rel=\"bookmark\">By Minibus to Microtus<\/a>\n\t<\/h3>\n\n\t<div class=\"entry-meta\"><a href=\"https:\/\/broz.sk\/en\/2021\/02\/22\/\" title=\"13:49\" class=\"data-link\" rel=\"bookmark\"><time class=\"entry-date updated\" datetime=\"2021-02-22T13:49:47+01:00\">22. February 2021<\/time><\/a><\/div>\n\t<div class=\"entry-excerpt\"><p>Our Hungarian project partner, Pisztr\u00e1ng K\u00f6r, obtained a\u00a0minibus, so called<br \/>\nMicrotus Minibus, for the purposes of this project.<\/p>\n<\/div>\n\t\n<a href=\"https:\/\/broz.sk\/en\/by-minibus-to-microtus\/\" class=\"post-details details-type-link\" aria-label=\"Read more about By Minibus to Microtus\">Read more<i class=\"dt-icon-the7-arrow-03\" aria-hidden=\"true\"><\/i><\/a>\n\n<\/div><\/article><article class=\"post project-odd hidden post-14776 type-post status-publish format-standard has-post-thumbnail hentry category-protection-of-habitats pmpro-has-access category-31 description-off\" data-name=\"Denn\u00edk N writes about our Ground Squirrel project\" data-date=\"2021-02-22T12:18:04+01:00\">\n\n<div class=\"post-thumbnail-wrap\">\n\t<div class=\"post-thumbnail\">\n\n\t\t\n\t\t\n\t\t<a href=\"https:\/\/broz.sk\/en\/dennik-n-writes-about-our-ground-squirrel-project\/\" class=\"post-thumbnail-rollover layzr-bg layzr-bg\" ><img decoding=\"async\" class=\"blog-thumb-lazy-load preload-me lazy-load aspect\" src=\"data:image\/svg+xml,%3Csvg%20xmlns%3D&#39;http%3A%2F%2Fwww.w3.org%2F2000%2Fsvg&#39;%20viewBox%3D&#39;0%200%20768%20576&#39;%2F%3E\" data-src=\"https:\/\/broz.sk\/wp-content\/uploads\/2020\/12\/IMG_0561-980x1334-1-768x576.jpg\" data-srcset=\"https:\/\/broz.sk\/wp-content\/uploads\/2020\/12\/IMG_0561-980x1334-1-768x576.jpg 768w, https:\/\/broz.sk\/wp-content\/uploads\/2020\/12\/IMG_0561-980x1334-1-980x734.jpg 980w\" loading=\"eager\" style=\"--ratio: 768 \/ 576\" sizes=\"(max-width: 768px) 100vw, 768px\" alt=\"\" title=\"IMG_0561-980&#215;1334\" width=\"768\" height=\"576\"  \/><\/a>\n\t<\/div>\n<\/div>\n\n\n<div class=\"post-entry-content\">\n\n\t<h3 class=\"entry-title\">\n\t\t<a href=\"https:\/\/broz.sk\/en\/dennik-n-writes-about-our-ground-squirrel-project\/\" title=\"Denn\u00edk N writes about our Ground Squirrel project\" rel=\"bookmark\">Denn\u00edk N writes about our Ground Squirrel project<\/a>\n\t<\/h3>\n\n\t<div class=\"entry-meta\"><a href=\"https:\/\/broz.sk\/en\/2021\/02\/22\/\" title=\"12:18\" class=\"data-link\" rel=\"bookmark\"><time class=\"entry-date updated\" datetime=\"2021-02-22T12:18:04+01:00\">22. February 2021<\/time><\/a><\/div>\n\t<div class=\"entry-excerpt\"><p>You can find out about the state of grazing ground squirrel populations in Slovakia, what their needs are and what threatens their ground squirrels in an article in Denn\u00edk N. The article was illustrated by Monika Pascoe Miky\u0161kov\u00e1.<\/p>\n<\/div>\n\t\n<a href=\"https:\/\/broz.sk\/en\/dennik-n-writes-about-our-ground-squirrel-project\/\" class=\"post-details details-type-link\" aria-label=\"Read more about Denn\u00edk N writes about our Ground Squirrel project\">Read more<i class=\"dt-icon-the7-arrow-03\" aria-hidden=\"true\"><\/i><\/a>\n\n<\/div><\/article><article class=\"post project-odd hidden post-14769 type-post status-publish format-standard has-post-thumbnail hentry category-protection-of-species pmpro-has-access category-30 description-off\" data-name=\"Project LIFE Syse\u013e for the conservation of the Ground squirrel can begin!\" data-date=\"2021-02-22T12:12:14+01:00\">\n\n<div class=\"post-thumbnail-wrap\">\n\t<div class=\"post-thumbnail\">\n\n\t\t\n\t\t\n\t\t<a href=\"https:\/\/broz.sk\/en\/project-life-sysel-for-the-conservation-of-the-ground-squirrel-can-begin\/\" class=\"post-thumbnail-rollover layzr-bg layzr-bg\" ><img decoding=\"async\" class=\"blog-thumb-lazy-load preload-me lazy-load aspect\" src=\"data:image\/svg+xml,%3Csvg%20xmlns%3D&#39;http%3A%2F%2Fwww.w3.org%2F2000%2Fsvg&#39;%20viewBox%3D&#39;0%200%20768%20576&#39;%2F%3E\" data-src=\"https:\/\/broz.sk\/wp-content\/uploads\/2020\/08\/00003foto-brano-molnar--scaled-768x576.jpg\" data-srcset=\"https:\/\/broz.sk\/wp-content\/uploads\/2020\/08\/00003foto-brano-molnar--scaled-768x576.jpg 768w, https:\/\/broz.sk\/wp-content\/uploads\/2020\/08\/00003foto-brano-molnar--scaled-1306x979.jpg 1306w\" loading=\"eager\" style=\"--ratio: 768 \/ 576\" sizes=\"(max-width: 768px) 100vw, 768px\" alt=\"\" title=\"00003foto brano molnar\" width=\"768\" height=\"576\"  \/><\/a>\n\t<\/div>\n<\/div>\n\n\n<div class=\"post-entry-content\">\n\n\t<h3 class=\"entry-title\">\n\t\t<a href=\"https:\/\/broz.sk\/en\/project-life-sysel-for-the-conservation-of-the-ground-squirrel-can-begin\/\" title=\"Project LIFE Syse\u013e for the conservation of the Ground squirrel can begin!\" rel=\"bookmark\">Project LIFE Syse\u013e for the conservation of the Ground squirrel can begin!<\/a>\n\t<\/h3>\n\n\t<div class=\"entry-meta\"><a href=\"https:\/\/broz.sk\/en\/2021\/02\/22\/\" title=\"12:12\" class=\"data-link\" rel=\"bookmark\"><time class=\"entry-date updated\" datetime=\"2021-02-22T12:12:14+01:00\">22. February 2021<\/time><\/a><\/div>\n\t<div class=\"entry-excerpt\"><p>This September BROZ is starting two new projects which have been approvedby the European Comminison. Both LIFE projects aim to protect endangered species and restore their habitats. One of these projects will be dedicated to conserving the European ground squirrel which, a once common species which is now endangered due to habitat loss. <\/p>\n<\/div>\n\t\n<a href=\"https:\/\/broz.sk\/en\/project-life-sysel-for-the-conservation-of-the-ground-squirrel-can-begin\/\" class=\"post-details details-type-link\" aria-label=\"Read more about Project LIFE Syse\u013e for the conservation of the Ground squirrel can begin!\">Read more<i class=\"dt-icon-the7-arrow-03\" aria-hidden=\"true\"><\/i><\/a>\n\n<\/div><\/article><article class=\"post project-odd hidden post-14766 type-post status-publish format-standard has-post-thumbnail hentry category-protection-of-habitats category-protection-of-species tag-ground-squirrel pmpro-has-access category-31 category-30 description-off\" data-name=\"Grazers return to Tisovsk\u00fd kras to protect the ground squirrel\" data-date=\"2021-02-22T12:02:22+01:00\">\n\n<div class=\"post-thumbnail-wrap\">\n\t<div class=\"post-thumbnail\">\n\n\t\t\n\t\t\n\t\t<a href=\"https:\/\/broz.sk\/en\/grazers-return-to-tisovsky-kras-to-protect-the-ground-squirrel\/\" class=\"post-thumbnail-rollover layzr-bg layzr-bg\" ><img decoding=\"async\" class=\"blog-thumb-lazy-load preload-me lazy-load aspect\" src=\"data:image\/svg+xml,%3Csvg%20xmlns%3D&#39;http%3A%2F%2Fwww.w3.org%2F2000%2Fsvg&#39;%20viewBox%3D&#39;0%200%20768%20576&#39;%2F%3E\" data-src=\"https:\/\/broz.sk\/wp-content\/uploads\/2020\/12\/125113705_10157668368810448_7675981568589977527_o-768x576.jpg\" data-srcset=\"https:\/\/broz.sk\/wp-content\/uploads\/2020\/12\/125113705_10157668368810448_7675981568589977527_o-768x576.jpg 768w, https:\/\/broz.sk\/wp-content\/uploads\/2020\/12\/125113705_10157668368810448_7675981568589977527_o-1306x979.jpg 1306w\" loading=\"eager\" style=\"--ratio: 768 \/ 576\" sizes=\"(max-width: 768px) 100vw, 768px\" alt=\"Obnoven\u00e1 pastva pre sys\u013ea v Tisovskom krase\" title=\"125113705_10157668368810448_7675981568589977527_o\" width=\"768\" height=\"576\"  \/><\/a>\n\t<\/div>\n<\/div>\n\n\n<div class=\"post-entry-content\">\n\n\t<h3 class=\"entry-title\">\n\t\t<a href=\"https:\/\/broz.sk\/en\/grazers-return-to-tisovsky-kras-to-protect-the-ground-squirrel\/\" title=\"Grazers return to Tisovsk\u00fd kras to protect the ground squirrel\" rel=\"bookmark\">Grazers return to Tisovsk\u00fd kras to protect the ground squirrel<\/a>\n\t<\/h3>\n\n\t<div class=\"entry-meta\"><a href=\"https:\/\/broz.sk\/en\/2021\/02\/22\/\" title=\"12:02\" class=\"data-link\" rel=\"bookmark\"><time class=\"entry-date updated\" datetime=\"2021-02-22T12:02:22+01:00\">22. February 2021<\/time><\/a><\/div>\n\t<div class=\"entry-excerpt\"><p>BROZ in cooperation with the local cooperative has begun to graze livestock on 18 hectare of land in Tisovsk\u00fd kras where the ground squirrel population has been on the decline due to inapopriate land management.<\/p>\n<\/div>\n\t\n<a href=\"https:\/\/broz.sk\/en\/grazers-return-to-tisovsky-kras-to-protect-the-ground-squirrel\/\" class=\"post-details details-type-link\" aria-label=\"Read more about Grazers return to Tisovsk\u00fd kras to protect the ground squirrel\">Read more<i class=\"dt-icon-the7-arrow-03\" aria-hidden=\"true\"><\/i><\/a>\n\n<\/div><\/article><article class=\"post project-odd hidden post-14918 type-post status-publish format-standard has-post-thumbnail hentry category-protection-of-species pmpro-has-access category-30 description-off\" data-name=\"Searching for Root Vole Biocorridors\" data-date=\"2021-02-18T13:59:41+01:00\">\n\n<div class=\"post-thumbnail-wrap\">\n\t<div class=\"post-thumbnail\">\n\n\t\t\n\t\t\n\t\t<a href=\"https:\/\/broz.sk\/en\/searching-for-root-vole-biocorridors\/\" class=\"post-thumbnail-rollover layzr-bg layzr-bg\" ><img decoding=\"async\" class=\"blog-thumb-lazy-load preload-me lazy-load aspect\" src=\"data:image\/svg+xml,%3Csvg%20xmlns%3D&#39;http%3A%2F%2Fwww.w3.org%2F2000%2Fsvg&#39;%20viewBox%3D&#39;0%200%20768%20576&#39;%2F%3E\" data-src=\"https:\/\/broz.sk\/wp-content\/uploads\/2021\/02\/DJI_0669-scaled-768x576.jpg\" data-srcset=\"https:\/\/broz.sk\/wp-content\/uploads\/2021\/02\/DJI_0669-scaled-768x576.jpg 768w, https:\/\/broz.sk\/wp-content\/uploads\/2021\/02\/DJI_0669-scaled-1306x979.jpg 1306w\" loading=\"eager\" style=\"--ratio: 768 \/ 576\" sizes=\"(max-width: 768px) 100vw, 768px\" alt=\"biokoridor, ktor\u00fd vyu\u017e\u00edva hrabo\u0161 seversk\u00fd pan\u00f3nsky\" title=\"DCIM100MEDIADJI_0669.JPG\" width=\"768\" height=\"576\"  \/><\/a>\n\t<\/div>\n<\/div>\n\n\n<div class=\"post-entry-content\">\n\n\t<h3 class=\"entry-title\">\n\t\t<a href=\"https:\/\/broz.sk\/en\/searching-for-root-vole-biocorridors\/\" title=\"Searching for Root Vole Biocorridors\" rel=\"bookmark\">Searching for Root Vole Biocorridors<\/a>\n\t<\/h3>\n\n\t<div class=\"entry-meta\"><a href=\"https:\/\/broz.sk\/en\/2021\/02\/18\/\" title=\"13:59\" class=\"data-link\" rel=\"bookmark\"><time class=\"entry-date updated\" datetime=\"2021-02-18T13:59:41+01:00\">18. February 2021<\/time><\/a><\/div>\n\t<div class=\"entry-excerpt\"><p>Since the beginning of the year, we launched a regular field monitoring of potential biocorridors \u2013 \u201ehighways\u201c for the root vole together with the project partners, the Faculty of Natural Sciences of the Comenius University in Bratislava and the State Nature Conservancy of the Slovak Republic. <\/p>\n<\/div>\n\t\n<a href=\"https:\/\/broz.sk\/en\/searching-for-root-vole-biocorridors\/\" class=\"post-details details-type-link\" aria-label=\"Read more about Searching for Root Vole Biocorridors\">Read more<i class=\"dt-icon-the7-arrow-03\" aria-hidden=\"true\"><\/i><\/a>\n\n<\/div><\/article><article class=\"post project-odd hidden post-16381 type-post status-publish format-standard has-post-thumbnail hentry category-protection-of-habitats pmpro-has-access category-31 description-off\" data-name=\"To Velk\u00fd L\u00e9l Island only in rubber boots\" data-date=\"2021-02-05T12:22:11+01:00\">\n\n<div class=\"post-thumbnail-wrap\">\n\t<div class=\"post-thumbnail\">\n\n\t\t\n\t\t\n\t\t<a href=\"https:\/\/broz.sk\/en\/na-velkolelsky-ostrov-len-v-gumakoch\/\" class=\"post-thumbnail-rollover layzr-bg layzr-bg\" ><img decoding=\"async\" class=\"blog-thumb-lazy-load preload-me lazy-load aspect\" src=\"data:image\/svg+xml,%3Csvg%20xmlns%3D&#39;http%3A%2F%2Fwww.w3.org%2F2000%2Fsvg&#39;%20viewBox%3D&#39;0%200%20768%20576&#39;%2F%3E\" data-src=\"https:\/\/broz.sk\/wp-content\/uploads\/2021\/03\/146199813_180259450097023_9095440529054474589_n-768x576.jpg\" data-srcset=\"https:\/\/broz.sk\/wp-content\/uploads\/2021\/03\/146199813_180259450097023_9095440529054474589_n-768x576.jpg 768w, https:\/\/broz.sk\/wp-content\/uploads\/2021\/03\/146199813_180259450097023_9095440529054474589_n.jpg 960w\" loading=\"eager\" style=\"--ratio: 768 \/ 576\" sizes=\"(max-width: 768px) 100vw, 768px\" alt=\"mokra\u010f na Ve\u013ekol\u00e9lskom ostrove\" title=\"146199813_180259450097023_9095440529054474589_n\" width=\"768\" height=\"576\"  \/><\/a>\n\t<\/div>\n<\/div>\n\n\n<div class=\"post-entry-content\">\n\n\t<h3 class=\"entry-title\">\n\t\t<a href=\"https:\/\/broz.sk\/en\/na-velkolelsky-ostrov-len-v-gumakoch\/\" title=\"To Velk\u00fd L\u00e9l Island only in rubber boots\" rel=\"bookmark\">To Velk\u00fd L\u00e9l Island only in rubber boots<\/a>\n\t<\/h3>\n\n\t<div class=\"entry-meta\"><a href=\"https:\/\/broz.sk\/en\/2021\/02\/05\/\" title=\"12:22\" class=\"data-link\" rel=\"bookmark\"><time class=\"entry-date updated\" datetime=\"2021-02-05T12:22:11+01:00\">5. February 2021<\/time><\/a><\/div>\n\t<div class=\"entry-excerpt\"><p>Currently, the wetlands on Velk\u00fd L\u00e9l Island are full of water.<br \/>\nA few years ago, we did such a thing &#8211; we changed the slope of the bottom in the drainage channel. It was a canal designed to drain water from Velk\u00fd L\u00e9l Island. It was built in the past so that the water from the island flowed away after the floods sooner and people could use the meadows for grazing cattle as soon as possible.<\/p>\n<\/div>\n\t\n<a href=\"https:\/\/broz.sk\/en\/na-velkolelsky-ostrov-len-v-gumakoch\/\" class=\"post-details details-type-link\" aria-label=\"Read more about To Velk\u00fd L\u00e9l Island only in rubber boots\">Read more<i class=\"dt-icon-the7-arrow-03\" aria-hidden=\"true\"><\/i><\/a>\n\n<\/div><\/article><article class=\"post project-odd hidden post-14592 type-post status-publish format-standard has-post-thumbnail hentry category-protection-of-habitats tag-mokrade-en tag-beesandfish-en pmpro-has-access category-31 description-off\" data-name=\"Restoration of wetlands near the village Kl\u00ed\u017eska Nem\u00e1 as a celebration of half a century since the signing of the Ramsar Convention\" data-date=\"2021-02-02T09:00:08+01:00\">\n\n<div class=\"post-thumbnail-wrap\">\n\t<div class=\"post-thumbnail\">\n\n\t\t\n\t\t\n\t\t<a href=\"https:\/\/broz.sk\/en\/broz-obnovuje-mokrade-klizska-nema\/\" class=\"post-thumbnail-rollover layzr-bg layzr-bg\" ><img decoding=\"async\" class=\"blog-thumb-lazy-load preload-me lazy-load aspect\" src=\"data:image\/svg+xml,%3Csvg%20xmlns%3D&#39;http%3A%2F%2Fwww.w3.org%2F2000%2Fsvg&#39;%20viewBox%3D&#39;0%200%20768%20576&#39;%2F%3E\" data-src=\"https:\/\/broz.sk\/wp-content\/uploads\/2021\/02\/DJI_0600-min-scaled-768x576.jpg\" data-srcset=\"https:\/\/broz.sk\/wp-content\/uploads\/2021\/02\/DJI_0600-min-scaled-768x576.jpg 768w, https:\/\/broz.sk\/wp-content\/uploads\/2021\/02\/DJI_0600-min-scaled-1306x979.jpg 1306w\" loading=\"eager\" style=\"--ratio: 768 \/ 576\" sizes=\"(max-width: 768px) 100vw, 768px\" alt=\"Prebiehaj\u00face pr\u00e1ce v r\u00e1mci projektu LIFE BeeSandFish\" title=\"DJI_0600-min\" width=\"768\" height=\"576\"  \/><\/a>\n\t<\/div>\n<\/div>\n\n\n<div class=\"post-entry-content\">\n\n\t<h3 class=\"entry-title\">\n\t\t<a href=\"https:\/\/broz.sk\/en\/broz-obnovuje-mokrade-klizska-nema\/\" title=\"Restoration of wetlands near the village Kl\u00ed\u017eska Nem\u00e1 as a celebration of half a century since the signing of the Ramsar Convention\" rel=\"bookmark\">Restoration of wetlands near the village Kl\u00ed\u017eska Nem\u00e1 as a celebration of half a century since the signing of the Ramsar Convention<\/a>\n\t<\/h3>\n\n\t<div class=\"entry-meta\"><a href=\"https:\/\/broz.sk\/en\/2021\/02\/02\/\" title=\"9:00\" class=\"data-link\" rel=\"bookmark\"><time class=\"entry-date updated\" datetime=\"2021-02-02T09:00:08+01:00\">2. February 2021<\/time><\/a><\/div>\n\t<div class=\"entry-excerpt\"><p>Every year, on February 2, we celebrate World Wetlands Day.<br \/>\nThis year, BROZ is celebrating World Wetlands Day with active work on their revitalization &#8211; landscaping is currently underway for an extensive renewal of the dynamic water regime of wetlands near the village Kl\u00ed\u017eska Nem\u00e1. <\/p>\n<\/div>\n\t\n<a href=\"https:\/\/broz.sk\/en\/broz-obnovuje-mokrade-klizska-nema\/\" class=\"post-details details-type-link\" aria-label=\"Read more about Restoration of wetlands near the village Kl\u00ed\u017eska Nem\u00e1 as a celebration of half a century since the signing of the Ramsar Convention\">Read more<i class=\"dt-icon-the7-arrow-03\" aria-hidden=\"true\"><\/i><\/a>\n\n<\/div><\/article><article class=\"post project-odd hidden post-16368 type-post status-publish format-standard has-post-thumbnail hentry category-protection-of-habitats pmpro-has-access category-31 description-off\" data-name=\"We are discussing the petition for the rescue of the Inland Danube Delta\" data-date=\"2020-12-11T15:33:05+01:00\">\n\n<div class=\"post-thumbnail-wrap\">\n\t<div class=\"post-thumbnail\">\n\n\t\t\n\t\t\n\t\t<a href=\"https:\/\/broz.sk\/en\/rokujeme-o-peticii-za-zachranu-vnutrozemskej-delty-dunaja\/\" class=\"post-thumbnail-rollover layzr-bg layzr-bg\" ><img decoding=\"async\" class=\"blog-thumb-lazy-load preload-me lazy-load aspect\" src=\"data:image\/svg+xml,%3Csvg%20xmlns%3D&#39;http%3A%2F%2Fwww.w3.org%2F2000%2Fsvg&#39;%20viewBox%3D&#39;0%200%20768%20576&#39;%2F%3E\" data-src=\"https:\/\/broz.sk\/wp-content\/uploads\/2021\/03\/call_MP-768x576.jpg\" data-srcset=\"https:\/\/broz.sk\/wp-content\/uploads\/2021\/03\/call_MP-768x576.jpg 768w, https:\/\/broz.sk\/wp-content\/uploads\/2021\/03\/call_MP-977x733.jpg 977w\" loading=\"eager\" style=\"--ratio: 768 \/ 576\" sizes=\"(max-width: 768px) 100vw, 768px\" alt=\"rokovania k Vn\u00fatrozemskej delte Dunaja\" title=\"call_MP\" width=\"768\" height=\"576\"  \/><\/a>\n\t<\/div>\n<\/div>\n\n\n<div class=\"post-entry-content\">\n\n\t<h3 class=\"entry-title\">\n\t\t<a href=\"https:\/\/broz.sk\/en\/rokujeme-o-peticii-za-zachranu-vnutrozemskej-delty-dunaja\/\" title=\"We are discussing the petition for the rescue of the Inland Danube Delta\" rel=\"bookmark\">We are discussing the petition for the rescue of the Inland Danube Delta<\/a>\n\t<\/h3>\n\n\t<div class=\"entry-meta\"><a href=\"https:\/\/broz.sk\/en\/2020\/12\/11\/\" title=\"15:33\" class=\"data-link\" rel=\"bookmark\"><time class=\"entry-date updated\" datetime=\"2020-12-11T15:33:05+01:00\">11. December 2020<\/time><\/a><\/div>\n\t<div class=\"entry-excerpt\"><p>The petition for the rescue of the Inland Danube Delta, signed by 11,603 people, serves as a basis for negotiations with the Water Management Enterprise and the Ministry of the Environment. We aim to increase the amount of water that flows in the Inland Danube Delta.<\/p>\n<\/div>\n\t\n<a href=\"https:\/\/broz.sk\/en\/rokujeme-o-peticii-za-zachranu-vnutrozemskej-delty-dunaja\/\" class=\"post-details details-type-link\" aria-label=\"Read more about We are discussing the petition for the rescue of the Inland Danube Delta\">Read more<i class=\"dt-icon-the7-arrow-03\" aria-hidden=\"true\"><\/i><\/a>\n\n<\/div><\/article><article class=\"post project-odd hidden post-13838 type-post status-publish format-standard has-post-thumbnail hentry category-protection-of-habitats pmpro-has-access category-31 description-off\" data-name=\"We also carried out volunteer work on the Ve\u013ek\u00fd kopec next to Kr\u00e1\u013eovsk\u00fd Chlmec\" data-date=\"2020-11-16T17:44:21+01:00\">\n\n<div class=\"post-thumbnail-wrap\">\n\t<div class=\"post-thumbnail\">\n\n\t\t\n\t\t\n\t\t<a href=\"https:\/\/broz.sk\/en\/dobrovolnicilo-sa-aj-na-velkom-kopci-pri-kralovskom-chlmci\/\" class=\"post-thumbnail-rollover layzr-bg layzr-bg\" ><img decoding=\"async\" class=\"blog-thumb-lazy-load preload-me lazy-load aspect\" src=\"data:image\/svg+xml,%3Csvg%20xmlns%3D&#39;http%3A%2F%2Fwww.w3.org%2F2000%2Fsvg&#39;%20viewBox%3D&#39;0%200%20768%20576&#39;%2F%3E\" data-src=\"https:\/\/broz.sk\/wp-content\/uploads\/2020\/12\/126109231_10157682227420448_445934997070504615_n-768x576.jpg\" data-srcset=\"https:\/\/broz.sk\/wp-content\/uploads\/2020\/12\/126109231_10157682227420448_445934997070504615_n-768x576.jpg 768w, https:\/\/broz.sk\/wp-content\/uploads\/2020\/12\/126109231_10157682227420448_445934997070504615_n.jpg 912w\" loading=\"eager\" style=\"--ratio: 768 \/ 576\" sizes=\"(max-width: 768px) 100vw, 768px\" alt=\"Dobrovo\u013en\u00edci pom\u00e1haj\u00fa pr\u00edrode na lokalite Ve\u013ek\u00fd Kopec\" title=\"126109231_10157682227420448_445934997070504615_n\" width=\"768\" height=\"576\"  \/><\/a>\n\t<\/div>\n<\/div>\n\n\n<div class=\"post-entry-content\">\n\n\t<h3 class=\"entry-title\">\n\t\t<a href=\"https:\/\/broz.sk\/en\/dobrovolnicilo-sa-aj-na-velkom-kopci-pri-kralovskom-chlmci\/\" title=\"We also carried out volunteer work on the Ve\u013ek\u00fd kopec next to Kr\u00e1\u013eovsk\u00fd Chlmec\" rel=\"bookmark\">We also carried out volunteer work on the Ve\u013ek\u00fd kopec next to Kr\u00e1\u013eovsk\u00fd Chlmec<\/a>\n\t<\/h3>\n\n\t<div class=\"entry-meta\"><a href=\"https:\/\/broz.sk\/en\/2020\/11\/16\/\" title=\"17:44\" class=\"data-link\" rel=\"bookmark\"><time class=\"entry-date updated\" datetime=\"2020-11-16T17:44:21+01:00\">16. November 2020<\/time><\/a><\/div>\n\t<div class=\"entry-excerpt\"><p>For the second weekend, the geocachers from OZ Permon\u00edci did not resist the spell of volunteering in Tokaj area. In this time at the SCI Ve\u013ek\u00fd Kopec.<\/p>\n<p>We manually cleaned pastures densely overgrown with invasive agate and expansive woody plants. Of course, in compliance with all regulations.<\/p>\n<\/div>\n\t\n<a href=\"https:\/\/broz.sk\/en\/dobrovolnicilo-sa-aj-na-velkom-kopci-pri-kralovskom-chlmci\/\" class=\"post-details details-type-link\" aria-label=\"Read more about We also carried out volunteer work on the Ve\u013ek\u00fd kopec next to Kr\u00e1\u013eovsk\u00fd Chlmec\">Read more<i class=\"dt-icon-the7-arrow-03\" aria-hidden=\"true\"><\/i><\/a>\n\n<\/div><\/article><article class=\"post project-odd hidden post-13113 type-post status-publish format-standard has-post-thumbnail hentry category-uncategorized pmpro-has-access category-22 description-off\" data-name=\"Green alley rally &#8211; planting trees with volunteers\" data-date=\"2020-10-20T21:09:17+02:00\">\n\n<div class=\"post-thumbnail-wrap\">\n\t<div class=\"post-thumbnail\">\n\n\t\t\n\t\t\n\t\t<a href=\"https:\/\/broz.sk\/en\/stromy-do-krajiny-eu-green-week\/\" class=\"post-thumbnail-rollover layzr-bg layzr-bg\" ><img decoding=\"async\" class=\"blog-thumb-lazy-load preload-me lazy-load aspect\" src=\"data:image\/svg+xml,%3Csvg%20xmlns%3D&#39;http%3A%2F%2Fwww.w3.org%2F2000%2Fsvg&#39;%20viewBox%3D&#39;0%200%20768%20576&#39;%2F%3E\" data-src=\"https:\/\/broz.sk\/wp-content\/uploads\/2020\/11\/foto-44-768x576.jpg\" data-srcset=\"https:\/\/broz.sk\/wp-content\/uploads\/2020\/11\/foto-44-768x576.jpg 768w, https:\/\/broz.sk\/wp-content\/uploads\/2020\/11\/foto-44-889x667.jpg 889w\" loading=\"eager\" style=\"--ratio: 768 \/ 576\" sizes=\"(max-width: 768px) 100vw, 768px\" alt=\"\" title=\"foto-44\" width=\"768\" height=\"576\"  \/><\/a>\n\t<\/div>\n<\/div>\n\n\n<div class=\"post-entry-content\">\n\n\t<h3 class=\"entry-title\">\n\t\t<a href=\"https:\/\/broz.sk\/en\/stromy-do-krajiny-eu-green-week\/\" title=\"Green alley rally &#8211; planting trees with volunteers\" rel=\"bookmark\">Green alley rally &#8211; planting trees with volunteers<\/a>\n\t<\/h3>\n\n\t<div class=\"entry-meta\"><a href=\"https:\/\/broz.sk\/en\/2020\/10\/20\/\" title=\"21:09\" class=\"data-link\" rel=\"bookmark\"><time class=\"entry-date updated\" datetime=\"2020-10-20T21:09:17+02:00\">20. October 2020<\/time><\/a><\/div>\n\t<div class=\"entry-excerpt\"><p>On 17th and 18th October 2020, within the EU Green week partner event Green alley rally, we have been planting trees together with locals and volunteers from OZ Permon\u00edci. We have planted more than 70 trees in agricultural land in NATURA 2000 SPA Ostrovn\u00e9 l\u00faky.<\/p>\n<\/div>\n\t\n<a href=\"https:\/\/broz.sk\/en\/stromy-do-krajiny-eu-green-week\/\" class=\"post-details details-type-link\" aria-label=\"Read more about Green alley rally &#8211; planting trees with volunteers\">Read more<i class=\"dt-icon-the7-arrow-03\" aria-hidden=\"true\"><\/i><\/a>\n\n<\/div><\/article><article class=\"post project-odd hidden post-12753 type-post status-publish format-standard has-post-thumbnail hentry category-uncategorized pmpro-has-access category-22 description-off\" data-name=\"Monitoring bike trip around Ostrovn\u00e9 L\u00faky SPA\" data-date=\"2020-10-12T16:29:10+02:00\">\n\n<div class=\"post-thumbnail-wrap\">\n\t<div class=\"post-thumbnail\">\n\n\t\t\n\t\t\n\t\t<a href=\"https:\/\/broz.sk\/en\/cycling-around-ostrovne-luky-spa\/\" class=\"post-thumbnail-rollover layzr-bg layzr-bg\" ><img decoding=\"async\" class=\"blog-thumb-lazy-load preload-me lazy-load aspect\" src=\"data:image\/svg+xml,%3Csvg%20xmlns%3D&#39;http%3A%2F%2Fwww.w3.org%2F2000%2Fsvg&#39;%20viewBox%3D&#39;0%200%20768%20576&#39;%2F%3E\" data-src=\"https:\/\/broz.sk\/wp-content\/uploads\/2020\/10\/DSC_0453-scaled-768x576.jpg\" data-srcset=\"https:\/\/broz.sk\/wp-content\/uploads\/2020\/10\/DSC_0453-scaled-768x576.jpg 768w, https:\/\/broz.sk\/wp-content\/uploads\/2020\/10\/DSC_0453-scaled-1306x979.jpg 1306w\" loading=\"eager\" style=\"--ratio: 768 \/ 576\" sizes=\"(max-width: 768px) 100vw, 768px\" alt=\"\" title=\"DSC_0453\" width=\"768\" height=\"576\"  \/><\/a>\n\t<\/div>\n<\/div>\n\n\n<div class=\"post-entry-content\">\n\n\t<h3 class=\"entry-title\">\n\t\t<a href=\"https:\/\/broz.sk\/en\/cycling-around-ostrovne-luky-spa\/\" title=\"Monitoring bike trip around Ostrovn\u00e9 L\u00faky SPA\" rel=\"bookmark\">Monitoring bike trip around Ostrovn\u00e9 L\u00faky SPA<\/a>\n\t<\/h3>\n\n\t<div class=\"entry-meta\"><a href=\"https:\/\/broz.sk\/en\/2020\/10\/12\/\" title=\"16:29\" class=\"data-link\" rel=\"bookmark\"><time class=\"entry-date updated\" datetime=\"2020-10-12T16:29:10+02:00\">12. October 2020<\/time><\/a><\/div>\n\t<div class=\"entry-excerpt\"><p>We have decided to do this year&#8217;s monitoring of project results on bicycles! We had good fortune in the form of a beautiful indian summer and the newly restored pastures were still beautifully green. In contrast to the surrounding &#8220;naked&#8221; fields, pastures in this country seemed even more precious.<\/p>\n<\/div>\n\t\n<a href=\"https:\/\/broz.sk\/en\/cycling-around-ostrovne-luky-spa\/\" class=\"post-details details-type-link\" aria-label=\"Read more about Monitoring bike trip around Ostrovn\u00e9 L\u00faky SPA\">Read more<i class=\"dt-icon-the7-arrow-03\" aria-hidden=\"true\"><\/i><\/a>\n\n<\/div><\/article><article class=\"post project-odd hidden post-13158 type-post status-publish format-standard has-post-thumbnail hentry category-uncategorized tag-obnova-mokradi-en pmpro-has-access category-22 description-off\" data-name=\"Handover of the construction site in Kl\u00ed\u017eska Nem\u00e1 \u2013 Restoration of wetlands \u2013 Action C.4\" data-date=\"2020-10-08T16:26:57+02:00\">\n\n<div class=\"post-thumbnail-wrap\">\n\t<div class=\"post-thumbnail\">\n\n\t\t\n\t\t\n\t\t<a href=\"https:\/\/broz.sk\/en\/handover-of-the-construction-site-in-klizska-nema\/\" class=\"post-thumbnail-rollover layzr-bg layzr-bg\" ><img decoding=\"async\" class=\"blog-thumb-lazy-load preload-me lazy-load aspect\" src=\"data:image\/svg+xml,%3Csvg%20xmlns%3D&#39;http%3A%2F%2Fwww.w3.org%2F2000%2Fsvg&#39;%20viewBox%3D&#39;0%200%20768%20576&#39;%2F%3E\" data-src=\"https:\/\/broz.sk\/wp-content\/uploads\/2020\/11\/mokrad-768x576.jpg\" data-srcset=\"https:\/\/broz.sk\/wp-content\/uploads\/2020\/11\/mokrad-768x576.jpg 768w, https:\/\/broz.sk\/wp-content\/uploads\/2020\/11\/mokrad-1225x919.jpg 1225w\" loading=\"eager\" style=\"--ratio: 768 \/ 576\" sizes=\"(max-width: 768px) 100vw, 768px\" alt=\"mokra\u010f\" title=\"mokra\u010f\" width=\"768\" height=\"576\"  \/><\/a>\n\t<\/div>\n<\/div>\n\n\n<div class=\"post-entry-content\">\n\n\t<h3 class=\"entry-title\">\n\t\t<a href=\"https:\/\/broz.sk\/en\/handover-of-the-construction-site-in-klizska-nema\/\" title=\"Handover of the construction site in Kl\u00ed\u017eska Nem\u00e1 \u2013 Restoration of wetlands \u2013 Action C.4\" rel=\"bookmark\">Handover of the construction site in Kl\u00ed\u017eska Nem\u00e1 \u2013 Restoration of wetlands \u2013 Action C.4<\/a>\n\t<\/h3>\n\n\t<div class=\"entry-meta\"><a href=\"https:\/\/broz.sk\/en\/2020\/10\/08\/\" title=\"16:26\" class=\"data-link\" rel=\"bookmark\"><time class=\"entry-date updated\" datetime=\"2020-10-08T16:26:57+02:00\">8. October 2020<\/time><\/a><\/div>\n\t<div class=\"entry-excerpt\"><p>[vc_row][vc_column][vc_column_text]One of the larger actions within the BeeSandFish project has also progressed to the implementation phase. At the beginning of October, the construction site near the village of Kl\u00ed\u017eska Nem\u00e1 was handed over as part of action C.4. Restoration of food habitats for Sand Martin, King Fisher and European Bee-eater is planned here. Specifically, it&hellip;<\/p>\n<\/div>\n\t\n<a href=\"https:\/\/broz.sk\/en\/handover-of-the-construction-site-in-klizska-nema\/\" class=\"post-details details-type-link\" aria-label=\"Read more about Handover of the construction site in Kl\u00ed\u017eska Nem\u00e1 \u2013 Restoration of wetlands \u2013 Action C.4\">Read more<i class=\"dt-icon-the7-arrow-03\" aria-hidden=\"true\"><\/i><\/a>\n\n<\/div><\/article><article class=\"post project-odd hidden post-13751 type-post status-publish format-standard has-post-thumbnail hentry category-protection-of-habitats pmpro-has-access category-31 description-off\" data-name=\"Declaring Ser\u00e9nyi Cistern as National Cultural Heritage helps revive pastures in Ple\u0161ivsk\u00e1 planina\" data-date=\"2020-10-07T12:14:51+02:00\">\n\n<div class=\"post-thumbnail-wrap\">\n\t<div class=\"post-thumbnail\">\n\n\t\t\n\t\t\n\t\t<a href=\"https:\/\/broz.sk\/en\/declaration-of-serenyis-cistern-as-a-national-cultural-monument-will-help-revive-pastures-on-plesivska-planina\/\" class=\"post-thumbnail-rollover layzr-bg layzr-bg\" ><img decoding=\"async\" class=\"blog-thumb-lazy-load preload-me lazy-load aspect\" src=\"data:image\/svg+xml,%3Csvg%20xmlns%3D&#39;http%3A%2F%2Fwww.w3.org%2F2000%2Fsvg&#39;%20viewBox%3D&#39;0%200%20768%20576&#39;%2F%3E\" data-src=\"https:\/\/broz.sk\/wp-content\/uploads\/2020\/10\/sc-768x576.png\" data-srcset=\"https:\/\/broz.sk\/wp-content\/uploads\/2020\/10\/sc-768x576.png 768w, https:\/\/broz.sk\/wp-content\/uploads\/2020\/10\/sc.png 863w\" loading=\"eager\" style=\"--ratio: 768 \/ 576\" sizes=\"(max-width: 768px) 100vw, 768px\" alt=\"\" title=\"sc\" width=\"768\" height=\"576\"  \/><\/a>\n\t<\/div>\n<\/div>\n\n\n<div class=\"post-entry-content\">\n\n\t<h3 class=\"entry-title\">\n\t\t<a href=\"https:\/\/broz.sk\/en\/declaration-of-serenyis-cistern-as-a-national-cultural-monument-will-help-revive-pastures-on-plesivska-planina\/\" title=\"Declaring Ser\u00e9nyi Cistern as National Cultural Heritage helps revive pastures in Ple\u0161ivsk\u00e1 planina\" rel=\"bookmark\">Declaring Ser\u00e9nyi Cistern as National Cultural Heritage helps revive pastures in Ple\u0161ivsk\u00e1 planina<\/a>\n\t<\/h3>\n\n\t<div class=\"entry-meta\"><a href=\"https:\/\/broz.sk\/en\/2020\/10\/07\/\" title=\"12:14\" class=\"data-link\" rel=\"bookmark\"><time class=\"entry-date updated\" datetime=\"2020-10-07T12:14:51+02:00\">7. October 2020<\/time><\/a><\/div>\n\t<div class=\"entry-excerpt\"><p>Ser\u00e9nyi\u00b4s cistern on the Ple\u0161ivsk\u00e1 Planina in the Slovak Karst was built in 1913 to ensure water for grazing animals and improve grazing conditions on the plain.<br \/>\nToday, there is a lack of water for animals, because the cistern is not functional and unfortunately it no longer fulfils its role.<\/p>\n<\/div>\n\t\n<a href=\"https:\/\/broz.sk\/en\/declaration-of-serenyis-cistern-as-a-national-cultural-monument-will-help-revive-pastures-on-plesivska-planina\/\" class=\"post-details details-type-link\" aria-label=\"Read more about Declaring Ser\u00e9nyi Cistern as National Cultural Heritage helps revive pastures in Ple\u0161ivsk\u00e1 planina\">Read more<i class=\"dt-icon-the7-arrow-03\" aria-hidden=\"true\"><\/i><\/a>\n\n<\/div><\/article><article class=\"post project-odd hidden post-13138 type-post status-publish format-standard has-post-thumbnail hentry category-uncategorized tag-beesandfish-en pmpro-has-access category-22 description-off\" data-name=\"Handover of the construction site in Petr\u017ealka  \u2013 Restoration of steep river banks and nesting walls \u2013 Action C.1\" data-date=\"2020-10-02T11:52:01+02:00\">\n\n<div class=\"post-thumbnail-wrap\">\n\t<div class=\"post-thumbnail\">\n\n\t\t\n\t\t\n\t\t<a href=\"https:\/\/broz.sk\/en\/handover-of-the-construction-site-in-petrzalka\/\" class=\"post-thumbnail-rollover layzr-bg layzr-bg\" ><img decoding=\"async\" class=\"blog-thumb-lazy-load preload-me lazy-load aspect\" src=\"data:image\/svg+xml,%3Csvg%20xmlns%3D&#39;http%3A%2F%2Fwww.w3.org%2F2000%2Fsvg&#39;%20viewBox%3D&#39;0%200%20717%20537&#39;%2F%3E\" data-src=\"https:\/\/broz.sk\/wp-content\/uploads\/2020\/11\/Obrazok2.jpg\" data-srcset=\"https:\/\/broz.sk\/wp-content\/uploads\/2020\/11\/Obrazok2.jpg 717w\" loading=\"eager\" style=\"--ratio: 717 \/ 537\" sizes=\"(max-width: 717px) 100vw, 717px\" alt=\"Breh Dunaja\" title=\"Obr\u00e1zok2\" width=\"717\" height=\"537\"  \/><\/a>\n\t<\/div>\n<\/div>\n\n\n<div class=\"post-entry-content\">\n\n\t<h3 class=\"entry-title\">\n\t\t<a href=\"https:\/\/broz.sk\/en\/handover-of-the-construction-site-in-petrzalka\/\" title=\"Handover of the construction site in Petr\u017ealka  \u2013 Restoration of steep river banks and nesting walls \u2013 Action C.1\" rel=\"bookmark\">Handover of the construction site in Petr\u017ealka  \u2013 Restoration of steep river banks and nesting walls \u2013 Action C.1<\/a>\n\t<\/h3>\n\n\t<div class=\"entry-meta\"><a href=\"https:\/\/broz.sk\/en\/2020\/10\/02\/\" title=\"11:52\" class=\"data-link\" rel=\"bookmark\"><time class=\"entry-date updated\" datetime=\"2020-10-02T11:52:01+02:00\">2. October 2020<\/time><\/a><\/div>\n\t<div class=\"entry-excerpt\"><p>The construction site was officially passed to the company, which will carry out revitalization works on the restoration of the steep river bank in Petr\u017ealka \u2013 Ovsi\u0161te at the beginning of October.<\/p>\n<\/div>\n\t\n<a href=\"https:\/\/broz.sk\/en\/handover-of-the-construction-site-in-petrzalka\/\" class=\"post-details details-type-link\" aria-label=\"Read more about Handover of the construction site in Petr\u017ealka  \u2013 Restoration of steep river banks and nesting walls \u2013 Action C.1\">Read more<i class=\"dt-icon-the7-arrow-03\" aria-hidden=\"true\"><\/i><\/a>\n\n<\/div><\/article><article class=\"post project-odd hidden post-12703 type-post status-publish format-standard has-post-thumbnail hentry category-uncategorized pmpro-has-access category-22 description-off\" data-name=\"Life returns to newly established wetlands\" data-date=\"2020-09-29T16:31:59+02:00\">\n\n<div class=\"post-thumbnail-wrap\">\n\t<div class=\"post-thumbnail\">\n\n\t\t\n\t\t\n\t\t<a href=\"https:\/\/broz.sk\/en\/life-returns-to-newly-established-wetlands\/\" class=\"post-thumbnail-rollover layzr-bg layzr-bg\" ><img decoding=\"async\" class=\"blog-thumb-lazy-load preload-me lazy-load aspect\" src=\"data:image\/svg+xml,%3Csvg%20xmlns%3D&#39;http%3A%2F%2Fwww.w3.org%2F2000%2Fsvg&#39;%20viewBox%3D&#39;0%200%20768%20576&#39;%2F%3E\" data-src=\"https:\/\/broz.sk\/wp-content\/uploads\/2020\/09\/mokrad-4-scaled-768x576.jpg\" data-srcset=\"https:\/\/broz.sk\/wp-content\/uploads\/2020\/09\/mokrad-4-scaled-768x576.jpg 768w, https:\/\/broz.sk\/wp-content\/uploads\/2020\/09\/mokrad-4-scaled-1306x979.jpg 1306w\" loading=\"eager\" style=\"--ratio: 768 \/ 576\" sizes=\"(max-width: 768px) 100vw, 768px\" alt=\"\" title=\"mokrad 4\" width=\"768\" height=\"576\"  \/><\/a>\n\t<\/div>\n<\/div>\n\n\n<div class=\"post-entry-content\">\n\n\t<h3 class=\"entry-title\">\n\t\t<a href=\"https:\/\/broz.sk\/en\/life-returns-to-newly-established-wetlands\/\" title=\"Life returns to newly established wetlands\" rel=\"bookmark\">Life returns to newly established wetlands<\/a>\n\t<\/h3>\n\n\t<div class=\"entry-meta\"><a href=\"https:\/\/broz.sk\/en\/2020\/09\/29\/\" title=\"16:31\" class=\"data-link\" rel=\"bookmark\"><time class=\"entry-date updated\" datetime=\"2020-09-29T16:31:59+02:00\">29. September 2020<\/time><\/a><\/div>\n\t<div class=\"entry-excerpt\"><p>Wetlands were once such a part of life in the local country that the locals had more than 20 different terms for &#8220;wetland&#8221;. Before the drainage of Rye Island, every centimeter of altitude was of great importance in the region, and these morphological differences were reflected in various names: gy\u0171r, sziget, lapos.<\/p>\n<\/div>\n\t\n<a href=\"https:\/\/broz.sk\/en\/life-returns-to-newly-established-wetlands\/\" class=\"post-details details-type-link\" aria-label=\"Read more about Life returns to newly established wetlands\">Read more<i class=\"dt-icon-the7-arrow-03\" aria-hidden=\"true\"><\/i><\/a>\n\n<\/div><\/article><article class=\"post project-odd hidden post-12586 type-post status-publish format-standard has-post-thumbnail hentry category-0-en pmpro-has-access category-43 description-off\" data-name=\"Excursion at Dev\u00ednska Kobyla\" data-date=\"2020-09-23T10:55:12+02:00\">\n\n<div class=\"post-thumbnail-wrap\">\n\t<div class=\"post-thumbnail\">\n\n\t\t\n\t\t\n\t\t<a href=\"https:\/\/broz.sk\/en\/excursion-at-devinska-kobyla\/\" class=\"post-thumbnail-rollover layzr-bg layzr-bg\" ><img decoding=\"async\" class=\"blog-thumb-lazy-load preload-me lazy-load aspect\" src=\"data:image\/svg+xml,%3Csvg%20xmlns%3D&#39;http%3A%2F%2Fwww.w3.org%2F2000%2Fsvg&#39;%20viewBox%3D&#39;0%200%20768%20576&#39;%2F%3E\" data-src=\"https:\/\/broz.sk\/wp-content\/uploads\/2020\/09\/P1211160-scaled-768x576.jpg\" data-srcset=\"https:\/\/broz.sk\/wp-content\/uploads\/2020\/09\/P1211160-scaled-768x576.jpg 768w, https:\/\/broz.sk\/wp-content\/uploads\/2020\/09\/P1211160-scaled-1306x979.jpg 1306w\" loading=\"eager\" style=\"--ratio: 768 \/ 576\" sizes=\"(max-width: 768px) 100vw, 768px\" alt=\"\" title=\"P1211160\" width=\"768\" height=\"576\"  \/><\/a>\n\t<\/div>\n<\/div>\n\n\n<div class=\"post-entry-content\">\n\n\t<h3 class=\"entry-title\">\n\t\t<a href=\"https:\/\/broz.sk\/en\/excursion-at-devinska-kobyla\/\" title=\"Excursion at Dev\u00ednska Kobyla\" rel=\"bookmark\">Excursion at Dev\u00ednska Kobyla<\/a>\n\t<\/h3>\n\n\t<div class=\"entry-meta\"><a href=\"https:\/\/broz.sk\/en\/2020\/09\/23\/\" title=\"10:55\" class=\"data-link\" rel=\"bookmark\"><time class=\"entry-date updated\" datetime=\"2020-09-23T10:55:12+02:00\">23. September 2020<\/time><\/a><\/div>\n\t<div class=\"entry-excerpt\"><p>[vc_row][vc_column][vc_column_text] On Monday 14.9. BROZ organized a field lecture at Dev\u00ednska Kobyla for students of the Department of Environmental Ecology, Faculty of Natural Sciences, Comenius University in Bratislava. Dev\u00ednska Kobyla is a Special Area of Conservation, part of Natura 2000 network. Pavol Littera from BROZ acquainted the students with the revitalization of the Dev\u00edn arm&hellip;<\/p>\n<\/div>\n\t\n<a href=\"https:\/\/broz.sk\/en\/excursion-at-devinska-kobyla\/\" class=\"post-details details-type-link\" aria-label=\"Read more about Excursion at Dev\u00ednska Kobyla\">Read more<i class=\"dt-icon-the7-arrow-03\" aria-hidden=\"true\"><\/i><\/a>\n\n<\/div><\/article><article class=\"post project-odd hidden post-13830 type-post status-publish format-standard has-post-thumbnail hentry category-protection-of-habitats category-uncategorized pmpro-has-access category-31 category-22 description-off\" data-name=\"The restoration of the hill Tarbucka proceeds also thanks to volunteers of OZ Permon\u00edci\" data-date=\"2020-09-21T17:06:59+02:00\">\n\n<div class=\"post-thumbnail-wrap\">\n\t<div class=\"post-thumbnail\">\n\n\t\t\n\t\t\n\t\t<a href=\"https:\/\/broz.sk\/en\/obnova-tarbucky-pokracuje-aj-vdaka-dobrovolnikom-z-oz-permonici\/\" class=\"post-thumbnail-rollover layzr-bg layzr-bg\" ><img decoding=\"async\" class=\"blog-thumb-lazy-load preload-me lazy-load aspect\" src=\"data:image\/svg+xml,%3Csvg%20xmlns%3D&#39;http%3A%2F%2Fwww.w3.org%2F2000%2Fsvg&#39;%20viewBox%3D&#39;0%200%20768%20576&#39;%2F%3E\" data-src=\"https:\/\/broz.sk\/wp-content\/uploads\/2020\/12\/IMG_1643-768x576.jpg\" data-srcset=\"https:\/\/broz.sk\/wp-content\/uploads\/2020\/12\/IMG_1643-768x576.jpg 768w, https:\/\/broz.sk\/wp-content\/uploads\/2020\/12\/IMG_1643-911x683.jpg 911w\" loading=\"eager\" style=\"--ratio: 768 \/ 576\" sizes=\"(max-width: 768px) 100vw, 768px\" alt=\"\" title=\"IMG_1643\" width=\"768\" height=\"576\"  \/><\/a>\n\t<\/div>\n<\/div>\n\n\n<div class=\"post-entry-content\">\n\n\t<h3 class=\"entry-title\">\n\t\t<a href=\"https:\/\/broz.sk\/en\/obnova-tarbucky-pokracuje-aj-vdaka-dobrovolnikom-z-oz-permonici\/\" title=\"The restoration of the hill Tarbucka proceeds also thanks to volunteers of OZ Permon\u00edci\" rel=\"bookmark\">The restoration of the hill Tarbucka proceeds also thanks to volunteers of OZ Permon\u00edci<\/a>\n\t<\/h3>\n\n\t<div class=\"entry-meta\"><a href=\"https:\/\/broz.sk\/en\/2020\/09\/21\/\" title=\"17:06\" class=\"data-link\" rel=\"bookmark\"><time class=\"entry-date updated\" datetime=\"2020-09-21T17:06:59+02:00\">21. September 2020<\/time><\/a><\/div>\n\t<div class=\"entry-excerpt\"><p>In September, Tarbucka hill shook under hooves of grazing goats and also the feet of volunteers. Volunteers and geocachers from OZ Permon\u00edci helped us clean these rare places from aerial trees and invasive plants.<\/p>\n<\/div>\n\t\n<a href=\"https:\/\/broz.sk\/en\/obnova-tarbucky-pokracuje-aj-vdaka-dobrovolnikom-z-oz-permonici\/\" class=\"post-details details-type-link\" aria-label=\"Read more about The restoration of the hill Tarbucka proceeds also thanks to volunteers of OZ Permon\u00edci\">Read more<i class=\"dt-icon-the7-arrow-03\" aria-hidden=\"true\"><\/i><\/a>\n\n<\/div><\/article><article class=\"post project-odd hidden post-16363 type-post status-publish format-standard has-post-thumbnail hentry category-protection-of-habitats pmpro-has-access category-31 description-off\" data-name=\"Minister J\u00e1n Budaj took over the petition for the rescue of the Inland Danube Delta\" data-date=\"2020-08-18T16:43:37+02:00\">\n\n<div class=\"post-thumbnail-wrap\">\n\t<div class=\"post-thumbnail\">\n\n\t\t\n\t\t\n\t\t<a href=\"https:\/\/broz.sk\/en\/peticia-odovzdana-ministrovi\/\" class=\"post-thumbnail-rollover layzr-bg layzr-bg\" ><img decoding=\"async\" class=\"blog-thumb-lazy-load preload-me lazy-load aspect\" src=\"data:image\/svg+xml,%3Csvg%20xmlns%3D&#39;http%3A%2F%2Fwww.w3.org%2F2000%2Fsvg&#39;%20viewBox%3D&#39;0%200%20768%20576&#39;%2F%3E\" data-src=\"https:\/\/broz.sk\/wp-content\/uploads\/2021\/03\/117644751_10157159159495448_8213340004549696765_n-768x576.jpg\" data-srcset=\"https:\/\/broz.sk\/wp-content\/uploads\/2021\/03\/117644751_10157159159495448_8213340004549696765_n-768x576.jpg 768w, https:\/\/broz.sk\/wp-content\/uploads\/2021\/03\/117644751_10157159159495448_8213340004549696765_n-1306x979.jpg 1306w\" loading=\"eager\" style=\"--ratio: 768 \/ 576\" sizes=\"(max-width: 768px) 100vw, 768px\" alt=\"minister preber\u00e1 pet\u00edciu Za z\u00e1chranu Vn\u00fatrozemskej delty Dunaja\" title=\"117644751_10157159159495448_8213340004549696765_n\" width=\"768\" height=\"576\"  \/><\/a>\n\t<\/div>\n<\/div>\n\n\n<div class=\"post-entry-content\">\n\n\t<h3 class=\"entry-title\">\n\t\t<a href=\"https:\/\/broz.sk\/en\/peticia-odovzdana-ministrovi\/\" title=\"Minister J\u00e1n Budaj took over the petition for the rescue of the Inland Danube Delta\" rel=\"bookmark\">Minister J\u00e1n Budaj took over the petition for the rescue of the Inland Danube Delta<\/a>\n\t<\/h3>\n\n\t<div class=\"entry-meta\"><a href=\"https:\/\/broz.sk\/en\/2020\/08\/18\/\" title=\"16:43\" class=\"data-link\" rel=\"bookmark\"><time class=\"entry-date updated\" datetime=\"2020-08-18T16:43:37+02:00\">18. August 2020<\/time><\/a><\/div>\n\t<div class=\"entry-excerpt\"><p>We delivered a petition for the rescue of the Inland Danube Delta to the Minister of the<br \/>\nEnvironment, J\u00e1n Budaj. The petition was signed by 11,603 people.<\/p>\n<\/div>\n\t\n<a href=\"https:\/\/broz.sk\/en\/peticia-odovzdana-ministrovi\/\" class=\"post-details details-type-link\" aria-label=\"Read more about Minister J\u00e1n Budaj took over the petition for the rescue of the Inland Danube Delta\">Read more<i class=\"dt-icon-the7-arrow-03\" aria-hidden=\"true\"><\/i><\/a>\n\n<\/div><\/article><article class=\"post project-odd hidden post-14921 type-post status-publish format-standard has-post-thumbnail hentry category-protection-of-species pmpro-has-access category-30 description-off\" data-name=\"Wetlands and Their Significance\" data-date=\"2020-08-18T14:06:00+02:00\">\n\n<div class=\"post-thumbnail-wrap\">\n\t<div class=\"post-thumbnail\">\n\n\t\t\n\t\t\n\t\t<a href=\"https:\/\/broz.sk\/en\/wetlands-and-their-significance\/\" class=\"post-thumbnail-rollover layzr-bg layzr-bg\" ><img decoding=\"async\" class=\"blog-thumb-lazy-load preload-me lazy-load aspect\" src=\"data:image\/svg+xml,%3Csvg%20xmlns%3D&#39;http%3A%2F%2Fwww.w3.org%2F2000%2Fsvg&#39;%20viewBox%3D&#39;0%200%20768%20576&#39;%2F%3E\" data-src=\"https:\/\/broz.sk\/wp-content\/uploads\/2020\/04\/DSC_0331-768x576.jpg\" data-srcset=\"https:\/\/broz.sk\/wp-content\/uploads\/2020\/04\/DSC_0331-768x576.jpg 768w, https:\/\/broz.sk\/wp-content\/uploads\/2020\/04\/DSC_0331-1306x979.jpg 1306w\" loading=\"eager\" style=\"--ratio: 768 \/ 576\" sizes=\"(max-width: 768px) 100vw, 768px\" alt=\"\" title=\"DSC_0331\" width=\"768\" height=\"576\"  \/><\/a>\n\t<\/div>\n<\/div>\n\n\n<div class=\"post-entry-content\">\n\n\t<h3 class=\"entry-title\">\n\t\t<a href=\"https:\/\/broz.sk\/en\/wetlands-and-their-significance\/\" title=\"Wetlands and Their Significance\" rel=\"bookmark\">Wetlands and Their Significance<\/a>\n\t<\/h3>\n\n\t<div class=\"entry-meta\"><a href=\"https:\/\/broz.sk\/en\/2020\/08\/18\/\" title=\"14:06\" class=\"data-link\" rel=\"bookmark\"><time class=\"entry-date updated\" datetime=\"2020-08-18T14:06:00+02:00\">18. August 2020<\/time><\/a><\/div>\n\t<div class=\"entry-excerpt\"><p>A wetland could be characterized as a habitat, existence of which is conditioned by water. This territory can be soaked with water on a permanent or seasonal basis.<\/p>\n<\/div>\n\t\n<a href=\"https:\/\/broz.sk\/en\/wetlands-and-their-significance\/\" class=\"post-details details-type-link\" aria-label=\"Read more about Wetlands and Their Significance\">Read more<i class=\"dt-icon-the7-arrow-03\" aria-hidden=\"true\"><\/i><\/a>\n\n<\/div><\/article><article class=\"post project-odd hidden post-12701 type-post status-publish format-standard has-post-thumbnail hentry category-uncategorized pmpro-has-access category-22 description-off\" data-name=\"From the filming of a documentary about Ostrovn\u00e9 L\u00faky\" data-date=\"2020-08-13T16:30:05+02:00\">\n\n<div class=\"post-thumbnail-wrap\">\n\t<div class=\"post-thumbnail\">\n\n\t\t\n\t\t\n\t\t<a href=\"https:\/\/broz.sk\/en\/from-the-filming-of-a-documentary-about-ostrovne-luky\/\" class=\"post-thumbnail-rollover layzr-bg layzr-bg\" ><img decoding=\"async\" class=\"blog-thumb-lazy-load preload-me lazy-load aspect\" src=\"data:image\/svg+xml,%3Csvg%20xmlns%3D&#39;http%3A%2F%2Fwww.w3.org%2F2000%2Fsvg&#39;%20viewBox%3D&#39;0%200%20768%20576&#39;%2F%3E\" data-src=\"https:\/\/broz.sk\/wp-content\/uploads\/2020\/09\/nat.2-scaled-768x576.jpg\" data-srcset=\"https:\/\/broz.sk\/wp-content\/uploads\/2020\/09\/nat.2-scaled-768x576.jpg 768w, https:\/\/broz.sk\/wp-content\/uploads\/2020\/09\/nat.2-scaled-1306x979.jpg 1306w\" loading=\"eager\" style=\"--ratio: 768 \/ 576\" sizes=\"(max-width: 768px) 100vw, 768px\" alt=\"\" title=\"nat.2\" width=\"768\" height=\"576\"  \/><\/a>\n\t<\/div>\n<\/div>\n\n\n<div class=\"post-entry-content\">\n\n\t<h3 class=\"entry-title\">\n\t\t<a href=\"https:\/\/broz.sk\/en\/from-the-filming-of-a-documentary-about-ostrovne-luky\/\" title=\"From the filming of a documentary about Ostrovn\u00e9 L\u00faky\" rel=\"bookmark\">From the filming of a documentary about Ostrovn\u00e9 L\u00faky<\/a>\n\t<\/h3>\n\n\t<div class=\"entry-meta\"><a href=\"https:\/\/broz.sk\/en\/2020\/08\/13\/\" title=\"16:30\" class=\"data-link\" rel=\"bookmark\"><time class=\"entry-date updated\" datetime=\"2020-08-13T16:30:05+02:00\">13. August 2020<\/time><\/a><\/div>\n\t<div class=\"entry-excerpt\"><p>Also during this summer, we continued to shoot the upcoming documentary about Ostrovn\u00e9 L\u00faky. In this document, we deal with the topic of nature conservation and restoration in an intensively farmed country, as well as the efforts and pitfalls of nature-friendly farming.<\/p>\n<\/div>\n\t\n<a href=\"https:\/\/broz.sk\/en\/from-the-filming-of-a-documentary-about-ostrovne-luky\/\" class=\"post-details details-type-link\" aria-label=\"Read more about From the filming of a documentary about Ostrovn\u00e9 L\u00faky\">Read more<i class=\"dt-icon-the7-arrow-03\" aria-hidden=\"true\"><\/i><\/a>\n\n<\/div><\/article><article class=\"post project-odd hidden post-34475 type-post status-publish format-standard has-post-thumbnail hentry category-0-en category-uncategorized pmpro-has-access category-43 category-22 description-off\" data-name=\"Danube Day 2020: Rafting with Kids\" data-date=\"2020-07-08T10:06:37+02:00\">\n\n<div class=\"post-thumbnail-wrap\">\n\t<div class=\"post-thumbnail\">\n\n\t\t\n\t\t\n\t\t<a href=\"https:\/\/broz.sk\/en\/danube-day-2020-rafting-with-kids\/\" class=\"post-thumbnail-rollover layzr-bg layzr-bg\" ><img decoding=\"async\" class=\"blog-thumb-lazy-load preload-me lazy-load aspect\" src=\"data:image\/svg+xml,%3Csvg%20xmlns%3D&#39;http%3A%2F%2Fwww.w3.org%2F2000%2Fsvg&#39;%20viewBox%3D&#39;0%200%20768%20576&#39;%2F%3E\" data-src=\"https:\/\/broz.sk\/wp-content\/uploads\/2020\/07\/P1199011-768x576.jpg\" data-srcset=\"https:\/\/broz.sk\/wp-content\/uploads\/2020\/07\/P1199011-768x576.jpg 768w, https:\/\/broz.sk\/wp-content\/uploads\/2020\/07\/P1199011-1306x979.jpg 1306w\" loading=\"eager\" style=\"--ratio: 768 \/ 576\" sizes=\"(max-width: 768px) 100vw, 768px\" alt=\"\" title=\"P1199011\" width=\"768\" height=\"576\"  \/><\/a>\n\t<\/div>\n<\/div>\n\n\n<div class=\"post-entry-content\">\n\n\t<h3 class=\"entry-title\">\n\t\t<a href=\"https:\/\/broz.sk\/en\/danube-day-2020-rafting-with-kids\/\" title=\"Danube Day 2020: Rafting with Kids\" rel=\"bookmark\">Danube Day 2020: Rafting with Kids<\/a>\n\t<\/h3>\n\n\t<div class=\"entry-meta\"><a href=\"https:\/\/broz.sk\/en\/2020\/07\/08\/\" title=\"10:06\" class=\"data-link\" rel=\"bookmark\"><time class=\"entry-date updated\" datetime=\"2020-07-08T10:06:37+02:00\">8. July 2020<\/time><\/a><\/div>\n\t<div class=\"entry-excerpt\"><p>On June 29, 2020, the celebration of Danube Day featured rafting on this mighty river, together with children from A. Dub\u010dek Elementary School.<\/p>\n<\/div>\n\t\n<a href=\"https:\/\/broz.sk\/en\/danube-day-2020-rafting-with-kids\/\" class=\"post-details details-type-link\" aria-label=\"Read more about Danube Day 2020: Rafting with Kids\">Read more<i class=\"dt-icon-the7-arrow-03\" aria-hidden=\"true\"><\/i><\/a>\n\n<\/div><\/article><article class=\"post project-odd hidden post-34482 type-post status-publish format-standard has-post-thumbnail hentry category-protection-of-habitats pmpro-has-access category-31 description-off\" data-name=\"Simulated flood from May 15 to June 17, 2020 in pictures\" data-date=\"2020-06-03T11:01:39+02:00\">\n\n<div class=\"post-thumbnail-wrap\">\n\t<div class=\"post-thumbnail\">\n\n\t\t\n\t\t\n\t\t<a href=\"https:\/\/broz.sk\/en\/simulated-flood-from-may-15-to-june-17-2020-in-pictures\/\" class=\"post-thumbnail-rollover layzr-bg layzr-bg\" ><img decoding=\"async\" class=\"blog-thumb-lazy-load preload-me lazy-load aspect\" src=\"data:image\/svg+xml,%3Csvg%20xmlns%3D&#39;http%3A%2F%2Fwww.w3.org%2F2000%2Fsvg&#39;%20viewBox%3D&#39;0%200%20768%20576&#39;%2F%3E\" data-src=\"https:\/\/broz.sk\/wp-content\/uploads\/2020\/06\/IMG_0877_M-768x576.jpg\" data-srcset=\"https:\/\/broz.sk\/wp-content\/uploads\/2020\/06\/IMG_0877_M-768x576.jpg 768w, https:\/\/broz.sk\/wp-content\/uploads\/2020\/06\/IMG_0877_M-1306x979.jpg 1306w\" loading=\"eager\" style=\"--ratio: 768 \/ 576\" sizes=\"(max-width: 768px) 100vw, 768px\" alt=\"\" title=\"IMG_0877_M\" width=\"768\" height=\"576\"  \/><\/a>\n\t<\/div>\n<\/div>\n\n\n<div class=\"post-entry-content\">\n\n\t<h3 class=\"entry-title\">\n\t\t<a href=\"https:\/\/broz.sk\/en\/simulated-flood-from-may-15-to-june-17-2020-in-pictures\/\" title=\"Simulated flood from May 15 to June 17, 2020 in pictures\" rel=\"bookmark\">Simulated flood from May 15 to June 17, 2020 in pictures<\/a>\n\t<\/h3>\n\n\t<div class=\"entry-meta\"><a href=\"https:\/\/broz.sk\/en\/2020\/06\/03\/\" title=\"11:01\" class=\"data-link\" rel=\"bookmark\"><time class=\"entry-date updated\" datetime=\"2020-06-03T11:01:39+02:00\">3. June 2020<\/time><\/a><\/div>\n\t<div class=\"entry-excerpt\"><p>In May, we initiated a simulated flood in the Danube&#8217;s branch system, following the current Operational Rules for the Gab\u010d\u00edkovo dam. However, this simulated flood is not what we are advocating for in our petition.<\/p>\n<\/div>\n\t\n<a href=\"https:\/\/broz.sk\/en\/simulated-flood-from-may-15-to-june-17-2020-in-pictures\/\" class=\"post-details details-type-link\" aria-label=\"Read more about Simulated flood from May 15 to June 17, 2020 in pictures\">Read more<i class=\"dt-icon-the7-arrow-03\" aria-hidden=\"true\"><\/i><\/a>\n\n<\/div><\/article><article class=\"post project-odd hidden post-11885 type-post status-publish format-standard has-post-thumbnail hentry category-protection-of-habitats pmpro-has-access category-31 description-off\" data-name=\"Petition: Save the Danube inland delta\" data-date=\"2020-05-14T12:00:32+02:00\">\n\n<div class=\"post-thumbnail-wrap\">\n\t<div class=\"post-thumbnail\">\n\n\t\t\n\t\t\n\t\t<a href=\"https:\/\/broz.sk\/en\/petition-save-the-danube-inland-delta\/\" class=\"post-thumbnail-rollover layzr-bg layzr-bg\" ><img decoding=\"async\" class=\"blog-thumb-lazy-load preload-me lazy-load aspect\" src=\"data:image\/svg+xml,%3Csvg%20xmlns%3D&#39;http%3A%2F%2Fwww.w3.org%2F2000%2Fsvg&#39;%20viewBox%3D&#39;0%200%20768%20576&#39;%2F%3E\" data-src=\"https:\/\/broz.sk\/wp-content\/uploads\/2020\/05\/DJI_0128-768x576.jpg\" data-srcset=\"https:\/\/broz.sk\/wp-content\/uploads\/2020\/05\/DJI_0128-768x576.jpg 768w, https:\/\/broz.sk\/wp-content\/uploads\/2020\/05\/DJI_0128-1306x979.jpg 1306w\" loading=\"eager\" style=\"--ratio: 768 \/ 576\" sizes=\"(max-width: 768px) 100vw, 768px\" alt=\"\" title=\"DJI_0128\" width=\"768\" height=\"576\"  \/><\/a>\n\t<\/div>\n<\/div>\n\n\n<div class=\"post-entry-content\">\n\n\t<h3 class=\"entry-title\">\n\t\t<a href=\"https:\/\/broz.sk\/en\/petition-save-the-danube-inland-delta\/\" title=\"Petition: Save the Danube inland delta\" rel=\"bookmark\">Petition: Save the Danube inland delta<\/a>\n\t<\/h3>\n\n\t<div class=\"entry-meta\"><a href=\"https:\/\/broz.sk\/en\/2020\/05\/14\/\" title=\"12:00\" class=\"data-link\" rel=\"bookmark\"><time class=\"entry-date updated\" datetime=\"2020-05-14T12:00:32+02:00\">14. May 2020<\/time><\/a><\/div>\n\t<div class=\"entry-excerpt\"><p>Dear Minister of the Environment,<\/p>\n<p>We, the signatories of this petition, turn to you in demand of a\u00a0modification of the\u00a0Temporary management terms for Gab\u010d\u00edkovo \u2013 Nagymaros Barrage System in the territory of Slovak Republic in order to provide the necessary care and protection for the last remains of the Danube inland delta in Slovak territory.<\/p>\n<\/div>\n\t\n<a href=\"https:\/\/broz.sk\/en\/petition-save-the-danube-inland-delta\/\" class=\"post-details details-type-link\" aria-label=\"Read more about Petition: Save the Danube inland delta\">Read more<i class=\"dt-icon-the7-arrow-03\" aria-hidden=\"true\"><\/i><\/a>\n\n<\/div><\/article><article class=\"post project-odd hidden post-11888 type-post status-publish format-standard has-post-thumbnail hentry category-protection-of-habitats pmpro-has-access category-31 description-off\" data-name=\"How restoring floodplain forests helps the climate\" data-date=\"2020-05-14T11:17:50+02:00\">\n\n<div class=\"post-thumbnail-wrap\">\n\t<div class=\"post-thumbnail\">\n\n\t\t\n\t\t\n\t\t<a href=\"https:\/\/broz.sk\/en\/obnova-luznych-lesov-pomaha-biodiverzite-aj-klime\/\" class=\"post-thumbnail-rollover layzr-bg layzr-bg\" ><img decoding=\"async\" class=\"blog-thumb-lazy-load preload-me lazy-load aspect\" src=\"data:image\/svg+xml,%3Csvg%20xmlns%3D&#39;http%3A%2F%2Fwww.w3.org%2F2000%2Fsvg&#39;%20viewBox%3D&#39;0%200%20768%20576&#39;%2F%3E\" data-src=\"https:\/\/broz.sk\/wp-content\/uploads\/2020\/05\/DJI_0128-768x576.jpg\" data-srcset=\"https:\/\/broz.sk\/wp-content\/uploads\/2020\/05\/DJI_0128-768x576.jpg 768w, https:\/\/broz.sk\/wp-content\/uploads\/2020\/05\/DJI_0128-1306x979.jpg 1306w\" loading=\"eager\" style=\"--ratio: 768 \/ 576\" sizes=\"(max-width: 768px) 100vw, 768px\" alt=\"\" title=\"DJI_0128\" width=\"768\" height=\"576\"  \/><\/a>\n\t<\/div>\n<\/div>\n\n\n<div class=\"post-entry-content\">\n\n\t<h3 class=\"entry-title\">\n\t\t<a href=\"https:\/\/broz.sk\/en\/obnova-luznych-lesov-pomaha-biodiverzite-aj-klime\/\" title=\"How restoring floodplain forests helps the climate\" rel=\"bookmark\">How restoring floodplain forests helps the climate<\/a>\n\t<\/h3>\n\n\t<div class=\"entry-meta\"><a href=\"https:\/\/broz.sk\/en\/2020\/05\/14\/\" title=\"11:17\" class=\"data-link\" rel=\"bookmark\"><time class=\"entry-date updated\" datetime=\"2020-05-14T11:17:50+02:00\">14. May 2020<\/time><\/a><\/div>\n\t<div class=\"entry-excerpt\"><p>Floodplain forests are often overlooked in the search for solutions of climate change. However, floodplain forest restoration can play a very important role in reducing CO2 concentrations in the atmosphere.<\/p>\n<p>Trees have the ability to capture large amounts of CO2 from the atmosphere and store it as carbon in their tissues. An adult tree can sequester up to 22kg of CO2 in one year.<br \/>\nAs a result, forests are extremely important in slowing down the ongoing climate change caused by high concentration of CO2 in the atmosphere as a\u00a0result of burning of fossil fuels and habitat destruction.<\/p>\n<\/div>\n\t\n<a href=\"https:\/\/broz.sk\/en\/obnova-luznych-lesov-pomaha-biodiverzite-aj-klime\/\" class=\"post-details details-type-link\" aria-label=\"Read more about How restoring floodplain forests helps the climate\">Read more<i class=\"dt-icon-the7-arrow-03\" aria-hidden=\"true\"><\/i><\/a>\n\n<\/div><\/article><article class=\"post project-odd hidden post-12698 type-post status-publish format-standard has-post-thumbnail hentry category-protection-of-habitats pmpro-has-access category-31 description-off\" data-name=\"How to increase the country&#8217;s resilience to the effects of climate change\" data-date=\"2020-05-13T16:28:44+02:00\">\n\n<div class=\"post-thumbnail-wrap\">\n\t<div class=\"post-thumbnail\">\n\n\t\t\n\t\t\n\t\t<a href=\"https:\/\/broz.sk\/en\/how-to-increase-the-countrys-resilience-to-the-effects-of-climate-change\/\" class=\"post-thumbnail-rollover layzr-bg layzr-bg\" ><img decoding=\"async\" class=\"blog-thumb-lazy-load preload-me lazy-load aspect\" src=\"data:image\/svg+xml,%3Csvg%20xmlns%3D&#39;http%3A%2F%2Fwww.w3.org%2F2000%2Fsvg&#39;%20viewBox%3D&#39;0%200%20768%20576&#39;%2F%3E\" data-src=\"https:\/\/broz.sk\/wp-content\/uploads\/2020\/05\/Mapa_sucho--768x576.png\" data-srcset=\"https:\/\/broz.sk\/wp-content\/uploads\/2020\/05\/Mapa_sucho--768x576.png 768w, https:\/\/broz.sk\/wp-content\/uploads\/2020\/05\/Mapa_sucho--1306x979.png 1306w\" loading=\"eager\" style=\"--ratio: 768 \/ 576\" sizes=\"(max-width: 768px) 100vw, 768px\" alt=\"\" title=\"Mapa_sucho\" width=\"768\" height=\"576\"  \/><\/a>\n\t<\/div>\n<\/div>\n\n\n<div class=\"post-entry-content\">\n\n\t<h3 class=\"entry-title\">\n\t\t<a href=\"https:\/\/broz.sk\/en\/how-to-increase-the-countrys-resilience-to-the-effects-of-climate-change\/\" title=\"How to increase the country&#8217;s resilience to the effects of climate change\" rel=\"bookmark\">How to increase the country&#8217;s resilience to the effects of climate change<\/a>\n\t<\/h3>\n\n\t<div class=\"entry-meta\"><a href=\"https:\/\/broz.sk\/en\/2020\/05\/13\/\" title=\"16:28\" class=\"data-link\" rel=\"bookmark\"><time class=\"entry-date updated\" datetime=\"2020-05-13T16:28:44+02:00\">13. May 2020<\/time><\/a><\/div>\n\t<div class=\"entry-excerpt\"><p>The impact of climate change in southern Slovakia is already very noticeable today. Increased temperature and lack of rainfall affect not only farmers but also the surrounding nature.<\/p>\n<\/div>\n\t\n<a href=\"https:\/\/broz.sk\/en\/how-to-increase-the-countrys-resilience-to-the-effects-of-climate-change\/\" class=\"post-details details-type-link\" aria-label=\"Read more about How to increase the country&#8217;s resilience to the effects of climate change\">Read more<i class=\"dt-icon-the7-arrow-03\" aria-hidden=\"true\"><\/i><\/a>\n\n<\/div><\/article><article class=\"post project-odd hidden post-34488 type-post status-publish format-standard has-post-thumbnail hentry category-protection-of-habitats tag-peticia-en tag-delta-en tag-danube pmpro-has-access category-31 description-off\" data-name=\"Petition launched to save the Danube&#8217;s inland delta\" data-date=\"2020-04-22T11:05:51+02:00\">\n\n<div class=\"post-thumbnail-wrap\">\n\t<div class=\"post-thumbnail\">\n\n\t\t\n\t\t\n\t\t<a href=\"https:\/\/broz.sk\/en\/petition-launched-to-save-the-danubes-inland-delta\/\" class=\"post-thumbnail-rollover layzr-bg layzr-bg\" ><img decoding=\"async\" class=\"blog-thumb-lazy-load preload-me lazy-load aspect\" src=\"data:image\/svg+xml,%3Csvg%20xmlns%3D&#39;http%3A%2F%2Fwww.w3.org%2F2000%2Fsvg&#39;%20viewBox%3D&#39;0%200%20768%20576&#39;%2F%3E\" data-src=\"https:\/\/broz.sk\/wp-content\/uploads\/2020\/04\/DJI_0153-768x576.jpg\" data-srcset=\"https:\/\/broz.sk\/wp-content\/uploads\/2020\/04\/DJI_0153-768x576.jpg 768w, https:\/\/broz.sk\/wp-content\/uploads\/2020\/04\/DJI_0153-1306x979.jpg 1306w\" loading=\"eager\" style=\"--ratio: 768 \/ 576\" sizes=\"(max-width: 768px) 100vw, 768px\" alt=\"\" title=\"DJI_0153\" width=\"768\" height=\"576\"  \/><\/a>\n\t<\/div>\n<\/div>\n\n\n<div class=\"post-entry-content\">\n\n\t<h3 class=\"entry-title\">\n\t\t<a href=\"https:\/\/broz.sk\/en\/petition-launched-to-save-the-danubes-inland-delta\/\" title=\"Petition launched to save the Danube&#8217;s inland delta\" rel=\"bookmark\">Petition launched to save the Danube&#8217;s inland delta<\/a>\n\t<\/h3>\n\n\t<div class=\"entry-meta\"><a href=\"https:\/\/broz.sk\/en\/2020\/04\/22\/\" title=\"11:05\" class=\"data-link\" rel=\"bookmark\"><time class=\"entry-date updated\" datetime=\"2020-04-22T11:05:51+02:00\">22. April 2020<\/time><\/a><\/div>\n\t<div class=\"entry-excerpt\"><p>Today is April 22\u2014Earth Day. To mark this occasion, we have decided to take action for our planet at a place where we can make a difference. Therefore, we are launching a petition today to save the Danube&#8217;s inland delta, the largest wetland system in Slovakia.<\/p>\n<\/div>\n\t\n<a href=\"https:\/\/broz.sk\/en\/petition-launched-to-save-the-danubes-inland-delta\/\" class=\"post-details details-type-link\" aria-label=\"Read more about Petition launched to save the Danube&#8217;s inland delta\">Read more<i class=\"dt-icon-the7-arrow-03\" aria-hidden=\"true\"><\/i><\/a>\n\n<\/div><\/article><article class=\"post project-odd hidden post-12195 type-post status-publish format-standard has-post-thumbnail hentry category-protection-of-habitats pmpro-has-access category-31 description-off\" data-name=\"Restoration of management and grazing at the Sedlisk\u00e1 in Hlohovec\" data-date=\"2020-04-16T14:16:56+02:00\">\n\n<div class=\"post-thumbnail-wrap\">\n\t<div class=\"post-thumbnail\">\n\n\t\t\n\t\t\n\t\t<a href=\"https:\/\/broz.sk\/en\/restoration-of-management-and-grazing-at-sedliska\/\" class=\"post-thumbnail-rollover layzr-bg layzr-bg\" ><img decoding=\"async\" class=\"blog-thumb-lazy-load preload-me lazy-load aspect\" src=\"data:image\/svg+xml,%3Csvg%20xmlns%3D&#39;http%3A%2F%2Fwww.w3.org%2F2000%2Fsvg&#39;%20viewBox%3D&#39;0%200%20768%20576&#39;%2F%3E\" data-src=\"https:\/\/broz.sk\/wp-content\/uploads\/2020\/04\/IMGP7431-768x576.jpg\" data-srcset=\"https:\/\/broz.sk\/wp-content\/uploads\/2020\/04\/IMGP7431-768x576.jpg 768w, https:\/\/broz.sk\/wp-content\/uploads\/2020\/04\/IMGP7431-1306x979.jpg 1306w\" loading=\"eager\" style=\"--ratio: 768 \/ 576\" sizes=\"(max-width: 768px) 100vw, 768px\" alt=\"\" title=\"IMGP7431\" width=\"768\" height=\"576\"  \/><\/a>\n\t<\/div>\n<\/div>\n\n\n<div class=\"post-entry-content\">\n\n\t<h3 class=\"entry-title\">\n\t\t<a href=\"https:\/\/broz.sk\/en\/restoration-of-management-and-grazing-at-sedliska\/\" title=\"Restoration of management and grazing at the Sedlisk\u00e1 in Hlohovec\" rel=\"bookmark\">Restoration of management and grazing at the Sedlisk\u00e1 in Hlohovec<\/a>\n\t<\/h3>\n\n\t<div class=\"entry-meta\"><a href=\"https:\/\/broz.sk\/en\/2020\/04\/16\/\" title=\"14:16\" class=\"data-link\" rel=\"bookmark\"><time class=\"entry-date updated\" datetime=\"2020-04-16T14:16:56+02:00\">16. April 2020<\/time><\/a><\/div>\n\t<div class=\"entry-excerpt\"><p>About a year ago, we started renewal activities in the area of European importance Sedlisk\u00e1 pri Hlohovci. The southern part of this area consists of beautiful xerothermic meadows with pulsatilla and adonis, which were used as pastures in the past.<\/p>\n<\/div>\n\t\n<a href=\"https:\/\/broz.sk\/en\/restoration-of-management-and-grazing-at-sedliska\/\" class=\"post-details details-type-link\" aria-label=\"Read more about Restoration of management and grazing at the Sedlisk\u00e1 in Hlohovec\">Read more<i class=\"dt-icon-the7-arrow-03\" aria-hidden=\"true\"><\/i><\/a>\n\n<\/div><\/article><article class=\"post project-odd hidden post-14924 type-post status-publish format-standard has-post-thumbnail hentry category-protection-of-species pmpro-has-access category-30 description-off\" data-name=\"Root Vole Monitoring\" data-date=\"2020-04-14T14:13:35+02:00\">\n\n<div class=\"post-thumbnail-wrap\">\n\t<div class=\"post-thumbnail\">\n\n\t\t\n\t\t\n\t\t<a href=\"https:\/\/broz.sk\/en\/root-vole-monitoring\/\" class=\"post-thumbnail-rollover layzr-bg layzr-bg\" ><img decoding=\"async\" class=\"blog-thumb-lazy-load preload-me lazy-load aspect\" src=\"data:image\/svg+xml,%3Csvg%20xmlns%3D&#39;http%3A%2F%2Fwww.w3.org%2F2000%2Fsvg&#39;%20viewBox%3D&#39;0%200%20768%20576&#39;%2F%3E\" data-src=\"https:\/\/broz.sk\/wp-content\/uploads\/2020\/04\/20160419_090051-768x576.jpg\" data-srcset=\"https:\/\/broz.sk\/wp-content\/uploads\/2020\/04\/20160419_090051-768x576.jpg 768w, https:\/\/broz.sk\/wp-content\/uploads\/2020\/04\/20160419_090051-1306x979.jpg 1306w\" loading=\"eager\" style=\"--ratio: 768 \/ 576\" sizes=\"(max-width: 768px) 100vw, 768px\" alt=\"\" title=\"20160419_090051\" width=\"768\" height=\"576\"  \/><\/a>\n\t<\/div>\n<\/div>\n\n\n<div class=\"post-entry-content\">\n\n\t<h3 class=\"entry-title\">\n\t\t<a href=\"https:\/\/broz.sk\/en\/root-vole-monitoring\/\" title=\"Root Vole Monitoring\" rel=\"bookmark\">Root Vole Monitoring<\/a>\n\t<\/h3>\n\n\t<div class=\"entry-meta\"><a href=\"https:\/\/broz.sk\/en\/2020\/04\/14\/\" title=\"14:13\" class=\"data-link\" rel=\"bookmark\"><time class=\"entry-date updated\" datetime=\"2020-04-14T14:13:35+02:00\">14. April 2020<\/time><\/a><\/div>\n\t<div class=\"entry-excerpt\"><p>The Teriologists* from the Faculty of Science, Comenius University in Bratislava have been engaged in root vole studies for more than ten years. The root vole has been researched in the field as well as the samples in the laboratory using molecular methods.<\/p>\n<\/div>\n\t\n<a href=\"https:\/\/broz.sk\/en\/root-vole-monitoring\/\" class=\"post-details details-type-link\" aria-label=\"Read more about Root Vole Monitoring\">Read more<i class=\"dt-icon-the7-arrow-03\" aria-hidden=\"true\"><\/i><\/a>\n\n<\/div><\/article><article class=\"post project-odd hidden post-12186 type-post status-publish format-standard has-post-thumbnail hentry category-protection-of-habitats pmpro-has-access category-31 description-off\" data-name=\"Restoration of rare Tarbucka habitats\" data-date=\"2020-03-31T12:20:16+02:00\">\n\n<div class=\"post-thumbnail-wrap\">\n\t<div class=\"post-thumbnail\">\n\n\t\t\n\t\t\n\t\t<a href=\"https:\/\/broz.sk\/en\/restoration-of-rare-tarbucka-habitats\/\" class=\"post-thumbnail-rollover layzr-bg layzr-bg\" ><img decoding=\"async\" class=\"blog-thumb-lazy-load preload-me lazy-load aspect\" src=\"data:image\/svg+xml,%3Csvg%20xmlns%3D&#39;http%3A%2F%2Fwww.w3.org%2F2000%2Fsvg&#39;%20viewBox%3D&#39;0%200%20768%20576&#39;%2F%3E\" data-src=\"https:\/\/broz.sk\/wp-content\/uploads\/2020\/03\/IMG_8865-768x576.jpg\" data-srcset=\"https:\/\/broz.sk\/wp-content\/uploads\/2020\/03\/IMG_8865-768x576.jpg 768w, https:\/\/broz.sk\/wp-content\/uploads\/2020\/03\/IMG_8865-911x683.jpg 911w\" loading=\"eager\" style=\"--ratio: 768 \/ 576\" sizes=\"(max-width: 768px) 100vw, 768px\" alt=\"\" title=\"IMG_8865\" width=\"768\" height=\"576\"  \/><\/a>\n\t<\/div>\n<\/div>\n\n\n<div class=\"post-entry-content\">\n\n\t<h3 class=\"entry-title\">\n\t\t<a href=\"https:\/\/broz.sk\/en\/restoration-of-rare-tarbucka-habitats\/\" title=\"Restoration of rare Tarbucka habitats\" rel=\"bookmark\">Restoration of rare Tarbucka habitats<\/a>\n\t<\/h3>\n\n\t<div class=\"entry-meta\"><a href=\"https:\/\/broz.sk\/en\/2020\/03\/31\/\" title=\"12:20\" class=\"data-link\" rel=\"bookmark\"><time class=\"entry-date updated\" datetime=\"2020-03-31T12:20:16+02:00\">31. March 2020<\/time><\/a><\/div>\n\t<div class=\"entry-excerpt\"><p>Tarbucka hill stretches over the villages Streda nad Bodrogom, Ve\u013ek\u00fd Kamenec and Mal\u00fd Kamenec. Thanks to its specific subsoil and suitable microclimatic conditions, Tarbucka hosts rare drought and thermophilic herbaceous vegetation and provides a home for many protected species of plants and animals. Thanks to these natural values it has been declared a Territory of European Importance.<\/p>\n<\/div>\n\t\n<a href=\"https:\/\/broz.sk\/en\/restoration-of-rare-tarbucka-habitats\/\" class=\"post-details details-type-link\" aria-label=\"Read more about Restoration of rare Tarbucka habitats\">Read more<i class=\"dt-icon-the7-arrow-03\" aria-hidden=\"true\"><\/i><\/a>\n\n<\/div><\/article><article class=\"post project-odd hidden post-11072 type-post status-publish format-standard has-post-thumbnail hentry category-uncategorized pmpro-has-access category-22 description-off\" data-name=\"Management of root-vole localities\" data-date=\"2020-03-16T19:06:02+01:00\">\n\n<div class=\"post-thumbnail-wrap\">\n\t<div class=\"post-thumbnail\">\n\n\t\t\n\t\t\n\t\t<a href=\"https:\/\/broz.sk\/en\/management-of-root-vole-localities\/\" class=\"post-thumbnail-rollover layzr-bg layzr-bg\" ><img decoding=\"async\" class=\"blog-thumb-lazy-load preload-me lazy-load aspect\" src=\"data:image\/svg+xml,%3Csvg%20xmlns%3D&#39;http%3A%2F%2Fwww.w3.org%2F2000%2Fsvg&#39;%20viewBox%3D&#39;0%200%20768%20576&#39;%2F%3E\" data-src=\"https:\/\/broz.sk\/wp-content\/uploads\/2020\/03\/lok2_zmens_-768x576.jpg\" data-srcset=\"https:\/\/broz.sk\/wp-content\/uploads\/2020\/03\/lok2_zmens_-768x576.jpg 768w, https:\/\/broz.sk\/wp-content\/uploads\/2020\/03\/lok2_zmens_-1306x979.jpg 1306w\" loading=\"eager\" style=\"--ratio: 768 \/ 576\" sizes=\"(max-width: 768px) 100vw, 768px\" alt=\"\" title=\"lok2_zmens_\" width=\"768\" height=\"576\"  \/><\/a>\n\t<\/div>\n<\/div>\n\n\n<div class=\"post-entry-content\">\n\n\t<h3 class=\"entry-title\">\n\t\t<a href=\"https:\/\/broz.sk\/en\/management-of-root-vole-localities\/\" title=\"Management of root-vole localities\" rel=\"bookmark\">Management of root-vole localities<\/a>\n\t<\/h3>\n\n\t<div class=\"entry-meta\"><a href=\"https:\/\/broz.sk\/en\/2020\/03\/16\/\" title=\"19:06\" class=\"data-link\" rel=\"bookmark\"><time class=\"entry-date updated\" datetime=\"2020-03-16T19:06:02+01:00\">16. March 2020<\/time><\/a><\/div>\n\t<div class=\"entry-excerpt\"><p>In march 2020 we removed young poplars from root-vole habitats in order to maintain favourable habitat status of this endemic species.<\/p>\n<\/div>\n\t\n<a href=\"https:\/\/broz.sk\/en\/management-of-root-vole-localities\/\" class=\"post-details details-type-link\" aria-label=\"Read more about Management of root-vole localities\">Read more<i class=\"dt-icon-the7-arrow-03\" aria-hidden=\"true\"><\/i><\/a>\n\n<\/div><\/article><article class=\"post project-odd hidden post-11032 type-post status-publish format-standard has-post-thumbnail hentry category-uncategorized pmpro-has-access category-22 description-off\" data-name=\"Water in the landscape: Restoration of \u010caloveck\u00fd Dudv\u00e1h meanders\" data-date=\"2020-03-16T16:36:50+01:00\">\n\n<div class=\"post-thumbnail-wrap\">\n\t<div class=\"post-thumbnail\">\n\n\t\t\n\t\t\n\t\t<a href=\"https:\/\/broz.sk\/en\/water-in-the-landscape-restoration-of-calovecky-dudvah-meanders\/\" class=\"post-thumbnail-rollover layzr-bg layzr-bg\" ><img decoding=\"async\" class=\"blog-thumb-lazy-load preload-me lazy-load aspect\" src=\"data:image\/svg+xml,%3Csvg%20xmlns%3D&#39;http%3A%2F%2Fwww.w3.org%2F2000%2Fsvg&#39;%20viewBox%3D&#39;0%200%20768%20576&#39;%2F%3E\" data-src=\"https:\/\/broz.sk\/wp-content\/uploads\/2020\/03\/IMG_20200305_130402-768x576.jpg\" data-srcset=\"https:\/\/broz.sk\/wp-content\/uploads\/2020\/03\/IMG_20200305_130402-768x576.jpg 768w, https:\/\/broz.sk\/wp-content\/uploads\/2020\/03\/IMG_20200305_130402-1024x768.jpg 1024w\" loading=\"eager\" style=\"--ratio: 768 \/ 576\" sizes=\"(max-width: 768px) 100vw, 768px\" alt=\"\" title=\"IMG_20200305_130402\" width=\"768\" height=\"576\"  \/><\/a>\n\t<\/div>\n<\/div>\n\n\n<div class=\"post-entry-content\">\n\n\t<h3 class=\"entry-title\">\n\t\t<a href=\"https:\/\/broz.sk\/en\/water-in-the-landscape-restoration-of-calovecky-dudvah-meanders\/\" title=\"Water in the landscape: Restoration of \u010caloveck\u00fd Dudv\u00e1h meanders\" rel=\"bookmark\">Water in the landscape: Restoration of \u010caloveck\u00fd Dudv\u00e1h meanders<\/a>\n\t<\/h3>\n\n\t<div class=\"entry-meta\"><a href=\"https:\/\/broz.sk\/en\/2020\/03\/16\/\" title=\"16:36\" class=\"data-link\" rel=\"bookmark\"><time class=\"entry-date updated\" datetime=\"2020-03-16T16:36:50+01:00\">16. March 2020<\/time><\/a><\/div>\n\t<div class=\"entry-excerpt\"><p>As a result of several historical events, the country of the Lower Rye Island has changed beyond recognition in a few decades. The mosaic of wetlands, river side arms and vegetation has been transformed into a lifeless chessboard of large monoculture fields. Today, even the last meanders of \u010caloveck\u00fd Dudv\u00e1h river which once flew through the countryside are plowed to create even larger field units for easier harvest. All this is still hapening at a time when water is becoming increasingly scarce in the soil and throughout the country.<\/p>\n<\/div>\n\t\n<a href=\"https:\/\/broz.sk\/en\/water-in-the-landscape-restoration-of-calovecky-dudvah-meanders\/\" class=\"post-details details-type-link\" aria-label=\"Read more about Water in the landscape: Restoration of \u010caloveck\u00fd Dudv\u00e1h meanders\">Read more<i class=\"dt-icon-the7-arrow-03\" aria-hidden=\"true\"><\/i><\/a>\n\n<\/div><\/article><article class=\"post project-odd hidden post-11029 type-post status-publish format-standard has-post-thumbnail hentry category-uncategorized pmpro-has-access category-22 description-off\" data-name=\"VIDEO: 2 in 1 &#8211; restoration of wetlands and bird nesting walls\" data-date=\"2020-03-12T12:22:27+01:00\">\n\n<div class=\"post-thumbnail-wrap\">\n\t<div class=\"post-thumbnail\">\n\n\t\t\n\t\t\n\t\t<a href=\"https:\/\/broz.sk\/en\/video-2-in-1-restoration-of-wetlands-and-bird-nesting-walls\/\" class=\"post-thumbnail-rollover layzr-bg layzr-bg\" ><img decoding=\"async\" class=\"blog-thumb-lazy-load preload-me lazy-load aspect\" src=\"data:image\/svg+xml,%3Csvg%20xmlns%3D&#39;http%3A%2F%2Fwww.w3.org%2F2000%2Fsvg&#39;%20viewBox%3D&#39;0%200%20768%20576&#39;%2F%3E\" data-src=\"https:\/\/broz.sk\/wp-content\/uploads\/2020\/03\/IMG_20200227_115757-768x576.jpg\" data-srcset=\"https:\/\/broz.sk\/wp-content\/uploads\/2020\/03\/IMG_20200227_115757-768x576.jpg 768w, https:\/\/broz.sk\/wp-content\/uploads\/2020\/03\/IMG_20200227_115757.jpg 1024w\" loading=\"eager\" style=\"--ratio: 768 \/ 576\" sizes=\"(max-width: 768px) 100vw, 768px\" alt=\"\" title=\"IMG_20200227_115757\" width=\"768\" height=\"576\"  \/><\/a>\n\t<\/div>\n<\/div>\n\n\n<div class=\"post-entry-content\">\n\n\t<h3 class=\"entry-title\">\n\t\t<a href=\"https:\/\/broz.sk\/en\/video-2-in-1-restoration-of-wetlands-and-bird-nesting-walls\/\" title=\"VIDEO: 2 in 1 &#8211; restoration of wetlands and bird nesting walls\" rel=\"bookmark\">VIDEO: 2 in 1 &#8211; restoration of wetlands and bird nesting walls<\/a>\n\t<\/h3>\n\n\t<div class=\"entry-meta\"><a href=\"https:\/\/broz.sk\/en\/2020\/03\/12\/\" title=\"12:22\" class=\"data-link\" rel=\"bookmark\"><time class=\"entry-date updated\" datetime=\"2020-03-12T12:22:27+01:00\">12. March 2020<\/time><\/a><\/div>\n\t<div class=\"entry-excerpt\"><p>During the restoration of small-scale wetlands in the Protected Bird Area \u200b\u200bOstrovne L\u00faky, we got an idea &#8211; what if we used the excavated material to build nesting walls for birds right at the foot of the wetlands? We have recorded a nesting site of the European beekeeper in sand embankments in the area and we hope that they will like our new nesting walls so much that they will decide to nest in them this season after returning from their wintering grounds. The small wetlands are being created on restored pastures where the birds can find enough food. The water under the nesting wall will provide refreshment during hot summer days while protecting their offspring from predators.<\/p>\n<\/div>\n\t\n<a href=\"https:\/\/broz.sk\/en\/video-2-in-1-restoration-of-wetlands-and-bird-nesting-walls\/\" class=\"post-details details-type-link\" aria-label=\"Read more about VIDEO: 2 in 1 &#8211; restoration of wetlands and bird nesting walls\">Read more<i class=\"dt-icon-the7-arrow-03\" aria-hidden=\"true\"><\/i><\/a>\n\n<\/div><\/article><article class=\"post project-odd hidden post-11026 type-post status-publish format-standard has-post-thumbnail hentry category-uncategorized pmpro-has-access category-22 description-off\" data-name=\"Willow pollarding workshop 2020\" data-date=\"2020-03-07T12:03:31+01:00\">\n\n<div class=\"post-thumbnail-wrap\">\n\t<div class=\"post-thumbnail\">\n\n\t\t\n\t\t\n\t\t<a href=\"https:\/\/broz.sk\/en\/willow-pollarding-workshop-2020\/\" class=\"post-thumbnail-rollover layzr-bg layzr-bg\" ><img decoding=\"async\" class=\"blog-thumb-lazy-load preload-me lazy-load aspect\" src=\"data:image\/svg+xml,%3Csvg%20xmlns%3D&#39;http%3A%2F%2Fwww.w3.org%2F2000%2Fsvg&#39;%20viewBox%3D&#39;0%200%20768%20576&#39;%2F%3E\" data-src=\"https:\/\/broz.sk\/wp-content\/uploads\/2020\/03\/88347002_10156667940580448_7375822160046063616_o-768x576.jpg\" data-srcset=\"https:\/\/broz.sk\/wp-content\/uploads\/2020\/03\/88347002_10156667940580448_7375822160046063616_o-768x576.jpg 768w, https:\/\/broz.sk\/wp-content\/uploads\/2020\/03\/88347002_10156667940580448_7375822160046063616_o-1306x979.jpg 1306w\" loading=\"eager\" style=\"--ratio: 768 \/ 576\" sizes=\"(max-width: 768px) 100vw, 768px\" alt=\"\" title=\"88347002_10156667940580448_7375822160046063616_o\" width=\"768\" height=\"576\"  \/><\/a>\n\t<\/div>\n<\/div>\n\n\n<div class=\"post-entry-content\">\n\n\t<h3 class=\"entry-title\">\n\t\t<a href=\"https:\/\/broz.sk\/en\/willow-pollarding-workshop-2020\/\" title=\"Willow pollarding workshop 2020\" rel=\"bookmark\">Willow pollarding workshop 2020<\/a>\n\t<\/h3>\n\n\t<div class=\"entry-meta\"><a href=\"https:\/\/broz.sk\/en\/2020\/03\/07\/\" title=\"12:03\" class=\"data-link\" rel=\"bookmark\"><time class=\"entry-date updated\" datetime=\"2020-03-07T12:03:31+01:00\">7. March 2020<\/time><\/a><\/div>\n\t<div class=\"entry-excerpt\"><p>Today we pollarded willows in protected bird area Ostrovne Luky. The day saw a lot of action, sawing, falling wood.. Even nature conservation and sustainable management of the countryside can sometimes look this way. For old willows pollarding is essential to prolog their life-span.<\/p>\n<\/div>\n\t\n<a href=\"https:\/\/broz.sk\/en\/willow-pollarding-workshop-2020\/\" class=\"post-details details-type-link\" aria-label=\"Read more about Willow pollarding workshop 2020\">Read more<i class=\"dt-icon-the7-arrow-03\" aria-hidden=\"true\"><\/i><\/a>\n\n<\/div><\/article><article class=\"post project-odd hidden post-12192 type-post status-publish format-standard has-post-thumbnail hentry category-protection-of-habitats category-protection-of-species tag-life-en tag-pasenie-je-spasa-en tag-pastva-en tag-sub-pannonic-en pmpro-has-access category-31 category-30 description-off\" data-name=\"Restoration of pastures on Z\u00e1dielsk\u00e1 plain\" data-date=\"2020-02-18T15:34:22+01:00\">\n\n<div class=\"post-thumbnail-wrap\">\n\t<div class=\"post-thumbnail\">\n\n\t\t\n\t\t\n\t\t<a href=\"https:\/\/broz.sk\/en\/restoration-of-pastures-on-zadielska-plain\/\" class=\"post-thumbnail-rollover layzr-bg layzr-bg\" ><img decoding=\"async\" class=\"blog-thumb-lazy-load preload-me lazy-load aspect\" src=\"data:image\/svg+xml,%3Csvg%20xmlns%3D&#39;http%3A%2F%2Fwww.w3.org%2F2000%2Fsvg&#39;%20viewBox%3D&#39;0%200%20768%20576&#39;%2F%3E\" data-src=\"https:\/\/broz.sk\/wp-content\/uploads\/2020\/02\/penia\u017etek-slovensk\u00fd-suvada-768x576.jpg\" data-srcset=\"https:\/\/broz.sk\/wp-content\/uploads\/2020\/02\/penia\u017etek-slovensk\u00fd-suvada-768x576.jpg 768w, https:\/\/broz.sk\/wp-content\/uploads\/2020\/02\/penia\u017etek-slovensk\u00fd-suvada.jpg 933w\" loading=\"eager\" style=\"--ratio: 768 \/ 576\" sizes=\"(max-width: 768px) 100vw, 768px\" alt=\"\" title=\"penia\u017etek-slovensk\u00fd-suvada\" width=\"768\" height=\"576\"  \/><\/a>\n\t<\/div>\n<\/div>\n\n\n<div class=\"post-entry-content\">\n\n\t<h3 class=\"entry-title\">\n\t\t<a href=\"https:\/\/broz.sk\/en\/restoration-of-pastures-on-zadielska-plain\/\" title=\"Restoration of pastures on Z\u00e1dielsk\u00e1 plain\" rel=\"bookmark\">Restoration of pastures on Z\u00e1dielsk\u00e1 plain<\/a>\n\t<\/h3>\n\n\t<div class=\"entry-meta\"><a href=\"https:\/\/broz.sk\/en\/2020\/02\/18\/\" title=\"15:34\" class=\"data-link\" rel=\"bookmark\"><time class=\"entry-date updated\" datetime=\"2020-02-18T15:34:22+01:00\">18. February 2020<\/time><\/a><\/div>\n\t<div class=\"entry-excerpt\"><p>The species richness of our country is linked to non-forest habitats \u2013 they include thermophilic and xerophilous meadows and pastures, which we can admire in Slovensk\u00fd Kras. These habitats depend on traditional management \u2013 extensive grazing and mowing. Unfortunately, most cities have not been farming traditionally for over 30 years. As a result, pastures are overgrown with aerial trees and expansive grasses.<\/p>\n<\/div>\n\t\n<a href=\"https:\/\/broz.sk\/en\/restoration-of-pastures-on-zadielska-plain\/\" class=\"post-details details-type-link\" aria-label=\"Read more about Restoration of pastures on Z\u00e1dielsk\u00e1 plain\">Read more<i class=\"dt-icon-the7-arrow-03\" aria-hidden=\"true\"><\/i><\/a>\n\n<\/div><\/article><article class=\"post project-odd hidden post-34494 type-post status-publish format-standard has-post-thumbnail hentry category-protection-of-habitats pmpro-has-access category-31 description-off\" data-name=\"February flood at Ve\u013ek\u00fd L\u00e9l\" data-date=\"2020-02-10T11:11:53+01:00\">\n\n<div class=\"post-thumbnail-wrap\">\n\t<div class=\"post-thumbnail\">\n\n\t\t\n\t\t\n\t\t<a href=\"https:\/\/broz.sk\/en\/february-flood-at-velky-lel\/\" class=\"post-thumbnail-rollover layzr-bg layzr-bg\" ><img decoding=\"async\" class=\"blog-thumb-lazy-load preload-me lazy-load aspect\" src=\"data:image\/svg+xml,%3Csvg%20xmlns%3D&#39;http%3A%2F%2Fwww.w3.org%2F2000%2Fsvg&#39;%20viewBox%3D&#39;0%200%20768%20576&#39;%2F%3E\" data-src=\"https:\/\/broz.sk\/wp-content\/uploads\/2020\/07\/20200207_130700-scaled-768x576.jpg\" data-srcset=\"https:\/\/broz.sk\/wp-content\/uploads\/2020\/07\/20200207_130700-scaled-768x576.jpg 768w, https:\/\/broz.sk\/wp-content\/uploads\/2020\/07\/20200207_130700-scaled-1306x979.jpg 1306w\" loading=\"eager\" style=\"--ratio: 768 \/ 576\" sizes=\"(max-width: 768px) 100vw, 768px\" alt=\"\" title=\"20200207_130700\" width=\"768\" height=\"576\"  \/><\/a>\n\t<\/div>\n<\/div>\n\n\n<div class=\"post-entry-content\">\n\n\t<h3 class=\"entry-title\">\n\t\t<a href=\"https:\/\/broz.sk\/en\/february-flood-at-velky-lel\/\" title=\"February flood at Ve\u013ek\u00fd L\u00e9l\" rel=\"bookmark\">February flood at Ve\u013ek\u00fd L\u00e9l<\/a>\n\t<\/h3>\n\n\t<div class=\"entry-meta\"><a href=\"https:\/\/broz.sk\/en\/2020\/02\/10\/\" title=\"11:11\" class=\"data-link\" rel=\"bookmark\"><time class=\"entry-date updated\" datetime=\"2020-02-10T11:11:53+01:00\">10. February 2020<\/time><\/a><\/div>\n\t<div class=\"entry-excerpt\"><p>In the month of February, nature blessed us with moisture even on the island of Ve\u013ek\u00fd L\u00e9l.<br \/>\nYou could only reach the island in rubber boots.<br \/>\nDon\u2019t believe it?<br \/>\nTake a look.<\/p>\n<\/div>\n\t\n<a href=\"https:\/\/broz.sk\/en\/february-flood-at-velky-lel\/\" class=\"post-details details-type-link\" aria-label=\"Read more about February flood at Ve\u013ek\u00fd L\u00e9l\">Read more<i class=\"dt-icon-the7-arrow-03\" aria-hidden=\"true\"><\/i><\/a>\n\n<\/div><\/article><article class=\"post project-odd hidden post-10315 type-post status-publish format-standard has-post-thumbnail hentry category-uncategorized pmpro-has-access category-22 description-off\" data-name=\"Planting trees with volunteers\" data-date=\"2020-01-08T14:06:36+01:00\">\n\n<div class=\"post-thumbnail-wrap\">\n\t<div class=\"post-thumbnail\">\n\n\t\t\n\t\t\n\t\t<a href=\"https:\/\/broz.sk\/en\/sadenie-stromov-s-dobrovolnikmi\/\" class=\"post-thumbnail-rollover layzr-bg layzr-bg\" ><img decoding=\"async\" class=\"blog-thumb-lazy-load preload-me lazy-load aspect\" src=\"data:image\/svg+xml,%3Csvg%20xmlns%3D&#39;http%3A%2F%2Fwww.w3.org%2F2000%2Fsvg&#39;%20viewBox%3D&#39;0%200%20768%20576&#39;%2F%3E\" data-src=\"https:\/\/broz.sk\/wp-content\/uploads\/2020\/01\/MG_1398-768x576.jpg\" data-srcset=\"https:\/\/broz.sk\/wp-content\/uploads\/2020\/01\/MG_1398-768x576.jpg 768w, https:\/\/broz.sk\/wp-content\/uploads\/2020\/01\/MG_1398-1306x979.jpg 1306w\" loading=\"eager\" style=\"--ratio: 768 \/ 576\" sizes=\"(max-width: 768px) 100vw, 768px\" alt=\"\" title=\"_MG_1398\" width=\"768\" height=\"576\"  \/><\/a>\n\t<\/div>\n<\/div>\n\n\n<div class=\"post-entry-content\">\n\n\t<h3 class=\"entry-title\">\n\t\t<a href=\"https:\/\/broz.sk\/en\/sadenie-stromov-s-dobrovolnikmi\/\" title=\"Planting trees with volunteers\" rel=\"bookmark\">Planting trees with volunteers<\/a>\n\t<\/h3>\n\n\t<div class=\"entry-meta\"><a href=\"https:\/\/broz.sk\/en\/2020\/01\/08\/\" title=\"14:06\" class=\"data-link\" rel=\"bookmark\"><time class=\"entry-date updated\" datetime=\"2020-01-08T14:06:36+01:00\">8. January 2020<\/time><\/a><\/div>\n\t<div class=\"entry-excerpt\"><p>[vc_row][vc_column][vc_column_text]In december we planted trees with volunteers from DELL, Mary Kay and Geocaching community. We planted black poplars &#8211; native species of the Danube floodplain forests. In 3 days we planted 1000 saplings which will grow to be majestic old poplars. Photoreport below: [\/vc_column_text][\/vc_column][\/vc_row]<\/p>\n<\/div>\n\t\n<a href=\"https:\/\/broz.sk\/en\/sadenie-stromov-s-dobrovolnikmi\/\" class=\"post-details details-type-link\" aria-label=\"Read more about Planting trees with volunteers\">Read more<i class=\"dt-icon-the7-arrow-03\" aria-hidden=\"true\"><\/i><\/a>\n\n<\/div><\/article><article class=\"post project-odd hidden post-9856 type-post status-publish format-standard has-post-thumbnail hentry category-0-en category-protection-of-habitats pmpro-has-access category-43 category-31 description-off\" data-name=\"New information panel &#8211; K\u013e\u00fa\u010dovec\" data-date=\"2019-12-04T16:23:59+01:00\">\n\n<div class=\"post-thumbnail-wrap\">\n\t<div class=\"post-thumbnail\">\n\n\t\t\n\t\t\n\t\t<a href=\"https:\/\/broz.sk\/en\/novy-informacny-panel-klucovec\/\" class=\"post-thumbnail-rollover layzr-bg layzr-bg\" ><img decoding=\"async\" class=\"blog-thumb-lazy-load preload-me lazy-load aspect\" src=\"data:image\/svg+xml,%3Csvg%20xmlns%3D&#39;http%3A%2F%2Fwww.w3.org%2F2000%2Fsvg&#39;%20viewBox%3D&#39;0%200%20768%20576&#39;%2F%3E\" data-src=\"https:\/\/broz.sk\/wp-content\/uploads\/2019\/12\/DSC_0048_L-768x576.jpg\" data-srcset=\"https:\/\/broz.sk\/wp-content\/uploads\/2019\/12\/DSC_0048_L-768x576.jpg 768w, https:\/\/broz.sk\/wp-content\/uploads\/2019\/12\/DSC_0048_L-1306x979.jpg 1306w\" loading=\"eager\" style=\"--ratio: 768 \/ 576\" sizes=\"(max-width: 768px) 100vw, 768px\" alt=\"\" title=\"DSC_0048_L\" width=\"768\" height=\"576\"  \/><\/a>\n\t<\/div>\n<\/div>\n\n\n<div class=\"post-entry-content\">\n\n\t<h3 class=\"entry-title\">\n\t\t<a href=\"https:\/\/broz.sk\/en\/novy-informacny-panel-klucovec\/\" title=\"New information panel &#8211; K\u013e\u00fa\u010dovec\" rel=\"bookmark\">New information panel &#8211; K\u013e\u00fa\u010dovec<\/a>\n\t<\/h3>\n\n\t<div class=\"entry-meta\"><a href=\"https:\/\/broz.sk\/en\/2019\/12\/04\/\" title=\"16:23\" class=\"data-link\" rel=\"bookmark\"><time class=\"entry-date updated\" datetime=\"2019-12-04T16:23:59+01:00\">4. December 2019<\/time><\/a><\/div>\n\t<div class=\"entry-excerpt\"><p>[vc_row][vc_column][vc_column_text]If you admire the Danube river and its side arms, visit the area near the K\u013e\u00fa\u010dovec village, where we are gradually starting to restore the river branch system along the Danube. This year we re-connected the lower part of the K\u013e\u00fa\u010dovsk\u00e9 arm to the main stream of the Danube. There is also an information panel,&hellip;<\/p>\n<\/div>\n\t\n<a href=\"https:\/\/broz.sk\/en\/novy-informacny-panel-klucovec\/\" class=\"post-details details-type-link\" aria-label=\"Read more about New information panel &#8211; K\u013e\u00fa\u010dovec\">Read more<i class=\"dt-icon-the7-arrow-03\" aria-hidden=\"true\"><\/i><\/a>\n\n<\/div><\/article><article class=\"post project-odd hidden post-9859 type-post status-publish format-standard has-post-thumbnail hentry category-protection-of-habitats pmpro-has-access category-31 description-off\" data-name=\"Another Danube branch restored!\" data-date=\"2019-12-02T13:16:58+01:00\">\n\n<div class=\"post-thumbnail-wrap\">\n\t<div class=\"post-thumbnail\">\n\n\t\t\n\t\t\n\t\t<a href=\"https:\/\/broz.sk\/en\/dalsie-rameno-dunaja-obnovene\/\" class=\"post-thumbnail-rollover layzr-bg layzr-bg\" ><img decoding=\"async\" class=\"blog-thumb-lazy-load preload-me lazy-load aspect\" src=\"data:image\/svg+xml,%3Csvg%20xmlns%3D&#39;http%3A%2F%2Fwww.w3.org%2F2000%2Fsvg&#39;%20viewBox%3D&#39;0%200%20638%20479&#39;%2F%3E\" data-src=\"https:\/\/broz.sk\/wp-content\/uploads\/2019\/10\/C2d-638x479.jpg\" data-srcset=\"https:\/\/broz.sk\/wp-content\/uploads\/2019\/10\/C2d-638x479.jpg 638w\" loading=\"eager\" style=\"--ratio: 638 \/ 479\" sizes=\"(max-width: 638px) 100vw, 638px\" alt=\"\" title=\"C2d\" width=\"638\" height=\"479\"  \/><\/a>\n\t<\/div>\n<\/div>\n\n\n<div class=\"post-entry-content\">\n\n\t<h3 class=\"entry-title\">\n\t\t<a href=\"https:\/\/broz.sk\/en\/dalsie-rameno-dunaja-obnovene\/\" title=\"Another Danube branch restored!\" rel=\"bookmark\">Another Danube branch restored!<\/a>\n\t<\/h3>\n\n\t<div class=\"entry-meta\"><a href=\"https:\/\/broz.sk\/en\/2019\/12\/02\/\" title=\"13:16\" class=\"data-link\" rel=\"bookmark\"><time class=\"entry-date updated\" datetime=\"2019-12-02T13:16:58+01:00\">2. December 2019<\/time><\/a><\/div>\n\t<div class=\"entry-excerpt\"><p>[vc_row][vc_column][vc_column_text]The K\u013e\u00fa\u010dovsk\u00e9 rameno arm &#8211; already the eighth arm, which, together with partner organizations, we managed to restore in the river branch system of the Danube. Together we are celebrating another significant milestone in our efforts to restore the Danube inland delta. Work began in March and finished in November 2019. A side overflow was&hellip;<\/p>\n<\/div>\n\t\n<a href=\"https:\/\/broz.sk\/en\/dalsie-rameno-dunaja-obnovene\/\" class=\"post-details details-type-link\" aria-label=\"Read more about Another Danube branch restored!\">Read more<i class=\"dt-icon-the7-arrow-03\" aria-hidden=\"true\"><\/i><\/a>\n\n<\/div><\/article><article class=\"post project-odd hidden post-9829 type-post status-publish format-standard has-post-thumbnail hentry category-0-en category-protection-of-habitats pmpro-has-access category-43 category-31 description-off\" data-name=\"New information panels \u2013 SPA Doln\u00e9 Pohronie \u2013 B\u00e1torov\u00e9 Kosihy\" data-date=\"2019-10-11T16:00:08+02:00\">\n\n<div class=\"post-thumbnail-wrap\">\n\t<div class=\"post-thumbnail\">\n\n\t\t\n\t\t\n\t\t<a href=\"https:\/\/broz.sk\/en\/nove-informacne-panely-chvu-dolne-pohronie-batorove-kosihy\/\" class=\"post-thumbnail-rollover layzr-bg layzr-bg\" ><img decoding=\"async\" class=\"blog-thumb-lazy-load preload-me lazy-load aspect\" src=\"data:image\/svg+xml,%3Csvg%20xmlns%3D&#39;http%3A%2F%2Fwww.w3.org%2F2000%2Fsvg&#39;%20viewBox%3D&#39;0%200%20551%20413&#39;%2F%3E\" data-src=\"https:\/\/broz.sk\/wp-content\/uploads\/2019\/10\/panel2-e1575471995781-551x413.jpg\" data-srcset=\"https:\/\/broz.sk\/wp-content\/uploads\/2019\/10\/panel2-e1575471995781-551x413.jpg 551w\" loading=\"eager\" style=\"--ratio: 551 \/ 413\" sizes=\"(max-width: 551px) 100vw, 551px\" alt=\"\" title=\"panel2\" width=\"551\" height=\"413\"  \/><\/a>\n\t<\/div>\n<\/div>\n\n\n<div class=\"post-entry-content\">\n\n\t<h3 class=\"entry-title\">\n\t\t<a href=\"https:\/\/broz.sk\/en\/nove-informacne-panely-chvu-dolne-pohronie-batorove-kosihy\/\" title=\"New information panels \u2013 SPA Doln\u00e9 Pohronie \u2013 B\u00e1torov\u00e9 Kosihy\" rel=\"bookmark\">New information panels \u2013 SPA Doln\u00e9 Pohronie \u2013 B\u00e1torov\u00e9 Kosihy<\/a>\n\t<\/h3>\n\n\t<div class=\"entry-meta\"><a href=\"https:\/\/broz.sk\/en\/2019\/10\/11\/\" title=\"16:00\" class=\"data-link\" rel=\"bookmark\"><time class=\"entry-date updated\" datetime=\"2019-10-11T16:00:08+02:00\">11. October 2019<\/time><\/a><\/div>\n\t<div class=\"entry-excerpt\"><p>[vc_row][vc_column][vc_column_text]If you get near by to B\u00e1torove Kosihy village, you will find two new information panels to learn more about the SPA Doln\u00e9 Pohronie as well as interesting species inhabiting the steep walls created on sand dunes. If you get here during the breeding season (of course best on the bike), you have a high&hellip;<\/p>\n<\/div>\n\t\n<a href=\"https:\/\/broz.sk\/en\/nove-informacne-panely-chvu-dolne-pohronie-batorove-kosihy\/\" class=\"post-details details-type-link\" aria-label=\"Read more about New information panels \u2013 SPA Doln\u00e9 Pohronie \u2013 B\u00e1torov\u00e9 Kosihy\">Read more<i class=\"dt-icon-the7-arrow-03\" aria-hidden=\"true\"><\/i><\/a>\n\n<\/div><\/article><article class=\"post project-odd hidden post-12352 type-post status-publish format-standard has-post-thumbnail hentry category-protection-of-habitats pmpro-has-access category-31 description-off\" data-name=\"How are we doing with realisation of the activities \u2013 Excursion in Danube flood-plains 2019\" data-date=\"2019-09-26T10:43:48+02:00\">\n\n<div class=\"post-thumbnail-wrap\">\n\t<div class=\"post-thumbnail\">\n\n\t\t\n\t\t\n\t\t<a href=\"https:\/\/broz.sk\/en\/ako-pokracuje-vyvoj-realizovanych-aktivit-exkurzia-2019\/\" class=\"post-thumbnail-rollover layzr-bg layzr-bg\" ><img decoding=\"async\" class=\"blog-thumb-lazy-load preload-me lazy-load aspect\" src=\"data:image\/svg+xml,%3Csvg%20xmlns%3D&#39;http%3A%2F%2Fwww.w3.org%2F2000%2Fsvg&#39;%20viewBox%3D&#39;0%200%20768%20576&#39;%2F%3E\" data-src=\"https:\/\/broz.sk\/wp-content\/uploads\/2019\/10\/DSC00152-768x576.jpg\" data-srcset=\"https:\/\/broz.sk\/wp-content\/uploads\/2019\/10\/DSC00152-768x576.jpg 768w, https:\/\/broz.sk\/wp-content\/uploads\/2019\/10\/DSC00152-1306x979.jpg 1306w\" loading=\"eager\" style=\"--ratio: 768 \/ 576\" sizes=\"(max-width: 768px) 100vw, 768px\" alt=\"\" title=\"DSC00152\" width=\"768\" height=\"576\"  \/><\/a>\n\t<\/div>\n<\/div>\n\n\n<div class=\"post-entry-content\">\n\n\t<h3 class=\"entry-title\">\n\t\t<a href=\"https:\/\/broz.sk\/en\/ako-pokracuje-vyvoj-realizovanych-aktivit-exkurzia-2019\/\" title=\"How are we doing with realisation of the activities \u2013 Excursion in Danube flood-plains 2019\" rel=\"bookmark\">How are we doing with realisation of the activities \u2013 Excursion in Danube flood-plains 2019<\/a>\n\t<\/h3>\n\n\t<div class=\"entry-meta\"><a href=\"https:\/\/broz.sk\/en\/2019\/09\/26\/\" title=\"10:43\" class=\"data-link\" rel=\"bookmark\"><time class=\"entry-date updated\" datetime=\"2019-09-26T10:43:48+02:00\">26. September 2019<\/time><\/a><\/div>\n\t<div class=\"entry-excerpt\"><p>On 24.-25. 9. 2019 we organized an excursion where we demonstrated restora-tion activities done during the project. Together with employees from Ministry of Environment, local offices and other \u201estakeholders\u201c we could see and also hear how the Danube floodplains <\/p>\n<\/div>\n\t\n<a href=\"https:\/\/broz.sk\/en\/ako-pokracuje-vyvoj-realizovanych-aktivit-exkurzia-2019\/\" class=\"post-details details-type-link\" aria-label=\"Read more about How are we doing with realisation of the activities \u2013 Excursion in Danube flood-plains 2019\">Read more<i class=\"dt-icon-the7-arrow-03\" aria-hidden=\"true\"><\/i><\/a>\n\n<\/div><\/article><article class=\"post project-odd hidden post-8412 type-post status-publish format-standard has-post-thumbnail hentry category-protection-of-habitats pmpro-has-access category-31 description-off\" data-name=\"We will restore wetlands in a landscape suffering from drought\" data-date=\"2019-09-12T14:21:11+02:00\">\n\n<div class=\"post-thumbnail-wrap\">\n\t<div class=\"post-thumbnail\">\n\n\t\t\n\t\t\n\t\t<a href=\"https:\/\/broz.sk\/en\/we-will-restore-wetlands-in-a-landscape-in-drought\/\" class=\"post-thumbnail-rollover layzr-bg layzr-bg\" ><img decoding=\"async\" class=\"blog-thumb-lazy-load preload-me lazy-load aspect\" src=\"data:image\/svg+xml,%3Csvg%20xmlns%3D&#39;http%3A%2F%2Fwww.w3.org%2F2000%2Fsvg&#39;%20viewBox%3D&#39;0%200%20768%20576&#39;%2F%3E\" data-src=\"https:\/\/broz.sk\/wp-content\/uploads\/2019\/09\/1.-768x576.jpg\" data-srcset=\"https:\/\/broz.sk\/wp-content\/uploads\/2019\/09\/1.-768x576.jpg 768w, https:\/\/broz.sk\/wp-content\/uploads\/2019\/09\/1.-1306x979.jpg 1306w\" loading=\"eager\" style=\"--ratio: 768 \/ 576\" sizes=\"(max-width: 768px) 100vw, 768px\" alt=\"\" title=\"1.\" width=\"768\" height=\"576\"  \/><\/a>\n\t<\/div>\n<\/div>\n\n\n<div class=\"post-entry-content\">\n\n\t<h3 class=\"entry-title\">\n\t\t<a href=\"https:\/\/broz.sk\/en\/we-will-restore-wetlands-in-a-landscape-in-drought\/\" title=\"We will restore wetlands in a landscape suffering from drought\" rel=\"bookmark\">We will restore wetlands in a landscape suffering from drought<\/a>\n\t<\/h3>\n\n\t<div class=\"entry-meta\"><a href=\"https:\/\/broz.sk\/en\/2019\/09\/12\/\" title=\"14:21\" class=\"data-link\" rel=\"bookmark\"><time class=\"entry-date updated\" datetime=\"2019-09-12T14:21:11+02:00\">12. September 2019<\/time><\/a><\/div>\n\t<div class=\"entry-excerpt\"><p>We will restore small-scale wetlands in SPA Ostrovn\u00e9 L\u00faky. Not only is it a\u00a0big support for local biodiversity in the local intensely agricultural landscape, wetlands also help to store fresh water in an area which is suffering from a\u00a0long-term drought. They also play a\u00a0significant role as carbon sinks and therefore act as mitigators of climate&hellip;<\/p>\n<\/div>\n\t\n<a href=\"https:\/\/broz.sk\/en\/we-will-restore-wetlands-in-a-landscape-in-drought\/\" class=\"post-details details-type-link\" aria-label=\"Read more about We will restore wetlands in a landscape suffering from drought\">Read more<i class=\"dt-icon-the7-arrow-03\" aria-hidden=\"true\"><\/i><\/a>\n\n<\/div><\/article><article class=\"post project-odd hidden post-12349 type-post status-publish format-standard has-post-thumbnail hentry category-uncategorized pmpro-has-access category-22 description-off\" data-name=\"See the atmosphere of the summer camps for kids in Ve\u013ek\u00e9 L\u00e9l \u2013 summer 2019\" data-date=\"2019-09-02T16:17:05+02:00\">\n\n<div class=\"post-thumbnail-wrap\">\n\t<div class=\"post-thumbnail\">\n\n\t\t\n\t\t\n\t\t<a href=\"https:\/\/broz.sk\/en\/nahliadnite-do-atmosfery-detskych-taborov-2019-na-velkom-leli\/\" class=\"post-thumbnail-rollover layzr-bg layzr-bg\" ><img decoding=\"async\" class=\"blog-thumb-lazy-load preload-me lazy-load aspect\" src=\"data:image\/svg+xml,%3Csvg%20xmlns%3D&#39;http%3A%2F%2Fwww.w3.org%2F2000%2Fsvg&#39;%20viewBox%3D&#39;0%200%20768%20576&#39;%2F%3E\" data-src=\"https:\/\/broz.sk\/wp-content\/uploads\/2019\/10\/TVL_016-768x576.jpg\" data-srcset=\"https:\/\/broz.sk\/wp-content\/uploads\/2019\/10\/TVL_016-768x576.jpg 768w, https:\/\/broz.sk\/wp-content\/uploads\/2019\/10\/TVL_016-1306x979.jpg 1306w\" loading=\"eager\" style=\"--ratio: 768 \/ 576\" sizes=\"(max-width: 768px) 100vw, 768px\" alt=\"\" title=\"TVL_016\" width=\"768\" height=\"576\"  \/><\/a>\n\t<\/div>\n<\/div>\n\n\n<div class=\"post-entry-content\">\n\n\t<h3 class=\"entry-title\">\n\t\t<a href=\"https:\/\/broz.sk\/en\/nahliadnite-do-atmosfery-detskych-taborov-2019-na-velkom-leli\/\" title=\"See the atmosphere of the summer camps for kids in Ve\u013ek\u00e9 L\u00e9l \u2013 summer 2019\" rel=\"bookmark\">See the atmosphere of the summer camps for kids in Ve\u013ek\u00e9 L\u00e9l \u2013 summer 2019<\/a>\n\t<\/h3>\n\n\t<div class=\"entry-meta\"><a href=\"https:\/\/broz.sk\/en\/2019\/09\/02\/\" title=\"16:17\" class=\"data-link\" rel=\"bookmark\"><time class=\"entry-date updated\" datetime=\"2019-09-02T16:17:05+02:00\">2. September 2019<\/time><\/a><\/div>\n\t<div class=\"entry-excerpt\"><p>[vc_row][vc_column][vc_column_text][\/vc_column_text][\/vc_column][\/vc_row][vc_row][vc_column][\/vc_column][\/vc_row]<\/p>\n<\/div>\n\t\n<a href=\"https:\/\/broz.sk\/en\/nahliadnite-do-atmosfery-detskych-taborov-2019-na-velkom-leli\/\" class=\"post-details details-type-link\" aria-label=\"Read more about See the atmosphere of the summer camps for kids in Ve\u013ek\u00e9 L\u00e9l \u2013 summer 2019\">Read more<i class=\"dt-icon-the7-arrow-03\" aria-hidden=\"true\"><\/i><\/a>\n\n<\/div><\/article><article class=\"post project-odd hidden post-8410 type-post status-publish format-standard has-post-thumbnail hentry category-protection-of-habitats category-protection-of-species pmpro-has-access category-31 category-30 description-off\" data-name=\"The grazers return to the glasslands! \u2013 a herd of rescued horses\" data-date=\"2019-08-12T14:19:47+02:00\">\n\n<div class=\"post-thumbnail-wrap\">\n\t<div class=\"post-thumbnail\">\n\n\t\t\n\t\t\n\t\t<a href=\"https:\/\/broz.sk\/en\/the-grazers-return-to-the-glasslands-a-herd-of-rescued-horses\/\" class=\"post-thumbnail-rollover layzr-bg layzr-bg\" ><img decoding=\"async\" class=\"blog-thumb-lazy-load preload-me lazy-load aspect\" src=\"data:image\/svg+xml,%3Csvg%20xmlns%3D&#39;http%3A%2F%2Fwww.w3.org%2F2000%2Fsvg&#39;%20viewBox%3D&#39;0%200%20768%20576&#39;%2F%3E\" data-src=\"https:\/\/broz.sk\/wp-content\/uploads\/2019\/09\/P1050075-768x576.jpg\" data-srcset=\"https:\/\/broz.sk\/wp-content\/uploads\/2019\/09\/P1050075-768x576.jpg 768w, https:\/\/broz.sk\/wp-content\/uploads\/2019\/09\/P1050075-1306x979.jpg 1306w\" loading=\"eager\" style=\"--ratio: 768 \/ 576\" sizes=\"(max-width: 768px) 100vw, 768px\" alt=\"\" title=\"P1050075\" width=\"768\" height=\"576\"  \/><\/a>\n\t<\/div>\n<\/div>\n\n\n<div class=\"post-entry-content\">\n\n\t<h3 class=\"entry-title\">\n\t\t<a href=\"https:\/\/broz.sk\/en\/the-grazers-return-to-the-glasslands-a-herd-of-rescued-horses\/\" title=\"The grazers return to the glasslands! \u2013 a herd of rescued horses\" rel=\"bookmark\">The grazers return to the glasslands! \u2013 a herd of rescued horses<\/a>\n\t<\/h3>\n\n\t<div class=\"entry-meta\"><a href=\"https:\/\/broz.sk\/en\/2019\/08\/12\/\" title=\"14:19\" class=\"data-link\" rel=\"bookmark\"><time class=\"entry-date updated\" datetime=\"2019-08-12T14:19:47+02:00\">12. August 2019<\/time><\/a><\/div>\n\t<div class=\"entry-excerpt\"><p>We are thrilled at the nice outcome of a\u00a0cooperation between nature conservationists and animal protectors. On the pohotographs you can see the result of two good things coming together. This month we started a\u00a0cooperation with a\u00a0local stakeholder, a\u00a0lady who rescues abandoned and neglected horses. She was looking for a\u00a0medow where they could graze and have&hellip;<\/p>\n<\/div>\n\t\n<a href=\"https:\/\/broz.sk\/en\/the-grazers-return-to-the-glasslands-a-herd-of-rescued-horses\/\" class=\"post-details details-type-link\" aria-label=\"Read more about The grazers return to the glasslands! \u2013 a herd of rescued horses\">Read more<i class=\"dt-icon-the7-arrow-03\" aria-hidden=\"true\"><\/i><\/a>\n\n<\/div><\/article><article class=\"post project-odd hidden post-9301 type-post status-publish format-standard has-post-thumbnail hentry category-protection-of-habitats category-protection-of-species tag-life-en tag-pasenie_je_spasa-en tag-sub-pannonic-en pmpro-has-access category-31 category-30 description-off\" data-name=\"Restoration of grazing at Ve\u013ek\u00fd Kopec\" data-date=\"2019-08-02T14:35:52+02:00\">\n\n<div class=\"post-thumbnail-wrap\">\n\t<div class=\"post-thumbnail\">\n\n\t\t\n\t\t\n\t\t<a href=\"https:\/\/broz.sk\/en\/obnova-pastvy-na-velkom-kopci\/\" class=\"post-thumbnail-rollover layzr-bg layzr-bg\" ><img decoding=\"async\" class=\"blog-thumb-lazy-load preload-me lazy-load aspect\" src=\"data:image\/svg+xml,%3Csvg%20xmlns%3D&#39;http%3A%2F%2Fwww.w3.org%2F2000%2Fsvg&#39;%20viewBox%3D&#39;0%200%20768%20576&#39;%2F%3E\" data-src=\"https:\/\/broz.sk\/wp-content\/uploads\/2019\/08\/67950146_10156114622640448_6800180449416052736_o-768x576.jpg\" data-srcset=\"https:\/\/broz.sk\/wp-content\/uploads\/2019\/08\/67950146_10156114622640448_6800180449416052736_o-768x576.jpg 768w, https:\/\/broz.sk\/wp-content\/uploads\/2019\/08\/67950146_10156114622640448_6800180449416052736_o-1306x979.jpg 1306w\" loading=\"eager\" style=\"--ratio: 768 \/ 576\" sizes=\"(max-width: 768px) 100vw, 768px\" alt=\"\" title=\"67950146_10156114622640448_6800180449416052736_o\" width=\"768\" height=\"576\"  \/><\/a>\n\t<\/div>\n<\/div>\n\n\n<div class=\"post-entry-content\">\n\n\t<h3 class=\"entry-title\">\n\t\t<a href=\"https:\/\/broz.sk\/en\/obnova-pastvy-na-velkom-kopci\/\" title=\"Restoration of grazing at Ve\u013ek\u00fd Kopec\" rel=\"bookmark\">Restoration of grazing at Ve\u013ek\u00fd Kopec<\/a>\n\t<\/h3>\n\n\t<div class=\"entry-meta\"><a href=\"https:\/\/broz.sk\/en\/2019\/08\/02\/\" title=\"14:35\" class=\"data-link\" rel=\"bookmark\"><time class=\"entry-date updated\" datetime=\"2019-08-02T14:35:52+02:00\">2. August 2019<\/time><\/a><\/div>\n\t<div class=\"entry-excerpt\"><p>Together we a local stakeholder Arnold Docs we started grazing at SCI Ve\u013ek\u00fd Kopec in eastern Slovakia. The grazing will help restore rare steppe habitats including oak pastures which are full of life especially the insect and floral type.<\/p>\n<\/div>\n\t\n<a href=\"https:\/\/broz.sk\/en\/obnova-pastvy-na-velkom-kopci\/\" class=\"post-details details-type-link\" aria-label=\"Read more about Restoration of grazing at Ve\u013ek\u00fd Kopec\">Read more<i class=\"dt-icon-the7-arrow-03\" aria-hidden=\"true\"><\/i><\/a>\n\n<\/div><\/article><article class=\"post project-odd hidden post-8408 type-post status-publish format-standard has-post-thumbnail hentry category-0-en pmpro-has-access category-43 description-off\" data-name=\"We are filming a documentary about nature conservation in agricultural landscapes\" data-date=\"2019-07-30T14:17:45+02:00\">\n\n<div class=\"post-thumbnail-wrap\">\n\t<div class=\"post-thumbnail\">\n\n\t\t\n\t\t\n\t\t<a href=\"https:\/\/broz.sk\/en\/we-are-filming-a-documentary-about-nature-conservation-in-agricultural-landscapes\/\" class=\"post-thumbnail-rollover layzr-bg layzr-bg\" ><img decoding=\"async\" class=\"blog-thumb-lazy-load preload-me lazy-load aspect\" src=\"data:image\/svg+xml,%3Csvg%20xmlns%3D&#39;http%3A%2F%2Fwww.w3.org%2F2000%2Fsvg&#39;%20viewBox%3D&#39;0%200%20768%20576&#39;%2F%3E\" data-src=\"https:\/\/broz.sk\/wp-content\/uploads\/2019\/09\/20190618_112329-768x576.jpg\" data-srcset=\"https:\/\/broz.sk\/wp-content\/uploads\/2019\/09\/20190618_112329-768x576.jpg 768w, https:\/\/broz.sk\/wp-content\/uploads\/2019\/09\/20190618_112329-1306x979.jpg 1306w\" loading=\"eager\" style=\"--ratio: 768 \/ 576\" sizes=\"(max-width: 768px) 100vw, 768px\" alt=\"\" title=\"20190618_112329\" width=\"768\" height=\"576\"  \/><\/a>\n\t<\/div>\n<\/div>\n\n\n<div class=\"post-entry-content\">\n\n\t<h3 class=\"entry-title\">\n\t\t<a href=\"https:\/\/broz.sk\/en\/we-are-filming-a-documentary-about-nature-conservation-in-agricultural-landscapes\/\" title=\"We are filming a documentary about nature conservation in agricultural landscapes\" rel=\"bookmark\">We are filming a documentary about nature conservation in agricultural landscapes<\/a>\n\t<\/h3>\n\n\t<div class=\"entry-meta\"><a href=\"https:\/\/broz.sk\/en\/2019\/07\/30\/\" title=\"14:17\" class=\"data-link\" rel=\"bookmark\"><time class=\"entry-date updated\" datetime=\"2019-07-30T14:17:45+02:00\">30. July 2019<\/time><\/a><\/div>\n\t<div class=\"entry-excerpt\"><p>In cooperation with the documentary-maker Bra\u0148o Moln\u00e1r we are making a\u00a0unique documentary about conservation efforts in areas where nature under pressure from intense agriculture. Such a \u201etemplate\u201c are si SPA Ostrovn\u00e9 L\u00faky, where we are implementing the LIFE Ostrovne Luky conservation project. The nature in the area is facing similar challenges as elsewhere in agricultural&hellip;<\/p>\n<\/div>\n\t\n<a href=\"https:\/\/broz.sk\/en\/we-are-filming-a-documentary-about-nature-conservation-in-agricultural-landscapes\/\" class=\"post-details details-type-link\" aria-label=\"Read more about We are filming a documentary about nature conservation in agricultural landscapes\">Read more<i class=\"dt-icon-the7-arrow-03\" aria-hidden=\"true\"><\/i><\/a>\n\n<\/div><\/article><article class=\"post project-odd hidden post-12344 type-post status-publish format-standard has-post-thumbnail hentry category-protection-of-habitats pmpro-has-access category-31 description-off\" data-name=\"Thanks to the restored canal you may find the enliven wetlands on Ve\u013ekol\u00e9lsky ostrov island\" data-date=\"2019-07-10T18:48:43+02:00\">\n\n<div class=\"post-thumbnail-wrap\">\n\t<div class=\"post-thumbnail\">\n\n\t\t\n\t\t\n\t\t<a href=\"https:\/\/broz.sk\/en\/vdaka-revitalizovanemu-kanalu-mokrade-na-velkolelskom-ostrove-tento-rok-ozili\/\" class=\"post-thumbnail-rollover layzr-bg layzr-bg\" ><img decoding=\"async\" class=\"blog-thumb-lazy-load preload-me lazy-load aspect\" src=\"data:image\/svg+xml,%3Csvg%20xmlns%3D&#39;http%3A%2F%2Fwww.w3.org%2F2000%2Fsvg&#39;%20viewBox%3D&#39;0%200%20644%20483&#39;%2F%3E\" data-src=\"https:\/\/broz.sk\/wp-content\/uploads\/2019\/09\/Obr\u00e1zok13-644x483.jpg\" data-srcset=\"https:\/\/broz.sk\/wp-content\/uploads\/2019\/09\/Obr\u00e1zok13-644x483.jpg 644w\" loading=\"eager\" style=\"--ratio: 644 \/ 483\" sizes=\"(max-width: 644px) 100vw, 644px\" alt=\"\" title=\"Obr\u00e1zok13\" width=\"644\" height=\"483\"  \/><\/a>\n\t<\/div>\n<\/div>\n\n\n<div class=\"post-entry-content\">\n\n\t<h3 class=\"entry-title\">\n\t\t<a href=\"https:\/\/broz.sk\/en\/vdaka-revitalizovanemu-kanalu-mokrade-na-velkolelskom-ostrove-tento-rok-ozili\/\" title=\"Thanks to the restored canal you may find the enliven wetlands on Ve\u013ekol\u00e9lsky ostrov island\" rel=\"bookmark\">Thanks to the restored canal you may find the enliven wetlands on Ve\u013ekol\u00e9lsky ostrov island<\/a>\n\t<\/h3>\n\n\t<div class=\"entry-meta\"><a href=\"https:\/\/broz.sk\/en\/2019\/07\/10\/\" title=\"18:48\" class=\"data-link\" rel=\"bookmark\"><time class=\"entry-date updated\" datetime=\"2019-07-10T18:48:43+02:00\">10. July 2019<\/time><\/a><\/div>\n\t<div class=\"entry-excerpt\"><p>In spring 2018 we managed to restore the canal on Ve\u013ekol\u00e9lsky ostrov island and to create\u00a0 periodical wetlands of about 41 hectares. In the past the canal was built to drain the island meadows quickly after floods. Now it is adjusted to be able to bring the water into the dry middle of the island&hellip;<\/p>\n<\/div>\n\t\n<a href=\"https:\/\/broz.sk\/en\/vdaka-revitalizovanemu-kanalu-mokrade-na-velkolelskom-ostrove-tento-rok-ozili\/\" class=\"post-details details-type-link\" aria-label=\"Read more about Thanks to the restored canal you may find the enliven wetlands on Ve\u013ekol\u00e9lsky ostrov island\">Read more<i class=\"dt-icon-the7-arrow-03\" aria-hidden=\"true\"><\/i><\/a>\n\n<\/div><\/article><article class=\"post project-odd hidden post-12238 type-post status-publish format-standard has-post-thumbnail hentry category-uncategorized pmpro-has-access category-22 description-off\" data-name=\"May feast or EU Green Week 2019\" data-date=\"2019-05-23T10:50:28+02:00\">\n\n<div class=\"post-thumbnail-wrap\">\n\t<div class=\"post-thumbnail\">\n\n\t\t\n\t\t\n\t\t<a href=\"https:\/\/broz.sk\/en\/karlovesky-majales-alebo-eu-green-week-2019\/\" class=\"post-thumbnail-rollover layzr-bg layzr-bg\" ><img decoding=\"async\" class=\"blog-thumb-lazy-load preload-me lazy-load aspect\" src=\"data:image\/svg+xml,%3Csvg%20xmlns%3D&#39;http%3A%2F%2Fwww.w3.org%2F2000%2Fsvg&#39;%20viewBox%3D&#39;0%200%20768%20576&#39;%2F%3E\" data-src=\"https:\/\/broz.sk\/wp-content\/uploads\/2019\/10\/IMG_0218_M-768x576.jpg\" data-srcset=\"https:\/\/broz.sk\/wp-content\/uploads\/2019\/10\/IMG_0218_M-768x576.jpg 768w, https:\/\/broz.sk\/wp-content\/uploads\/2019\/10\/IMG_0218_M-1306x979.jpg 1306w\" loading=\"eager\" style=\"--ratio: 768 \/ 576\" sizes=\"(max-width: 768px) 100vw, 768px\" alt=\"\" title=\"IMG_0218_M\" width=\"768\" height=\"576\"  \/><\/a>\n\t<\/div>\n<\/div>\n\n\n<div class=\"post-entry-content\">\n\n\t<h3 class=\"entry-title\">\n\t\t<a href=\"https:\/\/broz.sk\/en\/karlovesky-majales-alebo-eu-green-week-2019\/\" title=\"May feast or EU Green Week 2019\" rel=\"bookmark\">May feast or EU Green Week 2019<\/a>\n\t<\/h3>\n\n\t<div class=\"entry-meta\"><a href=\"https:\/\/broz.sk\/en\/2019\/05\/23\/\" title=\"10:50\" class=\"data-link\" rel=\"bookmark\"><time class=\"entry-date updated\" datetime=\"2019-05-23T10:50:28+02:00\">23. May 2019<\/time><\/a><\/div>\n\t<div class=\"entry-excerpt\"><p>During the European Green Week many partner events with environmental topic occur from 13th of April till 9th of June in the whole Europe. Inspired by this week we participated on the May feast in cooperation with the company Veolia and the municipality Bratislava \u2013 Karlova Ves.<\/p>\n<\/div>\n\t\n<a href=\"https:\/\/broz.sk\/en\/karlovesky-majales-alebo-eu-green-week-2019\/\" class=\"post-details details-type-link\" aria-label=\"Read more about May feast or EU Green Week 2019\">Read more<i class=\"dt-icon-the7-arrow-03\" aria-hidden=\"true\"><\/i><\/a>\n\n<\/div><\/article><article class=\"post project-odd hidden post-9304 type-post status-publish format-standard has-post-thumbnail hentry category-protection-of-habitats pmpro-has-access category-31 description-off\" data-name=\"Restoration of pastures at Silicka planina\" data-date=\"2019-04-20T12:06:18+02:00\">\n\n<div class=\"post-thumbnail-wrap\">\n\t<div class=\"post-thumbnail\">\n\n\t\t\n\t\t\n\t\t<a href=\"https:\/\/broz.sk\/en\/obnova-pasienkov-na-silickej-planine\/\" class=\"post-thumbnail-rollover layzr-bg layzr-bg\" ><img decoding=\"async\" class=\"blog-thumb-lazy-load preload-me lazy-load aspect\" src=\"data:image\/svg+xml,%3Csvg%20xmlns%3D&#39;http%3A%2F%2Fwww.w3.org%2F2000%2Fsvg&#39;%20viewBox%3D&#39;0%200%20768%20576&#39;%2F%3E\" data-src=\"https:\/\/broz.sk\/wp-content\/uploads\/2019\/06\/IMG_4605-768x576.jpg\" data-srcset=\"https:\/\/broz.sk\/wp-content\/uploads\/2019\/06\/IMG_4605-768x576.jpg 768w, https:\/\/broz.sk\/wp-content\/uploads\/2019\/06\/IMG_4605-1306x979.jpg 1306w\" loading=\"eager\" style=\"--ratio: 768 \/ 576\" sizes=\"(max-width: 768px) 100vw, 768px\" alt=\"\" title=\"IMG_4605\" width=\"768\" height=\"576\"  \/><\/a>\n\t<\/div>\n<\/div>\n\n\n<div class=\"post-entry-content\">\n\n\t<h3 class=\"entry-title\">\n\t\t<a href=\"https:\/\/broz.sk\/en\/obnova-pasienkov-na-silickej-planine\/\" title=\"Restoration of pastures at Silicka planina\" rel=\"bookmark\">Restoration of pastures at Silicka planina<\/a>\n\t<\/h3>\n\n\t<div class=\"entry-meta\"><a href=\"https:\/\/broz.sk\/en\/2019\/04\/20\/\" title=\"12:06\" class=\"data-link\" rel=\"bookmark\"><time class=\"entry-date updated\" datetime=\"2019-04-20T12:06:18+02:00\">20. April 2019<\/time><\/a><\/div>\n\t<div class=\"entry-excerpt\"><p>It is the first year of project running and we already succeeded in restoring the rare dry grassland habitats. One of the first project localitites which was restored through grazing in Fabi\u00e1nka, part of the biggest karst plain in Slovakia \u2013 the Silicka plain.<\/p>\n<\/div>\n\t\n<a href=\"https:\/\/broz.sk\/en\/obnova-pasienkov-na-silickej-planine\/\" class=\"post-details details-type-link\" aria-label=\"Read more about Restoration of pastures at Silicka planina\">Read more<i class=\"dt-icon-the7-arrow-03\" aria-hidden=\"true\"><\/i><\/a>\n\n<\/div><\/article><article class=\"post project-odd hidden post-8983 type-post status-publish format-standard has-post-thumbnail hentry category-protection-of-habitats tag-bsf-en tag-life-en pmpro-has-access category-31 description-off\" data-name=\"Restoration of the first river branch of river-branch system in K\u013e\u00fa\u010dovec\" data-date=\"2019-04-11T16:38:29+02:00\">\n\n<div class=\"post-thumbnail-wrap\">\n\t<div class=\"post-thumbnail\">\n\n\t\t\n\t\t\n\t\t<a href=\"https:\/\/broz.sk\/en\/obnova-prveho-ramena-klucoveckej-ramennej-sustavy\/\" class=\"post-thumbnail-rollover layzr-bg layzr-bg\" ><img decoding=\"async\" class=\"blog-thumb-lazy-load preload-me lazy-load aspect\" src=\"data:image\/svg+xml,%3Csvg%20xmlns%3D&#39;http%3A%2F%2Fwww.w3.org%2F2000%2Fsvg&#39;%20viewBox%3D&#39;0%200%20768%20576&#39;%2F%3E\" data-src=\"https:\/\/broz.sk\/wp-content\/uploads\/2019\/04\/P1080289_L-768x576.jpg\" data-srcset=\"https:\/\/broz.sk\/wp-content\/uploads\/2019\/04\/P1080289_L-768x576.jpg 768w, https:\/\/broz.sk\/wp-content\/uploads\/2019\/04\/P1080289_L-1306x979.jpg 1306w\" loading=\"eager\" style=\"--ratio: 768 \/ 576\" sizes=\"(max-width: 768px) 100vw, 768px\" alt=\"\" title=\"P1080289_L\" width=\"768\" height=\"576\"  \/><\/a>\n\t<\/div>\n<\/div>\n\n\n<div class=\"post-entry-content\">\n\n\t<h3 class=\"entry-title\">\n\t\t<a href=\"https:\/\/broz.sk\/en\/obnova-prveho-ramena-klucoveckej-ramennej-sustavy\/\" title=\"Restoration of the first river branch of river-branch system in K\u013e\u00fa\u010dovec\" rel=\"bookmark\">Restoration of the first river branch of river-branch system in K\u013e\u00fa\u010dovec<\/a>\n\t<\/h3>\n\n\t<div class=\"entry-meta\"><a href=\"https:\/\/broz.sk\/en\/2019\/04\/11\/\" title=\"16:38\" class=\"data-link\" rel=\"bookmark\"><time class=\"entry-date updated\" datetime=\"2019-04-11T16:38:29+02:00\">11. April 2019<\/time><\/a><\/div>\n\t<div class=\"entry-excerpt\"><p>A\u00a0lot of work is beeing done at the Danube. Another part of inland Danube delta \u2013 the largest river treasure of Slovakia \u2013 is going to have flowing water. The works to restore the first river branch of river-branch system in K\u013e\u00fa\u010dovec started in March. Since the middle of the 20th century all inflows into&hellip;<\/p>\n<\/div>\n\t\n<a href=\"https:\/\/broz.sk\/en\/obnova-prveho-ramena-klucoveckej-ramennej-sustavy\/\" class=\"post-details details-type-link\" aria-label=\"Read more about Restoration of the first river branch of river-branch system in K\u013e\u00fa\u010dovec\">Read more<i class=\"dt-icon-the7-arrow-03\" aria-hidden=\"true\"><\/i><\/a>\n\n<\/div><\/article><article class=\"post project-odd hidden post-9309 type-post status-publish format-standard has-post-thumbnail hentry category-protection-of-habitats tag-media-en tag-pastva-en tag-reportaz-en pmpro-has-access category-31 description-off\" data-name=\"TV reportage about grazing at Kr\u00e1\u013eovsk\u00fd Chlmec\" data-date=\"2019-03-27T11:21:51+01:00\">\n\n<div class=\"post-thumbnail-wrap\">\n\t<div class=\"post-thumbnail\">\n\n\t\t\n\t\t\n\t\t<a href=\"https:\/\/broz.sk\/en\/reportaz-o-obnove-pastvy-nad-kralovskym-chlmcom\/\" class=\"post-thumbnail-rollover layzr-bg layzr-bg\" ><img decoding=\"async\" class=\"blog-thumb-lazy-load preload-me lazy-load aspect\" src=\"data:image\/svg+xml,%3Csvg%20xmlns%3D&#39;http%3A%2F%2Fwww.w3.org%2F2000%2Fsvg&#39;%20viewBox%3D&#39;0%200%20768%20576&#39;%2F%3E\" data-src=\"https:\/\/broz.sk\/wp-content\/uploads\/2019\/06\/IMG_8887-768x576.jpg\" data-srcset=\"https:\/\/broz.sk\/wp-content\/uploads\/2019\/06\/IMG_8887-768x576.jpg 768w, https:\/\/broz.sk\/wp-content\/uploads\/2019\/06\/IMG_8887-911x683.jpg 911w\" loading=\"eager\" style=\"--ratio: 768 \/ 576\" sizes=\"(max-width: 768px) 100vw, 768px\" alt=\"\" title=\"IMG_8887\" width=\"768\" height=\"576\"  \/><\/a>\n\t<\/div>\n<\/div>\n\n\n<div class=\"post-entry-content\">\n\n\t<h3 class=\"entry-title\">\n\t\t<a href=\"https:\/\/broz.sk\/en\/reportaz-o-obnove-pastvy-nad-kralovskym-chlmcom\/\" title=\"TV reportage about grazing at Kr\u00e1\u013eovsk\u00fd Chlmec\" rel=\"bookmark\">TV reportage about grazing at Kr\u00e1\u013eovsk\u00fd Chlmec<\/a>\n\t<\/h3>\n\n\t<div class=\"entry-meta\"><a href=\"https:\/\/broz.sk\/en\/2019\/03\/27\/\" title=\"11:21\" class=\"data-link\" rel=\"bookmark\"><time class=\"entry-date updated\" datetime=\"2019-03-27T11:21:51+01:00\">27. March 2019<\/time><\/a><\/div>\n\t<div class=\"entry-excerpt\"><p>We restore rare grassland habitats in eastern Slovakia at lower Zempl\u00edn area. Watch the short news story on TV MA7 about the restoration of Ve\u013ek\u00fd Kopec.<\/p>\n<\/div>\n\t\n<a href=\"https:\/\/broz.sk\/en\/reportaz-o-obnove-pastvy-nad-kralovskym-chlmcom\/\" class=\"post-details details-type-link\" aria-label=\"Read more about TV reportage about grazing at Kr\u00e1\u013eovsk\u00fd Chlmec\">Read more<i class=\"dt-icon-the7-arrow-03\" aria-hidden=\"true\"><\/i><\/a>\n\n<\/div><\/article><article class=\"post project-odd hidden post-7428 type-post status-publish format-standard has-post-thumbnail hentry category-uncategorized pmpro-has-access category-22 description-off\" data-name=\"Come and see the exhibition \u201eWindows to nature\u201c\" data-date=\"2019-03-13T18:26:52+01:00\">\n\n<div class=\"post-thumbnail-wrap\">\n\t<div class=\"post-thumbnail\">\n\n\t\t\n\t\t\n\t\t<a href=\"https:\/\/broz.sk\/en\/pridte-si-pozriet-vystavu-okna-do-prirody\/\" class=\"post-thumbnail-rollover layzr-bg layzr-bg\" ><img decoding=\"async\" class=\"blog-thumb-lazy-load preload-me lazy-load aspect\" src=\"data:image\/svg+xml,%3Csvg%20xmlns%3D&#39;http%3A%2F%2Fwww.w3.org%2F2000%2Fsvg&#39;%20viewBox%3D&#39;0%200%20768%20576&#39;%2F%3E\" data-src=\"https:\/\/broz.sk\/wp-content\/uploads\/2019\/03\/P1030687-768x576.jpg\" data-srcset=\"https:\/\/broz.sk\/wp-content\/uploads\/2019\/03\/P1030687-768x576.jpg 768w, https:\/\/broz.sk\/wp-content\/uploads\/2019\/03\/P1030687-1224x917.jpg 1224w\" loading=\"eager\" style=\"--ratio: 768 \/ 576\" sizes=\"(max-width: 768px) 100vw, 768px\" alt=\"\" title=\"P1030687\" width=\"768\" height=\"576\"  \/><\/a>\n\t<\/div>\n<\/div>\n\n\n<div class=\"post-entry-content\">\n\n\t<h3 class=\"entry-title\">\n\t\t<a href=\"https:\/\/broz.sk\/en\/pridte-si-pozriet-vystavu-okna-do-prirody\/\" title=\"Come and see the exhibition \u201eWindows to nature\u201c\" rel=\"bookmark\">Come and see the exhibition \u201eWindows to nature\u201c<\/a>\n\t<\/h3>\n\n\t<div class=\"entry-meta\"><a href=\"https:\/\/broz.sk\/en\/2019\/03\/13\/\" title=\"18:26\" class=\"data-link\" rel=\"bookmark\"><time class=\"entry-date updated\" datetime=\"2019-03-13T18:26:52+01:00\">13. March 2019<\/time><\/a><\/div>\n\t<div class=\"entry-excerpt\"><p>In the rooms of reconstructed grainery at the Ecofarm Ostrov near the Ve\u013ekol\u00e9lsky ostrov Island, you may get to know more about the disappearing beauties of Danube floodplains. You may see them as well as touch or even smell the natural beauties.<\/p>\n<\/div>\n\t\n<a href=\"https:\/\/broz.sk\/en\/pridte-si-pozriet-vystavu-okna-do-prirody\/\" class=\"post-details details-type-link\" aria-label=\"Read more about Come and see the exhibition \u201eWindows to nature\u201c\">Read more<i class=\"dt-icon-the7-arrow-03\" aria-hidden=\"true\"><\/i><\/a>\n\n<\/div><\/article><article class=\"post project-odd hidden post-8397 type-post status-publish format-standard has-post-thumbnail hentry category-protection-of-habitats pmpro-has-access category-31 description-off\" data-name=\"Mature hollow willows \u2013 islands of biodiverzity in an endless agricultural landscape\" data-date=\"2019-03-13T14:13:36+01:00\">\n\n<div class=\"post-thumbnail-wrap\">\n\t<div class=\"post-thumbnail\">\n\n\t\t\n\t\t\n\t\t<a href=\"https:\/\/broz.sk\/en\/mature-hollow-willows-islands-of-biodiverzity-in-an-endless-agricultural-landscape\/\" class=\"post-thumbnail-rollover layzr-bg layzr-bg\" ><img decoding=\"async\" class=\"blog-thumb-lazy-load preload-me lazy-load aspect\" src=\"data:image\/svg+xml,%3Csvg%20xmlns%3D&#39;http%3A%2F%2Fwww.w3.org%2F2000%2Fsvg&#39;%20viewBox%3D&#39;0%200%20533%20400&#39;%2F%3E\" data-src=\"https:\/\/broz.sk\/wp-content\/uploads\/2019\/10\/IMG_8024-533x400.jpg\" data-srcset=\"https:\/\/broz.sk\/wp-content\/uploads\/2019\/10\/IMG_8024-533x400.jpg 533w\" loading=\"eager\" style=\"--ratio: 533 \/ 400\" sizes=\"(max-width: 533px) 100vw, 533px\" alt=\"\" title=\"IMG_8024\" width=\"533\" height=\"400\"  \/><\/a>\n\t<\/div>\n<\/div>\n\n\n<div class=\"post-entry-content\">\n\n\t<h3 class=\"entry-title\">\n\t\t<a href=\"https:\/\/broz.sk\/en\/mature-hollow-willows-islands-of-biodiverzity-in-an-endless-agricultural-landscape\/\" title=\"Mature hollow willows \u2013 islands of biodiverzity in an endless agricultural landscape\" rel=\"bookmark\">Mature hollow willows \u2013 islands of biodiverzity in an endless agricultural landscape<\/a>\n\t<\/h3>\n\n\t<div class=\"entry-meta\"><a href=\"https:\/\/broz.sk\/en\/2019\/03\/13\/\" title=\"14:13\" class=\"data-link\" rel=\"bookmark\"><time class=\"entry-date updated\" datetime=\"2019-03-13T14:13:36+01:00\">13. March 2019<\/time><\/a><\/div>\n\t<div class=\"entry-excerpt\"><p>During the weekend we worked with saw chains. A\u00a0not-so-standard activity for conservationists but much needed for the old pollard willows and the creation of suitable micro-habitats for an array of different species. It might sound strange, but coppicing helps the old willows, it can extend their life-span by up to a\u00a0100 years! During long-term and&hellip;<\/p>\n<\/div>\n\t\n<a href=\"https:\/\/broz.sk\/en\/mature-hollow-willows-islands-of-biodiverzity-in-an-endless-agricultural-landscape\/\" class=\"post-details details-type-link\" aria-label=\"Read more about Mature hollow willows \u2013 islands of biodiverzity in an endless agricultural landscape\">Read more<i class=\"dt-icon-the7-arrow-03\" aria-hidden=\"true\"><\/i><\/a>\n\n<\/div><\/article><article class=\"post project-odd hidden post-8391 type-post status-publish format-standard has-post-thumbnail hentry category-protection-of-species pmpro-has-access category-30 description-off\" data-name=\"Installing perches for birds near restored grasslands in SPA Ostrovn\u00e9 L\u00faky\" data-date=\"2018-11-24T14:00:14+01:00\">\n\n<div class=\"post-thumbnail-wrap\">\n\t<div class=\"post-thumbnail\">\n\n\t\t\n\t\t\n\t\t<a href=\"https:\/\/broz.sk\/en\/installing-perches-for-birds-near-restored-grasslands-in-spa-ostrovne-luky\/\" class=\"post-thumbnail-rollover layzr-bg layzr-bg\" ><img decoding=\"async\" class=\"blog-thumb-lazy-load preload-me lazy-load aspect\" src=\"data:image\/svg+xml,%3Csvg%20xmlns%3D&#39;http%3A%2F%2Fwww.w3.org%2F2000%2Fsvg&#39;%20viewBox%3D&#39;0%200%20768%20576&#39;%2F%3E\" data-src=\"https:\/\/broz.sk\/wp-content\/uploads\/2019\/10\/20181022_125344-768x576.jpg\" data-srcset=\"https:\/\/broz.sk\/wp-content\/uploads\/2019\/10\/20181022_125344-768x576.jpg 768w, https:\/\/broz.sk\/wp-content\/uploads\/2019\/10\/20181022_125344-1306x979.jpg 1306w\" loading=\"eager\" style=\"--ratio: 768 \/ 576\" sizes=\"(max-width: 768px) 100vw, 768px\" alt=\"\" title=\"20181022_125344\" width=\"768\" height=\"576\"  \/><\/a>\n\t<\/div>\n<\/div>\n\n\n<div class=\"post-entry-content\">\n\n\t<h3 class=\"entry-title\">\n\t\t<a href=\"https:\/\/broz.sk\/en\/installing-perches-for-birds-near-restored-grasslands-in-spa-ostrovne-luky\/\" title=\"Installing perches for birds near restored grasslands in SPA Ostrovn\u00e9 L\u00faky\" rel=\"bookmark\">Installing perches for birds near restored grasslands in SPA Ostrovn\u00e9 L\u00faky<\/a>\n\t<\/h3>\n\n\t<div class=\"entry-meta\"><a href=\"https:\/\/broz.sk\/en\/2018\/11\/24\/\" title=\"14:00\" class=\"data-link\" rel=\"bookmark\"><time class=\"entry-date updated\" datetime=\"2018-11-24T14:00:14+01:00\">24. November 2018<\/time><\/a><\/div>\n\t<div class=\"entry-excerpt\"><p>During the autumn we installed several tall wooden perches for birds. They are all near grasslands restored by BROZ and will serve as resting and hunting spots for different bird species. Watch the VIDEO from the installation.<\/p>\n<\/div>\n\t\n<a href=\"https:\/\/broz.sk\/en\/installing-perches-for-birds-near-restored-grasslands-in-spa-ostrovne-luky\/\" class=\"post-details details-type-link\" aria-label=\"Read more about Installing perches for birds near restored grasslands in SPA Ostrovn\u00e9 L\u00faky\">Read more<i class=\"dt-icon-the7-arrow-03\" aria-hidden=\"true\"><\/i><\/a>\n\n<\/div><\/article><article class=\"post project-odd hidden post-8381 type-post status-publish format-standard has-post-thumbnail hentry category-0-en pmpro-has-access category-43 description-off\" data-name=\"Take a peek into the nest of lanius minor\" data-date=\"2018-10-30T13:32:57+01:00\">\n\n<div class=\"post-thumbnail-wrap\">\n\t<div class=\"post-thumbnail\">\n\n\t\t\n\t\t\n\t\t<a href=\"https:\/\/broz.sk\/en\/take-a-peek-into-the-nest-of-lanius-minor\/\" class=\"post-thumbnail-rollover layzr-bg layzr-bg\" ><img decoding=\"async\" class=\"blog-thumb-lazy-load preload-me lazy-load aspect\" src=\"data:image\/svg+xml,%3Csvg%20xmlns%3D&#39;http%3A%2F%2Fwww.w3.org%2F2000%2Fsvg&#39;%20viewBox%3D&#39;0%200%20461%20346&#39;%2F%3E\" data-src=\"https:\/\/broz.sk\/wp-content\/uploads\/2019\/10\/strakos-692x346-461x346.jpg\" data-srcset=\"https:\/\/broz.sk\/wp-content\/uploads\/2019\/10\/strakos-692x346-461x346.jpg 461w\" loading=\"eager\" style=\"--ratio: 461 \/ 346\" sizes=\"(max-width: 461px) 100vw, 461px\" alt=\"\" title=\"strakos-692&#215;346\" width=\"461\" height=\"346\"  \/><\/a>\n\t<\/div>\n<\/div>\n\n\n<div class=\"post-entry-content\">\n\n\t<h3 class=\"entry-title\">\n\t\t<a href=\"https:\/\/broz.sk\/en\/take-a-peek-into-the-nest-of-lanius-minor\/\" title=\"Take a peek into the nest of lanius minor\" rel=\"bookmark\">Take a peek into the nest of lanius minor<\/a>\n\t<\/h3>\n\n\t<div class=\"entry-meta\"><a href=\"https:\/\/broz.sk\/en\/2018\/10\/30\/\" title=\"13:32\" class=\"data-link\" rel=\"bookmark\"><time class=\"entry-date updated\" datetime=\"2018-10-30T13:32:57+01:00\">30. October 2018<\/time><\/a><\/div>\n\t<div class=\"entry-excerpt\"><p>You can watch the video HERE\u00a0 The area of SPA Ostrovne Luky is under intense agricultural pressure causing suitable habitats for birds such as the great lesser shrike to dissapear. Chemisation of the arable land causes the insect \u2013 prey to many bird species to disspear at an allarming rate. The shots were made as&hellip;<\/p>\n<\/div>\n\t\n<a href=\"https:\/\/broz.sk\/en\/take-a-peek-into-the-nest-of-lanius-minor\/\" class=\"post-details details-type-link\" aria-label=\"Read more about Take a peek into the nest of lanius minor\">Read more<i class=\"dt-icon-the7-arrow-03\" aria-hidden=\"true\"><\/i><\/a>\n\n<\/div><\/article><article class=\"post project-odd hidden post-12211 type-post status-publish format-standard has-post-thumbnail hentry category-0-en tag-dunajskeluhy tag-life pmpro-has-access category-43 description-off\" data-name=\"Invitation \u2013 Opening of the exhibition \u201eWindows to Nature\u201c\" data-date=\"2018-10-02T17:42:15+02:00\">\n\n<div class=\"post-thumbnail-wrap\">\n\t<div class=\"post-thumbnail\">\n\n\t\t\n\t\t\n\t\t<a href=\"https:\/\/broz.sk\/en\/pozvanka-na-otvorenie-vystavy-okna-do-prirody\/\" class=\"post-thumbnail-rollover layzr-bg layzr-bg\" ><img decoding=\"async\" class=\"blog-thumb-lazy-load preload-me lazy-load aspect\" src=\"data:image\/svg+xml,%3Csvg%20xmlns%3D&#39;http%3A%2F%2Fwww.w3.org%2F2000%2Fsvg&#39;%20viewBox%3D&#39;0%200%20768%20576&#39;%2F%3E\" data-src=\"https:\/\/broz.sk\/wp-content\/uploads\/2018\/10\/P1040605-768x576.jpg\" data-srcset=\"https:\/\/broz.sk\/wp-content\/uploads\/2018\/10\/P1040605-768x576.jpg 768w, https:\/\/broz.sk\/wp-content\/uploads\/2018\/10\/P1040605-1306x979.jpg 1306w\" loading=\"eager\" style=\"--ratio: 768 \/ 576\" sizes=\"(max-width: 768px) 100vw, 768px\" alt=\"\" title=\"P1040605\" width=\"768\" height=\"576\"  \/><\/a>\n\t<\/div>\n<\/div>\n\n\n<div class=\"post-entry-content\">\n\n\t<h3 class=\"entry-title\">\n\t\t<a href=\"https:\/\/broz.sk\/en\/pozvanka-na-otvorenie-vystavy-okna-do-prirody\/\" title=\"Invitation \u2013 Opening of the exhibition \u201eWindows to Nature\u201c\" rel=\"bookmark\">Invitation \u2013 Opening of the exhibition \u201eWindows to Nature\u201c<\/a>\n\t<\/h3>\n\n\t<div class=\"entry-meta\"><a href=\"https:\/\/broz.sk\/en\/2018\/10\/02\/\" title=\"17:42\" class=\"data-link\" rel=\"bookmark\"><time class=\"entry-date updated\" datetime=\"2018-10-02T17:42:15+02:00\">2. October 2018<\/time><\/a><\/div>\n\t<div class=\"entry-excerpt\"><p>In the 10th of October 2018 you are kindly invited for the opening of the exhibition about dissapearing beauties of the floodplains. The exhibition shows the visitors of all ages the threatened nature of Danube floodplain habitats (river branches, wet meadows, gravel deposits, floodplain forests, wetlands and salt marshes) that Regional Association of Nature Conservation and Sustainable Development is more than 20 years trying to restore successfully. <\/p>\n<\/div>\n\t\n<a href=\"https:\/\/broz.sk\/en\/pozvanka-na-otvorenie-vystavy-okna-do-prirody\/\" class=\"post-details details-type-link\" aria-label=\"Read more about Invitation \u2013 Opening of the exhibition \u201eWindows to Nature\u201c\">Read more<i class=\"dt-icon-the7-arrow-03\" aria-hidden=\"true\"><\/i><\/a>\n\n<\/div><\/article><article class=\"post project-odd hidden post-5114 type-post status-publish format-standard has-post-thumbnail hentry category-protection-of-species tag-dunajskeluhy-en tag-dunajskeluhy tag-life-en pmpro-has-access category-30 description-off\" data-name=\"Identification of selected seed trees in Danube floodplains\" data-date=\"2018-09-14T13:59:41+02:00\">\n\n<div class=\"post-thumbnail-wrap\">\n\t<div class=\"post-thumbnail\">\n\n\t\t\n\t\t\n\t\t<a href=\"https:\/\/broz.sk\/en\/umiestnenie-vybranych-semennych-stromov-v-dunajskych-luhoch\/\" class=\"post-thumbnail-rollover layzr-bg layzr-bg\" ><img decoding=\"async\" class=\"blog-thumb-lazy-load preload-me lazy-load aspect\" src=\"data:image\/svg+xml,%3Csvg%20xmlns%3D&#39;http%3A%2F%2Fwww.w3.org%2F2000%2Fsvg&#39;%20viewBox%3D&#39;0%200%20768%20576&#39;%2F%3E\" data-src=\"https:\/\/broz.sk\/wp-content\/uploads\/2018\/09\/lel16-768x576.jpg\" data-srcset=\"https:\/\/broz.sk\/wp-content\/uploads\/2018\/09\/lel16-768x576.jpg 768w, https:\/\/broz.sk\/wp-content\/uploads\/2018\/09\/lel16.jpg 900w\" loading=\"eager\" style=\"--ratio: 768 \/ 576\" sizes=\"(max-width: 768px) 100vw, 768px\" alt=\"\" title=\"lel16\" width=\"768\" height=\"576\"  \/><\/a>\n\t<\/div>\n<\/div>\n\n\n<div class=\"post-entry-content\">\n\n\t<h3 class=\"entry-title\">\n\t\t<a href=\"https:\/\/broz.sk\/en\/umiestnenie-vybranych-semennych-stromov-v-dunajskych-luhoch\/\" title=\"Identification of selected seed trees in Danube floodplains\" rel=\"bookmark\">Identification of selected seed trees in Danube floodplains<\/a>\n\t<\/h3>\n\n\t<div class=\"entry-meta\"><a href=\"https:\/\/broz.sk\/en\/2018\/09\/14\/\" title=\"13:59\" class=\"data-link\" rel=\"bookmark\"><time class=\"entry-date updated\" datetime=\"2018-09-14T13:59:41+02:00\">14. September 2018<\/time><\/a><\/div>\n\t<div class=\"entry-excerpt\"><p>Experts from National forest centre (NLC) have indetified significant trees &#8211; sources of genetic material of the native tree and shrub species (black and white poplar, pear tree, white willow, narrow-leafed ash, bird cherry&#8230;). The most valuable of the trees will be nominated in National register and National list of\u00a0 Forest reproductive material. In the&hellip;<\/p>\n<\/div>\n\t\n<a href=\"https:\/\/broz.sk\/en\/umiestnenie-vybranych-semennych-stromov-v-dunajskych-luhoch\/\" class=\"post-details details-type-link\" aria-label=\"Read more about Identification of selected seed trees in Danube floodplains\">Read more<i class=\"dt-icon-the7-arrow-03\" aria-hidden=\"true\"><\/i><\/a>\n\n<\/div><\/article><article class=\"post project-odd hidden post-5051 type-post status-publish format-standard has-post-thumbnail hentry category-0-en tag-dunajskeluhy tag-life-en pmpro-has-access category-43 description-off\" data-name=\"Excursions on Ve\u013ekol\u00e9lsky ostrov Island for schools and public are popular\" data-date=\"2018-09-12T13:53:36+02:00\">\n\n<div class=\"post-thumbnail-wrap\">\n\t<div class=\"post-thumbnail\">\n\n\t\t\n\t\t\n\t\t<a href=\"https:\/\/broz.sk\/en\/exkurzie-na-velkolelskom-ostrove-pre-skoly-a-verejnost-su-oblubene\/\" class=\"post-thumbnail-rollover layzr-bg layzr-bg\" ><img decoding=\"async\" class=\"blog-thumb-lazy-load preload-me lazy-load aspect\" src=\"data:image\/svg+xml,%3Csvg%20xmlns%3D&#39;http%3A%2F%2Fwww.w3.org%2F2000%2Fsvg&#39;%20viewBox%3D&#39;0%200%20768%20576&#39;%2F%3E\" data-src=\"https:\/\/broz.sk\/wp-content\/uploads\/2018\/09\/exkurzia-na-Mahulieninom-moste-768x576.jpg\" data-srcset=\"https:\/\/broz.sk\/wp-content\/uploads\/2018\/09\/exkurzia-na-Mahulieninom-moste-768x576.jpg 768w, https:\/\/broz.sk\/wp-content\/uploads\/2018\/09\/exkurzia-na-Mahulieninom-moste.jpg 800w\" loading=\"eager\" style=\"--ratio: 768 \/ 576\" sizes=\"(max-width: 768px) 100vw, 768px\" alt=\"\" title=\"exkurzia na Mahulieninom moste\" width=\"768\" height=\"576\"  \/><\/a>\n\t<\/div>\n<\/div>\n\n\n<div class=\"post-entry-content\">\n\n\t<h3 class=\"entry-title\">\n\t\t<a href=\"https:\/\/broz.sk\/en\/exkurzie-na-velkolelskom-ostrove-pre-skoly-a-verejnost-su-oblubene\/\" title=\"Excursions on Ve\u013ekol\u00e9lsky ostrov Island for schools and public are popular\" rel=\"bookmark\">Excursions on Ve\u013ekol\u00e9lsky ostrov Island for schools and public are popular<\/a>\n\t<\/h3>\n\n\t<div class=\"entry-meta\"><a href=\"https:\/\/broz.sk\/en\/2018\/09\/12\/\" title=\"13:53\" class=\"data-link\" rel=\"bookmark\"><time class=\"entry-date updated\" datetime=\"2018-09-12T13:53:36+02:00\">12. September 2018<\/time><\/a><\/div>\n\t<div class=\"entry-excerpt\"><p>Chilren from schools, nurseries and wide public are invited to attend an excursion on Ve\u013ekol\u00e9lsky ostrov Island. Part of the excursions is not only getting to know about natural beauties of the island and its\u00b4 unique habitat mosaic, but there is also a chance to ride horses (hucule), getting to know about different ways of&hellip;<\/p>\n<\/div>\n\t\n<a href=\"https:\/\/broz.sk\/en\/exkurzie-na-velkolelskom-ostrove-pre-skoly-a-verejnost-su-oblubene\/\" class=\"post-details details-type-link\" aria-label=\"Read more about Excursions on Ve\u013ekol\u00e9lsky ostrov Island for schools and public are popular\">Read more<i class=\"dt-icon-the7-arrow-03\" aria-hidden=\"true\"><\/i><\/a>\n\n<\/div><\/article><article class=\"post project-odd hidden post-6419 type-post status-publish format-standard has-post-thumbnail hentry category-0-en category-protection-of-habitats category-protection-of-species pmpro-has-access category-43 category-31 category-30 description-off\" data-name=\"News report about the protection of the European bee-eater\" data-date=\"2018-09-10T14:21:16+02:00\">\n\n<div class=\"post-thumbnail-wrap\">\n\t<div class=\"post-thumbnail\">\n\n\t\t\n\t\t\n\t\t<a href=\"https:\/\/broz.sk\/en\/reportaz-o-ochrane-vcelarika-zlateho\/\" class=\"post-thumbnail-rollover layzr-bg layzr-bg\" ><img decoding=\"async\" class=\"blog-thumb-lazy-load preload-me lazy-load aspect\" src=\"data:image\/svg+xml,%3Csvg%20xmlns%3D&#39;http%3A%2F%2Fwww.w3.org%2F2000%2Fsvg&#39;%20viewBox%3D&#39;0%200%20768%20576&#39;%2F%3E\" data-src=\"https:\/\/broz.sk\/wp-content\/uploads\/2018\/09\/bsf-768x576.jpg\" data-srcset=\"https:\/\/broz.sk\/wp-content\/uploads\/2018\/09\/bsf-768x576.jpg 768w, https:\/\/broz.sk\/wp-content\/uploads\/2018\/09\/bsf.jpg 960w\" loading=\"eager\" style=\"--ratio: 768 \/ 576\" sizes=\"(max-width: 768px) 100vw, 768px\" alt=\"\" title=\"bsf\" width=\"768\" height=\"576\"  \/><\/a>\n\t<\/div>\n<\/div>\n\n\n<div class=\"post-entry-content\">\n\n\t<h3 class=\"entry-title\">\n\t\t<a href=\"https:\/\/broz.sk\/en\/reportaz-o-ochrane-vcelarika-zlateho\/\" title=\"News report about the protection of the European bee-eater\" rel=\"bookmark\">News report about the protection of the European bee-eater<\/a>\n\t<\/h3>\n\n\t<div class=\"entry-meta\"><a href=\"https:\/\/broz.sk\/en\/2018\/09\/10\/\" title=\"14:21\" class=\"data-link\" rel=\"bookmark\"><time class=\"entry-date updated\" datetime=\"2018-09-10T14:21:16+02:00\">10. September 2018<\/time><\/a><\/div>\n\t<div class=\"entry-excerpt\"><p>Watch a news report\u00a0about European bee-eaters, their protection and the importance of grazing. An example of the protection of sand dunes &#8211; nesting habitat of the European bee-eater &#8211; the TV Mark\u00edza crew was filming at our project site in Virt. European bee-eater report from 5:30 min &nbsp; &nbsp;<\/p>\n<\/div>\n\t\n<a href=\"https:\/\/broz.sk\/en\/reportaz-o-ochrane-vcelarika-zlateho\/\" class=\"post-details details-type-link\" aria-label=\"Read more about News report about the protection of the European bee-eater\">Read more<i class=\"dt-icon-the7-arrow-03\" aria-hidden=\"true\"><\/i><\/a>\n\n<\/div><\/article><article class=\"post project-odd hidden post-5022 type-post status-publish format-standard has-post-thumbnail hentry category-protection-of-habitats pmpro-has-access category-31 description-off\" data-name=\"The channel on the Ve\u013ekol\u00e9lsky ostrov island has been reconstructed, new periodical wetlands have been created \u2013 the reason had been lack of the water in the summer time\" data-date=\"2018-09-10T13:04:08+02:00\">\n\n<div class=\"post-thumbnail-wrap\">\n\t<div class=\"post-thumbnail\">\n\n\t\t\n\t\t\n\t\t<a href=\"https:\/\/broz.sk\/en\/na-velkolelskom-ostrove-bol-zrekonstruovany-kanal-a-vytvorene-periodicke-mokrade-dovodom-bol-nedostatok-vody-v-letnom-obdobi\/\" class=\"post-thumbnail-rollover layzr-bg layzr-bg\" ><img decoding=\"async\" class=\"blog-thumb-lazy-load preload-me lazy-load aspect\" src=\"data:image\/svg+xml,%3Csvg%20xmlns%3D&#39;http%3A%2F%2Fwww.w3.org%2F2000%2Fsvg&#39;%20viewBox%3D&#39;0%200%20768%20576&#39;%2F%3E\" data-src=\"https:\/\/broz.sk\/wp-content\/uploads\/2018\/09\/napusteny-kanal3-768x576.jpg\" data-srcset=\"https:\/\/broz.sk\/wp-content\/uploads\/2018\/09\/napusteny-kanal3-768x576.jpg 768w, https:\/\/broz.sk\/wp-content\/uploads\/2018\/09\/napusteny-kanal3.jpg 800w\" loading=\"eager\" style=\"--ratio: 768 \/ 576\" sizes=\"(max-width: 768px) 100vw, 768px\" alt=\"\" title=\"napusteny kanal3\" width=\"768\" height=\"576\"  \/><\/a>\n\t<\/div>\n<\/div>\n\n\n<div class=\"post-entry-content\">\n\n\t<h3 class=\"entry-title\">\n\t\t<a href=\"https:\/\/broz.sk\/en\/na-velkolelskom-ostrove-bol-zrekonstruovany-kanal-a-vytvorene-periodicke-mokrade-dovodom-bol-nedostatok-vody-v-letnom-obdobi\/\" title=\"The channel on the Ve\u013ekol\u00e9lsky ostrov island has been reconstructed, new periodical wetlands have been created \u2013 the reason had been lack of the water in the summer time\" rel=\"bookmark\">The channel on the Ve\u013ekol\u00e9lsky ostrov island has been reconstructed, new periodical wetlands have been created \u2013 the reason had been lack of the water in the summer time<\/a>\n\t<\/h3>\n\n\t<div class=\"entry-meta\"><a href=\"https:\/\/broz.sk\/en\/2018\/09\/10\/\" title=\"13:04\" class=\"data-link\" rel=\"bookmark\"><time class=\"entry-date updated\" datetime=\"2018-09-10T13:04:08+02:00\">10. September 2018<\/time><\/a><\/div>\n\t<div class=\"entry-excerpt\"><p>Since February 2018 restoration works on the channel have been done in the middle of the Danube Island Ve\u013ek\u00fd L\u00e9l. The channel takes the water from the river branch bringing it into the middle of the Island. Originally it was built by the locals in the last centuries and it had opposite purpose than it&hellip;<\/p>\n<\/div>\n\t\n<a href=\"https:\/\/broz.sk\/en\/na-velkolelskom-ostrove-bol-zrekonstruovany-kanal-a-vytvorene-periodicke-mokrade-dovodom-bol-nedostatok-vody-v-letnom-obdobi\/\" class=\"post-details details-type-link\" aria-label=\"Read more about The channel on the Ve\u013ekol\u00e9lsky ostrov island has been reconstructed, new periodical wetlands have been created \u2013 the reason had been lack of the water in the summer time\">Read more<i class=\"dt-icon-the7-arrow-03\" aria-hidden=\"true\"><\/i><\/a>\n\n<\/div><\/article><article class=\"post project-odd hidden post-5567 type-post status-publish format-standard has-post-thumbnail hentry category-0-en pmpro-has-access category-43 description-off\" data-name=\"School timetables and tatoos!\" data-date=\"2018-09-02T11:06:37+02:00\">\n\n<div class=\"post-thumbnail-wrap\">\n\t<div class=\"post-thumbnail\">\n\n\t\t\n\t\t\n\t\t<a href=\"https:\/\/broz.sk\/en\/skolske-rozvrhy-a-tetovacky\/\" class=\"post-thumbnail-rollover layzr-bg layzr-bg\" ><img decoding=\"async\" class=\"blog-thumb-lazy-load preload-me lazy-load aspect\" src=\"data:image\/svg+xml,%3Csvg%20xmlns%3D&#39;http%3A%2F%2Fwww.w3.org%2F2000%2Fsvg&#39;%20viewBox%3D&#39;0%200%20768%20576&#39;%2F%3E\" data-src=\"https:\/\/broz.sk\/wp-content\/uploads\/2018\/10\/DSC_0105-768x576.jpg\" data-srcset=\"https:\/\/broz.sk\/wp-content\/uploads\/2018\/10\/DSC_0105-768x576.jpg 768w, https:\/\/broz.sk\/wp-content\/uploads\/2018\/10\/DSC_0105-1306x979.jpg 1306w\" loading=\"eager\" style=\"--ratio: 768 \/ 576\" sizes=\"(max-width: 768px) 100vw, 768px\" alt=\"\" title=\"DSC_0105\" width=\"768\" height=\"576\"  \/><\/a>\n\t<\/div>\n<\/div>\n\n\n<div class=\"post-entry-content\">\n\n\t<h3 class=\"entry-title\">\n\t\t<a href=\"https:\/\/broz.sk\/en\/skolske-rozvrhy-a-tetovacky\/\" title=\"School timetables and tatoos!\" rel=\"bookmark\">School timetables and tatoos!<\/a>\n\t<\/h3>\n\n\t<div class=\"entry-meta\"><a href=\"https:\/\/broz.sk\/en\/2018\/09\/02\/\" title=\"11:06\" class=\"data-link\" rel=\"bookmark\"><time class=\"entry-date updated\" datetime=\"2018-09-02T11:06:37+02:00\">2. September 2018<\/time><\/a><\/div>\n\t<div class=\"entry-excerpt\"><p>We prepared timetables for school children and water tatoos that introduce the life and ecology of target bird species of LIFE Ostrovn\u00e9 L\u00faky project. We distributed the timetables around elementary schools in the area of the SPA.<\/p>\n<\/div>\n\t\n<a href=\"https:\/\/broz.sk\/en\/skolske-rozvrhy-a-tetovacky\/\" class=\"post-details details-type-link\" aria-label=\"Read more about School timetables and tatoos!\">Read more<i class=\"dt-icon-the7-arrow-03\" aria-hidden=\"true\"><\/i><\/a>\n\n<\/div><\/article><article class=\"post project-odd hidden post-5041 type-post status-publish format-standard has-post-thumbnail hentry category-0-en tag-dunajskeluhy tag-life-en pmpro-has-access category-43 description-off\" data-name=\"Summer camps in Ve\u013ek\u00fd L\u00e9l  \u2013 many children participated again this year\" data-date=\"2018-08-28T13:36:47+02:00\">\n\n<div class=\"post-thumbnail-wrap\">\n\t<div class=\"post-thumbnail\">\n\n\t\t\n\t\t\n\t\t<a href=\"https:\/\/broz.sk\/en\/detske-tabory-na-velkom-lely-mali-aj-tento-rok-velku-ucast\/\" class=\"post-thumbnail-rollover layzr-bg layzr-bg\" ><img decoding=\"async\" class=\"blog-thumb-lazy-load preload-me lazy-load aspect\" src=\"data:image\/svg+xml,%3Csvg%20xmlns%3D&#39;http%3A%2F%2Fwww.w3.org%2F2000%2Fsvg&#39;%20viewBox%3D&#39;0%200%20768%20576&#39;%2F%3E\" data-src=\"https:\/\/broz.sk\/wp-content\/uploads\/2018\/09\/pozorovanie-zivocicho-pomocou-terennych-lup-768x576.jpg\" data-srcset=\"https:\/\/broz.sk\/wp-content\/uploads\/2018\/09\/pozorovanie-zivocicho-pomocou-terennych-lup-768x576.jpg 768w, https:\/\/broz.sk\/wp-content\/uploads\/2018\/09\/pozorovanie-zivocicho-pomocou-terennych-lup.jpg 800w\" loading=\"eager\" style=\"--ratio: 768 \/ 576\" sizes=\"(max-width: 768px) 100vw, 768px\" alt=\"\" title=\"pozorovanie zivocicho pomocou terennych lup\" width=\"768\" height=\"576\"  \/><\/a>\n\t<\/div>\n<\/div>\n\n\n<div class=\"post-entry-content\">\n\n\t<h3 class=\"entry-title\">\n\t\t<a href=\"https:\/\/broz.sk\/en\/detske-tabory-na-velkom-lely-mali-aj-tento-rok-velku-ucast\/\" title=\"Summer camps in Ve\u013ek\u00fd L\u00e9l  \u2013 many children participated again this year\" rel=\"bookmark\">Summer camps in Ve\u013ek\u00fd L\u00e9l  \u2013 many children participated again this year<\/a>\n\t<\/h3>\n\n\t<div class=\"entry-meta\"><a href=\"https:\/\/broz.sk\/en\/2018\/08\/28\/\" title=\"13:36\" class=\"data-link\" rel=\"bookmark\"><time class=\"entry-date updated\" datetime=\"2018-08-28T13:36:47+02:00\">28. August 2018<\/time><\/a><\/div>\n\t<div class=\"entry-excerpt\"><p>Again this year we organised 6 summer camps for children in the nature of \u00a0Ve\u013ekol\u00e9lsky ostrov Island during summer holidays (activity E.7). The sessions were full booked already in May which is the proof of a\u00a0high interest in these camps among children. Apart of horse riding children also learned about native inhabitants of Danube nature&hellip;<\/p>\n<\/div>\n\t\n<a href=\"https:\/\/broz.sk\/en\/detske-tabory-na-velkom-lely-mali-aj-tento-rok-velku-ucast\/\" class=\"post-details details-type-link\" aria-label=\"Read more about Summer camps in Ve\u013ek\u00fd L\u00e9l  \u2013 many children participated again this year\">Read more<i class=\"dt-icon-the7-arrow-03\" aria-hidden=\"true\"><\/i><\/a>\n\n<\/div><\/article><article class=\"post project-odd hidden post-4959 type-post status-publish format-standard has-post-thumbnail hentry category-uncategorized pmpro-has-access category-22 description-off\" data-name=\"Go Wild! Stay Cultured. International Nature and Culture Photo Contest within the European Year of Cultural Heritage \u2013 2018\" data-date=\"2018-08-19T15:35:11+02:00\">\n\n<div class=\"post-thumbnail-wrap\">\n\t<div class=\"post-thumbnail\">\n\n\t\t\n\t\t\n\t\t<a href=\"https:\/\/broz.sk\/en\/go-wild-stay-cultured-medzinarodna-fotosutaz-prirody-a-krajiny-spustena\/\" class=\"post-thumbnail-rollover layzr-bg layzr-bg\" ><img decoding=\"async\" class=\"blog-thumb-lazy-load preload-me lazy-load aspect\" src=\"data:image\/svg+xml,%3Csvg%20xmlns%3D&#39;http%3A%2F%2Fwww.w3.org%2F2000%2Fsvg&#39;%20viewBox%3D&#39;0%200%20768%20576&#39;%2F%3E\" data-src=\"https:\/\/broz.sk\/wp-content\/uploads\/2018\/08\/Go-Wild-Stay-Cultured--768x576.jpg\" data-srcset=\"https:\/\/broz.sk\/wp-content\/uploads\/2018\/08\/Go-Wild-Stay-Cultured--768x576.jpg 768w, https:\/\/broz.sk\/wp-content\/uploads\/2018\/08\/Go-Wild-Stay-Cultured--1306x979.jpg 1306w\" loading=\"eager\" style=\"--ratio: 768 \/ 576\" sizes=\"(max-width: 768px) 100vw, 768px\" alt=\"\" title=\"Go Wild! Stay Cultured\" width=\"768\" height=\"576\"  \/><\/a>\n\t<\/div>\n<\/div>\n\n\n<div class=\"post-entry-content\">\n\n\t<h3 class=\"entry-title\">\n\t\t<a href=\"https:\/\/broz.sk\/en\/go-wild-stay-cultured-medzinarodna-fotosutaz-prirody-a-krajiny-spustena\/\" title=\"Go Wild! Stay Cultured. International Nature and Culture Photo Contest within the European Year of Cultural Heritage \u2013 2018\" rel=\"bookmark\">Go Wild! Stay Cultured. International Nature and Culture Photo Contest within the European Year of Cultural Heritage \u2013 2018<\/a>\n\t<\/h3>\n\n\t<div class=\"entry-meta\"><a href=\"https:\/\/broz.sk\/en\/2018\/08\/19\/\" title=\"15:35\" class=\"data-link\" rel=\"bookmark\"><time class=\"entry-date updated\" datetime=\"2018-08-19T15:35:11+02:00\">19. August 2018<\/time><\/a><\/div>\n\t<div class=\"entry-excerpt\"><p>Nature and culture can both be on their own a fertile source of inspiration. What happens when they are interlinked? Today, we\u2019re inviting you to join us on this journey of discovery by taking part in our photo contest. Share your photos showing your interpretation of culture and nature connections e.g. how culture is inspired&hellip;<\/p>\n<\/div>\n\t\n<a href=\"https:\/\/broz.sk\/en\/go-wild-stay-cultured-medzinarodna-fotosutaz-prirody-a-krajiny-spustena\/\" class=\"post-details details-type-link\" aria-label=\"Read more about Go Wild! Stay Cultured. International Nature and Culture Photo Contest within the European Year of Cultural Heritage \u2013 2018\">Read more<i class=\"dt-icon-the7-arrow-03\" aria-hidden=\"true\"><\/i><\/a>\n\n<\/div><\/article><article class=\"post project-odd hidden post-5559 type-post status-publish format-standard has-post-thumbnail hentry category-protection-of-species pmpro-has-access category-30 description-off\" data-name=\"Shadoofs\" data-date=\"2018-08-13T10:48:16+02:00\">\n\n<div class=\"post-thumbnail-wrap\">\n\t<div class=\"post-thumbnail\">\n\n\t\t\n\t\t\n\t\t<a href=\"https:\/\/broz.sk\/en\/vahadlove-studne\/\" class=\"post-thumbnail-rollover layzr-bg layzr-bg\" ><img decoding=\"async\" class=\"blog-thumb-lazy-load preload-me lazy-load aspect\" src=\"data:image\/svg+xml,%3Csvg%20xmlns%3D&#39;http%3A%2F%2Fwww.w3.org%2F2000%2Fsvg&#39;%20viewBox%3D&#39;0%200%20768%20576&#39;%2F%3E\" data-src=\"https:\/\/broz.sk\/wp-content\/uploads\/2018\/10\/IMG_20180924_123845-768x576.jpg\" data-srcset=\"https:\/\/broz.sk\/wp-content\/uploads\/2018\/10\/IMG_20180924_123845-768x576.jpg 768w, https:\/\/broz.sk\/wp-content\/uploads\/2018\/10\/IMG_20180924_123845-1306x979.jpg 1306w\" loading=\"eager\" style=\"--ratio: 768 \/ 576\" sizes=\"(max-width: 768px) 100vw, 768px\" alt=\"\" title=\"dav\" width=\"768\" height=\"576\"  \/><\/a>\n\t<\/div>\n<\/div>\n\n\n<div class=\"post-entry-content\">\n\n\t<h3 class=\"entry-title\">\n\t\t<a href=\"https:\/\/broz.sk\/en\/vahadlove-studne\/\" title=\"Shadoofs\" rel=\"bookmark\">Shadoofs<\/a>\n\t<\/h3>\n\n\t<div class=\"entry-meta\"><a href=\"https:\/\/broz.sk\/en\/2018\/08\/13\/\" title=\"10:48\" class=\"data-link\" rel=\"bookmark\"><time class=\"entry-date updated\" datetime=\"2018-08-13T10:48:16+02:00\">13. August 2018<\/time><\/a><\/div>\n\t<div class=\"entry-excerpt\"><p>In the past the shadoof played an important function for grazing and also created a significant esthetic element in the landscape of the Lower Rye Island. As part of the LIFE Ostrovn\u00e9 L\u00faky project we built 5 &#8220;dummy&#8221; shadoofs during summer 2018, to serve as perches for birds since intensely agriulturalized land does not offer&hellip;<\/p>\n<\/div>\n\t\n<a href=\"https:\/\/broz.sk\/en\/vahadlove-studne\/\" class=\"post-details details-type-link\" aria-label=\"Read more about Shadoofs\">Read more<i class=\"dt-icon-the7-arrow-03\" aria-hidden=\"true\"><\/i><\/a>\n\n<\/div><\/article><article class=\"post project-odd hidden post-6550 type-post status-publish format-standard has-post-thumbnail hentry category-protection-of-habitats pmpro-has-access category-31 description-off\" data-name=\"Grazing in Danube floodplain forest\" data-date=\"2018-07-27T07:44:55+02:00\">\n\n<div class=\"post-thumbnail-wrap\">\n\t<div class=\"post-thumbnail\">\n\n\t\t\n\t\t\n\t\t<a href=\"https:\/\/broz.sk\/en\/pastva-v-dunajskych-luhoch\/\" class=\"post-thumbnail-rollover layzr-bg layzr-bg\" ><img decoding=\"async\" class=\"blog-thumb-lazy-load preload-me lazy-load aspect\" src=\"data:image\/svg+xml,%3Csvg%20xmlns%3D&#39;http%3A%2F%2Fwww.w3.org%2F2000%2Fsvg&#39;%20viewBox%3D&#39;0%200%20398%20299&#39;%2F%3E\" data-src=\"https:\/\/broz.sk\/wp-content\/uploads\/2018\/07\/IMG_7797-398x299.jpg\" data-srcset=\"https:\/\/broz.sk\/wp-content\/uploads\/2018\/07\/IMG_7797-398x299.jpg 398w\" loading=\"eager\" style=\"--ratio: 398 \/ 299\" sizes=\"(max-width: 398px) 100vw, 398px\" alt=\"\" title=\"IMG_7797\" width=\"398\" height=\"299\"  \/><\/a>\n\t<\/div>\n<\/div>\n\n\n<div class=\"post-entry-content\">\n\n\t<h3 class=\"entry-title\">\n\t\t<a href=\"https:\/\/broz.sk\/en\/pastva-v-dunajskych-luhoch\/\" title=\"Grazing in Danube floodplain forest\" rel=\"bookmark\">Grazing in Danube floodplain forest<\/a>\n\t<\/h3>\n\n\t<div class=\"entry-meta\"><a href=\"https:\/\/broz.sk\/en\/2018\/07\/27\/\" title=\"7:44\" class=\"data-link\" rel=\"bookmark\"><time class=\"entry-date updated\" datetime=\"2018-07-27T07:44:55+02:00\">27. July 2018<\/time><\/a><\/div>\n\t<div class=\"entry-excerpt\"><p>Meadows are ecologically valuable areas. In the Danube floodplain forest, meadows were maintained by grazing of mowing. However, in the context of the change of management, they gradually became wane. Within the action of\u00a0 restoration of traditional grazing we returned traditional grazing into this area. The grazing is located near village Bod\u00edky and its area&hellip;<\/p>\n<\/div>\n\t\n<a href=\"https:\/\/broz.sk\/en\/pastva-v-dunajskych-luhoch\/\" class=\"post-details details-type-link\" aria-label=\"Read more about Grazing in Danube floodplain forest\">Read more<i class=\"dt-icon-the7-arrow-03\" aria-hidden=\"true\"><\/i><\/a>\n\n<\/div><\/article><article class=\"post project-odd hidden post-6422 type-post status-publish format-standard has-post-thumbnail hentry category-0-en pmpro-has-access category-43 description-off\" data-name=\"Peeping into the nests of interesting bird species\" data-date=\"2018-07-25T15:41:12+02:00\">\n\n<div class=\"post-thumbnail-wrap\">\n\t<div class=\"post-thumbnail\">\n\n\t\t\n\t\t\n\t\t<a href=\"https:\/\/broz.sk\/en\/kratke-nahliadnutie-k-hniezdam-zaujimavych-vtacich-druhov\/\" class=\"post-thumbnail-rollover layzr-bg layzr-bg\" ><img decoding=\"async\" class=\"blog-thumb-lazy-load preload-me lazy-load aspect\" src=\"data:image\/svg+xml,%3Csvg%20xmlns%3D&#39;http%3A%2F%2Fwww.w3.org%2F2000%2Fsvg&#39;%20viewBox%3D&#39;0%200%20768%20576&#39;%2F%3E\" data-src=\"https:\/\/broz.sk\/wp-content\/uploads\/2017\/03\/Merops_Apiaster_Ivan-Vidakovic-e1518007470264-768x576.jpg\" data-srcset=\"https:\/\/broz.sk\/wp-content\/uploads\/2017\/03\/Merops_Apiaster_Ivan-Vidakovic-e1518007470264-768x576.jpg 768w, https:\/\/broz.sk\/wp-content\/uploads\/2017\/03\/Merops_Apiaster_Ivan-Vidakovic-e1518007470264-1093x820.jpg 1093w\" loading=\"eager\" style=\"--ratio: 768 \/ 576\" sizes=\"(max-width: 768px) 100vw, 768px\" alt=\"\" title=\"Merops_Apiaster_Ivan Vidakovic\" width=\"768\" height=\"576\"  \/><\/a>\n\t<\/div>\n<\/div>\n\n\n<div class=\"post-entry-content\">\n\n\t<h3 class=\"entry-title\">\n\t\t<a href=\"https:\/\/broz.sk\/en\/kratke-nahliadnutie-k-hniezdam-zaujimavych-vtacich-druhov\/\" title=\"Peeping into the nests of interesting bird species\" rel=\"bookmark\">Peeping into the nests of interesting bird species<\/a>\n\t<\/h3>\n\n\t<div class=\"entry-meta\"><a href=\"https:\/\/broz.sk\/en\/2018\/07\/25\/\" title=\"15:41\" class=\"data-link\" rel=\"bookmark\"><time class=\"entry-date updated\" datetime=\"2018-07-25T15:41:12+02:00\">25. July 2018<\/time><\/a><\/div>\n\t<div class=\"entry-excerpt\"><p>https:\/\/youtu.be\/7o-jgFvZu3s<\/p>\n<\/div>\n\t\n<a href=\"https:\/\/broz.sk\/en\/kratke-nahliadnutie-k-hniezdam-zaujimavych-vtacich-druhov\/\" class=\"post-details details-type-link\" aria-label=\"Read more about Peeping into the nests of interesting bird species\">Read more<i class=\"dt-icon-the7-arrow-03\" aria-hidden=\"true\"><\/i><\/a>\n\n<\/div><\/article><article class=\"post project-odd hidden post-4950 type-post status-publish format-standard has-post-thumbnail hentry category-0-en category-protection-of-habitats pmpro-has-access category-43 category-31 description-off\" data-name=\"Story of the Ve\u013ekol\u00e9lsky ostrov island &#8211; series in Radio Regina\" data-date=\"2018-06-29T13:12:41+02:00\">\n\n<div class=\"post-thumbnail-wrap\">\n\t<div class=\"post-thumbnail\">\n\n\t\t\n\t\t\n\t\t<a href=\"https:\/\/broz.sk\/en\/pribeh-velkolelskeho-ostrova-serial-radia-regina\/\" class=\"post-thumbnail-rollover layzr-bg layzr-bg\" ><img decoding=\"async\" class=\"blog-thumb-lazy-load preload-me lazy-load aspect\" src=\"data:image\/svg+xml,%3Csvg%20xmlns%3D&#39;http%3A%2F%2Fwww.w3.org%2F2000%2Fsvg&#39;%20viewBox%3D&#39;0%200%20768%20576&#39;%2F%3E\" data-src=\"https:\/\/broz.sk\/wp-content\/uploads\/2018\/01\/KUDICH-ZSIRMON-DunajskeLuhy-0004-e1517326787919-768x576.jpg\" data-srcset=\"https:\/\/broz.sk\/wp-content\/uploads\/2018\/01\/KUDICH-ZSIRMON-DunajskeLuhy-0004-e1517326787919-768x576.jpg 768w, https:\/\/broz.sk\/wp-content\/uploads\/2018\/01\/KUDICH-ZSIRMON-DunajskeLuhy-0004-e1517326787919-1013x760.jpg 1013w\" loading=\"eager\" style=\"--ratio: 768 \/ 576\" sizes=\"(max-width: 768px) 100vw, 768px\" alt=\"\" title=\"We Love Nature\" width=\"768\" height=\"576\"  \/><\/a>\n\t<\/div>\n<\/div>\n\n\n<div class=\"post-entry-content\">\n\n\t<h3 class=\"entry-title\">\n\t\t<a href=\"https:\/\/broz.sk\/en\/pribeh-velkolelskeho-ostrova-serial-radia-regina\/\" title=\"Story of the Ve\u013ekol\u00e9lsky ostrov island &#8211; series in Radio Regina\" rel=\"bookmark\">Story of the Ve\u013ekol\u00e9lsky ostrov island &#8211; series in Radio Regina<\/a>\n\t<\/h3>\n\n\t<div class=\"entry-meta\"><a href=\"https:\/\/broz.sk\/en\/2018\/06\/29\/\" title=\"13:12\" class=\"data-link\" rel=\"bookmark\"><time class=\"entry-date updated\" datetime=\"2018-06-29T13:12:41+02:00\">29. June 2018<\/time><\/a><\/div>\n\t<div class=\"entry-excerpt\"><p>Listen to another interesting facts about natural wealth of the Ve\u013ekol\u00e9lsky ostrov island, about people living in the village Ve\u013ek\u00fd L\u00e9l, pollard willows or the ecofarm keeping many kinds of domestic animals like horses or cows grazing on the island. Reportage in Radio Regina can be found here.<\/p>\n<\/div>\n\t\n<a href=\"https:\/\/broz.sk\/en\/pribeh-velkolelskeho-ostrova-serial-radia-regina\/\" class=\"post-details details-type-link\" aria-label=\"Read more about Story of the Ve\u013ekol\u00e9lsky ostrov island &#8211; series in Radio Regina\">Read more<i class=\"dt-icon-the7-arrow-03\" aria-hidden=\"true\"><\/i><\/a>\n\n<\/div><\/article><article class=\"post project-odd hidden post-4405 type-post status-publish format-standard has-post-thumbnail hentry category-protection-of-habitats category-protection-of-species pmpro-has-access category-31 category-30 description-off\" data-name=\"We received a prestigious award \u00b4LIFE Best of the best\u00b4\" data-date=\"2018-06-01T10:55:20+02:00\">\n\n<div class=\"post-thumbnail-wrap\">\n\t<div class=\"post-thumbnail\">\n\n\t\t\n\t\t\n\t\t<a href=\"https:\/\/broz.sk\/en\/ziskali-sme-prestizne-ocenenie-life-best-of-the-best\/\" class=\"post-thumbnail-rollover layzr-bg layzr-bg\" ><img decoding=\"async\" class=\"blog-thumb-lazy-load preload-me lazy-load aspect\" src=\"data:image\/svg+xml,%3Csvg%20xmlns%3D&#39;http%3A%2F%2Fwww.w3.org%2F2000%2Fsvg&#39;%20viewBox%3D&#39;0%200%20768%20576&#39;%2F%3E\" data-src=\"https:\/\/broz.sk\/wp-content\/uploads\/2018\/06\/brusel-awards-768x576.jpg\" data-srcset=\"https:\/\/broz.sk\/wp-content\/uploads\/2018\/06\/brusel-awards-768x576.jpg 768w, https:\/\/broz.sk\/wp-content\/uploads\/2018\/06\/brusel-awards-1306x979.jpg 1306w\" loading=\"eager\" style=\"--ratio: 768 \/ 576\" sizes=\"(max-width: 768px) 100vw, 768px\" alt=\"\" title=\"The Life Awards Ceremony\" width=\"768\" height=\"576\"  \/><\/a>\n\t<\/div>\n<\/div>\n\n\n<div class=\"post-entry-content\">\n\n\t<h3 class=\"entry-title\">\n\t\t<a href=\"https:\/\/broz.sk\/en\/ziskali-sme-prestizne-ocenenie-life-best-of-the-best\/\" title=\"We received a prestigious award \u00b4LIFE Best of the best\u00b4\" rel=\"bookmark\">We received a prestigious award \u00b4LIFE Best of the best\u00b4<\/a>\n\t<\/h3>\n\n\t<div class=\"entry-meta\"><a href=\"https:\/\/broz.sk\/en\/2018\/06\/01\/\" title=\"10:55\" class=\"data-link\" rel=\"bookmark\"><time class=\"entry-date updated\" datetime=\"2018-06-01T10:55:20+02:00\">1. June 2018<\/time><\/a><\/div>\n\t<div class=\"entry-excerpt\"><p>Brusel, 24.5. 2018 The European environment comissioner Karmenu Vella awarded the best projects of the LIFE+ programme on 23rd of May in Brussels. The BROZ project that focused on protecting nesting habitats of common swifts and bats in buildings in Slovakia was awarded as one of the three Best of the best projects in the&hellip;<\/p>\n<\/div>\n\t\n<a href=\"https:\/\/broz.sk\/en\/ziskali-sme-prestizne-ocenenie-life-best-of-the-best\/\" class=\"post-details details-type-link\" aria-label=\"Read more about We received a prestigious award \u00b4LIFE Best of the best\u00b4\">Read more<i class=\"dt-icon-the7-arrow-03\" aria-hidden=\"true\"><\/i><\/a>\n\n<\/div><\/article><article class=\"post project-odd hidden post-5545 type-post status-publish format-standard has-post-thumbnail hentry category-0-en category-protection-of-habitats category-protection-of-species pmpro-has-access category-43 category-31 category-30 description-off\" data-name=\"Enviro-competition Hypericum 2018\" data-date=\"2018-05-22T10:25:38+02:00\">\n\n<div class=\"post-thumbnail-wrap\">\n\t<div class=\"post-thumbnail\">\n\n\t\t\n\t\t\n\t\t<a href=\"https:\/\/broz.sk\/en\/envirosutaz-hypericum-2018\/\" class=\"post-thumbnail-rollover layzr-bg layzr-bg\" ><img decoding=\"async\" class=\"blog-thumb-lazy-load preload-me lazy-load aspect\" src=\"data:image\/svg+xml,%3Csvg%20xmlns%3D&#39;http%3A%2F%2Fwww.w3.org%2F2000%2Fsvg&#39;%20viewBox%3D&#39;0%200%20768%20576&#39;%2F%3E\" data-src=\"https:\/\/broz.sk\/wp-content\/uploads\/2018\/10\/DSCF4319-768x576.jpg\" data-srcset=\"https:\/\/broz.sk\/wp-content\/uploads\/2018\/10\/DSCF4319-768x576.jpg 768w, https:\/\/broz.sk\/wp-content\/uploads\/2018\/10\/DSCF4319-867x650.jpg 867w\" loading=\"eager\" style=\"--ratio: 768 \/ 576\" sizes=\"(max-width: 768px) 100vw, 768px\" alt=\"\" title=\"DSCF4319\" width=\"768\" height=\"576\"  \/><\/a>\n\t<\/div>\n<\/div>\n\n\n<div class=\"post-entry-content\">\n\n\t<h3 class=\"entry-title\">\n\t\t<a href=\"https:\/\/broz.sk\/en\/envirosutaz-hypericum-2018\/\" title=\"Enviro-competition Hypericum 2018\" rel=\"bookmark\">Enviro-competition Hypericum 2018<\/a>\n\t<\/h3>\n\n\t<div class=\"entry-meta\"><a href=\"https:\/\/broz.sk\/en\/2018\/05\/22\/\" title=\"10:25\" class=\"data-link\" rel=\"bookmark\"><time class=\"entry-date updated\" datetime=\"2018-05-22T10:25:38+02:00\">22. May 2018<\/time><\/a><\/div>\n\t<div class=\"entry-excerpt\"><p>In springtime SEV Dropie hosts the Hypericum environmental competition for elementary schools. The 19th year of the cometition focused on agrosystems in the Lower Rye Island, their biodiverzity and environmental problems. This is a very hot topic, because badly set agricultural practices have a log lasting negative on the environment. Along with soil degradation the&hellip;<\/p>\n<\/div>\n\t\n<a href=\"https:\/\/broz.sk\/en\/envirosutaz-hypericum-2018\/\" class=\"post-details details-type-link\" aria-label=\"Read more about Enviro-competition Hypericum 2018\">Read more<i class=\"dt-icon-the7-arrow-03\" aria-hidden=\"true\"><\/i><\/a>\n\n<\/div><\/article><article class=\"post project-odd hidden post-6392 type-post status-publish format-video has-post-thumbnail hentry category-uncategorized post_format-post-format-video pmpro-has-access category-22 description-off\" data-name=\"Grazing in SKUEV \u0160\u00far\" data-date=\"2018-05-13T15:58:37+02:00\">\n\n<div class=\"post-thumbnail-wrap\">\n\t<div class=\"post-thumbnail\">\n\n\t\t\n\t\t\n\t\t<a href=\"https:\/\/broz.sk\/en\/od-piatku-opat-obnova-biodiverzity-v-npr-sur\/\" class=\"post-thumbnail-rollover layzr-bg layzr-bg\" ><img decoding=\"async\" class=\"blog-thumb-lazy-load preload-me lazy-load aspect\" src=\"data:image\/svg+xml,%3Csvg%20xmlns%3D&#39;http%3A%2F%2Fwww.w3.org%2F2000%2Fsvg&#39;%20viewBox%3D&#39;0%200%20768%20576&#39;%2F%3E\" data-src=\"https:\/\/broz.sk\/wp-content\/uploads\/2018\/10\/kravy-sur-vypustanie-768x576.jpg\" data-srcset=\"https:\/\/broz.sk\/wp-content\/uploads\/2018\/10\/kravy-sur-vypustanie-768x576.jpg 768w, https:\/\/broz.sk\/wp-content\/uploads\/2018\/10\/kravy-sur-vypustanie-899x674.jpg 899w\" loading=\"eager\" style=\"--ratio: 768 \/ 576\" sizes=\"(max-width: 768px) 100vw, 768px\" alt=\"\" title=\"kravy sur vypustanie\" width=\"768\" height=\"576\"  \/><\/a>\n\t<\/div>\n<\/div>\n\n\n<div class=\"post-entry-content\">\n\n\t<h3 class=\"entry-title\">\n\t\t<a href=\"https:\/\/broz.sk\/en\/od-piatku-opat-obnova-biodiverzity-v-npr-sur\/\" title=\"Grazing in SKUEV \u0160\u00far\" rel=\"bookmark\">Grazing in SKUEV \u0160\u00far<\/a>\n\t<\/h3>\n\n\t<div class=\"entry-meta\"><a href=\"https:\/\/broz.sk\/en\/2018\/05\/13\/\" title=\"15:58\" class=\"data-link\" rel=\"bookmark\"><time class=\"entry-date updated\" datetime=\"2018-05-13T15:58:37+02:00\">13. May 2018<\/time><\/a><\/div>\n\t<div class=\"entry-excerpt\"><p>Short videos about grazing in NNR \u0160\u00far. &nbsp;<\/p>\n<\/div>\n\t\n<a href=\"https:\/\/broz.sk\/en\/od-piatku-opat-obnova-biodiverzity-v-npr-sur\/\" class=\"post-details details-type-link\" aria-label=\"Read more about Grazing in SKUEV \u0160\u00far\">Read more<i class=\"dt-icon-the7-arrow-03\" aria-hidden=\"true\"><\/i><\/a>\n\n<\/div><\/article><article class=\"post project-odd hidden post-6426 type-post status-publish format-standard has-post-thumbnail hentry category-0-en pmpro-has-access category-43 description-off\" data-name=\"Workshop with the Marcelov\u00e1 Elementary School\" data-date=\"2018-04-06T11:09:47+02:00\">\n\n<div class=\"post-thumbnail-wrap\">\n\t<div class=\"post-thumbnail\">\n\n\t\t\n\t\t\n\t\t<a href=\"https:\/\/broz.sk\/en\/workshop-zs-marcelova\/\" class=\"post-thumbnail-rollover layzr-bg layzr-bg\" ><img decoding=\"async\" class=\"blog-thumb-lazy-load preload-me lazy-load aspect\" src=\"data:image\/svg+xml,%3Csvg%20xmlns%3D&#39;http%3A%2F%2Fwww.w3.org%2F2000%2Fsvg&#39;%20viewBox%3D&#39;0%200%20600%20450&#39;%2F%3E\" data-src=\"https:\/\/broz.sk\/wp-content\/uploads\/2018\/04\/broz1-600x450.jpg\" data-srcset=\"https:\/\/broz.sk\/wp-content\/uploads\/2018\/04\/broz1-600x450.jpg 600w\" loading=\"eager\" style=\"--ratio: 600 \/ 450\" sizes=\"(max-width: 600px) 100vw, 600px\" alt=\"\" title=\"broz1\" width=\"600\" height=\"450\"  \/><\/a>\n\t<\/div>\n<\/div>\n\n\n<div class=\"post-entry-content\">\n\n\t<h3 class=\"entry-title\">\n\t\t<a href=\"https:\/\/broz.sk\/en\/workshop-zs-marcelova\/\" title=\"Workshop with the Marcelov\u00e1 Elementary School\" rel=\"bookmark\">Workshop with the Marcelov\u00e1 Elementary School<\/a>\n\t<\/h3>\n\n\t<div class=\"entry-meta\"><a href=\"https:\/\/broz.sk\/en\/2018\/04\/06\/\" title=\"11:09\" class=\"data-link\" rel=\"bookmark\"><time class=\"entry-date updated\" datetime=\"2018-04-06T11:09:47+02:00\">6. April 2018<\/time><\/a><\/div>\n\t<div class=\"entry-excerpt\"><p>With children from Elementary School in Marcelova, on April 6, 2018, we cleaned the habitat for the European bee-eater and expanded his food choices through 20 planted white poplars, we built an insect hotel and decorated 25 beehives full of bees. Children have learned new information about the European bee-eater, pollinators, pastures, beekeeping, and bird&hellip;<\/p>\n<\/div>\n\t\n<a href=\"https:\/\/broz.sk\/en\/workshop-zs-marcelova\/\" class=\"post-details details-type-link\" aria-label=\"Read more about Workshop with the Marcelov\u00e1 Elementary School\">Read more<i class=\"dt-icon-the7-arrow-03\" aria-hidden=\"true\"><\/i><\/a>\n\n<\/div><\/article><article class=\"post project-odd hidden post-5935 type-post status-publish format-standard has-post-thumbnail hentry category-0-en pmpro-has-access category-43 description-off\" data-name=\"Networking in Switzerland\" data-date=\"2018-04-03T11:00:20+02:00\">\n\n<div class=\"post-thumbnail-wrap\">\n\t<div class=\"post-thumbnail\">\n\n\t\t\n\t\t\n\t\t<a href=\"https:\/\/broz.sk\/en\/networking-vo-svajciarsku\/\" class=\"post-thumbnail-rollover layzr-bg layzr-bg\" ><img decoding=\"async\" class=\"blog-thumb-lazy-load preload-me lazy-load aspect\" src=\"data:image\/svg+xml,%3Csvg%20xmlns%3D&#39;http%3A%2F%2Fwww.w3.org%2F2000%2Fsvg&#39;%20viewBox%3D&#39;0%200%20600%20450&#39;%2F%3E\" data-src=\"https:\/\/broz.sk\/wp-content\/uploads\/2018\/05\/sv1-600x450.jpg\" data-srcset=\"https:\/\/broz.sk\/wp-content\/uploads\/2018\/05\/sv1-600x450.jpg 600w, https:\/\/broz.sk\/wp-content\/uploads\/2018\/05\/sv1-600x449.jpg 600w\" loading=\"eager\" style=\"--ratio: 600 \/ 450\" sizes=\"(max-width: 600px) 100vw, 600px\" alt=\"\" title=\"sv1\" width=\"600\" height=\"450\"  \/><\/a>\n\t<\/div>\n<\/div>\n\n\n<div class=\"post-entry-content\">\n\n\t<h3 class=\"entry-title\">\n\t\t<a href=\"https:\/\/broz.sk\/en\/networking-vo-svajciarsku\/\" title=\"Networking in Switzerland\" rel=\"bookmark\">Networking in Switzerland<\/a>\n\t<\/h3>\n\n\t<div class=\"entry-meta\"><a href=\"https:\/\/broz.sk\/en\/2018\/04\/03\/\" title=\"11:00\" class=\"data-link\" rel=\"bookmark\"><time class=\"entry-date updated\" datetime=\"2018-04-03T11:00:20+02:00\">3. April 2018<\/time><\/a><\/div>\n\t<div class=\"entry-excerpt\"><p>In March 2018, in order to share project outputs with other organizations abroad, we spent a week at the Primaria Primary School and at the Verein true move NGO in St. Gallen in Switzerland. At the beginning of the project, the great team of this school had inspired us in creation of educational materials and&hellip;<\/p>\n<\/div>\n\t\n<a href=\"https:\/\/broz.sk\/en\/networking-vo-svajciarsku\/\" class=\"post-details details-type-link\" aria-label=\"Read more about Networking in Switzerland\">Read more<i class=\"dt-icon-the7-arrow-03\" aria-hidden=\"true\"><\/i><\/a>\n\n<\/div><\/article><article class=\"post project-odd hidden post-5543 type-post status-publish format-standard has-post-thumbnail hentry category-protection-of-species category-uncategorized pmpro-has-access category-30 category-22 description-off\" data-name=\"VIDEO from workshop on pollard willow management\" data-date=\"2018-03-03T15:01:24+01:00\">\n\n<div class=\"post-thumbnail-wrap\">\n\t<div class=\"post-thumbnail\">\n\n\t\t\n\t\t\n\t\t<a href=\"https:\/\/broz.sk\/en\/video-z-orezu-hlavovych-vrb\/\" class=\"post-thumbnail-rollover layzr-bg layzr-bg\" ><img decoding=\"async\" class=\"blog-thumb-lazy-load preload-me lazy-load aspect\" src=\"data:image\/svg+xml,%3Csvg%20xmlns%3D&#39;http%3A%2F%2Fwww.w3.org%2F2000%2Fsvg&#39;%20viewBox%3D&#39;0%200%20768%20576&#39;%2F%3E\" data-src=\"https:\/\/broz.sk\/wp-content\/uploads\/2018\/03\/P1020668-1-768x576.jpg\" data-srcset=\"https:\/\/broz.sk\/wp-content\/uploads\/2018\/03\/P1020668-1-768x576.jpg 768w, https:\/\/broz.sk\/wp-content\/uploads\/2018\/03\/P1020668-1-1306x979.jpg 1306w\" loading=\"eager\" style=\"--ratio: 768 \/ 576\" sizes=\"(max-width: 768px) 100vw, 768px\" alt=\"\" title=\"P1020668\" width=\"768\" height=\"576\"  \/><\/a>\n\t<\/div>\n<\/div>\n\n\n<div class=\"post-entry-content\">\n\n\t<h3 class=\"entry-title\">\n\t\t<a href=\"https:\/\/broz.sk\/en\/video-z-orezu-hlavovych-vrb\/\" title=\"VIDEO from workshop on pollard willow management\" rel=\"bookmark\">VIDEO from workshop on pollard willow management<\/a>\n\t<\/h3>\n\n\t<div class=\"entry-meta\"><a href=\"https:\/\/broz.sk\/en\/2018\/03\/03\/\" title=\"15:01\" class=\"data-link\" rel=\"bookmark\"><time class=\"entry-date updated\" datetime=\"2018-03-03T15:01:24+01:00\">3. March 2018<\/time><\/a><\/div>\n\t<div class=\"entry-excerpt\"><p>In our project the end of winter is already traditionally associated with volunteer workshop on pollard willow management. This year for the first time with our new coppicing arm, which allows us to coppice more willows than we would have done just &#8220;by hand&#8221;. As always a Big Thanks goes to our dedicated volunteers and&hellip;<\/p>\n<\/div>\n\t\n<a href=\"https:\/\/broz.sk\/en\/video-z-orezu-hlavovych-vrb\/\" class=\"post-details details-type-link\" aria-label=\"Read more about VIDEO from workshop on pollard willow management\">Read more<i class=\"dt-icon-the7-arrow-03\" aria-hidden=\"true\"><\/i><\/a>\n\n<\/div><\/article><article class=\"post project-odd hidden post-3547 type-post status-publish format-standard has-post-thumbnail hentry category-protection-of-habitats pmpro-has-access category-31 description-off\" data-name=\"Networking about water restorations\" data-date=\"2018-02-07T14:52:21+01:00\">\n\n<div class=\"post-thumbnail-wrap\">\n\t<div class=\"post-thumbnail\">\n\n\t\t\n\t\t\n\t\t<a href=\"https:\/\/broz.sk\/en\/networking-o-vodnych-revitalizaciach\/\" class=\"post-thumbnail-rollover layzr-bg layzr-bg\" ><img decoding=\"async\" class=\"blog-thumb-lazy-load preload-me lazy-load aspect\" src=\"data:image\/svg+xml,%3Csvg%20xmlns%3D&#39;http%3A%2F%2Fwww.w3.org%2F2000%2Fsvg&#39;%20viewBox%3D&#39;0%200%20768%20576&#39;%2F%3E\" data-src=\"https:\/\/broz.sk\/wp-content\/uploads\/2017\/12\/DSC_4454-768x576.jpg\" data-srcset=\"https:\/\/broz.sk\/wp-content\/uploads\/2017\/12\/DSC_4454-768x576.jpg 768w, https:\/\/broz.sk\/wp-content\/uploads\/2017\/12\/DSC_4454-907x680.jpg 907w\" loading=\"eager\" style=\"--ratio: 768 \/ 576\" sizes=\"(max-width: 768px) 100vw, 768px\" alt=\"\" title=\"DSC_4454\" width=\"768\" height=\"576\"  \/><\/a>\n\t<\/div>\n<\/div>\n\n\n<div class=\"post-entry-content\">\n\n\t<h3 class=\"entry-title\">\n\t\t<a href=\"https:\/\/broz.sk\/en\/networking-o-vodnych-revitalizaciach\/\" title=\"Networking about water restorations\" rel=\"bookmark\">Networking about water restorations<\/a>\n\t<\/h3>\n\n\t<div class=\"entry-meta\"><a href=\"https:\/\/broz.sk\/en\/2018\/02\/07\/\" title=\"14:52\" class=\"data-link\" rel=\"bookmark\"><time class=\"entry-date updated\" datetime=\"2018-02-07T14:52:21+01:00\">7. February 2018<\/time><\/a><\/div>\n\t<div class=\"entry-excerpt\"><p>On 14th November 2017, BROZ organised the networking took with representatives of the Austrian LIFE \u201eRestoration of the Lower Morava Floodplains\u201c, which is focused on water restoration measures. Networking took place between representatives of BROZ and the Austrian organizations Via Donau and WWF, which are focusing on water restorations of the river branches rivers on&hellip;<\/p>\n<\/div>\n\t\n<a href=\"https:\/\/broz.sk\/en\/networking-o-vodnych-revitalizaciach\/\" class=\"post-details details-type-link\" aria-label=\"Read more about Networking about water restorations\">Read more<i class=\"dt-icon-the7-arrow-03\" aria-hidden=\"true\"><\/i><\/a>\n\n<\/div><\/article><article class=\"post project-odd hidden post-4944 type-post status-publish format-standard has-post-thumbnail hentry category-protection-of-habitats tag-life-en pmpro-has-access category-31 description-off\" data-name=\"Press release &#8211; World Wetland Day, 2. 2. 2018\" data-date=\"2018-02-02T13:44:16+01:00\">\n\n<div class=\"post-thumbnail-wrap\">\n\t<div class=\"post-thumbnail\">\n\n\t\t\n\t\t\n\t\t<a href=\"https:\/\/broz.sk\/en\/svetovy-den-mokradi-2\/\" class=\"post-thumbnail-rollover layzr-bg layzr-bg\" ><img decoding=\"async\" class=\"blog-thumb-lazy-load preload-me lazy-load aspect\" src=\"data:image\/svg+xml,%3Csvg%20xmlns%3D&#39;http%3A%2F%2Fwww.w3.org%2F2000%2Fsvg&#39;%20viewBox%3D&#39;0%200%20768%20576&#39;%2F%3E\" data-src=\"https:\/\/broz.sk\/wp-content\/uploads\/2018\/02\/volavka-768x576.jpg\" data-srcset=\"https:\/\/broz.sk\/wp-content\/uploads\/2018\/02\/volavka-768x576.jpg 768w, https:\/\/broz.sk\/wp-content\/uploads\/2018\/02\/volavka-1306x979.jpg 1306w\" loading=\"eager\" style=\"--ratio: 768 \/ 576\" sizes=\"(max-width: 768px) 100vw, 768px\" alt=\"\" title=\"volavka\" width=\"768\" height=\"576\"  \/><\/a>\n\t<\/div>\n<\/div>\n\n\n<div class=\"post-entry-content\">\n\n\t<h3 class=\"entry-title\">\n\t\t<a href=\"https:\/\/broz.sk\/en\/svetovy-den-mokradi-2\/\" title=\"Press release &#8211; World Wetland Day, 2. 2. 2018\" rel=\"bookmark\">Press release &#8211; World Wetland Day, 2. 2. 2018<\/a>\n\t<\/h3>\n\n\t<div class=\"entry-meta\"><a href=\"https:\/\/broz.sk\/en\/2018\/02\/02\/\" title=\"13:44\" class=\"data-link\" rel=\"bookmark\"><time class=\"entry-date updated\" datetime=\"2018-02-02T13:44:16+01:00\">2. February 2018<\/time><\/a><\/div>\n\t<div class=\"entry-excerpt\"><p>Second day of February belongs to the wetlands. Apart form the traditional feast of Candlemas we also remind World Wetland Day. The fact that this day of wetlands is mentioned also in calendar is the proof how important \u00a0they are for maintainig stability of Earth\u00b4s ecosystem. However the wetlands are still one of the most&hellip;<\/p>\n<\/div>\n\t\n<a href=\"https:\/\/broz.sk\/en\/svetovy-den-mokradi-2\/\" class=\"post-details details-type-link\" aria-label=\"Read more about Press release &#8211; World Wetland Day, 2. 2. 2018\">Read more<i class=\"dt-icon-the7-arrow-03\" aria-hidden=\"true\"><\/i><\/a>\n\n<\/div><\/article><article class=\"post project-odd hidden post-4635 type-post status-publish format-standard has-post-thumbnail hentry category-protection-of-habitats pmpro-has-access category-31 description-off\" data-name=\"Rebirth of wetlands near Vojka\" data-date=\"2018-01-26T13:38:41+01:00\">\n\n<div class=\"post-thumbnail-wrap\">\n\t<div class=\"post-thumbnail\">\n\n\t\t\n\t\t\n\t\t<a href=\"https:\/\/broz.sk\/en\/mokrade-pri-vojke-ozivaju\/\" class=\"post-thumbnail-rollover layzr-bg layzr-bg\" ><img decoding=\"async\" class=\"blog-thumb-lazy-load preload-me lazy-load aspect\" src=\"data:image\/svg+xml,%3Csvg%20xmlns%3D&#39;http%3A%2F%2Fwww.w3.org%2F2000%2Fsvg&#39;%20viewBox%3D&#39;0%200%20768%20576&#39;%2F%3E\" data-src=\"https:\/\/broz.sk\/wp-content\/uploads\/2018\/02\/mokrade-768x576.jpg\" data-srcset=\"https:\/\/broz.sk\/wp-content\/uploads\/2018\/02\/mokrade-768x576.jpg 768w, https:\/\/broz.sk\/wp-content\/uploads\/2018\/02\/mokrade.jpg 800w\" loading=\"eager\" style=\"--ratio: 768 \/ 576\" sizes=\"(max-width: 768px) 100vw, 768px\" alt=\"\" title=\"mokrade\" width=\"768\" height=\"576\"  \/><\/a>\n\t<\/div>\n<\/div>\n\n\n<div class=\"post-entry-content\">\n\n\t<h3 class=\"entry-title\">\n\t\t<a href=\"https:\/\/broz.sk\/en\/mokrade-pri-vojke-ozivaju\/\" title=\"Rebirth of wetlands near Vojka\" rel=\"bookmark\">Rebirth of wetlands near Vojka<\/a>\n\t<\/h3>\n\n\t<div class=\"entry-meta\"><a href=\"https:\/\/broz.sk\/en\/2018\/01\/26\/\" title=\"13:38\" class=\"data-link\" rel=\"bookmark\"><time class=\"entry-date updated\" datetime=\"2018-01-26T13:38:41+01:00\">26. January 2018<\/time><\/a><\/div>\n\t<div class=\"entry-excerpt\"><p>After the restoration measurement in spring 2017 first possitive results are seen. In the area of former branch river system (project acitivity C.2) near the village Vojka, river arms as long as 800 meters were restored which created permanent wetlands on the area of 1 ha. Water which was brought to dry places using restoration&hellip;<\/p>\n<\/div>\n\t\n<a href=\"https:\/\/broz.sk\/en\/mokrade-pri-vojke-ozivaju\/\" class=\"post-details details-type-link\" aria-label=\"Read more about Rebirth of wetlands near Vojka\">Read more<i class=\"dt-icon-the7-arrow-03\" aria-hidden=\"true\"><\/i><\/a>\n\n<\/div><\/article><article class=\"post project-odd hidden post-4936 type-post status-publish format-standard has-post-thumbnail hentry category-protection-of-habitats pmpro-has-access category-31 description-off\" data-name=\"Restoration of lowland meadows in Ap\u00e1l has started\" data-date=\"2017-12-22T13:31:11+01:00\">\n\n<div class=\"post-thumbnail-wrap\">\n\t<div class=\"post-thumbnail\">\n\n\t\t\n\t\t\n\t\t<a href=\"https:\/\/broz.sk\/en\/revitalizacia-nizinnych-luk-na-apali\/\" class=\"post-thumbnail-rollover layzr-bg layzr-bg\" ><img decoding=\"async\" class=\"blog-thumb-lazy-load preload-me lazy-load aspect\" src=\"data:image\/svg+xml,%3Csvg%20xmlns%3D&#39;http%3A%2F%2Fwww.w3.org%2F2000%2Fsvg&#39;%20viewBox%3D&#39;0%200%20640%20480&#39;%2F%3E\" data-src=\"https:\/\/broz.sk\/wp-content\/uploads\/2017\/12\/img-5.jpg\" data-srcset=\"https:\/\/broz.sk\/wp-content\/uploads\/2017\/12\/img-5.jpg 640w\" loading=\"eager\" style=\"--ratio: 640 \/ 480\" sizes=\"(max-width: 640px) 100vw, 640px\" alt=\"\" title=\"img (5)\" width=\"640\" height=\"480\"  \/><\/a>\n\t<\/div>\n<\/div>\n\n\n<div class=\"post-entry-content\">\n\n\t<h3 class=\"entry-title\">\n\t\t<a href=\"https:\/\/broz.sk\/en\/revitalizacia-nizinnych-luk-na-apali\/\" title=\"Restoration of lowland meadows in Ap\u00e1l has started\" rel=\"bookmark\">Restoration of lowland meadows in Ap\u00e1l has started<\/a>\n\t<\/h3>\n\n\t<div class=\"entry-meta\"><a href=\"https:\/\/broz.sk\/en\/2017\/12\/22\/\" title=\"13:31\" class=\"data-link\" rel=\"bookmark\"><time class=\"entry-date updated\" datetime=\"2017-12-22T13:31:11+01:00\">22. December 2017<\/time><\/a><\/div>\n\t<div class=\"entry-excerpt\"><p>Few weeks before Christmas we managed to install a barrier against motor vehicles which we placed on deserted field road in the edge of National Natural Reserve Ap\u00e1lsky ostrov near the Kom\u00e1rno town (SKUEV Dolnov\u00e1\u017eske luhy). It\u00b4s purpose is to block the access of motor vehicles into the reserve. Due to this measurement the road&hellip;<\/p>\n<\/div>\n\t\n<a href=\"https:\/\/broz.sk\/en\/revitalizacia-nizinnych-luk-na-apali\/\" class=\"post-details details-type-link\" aria-label=\"Read more about Restoration of lowland meadows in Ap\u00e1l has started\">Read more<i class=\"dt-icon-the7-arrow-03\" aria-hidden=\"true\"><\/i><\/a>\n\n<\/div><\/article><article class=\"post project-odd hidden post-4893 type-post status-publish format-standard has-post-thumbnail hentry category-0-en category-protection-of-habitats pmpro-has-access category-43 category-31 description-off\" data-name=\"Pictures from the landscape in Ve\u013ekol\u00e9lsky ostrov island &#8211; Radio Regina\" data-date=\"2017-12-20T13:58:17+01:00\">\n\n<div class=\"post-thumbnail-wrap\">\n\t<div class=\"post-thumbnail\">\n\n\t\t\n\t\t\n\t\t<a href=\"https:\/\/broz.sk\/en\/obrazky-krajiny-z-velkolelskeho-ostrova-na-radiu-regina\/\" class=\"post-thumbnail-rollover layzr-bg layzr-bg\" ><img decoding=\"async\" class=\"blog-thumb-lazy-load preload-me lazy-load aspect\" src=\"data:image\/svg+xml,%3Csvg%20xmlns%3D&#39;http%3A%2F%2Fwww.w3.org%2F2000%2Fsvg&#39;%20viewBox%3D&#39;0%200%20768%20576&#39;%2F%3E\" data-src=\"https:\/\/broz.sk\/wp-content\/uploads\/2018\/03\/P1040386-768x576.jpg\" data-srcset=\"https:\/\/broz.sk\/wp-content\/uploads\/2018\/03\/P1040386-768x576.jpg 768w, https:\/\/broz.sk\/wp-content\/uploads\/2018\/03\/P1040386-1306x979.jpg 1306w\" loading=\"eager\" style=\"--ratio: 768 \/ 576\" sizes=\"(max-width: 768px) 100vw, 768px\" alt=\"\" title=\"P1040386\" width=\"768\" height=\"576\"  \/><\/a>\n\t<\/div>\n<\/div>\n\n\n<div class=\"post-entry-content\">\n\n\t<h3 class=\"entry-title\">\n\t\t<a href=\"https:\/\/broz.sk\/en\/obrazky-krajiny-z-velkolelskeho-ostrova-na-radiu-regina\/\" title=\"Pictures from the landscape in Ve\u013ekol\u00e9lsky ostrov island &#8211; Radio Regina\" rel=\"bookmark\">Pictures from the landscape in Ve\u013ekol\u00e9lsky ostrov island &#8211; Radio Regina<\/a>\n\t<\/h3>\n\n\t<div class=\"entry-meta\"><a href=\"https:\/\/broz.sk\/en\/2017\/12\/20\/\" title=\"13:58\" class=\"data-link\" rel=\"bookmark\"><time class=\"entry-date updated\" datetime=\"2017-12-20T13:58:17+01:00\">20. December 2017<\/time><\/a><\/div>\n\t<div class=\"entry-excerpt\"><p>Beauties and wealth of the island Ve\u013ek\u00fd L\u00e9l were promoted in Radio Regina including the results of conservation actions and plans within the project LIFE Danube floodplains &#8211; Obr\u00e1zky krajiny. &nbsp;<\/p>\n<\/div>\n\t\n<a href=\"https:\/\/broz.sk\/en\/obrazky-krajiny-z-velkolelskeho-ostrova-na-radiu-regina\/\" class=\"post-details details-type-link\" aria-label=\"Read more about Pictures from the landscape in Ve\u013ekol\u00e9lsky ostrov island &#8211; Radio Regina\">Read more<i class=\"dt-icon-the7-arrow-03\" aria-hidden=\"true\"><\/i><\/a>\n\n<\/div><\/article><article class=\"post project-odd hidden post-9923 type-post status-publish format-standard has-post-thumbnail hentry category-0-en pmpro-has-access category-43 description-off\" data-name=\"Summer camps photos\" data-date=\"2017-12-17T11:12:16+01:00\">\n\n<div class=\"post-thumbnail-wrap\">\n\t<div class=\"post-thumbnail\">\n\n\t\t\n\t\t\n\t\t<a href=\"https:\/\/broz.sk\/en\/fotografie-z-detskych-letnych-taborov-2\/\" class=\"post-thumbnail-rollover layzr-bg layzr-bg\" ><img decoding=\"async\" class=\"blog-thumb-lazy-load preload-me lazy-load aspect\" src=\"data:image\/svg+xml,%3Csvg%20xmlns%3D&#39;http%3A%2F%2Fwww.w3.org%2F2000%2Fsvg&#39;%20viewBox%3D&#39;0%200%20749%20562&#39;%2F%3E\" data-src=\"https:\/\/broz.sk\/wp-content\/uploads\/2018\/03\/img-41-749x562.jpg\" data-srcset=\"https:\/\/broz.sk\/wp-content\/uploads\/2018\/03\/img-41-749x562.jpg 749w\" loading=\"eager\" style=\"--ratio: 749 \/ 562\" sizes=\"(max-width: 749px) 100vw, 749px\" alt=\"\" title=\"img (41)\" width=\"749\" height=\"562\"  \/><\/a>\n\t<\/div>\n<\/div>\n\n\n<div class=\"post-entry-content\">\n\n\t<h3 class=\"entry-title\">\n\t\t<a href=\"https:\/\/broz.sk\/en\/fotografie-z-detskych-letnych-taborov-2\/\" title=\"Summer camps photos\" rel=\"bookmark\">Summer camps photos<\/a>\n\t<\/h3>\n\n\t<div class=\"entry-meta\"><a href=\"https:\/\/broz.sk\/en\/2017\/12\/17\/\" title=\"11:12\" class=\"data-link\" rel=\"bookmark\"><time class=\"entry-date updated\" datetime=\"2017-12-17T11:12:16+01:00\">17. December 2017<\/time><\/a><\/div>\n\t<div class=\"entry-excerpt\"><p>[vc_row][vc_column][\/vc_column][\/vc_row]<\/p>\n<\/div>\n\t\n<a href=\"https:\/\/broz.sk\/en\/fotografie-z-detskych-letnych-taborov-2\/\" class=\"post-details details-type-link\" aria-label=\"Read more about Summer camps photos\">Read more<i class=\"dt-icon-the7-arrow-03\" aria-hidden=\"true\"><\/i><\/a>\n\n<\/div><\/article><article class=\"post project-odd hidden post-4889 type-post status-publish format-standard has-post-thumbnail hentry category-0-en category-protection-of-habitats pmpro-has-access category-43 category-31 description-off\" data-name=\"A new leaflet issued about protection of Danube floodplains\" data-date=\"2017-12-15T11:08:07+01:00\">\n\n<div class=\"post-thumbnail-wrap\">\n\t<div class=\"post-thumbnail\">\n\n\t\t\n\t\t\n\t\t<a href=\"https:\/\/broz.sk\/en\/novy-letak-o-ochrane-dunajskych-luhov\/\" class=\"post-thumbnail-rollover layzr-bg layzr-bg\" ><img decoding=\"async\" class=\"blog-thumb-lazy-load preload-me lazy-load aspect\" src=\"data:image\/svg+xml,%3Csvg%20xmlns%3D&#39;http%3A%2F%2Fwww.w3.org%2F2000%2Fsvg&#39;%20viewBox%3D&#39;0%200%20768%20576&#39;%2F%3E\" data-src=\"https:\/\/broz.sk\/wp-content\/uploads\/2018\/02\/B_976x646-768x576.jpg\" data-srcset=\"https:\/\/broz.sk\/wp-content\/uploads\/2018\/02\/B_976x646-768x576.jpg 768w, https:\/\/broz.sk\/wp-content\/uploads\/2018\/02\/B_976x646-861x646.jpg 861w\" loading=\"eager\" style=\"--ratio: 768 \/ 576\" sizes=\"(max-width: 768px) 100vw, 768px\" alt=\"\" title=\"B_976x646\" width=\"768\" height=\"576\"  \/><\/a>\n\t<\/div>\n<\/div>\n\n\n<div class=\"post-entry-content\">\n\n\t<h3 class=\"entry-title\">\n\t\t<a href=\"https:\/\/broz.sk\/en\/novy-letak-o-ochrane-dunajskych-luhov\/\" title=\"A new leaflet issued about protection of Danube floodplains\" rel=\"bookmark\">A new leaflet issued about protection of Danube floodplains<\/a>\n\t<\/h3>\n\n\t<div class=\"entry-meta\"><a href=\"https:\/\/broz.sk\/en\/2017\/12\/15\/\" title=\"11:08\" class=\"data-link\" rel=\"bookmark\"><time class=\"entry-date updated\" datetime=\"2017-12-15T11:08:07+01:00\">15. December 2017<\/time><\/a><\/div>\n\t<div class=\"entry-excerpt\"><p>See our new leaflet issued in the project &#8211; &#8220;We restore the land of Danube floodplains&#8221; Ozivujeme_krajinu_dunajskych_luhov<\/p>\n<\/div>\n\t\n<a href=\"https:\/\/broz.sk\/en\/novy-letak-o-ochrane-dunajskych-luhov\/\" class=\"post-details details-type-link\" aria-label=\"Read more about A new leaflet issued about protection of Danube floodplains\">Read more<i class=\"dt-icon-the7-arrow-03\" aria-hidden=\"true\"><\/i><\/a>\n\n<\/div><\/article><article class=\"post project-odd hidden post-4883 type-post status-publish format-standard has-post-thumbnail hentry category-protection-of-habitats pmpro-has-access category-31 description-off\" data-name=\"Reportage about Danube floodplains in Radio Regina\" data-date=\"2017-10-28T10:22:51+02:00\">\n\n<div class=\"post-thumbnail-wrap\">\n\t<div class=\"post-thumbnail\">\n\n\t\t\n\t\t\n\t\t<a href=\"https:\/\/broz.sk\/en\/radio-regina-reportaz-o-dunajskych-luhoch\/\" class=\"post-thumbnail-rollover layzr-bg layzr-bg\" ><img decoding=\"async\" class=\"blog-thumb-lazy-load preload-me lazy-load aspect\" src=\"data:image\/svg+xml,%3Csvg%20xmlns%3D&#39;http%3A%2F%2Fwww.w3.org%2F2000%2Fsvg&#39;%20viewBox%3D&#39;0%200%20569%20427&#39;%2F%3E\" data-src=\"https:\/\/broz.sk\/wp-content\/uploads\/2017\/10\/dl-569x427.jpg\" data-srcset=\"https:\/\/broz.sk\/wp-content\/uploads\/2017\/10\/dl-569x427.jpg 569w\" loading=\"eager\" style=\"--ratio: 569 \/ 427\" sizes=\"(max-width: 569px) 100vw, 569px\" alt=\"\" title=\"dl\" width=\"569\" height=\"427\"  \/><\/a>\n\t<\/div>\n<\/div>\n\n\n<div class=\"post-entry-content\">\n\n\t<h3 class=\"entry-title\">\n\t\t<a href=\"https:\/\/broz.sk\/en\/radio-regina-reportaz-o-dunajskych-luhoch\/\" title=\"Reportage about Danube floodplains in Radio Regina\" rel=\"bookmark\">Reportage about Danube floodplains in Radio Regina<\/a>\n\t<\/h3>\n\n\t<div class=\"entry-meta\"><a href=\"https:\/\/broz.sk\/en\/2017\/10\/28\/\" title=\"10:22\" class=\"data-link\" rel=\"bookmark\"><time class=\"entry-date updated\" datetime=\"2017-10-28T10:22:51+02:00\">28. October 2017<\/time><\/a><\/div>\n\t<div class=\"entry-excerpt\"><p>28.10. 2017 &#8211; Silvia Halkova was a quest in the broadcast Panorama in Radio Regina. Listen a reportage about nature of Danube floodplains and their protection. &nbsp; &nbsp;<\/p>\n<\/div>\n\t\n<a href=\"https:\/\/broz.sk\/en\/radio-regina-reportaz-o-dunajskych-luhoch\/\" class=\"post-details details-type-link\" aria-label=\"Read more about Reportage about Danube floodplains in Radio Regina\">Read more<i class=\"dt-icon-the7-arrow-03\" aria-hidden=\"true\"><\/i><\/a>\n\n<\/div><\/article><article class=\"post project-odd hidden post-4878 type-post status-publish format-standard has-post-thumbnail hentry category-protection-of-habitats pmpro-has-access category-31 description-off\" data-name=\"Grown seedlings of native trees\" data-date=\"2017-10-21T11:00:30+02:00\">\n\n<div class=\"post-thumbnail-wrap\">\n\t<div class=\"post-thumbnail\">\n\n\t\t\n\t\t\n\t\t<a href=\"https:\/\/broz.sk\/en\/vypestovane-sadenice-povodnych-drevin\/\" class=\"post-thumbnail-rollover layzr-bg layzr-bg\" ><img decoding=\"async\" class=\"blog-thumb-lazy-load preload-me lazy-load aspect\" src=\"data:image\/svg+xml,%3Csvg%20xmlns%3D&#39;http%3A%2F%2Fwww.w3.org%2F2000%2Fsvg&#39;%20viewBox%3D&#39;0%200%20768%20576&#39;%2F%3E\" data-src=\"https:\/\/broz.sk\/wp-content\/uploads\/2018\/03\/img-1-768x576.jpg\" data-srcset=\"https:\/\/broz.sk\/wp-content\/uploads\/2018\/03\/img-1-768x576.jpg 768w, https:\/\/broz.sk\/wp-content\/uploads\/2018\/03\/img-1.jpg 1000w\" loading=\"eager\" style=\"--ratio: 768 \/ 576\" sizes=\"(max-width: 768px) 100vw, 768px\" alt=\"\" title=\"img (1)\" width=\"768\" height=\"576\"  \/><\/a>\n\t<\/div>\n<\/div>\n\n\n<div class=\"post-entry-content\">\n\n\t<h3 class=\"entry-title\">\n\t\t<a href=\"https:\/\/broz.sk\/en\/vypestovane-sadenice-povodnych-drevin\/\" title=\"Grown seedlings of native trees\" rel=\"bookmark\">Grown seedlings of native trees<\/a>\n\t<\/h3>\n\n\t<div class=\"entry-meta\"><a href=\"https:\/\/broz.sk\/en\/2017\/10\/21\/\" title=\"11:00\" class=\"data-link\" rel=\"bookmark\"><time class=\"entry-date updated\" datetime=\"2017-10-21T11:00:30+02:00\">21. October 2017<\/time><\/a><\/div>\n\t<div class=\"entry-excerpt\"><p>Partner of the project &#8211; NLC &#8211; has managed to grow several native tree species that will be planted soon in the forest &#8211; common oaks, barren pear and apple trees, lindens and black poplars. Altogether 4325 seedlings have been grown. In the same time &#8220;mother heads&#8221; of black and white poplars have been planted\u00a0&hellip;<\/p>\n<\/div>\n\t\n<a href=\"https:\/\/broz.sk\/en\/vypestovane-sadenice-povodnych-drevin\/\" class=\"post-details details-type-link\" aria-label=\"Read more about Grown seedlings of native trees\">Read more<i class=\"dt-icon-the7-arrow-03\" aria-hidden=\"true\"><\/i><\/a>\n\n<\/div><\/article><article class=\"post project-odd hidden post-6030 type-post status-publish format-standard has-post-thumbnail hentry category-protection-of-habitats pmpro-has-access category-31 description-off\" data-name=\"Professional Workshop how to restore Danube river branch?\" data-date=\"2017-10-12T14:46:03+02:00\">\n\n<div class=\"post-thumbnail-wrap\">\n\t<div class=\"post-thumbnail\">\n\n\t\t\n\t\t\n\t\t<a href=\"https:\/\/broz.sk\/en\/odborny-workshop-ako-zrevitalizovat-dunajske-rameno\/\" class=\"post-thumbnail-rollover layzr-bg layzr-bg\" ><img decoding=\"async\" class=\"blog-thumb-lazy-load preload-me lazy-load aspect\" src=\"data:image\/svg+xml,%3Csvg%20xmlns%3D&#39;http%3A%2F%2Fwww.w3.org%2F2000%2Fsvg&#39;%20viewBox%3D&#39;0%200%20768%20576&#39;%2F%3E\" data-src=\"https:\/\/broz.sk\/wp-content\/uploads\/2017\/10\/DSCN6173-768x576.jpg\" data-srcset=\"https:\/\/broz.sk\/wp-content\/uploads\/2017\/10\/DSCN6173-768x576.jpg 768w, https:\/\/broz.sk\/wp-content\/uploads\/2017\/10\/DSCN6173-1306x979.jpg 1306w\" loading=\"eager\" style=\"--ratio: 768 \/ 576\" sizes=\"(max-width: 768px) 100vw, 768px\" alt=\"\" title=\"DSCN6173\" width=\"768\" height=\"576\"  \/><\/a>\n\t<\/div>\n<\/div>\n\n\n<div class=\"post-entry-content\">\n\n\t<h3 class=\"entry-title\">\n\t\t<a href=\"https:\/\/broz.sk\/en\/odborny-workshop-ako-zrevitalizovat-dunajske-rameno\/\" title=\"Professional Workshop how to restore Danube river branch?\" rel=\"bookmark\">Professional Workshop how to restore Danube river branch?<\/a>\n\t<\/h3>\n\n\t<div class=\"entry-meta\"><a href=\"https:\/\/broz.sk\/en\/2017\/10\/12\/\" title=\"14:46\" class=\"data-link\" rel=\"bookmark\"><time class=\"entry-date updated\" datetime=\"2017-10-12T14:46:03+02:00\">12. October 2017<\/time><\/a><\/div>\n\t<div class=\"entry-excerpt\"><p>The aim of the event &#8211; Ecological management and restoration of watercourses &#8211; was to inform the water experts and environmentalists about actual trends in water management and nature conservation. Motivate them to cooperation in solution of water restoration and water conservation. Within this event we organized professional workshop &#8211; How to restore Danube river&hellip;<\/p>\n<\/div>\n\t\n<a href=\"https:\/\/broz.sk\/en\/odborny-workshop-ako-zrevitalizovat-dunajske-rameno\/\" class=\"post-details details-type-link\" aria-label=\"Read more about Professional Workshop how to restore Danube river branch?\">Read more<i class=\"dt-icon-the7-arrow-03\" aria-hidden=\"true\"><\/i><\/a>\n\n<\/div><\/article><article class=\"post project-odd hidden post-6032 type-post status-publish format-standard has-post-thumbnail hentry category-protection-of-habitats pmpro-has-access category-31 description-off\" data-name=\"Restoration of the Porec stream\" data-date=\"2017-09-30T13:34:18+02:00\">\n\n<div class=\"post-thumbnail-wrap\">\n\t<div class=\"post-thumbnail\">\n\n\t\t\n\t\t\n\t\t<a href=\"https:\/\/broz.sk\/en\/revitalizacia-potoka-porec\/\" class=\"post-thumbnail-rollover layzr-bg layzr-bg\" ><img decoding=\"async\" class=\"blog-thumb-lazy-load preload-me lazy-load aspect\" src=\"data:image\/svg+xml,%3Csvg%20xmlns%3D&#39;http%3A%2F%2Fwww.w3.org%2F2000%2Fsvg&#39;%20viewBox%3D&#39;0%200%20557%20418&#39;%2F%3E\" data-src=\"https:\/\/broz.sk\/wp-content\/uploads\/2017\/09\/2018_01_31_C5_potok-Porec_revitaiz\u00e1cia-557x418.jpg\" data-srcset=\"https:\/\/broz.sk\/wp-content\/uploads\/2017\/09\/2018_01_31_C5_potok-Porec_revitaiz\u00e1cia-557x418.jpg 557w\" loading=\"eager\" style=\"--ratio: 557 \/ 418\" sizes=\"(max-width: 557px) 100vw, 557px\" alt=\"\" title=\"2018_01_31_C5_potok Porec_revitaiz\u00e1cia\" width=\"557\" height=\"418\"  \/><\/a>\n\t<\/div>\n<\/div>\n\n\n<div class=\"post-entry-content\">\n\n\t<h3 class=\"entry-title\">\n\t\t<a href=\"https:\/\/broz.sk\/en\/revitalizacia-potoka-porec\/\" title=\"Restoration of the Porec stream\" rel=\"bookmark\">Restoration of the Porec stream<\/a>\n\t<\/h3>\n\n\t<div class=\"entry-meta\"><a href=\"https:\/\/broz.sk\/en\/2017\/09\/30\/\" title=\"13:34\" class=\"data-link\" rel=\"bookmark\"><time class=\"entry-date updated\" datetime=\"2017-09-30T13:34:18+02:00\">30. September 2017<\/time><\/a><\/div>\n\t<div class=\"entry-excerpt\"><p>In September 2017 was realized the restoration of the Porec stream between the railway and the highway in the length of about 600 m. The itself restoration starts about 150 m from the railway and ends at sluice on the field road about 80 m from the highway, at a length of 496 m. The&hellip;<\/p>\n<\/div>\n\t\n<a href=\"https:\/\/broz.sk\/en\/revitalizacia-potoka-porec\/\" class=\"post-details details-type-link\" aria-label=\"Read more about Restoration of the Porec stream\">Read more<i class=\"dt-icon-the7-arrow-03\" aria-hidden=\"true\"><\/i><\/a>\n\n<\/div><\/article><article class=\"post project-odd hidden post-4640 type-post status-publish format-standard has-post-thumbnail hentry category-0-en pmpro-has-access category-43 description-off\" data-name=\"D\u00f6m\u00f6s Day attracted mainly families with kids\" data-date=\"2017-09-09T12:30:47+02:00\">\n\n<div class=\"post-thumbnail-wrap\">\n\t<div class=\"post-thumbnail\">\n\n\t\t\n\t\t\n\t\t<a href=\"https:\/\/broz.sk\/en\/zeleny-den-v-domosi-prilakal-najma-rodiny-s-detmi\/\" class=\"post-thumbnail-rollover layzr-bg layzr-bg\" ><img decoding=\"async\" class=\"blog-thumb-lazy-load preload-me lazy-load aspect\" src=\"data:image\/svg+xml,%3Csvg%20xmlns%3D&#39;http%3A%2F%2Fwww.w3.org%2F2000%2Fsvg&#39;%20viewBox%3D&#39;0%200%20768%20576&#39;%2F%3E\" data-src=\"https:\/\/broz.sk\/wp-content\/uploads\/2018\/03\/img-1-1-768x576.jpg\" data-srcset=\"https:\/\/broz.sk\/wp-content\/uploads\/2018\/03\/img-1-1-768x576.jpg 768w, https:\/\/broz.sk\/wp-content\/uploads\/2018\/03\/img-1-1.jpg 1000w\" loading=\"eager\" style=\"--ratio: 768 \/ 576\" sizes=\"(max-width: 768px) 100vw, 768px\" alt=\"\" title=\"img (1)\" width=\"768\" height=\"576\"  \/><\/a>\n\t<\/div>\n<\/div>\n\n\n<div class=\"post-entry-content\">\n\n\t<h3 class=\"entry-title\">\n\t\t<a href=\"https:\/\/broz.sk\/en\/zeleny-den-v-domosi-prilakal-najma-rodiny-s-detmi\/\" title=\"D\u00f6m\u00f6s Day attracted mainly families with kids\" rel=\"bookmark\">D\u00f6m\u00f6s Day attracted mainly families with kids<\/a>\n\t<\/h3>\n\n\t<div class=\"entry-meta\"><a href=\"https:\/\/broz.sk\/en\/2017\/09\/09\/\" title=\"12:30\" class=\"data-link\" rel=\"bookmark\"><time class=\"entry-date updated\" datetime=\"2017-09-09T12:30:47+02:00\">9. September 2017<\/time><\/a><\/div>\n\t<div class=\"entry-excerpt\"><p>A yearly venue named D\u00f6m\u00f6s Day in the village D\u00f6m\u00f6s took place the 9th of September with a rich program focused on nature and its conservation. It attracted mainly families with kids. &nbsp; &nbsp; &nbsp;<\/p>\n<\/div>\n\t\n<a href=\"https:\/\/broz.sk\/en\/zeleny-den-v-domosi-prilakal-najma-rodiny-s-detmi\/\" class=\"post-details details-type-link\" aria-label=\"Read more about D\u00f6m\u00f6s Day attracted mainly families with kids\">Read more<i class=\"dt-icon-the7-arrow-03\" aria-hidden=\"true\"><\/i><\/a>\n\n<\/div><\/article><article class=\"post project-odd hidden post-6028 type-post status-publish format-standard has-post-thumbnail hentry category-protection-of-habitats pmpro-has-access category-31 description-off\" data-name=\"Accessing of Slovinec adit for bats in Dev\u00edn\" data-date=\"2017-09-04T16:10:27+02:00\">\n\n<div class=\"post-thumbnail-wrap\">\n\t<div class=\"post-thumbnail\">\n\n\t\t\n\t\t\n\t\t<a href=\"https:\/\/broz.sk\/en\/spristupnenie-stolne-slovinec-pre-netopiere-v-devine\/\" class=\"post-thumbnail-rollover layzr-bg layzr-bg\" ><img decoding=\"async\" class=\"blog-thumb-lazy-load preload-me lazy-load aspect\" src=\"data:image\/svg+xml,%3Csvg%20xmlns%3D&#39;http%3A%2F%2Fwww.w3.org%2F2000%2Fsvg&#39;%20viewBox%3D&#39;0%200%20720%20540&#39;%2F%3E\" data-src=\"https:\/\/broz.sk\/wp-content\/uploads\/2017\/09\/17759874_1330936686988220_5029744788694057961_n-720x540.jpg\" data-srcset=\"https:\/\/broz.sk\/wp-content\/uploads\/2017\/09\/17759874_1330936686988220_5029744788694057961_n-720x540.jpg 720w, https:\/\/broz.sk\/wp-content\/uploads\/2017\/09\/17759874_1330936686988220_5029744788694057961_n-720x539.jpg 720w\" loading=\"eager\" style=\"--ratio: 720 \/ 540\" sizes=\"(max-width: 720px) 100vw, 720px\" alt=\"\" title=\"17759874_1330936686988220_5029744788694057961_n\" width=\"720\" height=\"540\"  \/><\/a>\n\t<\/div>\n<\/div>\n\n\n<div class=\"post-entry-content\">\n\n\t<h3 class=\"entry-title\">\n\t\t<a href=\"https:\/\/broz.sk\/en\/spristupnenie-stolne-slovinec-pre-netopiere-v-devine\/\" title=\"Accessing of Slovinec adit for bats in Dev\u00edn\" rel=\"bookmark\">Accessing of Slovinec adit for bats in Dev\u00edn<\/a>\n\t<\/h3>\n\n\t<div class=\"entry-meta\"><a href=\"https:\/\/broz.sk\/en\/2017\/09\/04\/\" title=\"16:10\" class=\"data-link\" rel=\"bookmark\"><time class=\"entry-date updated\" datetime=\"2017-09-04T16:10:27+02:00\">4. September 2017<\/time><\/a><\/div>\n\t<div class=\"entry-excerpt\"><p>The former Adit under the Slovinec Hill was a significant wintering place for bats in the past. In 2011, the Adit was closed, which was prevented access for these valuable animals. The re-opening of the Adit was realised in 2017 by our association in cooperation with Civic association SAOLA &#8211; Nature Conservation and State nature&hellip;<\/p>\n<\/div>\n\t\n<a href=\"https:\/\/broz.sk\/en\/spristupnenie-stolne-slovinec-pre-netopiere-v-devine\/\" class=\"post-details details-type-link\" aria-label=\"Read more about Accessing of Slovinec adit for bats in Dev\u00edn\">Read more<i class=\"dt-icon-the7-arrow-03\" aria-hidden=\"true\"><\/i><\/a>\n\n<\/div><\/article><article class=\"post project-odd hidden post-4940 type-post status-publish format-standard has-post-thumbnail hentry category-0-en pmpro-has-access category-43 description-off\" data-name=\"Summer camps for children &#8211; 2017\" data-date=\"2017-08-15T13:15:59+02:00\">\n\n<div class=\"post-thumbnail-wrap\">\n\t<div class=\"post-thumbnail\">\n\n\t\t\n\t\t\n\t\t<a href=\"https:\/\/broz.sk\/en\/detske-tabory-na-velkom-leli-leto-2017\/\" class=\"post-thumbnail-rollover layzr-bg layzr-bg\" ><img decoding=\"async\" class=\"blog-thumb-lazy-load preload-me lazy-load aspect\" src=\"data:image\/svg+xml,%3Csvg%20xmlns%3D&#39;http%3A%2F%2Fwww.w3.org%2F2000%2Fsvg&#39;%20viewBox%3D&#39;0%200%20768%20576&#39;%2F%3E\" data-src=\"https:\/\/broz.sk\/wp-content\/uploads\/2018\/03\/img-11-1-768x576.jpg\" data-srcset=\"https:\/\/broz.sk\/wp-content\/uploads\/2018\/03\/img-11-1-768x576.jpg 768w, https:\/\/broz.sk\/wp-content\/uploads\/2018\/03\/img-11-1.jpg 960w\" loading=\"eager\" style=\"--ratio: 768 \/ 576\" sizes=\"(max-width: 768px) 100vw, 768px\" alt=\"\" title=\"img (11)\" width=\"768\" height=\"576\"  \/><\/a>\n\t<\/div>\n<\/div>\n\n\n<div class=\"post-entry-content\">\n\n\t<h3 class=\"entry-title\">\n\t\t<a href=\"https:\/\/broz.sk\/en\/detske-tabory-na-velkom-leli-leto-2017\/\" title=\"Summer camps for children &#8211; 2017\" rel=\"bookmark\">Summer camps for children &#8211; 2017<\/a>\n\t<\/h3>\n\n\t<div class=\"entry-meta\"><a href=\"https:\/\/broz.sk\/en\/2017\/08\/15\/\" title=\"13:15\" class=\"data-link\" rel=\"bookmark\"><time class=\"entry-date updated\" datetime=\"2017-08-15T13:15:59+02:00\">15. August 2017<\/time><\/a><\/div>\n\t<div class=\"entry-excerpt\"><p>[vc_row][vc_column][\/vc_column][\/vc_row]<\/p>\n<\/div>\n\t\n<a href=\"https:\/\/broz.sk\/en\/detske-tabory-na-velkom-leli-leto-2017\/\" class=\"post-details details-type-link\" aria-label=\"Read more about Summer camps for children &#8211; 2017\">Read more<i class=\"dt-icon-the7-arrow-03\" aria-hidden=\"true\"><\/i><\/a>\n\n<\/div><\/article><article class=\"post project-odd hidden post-4861 type-post status-publish format-standard has-post-thumbnail hentry category-0-en pmpro-has-access category-43 description-off\" data-name=\"Invitation to the Green Day in D\u00f6m\u00f6s, Hungary 9th of September\" data-date=\"2017-08-10T16:12:17+02:00\">\n\n<div class=\"post-thumbnail-wrap\">\n\t<div class=\"post-thumbnail\">\n\n\t\t\n\t\t\n\t\t<a href=\"https:\/\/broz.sk\/en\/pozvanka-na-zeleny-den-v-domosi-9-9-2017\/\" class=\"post-thumbnail-rollover layzr-bg layzr-bg\" ><img decoding=\"async\" class=\"blog-thumb-lazy-load preload-me lazy-load aspect\" src=\"data:image\/svg+xml,%3Csvg%20xmlns%3D&#39;http%3A%2F%2Fwww.w3.org%2F2000%2Fsvg&#39;%20viewBox%3D&#39;0%200%20707%20530&#39;%2F%3E\" data-src=\"https:\/\/broz.sk\/wp-content\/uploads\/2018\/08\/pozv\u00e1nka_Domos-2017-707x530.jpg\" data-srcset=\"https:\/\/broz.sk\/wp-content\/uploads\/2018\/08\/pozv\u00e1nka_Domos-2017-707x530.jpg 707w, https:\/\/broz.sk\/wp-content\/uploads\/2018\/08\/pozv\u00e1nka_Domos-2017-707x529.jpg 707w\" loading=\"eager\" style=\"--ratio: 707 \/ 530\" sizes=\"(max-width: 707px) 100vw, 707px\" alt=\"\" title=\"pozv\u00e1nka_Domos 2017\" width=\"707\" height=\"530\"  \/><\/a>\n\t<\/div>\n<\/div>\n\n\n<div class=\"post-entry-content\">\n\n\t<h3 class=\"entry-title\">\n\t\t<a href=\"https:\/\/broz.sk\/en\/pozvanka-na-zeleny-den-v-domosi-9-9-2017\/\" title=\"Invitation to the Green Day in D\u00f6m\u00f6s, Hungary 9th of September\" rel=\"bookmark\">Invitation to the Green Day in D\u00f6m\u00f6s, Hungary 9th of September<\/a>\n\t<\/h3>\n\n\t<div class=\"entry-meta\"><a href=\"https:\/\/broz.sk\/en\/2017\/08\/10\/\" title=\"16:12\" class=\"data-link\" rel=\"bookmark\"><time class=\"entry-date updated\" datetime=\"2017-08-10T16:12:17+02:00\">10. August 2017<\/time><\/a><\/div>\n\t<div class=\"entry-excerpt\"><p>We are inviting all families to the annual event &#8211; Green Day in\u00a0D\u00f6m\u00f6s which will take place 9th of September 2017. You will enjoy many different activities for children and adults in the heart of beautiful nature in Danube floodplain forests.<\/p>\n<\/div>\n\t\n<a href=\"https:\/\/broz.sk\/en\/pozvanka-na-zeleny-den-v-domosi-9-9-2017\/\" class=\"post-details details-type-link\" aria-label=\"Read more about Invitation to the Green Day in D\u00f6m\u00f6s, Hungary 9th of September\">Read more<i class=\"dt-icon-the7-arrow-03\" aria-hidden=\"true\"><\/i><\/a>\n\n<\/div><\/article><article class=\"post project-odd hidden post-6002 type-post status-publish format-standard has-post-thumbnail hentry category-0-en category-protection-of-habitats pmpro-has-access category-43 category-31 description-off\" data-name=\"Blooming Weittov quarry\" data-date=\"2017-07-29T16:44:54+02:00\">\n\n<div class=\"post-thumbnail-wrap\">\n\t<div class=\"post-thumbnail\">\n\n\t\t\n\t\t\n\t\t<a href=\"https:\/\/broz.sk\/en\/video-o-vyzname-pastvy-v-chranenych-uzemiach\/\" class=\"post-thumbnail-rollover layzr-bg layzr-bg\" ><img decoding=\"async\" class=\"blog-thumb-lazy-load preload-me lazy-load aspect\" src=\"data:image\/svg+xml,%3Csvg%20xmlns%3D&#39;http%3A%2F%2Fwww.w3.org%2F2000%2Fsvg&#39;%20viewBox%3D&#39;0%200%20533%20399&#39;%2F%3E\" data-src=\"https:\/\/broz.sk\/wp-content\/uploads\/2018\/02\/ooi-533x399.jpg\" data-srcset=\"https:\/\/broz.sk\/wp-content\/uploads\/2018\/02\/ooi-533x399.jpg 533w\" loading=\"eager\" style=\"--ratio: 533 \/ 399\" sizes=\"(max-width: 533px) 100vw, 533px\" alt=\"\" title=\"ooi\" width=\"533\" height=\"399\"  \/><\/a>\n\t<\/div>\n<\/div>\n\n\n<div class=\"post-entry-content\">\n\n\t<h3 class=\"entry-title\">\n\t\t<a href=\"https:\/\/broz.sk\/en\/video-o-vyzname-pastvy-v-chranenych-uzemiach\/\" title=\"Blooming Weittov quarry\" rel=\"bookmark\">Blooming Weittov quarry<\/a>\n\t<\/h3>\n\n\t<div class=\"entry-meta\"><a href=\"https:\/\/broz.sk\/en\/2017\/07\/29\/\" title=\"16:44\" class=\"data-link\" rel=\"bookmark\"><time class=\"entry-date updated\" datetime=\"2017-07-29T16:44:54+02:00\">29. July 2017<\/time><\/a><\/div>\n\t<div class=\"entry-excerpt\"><p>Video\u00a0 Blooming Weittov quarry Since 2013, it has realized here the restoration of meadow and forest habitats by restoration of traditional grazing. Animals suppress the invasive species and they help to create habitats for rare species of flora and fauna. Orchids come into bloom also in the most intensive grazing meadows of Weittov quarry. Grazing&hellip;<\/p>\n<\/div>\n\t\n<a href=\"https:\/\/broz.sk\/en\/video-o-vyzname-pastvy-v-chranenych-uzemiach\/\" class=\"post-details details-type-link\" aria-label=\"Read more about Blooming Weittov quarry\">Read more<i class=\"dt-icon-the7-arrow-03\" aria-hidden=\"true\"><\/i><\/a>\n\n<\/div><\/article><article class=\"post project-odd hidden post-6429 type-post status-publish format-standard has-post-thumbnail hentry category-protection-of-habitats category-protection-of-species pmpro-has-access category-31 category-30 description-off\" data-name=\"Restoration of the food habitats of the target species &#8211; grazing in the cadastral area of Radva\u0148 nad Dunajom\" data-date=\"2017-07-07T14:00:23+02:00\">\n\n<div class=\"post-thumbnail-wrap\">\n\t<div class=\"post-thumbnail\">\n\n\t\t\n\t\t\n\t\t<a href=\"https:\/\/broz.sk\/en\/obnova-potravnych-habitatov-cielovych-druhov-pastva-v-k-u-radvan-nad-dunajom\/\" class=\"post-thumbnail-rollover layzr-bg layzr-bg\" ><img decoding=\"async\" class=\"blog-thumb-lazy-load preload-me lazy-load aspect\" src=\"data:image\/svg+xml,%3Csvg%20xmlns%3D&#39;http%3A%2F%2Fwww.w3.org%2F2000%2Fsvg&#39;%20viewBox%3D&#39;0%200%20768%20576&#39;%2F%3E\" data-src=\"https:\/\/broz.sk\/wp-content\/uploads\/2017\/07\/kone-768x576.jpg\" data-srcset=\"https:\/\/broz.sk\/wp-content\/uploads\/2017\/07\/kone-768x576.jpg 768w, https:\/\/broz.sk\/wp-content\/uploads\/2017\/07\/kone-1067x800.jpg 1067w\" loading=\"eager\" style=\"--ratio: 768 \/ 576\" sizes=\"(max-width: 768px) 100vw, 768px\" alt=\"\" title=\"kone\" width=\"768\" height=\"576\"  \/><\/a>\n\t<\/div>\n<\/div>\n\n\n<div class=\"post-entry-content\">\n\n\t<h3 class=\"entry-title\">\n\t\t<a href=\"https:\/\/broz.sk\/en\/obnova-potravnych-habitatov-cielovych-druhov-pastva-v-k-u-radvan-nad-dunajom\/\" title=\"Restoration of the food habitats of the target species &#8211; grazing in the cadastral area of Radva\u0148 nad Dunajom\" rel=\"bookmark\">Restoration of the food habitats of the target species &#8211; grazing in the cadastral area of Radva\u0148 nad Dunajom<\/a>\n\t<\/h3>\n\n\t<div class=\"entry-meta\"><a href=\"https:\/\/broz.sk\/en\/2017\/07\/07\/\" title=\"14:00\" class=\"data-link\" rel=\"bookmark\"><time class=\"entry-date updated\" datetime=\"2017-07-07T14:00:23+02:00\">7. July 2017<\/time><\/a><\/div>\n\t<div class=\"entry-excerpt\"><p>The restoration of food habitat by grazing started after several meetings at SPA Doln\u00e9 Pohronie in the cadastral area Radva\u0148 nad Dunajom, near Virt. An area of \u200b\u200b12 hectares was fenced with a new electric fence with a total length of 2000 meters. The battery of fencing is recharged by a solar panel secured by&hellip;<\/p>\n<\/div>\n\t\n<a href=\"https:\/\/broz.sk\/en\/obnova-potravnych-habitatov-cielovych-druhov-pastva-v-k-u-radvan-nad-dunajom\/\" class=\"post-details details-type-link\" aria-label=\"Read more about Restoration of the food habitats of the target species &#8211; grazing in the cadastral area of Radva\u0148 nad Dunajom\">Read more<i class=\"dt-icon-the7-arrow-03\" aria-hidden=\"true\"><\/i><\/a>\n\n<\/div><\/article><article class=\"post project-odd hidden post-6433 type-post status-publish format-standard has-post-thumbnail hentry category-protection-of-habitats category-protection-of-species pmpro-has-access category-31 category-30 description-off\" data-name=\"Protection and retoration of riparian forest stands and vegetation\" data-date=\"2017-07-07T13:53:47+02:00\">\n\n<div class=\"post-thumbnail-wrap\">\n\t<div class=\"post-thumbnail\">\n\n\t\t\n\t\t\n\t\t<a href=\"https:\/\/broz.sk\/en\/ochrana-obnova-brehovych-porastov\/\" class=\"post-thumbnail-rollover layzr-bg layzr-bg\" ><img decoding=\"async\" class=\"blog-thumb-lazy-load preload-me lazy-load aspect\" src=\"data:image\/svg+xml,%3Csvg%20xmlns%3D&#39;http%3A%2F%2Fwww.w3.org%2F2000%2Fsvg&#39;%20viewBox%3D&#39;0%200%20768%20576&#39;%2F%3E\" data-src=\"https:\/\/broz.sk\/wp-content\/uploads\/2018\/03\/img-54-768x576.jpg\" data-srcset=\"https:\/\/broz.sk\/wp-content\/uploads\/2018\/03\/img-54-768x576.jpg 768w, https:\/\/broz.sk\/wp-content\/uploads\/2018\/03\/img-54-875x656.jpg 875w\" loading=\"eager\" style=\"--ratio: 768 \/ 576\" sizes=\"(max-width: 768px) 100vw, 768px\" alt=\"\" title=\"img (54)\" width=\"768\" height=\"576\"  \/><\/a>\n\t<\/div>\n<\/div>\n\n\n<div class=\"post-entry-content\">\n\n\t<h3 class=\"entry-title\">\n\t\t<a href=\"https:\/\/broz.sk\/en\/ochrana-obnova-brehovych-porastov\/\" title=\"Protection and retoration of riparian forest stands and vegetation\" rel=\"bookmark\">Protection and retoration of riparian forest stands and vegetation<\/a>\n\t<\/h3>\n\n\t<div class=\"entry-meta\"><a href=\"https:\/\/broz.sk\/en\/2017\/07\/07\/\" title=\"13:53\" class=\"data-link\" rel=\"bookmark\"><time class=\"entry-date updated\" datetime=\"2017-07-07T13:53:47+02:00\">7. July 2017<\/time><\/a><\/div>\n\t<div class=\"entry-excerpt\"><p>The activity started in spring 2016. In spring 2017 tree planting was finalized. We planted the following native tree species:\u00a0Salix alba, Populus alba, Populus nigra, Alnus glutinosa, Quercus robur, Fraxinus angustifolia\u00a0in SPA Dunajsk\u00e9 Luhy according to the A3 study. &nbsp; The trees were planted in 18 of the originally planned 27 localities. The reason was&hellip;<\/p>\n<\/div>\n\t\n<a href=\"https:\/\/broz.sk\/en\/ochrana-obnova-brehovych-porastov\/\" class=\"post-details details-type-link\" aria-label=\"Read more about Protection and retoration of riparian forest stands and vegetation\">Read more<i class=\"dt-icon-the7-arrow-03\" aria-hidden=\"true\"><\/i><\/a>\n\n<\/div><\/article><article class=\"post project-odd hidden post-4854 type-post status-publish format-standard has-post-thumbnail hentry category-protection-of-habitats pmpro-has-access category-31 description-off\" data-name=\"Partner of the project Water research institute created a physical model of Danube river-branch system\" data-date=\"2017-07-01T12:59:28+02:00\">\n\n<div class=\"post-thumbnail-wrap\">\n\t<div class=\"post-thumbnail\">\n\n\t\t\n\t\t\n\t\t<a href=\"https:\/\/broz.sk\/en\/fyzicky-model-ramennej-sustavy-partnera-projektu-vuvh\/\" class=\"post-thumbnail-rollover layzr-bg layzr-bg\" ><img decoding=\"async\" class=\"blog-thumb-lazy-load preload-me lazy-load aspect\" src=\"data:image\/svg+xml,%3Csvg%20xmlns%3D&#39;http%3A%2F%2Fwww.w3.org%2F2000%2Fsvg&#39;%20viewBox%3D&#39;0%200%20640%20480&#39;%2F%3E\" data-src=\"https:\/\/broz.sk\/wp-content\/uploads\/2018\/03\/img-29.jpg\" data-srcset=\"https:\/\/broz.sk\/wp-content\/uploads\/2018\/03\/img-29.jpg 640w\" loading=\"eager\" style=\"--ratio: 640 \/ 480\" sizes=\"(max-width: 640px) 100vw, 640px\" alt=\"\" title=\"img (29)\" width=\"640\" height=\"480\"  \/><\/a>\n\t<\/div>\n<\/div>\n\n\n<div class=\"post-entry-content\">\n\n\t<h3 class=\"entry-title\">\n\t\t<a href=\"https:\/\/broz.sk\/en\/fyzicky-model-ramennej-sustavy-partnera-projektu-vuvh\/\" title=\"Partner of the project Water research institute created a physical model of Danube river-branch system\" rel=\"bookmark\">Partner of the project Water research institute created a physical model of Danube river-branch system<\/a>\n\t<\/h3>\n\n\t<div class=\"entry-meta\"><a href=\"https:\/\/broz.sk\/en\/2017\/07\/01\/\" title=\"12:59\" class=\"data-link\" rel=\"bookmark\"><time class=\"entry-date updated\" datetime=\"2017-07-01T12:59:28+02:00\">1. July 2017<\/time><\/a><\/div>\n\t<div class=\"entry-excerpt\"><p>In the rooms of hydraulic laboratory of the Water research institute (V\u00daVH) the employees created physical model of the part of the river-branch system. The model optimalise the main parameters, position and configuration of crosswise structures with the aim to achieve optimal conditions of the stream. Using this model and following field measurements and calculations&hellip;<\/p>\n<\/div>\n\t\n<a href=\"https:\/\/broz.sk\/en\/fyzicky-model-ramennej-sustavy-partnera-projektu-vuvh\/\" class=\"post-details details-type-link\" aria-label=\"Read more about Partner of the project Water research institute created a physical model of Danube river-branch system\">Read more<i class=\"dt-icon-the7-arrow-03\" aria-hidden=\"true\"><\/i><\/a>\n\n<\/div><\/article><article class=\"post project-odd hidden post-6436 type-post status-publish format-standard has-post-thumbnail hentry category-protection-of-habitats category-protection-of-species pmpro-has-access category-31 category-30 description-off\" data-name=\"Restoration of steep river banks and nesting walls &#8211; B\u00e1torove Kosihy\" data-date=\"2017-06-16T13:48:21+02:00\">\n\n<div class=\"post-thumbnail-wrap\">\n\t<div class=\"post-thumbnail\">\n\n\t\t\n\t\t\n\t\t<a href=\"https:\/\/broz.sk\/en\/obnova-kolmych-riecnych-brehov-hniezdnych-stien-batorove-kosihy\/\" class=\"post-thumbnail-rollover layzr-bg layzr-bg\" ><img decoding=\"async\" class=\"blog-thumb-lazy-load preload-me lazy-load aspect\" src=\"data:image\/svg+xml,%3Csvg%20xmlns%3D&#39;http%3A%2F%2Fwww.w3.org%2F2000%2Fsvg&#39;%20viewBox%3D&#39;0%200%20768%20576&#39;%2F%3E\" data-src=\"https:\/\/broz.sk\/wp-content\/uploads\/2018\/03\/img-49-768x576.jpg\" data-srcset=\"https:\/\/broz.sk\/wp-content\/uploads\/2018\/03\/img-49-768x576.jpg 768w, https:\/\/broz.sk\/wp-content\/uploads\/2018\/03\/img-49-889x667.jpg 889w\" loading=\"eager\" style=\"--ratio: 768 \/ 576\" sizes=\"(max-width: 768px) 100vw, 768px\" alt=\"\" title=\"img (49)\" width=\"768\" height=\"576\"  \/><\/a>\n\t<\/div>\n<\/div>\n\n\n<div class=\"post-entry-content\">\n\n\t<h3 class=\"entry-title\">\n\t\t<a href=\"https:\/\/broz.sk\/en\/obnova-kolmych-riecnych-brehov-hniezdnych-stien-batorove-kosihy\/\" title=\"Restoration of steep river banks and nesting walls &#8211; B\u00e1torove Kosihy\" rel=\"bookmark\">Restoration of steep river banks and nesting walls &#8211; B\u00e1torove Kosihy<\/a>\n\t<\/h3>\n\n\t<div class=\"entry-meta\"><a href=\"https:\/\/broz.sk\/en\/2017\/06\/16\/\" title=\"13:48\" class=\"data-link\" rel=\"bookmark\"><time class=\"entry-date updated\" datetime=\"2017-06-16T13:48:21+02:00\">16. June 2017<\/time><\/a><\/div>\n\t<div class=\"entry-excerpt\"><p>The restoration of nesting walls in B\u00e1torov\u00e9 Kosihy was prepared and carried out in close cooperation with the local administration office, the mayor and local organization &#8220;Brehu\u013ea&#8221; (Sand Martin). Information pannels informed the locals about the ongoing works. The nesting locality was used by a colony before the reconstruction, but parts started to overgrow with&hellip;<\/p>\n<\/div>\n\t\n<a href=\"https:\/\/broz.sk\/en\/obnova-kolmych-riecnych-brehov-hniezdnych-stien-batorove-kosihy\/\" class=\"post-details details-type-link\" aria-label=\"Read more about Restoration of steep river banks and nesting walls &#8211; B\u00e1torove Kosihy\">Read more<i class=\"dt-icon-the7-arrow-03\" aria-hidden=\"true\"><\/i><\/a>\n\n<\/div><\/article><article class=\"post project-odd hidden post-6026 type-post status-publish format-standard has-post-thumbnail hentry category-0-en category-protection-of-habitats pmpro-has-access category-43 category-31 description-off\" data-name=\"Restoration of Karlovesk\u00e9 rameno river branch &#8211; documentary film\" data-date=\"2017-06-12T12:55:18+02:00\">\n\n<div class=\"post-thumbnail-wrap\">\n\t<div class=\"post-thumbnail\">\n\n\t\t\n\t\t\n\t\t<a href=\"https:\/\/broz.sk\/en\/revitalizacia-karloveskeho-ramena-dokumentarny-film\/\" class=\"post-thumbnail-rollover layzr-bg layzr-bg\" ><img decoding=\"async\" class=\"blog-thumb-lazy-load preload-me lazy-load aspect\" src=\"data:image\/svg+xml,%3Csvg%20xmlns%3D&#39;http%3A%2F%2Fwww.w3.org%2F2000%2Fsvg&#39;%20viewBox%3D&#39;0%200%20396%20297&#39;%2F%3E\" data-src=\"https:\/\/broz.sk\/wp-content\/uploads\/2018\/02\/kr-396x297.jpg\" data-srcset=\"https:\/\/broz.sk\/wp-content\/uploads\/2018\/02\/kr-396x297.jpg 396w\" loading=\"eager\" style=\"--ratio: 396 \/ 297\" sizes=\"(max-width: 396px) 100vw, 396px\" alt=\"\" title=\"kr\" width=\"396\" height=\"297\"  \/><\/a>\n\t<\/div>\n<\/div>\n\n\n<div class=\"post-entry-content\">\n\n\t<h3 class=\"entry-title\">\n\t\t<a href=\"https:\/\/broz.sk\/en\/revitalizacia-karloveskeho-ramena-dokumentarny-film\/\" title=\"Restoration of Karlovesk\u00e9 rameno river branch &#8211; documentary film\" rel=\"bookmark\">Restoration of Karlovesk\u00e9 rameno river branch &#8211; documentary film<\/a>\n\t<\/h3>\n\n\t<div class=\"entry-meta\"><a href=\"https:\/\/broz.sk\/en\/2017\/06\/12\/\" title=\"12:55\" class=\"data-link\" rel=\"bookmark\"><time class=\"entry-date updated\" datetime=\"2017-06-12T12:55:18+02:00\">12. June 2017<\/time><\/a><\/div>\n\t<div class=\"entry-excerpt\"><p>The Karlovesk\u00e9 rameno river branch is one of the few free-flowing danubian river branches at the whole Slovak section of Danube and bypasses the island known as Siho\u0165 &#8211; important source of drinking water. Along the whole river branch deposits and artificial embankments were removed, which had formed unnatural barriers within restoration. The stream flow&hellip;<\/p>\n<\/div>\n\t\n<a href=\"https:\/\/broz.sk\/en\/revitalizacia-karloveskeho-ramena-dokumentarny-film\/\" class=\"post-details details-type-link\" aria-label=\"Read more about Restoration of Karlovesk\u00e9 rameno river branch &#8211; documentary film\">Read more<i class=\"dt-icon-the7-arrow-03\" aria-hidden=\"true\"><\/i><\/a>\n\n<\/div><\/article><article class=\"post project-odd hidden post-6439 type-post status-publish format-standard has-post-thumbnail hentry category-protection-of-habitats category-protection-of-species pmpro-has-access category-31 category-30 description-off\" data-name=\"Restoration of steep river banks and nesting walls &#8211; Zlatn\u00e1 na Ostrove and Dobroho\u0161\u0165\" data-date=\"2017-05-30T13:43:07+02:00\">\n\n<div class=\"post-thumbnail-wrap\">\n\t<div class=\"post-thumbnail\">\n\n\t\t\n\t\t\n\t\t<a href=\"https:\/\/broz.sk\/en\/obnova-kolmych-riecnych-brehov-hniezdnych-stien-zlatna-na-ostrove-dobrohost\/\" class=\"post-thumbnail-rollover layzr-bg layzr-bg\" ><img decoding=\"async\" class=\"blog-thumb-lazy-load preload-me lazy-load aspect\" src=\"data:image\/svg+xml,%3Csvg%20xmlns%3D&#39;http%3A%2F%2Fwww.w3.org%2F2000%2Fsvg&#39;%20viewBox%3D&#39;0%200%20768%20576&#39;%2F%3E\" data-src=\"https:\/\/broz.sk\/wp-content\/uploads\/2018\/03\/img-42-1-768x576.jpg\" data-srcset=\"https:\/\/broz.sk\/wp-content\/uploads\/2018\/03\/img-42-1-768x576.jpg 768w, https:\/\/broz.sk\/wp-content\/uploads\/2018\/03\/img-42-1.jpg 1000w\" loading=\"eager\" style=\"--ratio: 768 \/ 576\" sizes=\"(max-width: 768px) 100vw, 768px\" alt=\"\" title=\"img (42)\" width=\"768\" height=\"576\"  \/><\/a>\n\t<\/div>\n<\/div>\n\n\n<div class=\"post-entry-content\">\n\n\t<h3 class=\"entry-title\">\n\t\t<a href=\"https:\/\/broz.sk\/en\/obnova-kolmych-riecnych-brehov-hniezdnych-stien-zlatna-na-ostrove-dobrohost\/\" title=\"Restoration of steep river banks and nesting walls &#8211; Zlatn\u00e1 na Ostrove and Dobroho\u0161\u0165\" rel=\"bookmark\">Restoration of steep river banks and nesting walls &#8211; Zlatn\u00e1 na Ostrove and Dobroho\u0161\u0165<\/a>\n\t<\/h3>\n\n\t<div class=\"entry-meta\"><a href=\"https:\/\/broz.sk\/en\/2017\/05\/30\/\" title=\"13:43\" class=\"data-link\" rel=\"bookmark\"><time class=\"entry-date updated\" datetime=\"2017-05-30T13:43:07+02:00\">30. May 2017<\/time><\/a><\/div>\n\t<div class=\"entry-excerpt\"><p>The habitats were restored by BROZ as part of activity C1 at Zlatn\u00e1 na Ostrove in february 2017 &#8211; total length 35m. In Dobroho\u0161\u0165 the restoration took place in may 2017 &#8211; total length 40m. Both localities are part of the CHV\u00da Dunajsk\u00e9 Luhy. &nbsp; &nbsp; &nbsp;<\/p>\n<\/div>\n\t\n<a href=\"https:\/\/broz.sk\/en\/obnova-kolmych-riecnych-brehov-hniezdnych-stien-zlatna-na-ostrove-dobrohost\/\" class=\"post-details details-type-link\" aria-label=\"Read more about Restoration of steep river banks and nesting walls &#8211; Zlatn\u00e1 na Ostrove and Dobroho\u0161\u0165\">Read more<i class=\"dt-icon-the7-arrow-03\" aria-hidden=\"true\"><\/i><\/a>\n\n<\/div><\/article><article class=\"post project-odd hidden post-4849 type-post status-publish format-standard has-post-thumbnail hentry category-0-en category-uncategorized tag-life-en pmpro-has-access category-43 category-22 description-off\" data-name=\"Open Day of the project \u2013 17. 05. 2017 \u2013 Waterworks museum, Bratislava\" data-date=\"2017-05-17T12:46:54+02:00\">\n\n<div class=\"post-thumbnail-wrap\">\n\t<div class=\"post-thumbnail\">\n\n\t\t\n\t\t\n\t\t<a href=\"https:\/\/broz.sk\/en\/den-otvorenych-dveri-projektu\/\" class=\"post-thumbnail-rollover layzr-bg layzr-bg\" ><img decoding=\"async\" class=\"blog-thumb-lazy-load preload-me lazy-load aspect\" src=\"data:image\/svg+xml,%3Csvg%20xmlns%3D&#39;http%3A%2F%2Fwww.w3.org%2F2000%2Fsvg&#39;%20viewBox%3D&#39;0%200%20640%20480&#39;%2F%3E\" data-src=\"https:\/\/broz.sk\/wp-content\/uploads\/2018\/03\/img-19.jpg\" data-srcset=\"https:\/\/broz.sk\/wp-content\/uploads\/2018\/03\/img-19.jpg 640w\" loading=\"eager\" style=\"--ratio: 640 \/ 480\" sizes=\"(max-width: 640px) 100vw, 640px\" alt=\"\" title=\"img (19)\" width=\"640\" height=\"480\"  \/><\/a>\n\t<\/div>\n<\/div>\n\n\n<div class=\"post-entry-content\">\n\n\t<h3 class=\"entry-title\">\n\t\t<a href=\"https:\/\/broz.sk\/en\/den-otvorenych-dveri-projektu\/\" title=\"Open Day of the project \u2013 17. 05. 2017 \u2013 Waterworks museum, Bratislava\" rel=\"bookmark\">Open Day of the project \u2013 17. 05. 2017 \u2013 Waterworks museum, Bratislava<\/a>\n\t<\/h3>\n\n\t<div class=\"entry-meta\"><a href=\"https:\/\/broz.sk\/en\/2017\/05\/17\/\" title=\"12:46\" class=\"data-link\" rel=\"bookmark\"><time class=\"entry-date updated\" datetime=\"2017-05-17T12:46:54+02:00\">17. May 2017<\/time><\/a><\/div>\n\t<div class=\"entry-excerpt\"><p>On the occasion of 25th anniversary of the program LIFE and 20th anniversary of the Regional Association For Nature Conservation And Sustainable Development an Open Day of the project Restoration and management of Danube floodplain habitats &#8211; LIFE14 NAT\/SK\/001306 took place on 17th of May 2017 from 8:30 till 21:00 in Waterworks museum in Bratislava.&hellip;<\/p>\n<\/div>\n\t\n<a href=\"https:\/\/broz.sk\/en\/den-otvorenych-dveri-projektu\/\" class=\"post-details details-type-link\" aria-label=\"Read more about Open Day of the project \u2013 17. 05. 2017 \u2013 Waterworks museum, Bratislava\">Read more<i class=\"dt-icon-the7-arrow-03\" aria-hidden=\"true\"><\/i><\/a>\n\n<\/div><\/article><article class=\"post project-odd hidden post-4818 type-post status-publish format-standard has-post-thumbnail hentry category-protection-of-habitats pmpro-has-access category-31 description-off\" data-name=\"Restored wetlands in Danube floodplains near Dobroho\u0161\u0165\" data-date=\"2017-05-12T14:46:58+02:00\">\n\n<div class=\"post-thumbnail-wrap\">\n\t<div class=\"post-thumbnail\">\n\n\t\t\n\t\t\n\t\t<a href=\"https:\/\/broz.sk\/en\/obnovene-mokrade-v-dunajskych-luhoch-pri-dobrohosti\/\" class=\"post-thumbnail-rollover layzr-bg layzr-bg\" ><img decoding=\"async\" class=\"blog-thumb-lazy-load preload-me lazy-load aspect\" src=\"data:image\/svg+xml,%3Csvg%20xmlns%3D&#39;http%3A%2F%2Fwww.w3.org%2F2000%2Fsvg&#39;%20viewBox%3D&#39;0%200%20640%20480&#39;%2F%3E\" data-src=\"https:\/\/broz.sk\/wp-content\/uploads\/2018\/03\/img-8.jpg\" data-srcset=\"https:\/\/broz.sk\/wp-content\/uploads\/2018\/03\/img-8.jpg 640w\" loading=\"eager\" style=\"--ratio: 640 \/ 480\" sizes=\"(max-width: 640px) 100vw, 640px\" alt=\"\" title=\"img (8)\" width=\"640\" height=\"480\"  \/><\/a>\n\t<\/div>\n<\/div>\n\n\n<div class=\"post-entry-content\">\n\n\t<h3 class=\"entry-title\">\n\t\t<a href=\"https:\/\/broz.sk\/en\/obnovene-mokrade-v-dunajskych-luhoch-pri-dobrohosti\/\" title=\"Restored wetlands in Danube floodplains near Dobroho\u0161\u0165\" rel=\"bookmark\">Restored wetlands in Danube floodplains near Dobroho\u0161\u0165<\/a>\n\t<\/h3>\n\n\t<div class=\"entry-meta\"><a href=\"https:\/\/broz.sk\/en\/2017\/05\/12\/\" title=\"14:46\" class=\"data-link\" rel=\"bookmark\"><time class=\"entry-date updated\" datetime=\"2017-05-12T14:46:58+02:00\">12. May 2017<\/time><\/a><\/div>\n\t<div class=\"entry-excerpt\"><p>In May 2017 we managed to restore and create new wetlands in Danube floodplains near Dobroho\u0161\u0165. After digging a canal the water got into terrain depressions where ideal conditions for native floodplain species was created \u2013 e.g. amphibians and birds bound to open water bodies. Apart from amphibians a rare migratory birds appeared right after&hellip;<\/p>\n<\/div>\n\t\n<a href=\"https:\/\/broz.sk\/en\/obnovene-mokrade-v-dunajskych-luhoch-pri-dobrohosti\/\" class=\"post-details details-type-link\" aria-label=\"Read more about Restored wetlands in Danube floodplains near Dobroho\u0161\u0165\">Read more<i class=\"dt-icon-the7-arrow-03\" aria-hidden=\"true\"><\/i><\/a>\n\n<\/div><\/article><article class=\"post project-odd hidden post-5541 type-post status-publish format-standard has-post-thumbnail hentry category-0-en category-protection-of-species tag-life-en pmpro-has-access category-43 category-30 description-off\" data-name=\"Study trip &#8220;Cooperation and nature protection in the area NP Neusiedler See \u2013 Seewinkel a Fert\u0151 t\u00f3&#8221;\" data-date=\"2017-05-05T14:39:18+02:00\">\n\n<div class=\"post-thumbnail-wrap\">\n\t<div class=\"post-thumbnail\">\n\n\t\t\n\t\t\n\t\t<a href=\"https:\/\/broz.sk\/en\/studijna-cesta-spolupraca-ochrana-prirody-v-oblasti-np-neusiedler-see-seewinkel-ferto\/\" class=\"post-thumbnail-rollover layzr-bg layzr-bg\" ><img decoding=\"async\" class=\"blog-thumb-lazy-load preload-me lazy-load aspect\" src=\"data:image\/svg+xml,%3Csvg%20xmlns%3D&#39;http%3A%2F%2Fwww.w3.org%2F2000%2Fsvg&#39;%20viewBox%3D&#39;0%200%20768%20576&#39;%2F%3E\" data-src=\"https:\/\/broz.sk\/wp-content\/uploads\/2018\/01\/8_DSCF4092-768x576.jpg\" data-srcset=\"https:\/\/broz.sk\/wp-content\/uploads\/2018\/01\/8_DSCF4092-768x576.jpg 768w, https:\/\/broz.sk\/wp-content\/uploads\/2018\/01\/8_DSCF4092-1067x800.jpg 1067w\" loading=\"eager\" style=\"--ratio: 768 \/ 576\" sizes=\"(max-width: 768px) 100vw, 768px\" alt=\"\" title=\"8_DSCF4092\" width=\"768\" height=\"576\"  \/><\/a>\n\t<\/div>\n<\/div>\n\n\n<div class=\"post-entry-content\">\n\n\t<h3 class=\"entry-title\">\n\t\t<a href=\"https:\/\/broz.sk\/en\/studijna-cesta-spolupraca-ochrana-prirody-v-oblasti-np-neusiedler-see-seewinkel-ferto\/\" title=\"Study trip &#8220;Cooperation and nature protection in the area NP Neusiedler See \u2013 Seewinkel a Fert\u0151 t\u00f3&#8221;\" rel=\"bookmark\">Study trip &#8220;Cooperation and nature protection in the area NP Neusiedler See \u2013 Seewinkel a Fert\u0151 t\u00f3&#8221;<\/a>\n\t<\/h3>\n\n\t<div class=\"entry-meta\"><a href=\"https:\/\/broz.sk\/en\/2017\/05\/05\/\" title=\"14:39\" class=\"data-link\" rel=\"bookmark\"><time class=\"entry-date updated\" datetime=\"2017-05-05T14:39:18+02:00\">5. May 2017<\/time><\/a><\/div>\n\t<div class=\"entry-excerpt\"><p>A study trip entitled\u00a0&#8220;Cooperation and nature protection in the area NP Neusiedler See \u2013 Seewinkel a Fert\u0151 t\u00f3&#8221;\u00a0organized by the\u00a0Slovak Environmental Agency SEV Dropie\u00a0was held on\u00a02nd\u00a0\u2013 3rd\u00a0May 2017. The study trip was designed primarily for self-government, project workers and key stakeholders at the SPA Ostrovn\u00e9 l\u00faky. The Neusiedler Lake\u00a0and the adjacent localities of both our&hellip;<\/p>\n<\/div>\n\t\n<a href=\"https:\/\/broz.sk\/en\/studijna-cesta-spolupraca-ochrana-prirody-v-oblasti-np-neusiedler-see-seewinkel-ferto\/\" class=\"post-details details-type-link\" aria-label=\"Read more about Study trip &#8220;Cooperation and nature protection in the area NP Neusiedler See \u2013 Seewinkel a Fert\u0151 t\u00f3&#8221;\">Read more<i class=\"dt-icon-the7-arrow-03\" aria-hidden=\"true\"><\/i><\/a>\n\n<\/div><\/article><article class=\"post project-odd hidden post-4812 type-post status-publish format-standard has-post-thumbnail hentry category-protection-of-habitats category-uncategorized pmpro-has-access category-31 category-22 description-off\" data-name=\"Planting of native woody species of floodplain forests in cadastral area of Bod\u00edky\" data-date=\"2017-04-24T12:53:12+02:00\">\n\n<div class=\"post-thumbnail-wrap\">\n\t<div class=\"post-thumbnail\">\n\n\t\t\n\t\t\n\t\t<a href=\"https:\/\/broz.sk\/en\/vysadba-povodnych-druhov-drevin-luznych-lesov-v-k-u-bodiky\/\" class=\"post-thumbnail-rollover layzr-bg layzr-bg\" ><img decoding=\"async\" class=\"blog-thumb-lazy-load preload-me lazy-load aspect\" src=\"data:image\/svg+xml,%3Csvg%20xmlns%3D&#39;http%3A%2F%2Fwww.w3.org%2F2000%2Fsvg&#39;%20viewBox%3D&#39;0%200%20640%20480&#39;%2F%3E\" data-src=\"https:\/\/broz.sk\/wp-content\/uploads\/2018\/03\/img-28.jpg\" data-srcset=\"https:\/\/broz.sk\/wp-content\/uploads\/2018\/03\/img-28.jpg 640w\" loading=\"eager\" style=\"--ratio: 640 \/ 480\" sizes=\"(max-width: 640px) 100vw, 640px\" alt=\"\" title=\"img (28)\" width=\"640\" height=\"480\"  \/><\/a>\n\t<\/div>\n<\/div>\n\n\n<div class=\"post-entry-content\">\n\n\t<h3 class=\"entry-title\">\n\t\t<a href=\"https:\/\/broz.sk\/en\/vysadba-povodnych-druhov-drevin-luznych-lesov-v-k-u-bodiky\/\" title=\"Planting of native woody species of floodplain forests in cadastral area of Bod\u00edky\" rel=\"bookmark\">Planting of native woody species of floodplain forests in cadastral area of Bod\u00edky<\/a>\n\t<\/h3>\n\n\t<div class=\"entry-meta\"><a href=\"https:\/\/broz.sk\/en\/2017\/04\/24\/\" title=\"12:53\" class=\"data-link\" rel=\"bookmark\"><time class=\"entry-date updated\" datetime=\"2017-04-24T12:53:12+02:00\">24. April 2017<\/time><\/a><\/div>\n\t<div class=\"entry-excerpt\"><p>In April 2017 altogether\u00a0\u00a03375 nurslings of native woody species were planted in the forest in the cadastral area of Bod\u00edky. The planting was realised on the localities after logging where natural reproduction of trees had not occured. We chose reforestation on these areas to prevent spreading of invasive woody species and to ensure species composition&hellip;<\/p>\n<\/div>\n\t\n<a href=\"https:\/\/broz.sk\/en\/vysadba-povodnych-druhov-drevin-luznych-lesov-v-k-u-bodiky\/\" class=\"post-details details-type-link\" aria-label=\"Read more about Planting of native woody species of floodplain forests in cadastral area of Bod\u00edky\">Read more<i class=\"dt-icon-the7-arrow-03\" aria-hidden=\"true\"><\/i><\/a>\n\n<\/div><\/article><article class=\"post project-odd hidden post-5539 type-post status-publish format-standard has-post-thumbnail hentry category-uncategorized tag-life-en pmpro-has-access category-22 description-off\" data-name=\"Environmental contest for primary schools: Hypericum 2017\" data-date=\"2017-04-19T00:00:00+02:00\">\n\n<div class=\"post-thumbnail-wrap\">\n\t<div class=\"post-thumbnail\">\n\n\t\t\n\t\t\n\t\t<a href=\"https:\/\/broz.sk\/en\/sutaz-pre-skoly-hypericum-2017\/\" class=\"post-thumbnail-rollover layzr-bg layzr-bg\" ><img decoding=\"async\" class=\"blog-thumb-lazy-load preload-me lazy-load aspect\" src=\"data:image\/svg+xml,%3Csvg%20xmlns%3D&#39;http%3A%2F%2Fwww.w3.org%2F2000%2Fsvg&#39;%20viewBox%3D&#39;0%200%20768%20576&#39;%2F%3E\" data-src=\"https:\/\/broz.sk\/wp-content\/uploads\/2017\/04\/IMG_2160-768x576.jpg\" data-srcset=\"https:\/\/broz.sk\/wp-content\/uploads\/2017\/04\/IMG_2160-768x576.jpg 768w, https:\/\/broz.sk\/wp-content\/uploads\/2017\/04\/IMG_2160-1097x822.jpg 1097w\" loading=\"eager\" style=\"--ratio: 768 \/ 576\" sizes=\"(max-width: 768px) 100vw, 768px\" alt=\"\" title=\"Hypericum\" width=\"768\" height=\"576\"  \/><\/a>\n\t<\/div>\n<\/div>\n\n\n<div class=\"post-entry-content\">\n\n\t<h3 class=\"entry-title\">\n\t\t<a href=\"https:\/\/broz.sk\/en\/sutaz-pre-skoly-hypericum-2017\/\" title=\"Environmental contest for primary schools: Hypericum 2017\" rel=\"bookmark\">Environmental contest for primary schools: Hypericum 2017<\/a>\n\t<\/h3>\n\n\t<div class=\"entry-meta\"><a href=\"https:\/\/broz.sk\/en\/2017\/04\/19\/\" title=\"0:00\" class=\"data-link\" rel=\"bookmark\"><time class=\"entry-date updated\" datetime=\"2017-04-19T00:00:00+02:00\">19. April 2017<\/time><\/a><\/div>\n\t<div class=\"entry-excerpt\"><p>Are you a\u00a0primary school and are you interested in environmental education? Join the environmental contest Hypericum which is organised yearly by Slovak Environmental Agency. The contest will take place on\u00a019th\u00a0April 2017\u00a0in\u00a0The Centre of Environmental Education SA\u017dP Dropie, Zemianska Ol\u010da.\u00a0It is intended for pupils from 5th\u00a0to 9th\u00a0grades of primary school and the main topis of the&hellip;<\/p>\n<\/div>\n\t\n<a href=\"https:\/\/broz.sk\/en\/sutaz-pre-skoly-hypericum-2017\/\" class=\"post-details details-type-link\" aria-label=\"Read more about Environmental contest for primary schools: Hypericum 2017\">Read more<i class=\"dt-icon-the7-arrow-03\" aria-hidden=\"true\"><\/i><\/a>\n\n<\/div><\/article><article class=\"post project-odd hidden post-5537 type-post status-publish format-standard has-post-thumbnail hentry category-0-en pmpro-has-access category-43 description-off\" data-name=\"Study trip \u201eHow to change a school garden?\u201c&#8221;\" data-date=\"2017-04-05T14:57:11+02:00\">\n\n<div class=\"post-thumbnail-wrap\">\n\t<div class=\"post-thumbnail\">\n\n\t\t\n\t\t\n\t\t<a href=\"https:\/\/broz.sk\/en\/studijna-cesta-ako-zmenit-skolsku-zahradu\/\" class=\"post-thumbnail-rollover layzr-bg layzr-bg\" ><img decoding=\"async\" class=\"blog-thumb-lazy-load preload-me lazy-load aspect\" src=\"data:image\/svg+xml,%3Csvg%20xmlns%3D&#39;http%3A%2F%2Fwww.w3.org%2F2000%2Fsvg&#39;%20viewBox%3D&#39;0%200%20768%20576&#39;%2F%3E\" data-src=\"https:\/\/broz.sk\/wp-content\/uploads\/2018\/03\/img-78-768x576.jpg\" data-srcset=\"https:\/\/broz.sk\/wp-content\/uploads\/2018\/03\/img-78-768x576.jpg 768w, https:\/\/broz.sk\/wp-content\/uploads\/2018\/03\/img-78.jpg 1000w\" loading=\"eager\" style=\"--ratio: 768 \/ 576\" sizes=\"(max-width: 768px) 100vw, 768px\" alt=\"\" title=\"img (78)\" width=\"768\" height=\"576\"  \/><\/a>\n\t<\/div>\n<\/div>\n\n\n<div class=\"post-entry-content\">\n\n\t<h3 class=\"entry-title\">\n\t\t<a href=\"https:\/\/broz.sk\/en\/studijna-cesta-ako-zmenit-skolsku-zahradu\/\" title=\"Study trip \u201eHow to change a school garden?\u201c&#8221;\" rel=\"bookmark\">Study trip \u201eHow to change a school garden?\u201c&#8221;<\/a>\n\t<\/h3>\n\n\t<div class=\"entry-meta\"><a href=\"https:\/\/broz.sk\/en\/2017\/04\/05\/\" title=\"14:57\" class=\"data-link\" rel=\"bookmark\"><time class=\"entry-date updated\" datetime=\"2017-04-05T14:57:11+02:00\">5. April 2017<\/time><\/a><\/div>\n\t<div class=\"entry-excerpt\"><p>From\u00a05th\u00a0to 6th\u00a0April 2017\u00a0the study trip\u00a0\u201eHow to change a\u00a0school garden?\u201c\u00a0took place within the project LIFE12 NAT\/SK\/001155. We have visited\u00a0Waldorf primary school and kindergarten in Brno, School facility for environmental education Lipka \u2013 facilities Kamenn\u00e1 and Rozmar\u00fdnek\u00a0and also\u00a0Ecological institute Veronica in Host\u011bt\u00edn. The weather was not the best on Thursday, but the program was very inspirational and&hellip;<\/p>\n<\/div>\n\t\n<a href=\"https:\/\/broz.sk\/en\/studijna-cesta-ako-zmenit-skolsku-zahradu\/\" class=\"post-details details-type-link\" aria-label=\"Read more about Study trip \u201eHow to change a school garden?\u201c&#8221;\">Read more<i class=\"dt-icon-the7-arrow-03\" aria-hidden=\"true\"><\/i><\/a>\n\n<\/div><\/article><article class=\"post project-odd hidden post-4615 type-post status-publish format-standard has-post-thumbnail hentry category-protection-of-species pmpro-has-access category-30 description-off\" data-name=\"Monitoring of amphibians in the project area SCI Dunajsk\u00e9 luhy\" data-date=\"2017-03-30T11:09:52+02:00\">\n\n<div class=\"post-thumbnail-wrap\">\n\t<div class=\"post-thumbnail\">\n\n\t\t\n\t\t\n\t\t<a href=\"https:\/\/broz.sk\/en\/monitoring-obojzivelnikov-v-projektovom-uzemi-dunajske-luhy\/\" class=\"post-thumbnail-rollover layzr-bg layzr-bg\" ><img decoding=\"async\" class=\"blog-thumb-lazy-load preload-me lazy-load aspect\" src=\"data:image\/svg+xml,%3Csvg%20xmlns%3D&#39;http%3A%2F%2Fwww.w3.org%2F2000%2Fsvg&#39;%20viewBox%3D&#39;0%200%20640%20480&#39;%2F%3E\" data-src=\"https:\/\/broz.sk\/wp-content\/uploads\/2018\/02\/monit.jpg\" data-srcset=\"https:\/\/broz.sk\/wp-content\/uploads\/2018\/02\/monit.jpg 640w\" loading=\"eager\" style=\"--ratio: 640 \/ 480\" sizes=\"(max-width: 640px) 100vw, 640px\" alt=\"\" title=\"monit\" width=\"640\" height=\"480\"  \/><\/a>\n\t<\/div>\n<\/div>\n\n\n<div class=\"post-entry-content\">\n\n\t<h3 class=\"entry-title\">\n\t\t<a href=\"https:\/\/broz.sk\/en\/monitoring-obojzivelnikov-v-projektovom-uzemi-dunajske-luhy\/\" title=\"Monitoring of amphibians in the project area SCI Dunajsk\u00e9 luhy\" rel=\"bookmark\">Monitoring of amphibians in the project area SCI Dunajsk\u00e9 luhy<\/a>\n\t<\/h3>\n\n\t<div class=\"entry-meta\"><a href=\"https:\/\/broz.sk\/en\/2017\/03\/30\/\" title=\"11:09\" class=\"data-link\" rel=\"bookmark\"><time class=\"entry-date updated\" datetime=\"2017-03-30T11:09:52+02:00\">30. March 2017<\/time><\/a><\/div>\n\t<div class=\"entry-excerpt\"><p>In the end of March 2017 a monitoring of amphibians started in different localities of restored wetlands. In several places an occurence of rare species was confirmed \u2013 The European fire-bellied toad (Bombina bombina) and The Danube crested newt (Triturus dobrogicus). According to the collected and evaluated data about amphibians we will be able to&hellip;<\/p>\n<\/div>\n\t\n<a href=\"https:\/\/broz.sk\/en\/monitoring-obojzivelnikov-v-projektovom-uzemi-dunajske-luhy\/\" class=\"post-details details-type-link\" aria-label=\"Read more about Monitoring of amphibians in the project area SCI Dunajsk\u00e9 luhy\">Read more<i class=\"dt-icon-the7-arrow-03\" aria-hidden=\"true\"><\/i><\/a>\n\n<\/div><\/article><article class=\"post project-odd hidden post-4805 type-post status-publish format-standard has-post-thumbnail hentry category-protection-of-habitats pmpro-has-access category-31 description-off\" data-name=\"Grown seedlings of native trees\" data-date=\"2017-03-20T14:20:49+01:00\">\n\n<div class=\"post-thumbnail-wrap\">\n\t<div class=\"post-thumbnail\">\n\n\t\t\n\t\t\n\t\t<a href=\"https:\/\/broz.sk\/en\/sadenice-povodnych-drevin-vypestovane\/\" class=\"post-thumbnail-rollover layzr-bg layzr-bg\" ><img decoding=\"async\" class=\"blog-thumb-lazy-load preload-me lazy-load aspect\" src=\"data:image\/svg+xml,%3Csvg%20xmlns%3D&#39;http%3A%2F%2Fwww.w3.org%2F2000%2Fsvg&#39;%20viewBox%3D&#39;0%200%20768%20576&#39;%2F%3E\" data-src=\"https:\/\/broz.sk\/wp-content\/uploads\/2018\/03\/img-1-768x576.jpg\" data-srcset=\"https:\/\/broz.sk\/wp-content\/uploads\/2018\/03\/img-1-768x576.jpg 768w, https:\/\/broz.sk\/wp-content\/uploads\/2018\/03\/img-1.jpg 1000w\" loading=\"eager\" style=\"--ratio: 768 \/ 576\" sizes=\"(max-width: 768px) 100vw, 768px\" alt=\"\" title=\"img (1)\" width=\"768\" height=\"576\"  \/><\/a>\n\t<\/div>\n<\/div>\n\n\n<div class=\"post-entry-content\">\n\n\t<h3 class=\"entry-title\">\n\t\t<a href=\"https:\/\/broz.sk\/en\/sadenice-povodnych-drevin-vypestovane\/\" title=\"Grown seedlings of native trees\" rel=\"bookmark\">Grown seedlings of native trees<\/a>\n\t<\/h3>\n\n\t<div class=\"entry-meta\"><a href=\"https:\/\/broz.sk\/en\/2017\/03\/20\/\" title=\"14:20\" class=\"data-link\" rel=\"bookmark\"><time class=\"entry-date updated\" datetime=\"2017-03-20T14:20:49+01:00\">20. March 2017<\/time><\/a><\/div>\n\t<div class=\"entry-excerpt\"><p>Partner of the project &#8211; NLC &#8211; has managed to grow several native tree species that will be planted soon in the forest &#8211; common oaks, barren pear and apple trees, lindens and black poplars. Altogether 4325 seedlings have been grown. In the same time &#8220;mother heads&#8221; of black and white poplars have been planted&hellip;<\/p>\n<\/div>\n\t\n<a href=\"https:\/\/broz.sk\/en\/sadenice-povodnych-drevin-vypestovane\/\" class=\"post-details details-type-link\" aria-label=\"Read more about Grown seedlings of native trees\">Read more<i class=\"dt-icon-the7-arrow-03\" aria-hidden=\"true\"><\/i><\/a>\n\n<\/div><\/article><article class=\"post project-odd hidden post-4801 type-post status-publish format-standard has-post-thumbnail hentry category-uncategorized pmpro-has-access category-22 description-off\" data-name=\"Restoration of grasslands in SKUEV \u010cili\u017esk\u00e9 mo\u010diare\" data-date=\"2017-03-07T10:40:55+01:00\">\n\n<div class=\"post-thumbnail-wrap\">\n\t<div class=\"post-thumbnail\">\n\n\t\t\n\t\t\n\t\t<a href=\"https:\/\/broz.sk\/en\/zatravnovanie-v-skuev-cilizske-mociare\/\" class=\"post-thumbnail-rollover layzr-bg layzr-bg\" ><img decoding=\"async\" class=\"blog-thumb-lazy-load preload-me lazy-load aspect\" src=\"data:image\/svg+xml,%3Csvg%20xmlns%3D&#39;http%3A%2F%2Fwww.w3.org%2F2000%2Fsvg&#39;%20viewBox%3D&#39;0%200%20640%20480&#39;%2F%3E\" data-src=\"https:\/\/broz.sk\/wp-content\/uploads\/2017\/03\/img-11-1.jpg\" data-srcset=\"https:\/\/broz.sk\/wp-content\/uploads\/2017\/03\/img-11-1.jpg 640w\" loading=\"eager\" style=\"--ratio: 640 \/ 480\" sizes=\"(max-width: 640px) 100vw, 640px\" alt=\"\" title=\"img (11)\" width=\"640\" height=\"480\"  \/><\/a>\n\t<\/div>\n<\/div>\n\n\n<div class=\"post-entry-content\">\n\n\t<h3 class=\"entry-title\">\n\t\t<a href=\"https:\/\/broz.sk\/en\/zatravnovanie-v-skuev-cilizske-mociare\/\" title=\"Restoration of grasslands in SKUEV \u010cili\u017esk\u00e9 mo\u010diare\" rel=\"bookmark\">Restoration of grasslands in SKUEV \u010cili\u017esk\u00e9 mo\u010diare<\/a>\n\t<\/h3>\n\n\t<div class=\"entry-meta\"><a href=\"https:\/\/broz.sk\/en\/2017\/03\/07\/\" title=\"10:40\" class=\"data-link\" rel=\"bookmark\"><time class=\"entry-date updated\" datetime=\"2017-03-07T10:40:55+01:00\">7. March 2017<\/time><\/a><\/div>\n\t<div class=\"entry-excerpt\"><p>In the beginning of the spring 2017 in cooperation with local farmers we managed to restore 23 ha of grasslands in long-term wet fields in SKUEV0227, SKUEV1227 \u010cili\u017esk\u00e9 mo\u010diare, in the cadastral area of \u010c\u00ed\u010dov. This way together we succesfully enlarged the area of grasslands in the project area. Restoring of grasslands is included in&hellip;<\/p>\n<\/div>\n\t\n<a href=\"https:\/\/broz.sk\/en\/zatravnovanie-v-skuev-cilizske-mociare\/\" class=\"post-details details-type-link\" aria-label=\"Read more about Restoration of grasslands in SKUEV \u010cili\u017esk\u00e9 mo\u010diare\">Read more<i class=\"dt-icon-the7-arrow-03\" aria-hidden=\"true\"><\/i><\/a>\n\n<\/div><\/article><article class=\"post project-odd hidden post-6000 type-post status-publish format-standard has-post-thumbnail hentry category-protection-of-habitats pmpro-has-access category-31 description-off\" data-name=\"TV debate about Dev\u00ednska Kobyla\" data-date=\"2017-02-07T16:32:10+01:00\">\n\n<div class=\"post-thumbnail-wrap\">\n\t<div class=\"post-thumbnail\">\n\n\t\t\n\t\t\n\t\t<a href=\"https:\/\/broz.sk\/en\/televizna-diskusia-o-devinskej-kobyle-2\/\" class=\"post-thumbnail-rollover layzr-bg layzr-bg\" ><img decoding=\"async\" class=\"blog-thumb-lazy-load preload-me lazy-load aspect\" src=\"data:image\/svg+xml,%3Csvg%20xmlns%3D&#39;http%3A%2F%2Fwww.w3.org%2F2000%2Fsvg&#39;%20viewBox%3D&#39;0%200%20768%20576&#39;%2F%3E\" data-src=\"https:\/\/broz.sk\/wp-content\/uploads\/2017\/02\/6-5-768x576.jpg\" data-srcset=\"https:\/\/broz.sk\/wp-content\/uploads\/2017\/02\/6-5-768x576.jpg 768w, https:\/\/broz.sk\/wp-content\/uploads\/2017\/02\/6-5.jpg 1000w\" loading=\"eager\" style=\"--ratio: 768 \/ 576\" sizes=\"(max-width: 768px) 100vw, 768px\" alt=\"\" title=\"6-5\" width=\"768\" height=\"576\"  \/><\/a>\n\t<\/div>\n<\/div>\n\n\n<div class=\"post-entry-content\">\n\n\t<h3 class=\"entry-title\">\n\t\t<a href=\"https:\/\/broz.sk\/en\/televizna-diskusia-o-devinskej-kobyle-2\/\" title=\"TV debate about Dev\u00ednska Kobyla\" rel=\"bookmark\">TV debate about Dev\u00ednska Kobyla<\/a>\n\t<\/h3>\n\n\t<div class=\"entry-meta\"><a href=\"https:\/\/broz.sk\/en\/2017\/02\/07\/\" title=\"16:32\" class=\"data-link\" rel=\"bookmark\"><time class=\"entry-date updated\" datetime=\"2017-02-07T16:32:10+01:00\">7. February 2017<\/time><\/a><\/div>\n\t<div class=\"entry-excerpt\"><p>Dev\u00ednska Kobyla is one of the most visited areas for population of the capital. It is characterized by a high diversity of fauna and flora. It is part of the Protected Landscape Area Mal\u00e9 Karpaty and also it belongs to the Network of nature protection areas in the territory of the European Union NATURA 2000.&hellip;<\/p>\n<\/div>\n\t\n<a href=\"https:\/\/broz.sk\/en\/televizna-diskusia-o-devinskej-kobyle-2\/\" class=\"post-details details-type-link\" aria-label=\"Read more about TV debate about Dev\u00ednska Kobyla\">Read more<i class=\"dt-icon-the7-arrow-03\" aria-hidden=\"true\"><\/i><\/a>\n\n<\/div><\/article><article class=\"post project-odd hidden no-img post-6450 type-post status-publish format-standard hentry category-uncategorized pmpro-has-access category-22 description-off\" data-name=\"TV debate about Dev\u00ednska Kobyla\" data-date=\"2017-02-07T00:00:00+01:00\">\n\n<div class=\"post-entry-content\">\n\n\t<h3 class=\"entry-title\">\n\t\t<a href=\"https:\/\/broz.sk\/en\/televizna-diskusia-o-devinskej-kobyle\/\" title=\"TV debate about Dev\u00ednska Kobyla\" rel=\"bookmark\">TV debate about Dev\u00ednska Kobyla<\/a>\n\t<\/h3>\n\n\t<div class=\"entry-meta\"><a href=\"https:\/\/broz.sk\/en\/2017\/02\/07\/\" title=\"0:00\" class=\"data-link\" rel=\"bookmark\"><time class=\"entry-date updated\" datetime=\"2017-02-07T00:00:00+01:00\">7. February 2017<\/time><\/a><\/div>\n\t<div class=\"entry-excerpt\"><p>[vc_row][vc_column][vc_column_text] In the debate on television Dev\u00ednskonovovesk\u00e1 TV project manger Andrej Deve\u010dka described area of Dev\u00ednska Kobyla, and also its significant and importance of conservation of this locality for conservation of unique nature values, which are characterized for Devinska Kobyla. &nbsp; Video. [\/vc_column_text][\/vc_column][\/vc_row]<\/p>\n<\/div>\n\t\n<a href=\"https:\/\/broz.sk\/en\/televizna-diskusia-o-devinskej-kobyle\/\" class=\"post-details details-type-link\" aria-label=\"Read more about TV debate about Dev\u00ednska Kobyla\">Read more<i class=\"dt-icon-the7-arrow-03\" aria-hidden=\"true\"><\/i><\/a>\n\n<\/div><\/article><article class=\"post project-odd hidden post-6003 type-post status-publish format-standard has-post-thumbnail hentry category-protection-of-habitats pmpro-has-access category-31 description-off\" data-name=\"Workshop &#8211; Danube floodplain forest\" data-date=\"2017-01-28T13:05:33+01:00\">\n\n<div class=\"post-thumbnail-wrap\">\n\t<div class=\"post-thumbnail\">\n\n\t\t\n\t\t\n\t\t<a href=\"https:\/\/broz.sk\/en\/workshop-dunajske-luhy\/\" class=\"post-thumbnail-rollover layzr-bg layzr-bg\" ><img decoding=\"async\" class=\"blog-thumb-lazy-load preload-me lazy-load aspect\" src=\"data:image\/svg+xml,%3Csvg%20xmlns%3D&#39;http%3A%2F%2Fwww.w3.org%2F2000%2Fsvg&#39;%20viewBox%3D&#39;0%200%20397%20298&#39;%2F%3E\" data-src=\"https:\/\/broz.sk\/wp-content\/uploads\/2018\/02\/workshop-397x298.jpg\" data-srcset=\"https:\/\/broz.sk\/wp-content\/uploads\/2018\/02\/workshop-397x298.jpg 397w\" loading=\"eager\" style=\"--ratio: 397 \/ 298\" sizes=\"(max-width: 397px) 100vw, 397px\" alt=\"\" title=\"workshop\" width=\"397\" height=\"298\"  \/><\/a>\n\t<\/div>\n<\/div>\n\n\n<div class=\"post-entry-content\">\n\n\t<h3 class=\"entry-title\">\n\t\t<a href=\"https:\/\/broz.sk\/en\/workshop-dunajske-luhy\/\" title=\"Workshop &#8211; Danube floodplain forest\" rel=\"bookmark\">Workshop &#8211; Danube floodplain forest<\/a>\n\t<\/h3>\n\n\t<div class=\"entry-meta\"><a href=\"https:\/\/broz.sk\/en\/2017\/01\/28\/\" title=\"13:05\" class=\"data-link\" rel=\"bookmark\"><time class=\"entry-date updated\" datetime=\"2017-01-28T13:05:33+01:00\">28. January 2017<\/time><\/a><\/div>\n\t<div class=\"entry-excerpt\"><p>On 28.1.2017 took place in project area Danube floodplain forest expert workshop. The main objective was introducing the area of Danube floodplain forest, management in this area and experiences with nature conservation. Workshop manage project manager Andrej Deve\u010dka, who focused on activities: C.1: Restoration and management of forest habitats, B.1: Long-term lease of land and&hellip;<\/p>\n<\/div>\n\t\n<a href=\"https:\/\/broz.sk\/en\/workshop-dunajske-luhy\/\" class=\"post-details details-type-link\" aria-label=\"Read more about Workshop &#8211; Danube floodplain forest\">Read more<i class=\"dt-icon-the7-arrow-03\" aria-hidden=\"true\"><\/i><\/a>\n\n<\/div><\/article><article class=\"post project-odd hidden post-5998 type-post status-publish format-standard has-post-thumbnail hentry category-0-en pmpro-has-access category-43 description-off\" data-name=\"Monitoring of goats in the area of Geological museum\" data-date=\"2017-01-13T16:38:33+01:00\">\n\n<div class=\"post-thumbnail-wrap\">\n\t<div class=\"post-thumbnail\">\n\n\t\t\n\t\t\n\t\t<a href=\"https:\/\/broz.sk\/en\/monitoring-koz-v-areali-geologickeho-muzea-2\/\" class=\"post-thumbnail-rollover layzr-bg layzr-bg\" ><img decoding=\"async\" class=\"blog-thumb-lazy-load preload-me lazy-load aspect\" src=\"data:image\/svg+xml,%3Csvg%20xmlns%3D&#39;http%3A%2F%2Fwww.w3.org%2F2000%2Fsvg&#39;%20viewBox%3D&#39;0%200%20712%20534&#39;%2F%3E\" data-src=\"https:\/\/broz.sk\/wp-content\/uploads\/2018\/02\/img-712x534.jpg\" data-srcset=\"https:\/\/broz.sk\/wp-content\/uploads\/2018\/02\/img-712x534.jpg 712w\" loading=\"eager\" style=\"--ratio: 712 \/ 534\" sizes=\"(max-width: 712px) 100vw, 712px\" alt=\"\" title=\"img\" width=\"712\" height=\"534\"  \/><\/a>\n\t<\/div>\n<\/div>\n\n\n<div class=\"post-entry-content\">\n\n\t<h3 class=\"entry-title\">\n\t\t<a href=\"https:\/\/broz.sk\/en\/monitoring-koz-v-areali-geologickeho-muzea-2\/\" title=\"Monitoring of goats in the area of Geological museum\" rel=\"bookmark\">Monitoring of goats in the area of Geological museum<\/a>\n\t<\/h3>\n\n\t<div class=\"entry-meta\"><a href=\"https:\/\/broz.sk\/en\/2017\/01\/13\/\" title=\"16:38\" class=\"data-link\" rel=\"bookmark\"><time class=\"entry-date updated\" datetime=\"2017-01-13T16:38:33+01:00\">13. January 2017<\/time><\/a><\/div>\n\t<div class=\"entry-excerpt\"><p>Fifth &#8211; year students from Primary school in Harga\u0161ov\u00e1 street in Bratislava, within their research project were focused on monitoring our goats in grazing in the area of Geological museum. Children visited our grazing, where Project manager Ing. Andrej Deve\u010dka told them about our project and about importance of grazing in Nature conservation on Dev\u00ednska&hellip;<\/p>\n<\/div>\n\t\n<a href=\"https:\/\/broz.sk\/en\/monitoring-koz-v-areali-geologickeho-muzea-2\/\" class=\"post-details details-type-link\" aria-label=\"Read more about Monitoring of goats in the area of Geological museum\">Read more<i class=\"dt-icon-the7-arrow-03\" aria-hidden=\"true\"><\/i><\/a>\n\n<\/div><\/article><article class=\"post project-odd hidden post-5535 type-post status-publish format-standard has-post-thumbnail hentry category-uncategorized tag-life-en pmpro-has-access category-22 description-off\" data-name=\"Planting of trees and putting up of bird boxes in SPA Ostrovn\u00e9 l\u00faky\" data-date=\"2016-11-21T00:00:00+01:00\">\n\n<div class=\"post-thumbnail-wrap\">\n\t<div class=\"post-thumbnail\">\n\n\t\t\n\t\t\n\t\t<a href=\"https:\/\/broz.sk\/en\/vysadba-ovocnych-stromov-a-vesanie-vtacich-budok-v-chvu-ostrovne-luky\/\" class=\"post-thumbnail-rollover layzr-bg layzr-bg\" ><img decoding=\"async\" class=\"blog-thumb-lazy-load preload-me lazy-load aspect\" src=\"data:image\/svg+xml,%3Csvg%20xmlns%3D&#39;http%3A%2F%2Fwww.w3.org%2F2000%2Fsvg&#39;%20viewBox%3D&#39;0%200%20768%20576&#39;%2F%3E\" data-src=\"https:\/\/broz.sk\/wp-content\/uploads\/2016\/11\/hniezdo-768x576.jpg\" data-srcset=\"https:\/\/broz.sk\/wp-content\/uploads\/2016\/11\/hniezdo-768x576.jpg 768w, https:\/\/broz.sk\/wp-content\/uploads\/2016\/11\/hniezdo.jpg 1000w\" loading=\"eager\" style=\"--ratio: 768 \/ 576\" sizes=\"(max-width: 768px) 100vw, 768px\" alt=\"\" title=\"hniezdo\" width=\"768\" height=\"576\"  \/><\/a>\n\t<\/div>\n<\/div>\n\n\n<div class=\"post-entry-content\">\n\n\t<h3 class=\"entry-title\">\n\t\t<a href=\"https:\/\/broz.sk\/en\/vysadba-ovocnych-stromov-a-vesanie-vtacich-budok-v-chvu-ostrovne-luky\/\" title=\"Planting of trees and putting up of bird boxes in SPA Ostrovn\u00e9 l\u00faky\" rel=\"bookmark\">Planting of trees and putting up of bird boxes in SPA Ostrovn\u00e9 l\u00faky<\/a>\n\t<\/h3>\n\n\t<div class=\"entry-meta\"><a href=\"https:\/\/broz.sk\/en\/2016\/11\/21\/\" title=\"0:00\" class=\"data-link\" rel=\"bookmark\"><time class=\"entry-date updated\" datetime=\"2016-11-21T00:00:00+01:00\">21. November 2016<\/time><\/a><\/div>\n\t<div class=\"entry-excerpt\"><p>In November 2016, within the project Conservation of birds in SPA Ostrovn\u00e9 l\u00faky we managed to plant\u00a060 native fruit tree species\u00a0which are characteristic for Rye Island \u2013\u00a0apricots, cherries and pears. We thank to Dropie for organising sowing and choosing of the place of trees, helping people came also from the activation works from \u010calovec, everything&hellip;<\/p>\n<\/div>\n\t\n<a href=\"https:\/\/broz.sk\/en\/vysadba-ovocnych-stromov-a-vesanie-vtacich-budok-v-chvu-ostrovne-luky\/\" class=\"post-details details-type-link\" aria-label=\"Read more about Planting of trees and putting up of bird boxes in SPA Ostrovn\u00e9 l\u00faky\">Read more<i class=\"dt-icon-the7-arrow-03\" aria-hidden=\"true\"><\/i><\/a>\n\n<\/div><\/article><article class=\"post project-odd hidden post-5996 type-post status-publish format-standard has-post-thumbnail hentry category-uncategorized pmpro-has-access category-22 description-off\" data-name=\"Restoration of Meden\u00e9 H\u00e1mre adit\" data-date=\"2016-11-18T17:21:51+01:00\">\n\n<div class=\"post-thumbnail-wrap\">\n\t<div class=\"post-thumbnail\">\n\n\t\t\n\t\t\n\t\t<a href=\"https:\/\/broz.sk\/en\/revitalizacia-stolne-medene-hamre\/\" class=\"post-thumbnail-rollover layzr-bg layzr-bg\" ><img decoding=\"async\" class=\"blog-thumb-lazy-load preload-me lazy-load aspect\" src=\"data:image\/svg+xml,%3Csvg%20xmlns%3D&#39;http%3A%2F%2Fwww.w3.org%2F2000%2Fsvg&#39;%20viewBox%3D&#39;0%200%20448%20336&#39;%2F%3E\" data-src=\"https:\/\/broz.sk\/wp-content\/uploads\/2018\/10\/39-1.jpg\" data-srcset=\"https:\/\/broz.sk\/wp-content\/uploads\/2018\/10\/39-1.jpg 448w, https:\/\/broz.sk\/wp-content\/uploads\/2018\/10\/39-1-447x335.jpg 447w\" loading=\"eager\" style=\"--ratio: 448 \/ 336\" sizes=\"(max-width: 448px) 100vw, 448px\" alt=\"\" title=\"39\" width=\"448\" height=\"336\"  \/><\/a>\n\t<\/div>\n<\/div>\n\n\n<div class=\"post-entry-content\">\n\n\t<h3 class=\"entry-title\">\n\t\t<a href=\"https:\/\/broz.sk\/en\/revitalizacia-stolne-medene-hamre\/\" title=\"Restoration of Meden\u00e9 H\u00e1mre adit\" rel=\"bookmark\">Restoration of Meden\u00e9 H\u00e1mre adit<\/a>\n\t<\/h3>\n\n\t<div class=\"entry-meta\"><a href=\"https:\/\/broz.sk\/en\/2016\/11\/18\/\" title=\"17:21\" class=\"data-link\" rel=\"bookmark\"><time class=\"entry-date updated\" datetime=\"2016-11-18T17:21:51+01:00\">18. November 2016<\/time><\/a><\/div>\n\t<div class=\"entry-excerpt\"><p>Meden\u00e9 H\u00e1mre Adit is located in Special Area of Conservation Homo\u013esk\u00e9 Karpaty in the cadastral territory Borinka. The adit is stamped in limestone, it has 2 separate entrances and accessible corridors are 500 metres long. I tis very important wintering of bats. Since 1993 it is realized here monitoring of bats, which is realized by&hellip;<\/p>\n<\/div>\n\t\n<a href=\"https:\/\/broz.sk\/en\/revitalizacia-stolne-medene-hamre\/\" class=\"post-details details-type-link\" aria-label=\"Read more about Restoration of Meden\u00e9 H\u00e1mre adit\">Read more<i class=\"dt-icon-the7-arrow-03\" aria-hidden=\"true\"><\/i><\/a>\n\n<\/div><\/article><article class=\"post project-odd hidden post-6442 type-post status-publish format-standard has-post-thumbnail hentry category-uncategorized tag-life-en pmpro-has-access category-22 description-off\" data-name=\"Tree planting with Mary Kay in Biskupick\u00e9 luhy\" data-date=\"2016-11-18T15:40:52+01:00\">\n\n<div class=\"post-thumbnail-wrap\">\n\t<div class=\"post-thumbnail\">\n\n\t\t\n\t\t\n\t\t<a href=\"https:\/\/broz.sk\/en\/sadenie-stromcekov-s-mary-kay-v-biskupickych-luhoch-2\/\" class=\"post-thumbnail-rollover layzr-bg layzr-bg\" ><img decoding=\"async\" class=\"blog-thumb-lazy-load preload-me lazy-load aspect\" src=\"data:image\/svg+xml,%3Csvg%20xmlns%3D&#39;http%3A%2F%2Fwww.w3.org%2F2000%2Fsvg&#39;%20viewBox%3D&#39;0%200%20768%20576&#39;%2F%3E\" data-src=\"https:\/\/broz.sk\/wp-content\/uploads\/2018\/01\/Mary-Kay-768x576.jpg\" data-srcset=\"https:\/\/broz.sk\/wp-content\/uploads\/2018\/01\/Mary-Kay-768x576.jpg 768w, https:\/\/broz.sk\/wp-content\/uploads\/2018\/01\/Mary-Kay-1306x979.jpg 1306w\" loading=\"eager\" style=\"--ratio: 768 \/ 576\" sizes=\"(max-width: 768px) 100vw, 768px\" alt=\"\" title=\"Mary Kay\" width=\"768\" height=\"576\"  \/><\/a>\n\t<\/div>\n<\/div>\n\n\n<div class=\"post-entry-content\">\n\n\t<h3 class=\"entry-title\">\n\t\t<a href=\"https:\/\/broz.sk\/en\/sadenie-stromcekov-s-mary-kay-v-biskupickych-luhoch-2\/\" title=\"Tree planting with Mary Kay in Biskupick\u00e9 luhy\" rel=\"bookmark\">Tree planting with Mary Kay in Biskupick\u00e9 luhy<\/a>\n\t<\/h3>\n\n\t<div class=\"entry-meta\"><a href=\"https:\/\/broz.sk\/en\/2016\/11\/18\/\" title=\"15:40\" class=\"data-link\" rel=\"bookmark\"><time class=\"entry-date updated\" datetime=\"2016-11-18T15:40:52+01:00\">18. November 2016<\/time><\/a><\/div>\n\t<div class=\"entry-excerpt\"><p>[vc_row][vc_column][vc_column_text]Together with volunteers from Mary Kay and with the support of BSK we planted native tree species in Biskupick\u00e9 Luhy. Despite the unfavourable weather conditond the event was a big success. The Mary Kay staff resisted the bad weather and managed to plant 300 poplar trees. Thanks a milion! [\/vc_column_text][\/vc_column][\/vc_row]<\/p>\n<\/div>\n\t\n<a href=\"https:\/\/broz.sk\/en\/sadenie-stromcekov-s-mary-kay-v-biskupickych-luhoch-2\/\" class=\"post-details details-type-link\" aria-label=\"Read more about Tree planting with Mary Kay in Biskupick\u00e9 luhy\">Read more<i class=\"dt-icon-the7-arrow-03\" aria-hidden=\"true\"><\/i><\/a>\n\n<\/div><\/article><article class=\"post project-odd hidden post-5528 type-post status-publish format-standard has-post-thumbnail hentry category-uncategorized tag-life-en pmpro-has-access category-22 description-off\" data-name=\"Is it possible to farm efectively and in harmony with nature?\" data-date=\"2016-11-02T00:00:00+01:00\">\n\n<div class=\"post-thumbnail-wrap\">\n\t<div class=\"post-thumbnail\">\n\n\t\t\n\t\t\n\t\t<a href=\"https:\/\/broz.sk\/en\/da-sa-hospodarit-efektivne-a-v-sulade-s-prirodou-2\/\" class=\"post-thumbnail-rollover layzr-bg layzr-bg\" ><img decoding=\"async\" class=\"blog-thumb-lazy-load preload-me lazy-load aspect\" src=\"data:image\/svg+xml,%3Csvg%20xmlns%3D&#39;http%3A%2F%2Fwww.w3.org%2F2000%2Fsvg&#39;%20viewBox%3D&#39;0%200%20720%20540&#39;%2F%3E\" data-src=\"https:\/\/broz.sk\/wp-content\/uploads\/2016\/11\/krava-720x540.jpg\" data-srcset=\"https:\/\/broz.sk\/wp-content\/uploads\/2016\/11\/krava-720x540.jpg 720w, https:\/\/broz.sk\/wp-content\/uploads\/2016\/11\/krava-720x539.jpg 720w\" loading=\"eager\" style=\"--ratio: 720 \/ 540\" sizes=\"(max-width: 720px) 100vw, 720px\" alt=\"\" title=\"krava\" width=\"720\" height=\"540\"  \/><\/a>\n\t<\/div>\n<\/div>\n\n\n<div class=\"post-entry-content\">\n\n\t<h3 class=\"entry-title\">\n\t\t<a href=\"https:\/\/broz.sk\/en\/da-sa-hospodarit-efektivne-a-v-sulade-s-prirodou-2\/\" title=\"Is it possible to farm efectively and in harmony with nature?\" rel=\"bookmark\">Is it possible to farm efectively and in harmony with nature?<\/a>\n\t<\/h3>\n\n\t<div class=\"entry-meta\"><a href=\"https:\/\/broz.sk\/en\/2016\/11\/02\/\" title=\"0:00\" class=\"data-link\" rel=\"bookmark\"><time class=\"entry-date updated\" datetime=\"2016-11-02T00:00:00+01:00\">2. November 2016<\/time><\/a><\/div>\n\t<div class=\"entry-excerpt\"><p>In sunny morning on\u00a025th\u00a0October 2016, we are all meeting up at the Lower Rya Island in\u00a0The Centre of Environmental Education of Slovak Environmental Agency, surrounded by\u00a0SPA Ostrovn\u00e9 l\u00faky. When the last people of our group arrived, we are starting our never-ending journey to the\u00a0NP Hortob\u00e1gy in Hungary. NP Hortob\u00e1gy is one of the biggest\u00a0grassland steppes&hellip;<\/p>\n<\/div>\n\t\n<a href=\"https:\/\/broz.sk\/en\/da-sa-hospodarit-efektivne-a-v-sulade-s-prirodou-2\/\" class=\"post-details details-type-link\" aria-label=\"Read more about Is it possible to farm efectively and in harmony with nature?\">Read more<i class=\"dt-icon-the7-arrow-03\" aria-hidden=\"true\"><\/i><\/a>\n\n<\/div><\/article><article class=\"post project-odd hidden post-5578 type-post status-publish format-standard has-post-thumbnail hentry category-0-en pmpro-has-access category-43 description-off\" data-name=\"Workshop for farmers in SPA Ostrovn\u00e9 l\u00faky\" data-date=\"2016-10-27T16:37:13+02:00\">\n\n<div class=\"post-thumbnail-wrap\">\n\t<div class=\"post-thumbnail\">\n\n\t\t\n\t\t\n\t\t<a href=\"https:\/\/broz.sk\/en\/workshop-pre-polnohospodarov-v-chvu-ostrovne-luky-2\/\" class=\"post-thumbnail-rollover layzr-bg layzr-bg\" ><img decoding=\"async\" class=\"blog-thumb-lazy-load preload-me lazy-load aspect\" src=\"data:image\/svg+xml,%3Csvg%20xmlns%3D&#39;http%3A%2F%2Fwww.w3.org%2F2000%2Fsvg&#39;%20viewBox%3D&#39;0%200%20768%20576&#39;%2F%3E\" data-src=\"https:\/\/broz.sk\/wp-content\/uploads\/2018\/10\/80-768x576.jpg\" data-srcset=\"https:\/\/broz.sk\/wp-content\/uploads\/2018\/10\/80-768x576.jpg 768w\" loading=\"eager\" style=\"--ratio: 768 \/ 576\" sizes=\"(max-width: 768px) 100vw, 768px\" alt=\"\" title=\"80\" width=\"768\" height=\"576\"  \/><\/a>\n\t<\/div>\n<\/div>\n\n\n<div class=\"post-entry-content\">\n\n\t<h3 class=\"entry-title\">\n\t\t<a href=\"https:\/\/broz.sk\/en\/workshop-pre-polnohospodarov-v-chvu-ostrovne-luky-2\/\" title=\"Workshop for farmers in SPA Ostrovn\u00e9 l\u00faky\" rel=\"bookmark\">Workshop for farmers in SPA Ostrovn\u00e9 l\u00faky<\/a>\n\t<\/h3>\n\n\t<div class=\"entry-meta\"><a href=\"https:\/\/broz.sk\/en\/2016\/10\/27\/\" title=\"16:37\" class=\"data-link\" rel=\"bookmark\"><time class=\"entry-date updated\" datetime=\"2016-10-27T16:37:13+02:00\">27. October 2016<\/time><\/a><\/div>\n\t<div class=\"entry-excerpt\"><p>We would like to invite you to a\u00a0workshop for farmers with a\u00a0focus on Agroenvironmental Schemes in the Ostrovn\u00e9 l\u00faky, which will be held\u00a0at 10 a.m. on 3rd\u00a0November at CEE SA\u017dP Dropie, Kol\u00e1rovsk\u00e1 55, 946 14 Zemianska Ol\u010da. Please confirm your participation until\u00a02nd\u00a0November\u00a0(Wednesday)\u00a012 p.m.\u00a0at\u00a0katarina.beresova(at)sazp.sk. The participation is free of charge. Program: 10:00 &#8211; 10:20\u00a0Arrival and registration&hellip;<\/p>\n<\/div>\n\t\n<a href=\"https:\/\/broz.sk\/en\/workshop-pre-polnohospodarov-v-chvu-ostrovne-luky-2\/\" class=\"post-details details-type-link\" aria-label=\"Read more about Workshop for farmers in SPA Ostrovn\u00e9 l\u00faky\">Read more<i class=\"dt-icon-the7-arrow-03\" aria-hidden=\"true\"><\/i><\/a>\n\n<\/div><\/article><article class=\"post project-odd hidden post-5994 type-post status-publish format-standard has-post-thumbnail hentry category-uncategorized pmpro-has-access category-22 description-off\" data-name=\"Presentation of project within the conference Nationalparks Austria Jahreskonferenz\" data-date=\"2016-10-03T17:17:05+02:00\">\n\n<div class=\"post-thumbnail-wrap\">\n\t<div class=\"post-thumbnail\">\n\n\t\t\n\t\t\n\t\t<a href=\"https:\/\/broz.sk\/en\/prezentacia-projektu-v-ramci-konferencie-nationalparks-austria-jahreskonferenz-2\/\" class=\"post-thumbnail-rollover layzr-bg layzr-bg\" ><img decoding=\"async\" class=\"blog-thumb-lazy-load preload-me lazy-load aspect\" src=\"data:image\/svg+xml,%3Csvg%20xmlns%3D&#39;http%3A%2F%2Fwww.w3.org%2F2000%2Fsvg&#39;%20viewBox%3D&#39;0%200%20448%20336&#39;%2F%3E\" data-src=\"https:\/\/broz.sk\/wp-content\/uploads\/2018\/10\/38-1.jpg\" data-srcset=\"https:\/\/broz.sk\/wp-content\/uploads\/2018\/10\/38-1.jpg 448w\" loading=\"eager\" style=\"--ratio: 448 \/ 336\" sizes=\"(max-width: 448px) 100vw, 448px\" alt=\"\" title=\"38\" width=\"448\" height=\"336\"  \/><\/a>\n\t<\/div>\n<\/div>\n\n\n<div class=\"post-entry-content\">\n\n\t<h3 class=\"entry-title\">\n\t\t<a href=\"https:\/\/broz.sk\/en\/prezentacia-projektu-v-ramci-konferencie-nationalparks-austria-jahreskonferenz-2\/\" title=\"Presentation of project within the conference Nationalparks Austria Jahreskonferenz\" rel=\"bookmark\">Presentation of project within the conference Nationalparks Austria Jahreskonferenz<\/a>\n\t<\/h3>\n\n\t<div class=\"entry-meta\"><a href=\"https:\/\/broz.sk\/en\/2016\/10\/03\/\" title=\"17:17\" class=\"data-link\" rel=\"bookmark\"><time class=\"entry-date updated\" datetime=\"2016-10-03T17:17:05+02:00\">3. October 2016<\/time><\/a><\/div>\n\t<div class=\"entry-excerpt\"><p>Within the conference Nationalparks Jahreskonferenz 2016, the directors os six Austrian national parks visited Bratislava on 10th October 2016. The chairman of Regional Association for Nature Conservation and Sustainable development (BROZ) Tom\u00e1\u0161 Ku\u0161\u00edk presented them restoration of Dev\u00ednske rameno river branch and Andrej Kovarik from State Nature conservancy presented them Sedl\u00e1\u010dkov island. Austrian conservationists positively&hellip;<\/p>\n<\/div>\n\t\n<a href=\"https:\/\/broz.sk\/en\/prezentacia-projektu-v-ramci-konferencie-nationalparks-austria-jahreskonferenz-2\/\" class=\"post-details details-type-link\" aria-label=\"Read more about Presentation of project within the conference Nationalparks Austria Jahreskonferenz\">Read more<i class=\"dt-icon-the7-arrow-03\" aria-hidden=\"true\"><\/i><\/a>\n\n<\/div><\/article><article class=\"post project-odd hidden post-5516 type-post status-publish format-standard has-post-thumbnail hentry category-uncategorized tag-life-en pmpro-has-access category-22 description-off\" data-name=\"Bug hotel in Slnie\u010dko kindergarden\" data-date=\"2016-09-30T00:00:00+02:00\">\n\n<div class=\"post-thumbnail-wrap\">\n\t<div class=\"post-thumbnail\">\n\n\t\t\n\t\t\n\t\t<a href=\"https:\/\/broz.sk\/en\/hmyzi-hotel-v-ms-slniecko-2\/\" class=\"post-thumbnail-rollover layzr-bg layzr-bg\" ><img decoding=\"async\" class=\"blog-thumb-lazy-load preload-me lazy-load aspect\" src=\"data:image\/svg+xml,%3Csvg%20xmlns%3D&#39;http%3A%2F%2Fwww.w3.org%2F2000%2Fsvg&#39;%20viewBox%3D&#39;0%200%20768%20576&#39;%2F%3E\" data-src=\"https:\/\/broz.sk\/wp-content\/uploads\/2016\/09\/ms-slniecko-768x576.jpg\" data-srcset=\"https:\/\/broz.sk\/wp-content\/uploads\/2016\/09\/ms-slniecko-768x576.jpg 768w, https:\/\/broz.sk\/wp-content\/uploads\/2016\/09\/ms-slniecko-831x623.jpg 831w\" loading=\"eager\" style=\"--ratio: 768 \/ 576\" sizes=\"(max-width: 768px) 100vw, 768px\" alt=\"\" title=\"ms slniecko\" width=\"768\" height=\"576\"  \/><\/a>\n\t<\/div>\n<\/div>\n\n\n<div class=\"post-entry-content\">\n\n\t<h3 class=\"entry-title\">\n\t\t<a href=\"https:\/\/broz.sk\/en\/hmyzi-hotel-v-ms-slniecko-2\/\" title=\"Bug hotel in Slnie\u010dko kindergarden\" rel=\"bookmark\">Bug hotel in Slnie\u010dko kindergarden<\/a>\n\t<\/h3>\n\n\t<div class=\"entry-meta\"><a href=\"https:\/\/broz.sk\/en\/2016\/09\/30\/\" title=\"0:00\" class=\"data-link\" rel=\"bookmark\"><time class=\"entry-date updated\" datetime=\"2016-09-30T00:00:00+02:00\">30. September 2016<\/time><\/a><\/div>\n\t<div class=\"entry-excerpt\"><p>On\u00a030th September 2016\u00a0the children from kindergarten Slnie\u010dko together with teachers, parents, grandparents and our colleagues from The Centre of Environmental Education Dropie built the\u00a0first insect hotel in kindergarten Slnie\u010dko in Nov\u00e9 Z\u00e1mky.<\/p>\n<\/div>\n\t\n<a href=\"https:\/\/broz.sk\/en\/hmyzi-hotel-v-ms-slniecko-2\/\" class=\"post-details details-type-link\" aria-label=\"Read more about Bug hotel in Slnie\u010dko kindergarden\">Read more<i class=\"dt-icon-the7-arrow-03\" aria-hidden=\"true\"><\/i><\/a>\n\n<\/div><\/article><article class=\"post project-odd hidden post-4797 type-post status-publish format-standard has-post-thumbnail hentry category-0-en tag-life tag-life-en pmpro-has-access category-43 description-off\" data-name=\"Domos Day in Hungary &#8211; successful action for families from around the Danube\" data-date=\"2016-09-10T07:41:33+02:00\">\n\n<div class=\"post-thumbnail-wrap\">\n\t<div class=\"post-thumbnail\">\n\n\t\t\n\t\t\n\t\t<a href=\"https:\/\/broz.sk\/en\/domos-day-v-madarsku-uspesna-akcia-pre-rodiny-v-okoli-dunaja\/\" class=\"post-thumbnail-rollover layzr-bg layzr-bg\" ><img decoding=\"async\" class=\"blog-thumb-lazy-load preload-me lazy-load aspect\" src=\"data:image\/svg+xml,%3Csvg%20xmlns%3D&#39;http%3A%2F%2Fwww.w3.org%2F2000%2Fsvg&#39;%20viewBox%3D&#39;0%200%20565%20424&#39;%2F%3E\" data-src=\"https:\/\/broz.sk\/wp-content\/uploads\/2017\/05\/domos_day_2-565x424.jpg\" data-srcset=\"https:\/\/broz.sk\/wp-content\/uploads\/2017\/05\/domos_day_2-565x424.jpg 565w\" loading=\"eager\" style=\"--ratio: 565 \/ 424\" sizes=\"(max-width: 565px) 100vw, 565px\" alt=\"\" title=\"domos_day_2\" width=\"565\" height=\"424\"  \/><\/a>\n\t<\/div>\n<\/div>\n\n\n<div class=\"post-entry-content\">\n\n\t<h3 class=\"entry-title\">\n\t\t<a href=\"https:\/\/broz.sk\/en\/domos-day-v-madarsku-uspesna-akcia-pre-rodiny-v-okoli-dunaja\/\" title=\"Domos Day in Hungary &#8211; successful action for families from around the Danube\" rel=\"bookmark\">Domos Day in Hungary &#8211; successful action for families from around the Danube<\/a>\n\t<\/h3>\n\n\t<div class=\"entry-meta\"><a href=\"https:\/\/broz.sk\/en\/2016\/09\/10\/\" title=\"7:41\" class=\"data-link\" rel=\"bookmark\"><time class=\"entry-date updated\" datetime=\"2016-09-10T07:41:33+02:00\">10. September 2016<\/time><\/a><\/div>\n\t<div class=\"entry-excerpt\"><p>[vc_row][vc_column][vc_column_text]Within project action E.10 the successful action for public has been organized \u2013 for families with children from around the river Danube in village Domos \u2013 DOMOS DAY. This action was organized by project partner \u2013 DINPD \u2013 Duna Ipoly National Park Directorate. The day was held on September 10th, 2016 and was visited by&hellip;<\/p>\n<\/div>\n\t\n<a href=\"https:\/\/broz.sk\/en\/domos-day-v-madarsku-uspesna-akcia-pre-rodiny-v-okoli-dunaja\/\" class=\"post-details details-type-link\" aria-label=\"Read more about Domos Day in Hungary &#8211; successful action for families from around the Danube\">Read more<i class=\"dt-icon-the7-arrow-03\" aria-hidden=\"true\"><\/i><\/a>\n\n<\/div><\/article><article class=\"post project-odd hidden post-5992 type-post status-publish format-standard has-post-thumbnail hentry category-uncategorized pmpro-has-access category-22 description-off\" data-name=\"Visit of European Commissioner for the environment in SKUEV Dev\u00ednska Kobyla\" data-date=\"2016-09-06T17:12:19+02:00\">\n\n<div class=\"post-thumbnail-wrap\">\n\t<div class=\"post-thumbnail\">\n\n\t\t\n\t\t\n\t\t<a href=\"https:\/\/broz.sk\/en\/navsteva-eurokomisara-pre-zivotne-prostredie-na-devinskej-kobyle-2\/\" class=\"post-thumbnail-rollover layzr-bg layzr-bg\" ><img decoding=\"async\" class=\"blog-thumb-lazy-load preload-me lazy-load aspect\" src=\"data:image\/svg+xml,%3Csvg%20xmlns%3D&#39;http%3A%2F%2Fwww.w3.org%2F2000%2Fsvg&#39;%20viewBox%3D&#39;0%200%20768%20576&#39;%2F%3E\" data-src=\"https:\/\/broz.sk\/wp-content\/uploads\/2017\/02\/img-4553-768x576.jpg\" data-srcset=\"https:\/\/broz.sk\/wp-content\/uploads\/2017\/02\/img-4553-768x576.jpg 768w, https:\/\/broz.sk\/wp-content\/uploads\/2017\/02\/img-4553-889x667.jpg 889w\" loading=\"eager\" style=\"--ratio: 768 \/ 576\" sizes=\"(max-width: 768px) 100vw, 768px\" alt=\"\" title=\"img-4553\" width=\"768\" height=\"576\"  \/><\/a>\n\t<\/div>\n<\/div>\n\n\n<div class=\"post-entry-content\">\n\n\t<h3 class=\"entry-title\">\n\t\t<a href=\"https:\/\/broz.sk\/en\/navsteva-eurokomisara-pre-zivotne-prostredie-na-devinskej-kobyle-2\/\" title=\"Visit of European Commissioner for the environment in SKUEV Dev\u00ednska Kobyla\" rel=\"bookmark\">Visit of European Commissioner for the environment in SKUEV Dev\u00ednska Kobyla<\/a>\n\t<\/h3>\n\n\t<div class=\"entry-meta\"><a href=\"https:\/\/broz.sk\/en\/2016\/09\/06\/\" title=\"17:12\" class=\"data-link\" rel=\"bookmark\"><time class=\"entry-date updated\" datetime=\"2016-09-06T17:12:19+02:00\">6. September 2016<\/time><\/a><\/div>\n\t<div class=\"entry-excerpt\"><p>Europian Commissioner for the environment, marine legislation and sea fishing legislation Karmenu Vella, on the occasion of the visit Bratislava, had meeting with representative of Regional Association for Nature Conservation and Sustainable development (BROZ). The Chairman of BROZ Tom\u00e1\u0161 Ku\u0161\u00edk introduced him the project activities \u2013 restoration of river branches in SKUEV Bratislavsk\u00e9 luhy and&hellip;<\/p>\n<\/div>\n\t\n<a href=\"https:\/\/broz.sk\/en\/navsteva-eurokomisara-pre-zivotne-prostredie-na-devinskej-kobyle-2\/\" class=\"post-details details-type-link\" aria-label=\"Read more about Visit of European Commissioner for the environment in SKUEV Dev\u00ednska Kobyla\">Read more<i class=\"dt-icon-the7-arrow-03\" aria-hidden=\"true\"><\/i><\/a>\n\n<\/div><\/article><article class=\"post project-odd hidden post-5508 type-post status-publish format-standard has-post-thumbnail hentry category-uncategorized tag-life-en pmpro-has-access category-22 description-off\" data-name=\"Workshop Tajomstv\u00e1 h\u00e1vede\" data-date=\"2016-08-31T00:00:00+02:00\">\n\n<div class=\"post-thumbnail-wrap\">\n\t<div class=\"post-thumbnail\">\n\n\t\t\n\t\t\n\t\t<a href=\"https:\/\/broz.sk\/en\/workshop-tajomstva-havede-je-za-nami\/\" class=\"post-thumbnail-rollover layzr-bg layzr-bg\" ><img decoding=\"async\" class=\"blog-thumb-lazy-load preload-me lazy-load aspect\" src=\"data:image\/svg+xml,%3Csvg%20xmlns%3D&#39;http%3A%2F%2Fwww.w3.org%2F2000%2Fsvg&#39;%20viewBox%3D&#39;0%200%20768%20576&#39;%2F%3E\" data-src=\"https:\/\/broz.sk\/wp-content\/uploads\/2016\/08\/tajhavede-768x576.jpg\" data-srcset=\"https:\/\/broz.sk\/wp-content\/uploads\/2016\/08\/tajhavede-768x576.jpg 768w, https:\/\/broz.sk\/wp-content\/uploads\/2016\/08\/tajhavede-888x666.jpg 888w\" loading=\"eager\" style=\"--ratio: 768 \/ 576\" sizes=\"(max-width: 768px) 100vw, 768px\" alt=\"\" title=\"tajhavede\" width=\"768\" height=\"576\"  \/><\/a>\n\t<\/div>\n<\/div>\n\n\n<div class=\"post-entry-content\">\n\n\t<h3 class=\"entry-title\">\n\t\t<a href=\"https:\/\/broz.sk\/en\/workshop-tajomstva-havede-je-za-nami\/\" title=\"Workshop Tajomstv\u00e1 h\u00e1vede\" rel=\"bookmark\">Workshop Tajomstv\u00e1 h\u00e1vede<\/a>\n\t<\/h3>\n\n\t<div class=\"entry-meta\"><a href=\"https:\/\/broz.sk\/en\/2016\/08\/31\/\" title=\"0:00\" class=\"data-link\" rel=\"bookmark\"><time class=\"entry-date updated\" datetime=\"2016-08-31T00:00:00+02:00\">31. August 2016<\/time><\/a><\/div>\n\t<div class=\"entry-excerpt\"><p>From\u00a024th to 26th August 2016, the people with unusual interest got together in\u00a0The Centre of Environmental Education Dropie.\u00a0All three days were dedicated to the new environmental educational program\u00a0The Secret Life of Bugs. The participants of workshop were teachers from kindergartens and elementary schools, lecturers from Slovak Museum of Nature Protection and Speleology, from Regional Association&hellip;<\/p>\n<\/div>\n\t\n<a href=\"https:\/\/broz.sk\/en\/workshop-tajomstva-havede-je-za-nami\/\" class=\"post-details details-type-link\" aria-label=\"Read more about Workshop Tajomstv\u00e1 h\u00e1vede\">Read more<i class=\"dt-icon-the7-arrow-03\" aria-hidden=\"true\"><\/i><\/a>\n\n<\/div><\/article><article class=\"post project-odd hidden post-5990 type-post status-publish format-standard has-post-thumbnail hentry category-uncategorized pmpro-has-access category-22 description-off\" data-name=\"Excursion within &#8220;Writing seminar on the LIFE&#8221;\" data-date=\"2016-08-19T10:06:23+02:00\">\n\n<div class=\"post-thumbnail-wrap\">\n\t<div class=\"post-thumbnail\">\n\n\t\t\n\t\t\n\t\t<a href=\"https:\/\/broz.sk\/en\/exkurzia-v-ramci-pisiciho-seminaru-k-programu-life-2\/\" class=\"post-thumbnail-rollover layzr-bg layzr-bg\" ><img decoding=\"async\" class=\"blog-thumb-lazy-load preload-me lazy-load aspect\" src=\"data:image\/svg+xml,%3Csvg%20xmlns%3D&#39;http%3A%2F%2Fwww.w3.org%2F2000%2Fsvg&#39;%20viewBox%3D&#39;0%200%20398%20299&#39;%2F%3E\" data-src=\"https:\/\/broz.sk\/wp-content\/uploads\/2018\/10\/28-1-398x299.jpg\" data-srcset=\"https:\/\/broz.sk\/wp-content\/uploads\/2018\/10\/28-1-398x299.jpg 398w\" loading=\"eager\" style=\"--ratio: 398 \/ 299\" sizes=\"(max-width: 398px) 100vw, 398px\" alt=\"\" title=\"28\" width=\"398\" height=\"299\"  \/><\/a>\n\t<\/div>\n<\/div>\n\n\n<div class=\"post-entry-content\">\n\n\t<h3 class=\"entry-title\">\n\t\t<a href=\"https:\/\/broz.sk\/en\/exkurzia-v-ramci-pisiciho-seminaru-k-programu-life-2\/\" title=\"Excursion within &#8220;Writing seminar on the LIFE&#8221;\" rel=\"bookmark\">Excursion within &#8220;Writing seminar on the LIFE&#8221;<\/a>\n\t<\/h3>\n\n\t<div class=\"entry-meta\"><a href=\"https:\/\/broz.sk\/en\/2016\/08\/19\/\" title=\"10:06\" class=\"data-link\" rel=\"bookmark\"><time class=\"entry-date updated\" datetime=\"2016-08-19T10:06:23+02:00\">19. August 2016<\/time><\/a><\/div>\n\t<div class=\"entry-excerpt\"><p>On 19th\u00a0august 2016 took place excursion within the conference\u00a0 \u201eWriting seminar on the LIFE\u201c in the project areas &#8211; SKUEV Bratislavsk\u00e9 luhy and SKUEV Dev\u00ednska Kobyla, which prepared Regional Association for Nature Conservation and Sustainable development (BROZ) in cooperation with \u00a0Ministry of the Environment of the Czech Republic.<\/p>\n<\/div>\n\t\n<a href=\"https:\/\/broz.sk\/en\/exkurzia-v-ramci-pisiciho-seminaru-k-programu-life-2\/\" class=\"post-details details-type-link\" aria-label=\"Read more about Excursion within &#8220;Writing seminar on the LIFE&#8221;\">Read more<i class=\"dt-icon-the7-arrow-03\" aria-hidden=\"true\"><\/i><\/a>\n\n<\/div><\/article><article class=\"post project-odd hidden post-5988 type-post status-publish format-standard has-post-thumbnail hentry category-uncategorized pmpro-has-access category-22 description-off\" data-name=\"Untraditional watching hides the area Szigetkoz\" data-date=\"2016-08-15T17:03:29+02:00\">\n\n<div class=\"post-thumbnail-wrap\">\n\t<div class=\"post-thumbnail\">\n\n\t\t\n\t\t\n\t\t<a href=\"https:\/\/broz.sk\/en\/netradicne-pozorovacie-veze-v-uzemi-szigetkoz-2\/\" class=\"post-thumbnail-rollover layzr-bg layzr-bg\" ><img decoding=\"async\" class=\"blog-thumb-lazy-load preload-me lazy-load aspect\" src=\"data:image\/svg+xml,%3Csvg%20xmlns%3D&#39;http%3A%2F%2Fwww.w3.org%2F2000%2Fsvg&#39;%20viewBox%3D&#39;0%200%20448%20336&#39;%2F%3E\" data-src=\"https:\/\/broz.sk\/wp-content\/uploads\/2018\/10\/23-1.jpg\" data-srcset=\"https:\/\/broz.sk\/wp-content\/uploads\/2018\/10\/23-1.jpg 448w\" loading=\"eager\" style=\"--ratio: 448 \/ 336\" sizes=\"(max-width: 448px) 100vw, 448px\" alt=\"\" title=\"23\" width=\"448\" height=\"336\"  \/><\/a>\n\t<\/div>\n<\/div>\n\n\n<div class=\"post-entry-content\">\n\n\t<h3 class=\"entry-title\">\n\t\t<a href=\"https:\/\/broz.sk\/en\/netradicne-pozorovacie-veze-v-uzemi-szigetkoz-2\/\" title=\"Untraditional watching hides the area Szigetkoz\" rel=\"bookmark\">Untraditional watching hides the area Szigetkoz<\/a>\n\t<\/h3>\n\n\t<div class=\"entry-meta\"><a href=\"https:\/\/broz.sk\/en\/2016\/08\/15\/\" title=\"17:03\" class=\"data-link\" rel=\"bookmark\"><time class=\"entry-date updated\" datetime=\"2016-08-15T17:03:29+02:00\">15. August 2016<\/time><\/a><\/div>\n\t<div class=\"entry-excerpt\"><p>Project partner Pisztr\u00e1ng K\u00f6r\u00a0 (Trout Circle) installed a\u00a0untraditional watching hides, which allow visitors to observe the nature from untraditional places like under the water, from the tree, from the underground shelter or from the boat powered by a solar panel.<\/p>\n<\/div>\n\t\n<a href=\"https:\/\/broz.sk\/en\/netradicne-pozorovacie-veze-v-uzemi-szigetkoz-2\/\" class=\"post-details details-type-link\" aria-label=\"Read more about Untraditional watching hides the area Szigetkoz\">Read more<i class=\"dt-icon-the7-arrow-03\" aria-hidden=\"true\"><\/i><\/a>\n\n<\/div><\/article><article class=\"post project-odd hidden post-5986 type-post status-publish format-standard has-post-thumbnail hentry category-uncategorized pmpro-has-access category-22 description-off\" data-name=\"Television report &#8211; Grazing on Devinska Kobyla and campaign: \u201eAdoptuj si kozu\u201c (Adopt a Goat)\" data-date=\"2016-08-09T09:00:02+02:00\">\n\n<div class=\"post-thumbnail-wrap\">\n\t<div class=\"post-thumbnail\">\n\n\t\t\n\t\t\n\t\t<a href=\"https:\/\/broz.sk\/en\/tv-reportaz-pastva-na-devinskej-kobyle-a-kampan-adoptuj-si-kozu-2\/\" class=\"post-thumbnail-rollover layzr-bg layzr-bg\" ><img decoding=\"async\" class=\"blog-thumb-lazy-load preload-me lazy-load aspect\" src=\"data:image\/svg+xml,%3Csvg%20xmlns%3D&#39;http%3A%2F%2Fwww.w3.org%2F2000%2Fsvg&#39;%20viewBox%3D&#39;0%200%20448%20336&#39;%2F%3E\" data-src=\"https:\/\/broz.sk\/wp-content\/uploads\/2017\/02\/dk.JPG\" data-srcset=\"https:\/\/broz.sk\/wp-content\/uploads\/2017\/02\/dk.JPG 448w\" loading=\"eager\" style=\"--ratio: 448 \/ 336\" sizes=\"(max-width: 448px) 100vw, 448px\" alt=\"\" title=\"dk\" width=\"448\" height=\"336\"  \/><\/a>\n\t<\/div>\n<\/div>\n\n\n<div class=\"post-entry-content\">\n\n\t<h3 class=\"entry-title\">\n\t\t<a href=\"https:\/\/broz.sk\/en\/tv-reportaz-pastva-na-devinskej-kobyle-a-kampan-adoptuj-si-kozu-2\/\" title=\"Television report &#8211; Grazing on Devinska Kobyla and campaign: \u201eAdoptuj si kozu\u201c (Adopt a Goat)\" rel=\"bookmark\">Television report &#8211; Grazing on Devinska Kobyla and campaign: \u201eAdoptuj si kozu\u201c (Adopt a Goat)<\/a>\n\t<\/h3>\n\n\t<div class=\"entry-meta\"><a href=\"https:\/\/broz.sk\/en\/2016\/08\/09\/\" title=\"9:00\" class=\"data-link\" rel=\"bookmark\"><time class=\"entry-date updated\" datetime=\"2016-08-09T09:00:02+02:00\">9. August 2016<\/time><\/a><\/div>\n\t<div class=\"entry-excerpt\"><p>Introduction of grazing on Devinska Kobyla and campaign \u201eAdoptuj si kozu\u201c Adopt a goat in regional TV \u2013 Television of west Slovakia. More information in this\u00a0video.\u00a0<\/p>\n<\/div>\n\t\n<a href=\"https:\/\/broz.sk\/en\/tv-reportaz-pastva-na-devinskej-kobyle-a-kampan-adoptuj-si-kozu-2\/\" class=\"post-details details-type-link\" aria-label=\"Read more about Television report &#8211; Grazing on Devinska Kobyla and campaign: \u201eAdoptuj si kozu\u201c (Adopt a Goat)\">Read more<i class=\"dt-icon-the7-arrow-03\" aria-hidden=\"true\"><\/i><\/a>\n\n<\/div><\/article><article class=\"post project-odd hidden post-5980 type-post status-publish format-standard has-post-thumbnail hentry category-uncategorized pmpro-has-access category-22 description-off\" data-name=\"Restoration of rare forest-steppe habitats in Biskupice floodplain forest\" data-date=\"2016-08-07T07:32:33+02:00\">\n\n<div class=\"post-thumbnail-wrap\">\n\t<div class=\"post-thumbnail\">\n\n\t\t\n\t\t\n\t\t<a href=\"https:\/\/broz.sk\/en\/obnova-vzacnych-lesostepnych-biotopov-v-biskupickych-luhoch-2\/\" class=\"post-thumbnail-rollover layzr-bg layzr-bg\" ><img decoding=\"async\" class=\"blog-thumb-lazy-load preload-me lazy-load aspect\" src=\"data:image\/svg+xml,%3Csvg%20xmlns%3D&#39;http%3A%2F%2Fwww.w3.org%2F2000%2Fsvg&#39;%20viewBox%3D&#39;0%200%20768%20576&#39;%2F%3E\" data-src=\"https:\/\/broz.sk\/wp-content\/uploads\/2018\/10\/13-1-768x576.jpg\" data-srcset=\"https:\/\/broz.sk\/wp-content\/uploads\/2018\/10\/13-1-768x576.jpg 768w, https:\/\/broz.sk\/wp-content\/uploads\/2018\/10\/13-1.jpg 1000w\" loading=\"eager\" style=\"--ratio: 768 \/ 576\" sizes=\"(max-width: 768px) 100vw, 768px\" alt=\"\" title=\"13\" width=\"768\" height=\"576\"  \/><\/a>\n\t<\/div>\n<\/div>\n\n\n<div class=\"post-entry-content\">\n\n\t<h3 class=\"entry-title\">\n\t\t<a href=\"https:\/\/broz.sk\/en\/obnova-vzacnych-lesostepnych-biotopov-v-biskupickych-luhoch-2\/\" title=\"Restoration of rare forest-steppe habitats in Biskupice floodplain forest\" rel=\"bookmark\">Restoration of rare forest-steppe habitats in Biskupice floodplain forest<\/a>\n\t<\/h3>\n\n\t<div class=\"entry-meta\"><a href=\"https:\/\/broz.sk\/en\/2016\/08\/07\/\" title=\"7:32\" class=\"data-link\" rel=\"bookmark\"><time class=\"entry-date updated\" datetime=\"2016-08-07T07:32:33+02:00\">7. August 2016<\/time><\/a><\/div>\n\t<div class=\"entry-excerpt\"><p>After restoration of traditional grazing in Biskupice floodplain forest thanks to\u00a0 projest Restoration of NATURA 2000 sites in cross-border Bratislava capital region, was eliminated strong monoculture of invasive species of Solidago sp. Traditional grazing is ideal method for the restoration of original species composition.<\/p>\n<\/div>\n\t\n<a href=\"https:\/\/broz.sk\/en\/obnova-vzacnych-lesostepnych-biotopov-v-biskupickych-luhoch-2\/\" class=\"post-details details-type-link\" aria-label=\"Read more about Restoration of rare forest-steppe habitats in Biskupice floodplain forest\">Read more<i class=\"dt-icon-the7-arrow-03\" aria-hidden=\"true\"><\/i><\/a>\n\n<\/div><\/article><article class=\"post project-odd hidden post-4788 type-post status-publish format-standard has-post-thumbnail hentry category-0-en pmpro-has-access category-43 description-off\" data-name=\"Cinc\u00e9r News Letter\" data-date=\"2016-08-03T07:41:33+02:00\">\n\n<div class=\"post-thumbnail-wrap\">\n\t<div class=\"post-thumbnail\">\n\n\t\t\n\t\t\n\t\t<a href=\"https:\/\/broz.sk\/en\/casopis-venovany-projektu-cincer-news-letter\/\" class=\"post-thumbnail-rollover layzr-bg layzr-bg\" ><img decoding=\"async\" class=\"blog-thumb-lazy-load preload-me lazy-load aspect\" src=\"data:image\/svg+xml,%3Csvg%20xmlns%3D&#39;http%3A%2F%2Fwww.w3.org%2F2000%2Fsvg&#39;%20viewBox%3D&#39;0%200%20694%20520&#39;%2F%3E\" data-src=\"https:\/\/broz.sk\/wp-content\/uploads\/2018\/08\/Screenshot_1-694x520.jpg\" data-srcset=\"https:\/\/broz.sk\/wp-content\/uploads\/2018\/08\/Screenshot_1-694x520.jpg 694w\" loading=\"eager\" style=\"--ratio: 694 \/ 520\" sizes=\"(max-width: 694px) 100vw, 694px\" alt=\"\" title=\"Cincer news letter\" width=\"694\" height=\"520\"  \/><\/a>\n\t<\/div>\n<\/div>\n\n\n<div class=\"post-entry-content\">\n\n\t<h3 class=\"entry-title\">\n\t\t<a href=\"https:\/\/broz.sk\/en\/casopis-venovany-projektu-cincer-news-letter\/\" title=\"Cinc\u00e9r News Letter\" rel=\"bookmark\">Cinc\u00e9r News Letter<\/a>\n\t<\/h3>\n\n\t<div class=\"entry-meta\"><a href=\"https:\/\/broz.sk\/en\/2016\/08\/03\/\" title=\"7:41\" class=\"data-link\" rel=\"bookmark\"><time class=\"entry-date updated\" datetime=\"2016-08-03T07:41:33+02:00\">3. August 2016<\/time><\/a><\/div>\n\t<div class=\"entry-excerpt\"><p>Hungarian partner of the project Duna &#8211; Ipoly National Park Directorate prepared new No. of Cinc\u00e9r new letter, which is devoted to LIFE Danube floodplains project.\u00a0Cinc\u00e9r news letter Here is the summary of the articles: The first article: The empire of the white tailed eagle. A report was made with \u00a0Bal\u00e1zs Szel\u00e9nyi, the national \u00a0species&hellip;<\/p>\n<\/div>\n\t\n<a href=\"https:\/\/broz.sk\/en\/casopis-venovany-projektu-cincer-news-letter\/\" class=\"post-details details-type-link\" aria-label=\"Read more about Cinc\u00e9r News Letter\">Read more<i class=\"dt-icon-the7-arrow-03\" aria-hidden=\"true\"><\/i><\/a>\n\n<\/div><\/article><article class=\"post project-odd hidden post-5984 type-post status-publish format-standard has-post-thumbnail hentry category-uncategorized pmpro-has-access category-22 description-off\" data-name=\"Restoration of Dunajsk\u00e9 kriviny wetland\" data-date=\"2016-07-31T08:51:08+02:00\">\n\n<div class=\"post-thumbnail-wrap\">\n\t<div class=\"post-thumbnail\">\n\n\t\t\n\t\t\n\t\t<a href=\"https:\/\/broz.sk\/en\/obnova-mokrade-dunajske-kriviny\/\" class=\"post-thumbnail-rollover layzr-bg layzr-bg\" ><img decoding=\"async\" class=\"blog-thumb-lazy-load preload-me lazy-load aspect\" src=\"data:image\/svg+xml,%3Csvg%20xmlns%3D&#39;http%3A%2F%2Fwww.w3.org%2F2000%2Fsvg&#39;%20viewBox%3D&#39;0%200%20299%20224&#39;%2F%3E\" data-src=\"https:\/\/broz.sk\/wp-content\/uploads\/2018\/10\/20-1-299x224.jpg\" data-srcset=\"https:\/\/broz.sk\/wp-content\/uploads\/2018\/10\/20-1-299x224.jpg 299w\" loading=\"eager\" style=\"--ratio: 299 \/ 224\" sizes=\"(max-width: 299px) 100vw, 299px\" alt=\"\" title=\"20\" width=\"299\" height=\"224\"  \/><\/a>\n\t<\/div>\n<\/div>\n\n\n<div class=\"post-entry-content\">\n\n\t<h3 class=\"entry-title\">\n\t\t<a href=\"https:\/\/broz.sk\/en\/obnova-mokrade-dunajske-kriviny\/\" title=\"Restoration of Dunajsk\u00e9 kriviny wetland\" rel=\"bookmark\">Restoration of Dunajsk\u00e9 kriviny wetland<\/a>\n\t<\/h3>\n\n\t<div class=\"entry-meta\"><a href=\"https:\/\/broz.sk\/en\/2016\/07\/31\/\" title=\"8:51\" class=\"data-link\" rel=\"bookmark\"><time class=\"entry-date updated\" datetime=\"2016-07-31T08:51:08+02:00\">31. July 2016<\/time><\/a><\/div>\n\t<div class=\"entry-excerpt\"><p>During the restoration workshas been restored the the water canal, which brings the water into the dry wetlands. This restoration helps to return the original species of animals and plants, which lived here in the past. Restoration of wetlands was focused on the creation of\u00a0 suitable places for reproduction of amphibians. We managed to create&hellip;<\/p>\n<\/div>\n\t\n<a href=\"https:\/\/broz.sk\/en\/obnova-mokrade-dunajske-kriviny\/\" class=\"post-details details-type-link\" aria-label=\"Read more about Restoration of Dunajsk\u00e9 kriviny wetland\">Read more<i class=\"dt-icon-the7-arrow-03\" aria-hidden=\"true\"><\/i><\/a>\n\n<\/div><\/article><article class=\"post project-odd hidden post-5982 type-post status-publish format-standard has-post-thumbnail hentry category-uncategorized pmpro-has-access category-22 description-off\" data-name=\"A short video about the importance of grazing in protected areas.\" data-date=\"2016-07-29T10:48:11+02:00\">\n\n<div class=\"post-thumbnail-wrap\">\n\t<div class=\"post-thumbnail\">\n\n\t\t\n\t\t\n\t\t<a href=\"https:\/\/broz.sk\/en\/kratke-video-o-vyzname-pastvy-v-chranenych-uzemiach-2\/\" class=\"post-thumbnail-rollover layzr-bg layzr-bg\" ><img decoding=\"async\" class=\"blog-thumb-lazy-load preload-me lazy-load aspect\" src=\"data:image\/svg+xml,%3Csvg%20xmlns%3D&#39;http%3A%2F%2Fwww.w3.org%2F2000%2Fsvg&#39;%20viewBox%3D&#39;0%200%20768%20576&#39;%2F%3E\" data-src=\"https:\/\/broz.sk\/wp-content\/uploads\/2018\/10\/18-768x576.jpg\" data-srcset=\"https:\/\/broz.sk\/wp-content\/uploads\/2018\/10\/18-768x576.jpg 768w, https:\/\/broz.sk\/wp-content\/uploads\/2018\/10\/18.jpg 1000w\" loading=\"eager\" style=\"--ratio: 768 \/ 576\" sizes=\"(max-width: 768px) 100vw, 768px\" alt=\"\" title=\"18\" width=\"768\" height=\"576\"  \/><\/a>\n\t<\/div>\n<\/div>\n\n\n<div class=\"post-entry-content\">\n\n\t<h3 class=\"entry-title\">\n\t\t<a href=\"https:\/\/broz.sk\/en\/kratke-video-o-vyzname-pastvy-v-chranenych-uzemiach-2\/\" title=\"A short video about the importance of grazing in protected areas.\" rel=\"bookmark\">A short video about the importance of grazing in protected areas.<\/a>\n\t<\/h3>\n\n\t<div class=\"entry-meta\"><a href=\"https:\/\/broz.sk\/en\/2016\/07\/29\/\" title=\"10:48\" class=\"data-link\" rel=\"bookmark\"><time class=\"entry-date updated\" datetime=\"2016-07-29T10:48:11+02:00\">29. July 2016<\/time><\/a><\/div>\n\t<div class=\"entry-excerpt\"><p>More information in this video.<\/p>\n<\/div>\n\t\n<a href=\"https:\/\/broz.sk\/en\/kratke-video-o-vyzname-pastvy-v-chranenych-uzemiach-2\/\" class=\"post-details details-type-link\" aria-label=\"Read more about A short video about the importance of grazing in protected areas.\">Read more<i class=\"dt-icon-the7-arrow-03\" aria-hidden=\"true\"><\/i><\/a>\n\n<\/div><\/article><article class=\"post project-odd hidden post-4647 type-post status-publish format-standard has-post-thumbnail hentry category-0-en pmpro-has-access category-43 description-off\" data-name=\"Children\u2019s summer camps on Velky Lel locality in full swing!\" data-date=\"2016-07-15T07:41:33+02:00\">\n\n<div class=\"post-thumbnail-wrap\">\n\t<div class=\"post-thumbnail\">\n\n\t\t\n\t\t\n\t\t<a href=\"https:\/\/broz.sk\/en\/detske-letne-tabory-na-velkom-leli-su-v-plnom-prude\/\" class=\"post-thumbnail-rollover layzr-bg layzr-bg\" ><img decoding=\"async\" class=\"blog-thumb-lazy-load preload-me lazy-load aspect\" src=\"data:image\/svg+xml,%3Csvg%20xmlns%3D&#39;http%3A%2F%2Fwww.w3.org%2F2000%2Fsvg&#39;%20viewBox%3D&#39;0%200%20640%20480&#39;%2F%3E\" data-src=\"https:\/\/broz.sk\/wp-content\/uploads\/2017\/05\/detske_tabory12.jpg\" data-srcset=\"https:\/\/broz.sk\/wp-content\/uploads\/2017\/05\/detske_tabory12.jpg 640w\" loading=\"eager\" style=\"--ratio: 640 \/ 480\" sizes=\"(max-width: 640px) 100vw, 640px\" alt=\"\" title=\"deti na Mahulieninom moste cez rameno Dunaja\" width=\"640\" height=\"480\"  \/><\/a>\n\t<\/div>\n<\/div>\n\n\n<div class=\"post-entry-content\">\n\n\t<h3 class=\"entry-title\">\n\t\t<a href=\"https:\/\/broz.sk\/en\/detske-letne-tabory-na-velkom-leli-su-v-plnom-prude\/\" title=\"Children\u2019s summer camps on Velky Lel locality in full swing!\" rel=\"bookmark\">Children\u2019s summer camps on Velky Lel locality in full swing!<\/a>\n\t<\/h3>\n\n\t<div class=\"entry-meta\"><a href=\"https:\/\/broz.sk\/en\/2016\/07\/15\/\" title=\"7:41\" class=\"data-link\" rel=\"bookmark\"><time class=\"entry-date updated\" datetime=\"2016-07-15T07:41:33+02:00\">15. July 2016<\/time><\/a><\/div>\n\t<div class=\"entry-excerpt\"><p>From the second week of July children&#8217;s summer camps take place on the Velky Lel area (project action E.7).Children from closer and more distant surrounding towns and villages can get to know the Danube floodplain countryside and its exceptional beauty during one week course. They also can learn about importance of nature protection and the&hellip;<\/p>\n<\/div>\n\t\n<a href=\"https:\/\/broz.sk\/en\/detske-letne-tabory-na-velkom-leli-su-v-plnom-prude\/\" class=\"post-details details-type-link\" aria-label=\"Read more about Children\u2019s summer camps on Velky Lel locality in full swing!\">Read more<i class=\"dt-icon-the7-arrow-03\" aria-hidden=\"true\"><\/i><\/a>\n\n<\/div><\/article><article class=\"post project-odd hidden post-5978 type-post status-publish format-standard has-post-thumbnail hentry category-uncategorized pmpro-has-access category-22 description-off\" data-name=\"Press conference to the Restoration of Karlovesk\u00e9 rameno rivier branch\" data-date=\"2016-06-03T09:25:05+02:00\">\n\n<div class=\"post-thumbnail-wrap\">\n\t<div class=\"post-thumbnail\">\n\n\t\t\n\t\t\n\t\t<a href=\"https:\/\/broz.sk\/en\/tlacova-konferencia-k-revitalizacii-karloveskeho-ramena-2\/\" class=\"post-thumbnail-rollover layzr-bg layzr-bg\" ><img decoding=\"async\" class=\"blog-thumb-lazy-load preload-me lazy-load aspect\" src=\"data:image\/svg+xml,%3Csvg%20xmlns%3D&#39;http%3A%2F%2Fwww.w3.org%2F2000%2Fsvg&#39;%20viewBox%3D&#39;0%200%20768%20576&#39;%2F%3E\" data-src=\"https:\/\/broz.sk\/wp-content\/uploads\/2018\/10\/9-1-768x576.jpg\" data-srcset=\"https:\/\/broz.sk\/wp-content\/uploads\/2018\/10\/9-1-768x576.jpg 768w, https:\/\/broz.sk\/wp-content\/uploads\/2018\/10\/9-1-800x600.jpg 800w\" loading=\"eager\" style=\"--ratio: 768 \/ 576\" sizes=\"(max-width: 768px) 100vw, 768px\" alt=\"\" title=\"9\" width=\"768\" height=\"576\"  \/><\/a>\n\t<\/div>\n<\/div>\n\n\n<div class=\"post-entry-content\">\n\n\t<h3 class=\"entry-title\">\n\t\t<a href=\"https:\/\/broz.sk\/en\/tlacova-konferencia-k-revitalizacii-karloveskeho-ramena-2\/\" title=\"Press conference to the Restoration of Karlovesk\u00e9 rameno rivier branch\" rel=\"bookmark\">Press conference to the Restoration of Karlovesk\u00e9 rameno rivier branch<\/a>\n\t<\/h3>\n\n\t<div class=\"entry-meta\"><a href=\"https:\/\/broz.sk\/en\/2016\/06\/03\/\" title=\"9:25\" class=\"data-link\" rel=\"bookmark\"><time class=\"entry-date updated\" datetime=\"2016-06-03T09:25:05+02:00\">3. June 2016<\/time><\/a><\/div>\n\t<div class=\"entry-excerpt\"><p>Regional Association for Nature Conservation and Sustainable development (BROZ) in cooperation with Bratislava water company and water manager experts revitalized the Karlovesk\u00e9 rameno river branch. On the 3rd\u00a0June 2016 took place the Press conference with participation of minister of environment L\u00e1zsl\u00f3 Solymos. &nbsp; Press release\u00a0<\/p>\n<\/div>\n\t\n<a href=\"https:\/\/broz.sk\/en\/tlacova-konferencia-k-revitalizacii-karloveskeho-ramena-2\/\" class=\"post-details details-type-link\" aria-label=\"Read more about Press conference to the Restoration of Karlovesk\u00e9 rameno rivier branch\">Read more<i class=\"dt-icon-the7-arrow-03\" aria-hidden=\"true\"><\/i><\/a>\n\n<\/div><\/article><article class=\"post project-odd hidden post-5975 type-post status-publish format-standard has-post-thumbnail hentry category-uncategorized pmpro-has-access category-22 description-off\" data-name=\"Networking with Slovenian LIFE Project\" data-date=\"2016-05-27T10:22:06+02:00\">\n\n<div class=\"post-thumbnail-wrap\">\n\t<div class=\"post-thumbnail\">\n\n\t\t\n\t\t\n\t\t<a href=\"https:\/\/broz.sk\/en\/networking-so-slovinskym-life-projektom-2\/\" class=\"post-thumbnail-rollover layzr-bg layzr-bg\" ><img decoding=\"async\" class=\"blog-thumb-lazy-load preload-me lazy-load aspect\" src=\"data:image\/svg+xml,%3Csvg%20xmlns%3D&#39;http%3A%2F%2Fwww.w3.org%2F2000%2Fsvg&#39;%20viewBox%3D&#39;0%200%20718%20539&#39;%2F%3E\" data-src=\"https:\/\/broz.sk\/wp-content\/uploads\/2017\/02\/14-2-718x539.jpg\" data-srcset=\"https:\/\/broz.sk\/wp-content\/uploads\/2017\/02\/14-2-718x539.jpg 718w, https:\/\/broz.sk\/wp-content\/uploads\/2017\/02\/14-2-719x539.jpg 719w\" loading=\"eager\" style=\"--ratio: 718 \/ 539\" sizes=\"(max-width: 718px) 100vw, 718px\" alt=\"\" title=\"14-2\" width=\"718\" height=\"539\"  \/><\/a>\n\t<\/div>\n<\/div>\n\n\n<div class=\"post-entry-content\">\n\n\t<h3 class=\"entry-title\">\n\t\t<a href=\"https:\/\/broz.sk\/en\/networking-so-slovinskym-life-projektom-2\/\" title=\"Networking with Slovenian LIFE Project\" rel=\"bookmark\">Networking with Slovenian LIFE Project<\/a>\n\t<\/h3>\n\n\t<div class=\"entry-meta\"><a href=\"https:\/\/broz.sk\/en\/2016\/05\/27\/\" title=\"10:22\" class=\"data-link\" rel=\"bookmark\"><time class=\"entry-date updated\" datetime=\"2016-05-27T10:22:06+02:00\">27. May 2016<\/time><\/a><\/div>\n\t<div class=\"entry-excerpt\"><p>The Networking was focused on bilateral exchange of experience between projects: Restoration of NATURA 2000 sites in cross-border Bratislava capital region &#8211; LIFE 10 NAT \/ SK \/ 080 and the Slovenian project LIFE11 NAT\/SI\/000882 Riparian ecosystem restoration of the lower Drava river in Slovenia. Within the networking the participants visited two project localities \u2013&hellip;<\/p>\n<\/div>\n\t\n<a href=\"https:\/\/broz.sk\/en\/networking-so-slovinskym-life-projektom-2\/\" class=\"post-details details-type-link\" aria-label=\"Read more about Networking with Slovenian LIFE Project\">Read more<i class=\"dt-icon-the7-arrow-03\" aria-hidden=\"true\"><\/i><\/a>\n\n<\/div><\/article><article class=\"post project-odd hidden post-5974 type-post status-publish format-standard has-post-thumbnail hentry category-uncategorized pmpro-has-access category-22 description-off\" data-name=\"Professional workshop ,,Fish migration and barriers on the stream\u201c\" data-date=\"2016-05-20T16:10:24+02:00\">\n\n<div class=\"post-thumbnail-wrap\">\n\t<div class=\"post-thumbnail\">\n\n\t\t\n\t\t\n\t\t<a href=\"https:\/\/broz.sk\/en\/odborny-seminar-migracia-ryb-a-bariery-na-tokoch-2\/\" class=\"post-thumbnail-rollover layzr-bg layzr-bg\" ><img decoding=\"async\" class=\"blog-thumb-lazy-load preload-me lazy-load aspect\" src=\"data:image\/svg+xml,%3Csvg%20xmlns%3D&#39;http%3A%2F%2Fwww.w3.org%2F2000%2Fsvg&#39;%20viewBox%3D&#39;0%200%20448%20336&#39;%2F%3E\" data-src=\"https:\/\/broz.sk\/wp-content\/uploads\/2018\/10\/1-1.jpg\" data-srcset=\"https:\/\/broz.sk\/wp-content\/uploads\/2018\/10\/1-1.jpg 448w\" loading=\"eager\" style=\"--ratio: 448 \/ 336\" sizes=\"(max-width: 448px) 100vw, 448px\" alt=\"\" title=\"1\" width=\"448\" height=\"336\"  \/><\/a>\n\t<\/div>\n<\/div>\n\n\n<div class=\"post-entry-content\">\n\n\t<h3 class=\"entry-title\">\n\t\t<a href=\"https:\/\/broz.sk\/en\/odborny-seminar-migracia-ryb-a-bariery-na-tokoch-2\/\" title=\"Professional workshop ,,Fish migration and barriers on the stream\u201c\" rel=\"bookmark\">Professional workshop ,,Fish migration and barriers on the stream\u201c<\/a>\n\t<\/h3>\n\n\t<div class=\"entry-meta\"><a href=\"https:\/\/broz.sk\/en\/2016\/05\/20\/\" title=\"16:10\" class=\"data-link\" rel=\"bookmark\"><time class=\"entry-date updated\" datetime=\"2016-05-20T16:10:24+02:00\">20. May 2016<\/time><\/a><\/div>\n\t<div class=\"entry-excerpt\"><p>From 20th to 21st \u00a0May 2016 took place Professional workshop called ,,Fish migration and barriers on the stream\u201c on the occasion of the World Fish Migration Day. The main topic of the workshop was free fish migration and restoration of river ecosystems. On the workshop Andrej Deve\u010dka, project manager, introduced restoration of Danube river branches,&hellip;<\/p>\n<\/div>\n\t\n<a href=\"https:\/\/broz.sk\/en\/odborny-seminar-migracia-ryb-a-bariery-na-tokoch-2\/\" class=\"post-details details-type-link\" aria-label=\"Read more about Professional workshop ,,Fish migration and barriers on the stream\u201c\">Read more<i class=\"dt-icon-the7-arrow-03\" aria-hidden=\"true\"><\/i><\/a>\n\n<\/div><\/article><article class=\"post project-odd hidden post-4742 type-post status-publish format-standard has-post-thumbnail hentry category-protection-of-habitats tag-life-en pmpro-has-access category-31 description-off\" data-name=\"The first part of river branch system in Kralova luka is cleaned and revived\" data-date=\"2016-05-15T07:41:33+02:00\">\n\n<div class=\"post-thumbnail-wrap\">\n\t<div class=\"post-thumbnail\">\n\n\t\t\n\t\t\n\t\t<a href=\"https:\/\/broz.sk\/en\/2695\/\" class=\"post-thumbnail-rollover layzr-bg layzr-bg\" ><img decoding=\"async\" class=\"blog-thumb-lazy-load preload-me lazy-load aspect\" src=\"data:image\/svg+xml,%3Csvg%20xmlns%3D&#39;http%3A%2F%2Fwww.w3.org%2F2000%2Fsvg&#39;%20viewBox%3D&#39;0%200%20569%20427&#39;%2F%3E\" data-src=\"https:\/\/broz.sk\/wp-content\/uploads\/2017\/05\/before_realization02-569x427.jpg\" data-srcset=\"https:\/\/broz.sk\/wp-content\/uploads\/2017\/05\/before_realization02-569x427.jpg 569w\" loading=\"eager\" style=\"--ratio: 569 \/ 427\" sizes=\"(max-width: 569px) 100vw, 569px\" alt=\"\" title=\"before_realization02\" width=\"569\" height=\"427\"  \/><\/a>\n\t<\/div>\n<\/div>\n\n\n<div class=\"post-entry-content\">\n\n\t<h3 class=\"entry-title\">\n\t\t<a href=\"https:\/\/broz.sk\/en\/2695\/\" title=\"The first part of river branch system in Kralova luka is cleaned and revived\" rel=\"bookmark\">The first part of river branch system in Kralova luka is cleaned and revived<\/a>\n\t<\/h3>\n\n\t<div class=\"entry-meta\"><a href=\"https:\/\/broz.sk\/en\/2016\/05\/15\/\" title=\"7:41\" class=\"data-link\" rel=\"bookmark\"><time class=\"entry-date updated\" datetime=\"2016-05-15T07:41:33+02:00\">15. May 2016<\/time><\/a><\/div>\n\t<div class=\"entry-excerpt\"><p>In the middle of May 2016 the first part of Kralova luka branch system was restored in Danube floodplains. With the help of excavator the fallen dead wood and river deposits have been excavated and the water intake from Danube was released. Before restoration there was only little brooklet in some parts of the river&hellip;<\/p>\n<\/div>\n\t\n<a href=\"https:\/\/broz.sk\/en\/2695\/\" class=\"post-details details-type-link\" aria-label=\"Read more about The first part of river branch system in Kralova luka is cleaned and revived\">Read more<i class=\"dt-icon-the7-arrow-03\" aria-hidden=\"true\"><\/i><\/a>\n\n<\/div><\/article><article class=\"post project-odd hidden post-5972 type-post status-publish format-standard has-post-thumbnail hentry category-0-en pmpro-has-access category-43 description-off\" data-name=\"New gazebos and benches for visitors to the National Nature Reserve Dev\u00ednska Kobyla\" data-date=\"2016-05-05T17:04:35+02:00\">\n\n<div class=\"post-thumbnail-wrap\">\n\t<div class=\"post-thumbnail\">\n\n\t\t\n\t\t\n\t\t<a href=\"https:\/\/broz.sk\/en\/nove-altanky-a-lavicky-pre-navstevnikov-narodnej-prirodnej-rezervacie-devinska-kobyla-2\/\" class=\"post-thumbnail-rollover layzr-bg layzr-bg\" ><img decoding=\"async\" class=\"blog-thumb-lazy-load preload-me lazy-load aspect\" src=\"data:image\/svg+xml,%3Csvg%20xmlns%3D&#39;http%3A%2F%2Fwww.w3.org%2F2000%2Fsvg&#39;%20viewBox%3D&#39;0%200%20285%20214&#39;%2F%3E\" data-src=\"https:\/\/broz.sk\/wp-content\/uploads\/2018\/10\/48-285x214.jpg\" data-srcset=\"https:\/\/broz.sk\/wp-content\/uploads\/2018\/10\/48-285x214.jpg 285w\" loading=\"eager\" style=\"--ratio: 285 \/ 214\" sizes=\"(max-width: 285px) 100vw, 285px\" alt=\"\" title=\"48\" width=\"285\" height=\"214\"  \/><\/a>\n\t<\/div>\n<\/div>\n\n\n<div class=\"post-entry-content\">\n\n\t<h3 class=\"entry-title\">\n\t\t<a href=\"https:\/\/broz.sk\/en\/nove-altanky-a-lavicky-pre-navstevnikov-narodnej-prirodnej-rezervacie-devinska-kobyla-2\/\" title=\"New gazebos and benches for visitors to the National Nature Reserve Dev\u00ednska Kobyla\" rel=\"bookmark\">New gazebos and benches for visitors to the National Nature Reserve Dev\u00ednska Kobyla<\/a>\n\t<\/h3>\n\n\t<div class=\"entry-meta\"><a href=\"https:\/\/broz.sk\/en\/2016\/05\/05\/\" title=\"17:04\" class=\"data-link\" rel=\"bookmark\"><time class=\"entry-date updated\" datetime=\"2016-05-05T17:04:35+02:00\">5. May 2016<\/time><\/a><\/div>\n\t<div class=\"entry-excerpt\"><p>In March were installed by State Nature conservany two new summerhouses and five new seats for visitors in this important locality. Wood barriers near paleontological sites Sandberg were recovered too. &nbsp; &nbsp;<\/p>\n<\/div>\n\t\n<a href=\"https:\/\/broz.sk\/en\/nove-altanky-a-lavicky-pre-navstevnikov-narodnej-prirodnej-rezervacie-devinska-kobyla-2\/\" class=\"post-details details-type-link\" aria-label=\"Read more about New gazebos and benches for visitors to the National Nature Reserve Dev\u00ednska Kobyla\">Read more<i class=\"dt-icon-the7-arrow-03\" aria-hidden=\"true\"><\/i><\/a>\n\n<\/div><\/article><article class=\"post project-odd hidden post-4737 type-post status-publish format-standard has-post-thumbnail hentry category-protection-of-habitats tag-life-en pmpro-has-access category-31 description-off\" data-name=\"We are supporting and monitoring natural regeneration of clear-cuts in the floodplain forests.\" data-date=\"2016-05-03T07:41:33+02:00\">\n\n<div class=\"post-thumbnail-wrap\">\n\t<div class=\"post-thumbnail\">\n\n\t\t\n\t\t\n\t\t<a href=\"https:\/\/broz.sk\/en\/na-holoruboch-podporujeme-a-sledujeme-prirodzene-zmladenie\/\" class=\"post-thumbnail-rollover layzr-bg layzr-bg\" ><img decoding=\"async\" class=\"blog-thumb-lazy-load preload-me lazy-load aspect\" src=\"data:image\/svg+xml,%3Csvg%20xmlns%3D&#39;http%3A%2F%2Fwww.w3.org%2F2000%2Fsvg&#39;%20viewBox%3D&#39;0%200%20640%20480&#39;%2F%3E\" data-src=\"https:\/\/broz.sk\/wp-content\/uploads\/2017\/05\/misia_EK13.jpg\" data-srcset=\"https:\/\/broz.sk\/wp-content\/uploads\/2017\/05\/misia_EK13.jpg 640w\" loading=\"eager\" style=\"--ratio: 640 \/ 480\" sizes=\"(max-width: 640px) 100vw, 640px\" alt=\"\" title=\"misia_EK13\" width=\"640\" height=\"480\"  \/><\/a>\n\t<\/div>\n<\/div>\n\n\n<div class=\"post-entry-content\">\n\n\t<h3 class=\"entry-title\">\n\t\t<a href=\"https:\/\/broz.sk\/en\/na-holoruboch-podporujeme-a-sledujeme-prirodzene-zmladenie\/\" title=\"We are supporting and monitoring natural regeneration of clear-cuts in the floodplain forests.\" rel=\"bookmark\">We are supporting and monitoring natural regeneration of clear-cuts in the floodplain forests.<\/a>\n\t<\/h3>\n\n\t<div class=\"entry-meta\"><a href=\"https:\/\/broz.sk\/en\/2016\/05\/03\/\" title=\"7:41\" class=\"data-link\" rel=\"bookmark\"><time class=\"entry-date updated\" datetime=\"2016-05-03T07:41:33+02:00\">3. May 2016<\/time><\/a><\/div>\n\t<div class=\"entry-excerpt\"><p>As part of the monitoring mission of the European Commission, held on 22- 23\/06\/2016, we visited two project localities in Bod\u00edky cadastral area. The BROZ organization has rented forest land in this area as part of the project LIFE Danube floodplains (project action B1). Former forest land owners have done clear cutting of non \u2013&hellip;<\/p>\n<\/div>\n\t\n<a href=\"https:\/\/broz.sk\/en\/na-holoruboch-podporujeme-a-sledujeme-prirodzene-zmladenie\/\" class=\"post-details details-type-link\" aria-label=\"Read more about We are supporting and monitoring natural regeneration of clear-cuts in the floodplain forests.\">Read more<i class=\"dt-icon-the7-arrow-03\" aria-hidden=\"true\"><\/i><\/a>\n\n<\/div><\/article><article class=\"post project-odd hidden post-5970 type-post status-publish format-standard has-post-thumbnail hentry category-protection-of-habitats pmpro-has-access category-31 description-off\" data-name=\"Restoration and management of forest habitats\" data-date=\"2016-03-31T16:59:05+02:00\">\n\n<div class=\"post-thumbnail-wrap\">\n\t<div class=\"post-thumbnail\">\n\n\t\t\n\t\t\n\t\t<a href=\"https:\/\/broz.sk\/en\/obnova-povodneho-drevinoveho-zlozenia-v-lesnych-biotopoch-2\/\" class=\"post-thumbnail-rollover layzr-bg layzr-bg\" ><img decoding=\"async\" class=\"blog-thumb-lazy-load preload-me lazy-load aspect\" src=\"data:image\/svg+xml,%3Csvg%20xmlns%3D&#39;http%3A%2F%2Fwww.w3.org%2F2000%2Fsvg&#39;%20viewBox%3D&#39;0%200%20135%20101&#39;%2F%3E\" data-src=\"https:\/\/broz.sk\/wp-content\/uploads\/2018\/10\/47-135x101.jpg\" data-srcset=\"https:\/\/broz.sk\/wp-content\/uploads\/2018\/10\/47-135x101.jpg 135w\" loading=\"eager\" style=\"--ratio: 135 \/ 101\" sizes=\"(max-width: 135px) 100vw, 135px\" alt=\"\" title=\"47\" width=\"135\" height=\"101\"  \/><\/a>\n\t<\/div>\n<\/div>\n\n\n<div class=\"post-entry-content\">\n\n\t<h3 class=\"entry-title\">\n\t\t<a href=\"https:\/\/broz.sk\/en\/obnova-povodneho-drevinoveho-zlozenia-v-lesnych-biotopoch-2\/\" title=\"Restoration and management of forest habitats\" rel=\"bookmark\">Restoration and management of forest habitats<\/a>\n\t<\/h3>\n\n\t<div class=\"entry-meta\"><a href=\"https:\/\/broz.sk\/en\/2016\/03\/31\/\" title=\"16:59\" class=\"data-link\" rel=\"bookmark\"><time class=\"entry-date updated\" datetime=\"2016-03-31T16:59:05+02:00\">31. March 2016<\/time><\/a><\/div>\n\t<div class=\"entry-excerpt\"><p>This activity consists of three main activities: a) removal of invasive species b) planting of native tree species \u00a0and c) marking and preserving valuable trees and modification of logging. video.<\/p>\n<\/div>\n\t\n<a href=\"https:\/\/broz.sk\/en\/obnova-povodneho-drevinoveho-zlozenia-v-lesnych-biotopoch-2\/\" class=\"post-details details-type-link\" aria-label=\"Read more about Restoration and management of forest habitats\">Read more<i class=\"dt-icon-the7-arrow-03\" aria-hidden=\"true\"><\/i><\/a>\n\n<\/div><\/article><article class=\"post project-odd hidden post-5968 type-post status-publish format-standard has-post-thumbnail hentry category-protection-of-habitats pmpro-has-access category-31 description-off\" data-name=\"Restoration of rare grassland in the Nature reservation Dev\u00ednska Kobyla\" data-date=\"2016-03-23T16:52:20+01:00\">\n\n<div class=\"post-thumbnail-wrap\">\n\t<div class=\"post-thumbnail\">\n\n\t\t\n\t\t\n\t\t<a href=\"https:\/\/broz.sk\/en\/obnova-vzacnych-luk-v-npr-devinska-kobyla\/\" class=\"post-thumbnail-rollover layzr-bg layzr-bg\" ><img decoding=\"async\" class=\"blog-thumb-lazy-load preload-me lazy-load aspect\" src=\"data:image\/svg+xml,%3Csvg%20xmlns%3D&#39;http%3A%2F%2Fwww.w3.org%2F2000%2Fsvg&#39;%20viewBox%3D&#39;0%200%20750%20563&#39;%2F%3E\" data-src=\"https:\/\/broz.sk\/wp-content\/uploads\/2018\/10\/46-750x563.jpg\" data-srcset=\"https:\/\/broz.sk\/wp-content\/uploads\/2018\/10\/46-750x563.jpg 750w, https:\/\/broz.sk\/wp-content\/uploads\/2018\/10\/46-751x563.jpg 751w\" loading=\"eager\" style=\"--ratio: 750 \/ 563\" sizes=\"(max-width: 750px) 100vw, 750px\" alt=\"\" title=\"46\" width=\"750\" height=\"563\"  \/><\/a>\n\t<\/div>\n<\/div>\n\n\n<div class=\"post-entry-content\">\n\n\t<h3 class=\"entry-title\">\n\t\t<a href=\"https:\/\/broz.sk\/en\/obnova-vzacnych-luk-v-npr-devinska-kobyla\/\" title=\"Restoration of rare grassland in the Nature reservation Dev\u00ednska Kobyla\" rel=\"bookmark\">Restoration of rare grassland in the Nature reservation Dev\u00ednska Kobyla<\/a>\n\t<\/h3>\n\n\t<div class=\"entry-meta\"><a href=\"https:\/\/broz.sk\/en\/2016\/03\/23\/\" title=\"16:52\" class=\"data-link\" rel=\"bookmark\"><time class=\"entry-date updated\" datetime=\"2016-03-23T16:52:20+01:00\">23. March 2016<\/time><\/a><\/div>\n\t<div class=\"entry-excerpt\"><p>In the Nature reservation Dev\u00ednska Kobyla finished first phase of restoration of rare grasslands. The Works were coordinated by DAPHNE &#8211; Institute of Applied Ecology in cooperation with Administration of Protected Landscape Area Mal\u00e9 Karpaty. Felling self-seeded trees on NPR Devinska Kobyla it ended the first phase of restoration of rare bow. The work is&hellip;<\/p>\n<\/div>\n\t\n<a href=\"https:\/\/broz.sk\/en\/obnova-vzacnych-luk-v-npr-devinska-kobyla\/\" class=\"post-details details-type-link\" aria-label=\"Read more about Restoration of rare grassland in the Nature reservation Dev\u00ednska Kobyla\">Read more<i class=\"dt-icon-the7-arrow-03\" aria-hidden=\"true\"><\/i><\/a>\n\n<\/div><\/article><article class=\"post project-odd hidden post-4629 type-post status-publish format-standard has-post-thumbnail hentry category-protection-of-habitats category-protection-of-species pmpro-has-access category-31 category-30 description-off\" data-name=\"First seedlings of native tree species are already growing in the biologic station of NLC\" data-date=\"2016-03-21T07:41:33+01:00\">\n\n<div class=\"post-thumbnail-wrap\">\n\t<div class=\"post-thumbnail\">\n\n\t\t\n\t\t\n\t\t<a href=\"https:\/\/broz.sk\/en\/prve-sadenice-povodnych-druhov-stromov-uz-rastu-v-terennej-stanici-nlc\/\" class=\"post-thumbnail-rollover layzr-bg layzr-bg\" ><img decoding=\"async\" class=\"blog-thumb-lazy-load preload-me lazy-load aspect\" src=\"data:image\/svg+xml,%3Csvg%20xmlns%3D&#39;http%3A%2F%2Fwww.w3.org%2F2000%2Fsvg&#39;%20viewBox%3D&#39;0%200%20360%20270&#39;%2F%3E\" data-src=\"https:\/\/broz.sk\/wp-content\/uploads\/2017\/05\/misia_EK02-360x270.jpg\" data-srcset=\"https:\/\/broz.sk\/wp-content\/uploads\/2017\/05\/misia_EK02-360x270.jpg 360w, https:\/\/broz.sk\/wp-content\/uploads\/2017\/05\/misia_EK02-360x269.jpg 360w\" loading=\"eager\" style=\"--ratio: 360 \/ 270\" sizes=\"(max-width: 360px) 100vw, 360px\" alt=\"\" title=\"misia_EK02\" width=\"360\" height=\"270\"  \/><\/a>\n\t<\/div>\n<\/div>\n\n\n<div class=\"post-entry-content\">\n\n\t<h3 class=\"entry-title\">\n\t\t<a href=\"https:\/\/broz.sk\/en\/prve-sadenice-povodnych-druhov-stromov-uz-rastu-v-terennej-stanici-nlc\/\" title=\"First seedlings of native tree species are already growing in the biologic station of NLC\" rel=\"bookmark\">First seedlings of native tree species are already growing in the biologic station of NLC<\/a>\n\t<\/h3>\n\n\t<div class=\"entry-meta\"><a href=\"https:\/\/broz.sk\/en\/2016\/03\/21\/\" title=\"7:41\" class=\"data-link\" rel=\"bookmark\"><time class=\"entry-date updated\" datetime=\"2016-03-21T07:41:33+01:00\">21. March 2016<\/time><\/a><\/div>\n\t<div class=\"entry-excerpt\"><p>First seedlings of native tree species for the Danube floodplain forests, prepared for the project purpose, are already growing in a field station of the National Forestry Centre (NLC) in Gabcikovo since the spring of 2016. Workers have started to plant seedlings of trees, native to the Danube floodplains for the first time this spring&hellip;<\/p>\n<\/div>\n\t\n<a href=\"https:\/\/broz.sk\/en\/prve-sadenice-povodnych-druhov-stromov-uz-rastu-v-terennej-stanici-nlc\/\" class=\"post-details details-type-link\" aria-label=\"Read more about First seedlings of native tree species are already growing in the biologic station of NLC\">Read more<i class=\"dt-icon-the7-arrow-03\" aria-hidden=\"true\"><\/i><\/a>\n\n<\/div><\/article><article class=\"post project-odd hidden post-5497 type-post status-publish format-standard has-post-thumbnail hentry category-uncategorized tag-life-en pmpro-has-access category-22 description-off\" data-name=\"Weekend workshop of pollard willow management\" data-date=\"2016-03-10T00:00:00+01:00\">\n\n<div class=\"post-thumbnail-wrap\">\n\t<div class=\"post-thumbnail\">\n\n\t\t\n\t\t\n\t\t<a href=\"https:\/\/broz.sk\/en\/vikendovka-venovana-hlavovym-vrbam-je-za-nami-2\/\" class=\"post-thumbnail-rollover layzr-bg layzr-bg\" ><img decoding=\"async\" class=\"blog-thumb-lazy-load preload-me lazy-load aspect\" src=\"data:image\/svg+xml,%3Csvg%20xmlns%3D&#39;http%3A%2F%2Fwww.w3.org%2F2000%2Fsvg&#39;%20viewBox%3D&#39;0%200%20667%20500&#39;%2F%3E\" data-src=\"https:\/\/broz.sk\/wp-content\/uploads\/2016\/03\/hlvrby-667x500.jpg\" data-srcset=\"https:\/\/broz.sk\/wp-content\/uploads\/2016\/03\/hlvrby-667x500.jpg 667w, https:\/\/broz.sk\/wp-content\/uploads\/2016\/03\/hlvrby-667x499.jpg 667w\" loading=\"eager\" style=\"--ratio: 667 \/ 500\" sizes=\"(max-width: 667px) 100vw, 667px\" alt=\"\" title=\"hlvrby\" width=\"667\" height=\"500\"  \/><\/a>\n\t<\/div>\n<\/div>\n\n\n<div class=\"post-entry-content\">\n\n\t<h3 class=\"entry-title\">\n\t\t<a href=\"https:\/\/broz.sk\/en\/vikendovka-venovana-hlavovym-vrbam-je-za-nami-2\/\" title=\"Weekend workshop of pollard willow management\" rel=\"bookmark\">Weekend workshop of pollard willow management<\/a>\n\t<\/h3>\n\n\t<div class=\"entry-meta\"><a href=\"https:\/\/broz.sk\/en\/2016\/03\/10\/\" title=\"0:00\" class=\"data-link\" rel=\"bookmark\"><time class=\"entry-date updated\" datetime=\"2016-03-10T00:00:00+01:00\">10. March 2016<\/time><\/a><\/div>\n\t<div class=\"entry-excerpt\"><p>In the last weekend of February we organized the 3rd workshop dedicated to pollard willow managent at SEV Dropie. The willows were traditionally coppiced for wood or crafts and coppicing is necessary for the tree\u00b4s wellbeing. The willow acts as a refuge for a number of insect species and privides shelter for roosting bats and&hellip;<\/p>\n<\/div>\n\t\n<a href=\"https:\/\/broz.sk\/en\/vikendovka-venovana-hlavovym-vrbam-je-za-nami-2\/\" class=\"post-details details-type-link\" aria-label=\"Read more about Weekend workshop of pollard willow management\">Read more<i class=\"dt-icon-the7-arrow-03\" aria-hidden=\"true\"><\/i><\/a>\n\n<\/div><\/article><article class=\"post project-odd hidden post-5967 type-post status-publish format-standard has-post-thumbnail hentry category-protection-of-habitats category-protection-of-species pmpro-has-access category-31 category-30 description-off\" data-name=\"The water is life &#8211; living river side-arms\" data-date=\"2016-02-12T16:50:19+01:00\">\n\n<div class=\"post-thumbnail-wrap\">\n\t<div class=\"post-thumbnail\">\n\n\t\t\n\t\t\n\t\t<a href=\"https:\/\/broz.sk\/en\/voda-je-zivot-zive-mrtve-ramena-2\/\" class=\"post-thumbnail-rollover layzr-bg layzr-bg\" ><img decoding=\"async\" class=\"blog-thumb-lazy-load preload-me lazy-load aspect\" src=\"data:image\/svg+xml,%3Csvg%20xmlns%3D&#39;http%3A%2F%2Fwww.w3.org%2F2000%2Fsvg&#39;%20viewBox%3D&#39;0%200%20768%20576&#39;%2F%3E\" data-src=\"https:\/\/broz.sk\/wp-content\/uploads\/2018\/10\/45-768x576.jpg\" data-srcset=\"https:\/\/broz.sk\/wp-content\/uploads\/2018\/10\/45-768x576.jpg 768w, https:\/\/broz.sk\/wp-content\/uploads\/2018\/10\/45-1000x749.jpg 1000w\" loading=\"eager\" style=\"--ratio: 768 \/ 576\" sizes=\"(max-width: 768px) 100vw, 768px\" alt=\"\" title=\"45\" width=\"768\" height=\"576\"  \/><\/a>\n\t<\/div>\n<\/div>\n\n\n<div class=\"post-entry-content\">\n\n\t<h3 class=\"entry-title\">\n\t\t<a href=\"https:\/\/broz.sk\/en\/voda-je-zivot-zive-mrtve-ramena-2\/\" title=\"The water is life &#8211; living river side-arms\" rel=\"bookmark\">The water is life &#8211; living river side-arms<\/a>\n\t<\/h3>\n\n\t<div class=\"entry-meta\"><a href=\"https:\/\/broz.sk\/en\/2016\/02\/12\/\" title=\"16:50\" class=\"data-link\" rel=\"bookmark\"><time class=\"entry-date updated\" datetime=\"2016-02-12T16:50:19+01:00\">12. February 2016<\/time><\/a><\/div>\n\t<div class=\"entry-excerpt\"><p>In Slovak daily paper, which is called Pravda, was published the article about the importance of wetlands. In the article were presented restorations of Danube river branches, which were realized within the projects of Regional Association for Nature Conservation and Sustainable development (BROZ). And in article was published the planned restoration of Karlovesk\u00e9 rameno river&hellip;<\/p>\n<\/div>\n\t\n<a href=\"https:\/\/broz.sk\/en\/voda-je-zivot-zive-mrtve-ramena-2\/\" class=\"post-details details-type-link\" aria-label=\"Read more about The water is life &#8211; living river side-arms\">Read more<i class=\"dt-icon-the7-arrow-03\" aria-hidden=\"true\"><\/i><\/a>\n\n<\/div><\/article><article class=\"post project-odd hidden post-6414 type-post status-publish format-standard has-post-thumbnail hentry category-0-en pmpro-has-access category-43 description-off\" data-name=\"VIDEO from travelling interactive exhibition\" data-date=\"2016-01-28T10:02:57+01:00\">\n\n<div class=\"post-thumbnail-wrap\">\n\t<div class=\"post-thumbnail\">\n\n\t\t\n\t\t\n\t\t<a href=\"https:\/\/broz.sk\/en\/video-from-travelling-interactive-exhibition\/\" class=\"post-thumbnail-rollover layzr-bg layzr-bg\" ><img decoding=\"async\" class=\"blog-thumb-lazy-load preload-me lazy-load aspect\" src=\"data:image\/svg+xml,%3Csvg%20xmlns%3D&#39;http%3A%2F%2Fwww.w3.org%2F2000%2Fsvg&#39;%20viewBox%3D&#39;0%200%20558%20419&#39;%2F%3E\" data-src=\"https:\/\/broz.sk\/wp-content\/uploads\/2018\/11\/bSf-558x419.jpg\" data-srcset=\"https:\/\/broz.sk\/wp-content\/uploads\/2018\/11\/bSf-558x419.jpg 558w, https:\/\/broz.sk\/wp-content\/uploads\/2018\/11\/bSf-558x418.jpg 558w\" loading=\"eager\" style=\"--ratio: 558 \/ 419\" sizes=\"(max-width: 558px) 100vw, 558px\" alt=\"\" title=\"bSf\" width=\"558\" height=\"419\"  \/><\/a>\n\t<\/div>\n<\/div>\n\n\n<div class=\"post-entry-content\">\n\n\t<h3 class=\"entry-title\">\n\t\t<a href=\"https:\/\/broz.sk\/en\/video-from-travelling-interactive-exhibition\/\" title=\"VIDEO from travelling interactive exhibition\" rel=\"bookmark\">VIDEO from travelling interactive exhibition<\/a>\n\t<\/h3>\n\n\t<div class=\"entry-meta\"><a href=\"https:\/\/broz.sk\/en\/2016\/01\/28\/\" title=\"10:02\" class=\"data-link\" rel=\"bookmark\"><time class=\"entry-date updated\" datetime=\"2016-01-28T10:02:57+01:00\">28. January 2016<\/time><\/a><\/div>\n\t<div class=\"entry-excerpt\"><p>Pozrite si video z putovnej interakt\u00edvnej v\u00fdstavy Kolm\u00fd rie\u010dny breh\u00a0o \u017eivote v\u010del\u00e1rika zlat\u00e9ho, ryb\u00e1rika rie\u010dneho a brehule hnedej. &nbsp;<\/p>\n<\/div>\n\t\n<a href=\"https:\/\/broz.sk\/en\/video-from-travelling-interactive-exhibition\/\" class=\"post-details details-type-link\" aria-label=\"Read more about VIDEO from travelling interactive exhibition\">Read more<i class=\"dt-icon-the7-arrow-03\" aria-hidden=\"true\"><\/i><\/a>\n\n<\/div><\/article><article class=\"post project-odd hidden post-6404 type-post status-publish format-standard has-post-thumbnail hentry category-0-en tag-life-en pmpro-has-access category-43 description-off\" data-name=\"New interactive exhibition for schools\" data-date=\"2016-01-26T16:55:50+01:00\">\n\n<div class=\"post-thumbnail-wrap\">\n\t<div class=\"post-thumbnail\">\n\n\t\t\n\t\t\n\t\t<a href=\"https:\/\/broz.sk\/en\/putovna-interaktivna-vystava-pre-skoly\/\" class=\"post-thumbnail-rollover layzr-bg layzr-bg\" ><img decoding=\"async\" class=\"blog-thumb-lazy-load preload-me lazy-load aspect\" src=\"data:image\/svg+xml,%3Csvg%20xmlns%3D&#39;http%3A%2F%2Fwww.w3.org%2F2000%2Fsvg&#39;%20viewBox%3D&#39;0%200%20768%20576&#39;%2F%3E\" data-src=\"https:\/\/broz.sk\/wp-content\/uploads\/2018\/01\/dropie-768x576.jpg\" data-srcset=\"https:\/\/broz.sk\/wp-content\/uploads\/2018\/01\/dropie-768x576.jpg 768w, https:\/\/broz.sk\/wp-content\/uploads\/2018\/01\/dropie-1000x749.jpg 1000w\" loading=\"eager\" style=\"--ratio: 768 \/ 576\" sizes=\"(max-width: 768px) 100vw, 768px\" alt=\"\" title=\"dropie\" width=\"768\" height=\"576\"  \/><\/a>\n\t<\/div>\n<\/div>\n\n\n<div class=\"post-entry-content\">\n\n\t<h3 class=\"entry-title\">\n\t\t<a href=\"https:\/\/broz.sk\/en\/putovna-interaktivna-vystava-pre-skoly\/\" title=\"New interactive exhibition for schools\" rel=\"bookmark\">New interactive exhibition for schools<\/a>\n\t<\/h3>\n\n\t<div class=\"entry-meta\"><a href=\"https:\/\/broz.sk\/en\/2016\/01\/26\/\" title=\"16:55\" class=\"data-link\" rel=\"bookmark\"><time class=\"entry-date updated\" datetime=\"2016-01-26T16:55:50+01:00\">26. January 2016<\/time><\/a><\/div>\n\t<div class=\"entry-excerpt\"><p>The interactive exhibition for schools about life of Sand Martin, Kingfisher and European Bee-eater is available these days at courthouse D\u00fabravka-Bratislava till 4.3. &#8211; from Monday to Saturday &#8211; 16:00 &#8211; 19:00 and on Sunday from 10:00 to 13:00. In case you are interested to visit our exhibition as school class (also provided in English),&hellip;<\/p>\n<\/div>\n\t\n<a href=\"https:\/\/broz.sk\/en\/putovna-interaktivna-vystava-pre-skoly\/\" class=\"post-details details-type-link\" aria-label=\"Read more about New interactive exhibition for schools\">Read more<i class=\"dt-icon-the7-arrow-03\" aria-hidden=\"true\"><\/i><\/a>\n\n<\/div><\/article><article class=\"post project-odd hidden post-5965 type-post status-publish format-standard has-post-thumbnail hentry category-0-en pmpro-has-access category-43 description-off\" data-name=\"Opening of educational trail at Devinska Kobyla\" data-date=\"2015-10-30T16:46:39+01:00\">\n\n<div class=\"post-thumbnail-wrap\">\n\t<div class=\"post-thumbnail\">\n\n\t\t\n\t\t\n\t\t<a href=\"https:\/\/broz.sk\/en\/otvorenie-naucneho-arealu-na-devinskej-kobyle-2\/\" class=\"post-thumbnail-rollover layzr-bg layzr-bg\" ><img decoding=\"async\" class=\"blog-thumb-lazy-load preload-me lazy-load aspect\" src=\"data:image\/svg+xml,%3Csvg%20xmlns%3D&#39;http%3A%2F%2Fwww.w3.org%2F2000%2Fsvg&#39;%20viewBox%3D&#39;0%200%20320%20240&#39;%2F%3E\" data-src=\"https:\/\/broz.sk\/wp-content\/uploads\/2018\/10\/44-320x240.jpg\" data-srcset=\"https:\/\/broz.sk\/wp-content\/uploads\/2018\/10\/44-320x240.jpg 320w, https:\/\/broz.sk\/wp-content\/uploads\/2018\/10\/44-320x239.jpg 320w\" loading=\"eager\" style=\"--ratio: 320 \/ 240\" sizes=\"(max-width: 320px) 100vw, 320px\" alt=\"\" title=\"44\" width=\"320\" height=\"240\"  \/><\/a>\n\t<\/div>\n<\/div>\n\n\n<div class=\"post-entry-content\">\n\n\t<h3 class=\"entry-title\">\n\t\t<a href=\"https:\/\/broz.sk\/en\/otvorenie-naucneho-arealu-na-devinskej-kobyle-2\/\" title=\"Opening of educational trail at Devinska Kobyla\" rel=\"bookmark\">Opening of educational trail at Devinska Kobyla<\/a>\n\t<\/h3>\n\n\t<div class=\"entry-meta\"><a href=\"https:\/\/broz.sk\/en\/2015\/10\/30\/\" title=\"16:46\" class=\"data-link\" rel=\"bookmark\"><time class=\"entry-date updated\" datetime=\"2015-10-30T16:46:39+01:00\">30. October 2015<\/time><\/a><\/div>\n\t<div class=\"entry-excerpt\"><p>On Wednesday 30.9.2015, was opened interactive educational trail at Dev\u00ednska Kobyla Nature Reserve in the vicinity of Bratislava. This reserve with its rare steppe fauna and flora belongs to the most unique and most visited nature treasures of the capital. Nature trail will help to raise public awareness and get support to maintain the valuable&hellip;<\/p>\n<\/div>\n\t\n<a href=\"https:\/\/broz.sk\/en\/otvorenie-naucneho-arealu-na-devinskej-kobyle-2\/\" class=\"post-details details-type-link\" aria-label=\"Read more about Opening of educational trail at Devinska Kobyla\">Read more<i class=\"dt-icon-the7-arrow-03\" aria-hidden=\"true\"><\/i><\/a>\n\n<\/div><\/article><article class=\"post project-odd hidden post-5963 type-post status-publish format-standard has-post-thumbnail hentry category-protection-of-habitats category-protection-of-species pmpro-has-access category-31 category-30 description-off\" data-name=\"Grazing at new locality in NNR Dev\u00ednska Kobyla\" data-date=\"2015-09-23T16:44:17+02:00\">\n\n<div class=\"post-thumbnail-wrap\">\n\t<div class=\"post-thumbnail\">\n\n\t\t\n\t\t\n\t\t<a href=\"https:\/\/broz.sk\/en\/zaciatok-pastvy-v-geologickom-muzeu-2\/\" class=\"post-thumbnail-rollover layzr-bg layzr-bg\" ><img decoding=\"async\" class=\"blog-thumb-lazy-load preload-me lazy-load aspect\" src=\"data:image\/svg+xml,%3Csvg%20xmlns%3D&#39;http%3A%2F%2Fwww.w3.org%2F2000%2Fsvg&#39;%20viewBox%3D&#39;0%200%20750%20563&#39;%2F%3E\" data-src=\"https:\/\/broz.sk\/wp-content\/uploads\/2018\/10\/43-750x563.jpg\" data-srcset=\"https:\/\/broz.sk\/wp-content\/uploads\/2018\/10\/43-750x563.jpg 750w, https:\/\/broz.sk\/wp-content\/uploads\/2018\/10\/43-751x563.jpg 751w\" loading=\"eager\" style=\"--ratio: 750 \/ 563\" sizes=\"(max-width: 750px) 100vw, 750px\" alt=\"\" title=\"43\" width=\"750\" height=\"563\"  \/><\/a>\n\t<\/div>\n<\/div>\n\n\n<div class=\"post-entry-content\">\n\n\t<h3 class=\"entry-title\">\n\t\t<a href=\"https:\/\/broz.sk\/en\/zaciatok-pastvy-v-geologickom-muzeu-2\/\" title=\"Grazing at new locality in NNR Dev\u00ednska Kobyla\" rel=\"bookmark\">Grazing at new locality in NNR Dev\u00ednska Kobyla<\/a>\n\t<\/h3>\n\n\t<div class=\"entry-meta\"><a href=\"https:\/\/broz.sk\/en\/2015\/09\/23\/\" title=\"16:44\" class=\"data-link\" rel=\"bookmark\"><time class=\"entry-date updated\" datetime=\"2015-09-23T16:44:17+02:00\">23. September 2015<\/time><\/a><\/div>\n\t<div class=\"entry-excerpt\"><p>From the spring 2015 new grazing locality within project NaturaBA has been prepared for restoration of biotops in surroundings &#8211; \u00a0volunteers cleaned the area, collected litter and these days you can find around 20 animals grazing at protected meadows nearby.<\/p>\n<\/div>\n\t\n<a href=\"https:\/\/broz.sk\/en\/zaciatok-pastvy-v-geologickom-muzeu-2\/\" class=\"post-details details-type-link\" aria-label=\"Read more about Grazing at new locality in NNR Dev\u00ednska Kobyla\">Read more<i class=\"dt-icon-the7-arrow-03\" aria-hidden=\"true\"><\/i><\/a>\n\n<\/div><\/article><article class=\"post project-odd hidden post-5961 type-post status-publish format-standard has-post-thumbnail hentry category-uncategorized pmpro-has-access category-22 description-off\" data-name=\"Day with volunteers at Devinske rameno side arm\" data-date=\"2015-09-11T16:42:44+02:00\">\n\n<div class=\"post-thumbnail-wrap\">\n\t<div class=\"post-thumbnail\">\n\n\t\t\n\t\t\n\t\t<a href=\"https:\/\/broz.sk\/en\/cistenie-devinskeho-ramena-2\/\" class=\"post-thumbnail-rollover layzr-bg layzr-bg\" ><img decoding=\"async\" class=\"blog-thumb-lazy-load preload-me lazy-load aspect\" src=\"data:image\/svg+xml,%3Csvg%20xmlns%3D&#39;http%3A%2F%2Fwww.w3.org%2F2000%2Fsvg&#39;%20viewBox%3D&#39;0%200%20768%20576&#39;%2F%3E\" data-src=\"https:\/\/broz.sk\/wp-content\/uploads\/2018\/10\/40-768x576.jpg\" data-srcset=\"https:\/\/broz.sk\/wp-content\/uploads\/2018\/10\/40-768x576.jpg 768w, https:\/\/broz.sk\/wp-content\/uploads\/2018\/10\/40-889x667.jpg 889w\" loading=\"eager\" style=\"--ratio: 768 \/ 576\" sizes=\"(max-width: 768px) 100vw, 768px\" alt=\"\" title=\"40\" width=\"768\" height=\"576\"  \/><\/a>\n\t<\/div>\n<\/div>\n\n\n<div class=\"post-entry-content\">\n\n\t<h3 class=\"entry-title\">\n\t\t<a href=\"https:\/\/broz.sk\/en\/cistenie-devinskeho-ramena-2\/\" title=\"Day with volunteers at Devinske rameno side arm\" rel=\"bookmark\">Day with volunteers at Devinske rameno side arm<\/a>\n\t<\/h3>\n\n\t<div class=\"entry-meta\"><a href=\"https:\/\/broz.sk\/en\/2015\/09\/11\/\" title=\"16:42\" class=\"data-link\" rel=\"bookmark\"><time class=\"entry-date updated\" datetime=\"2015-09-11T16:42:44+02:00\">11. September 2015<\/time><\/a><\/div>\n\t<div class=\"entry-excerpt\"><p>On Friday 11th September BROZ with volunteers took part at cleaning of Devinske rameno side arm &#8211; at outflow part. Several bags with rubbish have been removed from site and also an intresting lecture about this protected area from employees from State Nature Conservancy has been realised. Thank you for your help!<\/p>\n<\/div>\n\t\n<a href=\"https:\/\/broz.sk\/en\/cistenie-devinskeho-ramena-2\/\" class=\"post-details details-type-link\" aria-label=\"Read more about Day with volunteers at Devinske rameno side arm\">Read more<i class=\"dt-icon-the7-arrow-03\" aria-hidden=\"true\"><\/i><\/a>\n\n<\/div><\/article><article class=\"post project-odd hidden post-5490 type-post status-publish format-standard has-post-thumbnail hentry category-uncategorized tag-life-en pmpro-has-access category-22 description-off\" data-name=\"Summer at SEV Dropie\" data-date=\"2015-08-28T00:00:00+02:00\">\n\n<div class=\"post-thumbnail-wrap\">\n\t<div class=\"post-thumbnail\">\n\n\t\t\n\t\t\n\t\t<a href=\"https:\/\/broz.sk\/en\/leto-v-stredisku-environmentalnej-vychovy-dropie-2\/\" class=\"post-thumbnail-rollover layzr-bg layzr-bg\" ><img decoding=\"async\" class=\"blog-thumb-lazy-load preload-me lazy-load aspect\" src=\"data:image\/svg+xml,%3Csvg%20xmlns%3D&#39;http%3A%2F%2Fwww.w3.org%2F2000%2Fsvg&#39;%20viewBox%3D&#39;0%200%20768%20576&#39;%2F%3E\" data-src=\"https:\/\/broz.sk\/wp-content\/uploads\/2015\/08\/leto-768x576.jpg\" data-srcset=\"https:\/\/broz.sk\/wp-content\/uploads\/2015\/08\/leto-768x576.jpg 768w, https:\/\/broz.sk\/wp-content\/uploads\/2015\/08\/leto-888x666.jpg 888w\" loading=\"eager\" style=\"--ratio: 768 \/ 576\" sizes=\"(max-width: 768px) 100vw, 768px\" alt=\"\" title=\"leto\" width=\"768\" height=\"576\"  \/><\/a>\n\t<\/div>\n<\/div>\n\n\n<div class=\"post-entry-content\">\n\n\t<h3 class=\"entry-title\">\n\t\t<a href=\"https:\/\/broz.sk\/en\/leto-v-stredisku-environmentalnej-vychovy-dropie-2\/\" title=\"Summer at SEV Dropie\" rel=\"bookmark\">Summer at SEV Dropie<\/a>\n\t<\/h3>\n\n\t<div class=\"entry-meta\"><a href=\"https:\/\/broz.sk\/en\/2015\/08\/28\/\" title=\"0:00\" class=\"data-link\" rel=\"bookmark\"><time class=\"entry-date updated\" datetime=\"2015-08-28T00:00:00+02:00\">28. August 2015<\/time><\/a><\/div>\n\t<div class=\"entry-excerpt\"><p>Summer months are not just about school holidays and time at the beach. At our centre for environmental education Dropie we had been busy with a number of excursions from kindergardens, elementary schools and summer camps. Through an interactive and playful way, the children learned about the beauty and value of the Rye Island, the&hellip;<\/p>\n<\/div>\n\t\n<a href=\"https:\/\/broz.sk\/en\/leto-v-stredisku-environmentalnej-vychovy-dropie-2\/\" class=\"post-details details-type-link\" aria-label=\"Read more about Summer at SEV Dropie\">Read more<i class=\"dt-icon-the7-arrow-03\" aria-hidden=\"true\"><\/i><\/a>\n\n<\/div><\/article><article class=\"post project-odd hidden post-5959 type-post status-publish format-standard has-post-thumbnail hentry pmpro-has-access description-off\" data-name=\"Short amateur project movie about revitalisation of Devinske river branch\" data-date=\"2015-08-11T00:00:00+02:00\">\n\n<div class=\"post-thumbnail-wrap\">\n\t<div class=\"post-thumbnail\">\n\n\t\t\n\t\t\n\t\t<a href=\"https:\/\/broz.sk\/en\/sprietocnenie-devinskeho-ramena-kratke-dokumentacne-video\/\" class=\"post-thumbnail-rollover layzr-bg layzr-bg\" ><img decoding=\"async\" class=\"blog-thumb-lazy-load preload-me lazy-load aspect\" src=\"data:image\/svg+xml,%3Csvg%20xmlns%3D&#39;http%3A%2F%2Fwww.w3.org%2F2000%2Fsvg&#39;%20viewBox%3D&#39;0%200%20768%20576&#39;%2F%3E\" data-src=\"https:\/\/broz.sk\/wp-content\/uploads\/2017\/02\/dr2-768x576.jpg\" data-srcset=\"https:\/\/broz.sk\/wp-content\/uploads\/2017\/02\/dr2-768x576.jpg 768w, https:\/\/broz.sk\/wp-content\/uploads\/2017\/02\/dr2-888x666.jpg 888w\" loading=\"eager\" style=\"--ratio: 768 \/ 576\" sizes=\"(max-width: 768px) 100vw, 768px\" alt=\"\" title=\"dr2\" width=\"768\" height=\"576\"  \/><\/a>\n\t<\/div>\n<\/div>\n\n\n<div class=\"post-entry-content\">\n\n\t<h3 class=\"entry-title\">\n\t\t<a href=\"https:\/\/broz.sk\/en\/sprietocnenie-devinskeho-ramena-kratke-dokumentacne-video\/\" title=\"Short amateur project movie about revitalisation of Devinske river branch\" rel=\"bookmark\">Short amateur project movie about revitalisation of Devinske river branch<\/a>\n\t<\/h3>\n\n\t<div class=\"entry-meta\"><a href=\"https:\/\/broz.sk\/en\/2015\/08\/11\/\" title=\"0:00\" class=\"data-link\" rel=\"bookmark\"><time class=\"entry-date updated\" datetime=\"2015-08-11T00:00:00+02:00\">11. August 2015<\/time><\/a><\/div>\n\t<div class=\"entry-excerpt\"><p>Watch the movie.<\/p>\n<\/div>\n\t\n<a href=\"https:\/\/broz.sk\/en\/sprietocnenie-devinskeho-ramena-kratke-dokumentacne-video\/\" class=\"post-details details-type-link\" aria-label=\"Read more about Short amateur project movie about revitalisation of Devinske river branch\">Read more<i class=\"dt-icon-the7-arrow-03\" aria-hidden=\"true\"><\/i><\/a>\n\n<\/div><\/article><article class=\"post project-odd hidden post-5957 type-post status-publish format-standard has-post-thumbnail hentry category-uncategorized pmpro-has-access category-22 description-off\" data-name=\"Volunteer event in the Nature reservation Dev\u00ednska Kobyla\" data-date=\"2015-05-06T16:37:53+02:00\">\n\n<div class=\"post-thumbnail-wrap\">\n\t<div class=\"post-thumbnail\">\n\n\t\t\n\t\t\n\t\t<a href=\"https:\/\/broz.sk\/en\/dobrovolnicka-akcia-v-npr-devinska-kobyla-2\/\" class=\"post-thumbnail-rollover layzr-bg layzr-bg\" ><img decoding=\"async\" class=\"blog-thumb-lazy-load preload-me lazy-load aspect\" src=\"data:image\/svg+xml,%3Csvg%20xmlns%3D&#39;http%3A%2F%2Fwww.w3.org%2F2000%2Fsvg&#39;%20viewBox%3D&#39;0%200%20768%20576&#39;%2F%3E\" data-src=\"https:\/\/broz.sk\/wp-content\/uploads\/2018\/10\/40-768x576.jpg\" data-srcset=\"https:\/\/broz.sk\/wp-content\/uploads\/2018\/10\/40-768x576.jpg 768w, https:\/\/broz.sk\/wp-content\/uploads\/2018\/10\/40-889x667.jpg 889w\" loading=\"eager\" style=\"--ratio: 768 \/ 576\" sizes=\"(max-width: 768px) 100vw, 768px\" alt=\"\" title=\"40\" width=\"768\" height=\"576\"  \/><\/a>\n\t<\/div>\n<\/div>\n\n\n<div class=\"post-entry-content\">\n\n\t<h3 class=\"entry-title\">\n\t\t<a href=\"https:\/\/broz.sk\/en\/dobrovolnicka-akcia-v-npr-devinska-kobyla-2\/\" title=\"Volunteer event in the Nature reservation Dev\u00ednska Kobyla\" rel=\"bookmark\">Volunteer event in the Nature reservation Dev\u00ednska Kobyla<\/a>\n\t<\/h3>\n\n\t<div class=\"entry-meta\"><a href=\"https:\/\/broz.sk\/en\/2015\/05\/06\/\" title=\"16:37\" class=\"data-link\" rel=\"bookmark\"><time class=\"entry-date updated\" datetime=\"2015-05-06T16:37:53+02:00\">6. May 2015<\/time><\/a><\/div>\n\t<div class=\"entry-excerpt\"><p>Regional Association for Nature Conservation and Sustainable development (BROZ) on the occasion of World day of European network of protected areas of Natura 2000 organized volunteer event in Geological museum, which is project area in Nature reservation Dev\u00ednska Kobyla. Broz in cooperation with civic association Space and sculpture and non-profit organization Barbora planned restoration of&hellip;<\/p>\n<\/div>\n\t\n<a href=\"https:\/\/broz.sk\/en\/dobrovolnicka-akcia-v-npr-devinska-kobyla-2\/\" class=\"post-details details-type-link\" aria-label=\"Read more about Volunteer event in the Nature reservation Dev\u00ednska Kobyla\">Read more<i class=\"dt-icon-the7-arrow-03\" aria-hidden=\"true\"><\/i><\/a>\n\n<\/div><\/article><article class=\"post project-odd hidden post-5480 type-post status-publish format-standard has-post-thumbnail hentry category-uncategorized tag-life-en pmpro-has-access category-22 description-off\" data-name=\"International day of forests at Z\u0160 Zemianska Ol\u010da\" data-date=\"2015-03-27T00:00:00+01:00\">\n\n<div class=\"post-thumbnail-wrap\">\n\t<div class=\"post-thumbnail\">\n\n\t\t\n\t\t\n\t\t<a href=\"https:\/\/broz.sk\/en\/medzinarodny-den-lesov-na-zs-zemianska-olca-2\/\" class=\"post-thumbnail-rollover layzr-bg layzr-bg\" ><img decoding=\"async\" class=\"blog-thumb-lazy-load preload-me lazy-load aspect\" src=\"data:image\/svg+xml,%3Csvg%20xmlns%3D&#39;http%3A%2F%2Fwww.w3.org%2F2000%2Fsvg&#39;%20viewBox%3D&#39;0%200%20768%20576&#39;%2F%3E\" data-src=\"https:\/\/broz.sk\/wp-content\/uploads\/2015\/03\/denstrom-768x576.jpg\" data-srcset=\"https:\/\/broz.sk\/wp-content\/uploads\/2015\/03\/denstrom-768x576.jpg 768w, https:\/\/broz.sk\/wp-content\/uploads\/2015\/03\/denstrom.jpg 1000w\" loading=\"eager\" style=\"--ratio: 768 \/ 576\" sizes=\"(max-width: 768px) 100vw, 768px\" alt=\"\" title=\"denstrom\" width=\"768\" height=\"576\"  \/><\/a>\n\t<\/div>\n<\/div>\n\n\n<div class=\"post-entry-content\">\n\n\t<h3 class=\"entry-title\">\n\t\t<a href=\"https:\/\/broz.sk\/en\/medzinarodny-den-lesov-na-zs-zemianska-olca-2\/\" title=\"International day of forests at Z\u0160 Zemianska Ol\u010da\" rel=\"bookmark\">International day of forests at Z\u0160 Zemianska Ol\u010da<\/a>\n\t<\/h3>\n\n\t<div class=\"entry-meta\"><a href=\"https:\/\/broz.sk\/en\/2015\/03\/27\/\" title=\"0:00\" class=\"data-link\" rel=\"bookmark\"><time class=\"entry-date updated\" datetime=\"2015-03-27T00:00:00+01:00\">27. March 2015<\/time><\/a><\/div>\n\t<div class=\"entry-excerpt\"><p>On 27.3.2015 we had opened Dropie for everyone. Due to bad weather conditions, however, we held the programme at the elementary school in Zemianska Ol\u010da. Together we the pupils we learner how to ID different tree species, and we spoke about the importance of trees for different bird species. The programme was attended by all&hellip;<\/p>\n<\/div>\n\t\n<a href=\"https:\/\/broz.sk\/en\/medzinarodny-den-lesov-na-zs-zemianska-olca-2\/\" class=\"post-details details-type-link\" aria-label=\"Read more about International day of forests at Z\u0160 Zemianska Ol\u010da\">Read more<i class=\"dt-icon-the7-arrow-03\" aria-hidden=\"true\"><\/i><\/a>\n\n<\/div><\/article><article class=\"post project-odd hidden post-5956 type-post status-publish format-standard has-post-thumbnail hentry category-protection-of-habitats category-protection-of-species pmpro-has-access category-31 category-30 description-off\" data-name=\"The story of Dev\u00ednske rameno river branch\" data-date=\"2015-03-24T16:25:46+01:00\">\n\n<div class=\"post-thumbnail-wrap\">\n\t<div class=\"post-thumbnail\">\n\n\t\t\n\t\t\n\t\t<a href=\"https:\/\/broz.sk\/en\/tlacova-konferencia-pri-prilezitosti-sprietocnenia-devinskeho-ramena-2\/\" class=\"post-thumbnail-rollover layzr-bg layzr-bg\" ><img decoding=\"async\" class=\"blog-thumb-lazy-load preload-me lazy-load aspect\" src=\"data:image\/svg+xml,%3Csvg%20xmlns%3D&#39;http%3A%2F%2Fwww.w3.org%2F2000%2Fsvg&#39;%20viewBox%3D&#39;0%200%20709%20532&#39;%2F%3E\" data-src=\"https:\/\/broz.sk\/wp-content\/uploads\/2018\/10\/39-709x532.jpg\" data-srcset=\"https:\/\/broz.sk\/wp-content\/uploads\/2018\/10\/39-709x532.jpg 709w\" loading=\"eager\" style=\"--ratio: 709 \/ 532\" sizes=\"(max-width: 709px) 100vw, 709px\" alt=\"\" title=\"39\" width=\"709\" height=\"532\"  \/><\/a>\n\t<\/div>\n<\/div>\n\n\n<div class=\"post-entry-content\">\n\n\t<h3 class=\"entry-title\">\n\t\t<a href=\"https:\/\/broz.sk\/en\/tlacova-konferencia-pri-prilezitosti-sprietocnenia-devinskeho-ramena-2\/\" title=\"The story of Dev\u00ednske rameno river branch\" rel=\"bookmark\">The story of Dev\u00ednske rameno river branch<\/a>\n\t<\/h3>\n\n\t<div class=\"entry-meta\"><a href=\"https:\/\/broz.sk\/en\/2015\/03\/24\/\" title=\"16:25\" class=\"data-link\" rel=\"bookmark\"><time class=\"entry-date updated\" datetime=\"2015-03-24T16:25:46+01:00\">24. March 2015<\/time><\/a><\/div>\n\t<div class=\"entry-excerpt\"><p>In the past, the river transported massive amounts of gravel sediments which were deposited in the surrounding areas downstream from Dev\u00ednska br\u00e1na, eventually creating a network of meanders and river islands. One of these islands, locally known as Sedl\u00e1\u010dkov Island, can be found in this area. In contrast to other islands on the Danube, this&hellip;<\/p>\n<\/div>\n\t\n<a href=\"https:\/\/broz.sk\/en\/tlacova-konferencia-pri-prilezitosti-sprietocnenia-devinskeho-ramena-2\/\" class=\"post-details details-type-link\" aria-label=\"Read more about The story of Dev\u00ednske rameno river branch\">Read more<i class=\"dt-icon-the7-arrow-03\" aria-hidden=\"true\"><\/i><\/a>\n\n<\/div><\/article><article class=\"post project-odd hidden post-5954 type-post status-publish format-standard has-post-thumbnail hentry category-protection-of-habitats pmpro-has-access category-31 description-off\" data-name=\"Restoration of Dev\u00ednske rameno river branch\" data-date=\"2015-02-19T15:22:31+01:00\">\n\n<div class=\"post-thumbnail-wrap\">\n\t<div class=\"post-thumbnail\">\n\n\t\t\n\t\t\n\t\t<a href=\"https:\/\/broz.sk\/en\/revitalizacia-devinskeho-ramena-2\/\" class=\"post-thumbnail-rollover layzr-bg layzr-bg\" ><img decoding=\"async\" class=\"blog-thumb-lazy-load preload-me lazy-load aspect\" src=\"data:image\/svg+xml,%3Csvg%20xmlns%3D&#39;http%3A%2F%2Fwww.w3.org%2F2000%2Fsvg&#39;%20viewBox%3D&#39;0%200%20750%20562&#39;%2F%3E\" data-src=\"https:\/\/broz.sk\/wp-content\/uploads\/2018\/10\/37-750x562.jpg\" data-srcset=\"https:\/\/broz.sk\/wp-content\/uploads\/2018\/10\/37-750x562.jpg 750w\" loading=\"eager\" style=\"--ratio: 750 \/ 562\" sizes=\"(max-width: 750px) 100vw, 750px\" alt=\"\" title=\"37\" width=\"750\" height=\"562\"  \/><\/a>\n\t<\/div>\n<\/div>\n\n\n<div class=\"post-entry-content\">\n\n\t<h3 class=\"entry-title\">\n\t\t<a href=\"https:\/\/broz.sk\/en\/revitalizacia-devinskeho-ramena-2\/\" title=\"Restoration of Dev\u00ednske rameno river branch\" rel=\"bookmark\">Restoration of Dev\u00ednske rameno river branch<\/a>\n\t<\/h3>\n\n\t<div class=\"entry-meta\"><a href=\"https:\/\/broz.sk\/en\/2015\/02\/19\/\" title=\"15:22\" class=\"data-link\" rel=\"bookmark\"><time class=\"entry-date updated\" datetime=\"2015-02-19T15:22:31+01:00\">19. February 2015<\/time><\/a><\/div>\n\t<div class=\"entry-excerpt\"><p>Dev\u00ednska rameno river branch starts about kilometer from the confluence of rivers Danube and Morava. It bathes Slovansk\u00fd ostrov Island near castle Dev\u00edn. Water bathes Island only sometimes, when the level of the Danube river is high. Most of time the water in Dev\u00ednske rameno river branch is stagnant and bed is dry. Regional Association&hellip;<\/p>\n<\/div>\n\t\n<a href=\"https:\/\/broz.sk\/en\/revitalizacia-devinskeho-ramena-2\/\" class=\"post-details details-type-link\" aria-label=\"Read more about Restoration of Dev\u00ednske rameno river branch\">Read more<i class=\"dt-icon-the7-arrow-03\" aria-hidden=\"true\"><\/i><\/a>\n\n<\/div><\/article><article class=\"post project-odd hidden post-6095 type-post status-publish format-standard has-post-thumbnail hentry category-protection-of-habitats pmpro-has-access category-31 description-off\" data-name=\"World day of wetlands\" data-date=\"2015-02-02T15:18:18+01:00\">\n\n<div class=\"post-thumbnail-wrap\">\n\t<div class=\"post-thumbnail\">\n\n\t\t\n\t\t\n\t\t<a href=\"https:\/\/broz.sk\/en\/svetovy-den-mokradi-2015\/\" class=\"post-thumbnail-rollover layzr-bg layzr-bg\" ><img decoding=\"async\" class=\"blog-thumb-lazy-load preload-me lazy-load aspect\" src=\"data:image\/svg+xml,%3Csvg%20xmlns%3D&#39;http%3A%2F%2Fwww.w3.org%2F2000%2Fsvg&#39;%20viewBox%3D&#39;0%200%20768%20576&#39;%2F%3E\" data-src=\"https:\/\/broz.sk\/wp-content\/uploads\/2018\/10\/9-768x576.jpg\" data-srcset=\"https:\/\/broz.sk\/wp-content\/uploads\/2018\/10\/9-768x576.jpg 768w, https:\/\/broz.sk\/wp-content\/uploads\/2018\/10\/9-889x667.jpg 889w\" loading=\"eager\" style=\"--ratio: 768 \/ 576\" sizes=\"(max-width: 768px) 100vw, 768px\" alt=\"\" title=\"9\" width=\"768\" height=\"576\"  \/><\/a>\n\t<\/div>\n<\/div>\n\n\n<div class=\"post-entry-content\">\n\n\t<h3 class=\"entry-title\">\n\t\t<a href=\"https:\/\/broz.sk\/en\/svetovy-den-mokradi-2015\/\" title=\"World day of wetlands\" rel=\"bookmark\">World day of wetlands<\/a>\n\t<\/h3>\n\n\t<div class=\"entry-meta\"><a href=\"https:\/\/broz.sk\/en\/2015\/02\/02\/\" title=\"15:18\" class=\"data-link\" rel=\"bookmark\"><time class=\"entry-date updated\" datetime=\"2015-02-02T15:18:18+01:00\">2. February 2015<\/time><\/a><\/div>\n\t<div class=\"entry-excerpt\"><p>The motto of this year&#8217;s the World Day of wetlands lays stress on the important role, which wetlands play in our lives. The future of humanity depends on wetlands. The wetlands withholds and cleans water, offers fishes, rice and crops, which feed a milion of people of the world. Wetlands works like nature sponge, reduce&hellip;<\/p>\n<\/div>\n\t\n<a href=\"https:\/\/broz.sk\/en\/svetovy-den-mokradi-2015\/\" class=\"post-details details-type-link\" aria-label=\"Read more about World day of wetlands\">Read more<i class=\"dt-icon-the7-arrow-03\" aria-hidden=\"true\"><\/i><\/a>\n\n<\/div><\/article><article class=\"post project-odd hidden post-6089 type-post status-publish format-standard has-post-thumbnail hentry category-0-en pmpro-has-access category-43 description-off\" data-name=\"Discover the other cheek of Dev\u00ednska Kobyla\" data-date=\"2014-09-10T15:13:16+02:00\">\n\n<div class=\"post-thumbnail-wrap\">\n\t<div class=\"post-thumbnail\">\n\n\t\t\n\t\t\n\t\t<a href=\"https:\/\/broz.sk\/en\/objavte-druhu-tvar-devinskej-kobyly-2\/\" class=\"post-thumbnail-rollover layzr-bg layzr-bg\" ><img decoding=\"async\" class=\"blog-thumb-lazy-load preload-me lazy-load aspect\" src=\"data:image\/svg+xml,%3Csvg%20xmlns%3D&#39;http%3A%2F%2Fwww.w3.org%2F2000%2Fsvg&#39;%20viewBox%3D&#39;0%200%20768%20576&#39;%2F%3E\" data-src=\"https:\/\/broz.sk\/wp-content\/uploads\/2018\/10\/35-768x576.jpg\" data-srcset=\"https:\/\/broz.sk\/wp-content\/uploads\/2018\/10\/35-768x576.jpg 768w, https:\/\/broz.sk\/wp-content\/uploads\/2018\/10\/35.jpg 1000w\" loading=\"eager\" style=\"--ratio: 768 \/ 576\" sizes=\"(max-width: 768px) 100vw, 768px\" alt=\"\" title=\"35\" width=\"768\" height=\"576\"  \/><\/a>\n\t<\/div>\n<\/div>\n\n\n<div class=\"post-entry-content\">\n\n\t<h3 class=\"entry-title\">\n\t\t<a href=\"https:\/\/broz.sk\/en\/objavte-druhu-tvar-devinskej-kobyly-2\/\" title=\"Discover the other cheek of Dev\u00ednska Kobyla\" rel=\"bookmark\">Discover the other cheek of Dev\u00ednska Kobyla<\/a>\n\t<\/h3>\n\n\t<div class=\"entry-meta\"><a href=\"https:\/\/broz.sk\/en\/2014\/09\/10\/\" title=\"15:13\" class=\"data-link\" rel=\"bookmark\"><time class=\"entry-date updated\" datetime=\"2014-09-10T15:13:16+02:00\">10. September 2014<\/time><\/a><\/div>\n\t<div class=\"entry-excerpt\"><p>Elements placed along the blue marked tourist path from Sandberg to Weitov quarry present the area of Dev\u00ednska Kobyla not only as a natural treasure, but also as an important paleontological site with an extraordinary history . There are 7 newly installed educational-artistic elements to be found here, with the theme of flora and fauna&hellip;<\/p>\n<\/div>\n\t\n<a href=\"https:\/\/broz.sk\/en\/objavte-druhu-tvar-devinskej-kobyly-2\/\" class=\"post-details details-type-link\" aria-label=\"Read more about Discover the other cheek of Dev\u00ednska Kobyla\">Read more<i class=\"dt-icon-the7-arrow-03\" aria-hidden=\"true\"><\/i><\/a>\n\n<\/div><\/article><article class=\"post project-odd hidden post-6071 type-post status-publish format-standard has-post-thumbnail hentry category-0-en pmpro-has-access category-43 description-off\" data-name=\"The World Biodiversity Day in Bratislava\" data-date=\"2014-05-22T15:09:52+02:00\">\n\n<div class=\"post-thumbnail-wrap\">\n\t<div class=\"post-thumbnail\">\n\n\t\t\n\t\t\n\t\t<a href=\"https:\/\/broz.sk\/en\/svetovy-den-biodiverzity-v-bratislave-2\/\" class=\"post-thumbnail-rollover layzr-bg layzr-bg\" ><img decoding=\"async\" class=\"blog-thumb-lazy-load preload-me lazy-load aspect\" src=\"data:image\/svg+xml,%3Csvg%20xmlns%3D&#39;http%3A%2F%2Fwww.w3.org%2F2000%2Fsvg&#39;%20viewBox%3D&#39;0%200%20732%20549&#39;%2F%3E\" data-src=\"https:\/\/broz.sk\/wp-content\/uploads\/2018\/10\/34-732x549.jpg\" data-srcset=\"https:\/\/broz.sk\/wp-content\/uploads\/2018\/10\/34-732x549.jpg 732w, https:\/\/broz.sk\/wp-content\/uploads\/2018\/10\/34-732x548.jpg 732w\" loading=\"eager\" style=\"--ratio: 732 \/ 549\" sizes=\"(max-width: 732px) 100vw, 732px\" alt=\"\" title=\"34\" width=\"732\" height=\"549\"  \/><\/a>\n\t<\/div>\n<\/div>\n\n\n<div class=\"post-entry-content\">\n\n\t<h3 class=\"entry-title\">\n\t\t<a href=\"https:\/\/broz.sk\/en\/svetovy-den-biodiverzity-v-bratislave-2\/\" title=\"The World Biodiversity Day in Bratislava\" rel=\"bookmark\">The World Biodiversity Day in Bratislava<\/a>\n\t<\/h3>\n\n\t<div class=\"entry-meta\"><a href=\"https:\/\/broz.sk\/en\/2014\/05\/22\/\" title=\"15:09\" class=\"data-link\" rel=\"bookmark\"><time class=\"entry-date updated\" datetime=\"2014-05-22T15:09:52+02:00\">22. May 2014<\/time><\/a><\/div>\n\t<div class=\"entry-excerpt\"><p>22nd May is Internetion Biodiversity Day &#8211; Regional Association for Nature Conservation and Sustainable Development (BROZ) in cooperation with Slovak and international partners (CEE web for biodiversity) have prepared several interesting activities for public in National Nature Reserve Devinska Kobyla (1) and on the confluence of Danube and Morava river (2). 1. Come and visit&hellip;<\/p>\n<\/div>\n\t\n<a href=\"https:\/\/broz.sk\/en\/svetovy-den-biodiverzity-v-bratislave-2\/\" class=\"post-details details-type-link\" aria-label=\"Read more about The World Biodiversity Day in Bratislava\">Read more<i class=\"dt-icon-the7-arrow-03\" aria-hidden=\"true\"><\/i><\/a>\n\n<\/div><\/article><article class=\"post project-odd hidden post-5951 type-post status-publish format-standard has-post-thumbnail hentry category-0-en pmpro-has-access category-43 description-off\" data-name=\"Wetlands Day\" data-date=\"2014-02-02T15:06:55+01:00\">\n\n<div class=\"post-thumbnail-wrap\">\n\t<div class=\"post-thumbnail\">\n\n\t\t\n\t\t\n\t\t<a href=\"https:\/\/broz.sk\/en\/svetovy-den-mokradi-2014\/\" class=\"post-thumbnail-rollover layzr-bg layzr-bg\" ><img decoding=\"async\" class=\"blog-thumb-lazy-load preload-me lazy-load aspect\" src=\"data:image\/svg+xml,%3Csvg%20xmlns%3D&#39;http%3A%2F%2Fwww.w3.org%2F2000%2Fsvg&#39;%20viewBox%3D&#39;0%200%20280%20210&#39;%2F%3E\" data-src=\"https:\/\/broz.sk\/wp-content\/uploads\/2017\/02\/ufer-wasser-jurecek-klein-04-280x210.jpg\" data-srcset=\"https:\/\/broz.sk\/wp-content\/uploads\/2017\/02\/ufer-wasser-jurecek-klein-04-280x210.jpg 280w\" loading=\"eager\" style=\"--ratio: 280 \/ 210\" sizes=\"(max-width: 280px) 100vw, 280px\" alt=\"\" title=\"ufer-wasser-jurecek-klein-04\" width=\"280\" height=\"210\"  \/><\/a>\n\t<\/div>\n<\/div>\n\n\n<div class=\"post-entry-content\">\n\n\t<h3 class=\"entry-title\">\n\t\t<a href=\"https:\/\/broz.sk\/en\/svetovy-den-mokradi-2014\/\" title=\"Wetlands Day\" rel=\"bookmark\">Wetlands Day<\/a>\n\t<\/h3>\n\n\t<div class=\"entry-meta\"><a href=\"https:\/\/broz.sk\/en\/2014\/02\/02\/\" title=\"15:06\" class=\"data-link\" rel=\"bookmark\"><time class=\"entry-date updated\" datetime=\"2014-02-02T15:06:55+01:00\">2. February 2014<\/time><\/a><\/div>\n\t<div class=\"entry-excerpt\"><p>Each year on February 2nd we commemorate the World Day of Wetlands, habitats that are home to rare plant and animal species &#8211; many of which are already critically \u00a0endangered. In 2014 the main topic is also the relationship of wetlands and agriculture and promotion of partnership between conservationists and farmers by their protection and&hellip;<\/p>\n<\/div>\n\t\n<a href=\"https:\/\/broz.sk\/en\/svetovy-den-mokradi-2014\/\" class=\"post-details details-type-link\" aria-label=\"Read more about Wetlands Day\">Read more<i class=\"dt-icon-the7-arrow-03\" aria-hidden=\"true\"><\/i><\/a>\n\n<\/div><\/article><article class=\"post project-odd hidden post-6053 type-post status-publish format-standard has-post-thumbnail hentry pmpro-has-access description-off\" data-name=\"Restoration measures on the River Morava \u2013 a field trip and exchange of experience with the project LIFE + Lower Morava Floodplains\" data-date=\"2013-10-18T00:00:00+02:00\">\n\n<div class=\"post-thumbnail-wrap\">\n\t<div class=\"post-thumbnail\">\n\n\t\t\n\t\t\n\t\t<a href=\"https:\/\/broz.sk\/en\/revitalizacne-opatrenia-na-rieke-morava-exkurzia-a-vymena-skusenosti-s-projektom-life-lower-morava-floodplains\/\" class=\"post-thumbnail-rollover layzr-bg layzr-bg\" ><img decoding=\"async\" class=\"blog-thumb-lazy-load preload-me lazy-load aspect\" src=\"data:image\/svg+xml,%3Csvg%20xmlns%3D&#39;http%3A%2F%2Fwww.w3.org%2F2000%2Fsvg&#39;%20viewBox%3D&#39;0%200%20768%20576&#39;%2F%3E\" data-src=\"https:\/\/broz.sk\/wp-content\/uploads\/2017\/02\/img-4982-768x576.jpg\" data-srcset=\"https:\/\/broz.sk\/wp-content\/uploads\/2017\/02\/img-4982-768x576.jpg 768w, https:\/\/broz.sk\/wp-content\/uploads\/2017\/02\/img-4982-947x710.jpg 947w\" loading=\"eager\" style=\"--ratio: 768 \/ 576\" sizes=\"(max-width: 768px) 100vw, 768px\" alt=\"\" title=\"img-4982\" width=\"768\" height=\"576\"  \/><\/a>\n\t<\/div>\n<\/div>\n\n\n<div class=\"post-entry-content\">\n\n\t<h3 class=\"entry-title\">\n\t\t<a href=\"https:\/\/broz.sk\/en\/revitalizacne-opatrenia-na-rieke-morava-exkurzia-a-vymena-skusenosti-s-projektom-life-lower-morava-floodplains\/\" title=\"Restoration measures on the River Morava \u2013 a field trip and exchange of experience with the project LIFE + Lower Morava Floodplains\" rel=\"bookmark\">Restoration measures on the River Morava \u2013 a field trip and exchange of experience with the project LIFE + Lower Morava Floodplains<\/a>\n\t<\/h3>\n\n\t<div class=\"entry-meta\"><a href=\"https:\/\/broz.sk\/en\/2013\/10\/18\/\" title=\"0:00\" class=\"data-link\" rel=\"bookmark\"><time class=\"entry-date updated\" datetime=\"2013-10-18T00:00:00+02:00\">18. October 2013<\/time><\/a><\/div>\n\t<div class=\"entry-excerpt\"><p>The visit focused on bilateral exchange of experience in restoration measures on the River Morava. The currently running LIFE + project Lower Morava floodplains, is based on previous projects of revitalization of side arms, meanders and shore fortifications. Within the exchange of experience, we visited three sites in the area between Angern and Markthof. http:\/\/www.life-march.at\/&hellip;<\/p>\n<\/div>\n\t\n<a href=\"https:\/\/broz.sk\/en\/revitalizacne-opatrenia-na-rieke-morava-exkurzia-a-vymena-skusenosti-s-projektom-life-lower-morava-floodplains\/\" class=\"post-details details-type-link\" aria-label=\"Read more about Restoration measures on the River Morava \u2013 a field trip and exchange of experience with the project LIFE + Lower Morava Floodplains\">Read more<i class=\"dt-icon-the7-arrow-03\" aria-hidden=\"true\"><\/i><\/a>\n\n<\/div><\/article><article class=\"post project-odd hidden post-5765 type-post status-publish format-standard has-post-thumbnail hentry category-protection-of-habitats category-protection-of-species pmpro-has-access category-31 category-30 description-off\" data-name=\"A study visit focused on grazing management in protected areas in Austria\" data-date=\"2013-09-19T14:51:44+02:00\">\n\n<div class=\"post-thumbnail-wrap\">\n\t<div class=\"post-thumbnail\">\n\n\t\t\n\t\t\n\t\t<a href=\"https:\/\/broz.sk\/en\/studijna-navsteva-zamerana-na-pastevny-manazment-v-chranenych-uzemiach-v-rakusku-2\/\" class=\"post-thumbnail-rollover layzr-bg layzr-bg\" ><img decoding=\"async\" class=\"blog-thumb-lazy-load preload-me lazy-load aspect\" src=\"data:image\/svg+xml,%3Csvg%20xmlns%3D&#39;http%3A%2F%2Fwww.w3.org%2F2000%2Fsvg&#39;%20viewBox%3D&#39;0%200%20768%20576&#39;%2F%3E\" data-src=\"https:\/\/broz.sk\/wp-content\/uploads\/2018\/10\/27-768x576.jpg\" data-srcset=\"https:\/\/broz.sk\/wp-content\/uploads\/2018\/10\/27-768x576.jpg 768w, https:\/\/broz.sk\/wp-content\/uploads\/2018\/10\/27.jpg 1000w\" loading=\"eager\" style=\"--ratio: 768 \/ 576\" sizes=\"(max-width: 768px) 100vw, 768px\" alt=\"\" title=\"27\" width=\"768\" height=\"576\"  \/><\/a>\n\t<\/div>\n<\/div>\n\n\n<div class=\"post-entry-content\">\n\n\t<h3 class=\"entry-title\">\n\t\t<a href=\"https:\/\/broz.sk\/en\/studijna-navsteva-zamerana-na-pastevny-manazment-v-chranenych-uzemiach-v-rakusku-2\/\" title=\"A study visit focused on grazing management in protected areas in Austria\" rel=\"bookmark\">A study visit focused on grazing management in protected areas in Austria<\/a>\n\t<\/h3>\n\n\t<div class=\"entry-meta\"><a href=\"https:\/\/broz.sk\/en\/2013\/09\/19\/\" title=\"14:51\" class=\"data-link\" rel=\"bookmark\"><time class=\"entry-date updated\" datetime=\"2013-09-19T14:51:44+02:00\">19. September 2013<\/time><\/a><\/div>\n\t<div class=\"entry-excerpt\"><p>On 19.-20.9. 2013, within the project Natura 2000 BA, we participated along with representatives of the SNC, Daphne, Bratislava Magistrate and the Regional Office for the Environment, in an interesting study visit in Austria, aimed at successful examples of pasture management in protected areas. We visited the sites Lobau, Bisamberg, Glaslauterriegel-Heferlberg-Fluxberg and Hundsheim.<\/p>\n<\/div>\n\t\n<a href=\"https:\/\/broz.sk\/en\/studijna-navsteva-zamerana-na-pastevny-manazment-v-chranenych-uzemiach-v-rakusku-2\/\" class=\"post-details details-type-link\" aria-label=\"Read more about A study visit focused on grazing management in protected areas in Austria\">Read more<i class=\"dt-icon-the7-arrow-03\" aria-hidden=\"true\"><\/i><\/a>\n\n<\/div><\/article><article class=\"post project-odd hidden post-5771 type-post status-publish format-standard has-post-thumbnail hentry category-protection-of-habitats category-protection-of-species pmpro-has-access category-31 category-30 description-off\" data-name=\"Restoration measures on the River Morava \u2013 a field trip and exchange of experience with the project LIFE + Lower Morava Floodplains\" data-date=\"2013-09-18T15:01:26+02:00\">\n\n<div class=\"post-thumbnail-wrap\">\n\t<div class=\"post-thumbnail\">\n\n\t\t\n\t\t\n\t\t<a href=\"https:\/\/broz.sk\/en\/revitalizacne-opatrenia-na-rieke-morava-exkurzia-a-vymena-skusenosti-s-projektom-life-lower-morava-floodplains-2\/\" class=\"post-thumbnail-rollover layzr-bg layzr-bg\" ><img decoding=\"async\" class=\"blog-thumb-lazy-load preload-me lazy-load aspect\" src=\"data:image\/svg+xml,%3Csvg%20xmlns%3D&#39;http%3A%2F%2Fwww.w3.org%2F2000%2Fsvg&#39;%20viewBox%3D&#39;0%200%20768%20576&#39;%2F%3E\" data-src=\"https:\/\/broz.sk\/wp-content\/uploads\/2018\/10\/32-768x576.jpg\" data-srcset=\"https:\/\/broz.sk\/wp-content\/uploads\/2018\/10\/32-768x576.jpg 768w, https:\/\/broz.sk\/wp-content\/uploads\/2018\/10\/32-947x710.jpg 947w\" loading=\"eager\" style=\"--ratio: 768 \/ 576\" sizes=\"(max-width: 768px) 100vw, 768px\" alt=\"\" title=\"32\" width=\"768\" height=\"576\"  \/><\/a>\n\t<\/div>\n<\/div>\n\n\n<div class=\"post-entry-content\">\n\n\t<h3 class=\"entry-title\">\n\t\t<a href=\"https:\/\/broz.sk\/en\/revitalizacne-opatrenia-na-rieke-morava-exkurzia-a-vymena-skusenosti-s-projektom-life-lower-morava-floodplains-2\/\" title=\"Restoration measures on the River Morava \u2013 a field trip and exchange of experience with the project LIFE + Lower Morava Floodplains\" rel=\"bookmark\">Restoration measures on the River Morava \u2013 a field trip and exchange of experience with the project LIFE + Lower Morava Floodplains<\/a>\n\t<\/h3>\n\n\t<div class=\"entry-meta\"><a href=\"https:\/\/broz.sk\/en\/2013\/09\/18\/\" title=\"15:01\" class=\"data-link\" rel=\"bookmark\"><time class=\"entry-date updated\" datetime=\"2013-09-18T15:01:26+02:00\">18. September 2013<\/time><\/a><\/div>\n\t<div class=\"entry-excerpt\"><p>The visit focused on bilateral exchange of experience in restoration measures on the River Morava. The currently running LIFE + project Lower Morava floodplains, is based on previous projects of revitalization of side arms, meanders and shore fortifications. Within the exchange of experience, we visited three sites in the area between Angern and Markthof. &nbsp;<\/p>\n<\/div>\n\t\n<a href=\"https:\/\/broz.sk\/en\/revitalizacne-opatrenia-na-rieke-morava-exkurzia-a-vymena-skusenosti-s-projektom-life-lower-morava-floodplains-2\/\" class=\"post-details details-type-link\" aria-label=\"Read more about Restoration measures on the River Morava \u2013 a field trip and exchange of experience with the project LIFE + Lower Morava Floodplains\">Read more<i class=\"dt-icon-the7-arrow-03\" aria-hidden=\"true\"><\/i><\/a>\n\n<\/div><\/article><article class=\"post project-odd hidden post-5760 type-post status-publish format-standard has-post-thumbnail hentry category-protection-of-habitats pmpro-has-access category-31 description-off\" data-name=\"After more than 50 years animals graze again on Dev\u00ednska Kobyla\" data-date=\"2013-08-01T17:01:31+02:00\">\n\n<div class=\"post-thumbnail-wrap\">\n\t<div class=\"post-thumbnail\">\n\n\t\t\n\t\t\n\t\t<a href=\"https:\/\/broz.sk\/en\/po-viac-ako-50tich-rokoch-sa-opat-pasu-zvierata-na-devinskej-kobyle-2\/\" class=\"post-thumbnail-rollover layzr-bg layzr-bg\" ><img decoding=\"async\" class=\"blog-thumb-lazy-load preload-me lazy-load aspect\" src=\"data:image\/svg+xml,%3Csvg%20xmlns%3D&#39;http%3A%2F%2Fwww.w3.org%2F2000%2Fsvg&#39;%20viewBox%3D&#39;0%200%20614%20461&#39;%2F%3E\" data-src=\"https:\/\/broz.sk\/wp-content\/uploads\/2018\/06\/kozy-614x461.jpg\" data-srcset=\"https:\/\/broz.sk\/wp-content\/uploads\/2018\/06\/kozy-614x461.jpg 614w\" loading=\"eager\" style=\"--ratio: 614 \/ 461\" sizes=\"(max-width: 614px) 100vw, 614px\" alt=\"\" title=\"kozy\" width=\"614\" height=\"461\"  \/><\/a>\n\t<\/div>\n<\/div>\n\n\n<div class=\"post-entry-content\">\n\n\t<h3 class=\"entry-title\">\n\t\t<a href=\"https:\/\/broz.sk\/en\/po-viac-ako-50tich-rokoch-sa-opat-pasu-zvierata-na-devinskej-kobyle-2\/\" title=\"After more than 50 years animals graze again on Dev\u00ednska Kobyla\" rel=\"bookmark\">After more than 50 years animals graze again on Dev\u00ednska Kobyla<\/a>\n\t<\/h3>\n\n\t<div class=\"entry-meta\"><a href=\"https:\/\/broz.sk\/en\/2013\/08\/01\/\" title=\"17:01\" class=\"data-link\" rel=\"bookmark\"><time class=\"entry-date updated\" datetime=\"2013-08-01T17:01:31+02:00\">1. August 2013<\/time><\/a><\/div>\n\t<div class=\"entry-excerpt\"><p>BROZ launched an activity in the NNR Dev\u00ednska Kobyla today- restoration of a traditional grazing. On the lower terrace of the Weitov quarry, in an electrical enclosure, there is an initial herd of 23 goats, which will supervised by a\u00a0shepherd, gradually pasture area of about six hectares.<\/p>\n<\/div>\n\t\n<a href=\"https:\/\/broz.sk\/en\/po-viac-ako-50tich-rokoch-sa-opat-pasu-zvierata-na-devinskej-kobyle-2\/\" class=\"post-details details-type-link\" aria-label=\"Read more about After more than 50 years animals graze again on Dev\u00ednska Kobyla\">Read more<i class=\"dt-icon-the7-arrow-03\" aria-hidden=\"true\"><\/i><\/a>\n\n<\/div><\/article><article class=\"post project-odd hidden post-5754 type-post status-publish format-standard has-post-thumbnail hentry category-protection-of-habitats category-protection-of-species pmpro-has-access category-31 category-30 description-off\" data-name=\"The beginnings of grazing on Dev\u00ednska Kobyla\" data-date=\"2013-07-31T14:38:38+02:00\">\n\n<div class=\"post-thumbnail-wrap\">\n\t<div class=\"post-thumbnail\">\n\n\t\t\n\t\t\n\t\t<a href=\"https:\/\/broz.sk\/en\/zaciatky-pastvy-na-devinskej-kobyle\/\" class=\"post-thumbnail-rollover layzr-bg layzr-bg\" ><img decoding=\"async\" class=\"blog-thumb-lazy-load preload-me lazy-load aspect\" src=\"data:image\/svg+xml,%3Csvg%20xmlns%3D&#39;http%3A%2F%2Fwww.w3.org%2F2000%2Fsvg&#39;%20viewBox%3D&#39;0%200%20750%20562&#39;%2F%3E\" data-src=\"https:\/\/broz.sk\/wp-content\/uploads\/2018\/10\/23-750x562.jpg\" data-srcset=\"https:\/\/broz.sk\/wp-content\/uploads\/2018\/10\/23-750x562.jpg 750w\" loading=\"eager\" style=\"--ratio: 750 \/ 562\" sizes=\"(max-width: 750px) 100vw, 750px\" alt=\"\" title=\"23\" width=\"750\" height=\"562\"  \/><\/a>\n\t<\/div>\n<\/div>\n\n\n<div class=\"post-entry-content\">\n\n\t<h3 class=\"entry-title\">\n\t\t<a href=\"https:\/\/broz.sk\/en\/zaciatky-pastvy-na-devinskej-kobyle\/\" title=\"The beginnings of grazing on Dev\u00ednska Kobyla\" rel=\"bookmark\">The beginnings of grazing on Dev\u00ednska Kobyla<\/a>\n\t<\/h3>\n\n\t<div class=\"entry-meta\"><a href=\"https:\/\/broz.sk\/en\/2013\/07\/31\/\" title=\"14:38\" class=\"data-link\" rel=\"bookmark\"><time class=\"entry-date updated\" datetime=\"2013-07-31T14:38:38+02:00\">31. July 2013<\/time><\/a><\/div>\n\t<div class=\"entry-excerpt\"><p>A press conference to launch grazing in Weitov quarry.<\/p>\n<\/div>\n\t\n<a href=\"https:\/\/broz.sk\/en\/zaciatky-pastvy-na-devinskej-kobyle\/\" class=\"post-details details-type-link\" aria-label=\"Read more about The beginnings of grazing on Dev\u00ednska Kobyla\">Read more<i class=\"dt-icon-the7-arrow-03\" aria-hidden=\"true\"><\/i><\/a>\n\n<\/div><\/article><article class=\"post project-odd hidden post-5717 type-post status-publish format-standard has-post-thumbnail hentry category-0-en pmpro-has-access category-43 description-off\" data-name=\"Lecture to the public \u2013 Grazing in SPA \u0160\u00far\" data-date=\"2013-07-10T14:36:14+02:00\">\n\n<div class=\"post-thumbnail-wrap\">\n\t<div class=\"post-thumbnail\">\n\n\t\t\n\t\t\n\t\t<a href=\"https:\/\/broz.sk\/en\/prednaska-pre-verejnost-pastva-v-skuev-sur-2\/\" class=\"post-thumbnail-rollover layzr-bg layzr-bg\" ><img decoding=\"async\" class=\"blog-thumb-lazy-load preload-me lazy-load aspect\" src=\"data:image\/svg+xml,%3Csvg%20xmlns%3D&#39;http%3A%2F%2Fwww.w3.org%2F2000%2Fsvg&#39;%20viewBox%3D&#39;0%200%20768%20576&#39;%2F%3E\" data-src=\"https:\/\/broz.sk\/wp-content\/uploads\/2018\/10\/24-768x576.jpg\" data-srcset=\"https:\/\/broz.sk\/wp-content\/uploads\/2018\/10\/24-768x576.jpg 768w, https:\/\/broz.sk\/wp-content\/uploads\/2018\/10\/24.jpg 1000w\" loading=\"eager\" style=\"--ratio: 768 \/ 576\" sizes=\"(max-width: 768px) 100vw, 768px\" alt=\"\" title=\"24\" width=\"768\" height=\"576\"  \/><\/a>\n\t<\/div>\n<\/div>\n\n\n<div class=\"post-entry-content\">\n\n\t<h3 class=\"entry-title\">\n\t\t<a href=\"https:\/\/broz.sk\/en\/prednaska-pre-verejnost-pastva-v-skuev-sur-2\/\" title=\"Lecture to the public \u2013 Grazing in SPA \u0160\u00far\" rel=\"bookmark\">Lecture to the public \u2013 Grazing in SPA \u0160\u00far<\/a>\n\t<\/h3>\n\n\t<div class=\"entry-meta\"><a href=\"https:\/\/broz.sk\/en\/2013\/07\/10\/\" title=\"14:36\" class=\"data-link\" rel=\"bookmark\"><time class=\"entry-date updated\" datetime=\"2013-07-10T14:36:14+02:00\">10. July 2013<\/time><\/a><\/div>\n\t<div class=\"entry-excerpt\"><p>We invite the public to a lecture focused on the performance of project activities &#8211; planned management measures in SKUEV \u0160\u00far. On 03.07.2013 at 17.30 at the premises AI NOVA, Saint Jur.<\/p>\n<\/div>\n\t\n<a href=\"https:\/\/broz.sk\/en\/prednaska-pre-verejnost-pastva-v-skuev-sur-2\/\" class=\"post-details details-type-link\" aria-label=\"Read more about Lecture to the public \u2013 Grazing in SPA \u0160\u00far\">Read more<i class=\"dt-icon-the7-arrow-03\" aria-hidden=\"true\"><\/i><\/a>\n\n<\/div><\/article><article class=\"post project-odd hidden post-5715 type-post status-publish format-standard has-post-thumbnail hentry category-uncategorized pmpro-has-access category-22 description-off\" data-name=\"Removing of invasive tree species with volunteers\" data-date=\"2013-04-27T14:35:07+02:00\">\n\n<div class=\"post-thumbnail-wrap\">\n\t<div class=\"post-thumbnail\">\n\n\t\t\n\t\t\n\t\t<a href=\"https:\/\/broz.sk\/en\/odstranovanie-nepovodnych-druhov-drevin-s-dobrovolnikmi-2\/\" class=\"post-thumbnail-rollover layzr-bg layzr-bg\" ><img decoding=\"async\" class=\"blog-thumb-lazy-load preload-me lazy-load aspect\" src=\"data:image\/svg+xml,%3Csvg%20xmlns%3D&#39;http%3A%2F%2Fwww.w3.org%2F2000%2Fsvg&#39;%20viewBox%3D&#39;0%200%20768%20576&#39;%2F%3E\" data-src=\"https:\/\/broz.sk\/wp-content\/uploads\/2018\/10\/14-768x576.jpg\" data-srcset=\"https:\/\/broz.sk\/wp-content\/uploads\/2018\/10\/14-768x576.jpg 768w, https:\/\/broz.sk\/wp-content\/uploads\/2018\/10\/14.jpg 1000w\" loading=\"eager\" style=\"--ratio: 768 \/ 576\" sizes=\"(max-width: 768px) 100vw, 768px\" alt=\"\" title=\"14\" width=\"768\" height=\"576\"  \/><\/a>\n\t<\/div>\n<\/div>\n\n\n<div class=\"post-entry-content\">\n\n\t<h3 class=\"entry-title\">\n\t\t<a href=\"https:\/\/broz.sk\/en\/odstranovanie-nepovodnych-druhov-drevin-s-dobrovolnikmi-2\/\" title=\"Removing of invasive tree species with volunteers\" rel=\"bookmark\">Removing of invasive tree species with volunteers<\/a>\n\t<\/h3>\n\n\t<div class=\"entry-meta\"><a href=\"https:\/\/broz.sk\/en\/2013\/04\/27\/\" title=\"14:35\" class=\"data-link\" rel=\"bookmark\"><time class=\"entry-date updated\" datetime=\"2013-04-27T14:35:07+02:00\">27. April 2013<\/time><\/a><\/div>\n\t<div class=\"entry-excerpt\"><p>On Saturday 27.4., we met in the area of European importance Ostrovn\u00e9 l\u00fa\u010dky at Rusovce, to spent active time together with volunteers removing non-native tree and shrub species and planting additional trees with the help of the community geocachers.<\/p>\n<\/div>\n\t\n<a href=\"https:\/\/broz.sk\/en\/odstranovanie-nepovodnych-druhov-drevin-s-dobrovolnikmi-2\/\" class=\"post-details details-type-link\" aria-label=\"Read more about Removing of invasive tree species with volunteers\">Read more<i class=\"dt-icon-the7-arrow-03\" aria-hidden=\"true\"><\/i><\/a>\n\n<\/div><\/article><article class=\"post project-odd hidden post-5713 type-post status-publish format-standard has-post-thumbnail hentry category-uncategorized pmpro-has-access category-22 description-off\" data-name=\"A Spring Cleaning of the Karlovesk\u00e9 side arm\" data-date=\"2013-04-06T13:58:53+02:00\">\n\n<div class=\"post-thumbnail-wrap\">\n\t<div class=\"post-thumbnail\">\n\n\t\t\n\t\t\n\t\t<a href=\"https:\/\/broz.sk\/en\/jarne-upratovanie-karloveskeho-ramena-2\/\" class=\"post-thumbnail-rollover layzr-bg layzr-bg\" ><img decoding=\"async\" class=\"blog-thumb-lazy-load preload-me lazy-load aspect\" src=\"data:image\/svg+xml,%3Csvg%20xmlns%3D&#39;http%3A%2F%2Fwww.w3.org%2F2000%2Fsvg&#39;%20viewBox%3D&#39;0%200%20768%20576&#39;%2F%3E\" data-src=\"https:\/\/broz.sk\/wp-content\/uploads\/2018\/10\/13-768x576.jpg\" data-srcset=\"https:\/\/broz.sk\/wp-content\/uploads\/2018\/10\/13-768x576.jpg 768w, https:\/\/broz.sk\/wp-content\/uploads\/2018\/10\/13.jpg 1000w\" loading=\"eager\" style=\"--ratio: 768 \/ 576\" sizes=\"(max-width: 768px) 100vw, 768px\" alt=\"\" title=\"13\" width=\"768\" height=\"576\"  \/><\/a>\n\t<\/div>\n<\/div>\n\n\n<div class=\"post-entry-content\">\n\n\t<h3 class=\"entry-title\">\n\t\t<a href=\"https:\/\/broz.sk\/en\/jarne-upratovanie-karloveskeho-ramena-2\/\" title=\"A Spring Cleaning of the Karlovesk\u00e9 side arm\" rel=\"bookmark\">A Spring Cleaning of the Karlovesk\u00e9 side arm<\/a>\n\t<\/h3>\n\n\t<div class=\"entry-meta\"><a href=\"https:\/\/broz.sk\/en\/2013\/04\/06\/\" title=\"13:58\" class=\"data-link\" rel=\"bookmark\"><time class=\"entry-date updated\" datetime=\"2013-04-06T13:58:53+02:00\">6. April 2013<\/time><\/a><\/div>\n\t<div class=\"entry-excerpt\"><p>Cleaning of the valuable site of Community importance along Karlovesk\u00e9 arm took place today &#8211; thanks to an abundant participation of volunteers from the Green Patrol, Greenpeace, OZ Karlovesk\u00e1 Bay and many others, but especially with the strong support and cooperation of BVS, we removed several containers full of garbage from the site and made&hellip;<\/p>\n<\/div>\n\t\n<a href=\"https:\/\/broz.sk\/en\/jarne-upratovanie-karloveskeho-ramena-2\/\" class=\"post-details details-type-link\" aria-label=\"Read more about A Spring Cleaning of the Karlovesk\u00e9 side arm\">Read more<i class=\"dt-icon-the7-arrow-03\" aria-hidden=\"true\"><\/i><\/a>\n\n<\/div><\/article><article class=\"post project-odd hidden post-5711 type-post status-publish format-standard has-post-thumbnail hentry category-protection-of-habitats pmpro-has-access category-31 description-off\" data-name=\"World Wetlands Day\" data-date=\"2013-02-06T13:54:47+01:00\">\n\n<div class=\"post-thumbnail-wrap\">\n\t<div class=\"post-thumbnail\">\n\n\t\t\n\t\t\n\t\t<a href=\"https:\/\/broz.sk\/en\/svetovy-den-mokradi-2013\/\" class=\"post-thumbnail-rollover layzr-bg layzr-bg\" ><img decoding=\"async\" class=\"blog-thumb-lazy-load preload-me lazy-load aspect\" src=\"data:image\/svg+xml,%3Csvg%20xmlns%3D&#39;http%3A%2F%2Fwww.w3.org%2F2000%2Fsvg&#39;%20viewBox%3D&#39;0%200%20768%20576&#39;%2F%3E\" data-src=\"https:\/\/broz.sk\/wp-content\/uploads\/2018\/10\/9-768x576.jpg\" data-srcset=\"https:\/\/broz.sk\/wp-content\/uploads\/2018\/10\/9-768x576.jpg 768w, https:\/\/broz.sk\/wp-content\/uploads\/2018\/10\/9-889x667.jpg 889w\" loading=\"eager\" style=\"--ratio: 768 \/ 576\" sizes=\"(max-width: 768px) 100vw, 768px\" alt=\"\" title=\"9\" width=\"768\" height=\"576\"  \/><\/a>\n\t<\/div>\n<\/div>\n\n\n<div class=\"post-entry-content\">\n\n\t<h3 class=\"entry-title\">\n\t\t<a href=\"https:\/\/broz.sk\/en\/svetovy-den-mokradi-2013\/\" title=\"World Wetlands Day\" rel=\"bookmark\">World Wetlands Day<\/a>\n\t<\/h3>\n\n\t<div class=\"entry-meta\"><a href=\"https:\/\/broz.sk\/en\/2013\/02\/06\/\" title=\"13:54\" class=\"data-link\" rel=\"bookmark\"><time class=\"entry-date updated\" datetime=\"2013-02-06T13:54:47+01:00\">6. February 2013<\/time><\/a><\/div>\n\t<div class=\"entry-excerpt\"><p>For conservationists from BROZ, it is important not only to restore and protect wetlands, but also to highlight their important role in the ecosystem, of which man is a part. Therefore, activities to improve information and awareness among the general public, are one of the priorities. &nbsp;<\/p>\n<\/div>\n\t\n<a href=\"https:\/\/broz.sk\/en\/svetovy-den-mokradi-2013\/\" class=\"post-details details-type-link\" aria-label=\"Read more about World Wetlands Day\">Read more<i class=\"dt-icon-the7-arrow-03\" aria-hidden=\"true\"><\/i><\/a>\n\n<\/div><\/article><article class=\"post project-odd hidden post-5708 type-post status-publish format-standard has-post-thumbnail hentry category-protection-of-habitats category-protection-of-species pmpro-has-access category-31 category-30 description-off\" data-name=\"Workshop on the activities of the guardians of nature\" data-date=\"2012-12-05T13:35:02+01:00\">\n\n<div class=\"post-thumbnail-wrap\">\n\t<div class=\"post-thumbnail\">\n\n\t\t\n\t\t\n\t\t<a href=\"https:\/\/broz.sk\/en\/workshop-o-cinnosti-strazcov-prirody-2\/\" class=\"post-thumbnail-rollover layzr-bg layzr-bg\" ><img decoding=\"async\" class=\"blog-thumb-lazy-load preload-me lazy-load aspect\" src=\"data:image\/svg+xml,%3Csvg%20xmlns%3D&#39;http%3A%2F%2Fwww.w3.org%2F2000%2Fsvg&#39;%20viewBox%3D&#39;0%200%20768%20576&#39;%2F%3E\" data-src=\"https:\/\/broz.sk\/wp-content\/uploads\/2018\/10\/8-768x576.jpg\" data-srcset=\"https:\/\/broz.sk\/wp-content\/uploads\/2018\/10\/8-768x576.jpg 768w, https:\/\/broz.sk\/wp-content\/uploads\/2018\/10\/8-768x575.jpg 768w\" loading=\"eager\" style=\"--ratio: 768 \/ 576\" sizes=\"(max-width: 768px) 100vw, 768px\" alt=\"\" title=\"8\" width=\"768\" height=\"576\"  \/><\/a>\n\t<\/div>\n<\/div>\n\n\n<div class=\"post-entry-content\">\n\n\t<h3 class=\"entry-title\">\n\t\t<a href=\"https:\/\/broz.sk\/en\/workshop-o-cinnosti-strazcov-prirody-2\/\" title=\"Workshop on the activities of the guardians of nature\" rel=\"bookmark\">Workshop on the activities of the guardians of nature<\/a>\n\t<\/h3>\n\n\t<div class=\"entry-meta\"><a href=\"https:\/\/broz.sk\/en\/2012\/12\/05\/\" title=\"13:35\" class=\"data-link\" rel=\"bookmark\"><time class=\"entry-date updated\" datetime=\"2012-12-05T13:35:02+01:00\">5. December 2012<\/time><\/a><\/div>\n\t<div class=\"entry-excerpt\"><p>In early December, a meeting of representatives of the State Nature Conservancy, representatives of BROZ, project partners and guardians of nature in relation to Natura 2000 BA, took place at the Faculty of Science.<\/p>\n<\/div>\n\t\n<a href=\"https:\/\/broz.sk\/en\/workshop-o-cinnosti-strazcov-prirody-2\/\" class=\"post-details details-type-link\" aria-label=\"Read more about Workshop on the activities of the guardians of nature\">Read more<i class=\"dt-icon-the7-arrow-03\" aria-hidden=\"true\"><\/i><\/a>\n\n<\/div><\/article><article class=\"post project-odd hidden post-5706 type-post status-publish format-standard has-post-thumbnail hentry category-protection-of-habitats pmpro-has-access category-31 description-off\" data-name=\"Planting of native tree and shrub species in the Danube Floodplains\" data-date=\"2012-11-30T13:32:15+01:00\">\n\n<div class=\"post-thumbnail-wrap\">\n\t<div class=\"post-thumbnail\">\n\n\t\t\n\t\t\n\t\t<a href=\"https:\/\/broz.sk\/en\/vysadba-povodnych-druhov-drevin-v-dunajskych-luhoch-2\/\" class=\"post-thumbnail-rollover layzr-bg layzr-bg\" ><img decoding=\"async\" class=\"blog-thumb-lazy-load preload-me lazy-load aspect\" src=\"data:image\/svg+xml,%3Csvg%20xmlns%3D&#39;http%3A%2F%2Fwww.w3.org%2F2000%2Fsvg&#39;%20viewBox%3D&#39;0%200%20768%20576&#39;%2F%3E\" data-src=\"https:\/\/broz.sk\/wp-content\/uploads\/2018\/10\/7-768x576.jpg\" data-srcset=\"https:\/\/broz.sk\/wp-content\/uploads\/2018\/10\/7-768x576.jpg 768w, https:\/\/broz.sk\/wp-content\/uploads\/2018\/10\/7-889x667.jpg 889w\" loading=\"eager\" style=\"--ratio: 768 \/ 576\" sizes=\"(max-width: 768px) 100vw, 768px\" alt=\"\" title=\"7\" width=\"768\" height=\"576\"  \/><\/a>\n\t<\/div>\n<\/div>\n\n\n<div class=\"post-entry-content\">\n\n\t<h3 class=\"entry-title\">\n\t\t<a href=\"https:\/\/broz.sk\/en\/vysadba-povodnych-druhov-drevin-v-dunajskych-luhoch-2\/\" title=\"Planting of native tree and shrub species in the Danube Floodplains\" rel=\"bookmark\">Planting of native tree and shrub species in the Danube Floodplains<\/a>\n\t<\/h3>\n\n\t<div class=\"entry-meta\"><a href=\"https:\/\/broz.sk\/en\/2012\/11\/30\/\" title=\"13:32\" class=\"data-link\" rel=\"bookmark\"><time class=\"entry-date updated\" datetime=\"2012-11-30T13:32:15+01:00\">30. November 2012<\/time><\/a><\/div>\n\t<div class=\"entry-excerpt\"><p>At the end of the year, BROZ once again carried out the planting of native tree and shrub species in the area of the Danube floodplains. There are further planting activities planned in the spring of this year, in which schools and public can take part of. These will be associated with a professional lecture&hellip;<\/p>\n<\/div>\n\t\n<a href=\"https:\/\/broz.sk\/en\/vysadba-povodnych-druhov-drevin-v-dunajskych-luhoch-2\/\" class=\"post-details details-type-link\" aria-label=\"Read more about Planting of native tree and shrub species in the Danube Floodplains\">Read more<i class=\"dt-icon-the7-arrow-03\" aria-hidden=\"true\"><\/i><\/a>\n\n<\/div><\/article><article class=\"post project-odd hidden post-5704 type-post status-publish format-standard has-post-thumbnail hentry category-protection-of-habitats pmpro-has-access category-31 description-off\" data-name=\"A Visit to the PLA \u010cesk\u00e9 st\u0159edohor\u00ed\" data-date=\"2012-06-27T13:18:25+02:00\">\n\n<div class=\"post-thumbnail-wrap\">\n\t<div class=\"post-thumbnail\">\n\n\t\t\n\t\t\n\t\t<a href=\"https:\/\/broz.sk\/en\/navsteva-v-chko-ceske-stredohori\/\" class=\"post-thumbnail-rollover layzr-bg layzr-bg\" ><img decoding=\"async\" class=\"blog-thumb-lazy-load preload-me lazy-load aspect\" src=\"data:image\/svg+xml,%3Csvg%20xmlns%3D&#39;http%3A%2F%2Fwww.w3.org%2F2000%2Fsvg&#39;%20viewBox%3D&#39;0%200%20768%20576&#39;%2F%3E\" data-src=\"https:\/\/broz.sk\/wp-content\/uploads\/2018\/10\/5-768x576.jpg\" data-srcset=\"https:\/\/broz.sk\/wp-content\/uploads\/2018\/10\/5-768x576.jpg 768w, https:\/\/broz.sk\/wp-content\/uploads\/2018\/10\/5-889x667.jpg 889w\" loading=\"eager\" style=\"--ratio: 768 \/ 576\" sizes=\"(max-width: 768px) 100vw, 768px\" alt=\"\" title=\"5\" width=\"768\" height=\"576\"  \/><\/a>\n\t<\/div>\n<\/div>\n\n\n<div class=\"post-entry-content\">\n\n\t<h3 class=\"entry-title\">\n\t\t<a href=\"https:\/\/broz.sk\/en\/navsteva-v-chko-ceske-stredohori\/\" title=\"A Visit to the PLA \u010cesk\u00e9 st\u0159edohor\u00ed\" rel=\"bookmark\">A Visit to the PLA \u010cesk\u00e9 st\u0159edohor\u00ed<\/a>\n\t<\/h3>\n\n\t<div class=\"entry-meta\"><a href=\"https:\/\/broz.sk\/en\/2012\/06\/27\/\" title=\"13:18\" class=\"data-link\" rel=\"bookmark\"><time class=\"entry-date updated\" datetime=\"2012-06-27T13:18:25+02:00\">27. June 2012<\/time><\/a><\/div>\n\t<div class=\"entry-excerpt\"><p>Based on an earlier visit of colleagues from \u010cesk\u00e9 st\u0159edohor\u00ed, who visited in the spring, along with mayors and officials, Dev\u00ednska Kobyla, we were invited to the PLA to see their project areas and types of management of steppe habitats. &nbsp;<\/p>\n<\/div>\n\t\n<a href=\"https:\/\/broz.sk\/en\/navsteva-v-chko-ceske-stredohori\/\" class=\"post-details details-type-link\" aria-label=\"Read more about A Visit to the PLA \u010cesk\u00e9 st\u0159edohor\u00ed\">Read more<i class=\"dt-icon-the7-arrow-03\" aria-hidden=\"true\"><\/i><\/a>\n\n<\/div><\/article><article class=\"post project-odd hidden post-5702 type-post status-publish format-standard has-post-thumbnail hentry category-protection-of-habitats category-protection-of-species pmpro-has-access category-31 category-30 description-off\" data-name=\"The Declaration of a Protected Area Siho\u0165\" data-date=\"2012-05-28T13:15:31+02:00\">\n\n<div class=\"post-thumbnail-wrap\">\n\t<div class=\"post-thumbnail\">\n\n\t\t\n\t\t\n\t\t<a href=\"https:\/\/broz.sk\/en\/vyhlasenie-chraneneho-arealu-sihot-2\/\" class=\"post-thumbnail-rollover layzr-bg layzr-bg\" ><img decoding=\"async\" class=\"blog-thumb-lazy-load preload-me lazy-load aspect\" src=\"data:image\/svg+xml,%3Csvg%20xmlns%3D&#39;http%3A%2F%2Fwww.w3.org%2F2000%2Fsvg&#39;%20viewBox%3D&#39;0%200%20768%20576&#39;%2F%3E\" data-src=\"https:\/\/broz.sk\/wp-content\/uploads\/2018\/10\/2-768x576.jpg\" data-srcset=\"https:\/\/broz.sk\/wp-content\/uploads\/2018\/10\/2-768x576.jpg 768w, https:\/\/broz.sk\/wp-content\/uploads\/2018\/10\/2-889x667.jpg 889w\" loading=\"eager\" style=\"--ratio: 768 \/ 576\" sizes=\"(max-width: 768px) 100vw, 768px\" alt=\"\" title=\"2\" width=\"768\" height=\"576\"  \/><\/a>\n\t<\/div>\n<\/div>\n\n\n<div class=\"post-entry-content\">\n\n\t<h3 class=\"entry-title\">\n\t\t<a href=\"https:\/\/broz.sk\/en\/vyhlasenie-chraneneho-arealu-sihot-2\/\" title=\"The Declaration of a Protected Area Siho\u0165\" rel=\"bookmark\">The Declaration of a Protected Area Siho\u0165<\/a>\n\t<\/h3>\n\n\t<div class=\"entry-meta\"><a href=\"https:\/\/broz.sk\/en\/2012\/05\/28\/\" title=\"13:15\" class=\"data-link\" rel=\"bookmark\"><time class=\"entry-date updated\" datetime=\"2012-05-28T13:15:31+02:00\">28. May 2012<\/time><\/a><\/div>\n\t<div class=\"entry-excerpt\"><p>By May 15 the river island with pristine nature, alluvial forests, source of drinking water, dynamically flowing Karlovesk\u00e9 arm, or for example, the largest European Black Woodpecker, a protected area with the second and third level of protection. The ceremonial declaration of the Protected Area took place in the Water Museum. &nbsp;<\/p>\n<\/div>\n\t\n<a href=\"https:\/\/broz.sk\/en\/vyhlasenie-chraneneho-arealu-sihot-2\/\" class=\"post-details details-type-link\" aria-label=\"Read more about The Declaration of a Protected Area Siho\u0165\">Read more<i class=\"dt-icon-the7-arrow-03\" aria-hidden=\"true\"><\/i><\/a>\n\n<\/div><\/article><article class=\"post project-odd hidden post-5700 type-post status-publish format-standard has-post-thumbnail hentry category-protection-of-habitats category-protection-of-species pmpro-has-access category-31 category-30 description-off\" data-name=\"The Declaration of a Protected Area Pe\u010dniansky forest\" data-date=\"2012-04-25T13:03:49+02:00\">\n\n<div class=\"post-thumbnail-wrap\">\n\t<div class=\"post-thumbnail\">\n\n\t\t\n\t\t\n\t\t<a href=\"https:\/\/broz.sk\/en\/vyhlasenie-chraneneho-arealu-pecniansky-les-2\/\" class=\"post-thumbnail-rollover layzr-bg layzr-bg\" ><img decoding=\"async\" class=\"blog-thumb-lazy-load preload-me lazy-load aspect\" src=\"data:image\/svg+xml,%3Csvg%20xmlns%3D&#39;http%3A%2F%2Fwww.w3.org%2F2000%2Fsvg&#39;%20viewBox%3D&#39;0%200%20768%20576&#39;%2F%3E\" data-src=\"https:\/\/broz.sk\/wp-content\/uploads\/2018\/10\/1-768x576.jpg\" data-srcset=\"https:\/\/broz.sk\/wp-content\/uploads\/2018\/10\/1-768x576.jpg 768w, https:\/\/broz.sk\/wp-content\/uploads\/2018\/10\/1-889x667.jpg 889w\" loading=\"eager\" style=\"--ratio: 768 \/ 576\" sizes=\"(max-width: 768px) 100vw, 768px\" alt=\"\" title=\"1\" width=\"768\" height=\"576\"  \/><\/a>\n\t<\/div>\n<\/div>\n\n\n<div class=\"post-entry-content\">\n\n\t<h3 class=\"entry-title\">\n\t\t<a href=\"https:\/\/broz.sk\/en\/vyhlasenie-chraneneho-arealu-pecniansky-les-2\/\" title=\"The Declaration of a Protected Area Pe\u010dniansky forest\" rel=\"bookmark\">The Declaration of a Protected Area Pe\u010dniansky forest<\/a>\n\t<\/h3>\n\n\t<div class=\"entry-meta\"><a href=\"https:\/\/broz.sk\/en\/2012\/04\/25\/\" title=\"13:03\" class=\"data-link\" rel=\"bookmark\"><time class=\"entry-date updated\" datetime=\"2012-04-25T13:03:49+02:00\">25. April 2012<\/time><\/a><\/div>\n\t<div class=\"entry-excerpt\"><p>In the briefing room of the Water Research Institute at the Danube embankment, overlooking the woods of the new protected forest area Pe\u010dniansky forest, \u00a0representatives of the Municipality of the City of Bratislava, the City District Petr\u017ealka, State Nature Conservancy, Austrian Danube-Auen National Park, BVS, and Regional Association for Nature Conservation and Sustainable Development (BROZ),&hellip;<\/p>\n<\/div>\n\t\n<a href=\"https:\/\/broz.sk\/en\/vyhlasenie-chraneneho-arealu-pecniansky-les-2\/\" class=\"post-details details-type-link\" aria-label=\"Read more about The Declaration of a Protected Area Pe\u010dniansky forest\">Read more<i class=\"dt-icon-the7-arrow-03\" aria-hidden=\"true\"><\/i><\/a>\n\n<\/div><\/article><div class=\"paginator\" role=\"navigation\"><\/div><\/div>[\/vc_column][\/vc_row]<\/div>","protected":false},"excerpt":{"rendered":"<p>[vc_row type=&#8221;vc_default&#8221; gap=&#8221;25&#8243;][vc_column][\/vc_column][\/vc_row]<\/p>\n","protected":false},"author":2,"featured_media":0,"parent":0,"menu_order":129,"comment_status":"closed","ping_status":"closed","template":"","meta":{"_acf_changed":false,"pmpro_default_level":"","footnotes":""},"class_list":["post-5891","page","type-page","status-publish","hentry","pmpro-has-access","description-off"],"acf":[],"yoast_head":"<!-- This site is optimized with the Yoast SEO Premium plugin v21.4 (Yoast SEO v27.4) - https:\/\/yoast.com\/product\/yoast-seo-premium-wordpress\/ -->\n<title>News - BROZ<\/title>\n<meta name=\"robots\" content=\"index, follow, max-snippet:-1, max-image-preview:large, max-video-preview:-1\" \/>\n<link rel=\"canonical\" href=\"https:\/\/broz.sk\/en\/novinky\/\" \/>\n<meta property=\"og:locale\" content=\"en_US\" \/>\n<meta property=\"og:type\" content=\"article\" \/>\n<meta property=\"og:title\" content=\"News\" \/>\n<meta property=\"og:description\" content=\"[vc_row type=&#8221;vc_default&#8221; gap=&#8221;25&#8243;][vc_column][\/vc_column][\/vc_row]\" \/>\n<meta property=\"og:url\" content=\"https:\/\/broz.sk\/en\/novinky\/\" \/>\n<meta property=\"og:site_name\" content=\"BROZ\" \/>\n<meta property=\"article:publisher\" content=\"https:\/\/www.facebook.com\/broz.ba\/\" \/>\n<meta property=\"article:modified_time\" content=\"2023-08-17T06:53:06+00:00\" \/>\n<meta property=\"og:image\" content=\"https:\/\/broz.sk\/wp-content\/uploads\/2018\/03\/broz-logo-color.png\" \/>\n\t<meta property=\"og:image:width\" content=\"192\" \/>\n\t<meta property=\"og:image:height\" content=\"120\" \/>\n\t<meta property=\"og:image:type\" content=\"image\/png\" \/>\n<meta name=\"twitter:card\" content=\"summary_large_image\" \/>\n<meta name=\"twitter:label1\" content=\"Est. reading time\" \/>\n\t<meta name=\"twitter:data1\" content=\"1 minute\" \/>\n<script type=\"application\/ld+json\" class=\"yoast-schema-graph\">{\"@context\":\"https:\\\/\\\/schema.org\",\"@graph\":[{\"@type\":\"WebPage\",\"@id\":\"https:\\\/\\\/broz.sk\\\/en\\\/novinky\\\/\",\"url\":\"https:\\\/\\\/broz.sk\\\/en\\\/novinky\\\/\",\"name\":\"News - BROZ\",\"isPartOf\":{\"@id\":\"https:\\\/\\\/broz.sk\\\/#website\"},\"datePublished\":\"2017-01-11T20:22:58+00:00\",\"dateModified\":\"2023-08-17T06:53:06+00:00\",\"breadcrumb\":{\"@id\":\"https:\\\/\\\/broz.sk\\\/en\\\/novinky\\\/#breadcrumb\"},\"inLanguage\":\"en-US\",\"potentialAction\":[{\"@type\":\"ReadAction\",\"target\":[\"https:\\\/\\\/broz.sk\\\/en\\\/novinky\\\/\"]}]},{\"@type\":\"BreadcrumbList\",\"@id\":\"https:\\\/\\\/broz.sk\\\/en\\\/novinky\\\/#breadcrumb\",\"itemListElement\":[{\"@type\":\"ListItem\",\"position\":1,\"name\":\"Domovsk\u00e1 str\u00e1nka\",\"item\":\"https:\\\/\\\/broz.sk\\\/en\\\/\"},{\"@type\":\"ListItem\",\"position\":2,\"name\":\"News\"}]},{\"@type\":\"WebSite\",\"@id\":\"https:\\\/\\\/broz.sk\\\/#website\",\"url\":\"https:\\\/\\\/broz.sk\\\/\",\"name\":\"BROZ\",\"description\":\"ochran\u00e1rske zdru\u017eenie\",\"publisher\":{\"@id\":\"https:\\\/\\\/broz.sk\\\/#organization\"},\"potentialAction\":[{\"@type\":\"SearchAction\",\"target\":{\"@type\":\"EntryPoint\",\"urlTemplate\":\"https:\\\/\\\/broz.sk\\\/?s={search_term_string}\"},\"query-input\":{\"@type\":\"PropertyValueSpecification\",\"valueRequired\":true,\"valueName\":\"search_term_string\"}}],\"inLanguage\":\"en-US\"},{\"@type\":\"Organization\",\"@id\":\"https:\\\/\\\/broz.sk\\\/#organization\",\"name\":\"BROZ - Bratislavsk\u00e9 region\u00e1lne ochran\u00e1rske zdru\u017eenie\",\"url\":\"https:\\\/\\\/broz.sk\\\/\",\"logo\":{\"@type\":\"ImageObject\",\"inLanguage\":\"en-US\",\"@id\":\"https:\\\/\\\/broz.sk\\\/#\\\/schema\\\/logo\\\/image\\\/\",\"url\":\"https:\\\/\\\/broz.sk\\\/wp-content\\\/uploads\\\/2018\\\/03\\\/broz-logo-hires-color.png\",\"contentUrl\":\"https:\\\/\\\/broz.sk\\\/wp-content\\\/uploads\\\/2018\\\/03\\\/broz-logo-hires-color.png\",\"width\":2585,\"height\":1618,\"caption\":\"BROZ - Bratislavsk\u00e9 region\u00e1lne ochran\u00e1rske zdru\u017eenie\"},\"image\":{\"@id\":\"https:\\\/\\\/broz.sk\\\/#\\\/schema\\\/logo\\\/image\\\/\"},\"sameAs\":[\"https:\\\/\\\/www.facebook.com\\\/broz.ba\\\/\"]}]}<\/script>\n<!-- \/ Yoast SEO Premium plugin. -->","yoast_head_json":{"title":"News - BROZ","robots":{"index":"index","follow":"follow","max-snippet":"max-snippet:-1","max-image-preview":"max-image-preview:large","max-video-preview":"max-video-preview:-1"},"canonical":"https:\/\/broz.sk\/en\/novinky\/","og_locale":"en_US","og_type":"article","og_title":"News","og_description":"[vc_row type=&#8221;vc_default&#8221; gap=&#8221;25&#8243;][vc_column][\/vc_column][\/vc_row]","og_url":"https:\/\/broz.sk\/en\/novinky\/","og_site_name":"BROZ","article_publisher":"https:\/\/www.facebook.com\/broz.ba\/","article_modified_time":"2023-08-17T06:53:06+00:00","og_image":[{"width":192,"height":120,"url":"https:\/\/broz.sk\/wp-content\/uploads\/2018\/03\/broz-logo-color.png","type":"image\/png"}],"twitter_card":"summary_large_image","twitter_misc":{"Est. reading time":"1 minute"},"schema":{"@context":"https:\/\/schema.org","@graph":[{"@type":"WebPage","@id":"https:\/\/broz.sk\/en\/novinky\/","url":"https:\/\/broz.sk\/en\/novinky\/","name":"News - BROZ","isPartOf":{"@id":"https:\/\/broz.sk\/#website"},"datePublished":"2017-01-11T20:22:58+00:00","dateModified":"2023-08-17T06:53:06+00:00","breadcrumb":{"@id":"https:\/\/broz.sk\/en\/novinky\/#breadcrumb"},"inLanguage":"en-US","potentialAction":[{"@type":"ReadAction","target":["https:\/\/broz.sk\/en\/novinky\/"]}]},{"@type":"BreadcrumbList","@id":"https:\/\/broz.sk\/en\/novinky\/#breadcrumb","itemListElement":[{"@type":"ListItem","position":1,"name":"Domovsk\u00e1 str\u00e1nka","item":"https:\/\/broz.sk\/en\/"},{"@type":"ListItem","position":2,"name":"News"}]},{"@type":"WebSite","@id":"https:\/\/broz.sk\/#website","url":"https:\/\/broz.sk\/","name":"BROZ","description":"ochran\u00e1rske zdru\u017eenie","publisher":{"@id":"https:\/\/broz.sk\/#organization"},"potentialAction":[{"@type":"SearchAction","target":{"@type":"EntryPoint","urlTemplate":"https:\/\/broz.sk\/?s={search_term_string}"},"query-input":{"@type":"PropertyValueSpecification","valueRequired":true,"valueName":"search_term_string"}}],"inLanguage":"en-US"},{"@type":"Organization","@id":"https:\/\/broz.sk\/#organization","name":"BROZ - Bratislavsk\u00e9 region\u00e1lne ochran\u00e1rske zdru\u017eenie","url":"https:\/\/broz.sk\/","logo":{"@type":"ImageObject","inLanguage":"en-US","@id":"https:\/\/broz.sk\/#\/schema\/logo\/image\/","url":"https:\/\/broz.sk\/wp-content\/uploads\/2018\/03\/broz-logo-hires-color.png","contentUrl":"https:\/\/broz.sk\/wp-content\/uploads\/2018\/03\/broz-logo-hires-color.png","width":2585,"height":1618,"caption":"BROZ - Bratislavsk\u00e9 region\u00e1lne ochran\u00e1rske zdru\u017eenie"},"image":{"@id":"https:\/\/broz.sk\/#\/schema\/logo\/image\/"},"sameAs":["https:\/\/www.facebook.com\/broz.ba\/"]}]}},"_links":{"self":[{"href":"https:\/\/broz.sk\/en\/wp-json\/wp\/v2\/pages\/5891","targetHints":{"allow":["GET"]}}],"collection":[{"href":"https:\/\/broz.sk\/en\/wp-json\/wp\/v2\/pages"}],"about":[{"href":"https:\/\/broz.sk\/en\/wp-json\/wp\/v2\/types\/page"}],"author":[{"embeddable":true,"href":"https:\/\/broz.sk\/en\/wp-json\/wp\/v2\/users\/2"}],"replies":[{"embeddable":true,"href":"https:\/\/broz.sk\/en\/wp-json\/wp\/v2\/comments?post=5891"}],"version-history":[{"count":3,"href":"https:\/\/broz.sk\/en\/wp-json\/wp\/v2\/pages\/5891\/revisions"}],"predecessor-version":[{"id":15252,"href":"https:\/\/broz.sk\/en\/wp-json\/wp\/v2\/pages\/5891\/revisions\/15252"}],"wp:attachment":[{"href":"https:\/\/broz.sk\/en\/wp-json\/wp\/v2\/media?parent=5891"}],"curies":[{"name":"wp","href":"https:\/\/api.w.org\/{rel}","templated":true}]}}